{"id":290,"date":"2019-09-24T14:48:32","date_gmt":"2019-09-24T12:48:32","guid":{"rendered":"http:\/\/php71.nfinity-beta.pl\/us\/absolwent\/?page_id=290"},"modified":"2021-03-01T14:17:05","modified_gmt":"2021-03-01T13:17:05","slug":"najlepsi-absolwenci-roku-akademickiego-2016-2017","status":"publish","type":"page","link":"https:\/\/us.edu.pl\/absolwent\/absolwencius\/najlepsi-absolwenci-poprzednie-edycje\/najlepsi-absolwenci-roku-akademickiego-2016-2017\/","title":{"rendered":"Najlepsi absolwenci roku akademickiego 2016\/2017"},"content":{"rendered":"<p>[vc_row][vc_column]\r\n                <div class=\"text-modules\">\r\n                    <div class=\"container\">\r\n                        <h3 class=\"page-title text__title\">Najlepsi absolwenci roku akademickiego 2016\/2017<\/h3>\r\n                        <div class=\"text-modules__content\"><\/p>\n<div class=\"content\">\n<p>W poniedzia\u0142ek 20 listopada 2017 roku o godz. 15.00 w auli im. Kazimierza Lepszego w rektoracie Uniwersytetu \u015al\u0105skiego odby\u0142a si\u0119 uroczysto\u015b\u0107 wr\u0119czenia dyplom\u00f3w najlepszym absolwentom roku akademickiego 2016\/2017.<br \/>\nNajlepszym absolwentom rektor Uniwersytetu \u015al\u0105skiego w asy\u015bcie dziekan\u00f3w wydzia\u0142\u00f3w i dyrektor\u00f3w jednostek wr\u0119czy\u0142 dyplomy, listy gratulacyjne oraz zestawy upomink\u00f3w uniwersyteckich. Otrzymali r\u00f3wnie\u017c gratulacje od prezydent\u00f3w, burmistrz\u00f3w i w\u00f3jt\u00f3w miast, z kt\u00f3rych pochodz\u0105.<\/p>\n<p><strong>WYDZIA\u0141 ARTYSTYCZNY<\/strong><\/p>\n<p><a href=\"https:\/\/us.edu.pl\/absolwent\/najlepsi-absolwenci\/najlepsi-absolwenci-roku-akademickiego-2016-2017\/kamila-figura\/\" target=\"_blank\" rel=\"noopener noreferrer\">Kamila Figura<\/a><\/p>\n<p><a href=\"https:\/\/us.edu.pl\/absolwent\/najlepsi-absolwenci\/najlepsi-absolwenci-roku-akademickiego-2016-2017\/maja-seweryn\/\" target=\"_blank\" rel=\"noopener noreferrer\">Maja Seweryn<\/a><\/p>\n<p><strong>WYDZIA\u0141 BIOLOGII I OCHRONY \u015aRODOWISKA<\/strong><\/p>\n<p><a href=\"https:\/\/us.edu.pl\/absolwent\/najlepsi-absolwenci\/najlepsi-absolwenci-roku-akademickiego-2016-2017\/zaneta-gieron\/\" target=\"_blank\" rel=\"noopener noreferrer\">\u017baneta Giero\u0144<\/a><\/p>\n<p><a href=\"https:\/\/us.edu.pl\/absolwent\/najlepsi-absolwenci\/najlepsi-absolwenci-roku-akademickiego-2016-2017\/artur-pinski\/\" target=\"_blank\" rel=\"noopener noreferrer\">Artur Pi\u0144ski<\/a><\/p>\n<p><a href=\"https:\/\/us.edu.pl\/absolwent\/najlepsi-absolwenci\/najlepsi-absolwenci-roku-akademickiego-2016-2017\/mariusz-wierzgon\/\" target=\"_blank\" rel=\"noopener noreferrer\">Mariusz Wierzgo\u0144<\/a><\/p>\n<p><strong>WYDZIA\u0141 ETNOLOGII I NAUK O EDUKACJI<\/strong><\/p>\n<p><a href=\"https:\/\/us.edu.pl\/absolwent\/najlepsi-absolwenci\/najlepsi-absolwenci-roku-akademickiego-2016-2017\/joanna-kapias\/\" target=\"_blank\" rel=\"noopener noreferrer\">Joanna Kapias<\/a><\/p>\n<p><a href=\"https:\/\/us.edu.pl\/absolwent\/najlepsi-absolwenci\/najlepsi-absolwenci-roku-akademickiego-2016-2017\/sebastian-mrozek\/\" target=\"_blank\" rel=\"noopener noreferrer\">Sebastian Mr\u00f3zek<\/a><\/p>\n<p><strong>WYDZIA\u0141 FILOLOGICZNY<\/strong><\/p>\n<p><a href=\"https:\/\/us.edu.pl\/absolwent\/najlepsi-absolwenci\/najlepsi-absolwenci-roku-akademickiego-2016-2017\/anne-sophie-basta-szczygiel\/\" target=\"_blank\" rel=\"noopener noreferrer\">Anne-Sophie Basta-Szczygie\u0142<\/a><\/p>\n<p><a href=\"https:\/\/us.edu.pl\/absolwent\/najlepsi-absolwenci\/najlepsi-absolwenci-roku-akademickiego-2016-2017\/julia-piotrowska\/\" target=\"_blank\" rel=\"noopener noreferrer\">Julia Piotrowska<\/a><\/p>\n<p><a href=\"https:\/\/us.edu.pl\/absolwent\/najlepsi-absolwenci\/najlepsi-absolwenci-roku-akademickiego-2016-2017\/pawel-laniewski\/\" target=\"_blank\" rel=\"noopener noreferrer\">Pawe\u0142 \u0141aniewski<\/a><\/p>\n<p><a href=\"https:\/\/us.edu.pl\/absolwent\/najlepsi-absolwenci\/najlepsi-absolwenci-roku-akademickiego-2016-2017\/laurencja-nowacka\/\" target=\"_blank\" rel=\"noopener noreferrer\">Laurencja Nowacka<\/a><\/p>\n<p><strong>WYDZIA\u0141 INFORMATYKI I NAUK O MATERIA\u0141ACH<\/strong><\/p>\n<p><a href=\"https:\/\/us.edu.pl\/absolwent\/najlepsi-absolwenci\/najlepsi-absolwenci-roku-akademickiego-2016-2017\/michal-pielka\/\" target=\"_blank\" rel=\"noopener noreferrer\">Micha\u0142 Pielka<\/a><\/p>\n<p><strong>WYDZIA\u0141 MATEMATYKI FIZYKI I CHEMII<\/strong><\/p>\n<p><a href=\"https:\/\/us.edu.pl\/absolwent\/najlepsi-absolwenci\/najlepsi-absolwenci-roku-akademickiego-2016-2017\/wojciech-flieger\/\" target=\"_blank\" rel=\"noopener noreferrer\">Wojciech Flieger<\/a><\/p>\n<p><a href=\"https:\/\/us.edu.pl\/absolwent\/najlepsi-absolwenci\/najlepsi-absolwenci-roku-akademickiego-2016-2017\/karolina-kupczak\/\" target=\"_blank\" rel=\"noopener noreferrer\">Karolina Kupczak<\/a><\/p>\n<p><a href=\"https:\/\/us.edu.pl\/absolwent\/najlepsi-absolwenci\/najlepsi-absolwenci-roku-akademickiego-2016-2017\/pawel-promny\/\" target=\"_blank\" rel=\"noopener noreferrer\">Pawe\u0142 Promny<\/a><\/p>\n<p><strong>WYDZIA\u0141 NAUK O ZIEMI<\/strong><\/p>\n<p><a href=\"https:\/\/us.edu.pl\/absolwent\/najlepsi-absolwenci\/najlepsi-absolwenci-roku-akademickiego-2016-2017\/aleksander-brom\/\" target=\"_blank\" rel=\"noopener noreferrer\">Aleksander Brom<\/a><\/p>\n<p><a href=\"https:\/\/us.edu.pl\/absolwent\/najlepsi-absolwenci\/najlepsi-absolwenci-roku-akademickiego-2016-2017\/barbara-gasiorek\/\" target=\"_blank\" rel=\"noopener noreferrer\">Barbara G\u0105siorek<\/a><\/p>\n<p><a href=\"https:\/\/us.edu.pl\/absolwent\/najlepsi-absolwenci\/najlepsi-absolwenci-roku-akademickiego-2016-2017\/kinga-slosarczyk\/\" target=\"_blank\" rel=\"noopener noreferrer\">Kinga \u015al\u00f3sarczyk<\/a><\/p>\n<p><strong>WYDZIA\u0141 NAUK SPO\u0141ECZNYCH<\/strong><\/p>\n<p><a href=\"https:\/\/us.edu.pl\/absolwent\/najlepsi-absolwenci\/najlepsi-absolwenci-roku-akademickiego-2016-2017\/sara-piwowarska\/\" target=\"_blank\" rel=\"noopener noreferrer\">Sara Piwowarska<\/a><\/p>\n<p><a href=\"https:\/\/us.edu.pl\/absolwent\/najlepsi-absolwenci\/najlepsi-absolwenci-roku-akademickiego-2016-2017\/iwona-zakrzewska\/\" target=\"_blank\" rel=\"noopener noreferrer\">Iwona Zakrzewska<\/a><\/p>\n<p><a href=\"https:\/\/us.edu.pl\/absolwent\/najlepsi-absolwenci\/najlepsi-absolwenci-roku-akademickiego-2016-2017\/kamil-wieczorek\/\" target=\"_blank\" rel=\"noopener noreferrer\">Kamil Wieczorek<\/a><\/p>\n<p><strong>WYDZIA\u0141 PEDAGOGIKI I PSYCHOLOGII<\/strong><\/p>\n<p><a href=\"https:\/\/us.edu.pl\/absolwent\/najlepsi-absolwenci\/najlepsi-absolwenci-roku-akademickiego-2016-2017\/agata-popanda\/\" target=\"_blank\" rel=\"noopener noreferrer\">Agata Popanda<\/a><\/p>\n<p><a href=\"https:\/\/us.edu.pl\/absolwent\/najlepsi-absolwenci\/najlepsi-absolwenci-roku-akademickiego-2016-2017\/klaudia-sznapka\/\" target=\"_blank\" rel=\"noopener noreferrer\">Klaudia Sznapka<\/a><\/p>\n<p><strong>WYDZIA\u0141 PRAWA I ADMINISTRACJI<\/strong><\/p>\n<p><a href=\"https:\/\/us.edu.pl\/absolwent\/najlepsi-absolwenci\/najlepsi-absolwenci-roku-akademickiego-2016-2017\/iga-bialas\/\" target=\"_blank\" rel=\"noopener noreferrer\">Iga Bia\u0142as<\/a><\/p>\n<p><a href=\"https:\/\/us.edu.pl\/absolwent\/najlepsi-absolwenci\/najlepsi-absolwenci-roku-akademickiego-2016-2017\/rafal-fic\/\" target=\"_blank\" rel=\"noopener noreferrer\">Rafa\u0142 Fic<\/a><\/p>\n<p><a href=\"https:\/\/us.edu.pl\/absolwent\/najlepsi-absolwenci\/najlepsi-absolwenci-roku-akademickiego-2016-2017\/paulina-konca\/\" target=\"_blank\" rel=\"noopener noreferrer\">Paulina Konca<\/a><\/p>\n<p><a href=\"https:\/\/us.edu.pl\/absolwent\/najlepsi-absolwenci\/najlepsi-absolwenci-roku-akademickiego-2016-2017\/olga-nowacka\/\" target=\"_blank\" rel=\"noopener noreferrer\">Olga Nowacka<\/a><\/p>\n<p><a href=\"https:\/\/us.edu.pl\/absolwent\/najlepsi-absolwenci\/najlepsi-absolwenci-roku-akademickiego-2016-2017\/kryspina-parwicka\/\" target=\"_blank\" rel=\"noopener noreferrer\">Kryspina Parwicka<\/a><\/p>\n<p><a href=\"https:\/\/us.edu.pl\/absolwent\/najlepsi-absolwenci\/najlepsi-absolwenci-roku-akademickiego-2016-2017\/pawel-zapotoczny\/\" target=\"_blank\" rel=\"noopener noreferrer\">Pawe\u0142 Zapotoczny<\/a><\/p>\n<p><strong>WYDZIA\u0141 TEOLOGICZNY<\/strong><\/p>\n<p><a href=\"https:\/\/us.edu.pl\/absolwent\/najlepsi-absolwenci\/najlepsi-absolwenci-roku-akademickiego-2016-2017\/anna-grabowska\/\" target=\"_blank\" rel=\"noopener noreferrer\">Anna Grabowska<\/a><\/p>\n<p><a href=\"https:\/\/us.edu.pl\/absolwent\/najlepsi-absolwenci\/najlepsi-absolwenci-roku-akademickiego-2016-2017\/mateusz-mnich\/\" target=\"_blank\" rel=\"noopener noreferrer\">Mateusz Mnich<\/a><\/p>\n<p><a href=\"https:\/\/us.edu.pl\/absolwent\/najlepsi-absolwenci\/najlepsi-absolwenci-roku-akademickiego-2016-2017\/magdalena-urban\/\" target=\"_blank\" rel=\"noopener noreferrer\">Magdalena Urban<\/a><\/p>\n<p><strong>KOLEGIUM INDYWIDUALNYCH STUDI\u00d3W MI\u0118DZYOBSZAROWYCH<\/strong><\/p>\n<p><a href=\"https:\/\/us.edu.pl\/absolwent\/najlepsi-absolwenci\/najlepsi-absolwenci-roku-akademickiego-2016-2017\/agnieszka-lapajska\/\" target=\"_blank\" rel=\"noopener noreferrer\">Agnieszka \u0141apajska<\/a><\/p>\n<p><a href=\"https:\/\/us.edu.pl\/absolwent\/najlepsi-absolwenci\/najlepsi-absolwenci-roku-akademickiego-2016-2017\/karolina-nogas\/\" target=\"_blank\" rel=\"noopener noreferrer\">Karolina Nogas<\/a><\/p>\n<p><a href=\"https:\/\/us.edu.pl\/absolwent\/najlepsi-absolwenci\/najlepsi-absolwenci-roku-akademickiego-2016-2017\/judyta-obrzezgiewicz\/\" target=\"_blank\" rel=\"noopener noreferrer\">Judyta Obrze\u017cgiewicz<\/a><\/p>\n<\/div>\n<p>\n<\/div>\r\n                    <\/div>\r\n                <\/div>[\/vc_column][\/vc_row]<\/p>","protected":false},"excerpt":{"rendered":"<p>[vc_row][vc_column][\/vc_column][\/vc_row] [&#8230;]<\/p>\n<p><a class=\"btn btn-secondary understrap-read-more-link\" href=\"https:\/\/us.edu.pl\/absolwent\/absolwencius\/najlepsi-absolwenci-poprzednie-edycje\/najlepsi-absolwenci-roku-akademickiego-2016-2017\/\">Read More&#8230;<\/a><\/p>\n","protected":false},"author":1,"featured_media":0,"parent":279,"menu_order":0,"comment_status":"closed","ping_status":"closed","template":"page-templates\/inner-page.php","meta":{"_expiration-date-status":"saved","_expiration-date":0,"_expiration-date-type":"","_expiration-date-categories":[],"_expiration-date-options":[]},"acf":[],"_links":{"self":[{"href":"https:\/\/us.edu.pl\/absolwent\/wp-json\/wp\/v2\/pages\/290"}],"collection":[{"href":"https:\/\/us.edu.pl\/absolwent\/wp-json\/wp\/v2\/pages"}],"about":[{"href":"https:\/\/us.edu.pl\/absolwent\/wp-json\/wp\/v2\/types\/page"}],"author":[{"embeddable":true,"href":"https:\/\/us.edu.pl\/absolwent\/wp-json\/wp\/v2\/users\/1"}],"replies":[{"embeddable":true,"href":"https:\/\/us.edu.pl\/absolwent\/wp-json\/wp\/v2\/comments?post=290"}],"version-history":[{"count":7,"href":"https:\/\/us.edu.pl\/absolwent\/wp-json\/wp\/v2\/pages\/290\/revisions"}],"predecessor-version":[{"id":1765,"href":"https:\/\/us.edu.pl\/absolwent\/wp-json\/wp\/v2\/pages\/290\/revisions\/1765"}],"up":[{"embeddable":true,"href":"https:\/\/us.edu.pl\/absolwent\/wp-json\/wp\/v2\/pages\/279"}],"wp:attachment":[{"href":"https:\/\/us.edu.pl\/absolwent\/wp-json\/wp\/v2\/media?parent=290"}],"curies":[{"name":"wp","href":"https:\/\/api.w.org\/{rel}","templated":true}]}}