{"id":544,"date":"2019-10-15T13:50:55","date_gmt":"2019-10-15T11:50:55","guid":{"rendered":"https:\/\/us.edu.pl\/absolwent\/?page_id=544"},"modified":"2020-02-18T10:45:29","modified_gmt":"2020-02-18T09:45:29","slug":"tomasz-glogowski-nasi-absolwenci","status":"publish","type":"page","link":"https:\/\/us.edu.pl\/absolwent\/tomasz-glogowski-nasi-absolwenci\/","title":{"rendered":"Tomasz G\u0142ogowski &#8211; Nasi Absolwenci"},"content":{"rendered":"<p>[vc_row][vc_column]\r\n                <div class=\"text-modules\">\r\n                    <div class=\"container\">\r\n                        <h3 class=\"page-title text__title\">Tomasz G\u0142ogowski - Nasi Absolwenci<\/h3>\r\n                        <div class=\"text-modules__content\"><\/p>\n<div class=\"content\">\n<p>Urodzi\u0142 si\u0119 w Tarnowskich G\u00f3rach w mie\u015bcie, w kt\u00f3rym nadal mieszka i kt\u00f3re odegra\u0142o wa\u017cn\u0105 rol\u0119 w jego p\u00f3\u017aniejszej dzia\u0142alno\u015bci spo\u0142ecznej i politycznej. Uko\u0144czy\u0142 Filologi\u0119 polsk\u0105 na Uniwersytecie \u015al\u0105skim w Katowicach. Po obronie pracy magisterskiej pt.\u00a0<i>Bikiniarstwo jako\u00a0zjawisko spo\u0142eczne i literackie w kr\u0119gu Leopolda Tyrmanda\u00a0<\/i>pozosta\u0142 na uczelni. Po czterech latach studi\u00f3w doktoranckich i obronie dysertacji\u00a0<i>Pismo \u201e\u015al\u0105skiego Pa\u017adziernika&#8221;. Tygodnik\u00a0spo\u0142eczno \u2014 kulturalny \u201ePrzemiany&#8221; (1956 \u2014 1957)\u00a0<\/i>otrzyma\u0142 tytu\u0142 doktora nauk humanistycznych w zakresie literaturoznawstwa. Prowadzi\u0142 zaj\u0119cia dydaktyczne na Uniwersytecie \u015al\u0105skim (w Katowicach i Rybniku) oraz w Akademii Polonijnej w Cz\u0119stochowie. Zajmowa\u0142 si\u0119 r\u00f3wnie\u017c organizacj\u0105 konferencji \u015bl\u0105skoznawczych na swojej macierzystej uczelni.<u><\/u><u><\/u><\/p>\n<p>Dzia\u0142alno\u015bci\u0105 spo\u0142eczn\u0105 zajmuje si\u0119 ju\u017c od kilku lat. Jej pocz\u0105tki wi\u0105za\u0142y si\u0119 z przywi\u0105zaniem do \u201eojczyzny najbli\u017cszej&#8221; \u2014 G\u00f3rnego \u015al\u0105ska i dzia\u0142alno\u015bci\u0105 w Zwi\u0105zku G\u00f3rno\u015bl\u0105skim. W latach 2002 \u2014 2005 sprawowa\u0142 mandat radnego w Radzie Miejskiej w Tarnowskich G\u00f3rach. W 2003 roku wst\u0105pi\u0142 do Platformy Obywatelskiej. Od lutego 2004 roku kieruje tarnog\u00f3rskim Ko\u0142em Platformy Obywatelskiej. Pi\u0119ciokrotnie by\u0142 wybierany do Sejmu RP przez mieszka\u0144c\u00f3w gliwickiego okr\u0119gu wyborczego (w latach: 2005, 2007, 2011 i 2015). W Sejmie VIII kadencji by\u0142 zast\u0119pc\u0105 przewodnicz\u0105cego Komisji Regulaminowej, Spraw Poselskich i Immunitetowych oraz cz\u0142onkiem Komisji do spraw Unii Europejskiej.<u><\/u><u><\/u><\/p>\n<p>W 1997 roku otrzyma\u0142 nadan\u0105 przez Zwi\u0105zek G\u00f3rno\u015bl\u0105ski Nagrod\u0119 im. Wojciecha Korfantego, za \u201eniekonwencjonalne odkrywanie \u015al\u0105ska w\u015br\u00f3d m\u0142odzie\u017cy akademickiej, wielo\u015b\u0107 inicjatyw i konsekwencj\u0119 poczyna\u0144&#8221;. W ten spos\u00f3b doceniono przede wszystkim cykl pi\u0119ciu konferencji \u015bl\u0105skoznawczych organizowanych przez niego na Wydziale Filologicznym Uniwersytetu \u015al\u0105skiego (\u201e\u015al\u0105sk inaczej\u201d 1996 r., \u201eFamilok\u201d 1997 r., \u201eNowy \u015al\u0105sk\u201d 1998 r., \u201eHa\u0142da\u201d 1999 r., \u201e\u015al\u0105sk literacki\u201d 2000 r.).<u><\/u><u><\/u><\/p>\n<p>W 2012 roku podczas Gali \u201ePrzyjaciel Kolejarzy \u015al\u0105ska&#8221; uhonorowano go srebrn\u0105 odznak\u0105 za \u201etworzenie przyjaznego klimatu dla rozwoju transportu kolejowego na terenie \u015al\u0105ska&#8221;.<\/p>\n<p>\u017bonaty, ma dwie c\u00f3rki i syna. Uwielbia muzyk\u0119 rockow\u0105.<\/p>\n<\/div>\n<p>\n<\/div>\r\n                    <\/div>\r\n                <\/div>[\/vc_column][\/vc_row]<\/p>","protected":false},"excerpt":{"rendered":"<p>[vc_row][vc_column][\/vc_column][\/vc_row] [&#8230;]<\/p>\n<p><a class=\"btn btn-secondary understrap-read-more-link\" href=\"https:\/\/us.edu.pl\/absolwent\/tomasz-glogowski-nasi-absolwenci\/\">Read More&#8230;<\/a><\/p>\n","protected":false},"author":1,"featured_media":0,"parent":0,"menu_order":0,"comment_status":"closed","ping_status":"closed","template":"","meta":{"_expiration-date-status":"saved","_expiration-date":0,"_expiration-date-type":"","_expiration-date-categories":[],"_expiration-date-options":[]},"acf":[],"_links":{"self":[{"href":"https:\/\/us.edu.pl\/absolwent\/wp-json\/wp\/v2\/pages\/544"}],"collection":[{"href":"https:\/\/us.edu.pl\/absolwent\/wp-json\/wp\/v2\/pages"}],"about":[{"href":"https:\/\/us.edu.pl\/absolwent\/wp-json\/wp\/v2\/types\/page"}],"author":[{"embeddable":true,"href":"https:\/\/us.edu.pl\/absolwent\/wp-json\/wp\/v2\/users\/1"}],"replies":[{"embeddable":true,"href":"https:\/\/us.edu.pl\/absolwent\/wp-json\/wp\/v2\/comments?post=544"}],"version-history":[{"count":4,"href":"https:\/\/us.edu.pl\/absolwent\/wp-json\/wp\/v2\/pages\/544\/revisions"}],"predecessor-version":[{"id":1212,"href":"https:\/\/us.edu.pl\/absolwent\/wp-json\/wp\/v2\/pages\/544\/revisions\/1212"}],"wp:attachment":[{"href":"https:\/\/us.edu.pl\/absolwent\/wp-json\/wp\/v2\/media?parent=544"}],"curies":[{"name":"wp","href":"https:\/\/api.w.org\/{rel}","templated":true}]}}