{"id":565,"date":"2019-10-15T14:02:54","date_gmt":"2019-10-15T12:02:54","guid":{"rendered":"https:\/\/us.edu.pl\/absolwent\/?page_id=565"},"modified":"2019-12-04T16:08:35","modified_gmt":"2019-12-04T15:08:35","slug":"malgorzata-manka-szulik-nasi-absolwenci","status":"publish","type":"page","link":"https:\/\/us.edu.pl\/absolwent\/malgorzata-manka-szulik-nasi-absolwenci\/","title":{"rendered":"Ma\u0142gorzata Ma\u0144ka-Szulik &#8211; Nasi Absolwenci"},"content":{"rendered":"<p><\/p>\n<p>[vc_row][vc_column]\r\n                <div class=\"text-modules\">\r\n                    <div class=\"container\">\r\n                        <h3 class=\"page-title text__title\">Ma\u0142gorzata Ma\u0144ka-Szulik - Nasi Absolwenci<\/h3>\r\n                        <div class=\"text-modules__content\"><\/p>\n<div class=\"content\">\n<p class=\"rtejustify\" style=\"text-align: left\"><img class=\"size-full wp-image-377 alignleft\" src=\"https:\/\/us.edu.pl\/absolwent\/wp-content\/uploads\/sites\/10\/nasi-absolwenci\/strefa-polityki\/malgorzata_manka-szulikmale.jpg\" alt=\"\" width=\"200\" height=\"200\" srcset=\"https:\/\/us.edu.pl\/absolwent\/wp-content\/uploads\/sites\/10\/nasi-absolwenci\/strefa-polityki\/malgorzata_manka-szulikmale.jpg 200w, https:\/\/us.edu.pl\/absolwent\/wp-content\/uploads\/sites\/10\/nasi-absolwenci\/strefa-polityki\/malgorzata_manka-szulikmale-150x150.jpg 150w\" sizes=\"(max-width: 200px) 100vw, 200px\" \/>Z wykszta\u0142cenia matematyk. Uko\u0144czy\u0142a Uniwersytet \u015al\u0105ski w Katowicach. Bezpartyjna. W 2006 roku wybrana na Prezydenta Miasta Zabrze z listy obywatelskiego komitetu \u201eSkuteczni dla Zabrza\u201d. Ponownie wybrana na to stanowisko w 2010 roku i 2014 roku. Od lutego 2014 roku pe\u0142ni\u0142a funkcj\u0119 przewodnicz\u0105cego zarz\u0105du G\u00f3rno\u015bl\u0105skiego Zwi\u0105zku Metropolitalnego.<\/p>\n<p class=\"rtejustify\" style=\"text-align: left\">Dzi\u0119ki skutecznemu zarz\u0105dzaniu Zabrze jest miastem rozwijaj\u0105cym si\u0119 w zr\u00f3wnowa\u017cony spos\u00f3b. Ostatnie lata to czas tak znacz\u0105cych przedsi\u0119wzi\u0119\u0107 w zakresie infrastruktury jak budowa zabrza\u0144skich odcink\u00f3w Drogowej Trasy \u015arednicowej, rozw\u00f3j zabrza\u0144skiej teren\u00f3w Katowickiej Specjalnej Strefy Ekonomicznej, modernizacja wodoci\u0105g\u00f3w i kanalizacji, realizacja projekt\u00f3w ekologicznych, modernizacja obiekt\u00f3w u\u017cyteczno\u015bci publicznej czy budowa obiekt\u00f3w sportowych.<\/p>\n<p class=\"rtejustify\" style=\"text-align: left\">Zabrze jest miastem stawianym jako przyk\u0142ad wykorzystywania obiekt\u00f3w poprzemys\u0142owych i rewitalizacji przestrzeni miejskiej. W 2007 roku zosta\u0142a udost\u0119pniona Zabytkowa Kopalnia W\u0119gla Kamiennego Guido. Obecnie trwaj\u0105 prace przy oddaniu do u\u017cytku G\u0142\u00f3wnej Kluczowej Sztolni Dziedzicznej. Zabrze jest najch\u0119tniej odwiedzanym miastem na Szlaku Zabytk\u00f3w Techniki Wojew\u00f3dztwa \u015al\u0105skiego. Organizowane s\u0105 tu mi\u0119dzynarodowe targi turystyczne i konferencja na temat turystyki.<\/p>\n<p class=\"rtejustify\" style=\"text-align: left\">Ma\u0142gorzata Ma\u0144ka-Szulik zainicjowa\u0142a utworzenie pierwszej w Polsce samorz\u0105dowej szko\u0142y artystycznej \u2013 Liceum Sztuk Plastycznych w Zabrzu. B\u0119d\u0105c jej dyrektorem zbudowa\u0142a model szko\u0142y kreuj\u0105cej aktywnego odbiorc\u0119 i tw\u00f3rc\u0119 kultury.<\/p>\n<p class=\"rtejustify\" style=\"text-align: left\">Jako za\u0142o\u017cyciel i przewodnicz\u0105ca wielu organizacji pozarz\u0105dowych przez lata dzia\u0142alno\u015bci spo\u0142ecznej podejmowa\u0142a szereg inicjatyw kulturalnych, gospodarczych, edukacyjnych, stawiaj\u0105c na partnerski dialog. To w\u0142a\u015bnie takie podej\u015bcie oraz otwarcie na potrzeby drugiego cz\u0142owieka i ca\u0142ych grup spo\u0142ecznych s\u0105 zauwa\u017calnymi cechami jej prezydentury.<\/p>\n<p class=\"rtejustify\" style=\"text-align: left\">Odznaczona m.in. Krzy\u017cem Kawalerskim w 2017 r. Orderem Odrodzenia Polski, w 2011 r. Z\u0142otym Krzy\u017cem Zas\u0142ugi, Srebrnym Krzy\u017cem Zas\u0142ugi w 2005 r. oraz Srebrnym Medalem za Zas\u0142ugi dla Policji w 2011 roku. W 2018 r. otrzyma\u0142a tytu\u0142 \u201eHonorowej \u015al\u0105zaczki Roku 2018\u201d.<\/p>\n<\/div>\n<p>\n<\/div>\r\n                    <\/div>\r\n                <\/div>[\/vc_column][\/vc_row]<\/p>\n<p><\/p>","protected":false},"excerpt":{"rendered":"<p>[vc_row][vc_column][\/vc_column][\/vc_row] [&#8230;]<\/p>\n<p><a class=\"btn btn-secondary understrap-read-more-link\" href=\"https:\/\/us.edu.pl\/absolwent\/malgorzata-manka-szulik-nasi-absolwenci\/\">Read More&#8230;<\/a><\/p>\n","protected":false},"author":1,"featured_media":0,"parent":0,"menu_order":0,"comment_status":"closed","ping_status":"closed","template":"","meta":{"_expiration-date-status":"saved","_expiration-date":0,"_expiration-date-type":"","_expiration-date-categories":[],"_expiration-date-options":[]},"acf":[],"_links":{"self":[{"href":"https:\/\/us.edu.pl\/absolwent\/wp-json\/wp\/v2\/pages\/565"}],"collection":[{"href":"https:\/\/us.edu.pl\/absolwent\/wp-json\/wp\/v2\/pages"}],"about":[{"href":"https:\/\/us.edu.pl\/absolwent\/wp-json\/wp\/v2\/types\/page"}],"author":[{"embeddable":true,"href":"https:\/\/us.edu.pl\/absolwent\/wp-json\/wp\/v2\/users\/1"}],"replies":[{"embeddable":true,"href":"https:\/\/us.edu.pl\/absolwent\/wp-json\/wp\/v2\/comments?post=565"}],"version-history":[{"count":3,"href":"https:\/\/us.edu.pl\/absolwent\/wp-json\/wp\/v2\/pages\/565\/revisions"}],"predecessor-version":[{"id":1182,"href":"https:\/\/us.edu.pl\/absolwent\/wp-json\/wp\/v2\/pages\/565\/revisions\/1182"}],"wp:attachment":[{"href":"https:\/\/us.edu.pl\/absolwent\/wp-json\/wp\/v2\/media?parent=565"}],"curies":[{"name":"wp","href":"https:\/\/api.w.org\/{rel}","templated":true}]}}