{"id":663,"date":"2019-10-15T15:37:19","date_gmt":"2019-10-15T13:37:19","guid":{"rendered":"https:\/\/us.edu.pl\/absolwent\/?page_id=663"},"modified":"2019-10-15T15:37:19","modified_gmt":"2019-10-15T13:37:19","slug":"jan-malicki-nasi-absolwenci","status":"publish","type":"page","link":"https:\/\/us.edu.pl\/absolwent\/absolwencius\/nasi-absolwenci\/jan-malicki-nasi-absolwenci\/","title":{"rendered":"Jan Malicki &#8211; Nasi Absolwenci"},"content":{"rendered":"<p>[vc_row][vc_column]\r\n                <div class=\"text-modules\">\r\n                    <div class=\"container\">\r\n                        <h3 class=\"page-title text__title\">Jan Malicki - Nasi Absolwenci<\/h3>\r\n                        <div class=\"text-modules__content\"><p><img class=\"imagefield imagefield-field_image alignleft\" src=\"http:\/\/absolwent.us.edu.pl\/sites\/absolwent.us.edu.pl\/files\/prof._zw._dr_hab._jan_malicki_male.jpg?1424851397\" alt=\"\" width=\"200\" height=\"200\" \/><\/p>\n<p class=\"rtejustify\" style=\"text-align: left;\">Sko\u0144czy\u0142 polonistyk\u0119 na Uniwersytecie \u015al\u0105skim, od 2003 roku jest profesorem zwyczajnym, pracownikiem Zak\u0142adu Historii Literatury \u015aredniowiecza i Renesansu na Wydziale Filologicznym.<\/p>\n<p class=\"rtejustify\" style=\"text-align: left;\">W latach 1991-2018 na stanowisku dyrektora <a href=\"http:\/\/www.bs.katowice.pl\">Biblioteki \u015al\u0105skiej<\/a> w Katowicach, licz\u0105cego si\u0119 w kraju i za granic\u0105 o\u015brodka naukowo-kulturalnego. Przewodniczy licznym radom bibliotecznym, kulturalnym i artystycznym. By\u0142 przewodnicz\u0105cym, wiceprzewodnicz\u0105cym i jest cz\u0142onkiem Krajowej Rady Bibliotecznej przy Ministrze Kultury i Dziedzictwa Narodowego; cz\u0142onkiem Zespo\u0142u ds. Narodowego Zasobu Bibliotecznego przy Ministrze Kultury i Dziedzictwa Narodowego. Redaktor naczelny \u201eGuliwera. Czasopisma o ksi\u0105\u017cce dla dziecka\u201d, \u201e\u015al\u0105skich Miscellane\u00f3w\u201d (PAN), \u201eFolia Scientica Bibliothecae Silesianae\u201d. Zainteresowania badawcze Jana Malickiego koncentruj\u0105 si\u0119 wok\u00f3\u0142 baroku i literatury \u015bl\u0105skiej.<\/p>\n<p class=\"rtejustify\" style=\"text-align: left;\">Znakomity dydaktyk, promotor i recenzent wielu prac dyplomowych, przewodnik na drodze naukowej kilku pokole\u0144 student\u00f3w i doktorant\u00f3w. Autor wielu monografii, m. in. <em>S\u0142owa i rzeczy: tw\u00f3rczo\u015b\u0107 Wac\u0142awa Potockiego wobec polskiej tradycji literackiej <\/em>(1981), <em>Mity narodowe. Lechiada<\/em> (1982) oraz <em>Legat wieku rycerskiego: studia staropolskie dawne i nowe <\/em>(1989) oraz prac edytorskich, m.in. <em>Legenda o \u015bw. Jadwidze<\/em> (2012). W latach 1982-1985 prodziekan, a w latach 1987-1990 dziekan Wydzia\u0142u Filologicznego U\u015a.<\/p>\n<p class=\"rtejustify\" style=\"text-align: left;\">Wielokrotnie wyr\u00f3\u017cniony za dzia\u0142alno\u015b\u0107 naukow\u0105 i dydaktyczn\u0105, m.in. przez \u00a0Ministra Nauki i Szkolnictwa Wy\u017cszego, Ministra Edukacji Narodowej, Ministra Kultury i Sztuki, JM Rektora U\u015a. Laureat nagrody \u201eLux ex Silesia\u201d przyznanej przez Arcybiskupa Metropolit\u0119 Katowickiego Damiana Zimonia (2011), \u015al\u0105skiego Szmaragdu przyznanego przez Biskupa Ko\u015bcio\u0142a Ewangelicko-Augsburskiego Tadeusza Szurmana (2009), Lauru G\u00f3rno\u015bl\u0105skiego Towarzystwa Przyjaci\u00f3\u0142 Nauk (1999), Platynowego (2013) i Z\u0142otego Lauru Umiej\u0119tno\u015bci i Kompetencji (1998), Nagrody im. Z. Glogera, W. Korfantego, K. Miarki, J. Ligonia. Odznaczony Krzy\u017cem Kawalerskim Orderu Odrodzenia Polski, Odznak\u0105 Zas\u0142u\u017cony Dzia\u0142acz Kultury, Medalem \u201eZas\u0142u\u017cony Kulturze Gloria Artis\u201d (2006), Odznak\u0105 Honorow\u0105 Zas\u0142u\u017cony dla Kultury Polskiej, Medalem Komisji Edukacji Narodowej (2009), Medalem im. Prof. Janusza Groszkowskiego (Stowarzyszenie Elektryk\u00f3w Polskich), Medalem \u201eBene Merentibus\u201d Stowarzyszenia Architekt\u00f3w Polskich, Lask\u0105 Skautow\u0105 (ZHP), Z\u0142ot\u0105 Odznak\u0105 Honorow\u0105 za Zas\u0142ugi dla Wojew\u00f3dztwa \u015al\u0105skiego.\u00a0Cz\u0142onek honorowy Business Centre Club, Polskiego Zwi\u0105zku Ch\u00f3r\u00f3w i Orkiestr (Oddzia\u0142 \u015al\u0105ski), Towarzystwa Mi\u0142o\u015bnik\u00f3w Ksi\u0105\u017cki i Grafiki.<\/p>\n<p>\n<\/div>\r\n                    <\/div>\r\n                <\/div>[\/vc_column][\/vc_row]<\/p>","protected":false},"excerpt":{"rendered":"<p>[vc_row][vc_column][\/vc_column][\/vc_row] [&#8230;]<\/p>\n<p><a class=\"btn btn-secondary understrap-read-more-link\" href=\"https:\/\/us.edu.pl\/absolwent\/absolwencius\/nasi-absolwenci\/jan-malicki-nasi-absolwenci\/\">Read More&#8230;<\/a><\/p>\n","protected":false},"author":1,"featured_media":0,"parent":331,"menu_order":0,"comment_status":"closed","ping_status":"closed","template":"","meta":{"_expiration-date-status":"","_expiration-date":0,"_expiration-date-type":"","_expiration-date-categories":[],"_expiration-date-options":[]},"acf":[],"_links":{"self":[{"href":"https:\/\/us.edu.pl\/absolwent\/wp-json\/wp\/v2\/pages\/663"}],"collection":[{"href":"https:\/\/us.edu.pl\/absolwent\/wp-json\/wp\/v2\/pages"}],"about":[{"href":"https:\/\/us.edu.pl\/absolwent\/wp-json\/wp\/v2\/types\/page"}],"author":[{"embeddable":true,"href":"https:\/\/us.edu.pl\/absolwent\/wp-json\/wp\/v2\/users\/1"}],"replies":[{"embeddable":true,"href":"https:\/\/us.edu.pl\/absolwent\/wp-json\/wp\/v2\/comments?post=663"}],"version-history":[{"count":1,"href":"https:\/\/us.edu.pl\/absolwent\/wp-json\/wp\/v2\/pages\/663\/revisions"}],"predecessor-version":[{"id":664,"href":"https:\/\/us.edu.pl\/absolwent\/wp-json\/wp\/v2\/pages\/663\/revisions\/664"}],"up":[{"embeddable":true,"href":"https:\/\/us.edu.pl\/absolwent\/wp-json\/wp\/v2\/pages\/331"}],"wp:attachment":[{"href":"https:\/\/us.edu.pl\/absolwent\/wp-json\/wp\/v2\/media?parent=663"}],"curies":[{"name":"wp","href":"https:\/\/api.w.org\/{rel}","templated":true}]}}