{"id":694,"date":"2019-10-15T16:05:32","date_gmt":"2019-10-15T14:05:32","guid":{"rendered":"https:\/\/us.edu.pl\/absolwent\/?page_id=694"},"modified":"2019-12-17T13:59:32","modified_gmt":"2019-12-17T12:59:32","slug":"jolanta-kubica-nasi-absolwenci","status":"publish","type":"page","link":"https:\/\/us.edu.pl\/absolwent\/jolanta-kubica-nasi-absolwenci\/","title":{"rendered":"Jolanta Kubica &#8211; Nasi Absolwenci"},"content":{"rendered":"<p>[vc_row][vc_column]\r\n                <div class=\"text-modules\">\r\n                    <div class=\"container\">\r\n                        <h3 class=\"page-title text__title\">Jolanta Kubica - Nasi Absolwenci<\/h3>\r\n                        <div class=\"text-modules__content\"><\/p>\n<div class=\"content\">\n<p><img class=\"imagefield imagefield-field_image alignleft\" src=\"http:\/\/absolwent.us.edu.pl\/sites\/absolwent.us.edu.pl\/files\/bez_tytulu.1.jpg?1420786951\" alt=\"\" width=\"200\" height=\"200\" \/><\/p>\n<p class=\"rtejustify\" style=\"text-align: left\">Jolanta Kubica to absolwentka kierunku wychowanie plastyczne na Uniwersytecie \u015al\u0105skim. Po studiach przez cztery lata pracowa\u0142a jako nauczycielka plastyki w szko\u0142ach podstawowych w Cieszynie. Przez nast\u0119pne cztery lata prowadzi\u0142a nowopowsta\u0142e biuro w Urz\u0119dzie Celnym w Cieszynie. Przez kilkana\u015bcie lat interesowa\u0142a si\u0119 i zajmowa\u0142a we w\u0142asnej firmie ubezpieczeniami. R\u00f3wnolegle prowadzi\u0142a dzia\u0142alno\u015b\u0107 artystyczn\u0105.<\/p>\n<p class=\"rtejustify\" style=\"text-align: left\">W latach 1984-2004 by\u0142a tancerk\u0105 w Zespole Pie\u015bni i Ta\u0144ca Ziemi Cieszy\u0144skiej, dla kt\u00f3rego zaprojektowa\u0142a r\u00f3wnie\u017c znak graficzny. W 1996 roku stworzy\u0142a rysunki ilustruj\u0105ce kroki taneczne do ksi\u0105\u017cki Janiny Marcinkowej <a href=\"http:\/\/books.google.pl\/books\/about\/Ta\u0144ce_Beskidu_i_Pog\u00f3rza_Cieszy\u0144skiego.html?id=OS-THAAACAAJ&amp;redir_esc=y\">\u201eTa\u0144ce Beskidu i Pog\u00f3rza Cieszy\u0144skiego\u201d<\/a>. W 1998 roku odegra\u0142a g\u0142\u00f3wn\u0105 rol\u0119 w przedstawieniu nauczycieli dla uczni\u00f3w \u201eKichu\u015b majstra Lepigliny\u201d. Od 2001 zwi\u0105zana z Cieszy\u0144skim Towarzystwem Fotograficznym, kt\u00f3rego w latach 2007-2013 by\u0142a prezesem, a obecnie jest cz\u0142onkiem honorowym. W 2008 roku Jolanta Kubica zosta\u0142a wpisana do encyklopedii biograficznej <a href=\"http:\/\/www.whoiswho.com.pl\/\">\u201eWho is Who\u201d w Polsce<\/a>. Z kolei w 2010 roku wyr\u00f3\u017cniono j\u0105 Medalem 1200-lecia Miasta Cieszyna za dzia\u0142alno\u015b\u0107 w sferze kultury.<\/p>\n<p class=\"rtejustify\">Od 2014 roku jest cz\u0142onkiem rzeczywistym <a href=\"http:\/\/fotoklubrp.org\/\">Fotoklubu Rzeczypospolitej Polskiej<\/a>. W tym samym roku otrzyma\u0142a za zdj\u0119cie \u201eMoje Katowice\u201d g\u0142\u00f3wn\u0105 nagrod\u0119 w konkursie \u201eKatowice w Obiektywie 2014 &#8211; Miasto Kolor\u00f3w&#8221;, czyli publikacj\u0119 w kalendarzu na rok 2015 oraz udzia\u0142 w wystawie pokonkursowej zorganizowanej przez UM Katowice oraz ZPAF O\/\u015al\u0105ski, Katowice. Ma na swoim koncie oko\u0142o 100 zbiorowych i indywidualnych wystaw fotograficznych. Jej prace znajduj\u0105 si\u0119 m.in. w Muzeum \u015al\u0105skim w Katowicach oraz w Muzeum \u015al\u0105ska Cieszy\u0144skiego w Cieszynie. Od 2015 roku cz\u0142onek Fotoklubu Hawierz\u00f3w, od tego samego roku jest cz\u0142onkiem-za\u0142o\u017cycielem Silesian Photo Art Group (SPAG). Zdobywa liczne nagrody w krajowych, zagranicznych i mi\u0119dzynarodowych konkursach. Poza fotografik\u0105 zajmuje si\u0119 malowaniem witra\u017cy, kielich\u00f3w i lampion\u00f3w. Prowadzi stron\u0119: <a href=\"http:\/\/www.jolantakubica.netgaleria.pl\/\">www.jolantakubica.netgaleria.pl<\/a><\/p>\n<p class=\"rtejustify\"><strong>Dlaczego zdecydowa\u0142a si\u0119 Pani na podj\u0119cie studi\u00f3w na Uniwersytecie \u015al\u0105skim?<\/strong><\/p>\n<p class=\"rtejustify\">Chcia\u0142am po\u0142\u0105czy\u0107 przyjemne z po\u017cytecznym, czyli studia artystyczne ze studiami daj\u0105cymi mi mo\u017cliwo\u015b\u0107 sta\u0142ego zatrudnienia. Oba kierunki mnie interesowa\u0142y, mia\u0142am predyspozycje zar\u00f3wno do tego, aby by\u0107 nauczycielem, jak i dzia\u0142a\u0107 artystycznie. Poza tym wtedy nie by\u0142o zbyt wielkiego wyboru; Cieszyn by\u0142 blisko Katowic (mojego rodzinnego miasta) i mia\u0142am te\u017c tam studiuj\u0105c\u0105 ju\u017c starsz\u0105 kole\u017cank\u0119 z liceum.<\/p>\n<p class=\"rtejustify\"><strong>Jak wspomina Pani studia na Uniwersytecie \u015al\u0105skim?<\/strong><\/p>\n<p class=\"rtejustify\">Pomimo strajk\u00f3w i stanu wojennego by\u0142 to wspania\u0142y, beztroski czas.<\/p>\n<p class=\"rtejustify\"><strong>Dlaczego wybra\u0142a Pani dany kierunek studi\u00f3w?<\/strong><\/p>\n<p class=\"rtejustify\">Waha\u0142am si\u0119 pomi\u0119dzy muzyk\u0105 a plastyk\u0105, ale ostatecznie czu\u0142am si\u0119 lepiej przygotowana do studi\u00f3w plastycznych. Ju\u017c wtedy, na prze\u0142omie lat siedemdziesi\u0105tych i osiemdziesi\u0105tych w liceum og\u00f3lnokszta\u0142c\u0105cym musia\u0142am wybiera\u0107 pomi\u0119dzy lekcjami muzyki i plastyki, co bardzo mi si\u0119 nie podoba\u0142o. Nawet mi do g\u0142owy nie przysz\u0142o, \u017ce w Polsce ten zaw\u00f3d (nauczyciel plastyki) jest w d\u0142u\u017cszej perspektywie bez przysz\u0142o\u015bci&#8230;<\/p>\n<p class=\"rtejustify\"><strong>Co sprawia Pani najwi\u0119ksz\u0105 satysfakcj\u0119 w pracy?<\/strong><\/p>\n<p class=\"rtejustify\">Poczucie, \u017ce jestem potrzebna; \u017ce pozytywnie wp\u0142ywam na \u017cycie drugiego cz\u0142owieka.<\/p>\n<p class=\"rtejustify\"><strong>Co stanowi dla Pani najwi\u0119ksze wyzwanie zawodowe?<\/strong><\/p>\n<p class=\"rtejustify\">Obecnie ju\u017c nie mam wielkich wyzwa\u0144, bo karier\u0119 zawodow\u0105 mam ju\u017c w zasadzie za sob\u0105. Wiele si\u0119 nauczy\u0142am w czasie wykonywania r\u00f3\u017cnych zawod\u00f3w i funkcji (zawodowych i spo\u0142ecznych), kt\u00f3re zmusza\u0142y mnie do pokonywania wielu, nieraz bardzo trudnych i z\u0142o\u017conych zada\u0144. Najwi\u0119kszym \u017cyciowym wyzwaniem by\u0142o dla mnie prowadzenie Cieszy\u0144skiego Towarzystwa Fotograficznego jako prezes zarz\u0105du. To by\u0142a rzeczywi\u015bcie niezwykle trudna i z\u0142o\u017cona sytuacja, w kt\u00f3r\u0105 wesz\u0142am &#8211; raczej nie zdaj\u0105c sobie sprawy z powagi i stopnia trudno\u015bci zada\u0144, kt\u00f3rych si\u0119 podj\u0119\u0142am. Musia\u0142am wykorzystywa\u0107 wszelk\u0105 wiedz\u0119, umiej\u0119tno\u015bci i do\u015bwiadczenie, jakie posiada\u0142am \u2013 i to z r\u00f3\u017cnych dziedzin; pokusi\u0142am si\u0119 nawet o jej specjalistyczne poszerzenie (szkolenie zawodowe dla menad\u017cer\u00f3w NGO). Ale chyba si\u0119 uda\u0142o, o czym mo\u017ce \u015bwiadczy\u0107 m.in. fakt, \u017ce obecny zarz\u0105d zaproponowa\u0142 mi status cz\u0142onka honorowego CTF. Poza tym nadal dzia\u0142a Galeria CTF w budynku Starostwa Powiatowego w Cieszynie, kt\u00f3ra powsta\u0142a dzi\u0119ki moim staraniom.<\/p>\n<p class=\"rtejustify\"><strong>Jakie umiej\u0119tno\u015bci i do\u015bwiadczenia zdobyte na Uczelni pomog\u0142y Pani w zdobyciu zatrudnienia?<\/strong><\/p>\n<p class=\"rtejustify\">W tym czasie, kiedy sko\u0144czy\u0142am studia \u2013 nie by\u0142o \u017cadnych problem\u00f3w ze zdobyciem pracy. Po prostu praca nauczyciela plastyki \u201eczeka\u0142a\u201d na mnie \u2013 akurat w jednej ze szk\u00f3\u0142 w Cieszynie by\u0142 wakat i podj\u0119\u0142am prac\u0119 zgodn\u0105 z moim wykszta\u0142ceniem jeszcze przed obron\u0105 dyplomu.<\/p>\n<p class=\"rtejustify\"><strong>Jak edukacja na Uniwersytecie \u015al\u0105skim wp\u0142yn\u0119\u0142a na wyb\u00f3r Pani drogi zawodowej? Kt\u00f3re do\u015bwiadczenia z czasu studi\u00f3w okaza\u0142y si\u0119 kluczowe w poszukiwaniu pracy?<\/strong><\/p>\n<p class=\"rtejustify\">To nie by\u0142o \u015bwiadome z\u00a0 mojej strony \u2013 po prostu by\u0142a praca, wi\u0119c j\u0105 przyj\u0119\u0142am. Takie by\u0142y wtedy czasy. Bardziej wp\u0142ywa\u0142a na mnie sytuacja spo\u0142eczno-polityczna: rodzenie si\u0119 kapitalizmu w Polsce dawa\u0142o nowe mo\u017cliwo\u015bci, ale te\u017c i wielk\u0105 niewiadom\u0105; wi\u0119c nie ka\u017cdy decydowa\u0142 si\u0119 na podj\u0119cia ryzyka. Ja zdecydowa\u0142am si\u0119 na prowadzenie w\u0142asnej dzia\u0142alno\u015bci gospodarczej dopiero po ponad 10 latach pracy na etat.<\/p>\n<p class=\"rtejustify\"><strong>Co radzi Pani kandydatom na studia i studentom U\u015a, kt\u00f3rzy wkr\u00f3tce wejd\u0105 na rynek pracy?<\/strong><\/p>\n<p class=\"rtejustify\">Nale\u017cy zawsze kierowa\u0107 si\u0119 swoimi zainteresowaniami i predyspozycjami. Nie wolno poddawa\u0107 si\u0119 presji otoczenia, modami na sukces, ch\u0119ci\u0105 szybkiego i \u0142atwego zarobku itp., cho\u0107 jest to niebywale trudne. Zw\u0142aszcza, \u017ce nierzadko dopiero w d\u0142ugiej (\u017cyciowej) perspektywie takie post\u0119powanie daje prawdziwe efekty.<\/p>\n<\/div>\n<p>\n<\/div>\r\n                    <\/div>\r\n                <\/div>[\/vc_column][\/vc_row]<\/p>","protected":false},"excerpt":{"rendered":"<p>[vc_row][vc_column][\/vc_column][\/vc_row] [&#8230;]<\/p>\n<p><a class=\"btn btn-secondary understrap-read-more-link\" href=\"https:\/\/us.edu.pl\/absolwent\/jolanta-kubica-nasi-absolwenci\/\">Read More&#8230;<\/a><\/p>\n","protected":false},"author":1,"featured_media":0,"parent":0,"menu_order":0,"comment_status":"closed","ping_status":"closed","template":"","meta":{"_expiration-date-status":"saved","_expiration-date":0,"_expiration-date-type":"","_expiration-date-categories":[],"_expiration-date-options":[]},"acf":[],"_links":{"self":[{"href":"https:\/\/us.edu.pl\/absolwent\/wp-json\/wp\/v2\/pages\/694"}],"collection":[{"href":"https:\/\/us.edu.pl\/absolwent\/wp-json\/wp\/v2\/pages"}],"about":[{"href":"https:\/\/us.edu.pl\/absolwent\/wp-json\/wp\/v2\/types\/page"}],"author":[{"embeddable":true,"href":"https:\/\/us.edu.pl\/absolwent\/wp-json\/wp\/v2\/users\/1"}],"replies":[{"embeddable":true,"href":"https:\/\/us.edu.pl\/absolwent\/wp-json\/wp\/v2\/comments?post=694"}],"version-history":[{"count":2,"href":"https:\/\/us.edu.pl\/absolwent\/wp-json\/wp\/v2\/pages\/694\/revisions"}],"predecessor-version":[{"id":1264,"href":"https:\/\/us.edu.pl\/absolwent\/wp-json\/wp\/v2\/pages\/694\/revisions\/1264"}],"wp:attachment":[{"href":"https:\/\/us.edu.pl\/absolwent\/wp-json\/wp\/v2\/media?parent=694"}],"curies":[{"name":"wp","href":"https:\/\/api.w.org\/{rel}","templated":true}]}}