{"id":698,"date":"2019-10-15T16:09:12","date_gmt":"2019-10-15T14:09:12","guid":{"rendered":"https:\/\/us.edu.pl\/absolwent\/?page_id=698"},"modified":"2019-10-15T16:09:12","modified_gmt":"2019-10-15T14:09:12","slug":"jan-mackow-nasi-absolwenci","status":"publish","type":"page","link":"https:\/\/us.edu.pl\/absolwent\/absolwencius\/nasi-absolwenci\/jan-mackow-nasi-absolwenci\/","title":{"rendered":"Jan Ma\u0107kow &#8211; Nasi Absolwenci"},"content":{"rendered":"<p>[vc_row][vc_column]\r\n                <div class=\"text-modules\">\r\n                    <div class=\"container\">\r\n                        <h3 class=\"page-title text__title\">Jan Ma\u0107kow - Nasi Absolwenci<\/h3>\r\n                        <div class=\"text-modules__content\"><\/p>\n<div class=\"content\">\n<p><img class=\"imagefield imagefield-field_image alignleft\" src=\"http:\/\/absolwent.us.edu.pl\/sites\/absolwent.us.edu.pl\/files\/10848062_10152546937113461_3743576325164097307_n.jpg?1421048741\" alt=\"\" width=\"200\" height=\"200\" \/><\/p>\n<p class=\"rtejustify\" style=\"text-align: left;\">Jan Ma\u0107kow uko\u0144czy\u0142 studia w Wy\u017cszej Szkole Handlu Morskiego. Od najm\u0142odszych lat interesowa\u0142 si\u0119 fotografi\u0105, filmem i plastyk\u0105.<\/p>\n<p class=\"rtejustify\">Na pocz\u0105tku lat pi\u0119\u0107dziesi\u0105tych dzia\u0142a\u0142 w Sekcji Filmowej Polskiego Towarzystwa Fotograficznego w Katowicach i by\u0142 jednym z za\u0142o\u017cycieli pierwszego w Polsce Amatorskiego Klubu Filmowego \u201e\u015al\u0105sk\u201d. Realizowa\u0142 tam projekty, kt\u00f3re odnosi\u0142y sukcesy w konkursach og\u00f3lnopolskich i zagranicznych.<\/p>\n<p class=\"rtejustify\">Od powstania O\u015brodka Telewizyjnego w Katowicach pracowa\u0142 kolejno jako korespondent filmowy, operator i realizator. Organizowa\u0142 i kierowa\u0142 oddzia\u0142em <a href=\"http:\/\/filmpolski.pl\/fp\/index.php?osoba=11445\">Wytw\u00f3rni Film\u00f3w Telewizyjnych \u201ePoltel\u201d<\/a> w Katowicach. Zwolniony w stanie wojennym kontynuowa\u0142 prac\u0119 jako operator filmowy.<\/p>\n<p class=\"rtejustify\">Po przej\u015bciu na emerytur\u0119 podj\u0105\u0142 wsp\u00f3\u0142prac\u0119 z <a href=\"http:\/\/www.nfosigw.gov.pl\/\">Narodowym Funduszem Ochrony \u015arodowiska<\/a>. Przez kolejne lata realizowa\u0142 programy, lekcje i filmy edukacyjne o tematyce ochrony \u015brodowiska (w sumie 50 pozycji zebranych w trzech pakietach tematycznych). W tym czasie spe\u0142nia\u0142 te\u017c swoje marzenie m\u0142odo\u015bci \u2013 malowanie obraz\u00f3w.<\/p>\n<p class=\"rtejustify\">W 2011 roku uczestniczy\u0142 w zaj\u0119ciach <a href=\"http:\/\/utw.us.edu.pl\/\">Uniwersytetu Trzeciego Wieku przy na Uniwersytecie \u015al\u0105skim<\/a> w dziedzinie plastyki. Uzyskane tam fachowe wskaz\u00f3wki oraz nabyte umiej\u0119tno\u015bci pozwoli\u0142y na zorganizowanie indywidualnej wystawy w marcu 2014 roku. Wystawa obejmowa\u0142a ponad 40 prac i uzyska\u0142a pozytywne oceny znawc\u00f3w oraz zwiedzaj\u0105cych.<\/p>\n<p class=\"rtejustify\">Obecnie pracuje nad przygotowaniem cyklicznego programu telewizyjnego dla ludzi starszych pod has\u0142em \u201e60+\u201d.<\/p>\n<\/div>\n<p>\n<\/div>\r\n                    <\/div>\r\n                <\/div>[\/vc_column][\/vc_row]<\/p>","protected":false},"excerpt":{"rendered":"<p>[vc_row][vc_column][\/vc_column][\/vc_row] [&#8230;]<\/p>\n<p><a class=\"btn btn-secondary understrap-read-more-link\" href=\"https:\/\/us.edu.pl\/absolwent\/absolwencius\/nasi-absolwenci\/jan-mackow-nasi-absolwenci\/\">Read More&#8230;<\/a><\/p>\n","protected":false},"author":1,"featured_media":0,"parent":331,"menu_order":0,"comment_status":"closed","ping_status":"closed","template":"","meta":{"_expiration-date-status":"","_expiration-date":0,"_expiration-date-type":"","_expiration-date-categories":[],"_expiration-date-options":[]},"acf":[],"_links":{"self":[{"href":"https:\/\/us.edu.pl\/absolwent\/wp-json\/wp\/v2\/pages\/698"}],"collection":[{"href":"https:\/\/us.edu.pl\/absolwent\/wp-json\/wp\/v2\/pages"}],"about":[{"href":"https:\/\/us.edu.pl\/absolwent\/wp-json\/wp\/v2\/types\/page"}],"author":[{"embeddable":true,"href":"https:\/\/us.edu.pl\/absolwent\/wp-json\/wp\/v2\/users\/1"}],"replies":[{"embeddable":true,"href":"https:\/\/us.edu.pl\/absolwent\/wp-json\/wp\/v2\/comments?post=698"}],"version-history":[{"count":2,"href":"https:\/\/us.edu.pl\/absolwent\/wp-json\/wp\/v2\/pages\/698\/revisions"}],"predecessor-version":[{"id":1267,"href":"https:\/\/us.edu.pl\/absolwent\/wp-json\/wp\/v2\/pages\/698\/revisions\/1267"}],"up":[{"embeddable":true,"href":"https:\/\/us.edu.pl\/absolwent\/wp-json\/wp\/v2\/pages\/331"}],"wp:attachment":[{"href":"https:\/\/us.edu.pl\/absolwent\/wp-json\/wp\/v2\/media?parent=698"}],"curies":[{"name":"wp","href":"https:\/\/api.w.org\/{rel}","templated":true}]}}