{"id":702,"date":"2019-10-15T16:13:36","date_gmt":"2019-10-15T14:13:36","guid":{"rendered":"https:\/\/us.edu.pl\/absolwent\/?page_id=702"},"modified":"2019-10-15T16:13:36","modified_gmt":"2019-10-15T14:13:36","slug":"anna-mika-nasi-absolwenci","status":"publish","type":"page","link":"https:\/\/us.edu.pl\/absolwent\/absolwencius\/nasi-absolwenci\/anna-mika-nasi-absolwenci\/","title":{"rendered":"Anna Mika &#8211; Nasi Absolwenci"},"content":{"rendered":"<p>[vc_row][vc_column]\r\n                <div class=\"text-modules\">\r\n                    <div class=\"container\">\r\n                        <h3 class=\"page-title text__title\">Anna Mika - Nasi Absolwenci<\/h3>\r\n                        <div class=\"text-modules__content\"><\/p>\n<div id=\"top-center\" class=\"twelve columns\">\n<div id=\"node-3942\" class=\"node clear-block\">\n<div class=\"content\">\n<p><img class=\"imagefield imagefield-field_image alignleft\" src=\"http:\/\/absolwent.us.edu.pl\/sites\/absolwent.us.edu.pl\/files\/anna_mika_male.jpg?1420640494\" alt=\"\" width=\"200\" height=\"200\" \/><\/p>\n<p class=\"rtejustify\" style=\"text-align: left;\">Anna Mika z wykszta\u0142cenia jest historykiem. Jej pasj\u0105 od zawsze by\u0142o rysowanie, tworzenie i fotografowanie. Z czasem jej zainteresowania skoncentrowa\u0142y si\u0119 na fotografii i realizacji projekt\u00f3w graficznych. Pierwsze zdj\u0119cia wykonywa\u0142a w liceum \u2013 aparatem analogowym. Najwi\u0119ksz\u0105 przyjemno\u015b\u0107 sprawia\u0142o jej wywo\u0142ywanie w\u0142asnych zdj\u0119\u0107 w ciemni, kt\u00f3r\u0105 wraz z ch\u0142opakiem stworzy\u0142a w \u0142azience. Obecnie w tygodniu pracuje w marketingu oraz jako grafik w du\u017cej firmie sportowej. W weekendy realizuje swoje prywatne projekty. Wykonuje sesje zdj\u0119ciowe: od \u015blubnych po portretowe dla korporacji czy przemys\u0142owe dla du\u017cych zak\u0142ad\u00f3w czy hut. I w\u0142a\u015bnie to sprawia jej najwi\u0119cej przyjemno\u015bci. Dni sp\u0119dzone z aparatem. I fotografia przemys\u0142owa, kt\u00f3ra uwielbia i na kt\u00f3rej w chwili obecnej chcia\u0142aby si\u0119 skupi\u0107. Huty, kopalnie, wielkie fabryki \u2013 maj\u0105 w sobie to co\u015b, co j\u0105 urzek\u0142o bezpowrotnie. Ponadto realizuje kilka innych projekt\u00f3w. M.in.. cykl wystaw \u201eMiejsca Opuszczone\u201d \u2013 na kt\u00f3rych w galeriach, centrach kultury czy klubach prezentuje zdj\u0119cia miejsc, kt\u00f3re s\u0105 ju\u017c opuszczone: pa\u0142ace, ko\u015bcio\u0142y, elektrownie w Polsce i zagranic\u0105. Cieszy j\u0105 mo\u017cliwo\u015b\u0107 pokazania ludziom miejsc, o kt\u00f3rych istnieniu nie wiedzieli albo pokazanie im opuszczonej fabryki, z ich miasta \u2013 z innej perspektywy: pokazania im, \u017ce s\u0105 to pi\u0119kne miejsca z bogat\u0105 histori\u0105. Organizuje r\u00f3wnie\u017c cykl plener\u00f3w fotograficznych dla mieszka\u0144c\u00f3w \u015al\u0105ska: \u015al\u0105skie Knipsowanie. Jednym z temat\u00f3w plener\u00f3w by\u0142a Huta Katowice. Prace Anny Miki otrzymywa\u0142y wyr\u00f3\u017cnienia lub nagrody w wielu konkursach m.in. ZPAFu czy Magazynu Pokochaj Fotografi\u0119. Publikowano\/ pisano o Annie Mice w Dzienniku Zachodnim, Gazecie Wyborczej, Twoim Zag\u0142\u0119biu etc. By\u0142a tak\u017ce zapraszana do TVP Katowice oraz TV.\u00a0 Obecnie jest na etapie realizowania kolejnego projektu, skupiaj\u0105cego si\u0119 na fotografii przemys\u0142owej oraz miejscach opuszczonych.<\/p>\n<p class=\"rtejustify\"><strong>Dlaczego zdecydowa\u0142a si\u0119 Pani na podj\u0119cie studi\u00f3w na Uniwersytecie \u015al\u0105skim?<\/strong><\/p>\n<p class=\"rtejustify\">Uniwersytet \u015al\u0105ski to presti\u017cowa uczelnia. Od ma\u0142ego by\u0142am o tym informowana. Wi\u0119kszo\u015b\u0107 starszych koleg\u00f3w \u201ez podw\u00f3rka\u201d posz\u0142o w\u0142a\u015bnie na U\u015a. Ja r\u00f3wnie\u017c chcia\u0142am uko\u0144czy\u0107 uczelni\u0119, o kt\u00f3rej tyle s\u0142ysza\u0142am. Byli i dalej s\u0105 \u2013 to ludzie kreatywni, realizuj\u0105cy si\u0119 w \u017cyciu zawodowym w mniejszym lub wi\u0119kszym stopniu \u2013 by\u0142am przekonana, \u017ce ich wyb\u00f3r b\u0119dzie dobrym wyborem r\u00f3wnie\u017c dla mnie. Poza tym Katowice \u2013 bo w\u0142a\u015bnie w tym mie\u015bcie mie\u015bci si\u0119 Wydzia\u0142 Nauk Spo\u0142ecznych , kt\u00f3ry uko\u0144czy\u0142am \u2013 s\u0105 miastem, w kt\u00f3rym ca\u0142y czas co\u015b si\u0119 dzieje. Wydarzenia kulturalne, koncerty, teatr etc. \u2013 chcia\u0142am je\u017adzi\u0107 na uczelnie, a przy okazji mie\u0107 blisko do tego wszystkiego, co oferuje mi to miasto i ludzie z nim zwi\u0105zani.<\/p>\n<p class=\"rtejustify\"><strong>Jak wspomina Pani studia na Uniwersytecie \u015al\u0105skim?<\/strong><\/p>\n<p class=\"rtejustify\">Nie by\u0142o \u0142atwo. Historia to ci\u0119\u017cki kierunek studi\u00f3w. Wymagaj\u0105cy. Ci\u0119\u017ckie egzaminy, godziny sp\u0119dzone nad ksi\u0105\u017ckami \u2013 cz\u0119sto do rana. Jednocze\u015bnie \u2013 bardzo pozytywni ludzie, kt\u00f3rzy mi towarzyszyli. Wierz\u0119, \u017ce wi\u0119kszo\u015b\u0107 z przyja\u017ani zawartych w murach uczelni przetrwa jeszcze d\u0142ugo po uko\u0144czeniu uczelni.<\/p>\n<p class=\"rtejustify\">Pr\u00f3cz ci\u0119\u017ckich egzamin\u00f3w i wielu godzin sp\u0119dzonych nad ksi\u0105\u017ckami fotografowa\u0142am. Du\u017co. Cz\u0119sto kosztem zaj\u0119\u0107 \u2013 potem oczywi\u015bcie trzeba by\u0142o nadrobi\u0107 zaleg\u0142o\u015bci. Ale gdy wiedzia\u0142am, \u017ce o godzinie 13 w poniedzia\u0142ek b\u0119d\u0105 burzy\u0107 koksowni\u0119 \u2013 musia\u0142am tam by\u0107 i zrobi\u0107 zdj\u0119cia. Wyk\u0142adowcy to rozumieli. I to by\u0142o mi\u0142e. Oczywi\u015bcie tzw. taryfy ulgowej nie by\u0142o. Ale jak mnie nie by\u0142o na zaj\u0119ciach ka\u017cdy wiedzia\u0142, \u017ce jestem gdzie\u015b i robi\u0119 zdj\u0119cia. Dzi\u0119ki temu zaparciu i pasji znalaz\u0142am prac\u0119 i mog\u0119 zarabia\u0107 na tym co kocham.<\/p>\n<p class=\"rtejustify\"><strong>Dlaczego wybra\u0142a Pani dany kierunek studi\u00f3w?<\/strong><\/p>\n<p class=\"rtejustify\">Od liceum uwielbia\u0142am histori\u0119. K\u0142\u00f3ci\u0142am si\u0119 z moj\u0105 Pani\u0105 zawsze o podr\u0119czniki. Ja wybiera\u0142am te bardziej rozbudowane. Ze starszych rocznik\u00f3w. Docieka\u0142am. Lubi\u0142am poznawa\u0107 ludzi i ich histori\u0119. Ciekawo\u015b\u0107 popchn\u0119\u0142a mnie na ten kierunek.<\/p>\n<p class=\"rtejustify\"><strong>Jakie s\u0105 Pani g\u0142\u00f3wne zadania i obszary dzia\u0142alno\u015bci zawodowej?<\/strong><\/p>\n<p class=\"rtejustify\">W pracy zawodowej jestem grafikiem, a jednocze\u015bnie zajmuje si\u0119 wraz z szefem marketingiem. Tworz\u0119 wszelkie materia\u0142y graficzne do naszych sklep\u00f3w i na strony internetowe. Wykonuje zdj\u0119cia naszym produktom. Jako marketingowiec wraz z szefem zajmujemy si\u0119 organizacj\u0105 imprez sportowych w wielu miastach. G\u0142ownie o tematyce hokejowej i rolkowej. Jest to praca, kt\u00f3ra wymaga powa\u017cnego zaanga\u017cowania i cz\u0119sto nie ogranicza si\u0119 sztywno do 8 godzin pracy. Ponadto sumienno\u015b\u0107. I trzymanie r\u0119ki na pulsie. Gdy organizuje si\u0119 imprez\u0119 dla setki os\u00f3b, w innym mie\u015bcie, dla ludzi, kt\u00f3rzy r\u00f3wnie\u017c musz\u0105 dojecha\u0107 \u2013 najwa\u017cniejsze jest ogarni\u0119cie tego wszystkiego i niestety za\u0142o\u017cenie, \u017ce nikt tego nie zrobi \u2013 trzeba polega\u0107 tylko na sobie. Tak mawia m\u00f3j szef. I niestety \u2013 najcz\u0119\u015bciej ma racj\u0119. Je\u015bli samemu si\u0119 czego\u015b nie przypilnuje \u2013 mo\u017ce si\u0119 okaza\u0107, \u017ce nie b\u0119dzie to zrobione dobrze.<\/p>\n<p class=\"rtejustify\"><strong>Co sprawia Pani najwi\u0119ksz\u0105 satysfakcj\u0119 w pracy?<\/strong><\/p>\n<p class=\"rtejustify\">Fakt tworzenia. Mo\u017ce nie mam takiej wolnej r\u0119ki jak w osobistych projektach \u2013 ale jednak tworz\u0119. Wykonuj\u0105c grafiki do pracy czuj\u0119 rado\u015b\u0107, \u017ce mog\u0119 tworzy\u0107. Wymy\u015bla\u0107 slogan reklamowy.<\/p>\n<p class=\"rtejustify\">R\u00f3wnie\u017c organizacja wydarze\u0144 oraz fakt, \u017ce ca\u0142y czas si\u0119 czego\u015b ucz\u0119. Poznaje \u015bwiat sportu od podszewki oraz ciekawych ludzi z nim zwi\u0105zanych, kt\u00f3rzy pr\u00f3cz sportu maj\u0105 inne pasje \u2013 dzi\u0119ki temu moje \u017cycie pe\u0142ne jest ludzi, kt\u00f3rzy realizuj\u0105 si\u0119 na wielu p\u0142aszczyznach. Jest to dla mnie inspiracja i si\u0142a nap\u0119dowa. Poza tym mam to szcz\u0119\u015bcie, \u017ce w pracy rozumiej\u0105 doskonale moje zami\u0142owanie do zdj\u0119\u0107 i mam wsparcie w kolegach.<\/p>\n<p class=\"rtejustify\"><strong>Co stanowi dla Pani najwi\u0119ksze wyzwanie zawodowe?<\/strong><\/p>\n<p class=\"rtejustify\">Chcia\u0142abym dor\u00f3wna\u0107 mojemu szefowi w organizowaniu wydarze\u0144, umiej\u0119tno\u015bci realizowania kilku wielkich projekt\u00f3w na raz i zachowania przy tym stoickiego spokoju.<\/p>\n<p class=\"rtejustify\">To w pracy zawodowej. Bo w prywatnych projektach \u2013 wyzwa\u0144 jest zbyt wiele, by wymieni\u0107.<\/p>\n<p class=\"rtejustify\"><strong>Jakie umiej\u0119tno\u015bci i do\u015bwiadczenia zdobyte na Uczelni pomog\u0142y Pani w zdobyciu zatrudnienia?<\/strong><\/p>\n<p class=\"rtejustify\">Uczelnia i kierunek, kt\u00f3ry wybra\u0142am, nauczy\u0142y mnie ci\u0119\u017ckiej, samodzielnej pracy. Musia\u0142am bowiem \u0142\u0105czy\u0107 uczelnie z robieniem zdj\u0119\u0107, tworzeniem strony internetowej oraz realizowaniem wystaw. Samodzielna, ci\u0119\u017cka praca to podstawa w zdobyciu zatrudnienia \u2013 a na pewno w pracy, kt\u00f3ra jest nasz\u0105 pasj\u0105.<\/p>\n<p class=\"rtejustify\">R\u00f3wnie wa\u017cne s\u0105 kontakty z innymi kreatywnymi studentami. Podej\u015bcie profesor\u00f3w do moich nieobecno\u015bci i ich zrozumienie, gdy musia\u0142am i\u015b\u0107 do pracy (musia\u0142am zarobi\u0107 na sw\u00f3j aparat czy inne akcesoria fotograficzne \u2013 wi\u0119c praca i studiowanie by\u0142o obowi\u0105zkowe dla mnie).<\/p>\n<p class=\"rtejustify\">Uczelnia to przede wszystkim ludzie. Kreatywni, zebrani w jednym miejscu \u2013 dzi\u0119ki czemu \u0142atwiej jest korzysta\u0107 z ich wiedzy i inspirowa\u0107 si\u0119. Ja to dosta\u0142am w\u0142a\u015bnie na U\u015a.<\/p>\n<p class=\"rtejustify\"><strong>Jak edukacja na Uniwersytecie \u015al\u0105skim wp\u0142yn\u0119\u0142a na wyb\u00f3r Pani drogi zawodowej? Kt\u00f3re do\u015bwiadczenia z czasu studi\u00f3w okaza\u0142y si\u0119 kluczowe w poszukiwaniu pracy? <\/strong><\/p>\n<p class=\"rtejustify\">Moje \u017cycie w sumie od pocz\u0105tku toczy\u0142o si\u0119 na dw\u00f3ch torach jednocze\u015bnie. Pierwszy tor to by\u0142a uczelnia. Historia. Zaj\u0119cia i egzaminy. Drugi tor: fotografia i grafika. Organizowanie wystaw i plener\u00f3w fotograficznych. I te dwa tory sz\u0142y obok siebie.<\/p>\n<p class=\"rtejustify\">Historia wkrada\u0142a si\u0119 w moje fotograficzne \u017cycie chc\u0105c nie chc\u0105c. Wykonuj\u0105c zdj\u0119cia obiektom przemys\u0142owym \u2013 dowiadywa\u0142am si\u0119 ich historii. Na \u015al\u0105sku \u2013 wi\u0119kszo\u015b\u0107 z fotografowanych pere\u0142ek industrialnych ma bardzo bogat\u0105 histori\u0119. Poznawa\u0142am na uczelni ludzi, kt\u00f3rzy potem byli obecni r\u00f3wnie\u017c w moim \u201efotograficznym \u017cyciu\u201d. Dzi\u0119ki Doktorowi Kurkowi moje zdj\u0119cia pojawi\u0142y si\u0119 na \u0142amach chorzowskiego magazynu.<\/p>\n<p class=\"rtejustify\">Uniwersytet nie pom\u00f3g\u0142 mi w wyborze drogi zawodowej. Bo to czym chcia\u0142am si\u0119 zajmowa\u0107 by\u0142o mi znane na pewno ju\u017c od liceum. Ale utwierdzi\u0142 mnie w przekonaniu, \u017ce kreatywny spos\u00f3b \u017cycia jest dla mnie. \u017be tak mo\u017cna \u017cy\u0107 i da si\u0119.<\/p>\n<p class=\"rtejustify\"><strong>Co radzi Pani kandydatom na studia i studentom U\u015a, kt\u00f3rzy wkr\u00f3tce wejd\u0105 na rynek pracy?<\/strong><\/p>\n<p class=\"rtejustify\">By najpierw sobie zadali pytania czego chc\u0105 i co chc\u0105 robi\u0107 w \u017cyciu. Gdy ju\u017c dowiedz\u0105 si\u0119 tego \u2013 niech poszukaj\u0105 na swojej uczelni ludzi, kt\u00f3rzy maj\u0105 podobne marzenia. Wsp\u00f3lnie b\u0119dzie im \u0142atwiej realizowa\u0107 cele \u2013 jakiekolwiek by one nie by\u0142y. I by du\u017co pracowali. Sami. Gdy sam si\u0119 cz\u0142owiek nie zaprze \u2013 nie osi\u0105gnie nic. Niestety. W\u0142asne kszta\u0142cenie i umiej\u0119tno\u015b\u0107 pogodzenia tego z uczelni\u0105 to podstawa. Pr\u00f3cz tego \u2013 najlepiej by by\u0142o, by ka\u017cdy student mia\u0142 przekonanie o konieczno\u015bci rozpocz\u0119cia pracy. Cho\u0107by w weekendy. Do\u015bwiadczenie na rynku pracy jest bardzo mile widziane u przysz\u0142ych, powa\u017cniejszych pracodawc\u00f3w. Nie chodzi tu o powa\u017cne stanowiska \u2013 fakt, \u017ce pracujemy i studiujemy m\u00f3wi pracodawcy o naszym charakterze. Ponadto wie, \u017ce kto\u015b na nas polega\u0142, umiemy pracowa\u0107 w grupie. Byli\u015bmy za co\u015b odpowiedzialni.<\/p>\n<\/div>\n<\/div>\n<\/div>\n<p>\n<\/div>\r\n                    <\/div>\r\n                <\/div>[\/vc_column][\/vc_row]<\/p>","protected":false},"excerpt":{"rendered":"<p>[vc_row][vc_column][\/vc_column][\/vc_row] [&#8230;]<\/p>\n<p><a class=\"btn btn-secondary understrap-read-more-link\" href=\"https:\/\/us.edu.pl\/absolwent\/absolwencius\/nasi-absolwenci\/anna-mika-nasi-absolwenci\/\">Read More&#8230;<\/a><\/p>\n","protected":false},"author":1,"featured_media":0,"parent":331,"menu_order":0,"comment_status":"closed","ping_status":"closed","template":"","meta":{"_expiration-date-status":"","_expiration-date":0,"_expiration-date-type":"","_expiration-date-categories":[],"_expiration-date-options":[]},"acf":[],"_links":{"self":[{"href":"https:\/\/us.edu.pl\/absolwent\/wp-json\/wp\/v2\/pages\/702"}],"collection":[{"href":"https:\/\/us.edu.pl\/absolwent\/wp-json\/wp\/v2\/pages"}],"about":[{"href":"https:\/\/us.edu.pl\/absolwent\/wp-json\/wp\/v2\/types\/page"}],"author":[{"embeddable":true,"href":"https:\/\/us.edu.pl\/absolwent\/wp-json\/wp\/v2\/users\/1"}],"replies":[{"embeddable":true,"href":"https:\/\/us.edu.pl\/absolwent\/wp-json\/wp\/v2\/comments?post=702"}],"version-history":[{"count":2,"href":"https:\/\/us.edu.pl\/absolwent\/wp-json\/wp\/v2\/pages\/702\/revisions"}],"predecessor-version":[{"id":1271,"href":"https:\/\/us.edu.pl\/absolwent\/wp-json\/wp\/v2\/pages\/702\/revisions\/1271"}],"up":[{"embeddable":true,"href":"https:\/\/us.edu.pl\/absolwent\/wp-json\/wp\/v2\/pages\/331"}],"wp:attachment":[{"href":"https:\/\/us.edu.pl\/absolwent\/wp-json\/wp\/v2\/media?parent=702"}],"curies":[{"name":"wp","href":"https:\/\/api.w.org\/{rel}","templated":true}]}}