{"id":283,"date":"2022-04-19T12:46:08","date_gmt":"2022-04-19T10:46:08","guid":{"rendered":"https:\/\/us.edu.pl\/centra-badawcze\/icbws\/?page_id=283"},"modified":"2022-07-18T15:03:53","modified_gmt":"2022-07-18T13:03:53","slug":"projekt-nawa","status":"publish","type":"page","link":"https:\/\/us.edu.pl\/centra-badawcze\/icbws\/projekt-nawa\/","title":{"rendered":"projekt NAWA"},"content":{"rendered":"<p>[vc_row][vc_column]\r\n                <div class=\"text-modules\">\r\n                    <div class=\"container\">\r\n                        <h3 class=\"page-title text__title\">Projekt<\/h3>\r\n                        <div class=\"text-modules__content\"><\/div>\r\n                    <\/div>\r\n                <\/div>[\/vc_column][\/vc_row][vc_row el_class=&#8221;container&#8221;][vc_column][vc_btn title=&#8221;powr\u00f3t na stron\u0119 centrum&#8221; style=&#8221;outline-custom&#8221; outline_custom_color=&#8221;#730e64&#8243; outline_custom_hover_background=&#8221;#730e64&#8243; outline_custom_hover_text=&#8221;#ffffff&#8221; shape=&#8221;round&#8221; align=&#8221;left&#8221; i_icon_fontawesome=&#8221;fa fa-reply&#8221; css_animation=&#8221;fadeIn&#8221; add_icon=&#8221;true&#8221; link=&#8221;url:https%3A%2F%2Fus.edu.pl%2Fcentra-badawcze%2Ficbws%2F|||&#8221;][\/vc_column][\/vc_row][vc_row][vc_column][vc_empty_space][\/vc_column][\/vc_row][vc_row el_class=&#8221;container&#8221;][vc_column width=&#8221;1\/2&#8243;]\r\n                <div class=\"text-modules\">\r\n                    <div class=\"container\">\r\n                        \r\n                        <div class=\"text-modules__content\"><p><img loading=\"lazy\" class=\"alignnone wp-image-88 size-full\" src=\"https:\/\/us.edu.pl\/centra-badawcze\/icbws\/wp-content\/uploads\/sites\/73\/logotypy\/K1_logo_dopuszcz_wers_kontra_PL_RGB-02.gif\" alt=\"logo Narodowej Agencji Wymiany Akademickiej\" width=\"100%\" height=\"auto\" \/><\/p>\n<\/div>\r\n                    <\/div>\r\n                <\/div>[\/vc_column][vc_column width=&#8221;1\/2&#8243;][vc_empty_space]\r\n                <div class=\"text-modules\">\r\n                    <div class=\"container\">\r\n                        \r\n                        <div class=\"text-modules__content\"><p>Projekt \u201eWp\u0142yw pandemii COVID-19 na wymiar sprawiedliwo\u015bci. Studium przypadku i sugerowane rozwi\u0105zania\u201d wsp\u00f3\u0142finansowany przez Narodow\u0105 Agencj\u0119 Wymiany Akademickiej.<\/p>\n<\/div>\r\n                    <\/div>\r\n                <\/div>[\/vc_column][\/vc_row][vc_row][vc_column][vc_empty_space][\/vc_column][\/vc_row][vc_row css=&#8221;.vc_custom_1650365780490{background-color: #002e5a !important;}&#8221; el_class=&#8221;container&#8221;][vc_column][vc_empty_space height=&#8221;20px&#8221;]\r\n                <div class=\"text-modules\">\r\n                    <div class=\"container\">\r\n                        \r\n                        <div class=\"text-modules__content\"><\/p>\n<h3><span style=\"color: #ffffff;\">O projekcie<\/span><\/h3>\n<p>\n<\/div>\r\n                    <\/div>\r\n                <\/div>[\/vc_column][\/vc_row][vc_row][vc_column][vc_empty_space height=&#8221;50px&#8221;][\/vc_column][\/vc_row][vc_row el_class=&#8221;container&#8221;][vc_column]\r\n                <div class=\"text-modules\">\r\n                    <div class=\"container\">\r\n                        \r\n                        <div class=\"text-modules__content\"><p>Grant pt. \u201eImpact of the COVID-19 pandemic on the justice system. Case study and suggested solutions\u201c (\u201eWp\u0142yw COVID 19 na wymiar sprawiedliwo\u015bci. Studium przypadku i sugerowane rozwi\u0105zania\u201d) z programu NAWA granty interwencyjne nr BPN\/GIN\/2021\/1\/00006\/U\/00001 (numer UN-2105-001) realizowany jest przez zesp\u00f3\u0142 projektowy pod kierunkiem dr hab. Katarzyny Gajdy-Roszczynialskiej i dotyczy funkcjonowania wymiaru sprawiedliwo\u015bci w czasach pandemii COVID-19.<\/p>\n<p>Grant realizowany jest przez Interdyscyplinarne Centrum Bada\u0144 nad Wymiarem Sprawiedliwo\u015bci przy wsp\u00f3\u0142pracy Wydzia\u0142u Prawa i Administracji Uniwersytetu \u015bl\u0105skiego w latach 2021\u20132022.<\/p>\n<p><a href=\"https:\/\/us.edu.pl\/centra-badawcze\/icbws\/projekt-nawa\/o-projekcie\"><span style=\"font-family: 'PT Sans Narrow', sans-serif; color: #000000;\">czytaj wi\u0119cej<\/span><\/a><\/p>\n<\/div>\r\n                    <\/div>\r\n                <\/div>[\/vc_column][\/vc_row][vc_row][vc_column][vc_empty_space][\/vc_column][\/vc_row][vc_row css=&#8221;.vc_custom_1650365500172{background-color: #002e5a !important;}&#8221; el_class=&#8221;container&#8221;][vc_column][vc_empty_space height=&#8221;20px&#8221;]\r\n                <div class=\"text-modules\">\r\n                    <div class=\"container\">\r\n                        \r\n                        <div class=\"text-modules__content\"><\/p>\n<h3><span style=\"color: #ffffff;\"><a name=\"projekt-inicjatywy\"><\/a>Inicjatywy realizowane w ramach projektu<\/span><\/h3>\n<p>\n<\/div>\r\n                    <\/div>\r\n                <\/div>[\/vc_column][\/vc_row][vc_row][vc_column][vc_empty_space][\/vc_column][\/vc_row][vc_row equal_height=&#8221;yes&#8221; el_class=&#8221;container&#8221;][vc_column width=&#8221;1\/3&#8243; el_class=&#8221;cien karty&#8221;][vc_empty_space height=&#8221;20px&#8221;]\r\n                <div class=\"text-modules\">\r\n                    <div class=\"container\">\r\n                        \r\n                        <div class=\"text-modules__content\"><p><img loading=\"lazy\" class=\"alignnone wp-image-286 size-full\" src=\"https:\/\/us.edu.pl\/centra-badawcze\/icbws\/wp-content\/uploads\/sites\/73\/image\/CovidTalks_anim.gif\" alt=\"napis: COVID TALKS\" width=\"100%\" height=\"auto\" \/><\/p>\n<\/div>\r\n                    <\/div>\r\n                <\/div>\r\n                <div class=\"text-modules\">\r\n                    <div class=\"container\">\r\n                        \r\n                        <div class=\"text-modules__content\"><\/p>\n<h4 style=\"text-align: center;\"><span style=\"color: #000000;\"><strong><span style=\"font-family: PT Sans Narrow, sans-serif;\">COVID-TALKS<\/span> <\/strong><\/span><\/h4>\n<p><span style=\"font-size: 10pt;\">Cykl spotka\u0144 on-line wsp\u00f3\u0142organizowany z wydawnictwem Wolters Kluwer, podczas kt\u00f3rych nasi eksperci b\u0119d\u0105 rozmawia\u0107 o wp\u0142ywie epidemii COVID-19 na praktyczne funkcjonowanie wymiaru sprawiedliwo\u015bci.<\/span><\/p>\n<p><a href=\"https:\/\/us.edu.pl\/centra-badawcze\/icbws\/wydarzenia\/covid-talks\/\"><span style=\"font-family: 'PT Sans Narrow', sans-serif; color: #000000;\">czytaj wi\u0119cej<\/span><\/a><\/p>\n<\/div>\r\n                    <\/div>\r\n                <\/div>[\/vc_column][vc_column width=&#8221;1\/3&#8243; el_class=&#8221;cien karty&#8221;][vc_empty_space height=&#8221;20px&#8221;]\r\n                <div class=\"text-modules\">\r\n                    <div class=\"container\">\r\n                        \r\n                        <div class=\"text-modules__content\"><p><img loading=\"lazy\" class=\"alignnone wp-image-485 size-full\" src=\"https:\/\/us.edu.pl\/centra-badawcze\/icbws\/wp-content\/uploads\/sites\/73\/image\/konferencja-covid-19-\u2014-kopia.png\" alt=\"pos\u0105g Temidy w maseczce\" width=\"100%\" height=\"auto\" srcset=\"https:\/\/us.edu.pl\/centra-badawcze\/icbws\/wp-content\/uploads\/sites\/73\/image\/konferencja-covid-19-\u2014-kopia.png 800w, https:\/\/us.edu.pl\/centra-badawcze\/icbws\/wp-content\/uploads\/sites\/73\/image\/konferencja-covid-19-\u2014-kopia-300x169.png 300w, https:\/\/us.edu.pl\/centra-badawcze\/icbws\/wp-content\/uploads\/sites\/73\/image\/konferencja-covid-19-\u2014-kopia-768x432.png 768w, https:\/\/us.edu.pl\/centra-badawcze\/icbws\/wp-content\/uploads\/sites\/73\/image\/konferencja-covid-19-\u2014-kopia-575x323.png 575w\" sizes=\"(max-width: 800px) 100vw, 800px\" \/><\/p>\n<\/div>\r\n                    <\/div>\r\n                <\/div>\r\n                <div class=\"text-modules\">\r\n                    <div class=\"container\">\r\n                        \r\n                        <div class=\"text-modules__content\"><\/p>\n<h4 style=\"text-align: center;\"><span style=\"color: #000000;\"><strong><span style=\"font-family: PT Sans Narrow, sans-serif;\">KONFERENCJA KATOWICE\u2013KRAK\u00d3W<\/span> <\/strong><\/span><\/h4>\n<p><span style=\"font-size: 10pt;\">Mi\u0119dzynarodowa konferencja naukowa \u201eWp\u0142yw COVID 19 na wymiar sprawiedliwo\u015bci. Analiza problemu i sugerowane rozwi\u0105zania\u201d, Katowice\u2013Krak\u00f3w, 26\u201327.05.2022 r.<\/span><\/p>\n<p><a href=\"https:\/\/us.edu.pl\/centra-badawcze\/icbws\/konferencja-wplyw-covid-19\/\"><span style=\"font-family: 'PT Sans Narrow', sans-serif; color: #000000;\">czytaj wi\u0119cej<\/span><\/a><\/p>\n<\/div>\r\n                    <\/div>\r\n                <\/div>[\/vc_column][vc_column width=&#8221;1\/3&#8243; el_class=&#8221;cien karty&#8221;][vc_empty_space height=&#8221;20px&#8221;]\r\n                <div class=\"text-modules\">\r\n                    <div class=\"container\">\r\n                        \r\n                        <div class=\"text-modules__content\"><p><img loading=\"lazy\" class=\"alignnone wp-image-341 size-full\" src=\"https:\/\/us.edu.pl\/centra-badawcze\/icbws\/wp-content\/uploads\/sites\/73\/image\/pexels-andrea-piacquadio-3760089-e1651139908286.jpg\" alt=\"przemawiaj\u0105cy m\u0119\u017cczyzna\" width=\"100%\" height=\"auto\" srcset=\"https:\/\/us.edu.pl\/centra-badawcze\/icbws\/wp-content\/uploads\/sites\/73\/image\/pexels-andrea-piacquadio-3760089-e1651139908286.jpg 800w, https:\/\/us.edu.pl\/centra-badawcze\/icbws\/wp-content\/uploads\/sites\/73\/image\/pexels-andrea-piacquadio-3760089-e1651139908286-300x169.jpg 300w, https:\/\/us.edu.pl\/centra-badawcze\/icbws\/wp-content\/uploads\/sites\/73\/image\/pexels-andrea-piacquadio-3760089-e1651139908286-768x432.jpg 768w, https:\/\/us.edu.pl\/centra-badawcze\/icbws\/wp-content\/uploads\/sites\/73\/image\/pexels-andrea-piacquadio-3760089-e1651139908286-575x323.jpg 575w\" sizes=\"(max-width: 800px) 100vw, 800px\" \/><\/p>\n<\/div>\r\n                    <\/div>\r\n                <\/div>\r\n                <div class=\"text-modules\">\r\n                    <div class=\"container\">\r\n                        \r\n                        <div class=\"text-modules__content\"><\/p>\n<h4 style=\"text-align: center;\"><span style=\"color: #000000;\"><strong><span style=\"font-family: PT Sans Narrow, sans-serif;\">KONFERENCJA WILNO<\/span> <\/strong><\/span><\/h4>\n<p><span style=\"font-size: 10pt;\">Mi\u0119dzynarodowa konferencja naukowa \u201eInfluence of the pandemic to the future of civil procedure&#8221;, Wilno, 9\u201310.12.2022 r.<\/span><\/p>\n<\/div>\r\n                    <\/div>\r\n                <\/div>[\/vc_column][\/vc_row][vc_row equal_height=&#8221;yes&#8221; el_class=&#8221;container&#8221;][vc_column width=&#8221;1\/3&#8243; el_class=&#8221;cien karty&#8221;][vc_empty_space height=&#8221;20px&#8221;]\r\n                <div class=\"text-modules\">\r\n                    <div class=\"container\">\r\n                        \r\n                        <div class=\"text-modules__content\"><p><img loading=\"lazy\" class=\"alignnone wp-image-484 size-full\" src=\"https:\/\/us.edu.pl\/centra-badawcze\/icbws\/wp-content\/uploads\/sites\/73\/image\/zala\u0328cznik-2-\u2014-kopia.jpg\" alt=\"d\u0142onie trzymaj\u0105ce tablet, na kt\u00f3rym otwarte jest czasopismo Polski Proces Cywilny\" width=\"100%\" height=\"auto\" srcset=\"https:\/\/us.edu.pl\/centra-badawcze\/icbws\/wp-content\/uploads\/sites\/73\/image\/zala\u0328cznik-2-\u2014-kopia.jpg 800w, https:\/\/us.edu.pl\/centra-badawcze\/icbws\/wp-content\/uploads\/sites\/73\/image\/zala\u0328cznik-2-\u2014-kopia-300x169.jpg 300w, https:\/\/us.edu.pl\/centra-badawcze\/icbws\/wp-content\/uploads\/sites\/73\/image\/zala\u0328cznik-2-\u2014-kopia-768x432.jpg 768w, https:\/\/us.edu.pl\/centra-badawcze\/icbws\/wp-content\/uploads\/sites\/73\/image\/zala\u0328cznik-2-\u2014-kopia-575x323.jpg 575w\" sizes=\"(max-width: 800px) 100vw, 800px\" \/><\/p>\n<\/div>\r\n                    <\/div>\r\n                <\/div>\r\n                <div class=\"text-modules\">\r\n                    <div class=\"container\">\r\n                        \r\n                        <div class=\"text-modules__content\"><\/p>\n<h4 style=\"text-align: center;\"><span style=\"color: #000000;\"><strong><span style=\"font-family: PT Sans Narrow, sans-serif;\">NUMER SPECJALNY \u201ePOLSKIEGO PROCESU CYWILNEGO\u201d<\/span> <\/strong><\/span><\/h4>\n<p><span style=\"font-size: 10pt;\">W lutym 2022 r. w <em>open access <\/em>ukaza\u0142 si\u0119 numer specjalny kwartalnika \u201ePolski Proces Cywilny\u201d 2022\/1. Tematem przewodnim numeru specjalnego jest wp\u0142yw pandemii COVID-19 na wymiar sprawiedliwo\u015bci.<\/span><\/p>\n<p><a href=\"https:\/\/www.wolterskluwer.com\/pl-pl\/news\/polski-proces-cywilny-1-2022\" rel=\"nofollow \"><span style=\"font-family: 'PT Sans Narrow', sans-serif; color: #000000;\">czytaj wi\u0119cej<\/span><\/a><\/p>\n<\/div>\r\n                    <\/div>\r\n                <\/div>[\/vc_column][vc_column width=&#8221;1\/3&#8243; el_class=&#8221;cien karty&#8221;][vc_empty_space height=&#8221;20px&#8221;]\r\n                <div class=\"text-modules\">\r\n                    <div class=\"container\">\r\n                        \r\n                        <div class=\"text-modules__content\"><p><img loading=\"lazy\" class=\"alignnone wp-image-339 size-full\" src=\"https:\/\/us.edu.pl\/centra-badawcze\/icbws\/wp-content\/uploads\/sites\/73\/image\/pexels-mohammad-danish-891059-e1651139843428.jpg\" alt=\"d\u0142ugopis le\u017c\u0105cy na notatniku\" width=\"100%\" height=\"auto\" srcset=\"https:\/\/us.edu.pl\/centra-badawcze\/icbws\/wp-content\/uploads\/sites\/73\/image\/pexels-mohammad-danish-891059-e1651139843428.jpg 800w, https:\/\/us.edu.pl\/centra-badawcze\/icbws\/wp-content\/uploads\/sites\/73\/image\/pexels-mohammad-danish-891059-e1651139843428-300x169.jpg 300w, https:\/\/us.edu.pl\/centra-badawcze\/icbws\/wp-content\/uploads\/sites\/73\/image\/pexels-mohammad-danish-891059-e1651139843428-768x432.jpg 768w, https:\/\/us.edu.pl\/centra-badawcze\/icbws\/wp-content\/uploads\/sites\/73\/image\/pexels-mohammad-danish-891059-e1651139843428-575x323.jpg 575w\" sizes=\"(max-width: 800px) 100vw, 800px\" \/><\/p>\n<\/div>\r\n                    <\/div>\r\n                <\/div>\r\n                <div class=\"text-modules\">\r\n                    <div class=\"container\">\r\n                        \r\n                        <div class=\"text-modules__content\"><\/p>\n<h4 style=\"text-align: center;\"><span style=\"color: #000000;\"><strong><span style=\"font-family: PT Sans Narrow, sans-serif;\">ANKIETY<\/span> <\/strong><\/span><\/h4>\n<p><span style=\"font-size: 10pt;\">Prowadzimy ankiety komparatystyczne dotycz\u0105ce wp\u0142ywu COVID-19 na wymiar sprawiedliwo\u015bci.<\/span><\/p>\n<p><a href=\"https:\/\/forms.gle\/kFa8CTdP8Dc4hPCw5\" rel=\"nofollow \"><span style=\"font-family: 'PT Sans Narrow', sans-serif; color: #000000;\">link do ankiety<\/span><\/a><\/p>\n<\/div>\r\n                    <\/div>\r\n                <\/div>\r\n                <div class=\"text-modules\">\r\n                    <div class=\"container\">\r\n                        \r\n                        <div class=\"text-modules__content\"><\/p>\n<table class=\" aligncenter\" style=\"width: 100%; border-collapse: collapse;\">\n<tbody>\n<tr>\n<td style=\"width: 50%;\"><img loading=\"lazy\" class=\"wp-image-93 size-full aligncenter\" src=\"https:\/\/us.edu.pl\/centra-badawcze\/icbws\/wp-content\/uploads\/sites\/73\/logotypy\/logo-ODIHR.png\" alt=\"logo Office for Democratic Institutions and Human Rights\" width=\"50%\" height=\"auto\" srcset=\"https:\/\/us.edu.pl\/centra-badawcze\/icbws\/wp-content\/uploads\/sites\/73\/logotypy\/logo-ODIHR.png 652w, https:\/\/us.edu.pl\/centra-badawcze\/icbws\/wp-content\/uploads\/sites\/73\/logotypy\/logo-ODIHR-300x241.png 300w, https:\/\/us.edu.pl\/centra-badawcze\/icbws\/wp-content\/uploads\/sites\/73\/logotypy\/logo-ODIHR-575x462.png 575w\" sizes=\"(max-width: 652px) 100vw, 652px\" \/><\/td>\n<td style=\"width: 50%;\"><img loading=\"lazy\" class=\"wp-image-221 size-full aligncenter\" src=\"https:\/\/us.edu.pl\/centra-badawcze\/icbws\/wp-content\/uploads\/sites\/73\/logotypy\/logo-IAJ.jpg\" alt=\"logo IAJ\" width=\"70%\" height=\"auto\" srcset=\"https:\/\/us.edu.pl\/centra-badawcze\/icbws\/wp-content\/uploads\/sites\/73\/logotypy\/logo-IAJ.jpg 526w, https:\/\/us.edu.pl\/centra-badawcze\/icbws\/wp-content\/uploads\/sites\/73\/logotypy\/logo-IAJ-300x120.jpg 300w\" sizes=\"(max-width: 526px) 100vw, 526px\" \/><\/td>\n<\/tr>\n<\/tbody>\n<\/table>\n<p>\n<\/div>\r\n                    <\/div>\r\n                <\/div>[\/vc_column][vc_column width=&#8221;1\/3&#8243; el_class=&#8221;cien karty&#8221;][vc_empty_space height=&#8221;20px&#8221;]\r\n                <div class=\"text-modules\">\r\n                    <div class=\"container\">\r\n                        \r\n                        <div class=\"text-modules__content\"><p><img loading=\"lazy\" class=\"alignnone wp-image-338 size-full\" src=\"https:\/\/us.edu.pl\/centra-badawcze\/icbws\/wp-content\/uploads\/sites\/73\/image\/pexels-pixabay-260973-e1651139708323.jpg\" alt=\"dwie osoby z notatnikami, zbli\u017cenie na d\u0142onie\" width=\"100%\" height=\"auto\" srcset=\"https:\/\/us.edu.pl\/centra-badawcze\/icbws\/wp-content\/uploads\/sites\/73\/image\/pexels-pixabay-260973-e1651139708323.jpg 800w, https:\/\/us.edu.pl\/centra-badawcze\/icbws\/wp-content\/uploads\/sites\/73\/image\/pexels-pixabay-260973-e1651139708323-300x169.jpg 300w, https:\/\/us.edu.pl\/centra-badawcze\/icbws\/wp-content\/uploads\/sites\/73\/image\/pexels-pixabay-260973-e1651139708323-768x432.jpg 768w, https:\/\/us.edu.pl\/centra-badawcze\/icbws\/wp-content\/uploads\/sites\/73\/image\/pexels-pixabay-260973-e1651139708323-575x323.jpg 575w\" sizes=\"(max-width: 800px) 100vw, 800px\" \/><\/p>\n<\/div>\r\n                    <\/div>\r\n                <\/div>\r\n                <div class=\"text-modules\">\r\n                    <div class=\"container\">\r\n                        \r\n                        <div class=\"text-modules__content\"><\/p>\n<h4 style=\"text-align: center;\"><span style=\"color: #000000;\"><strong><span style=\"font-family: PT Sans Narrow, sans-serif;\">REKOMENDACJE<\/span> <\/strong><\/span><\/h4>\n<p><span style=\"font-size: 10pt;\">Szczeg\u00f3\u0142y wkr\u00f3tce!<\/span><\/p>\n<\/div>\r\n                    <\/div>\r\n                <\/div>[\/vc_column][\/vc_row][vc_row equal_height=&#8221;yes&#8221; el_class=&#8221;container&#8221;][vc_column width=&#8221;1\/3&#8243; el_class=&#8221;cien karty&#8221;][vc_empty_space height=&#8221;20px&#8221;]\r\n                <div class=\"text-modules\">\r\n                    <div class=\"container\">\r\n                        \r\n                        <div class=\"text-modules__content\"><p><img loading=\"lazy\" class=\"alignnone size-medium wp-image-578\" src=\"https:\/\/us.edu.pl\/centra-badawcze\/icbws\/wp-content\/uploads\/sites\/73\/image\/pexels-pixabay-159872.jpg\" alt=\"otwarta ksi\u0105\u017cka\" width=\"100%\" height=\"auto\" srcset=\"https:\/\/us.edu.pl\/centra-badawcze\/icbws\/wp-content\/uploads\/sites\/73\/image\/pexels-pixabay-159872.jpg 800w, https:\/\/us.edu.pl\/centra-badawcze\/icbws\/wp-content\/uploads\/sites\/73\/image\/pexels-pixabay-159872-300x169.jpg 300w, https:\/\/us.edu.pl\/centra-badawcze\/icbws\/wp-content\/uploads\/sites\/73\/image\/pexels-pixabay-159872-768x432.jpg 768w, https:\/\/us.edu.pl\/centra-badawcze\/icbws\/wp-content\/uploads\/sites\/73\/image\/pexels-pixabay-159872-575x323.jpg 575w\" sizes=\"(max-width: 800px) 100vw, 800px\" \/><\/p>\n<\/div>\r\n                    <\/div>\r\n                <\/div>\r\n                <div class=\"text-modules\">\r\n                    <div class=\"container\">\r\n                        \r\n                        <div class=\"text-modules__content\"><\/p>\n<h4 style=\"text-align: center;\"><span style=\"color: #000000;\"><strong><span style=\"font-family: PT Sans Narrow, sans-serif;\">MONOGRAFIA<\/span> <\/strong><\/span><\/h4>\n<p><span style=\"font-size: 13.3333px;\">Szczeg\u00f3\u0142y wkr\u00f3tce!<\/span><\/p>\n<\/div>\r\n                    <\/div>\r\n                <\/div>[\/vc_column][vc_column width=&#8221;1\/3&#8243;][\/vc_column][vc_column width=&#8221;1\/3&#8243;][\/vc_column][\/vc_row][vc_row][vc_column][vc_empty_space][\/vc_column][\/vc_row]<\/p>","protected":false},"excerpt":{"rendered":"<p>[vc_row][vc_column][\/vc_column][\/vc_row][vc_row el_class=&#8221;container&#8221;][vc_column][vc_btn title=&#8221;powr\u00f3t na stron\u0119 centrum&#8221; style=&#8221;outline-custom&#8221; outline_custom_color=&#8221;#730e64&#8243; outline_custom_hover_background=&#8221;#730e64&#8243; outline_custom_hover_text=&#8221;#ffffff&#8221; shape=&#8221;round&#8221; align=&#8221;left&#8221; i_icon_fontawesome=&#8221;fa fa-reply&#8221; css_animation=&#8221;fadeIn&#8221; add_icon=&#8221;true&#8221; link=&#8221;url:https%3A%2F%2Fus.edu.pl%2Fcentra-badawcze%2Ficbws%2F|||&#8221;][\/vc_column][\/vc_row][vc_row][vc_column][vc_empty_space][\/vc_column][\/vc_row][vc_row el_class=&#8221;container&#8221;][vc_column width=&#8221;1\/2&#8243;][\/vc_column][vc_column width=&#8221;1\/2&#8243;][vc_empty_space][\/vc_column][\/vc_row][vc_row][vc_column][vc_empty_space][\/vc_column][\/vc_row][vc_row css=&#8221;.vc_custom_1650365780490{background-color: #002e5a !important;}&#8221; el_class=&#8221;container&#8221;][vc_column][vc_empty_space height=&#8221;20px&#8221;][\/vc_column][\/vc_row][vc_row][vc_column][vc_empty_space height=&#8221;50px&#8221;][\/vc_column][\/vc_row][vc_row el_class=&#8221;container&#8221;][vc_column][\/vc_column][\/vc_row][vc_row][vc_column][vc_empty_space][\/vc_column][\/vc_row][vc_row css=&#8221;.vc_custom_1650365500172{background-color: #002e5a !important;}&#8221; el_class=&#8221;container&#8221;][vc_column][vc_empty_space height=&#8221;20px&#8221;][\/vc_column][\/vc_row][vc_row][vc_column][vc_empty_space][\/vc_column][\/vc_row][vc_row equal_height=&#8221;yes&#8221; el_class=&#8221;container&#8221;][vc_column width=&#8221;1\/3&#8243; el_class=&#8221;cien karty&#8221;][vc_empty_space height=&#8221;20px&#8221;][\/vc_column][vc_column width=&#8221;1\/3&#8243; el_class=&#8221;cien karty&#8221;][vc_empty_space height=&#8221;20px&#8221;][\/vc_column][vc_column width=&#8221;1\/3&#8243; el_class=&#8221;cien karty&#8221;][vc_empty_space height=&#8221;20px&#8221;][\/vc_column][\/vc_row][vc_row equal_height=&#8221;yes&#8221; el_class=&#8221;container&#8221;][vc_column width=&#8221;1\/3&#8243; el_class=&#8221;cien karty&#8221;][vc_empty_space height=&#8221;20px&#8221;][\/vc_column][vc_column width=&#8221;1\/3&#8243; el_class=&#8221;cien karty&#8221;][vc_empty_space [&#8230;]<\/p>\n<p><a class=\"btn btn-secondary understrap-read-more-link\" href=\"https:\/\/us.edu.pl\/centra-badawcze\/icbws\/projekt-nawa\/\">Read More&#8230;<\/a><\/p>\n","protected":false},"author":33,"featured_media":0,"parent":0,"menu_order":0,"comment_status":"closed","ping_status":"closed","template":"","meta":{"_expiration-date-status":"","_expiration-date":0,"_expiration-date-type":"","_expiration-date-categories":[],"_expiration-date-options":[]},"acf":[],"_links":{"self":[{"href":"https:\/\/us.edu.pl\/centra-badawcze\/icbws\/wp-json\/wp\/v2\/pages\/283"}],"collection":[{"href":"https:\/\/us.edu.pl\/centra-badawcze\/icbws\/wp-json\/wp\/v2\/pages"}],"about":[{"href":"https:\/\/us.edu.pl\/centra-badawcze\/icbws\/wp-json\/wp\/v2\/types\/page"}],"author":[{"embeddable":true,"href":"https:\/\/us.edu.pl\/centra-badawcze\/icbws\/wp-json\/wp\/v2\/users\/33"}],"replies":[{"embeddable":true,"href":"https:\/\/us.edu.pl\/centra-badawcze\/icbws\/wp-json\/wp\/v2\/comments?post=283"}],"version-history":[{"count":10,"href":"https:\/\/us.edu.pl\/centra-badawcze\/icbws\/wp-json\/wp\/v2\/pages\/283\/revisions"}],"predecessor-version":[{"id":585,"href":"https:\/\/us.edu.pl\/centra-badawcze\/icbws\/wp-json\/wp\/v2\/pages\/283\/revisions\/585"}],"wp:attachment":[{"href":"https:\/\/us.edu.pl\/centra-badawcze\/icbws\/wp-json\/wp\/v2\/media?parent=283"}],"curies":[{"name":"wp","href":"https:\/\/api.w.org\/{rel}","templated":true}]}}