{"id":80,"date":"2022-03-09T11:24:54","date_gmt":"2022-03-09T10:24:54","guid":{"rendered":"https:\/\/us.edu.pl\/centra-badawcze\/icbws\/?page_id=80"},"modified":"2022-06-27T09:54:00","modified_gmt":"2022-06-27T07:54:00","slug":"konferencja-wplyw-covid-19","status":"publish","type":"page","link":"https:\/\/us.edu.pl\/centra-badawcze\/icbws\/konferencja-wplyw-covid-19\/","title":{"rendered":"konferencja \u201eWp\u0142yw COVID-19\u2026\u201d"},"content":{"rendered":"<p>[vc_row equal_height=&#8221;yes&#8221; el_class=&#8221;container&#8221; css=&#8221;.vc_custom_1649759156680{padding-top: 35px !important;background-color: #f2f2f2 !important;}&#8221;][vc_column width=&#8221;1\/6&#8243;]\r\n                <div class=\"text-modules\">\r\n                    <div class=\"container\">\r\n                        \r\n                        <div class=\"text-modules__content\"><\/p>\n<p style=\"text-align: center;\"><a href=\"https:\/\/us.edu.pl\/centra-badawcze\/icbws\/konferencja-wplyw-covid-19\/\"><span style=\"font-family: 'PT Sans', sans-serif; color: #000000;\">strona konferencji<\/span><\/a><\/p>\n<p>\n<\/div>\r\n                    <\/div>\r\n                <\/div>[\/vc_column][vc_column width=&#8221;1\/6&#8243;]\r\n                <div class=\"text-modules\">\r\n                    <div class=\"container\">\r\n                        \r\n                        <div class=\"text-modules__content\"><\/p>\n<p style=\"text-align: center;\"><a href=\"https:\/\/us.edu.pl\/centra-badawcze\/icbws\/konferencja-wplyw-covid-19\/program\/\"><span style=\"font-family: 'PT Sans', sans-serif; color: #000000;\">program<\/span><\/a><\/p>\n<p>\n<\/div>\r\n                    <\/div>\r\n                <\/div>[\/vc_column][vc_column width=&#8221;1\/6&#8243;]\r\n                <div class=\"text-modules\">\r\n                    <div class=\"container\">\r\n                        \r\n                        <div class=\"text-modules__content\"><\/p>\n<p style=\"text-align: center;\"><a href=\"https:\/\/us.edu.pl\/centra-badawcze\/icbws\/konferencja-wplyw-covid-19\/rejestracja\/\"><span style=\"font-family: 'PT Sans', sans-serif; color: #000000;\">rejestracja<\/span><\/a><\/p>\n<p>\n<\/div>\r\n                    <\/div>\r\n                <\/div>[\/vc_column][vc_column width=&#8221;1\/6&#8243;]\r\n                <div class=\"text-modules\">\r\n                    <div class=\"container\">\r\n                        \r\n                        <div class=\"text-modules__content\"><\/p>\n<p style=\"text-align: center;\"><a href=\"https:\/\/us.edu.pl\/centra-badawcze\/icbws\/konferencja-wplyw-covid-19\/komitet-naukowy\/\"><span style=\"font-family: 'PT Sans', sans-serif; color: #000000;\">komitet naukowy<\/span><\/a><\/p>\n<p>\n<\/div>\r\n                    <\/div>\r\n                <\/div>[\/vc_column][vc_column width=&#8221;1\/6&#8243;]\r\n                <div class=\"text-modules\">\r\n                    <div class=\"container\">\r\n                        \r\n                        <div class=\"text-modules__content\"><\/p>\n<p style=\"text-align: center;\"><a href=\"https:\/\/us.edu.pl\/centra-badawcze\/icbws\/konferencja-wplyw-covid-19\/komitet-organizacyjny\/\"><span style=\"font-family: 'PT Sans', sans-serif; color: #000000;\">komitet organizacyjny<\/span><\/a><\/p>\n<p>\n<\/div>\r\n                    <\/div>\r\n                <\/div>[\/vc_column][vc_column width=&#8221;1\/6&#8243;]\r\n                <div class=\"text-modules\">\r\n                    <div class=\"container\">\r\n                        \r\n                        <div class=\"text-modules__content\"><\/p>\n<p style=\"text-align: center;\"><a href=\"https:\/\/us.edu.pl\/centra-badawcze\/icbws\/konferencja-wplyw-covid-19\/kontakt\/\"><span style=\"font-family: 'PT Sans', sans-serif; color: #000000;\">kontakt<\/span><\/a><\/p>\n<p>\n<\/div>\r\n                    <\/div>\r\n                <\/div>[\/vc_column][\/vc_row][vc_row][vc_column][vc_empty_space height=&#8221;50px&#8221;][\/vc_column][\/vc_row][vc_row el_class=&#8221;container&#8221;][vc_column]\r\n                <div class=\"text-modules\">\r\n                    <div class=\"container\">\r\n                        <h3 class=\"page-title text__title\">Wp\u0142yw COVID-19 na wymiar sprawiedliwo\u015bci. Studium przypadku i sugerowane rozwi\u0105zania<\/h3>\r\n                        <div class=\"text-modules__content\"><\/div>\r\n                    <\/div>\r\n                <\/div>[\/vc_column][\/vc_row][vc_row full_height=&#8221;yes&#8221; content_placement=&#8221;bottom&#8221; parallax=&#8221;content-moving&#8221; parallax_image=&#8221;488&#8243; css=&#8221;.vc_custom_1656316405488{padding-top: 220px !important;padding-bottom: 220px !important;}&#8221;][vc_column]\r\n                <div class=\"text-modules\">\r\n                    <div class=\"container\">\r\n                        \r\n                        <div class=\"text-modules__content\"><p><span style=\"color: #000000;\"><strong><span style=\"font-size: 350%;\">26\u201327 maja 2022 roku<\/span><\/strong><\/span><\/p>\n<\/div>\r\n                    <\/div>\r\n                <\/div>[\/vc_column][\/vc_row][vc_row][vc_column][vc_empty_space][\/vc_column][\/vc_row][vc_row el_class=&#8221;container&#8221;][vc_column]\r\n                <div class=\"text-modules\">\r\n                    <div class=\"container\">\r\n                        \r\n                        <div class=\"text-modules__content\"><\/p>\n<h3 style=\"text-align: center;\"><strong>Informacja o konferencji<\/strong><\/h3>\n<p>\n<\/div>\r\n                    <\/div>\r\n                <\/div>\r\n                <div class=\"text-modules\">\r\n                    <div class=\"container\">\r\n                        \r\n                        <div class=\"text-modules__content\"><p>Celem konferencji jest praktyczne om\u00f3wienie wp\u0142ywu pandemii COVID-19 na wymiar sprawiedliwo\u015bci. Konferencja organizowana jest po up\u0142ywie ponad 2 lat od rozpocz\u0119cia pandemii COVID-19 w Europie, a zatem b\u0119dzie doskona\u0142\u0105 okazj\u0105 do przeanalizowania jak zmienia\u0142y si\u0119 regulacje w krajach Europy dotycz\u0105ce funkcjonowania wymiaru sprawiedliwo\u015bci w czasach COVID-19. Konferencja b\u0119dzie tak\u017ce okazj\u0105 do zaprezentowania wynik\u00f3w szczeg\u00f3\u0142owych bada\u0144 prowadzonych przez funkcjonuj\u0105cy na Wydziale Prawa i Administracji zesp\u00f3\u0142 projektowy realizuj\u0105cy grant NAWA dotycz\u0105cy funkcjonowania wymiaru sprawiedliwo\u015bci w czasach pandemii COVID-19. W ramach konferencji podj\u0119ty zostanie tak\u017ce temat wypracowania modelowego rozwi\u0105zania na walk\u0119 z pandemi\u0105, tak aby w ewentualnych kolejnych sytuacjach szczeg\u00f3lnych mie\u0107 przygotowane do zastosowania rozwi\u0105zanie. Przeanalizowane zostanie tak\u017ce, czy rozwi\u0105zania, kt\u00f3re wdro\u017cone zosta\u0142y w zwi\u0105zku z pandemi\u0105 COVID-19 w r\u00f3\u017cnych krajach b\u0119d\u0105 mia\u0142y charakter trwa\u0142y i czy znajd\u0105 swoje miejsce w systemach prawnych tych kraj\u00f3w na d\u0142u\u017cej.<\/p>\n<p>Konferencja b\u0119dzie mia\u0142a form\u0119 hybrydow\u0105 \u2013 cz\u0119\u015bciowo b\u0119dzie odbywa\u0142a si\u0119 zdalnie, a cz\u0119\u015bciowo stacjonarnie (liczba miejsc stacjonarnych jest ograniczona).<\/p>\n<\/div>\r\n                    <\/div>\r\n                <\/div>[\/vc_column][\/vc_row][vc_row][vc_column][vc_empty_space][\/vc_column][\/vc_row][vc_row el_class=&#8221;container&#8221;][vc_column][vc_separator border_width=&#8221;2&#8243; el_width=&#8221;50&#8243;]\r\n                <div class=\"text-modules\">\r\n                    <div class=\"container\">\r\n                        \r\n                        <div class=\"text-modules__content\"><\/p>\n<h3 style=\"text-align: center;\"><strong>Patronat honorowy <\/strong><\/h3>\n<p>\n<\/div>\r\n                    <\/div>\r\n                <\/div>[vc_row_inner content_placement=&#8221;middle&#8221;][vc_column_inner width=&#8221;1\/4&#8243;]\r\n                <div class=\"text-modules\">\r\n                    <div class=\"container\">\r\n                        \r\n                        <div class=\"text-modules__content\"><p><img loading=\"lazy\" class=\"aligncenter wp-image-434\" src=\"https:\/\/us.edu.pl\/centra-badawcze\/icbws\/wp-content\/uploads\/sites\/73\/logotypy\/Patronat-Honorowy-Prezydenta-Miasta-Katowice-2.jpg\" alt=\"Patronat Honorowy Prezydenta Miasta Katowice\" width=\"111\" height=\"170\" srcset=\"https:\/\/us.edu.pl\/centra-badawcze\/icbws\/wp-content\/uploads\/sites\/73\/logotypy\/Patronat-Honorowy-Prezydenta-Miasta-Katowice-2.jpg 404w, https:\/\/us.edu.pl\/centra-badawcze\/icbws\/wp-content\/uploads\/sites\/73\/logotypy\/Patronat-Honorowy-Prezydenta-Miasta-Katowice-2-196x300.jpg 196w, https:\/\/us.edu.pl\/centra-badawcze\/icbws\/wp-content\/uploads\/sites\/73\/logotypy\/Patronat-Honorowy-Prezydenta-Miasta-Katowice-2-376x575.jpg 376w\" sizes=\"(max-width: 111px) 100vw, 111px\" \/><\/p>\n<\/div>\r\n                    <\/div>\r\n                <\/div>[\/vc_column_inner][vc_column_inner width=&#8221;1\/4&#8243;]\r\n                <div class=\"text-modules\">\r\n                    <div class=\"container\">\r\n                        \r\n                        <div class=\"text-modules__content\"><p><img loading=\"lazy\" class=\"aligncenter wp-image-436\" src=\"https:\/\/us.edu.pl\/centra-badawcze\/icbws\/wp-content\/uploads\/sites\/73\/logotypy\/TNPC_logo.png\" alt=\"Logo Towarzystwa naukowego Procesualist\u00f3w Cywilnych \" width=\"165\" height=\"160\" srcset=\"https:\/\/us.edu.pl\/centra-badawcze\/icbws\/wp-content\/uploads\/sites\/73\/logotypy\/TNPC_logo.png 310w, https:\/\/us.edu.pl\/centra-badawcze\/icbws\/wp-content\/uploads\/sites\/73\/logotypy\/TNPC_logo-300x290.png 300w\" sizes=\"(max-width: 165px) 100vw, 165px\" \/><\/p>\n<\/div>\r\n                    <\/div>\r\n                <\/div>[\/vc_column_inner][vc_column_inner width=&#8221;1\/4&#8243;]\r\n                <div class=\"text-modules\">\r\n                    <div class=\"container\">\r\n                        \r\n                        <div class=\"text-modules__content\"><p><span style=\"font-size: 1.2em; width: 100%;\">JM Rektor Uniwersytetu \u015al\u0105skiego<br \/>\nprof. dr hab. Ryszard Kozio\u0142ek<\/span><\/p>\n<\/div>\r\n                    <\/div>\r\n                <\/div>[\/vc_column_inner][vc_column_inner width=&#8221;1\/4&#8243;]\r\n                <div class=\"text-modules\">\r\n                    <div class=\"container\">\r\n                        \r\n                        <div class=\"text-modules__content\"><p><img loading=\"lazy\" class=\"aligncenter wp-image-435\" src=\"https:\/\/us.edu.pl\/centra-badawcze\/icbws\/wp-content\/uploads\/sites\/73\/logotypy\/Adwokatura-Polska.jpg\" alt=\"logo Adwokatura Polska\" width=\"255\" height=\"170\" \/><\/p>\n<\/div>\r\n                    <\/div>\r\n                <\/div>[\/vc_column_inner][\/vc_row_inner][vc_row_inner equal_height=&#8221;yes&#8221; content_placement=&#8221;middle&#8221;][vc_column_inner width=&#8221;1\/4&#8243;]\r\n                <div class=\"text-modules\">\r\n                    <div class=\"container\">\r\n                        \r\n                        <div class=\"text-modules__content\"><p><img loading=\"lazy\" class=\"aligncenter wp-image-345\" src=\"https:\/\/us.edu.pl\/centra-badawcze\/icbws\/wp-content\/uploads\/sites\/73\/logotypy\/logo-Krajowej-Izby-Radcow-Prawnych-e1651216085891-266x300.png\" alt=\"logo Krajowej Izby Radc\u00f3w Prawnych\" width=\"222\" height=\"250\" srcset=\"https:\/\/us.edu.pl\/centra-badawcze\/icbws\/wp-content\/uploads\/sites\/73\/logotypy\/logo-Krajowej-Izby-Radcow-Prawnych-e1651216085891-266x300.png 266w, https:\/\/us.edu.pl\/centra-badawcze\/icbws\/wp-content\/uploads\/sites\/73\/logotypy\/logo-Krajowej-Izby-Radcow-Prawnych-e1651216085891.png 297w\" sizes=\"(max-width: 222px) 100vw, 222px\" \/><\/p>\n<\/div>\r\n                    <\/div>\r\n                <\/div>[\/vc_column_inner][vc_column_inner width=&#8221;1\/4&#8243;]\r\n                <div class=\"text-modules\">\r\n                    <div class=\"container\">\r\n                        \r\n                        <div class=\"text-modules__content\"><p><img loading=\"lazy\" class=\"alignnone wp-image-449\" src=\"https:\/\/us.edu.pl\/centra-badawcze\/icbws\/wp-content\/uploads\/sites\/73\/logotypy\/patronat-honorowy-prezydenta-Krakowa.png\" alt=\"Logo: patronat honorowy prezydenta Krakowa \" width=\"367\" height=\"200\" srcset=\"https:\/\/us.edu.pl\/centra-badawcze\/icbws\/wp-content\/uploads\/sites\/73\/logotypy\/patronat-honorowy-prezydenta-Krakowa.png 642w, https:\/\/us.edu.pl\/centra-badawcze\/icbws\/wp-content\/uploads\/sites\/73\/logotypy\/patronat-honorowy-prezydenta-Krakowa-300x164.png 300w, https:\/\/us.edu.pl\/centra-badawcze\/icbws\/wp-content\/uploads\/sites\/73\/logotypy\/patronat-honorowy-prezydenta-Krakowa-575x313.png 575w\" sizes=\"(max-width: 367px) 100vw, 367px\" \/><\/p>\n<\/div>\r\n                    <\/div>\r\n                <\/div>[\/vc_column_inner][vc_column_inner width=&#8221;1\/4&#8243;][\/vc_column_inner][vc_column_inner width=&#8221;1\/4&#8243;][\/vc_column_inner][\/vc_row_inner][vc_empty_space][\/vc_column][\/vc_row][vc_row el_class=&#8221;container&#8221;][vc_column][vc_separator border_width=&#8221;2&#8243; el_width=&#8221;50&#8243;]\r\n                <div class=\"text-modules\">\r\n                    <div class=\"container\">\r\n                        \r\n                        <div class=\"text-modules__content\"><\/p>\n<h3 style=\"text-align: center;\"><strong>Organizatorzy<\/strong><\/h3>\n<p>\n<\/div>\r\n                    <\/div>\r\n                <\/div>[vc_row_inner equal_height=&#8221;yes&#8221; content_placement=&#8221;middle&#8221;][vc_column_inner width=&#8221;1\/3&#8243;]\r\n                <div class=\"text-modules\">\r\n                    <div class=\"container\">\r\n                        \r\n                        <div class=\"text-modules__content\"><p><img loading=\"lazy\" class=\"wp-image-432 size-full aligncenter\" src=\"https:\/\/us.edu.pl\/centra-badawcze\/icbws\/wp-content\/uploads\/sites\/73\/logotypy\/uniwersytet-slaski_logo.jpg\" alt=\"logo Uniwersytetu \u015al\u0105skiego w Katowicach\" width=\"100%\" height=\"auto\" srcset=\"https:\/\/us.edu.pl\/centra-badawcze\/icbws\/wp-content\/uploads\/sites\/73\/logotypy\/uniwersytet-slaski_logo.jpg 891w, https:\/\/us.edu.pl\/centra-badawcze\/icbws\/wp-content\/uploads\/sites\/73\/logotypy\/uniwersytet-slaski_logo-300x51.jpg 300w, https:\/\/us.edu.pl\/centra-badawcze\/icbws\/wp-content\/uploads\/sites\/73\/logotypy\/uniwersytet-slaski_logo-768x129.jpg 768w, https:\/\/us.edu.pl\/centra-badawcze\/icbws\/wp-content\/uploads\/sites\/73\/logotypy\/uniwersytet-slaski_logo-575x97.jpg 575w\" sizes=\"(max-width: 891px) 100vw, 891px\" \/><\/p>\n<\/div>\r\n                    <\/div>\r\n                <\/div>[\/vc_column_inner][vc_column_inner width=&#8221;1\/3&#8243;]\r\n                <div class=\"text-modules\">\r\n                    <div class=\"container\">\r\n                        \r\n                        <div class=\"text-modules__content\"><p><img loading=\"lazy\" class=\"wp-image-89 size-full aligncenter\" src=\"https:\/\/us.edu.pl\/centra-badawcze\/icbws\/wp-content\/uploads\/sites\/73\/logotypy\/ICBWS_warianty_5.png\" alt=\"logo Interdyscyplinarnego Centrum Bada\u0144 nad Wymiarem Sprawiedliwo\u015bci\" width=\"80%\" height=\"auto\" srcset=\"https:\/\/us.edu.pl\/centra-badawcze\/icbws\/wp-content\/uploads\/sites\/73\/logotypy\/ICBWS_warianty_5.png 3515w, https:\/\/us.edu.pl\/centra-badawcze\/icbws\/wp-content\/uploads\/sites\/73\/logotypy\/ICBWS_warianty_5-300x125.png 300w, https:\/\/us.edu.pl\/centra-badawcze\/icbws\/wp-content\/uploads\/sites\/73\/logotypy\/ICBWS_warianty_5-768x319.png 768w, https:\/\/us.edu.pl\/centra-badawcze\/icbws\/wp-content\/uploads\/sites\/73\/logotypy\/ICBWS_warianty_5-1024x425.png 1024w, https:\/\/us.edu.pl\/centra-badawcze\/icbws\/wp-content\/uploads\/sites\/73\/logotypy\/ICBWS_warianty_5-575x239.png 575w\" sizes=\"(max-width: 3515px) 100vw, 3515px\" \/><\/p>\n<\/div>\r\n                    <\/div>\r\n                <\/div>[\/vc_column_inner][vc_column_inner width=&#8221;1\/3&#8243;]\r\n                <div class=\"text-modules\">\r\n                    <div class=\"container\">\r\n                        \r\n                        <div class=\"text-modules__content\"><p><img loading=\"lazy\" class=\"wp-image-91 size-full aligncenter\" src=\"https:\/\/us.edu.pl\/centra-badawcze\/icbws\/wp-content\/uploads\/sites\/73\/logotypy\/uj_sym_pl_3_linie_2-e1646822958604.png\" alt=\"logo Uniwersytetu Jagiello\u0144skiego w Krakowie\" width=\"70%\" height=\"auto\" srcset=\"https:\/\/us.edu.pl\/centra-badawcze\/icbws\/wp-content\/uploads\/sites\/73\/logotypy\/uj_sym_pl_3_linie_2-e1646822958604.png 978w, https:\/\/us.edu.pl\/centra-badawcze\/icbws\/wp-content\/uploads\/sites\/73\/logotypy\/uj_sym_pl_3_linie_2-e1646822958604-295x300.png 295w, https:\/\/us.edu.pl\/centra-badawcze\/icbws\/wp-content\/uploads\/sites\/73\/logotypy\/uj_sym_pl_3_linie_2-e1646822958604-768x781.png 768w, https:\/\/us.edu.pl\/centra-badawcze\/icbws\/wp-content\/uploads\/sites\/73\/logotypy\/uj_sym_pl_3_linie_2-e1646822958604-565x575.png 565w\" sizes=\"(max-width: 978px) 100vw, 978px\" \/><\/p>\n<\/div>\r\n                    <\/div>\r\n                <\/div>[\/vc_column_inner][\/vc_row_inner][vc_empty_space][\/vc_column][\/vc_row][vc_row el_class=&#8221;container&#8221;][vc_column][vc_separator border_width=&#8221;2&#8243; el_width=&#8221;50&#8243;]\r\n                <div class=\"text-modules\">\r\n                    <div class=\"container\">\r\n                        \r\n                        <div class=\"text-modules__content\"><\/p>\n<h3 style=\"text-align: center;\"><strong>Partnerzy<\/strong><\/h3>\n<p>\n<\/div>\r\n                    <\/div>\r\n                <\/div>[vc_row_inner equal_height=&#8221;yes&#8221; content_placement=&#8221;middle&#8221;][vc_column_inner width=&#8221;1\/4&#8243;]\r\n                <div class=\"text-modules\">\r\n                    <div class=\"container\">\r\n                        \r\n                        <div class=\"text-modules__content\"><p><img loading=\"lazy\" class=\"aligncenter wp-image-439 size-medium\" src=\"https:\/\/us.edu.pl\/centra-badawcze\/icbws\/wp-content\/uploads\/sites\/73\/logotypy\/Wolters-Kluwer-300x63.png\" alt=\"Logo Wolters Kluwer\" width=\"300\" height=\"63\" srcset=\"https:\/\/us.edu.pl\/centra-badawcze\/icbws\/wp-content\/uploads\/sites\/73\/logotypy\/Wolters-Kluwer-300x63.png 300w, https:\/\/us.edu.pl\/centra-badawcze\/icbws\/wp-content\/uploads\/sites\/73\/logotypy\/Wolters-Kluwer-1024x217.png 1024w, https:\/\/us.edu.pl\/centra-badawcze\/icbws\/wp-content\/uploads\/sites\/73\/logotypy\/Wolters-Kluwer-768x163.png 768w, https:\/\/us.edu.pl\/centra-badawcze\/icbws\/wp-content\/uploads\/sites\/73\/logotypy\/Wolters-Kluwer-575x122.png 575w, https:\/\/us.edu.pl\/centra-badawcze\/icbws\/wp-content\/uploads\/sites\/73\/logotypy\/Wolters-Kluwer.png 1134w\" sizes=\"(max-width: 300px) 100vw, 300px\" \/><\/p>\n<\/div>\r\n                    <\/div>\r\n                <\/div>[\/vc_column_inner][vc_column_inner width=&#8221;1\/4&#8243;]\r\n                <div class=\"text-modules\">\r\n                    <div class=\"container\">\r\n                        \r\n                        <div class=\"text-modules__content\"><p><img loading=\"lazy\" class=\"alignnone wp-image-94 size-full\" src=\"https:\/\/us.edu.pl\/centra-badawcze\/icbws\/wp-content\/uploads\/sites\/73\/logotypy\/Logo_vilniaus_universitetas.png\" alt=\"logo Uniwersytetu w Wilnie\" width=\"100%\" height=\"auto\" srcset=\"https:\/\/us.edu.pl\/centra-badawcze\/icbws\/wp-content\/uploads\/sites\/73\/logotypy\/Logo_vilniaus_universitetas.png 1103w, https:\/\/us.edu.pl\/centra-badawcze\/icbws\/wp-content\/uploads\/sites\/73\/logotypy\/Logo_vilniaus_universitetas-300x174.png 300w, https:\/\/us.edu.pl\/centra-badawcze\/icbws\/wp-content\/uploads\/sites\/73\/logotypy\/Logo_vilniaus_universitetas-768x446.png 768w, https:\/\/us.edu.pl\/centra-badawcze\/icbws\/wp-content\/uploads\/sites\/73\/logotypy\/Logo_vilniaus_universitetas-1024x595.png 1024w, https:\/\/us.edu.pl\/centra-badawcze\/icbws\/wp-content\/uploads\/sites\/73\/logotypy\/Logo_vilniaus_universitetas-575x334.png 575w\" sizes=\"(max-width: 1103px) 100vw, 1103px\" \/><\/p>\n<\/div>\r\n                    <\/div>\r\n                <\/div>[\/vc_column_inner][vc_column_inner width=&#8221;1\/4&#8243;]\r\n                <div class=\"text-modules\">\r\n                    <div class=\"container\">\r\n                        \r\n                        <div class=\"text-modules__content\"><p><img loading=\"lazy\" class=\"alignnone wp-image-214 size-full\" src=\"https:\/\/us.edu.pl\/centra-badawcze\/icbws\/wp-content\/uploads\/sites\/73\/logotypy\/uniwersytet-kijowski.png\" alt=\"logo Uniwersytetu w Kijowie\" width=\"160\" height=\"158\" \/><\/p>\n<\/div>\r\n                    <\/div>\r\n                <\/div>[\/vc_column_inner][vc_column_inner width=&#8221;1\/4&#8243;]\r\n                <div class=\"text-modules\">\r\n                    <div class=\"container\">\r\n                        \r\n                        <div class=\"text-modules__content\"><p><img loading=\"lazy\" class=\"wp-image-93 aligncenter\" src=\"https:\/\/us.edu.pl\/centra-badawcze\/icbws\/wp-content\/uploads\/sites\/73\/logotypy\/logo-ODIHR-300x241.png\" alt=\"logo Office for Democratic Institutions and Human Rights\" width=\"250\" height=\"201\" srcset=\"https:\/\/us.edu.pl\/centra-badawcze\/icbws\/wp-content\/uploads\/sites\/73\/logotypy\/logo-ODIHR-300x241.png 300w, https:\/\/us.edu.pl\/centra-badawcze\/icbws\/wp-content\/uploads\/sites\/73\/logotypy\/logo-ODIHR-575x462.png 575w, https:\/\/us.edu.pl\/centra-badawcze\/icbws\/wp-content\/uploads\/sites\/73\/logotypy\/logo-ODIHR.png 652w\" sizes=\"(max-width: 250px) 100vw, 250px\" \/><\/p>\n<\/div>\r\n                    <\/div>\r\n                <\/div>[\/vc_column_inner][\/vc_row_inner][vc_empty_space][vc_row_inner equal_height=&#8221;yes&#8221; content_placement=&#8221;middle&#8221;][vc_column_inner width=&#8221;1\/4&#8243;]\r\n                <div class=\"text-modules\">\r\n                    <div class=\"container\">\r\n                        \r\n                        <div class=\"text-modules__content\"><p><img loading=\"lazy\" class=\"alignnone wp-image-221 size-medium\" src=\"https:\/\/us.edu.pl\/centra-badawcze\/icbws\/wp-content\/uploads\/sites\/73\/logotypy\/logo-IAJ-300x120.jpg\" alt=\"logo IAJ\" width=\"300\" height=\"120\" srcset=\"https:\/\/us.edu.pl\/centra-badawcze\/icbws\/wp-content\/uploads\/sites\/73\/logotypy\/logo-IAJ-300x120.jpg 300w, https:\/\/us.edu.pl\/centra-badawcze\/icbws\/wp-content\/uploads\/sites\/73\/logotypy\/logo-IAJ.jpg 526w\" sizes=\"(max-width: 300px) 100vw, 300px\" \/><\/p>\n<\/div>\r\n                    <\/div>\r\n                <\/div>[\/vc_column_inner][vc_column_inner width=&#8221;1\/4&#8243;]\r\n                <div class=\"text-modules\">\r\n                    <div class=\"container\">\r\n                        \r\n                        <div class=\"text-modules__content\"><p><img loading=\"lazy\" class=\"aligncenter wp-image-441 size-full\" src=\"https:\/\/us.edu.pl\/centra-badawcze\/icbws\/wp-content\/uploads\/sites\/73\/logotypy\/Okregowa-Rada-Adwokacka-w-Krakowie-logo.png\" alt=\"Znak graficzny: Okr\u0119gowa Rada Adwokacka w Krakowie-logo\" width=\"141\" height=\"162\" \/><\/p>\n<\/div>\r\n                    <\/div>\r\n                <\/div>[\/vc_column_inner][vc_column_inner width=&#8221;1\/4&#8243;]\r\n                <div class=\"text-modules\">\r\n                    <div class=\"container\">\r\n                        \r\n                        <div class=\"text-modules__content\"><p><img loading=\"lazy\" class=\"alignnone wp-image-448\" src=\"https:\/\/us.edu.pl\/centra-badawcze\/icbws\/wp-content\/uploads\/sites\/73\/logotypy\/Iustitia-Polish-Judges-Association.png\" alt=\"Logo Iustitia Polish Judges Association\" width=\"285\" height=\"160\" srcset=\"https:\/\/us.edu.pl\/centra-badawcze\/icbws\/wp-content\/uploads\/sites\/73\/logotypy\/Iustitia-Polish-Judges-Association.png 445w, https:\/\/us.edu.pl\/centra-badawcze\/icbws\/wp-content\/uploads\/sites\/73\/logotypy\/Iustitia-Polish-Judges-Association-300x169.png 300w\" sizes=\"(max-width: 285px) 100vw, 285px\" \/><\/p>\n<\/div>\r\n                    <\/div>\r\n                <\/div>[\/vc_column_inner][vc_column_inner width=&#8221;1\/4&#8243;]\r\n                <div class=\"text-modules\">\r\n                    <div class=\"container\">\r\n                        \r\n                        <div class=\"text-modules__content\"><p><img loading=\"lazy\" class=\"alignnone wp-image-447\" src=\"https:\/\/us.edu.pl\/centra-badawcze\/icbws\/wp-content\/uploads\/sites\/73\/logotypy\/IUSTITIA-Stowarzyszenie-Sedziow-Polskich_logo.png\" alt=\"Logo IUSTITIA Stowarzyszenie S\u0119dzi\u00f3w Polskich\" width=\"208\" height=\"120\" srcset=\"https:\/\/us.edu.pl\/centra-badawcze\/icbws\/wp-content\/uploads\/sites\/73\/logotypy\/IUSTITIA-Stowarzyszenie-Sedziow-Polskich_logo.png 658w, https:\/\/us.edu.pl\/centra-badawcze\/icbws\/wp-content\/uploads\/sites\/73\/logotypy\/IUSTITIA-Stowarzyszenie-Sedziow-Polskich_logo-300x173.png 300w, https:\/\/us.edu.pl\/centra-badawcze\/icbws\/wp-content\/uploads\/sites\/73\/logotypy\/IUSTITIA-Stowarzyszenie-Sedziow-Polskich_logo-575x331.png 575w\" sizes=\"(max-width: 208px) 100vw, 208px\" \/><\/p>\n<p>Oddzia\u0142 w Katowicach<\/p>\n<\/div>\r\n                    <\/div>\r\n                <\/div>[\/vc_column_inner][\/vc_row_inner][vc_empty_space][vc_row_inner equal_height=&#8221;yes&#8221; content_placement=&#8221;middle&#8221;][vc_column_inner width=&#8221;1\/4&#8243;]\r\n                <div class=\"text-modules\">\r\n                    <div class=\"container\">\r\n                        \r\n                        <div class=\"text-modules__content\"><p><img loading=\"lazy\" class=\"alignnone wp-image-88 size-full\" src=\"https:\/\/us.edu.pl\/centra-badawcze\/icbws\/wp-content\/uploads\/sites\/73\/logotypy\/K1_logo_dopuszcz_wers_kontra_PL_RGB-02.gif\" alt=\"logo Narodowej Agencji Wymiany Akademickiej\" width=\"100%\" height=\"auto\" \/><\/p>\n<\/div>\r\n                    <\/div>\r\n                <\/div>[\/vc_column_inner][vc_column_inner width=&#8221;1\/4&#8243;]\r\n                <div class=\"text-modules\">\r\n                    <div class=\"container\">\r\n                        \r\n                        <div class=\"text-modules__content\"><p><img loading=\"lazy\" class=\"aligncenter wp-image-344\" src=\"https:\/\/us.edu.pl\/centra-badawcze\/icbws\/wp-content\/uploads\/sites\/73\/logotypy\/logo-Adwokatura-Polska.png\" alt=\"logo Adwokatura Polska\" width=\"156\" height=\"160\" \/><\/p>\n<\/div>\r\n                    <\/div>\r\n                <\/div>[\/vc_column_inner][vc_column_inner width=&#8221;1\/4&#8243;]\r\n                <div class=\"text-modules\">\r\n                    <div class=\"container\">\r\n                        \r\n                        <div class=\"text-modules__content\"><p><img loading=\"lazy\" class=\"aligncenter wp-image-252\" src=\"https:\/\/us.edu.pl\/centra-badawcze\/icbws\/wp-content\/uploads\/sites\/73\/logotypy\/logo-Fundacji-Facultas-Iuridica.jpg\" alt=\"logo Fundacji Facultas Iuridica\" width=\"202\" height=\"160\" \/><\/p>\n<\/div>\r\n                    <\/div>\r\n                <\/div>[\/vc_column_inner][vc_column_inner width=&#8221;1\/4&#8243;][vc_empty_space height=&#8221;10px&#8221;][\/vc_column_inner][\/vc_row_inner][vc_row_inner equal_height=&#8221;yes&#8221; content_placement=&#8221;middle&#8221;][vc_column_inner width=&#8221;1\/4&#8243;][vc_empty_space height=&#8221;10px&#8221;]\r\n                <div class=\"text-modules\">\r\n                    <div class=\"container\">\r\n                        \r\n                        <div class=\"text-modules__content\"><p><img loading=\"lazy\" class=\"alignnone wp-image-450\" src=\"https:\/\/us.edu.pl\/centra-badawcze\/icbws\/wp-content\/uploads\/sites\/73\/logotypy\/Katowice-dla-odmiany.png\" alt=\"Logo: Katowice dla odmiany \" width=\"672\" height=\"200\" srcset=\"https:\/\/us.edu.pl\/centra-badawcze\/icbws\/wp-content\/uploads\/sites\/73\/logotypy\/Katowice-dla-odmiany.png 974w, https:\/\/us.edu.pl\/centra-badawcze\/icbws\/wp-content\/uploads\/sites\/73\/logotypy\/Katowice-dla-odmiany-300x89.png 300w, https:\/\/us.edu.pl\/centra-badawcze\/icbws\/wp-content\/uploads\/sites\/73\/logotypy\/Katowice-dla-odmiany-768x229.png 768w, https:\/\/us.edu.pl\/centra-badawcze\/icbws\/wp-content\/uploads\/sites\/73\/logotypy\/Katowice-dla-odmiany-575x171.png 575w\" sizes=\"(max-width: 672px) 100vw, 672px\" \/><\/p>\n<\/div>\r\n                    <\/div>\r\n                <\/div>[vc_empty_space height=&#8221;10px&#8221;][\/vc_column_inner][vc_column_inner width=&#8221;1\/4&#8243;]\r\n                <div class=\"text-modules\">\r\n                    <div class=\"container\">\r\n                        \r\n                        <div class=\"text-modules__content\"><p><img loading=\"lazy\" class=\"alignnone size-medium wp-image-452\" src=\"https:\/\/us.edu.pl\/centra-badawcze\/icbws\/wp-content\/uploads\/sites\/73\/logotypy\/Logo-Krakow_H.jpg\" alt=\"Logo miasta Krakowa \" width=\"300\" height=\"92\" srcset=\"https:\/\/us.edu.pl\/centra-badawcze\/icbws\/wp-content\/uploads\/sites\/73\/logotypy\/Logo-Krakow_H.jpg 651w, https:\/\/us.edu.pl\/centra-badawcze\/icbws\/wp-content\/uploads\/sites\/73\/logotypy\/Logo-Krakow_H-300x92.jpg 300w, https:\/\/us.edu.pl\/centra-badawcze\/icbws\/wp-content\/uploads\/sites\/73\/logotypy\/Logo-Krakow_H-575x177.jpg 575w\" sizes=\"(max-width: 300px) 100vw, 300px\" \/><\/p>\n<\/div>\r\n                    <\/div>\r\n                <\/div>[\/vc_column_inner][vc_column_inner width=&#8221;1\/4&#8243;][\/vc_column_inner][vc_column_inner width=&#8221;1\/4&#8243;][\/vc_column_inner][\/vc_row_inner][\/vc_column][\/vc_row][vc_row][vc_column][vc_empty_space][vc_empty_space][\/vc_column][\/vc_row][vc_row el_class=&#8221;container&#8221;][vc_column]\r\n                <div class=\"text-modules\">\r\n                    <div class=\"container\">\r\n                        \r\n                        <div class=\"text-modules__content\"><\/p>\n<h3 style=\"text-align: center;\"><strong>Wp\u0142yw COVID-19 na wymiar sprawiedliwo\u015bci \u2013 formularze rejestracyjne<\/strong><\/h3>\n<p>\n<\/div>\r\n                    <\/div>\r\n                <\/div>[vc_btn title=&#8221;Kliknij, aby przej\u015b\u0107 do formularza zg\u0142oszeniowego na pierwszy dzie\u0144 konferencji w Katowicach&#8221; style=&#8221;outline-custom&#8221; outline_custom_color=&#8221;#730e64&#8243; outline_custom_hover_background=&#8221;#730e64&#8243; outline_custom_hover_text=&#8221;#ffffff&#8221; shape=&#8221;round&#8221; size=&#8221;lg&#8221; align=&#8221;center&#8221; css_animation=&#8221;fadeIn&#8221; link=&#8221;url:https%3A%2F%2Fformularze.us.edu.pl%2Fform%2Findex%2F3013|||&#8221;][vc_btn title=&#8221;Kliknij, aby przej\u015b\u0107 do formularza zg\u0142oszeniowego na drugi dzie\u0144 konferencji w Krakowie&#8221; style=&#8221;outline-custom&#8221; outline_custom_color=&#8221;#730e64&#8243; outline_custom_hover_background=&#8221;#730e64&#8243; outline_custom_hover_text=&#8221;#ffffff&#8221; shape=&#8221;round&#8221; size=&#8221;lg&#8221; align=&#8221;center&#8221; css_animation=&#8221;fadeIn&#8221; link=&#8221;url:https%3A%2F%2Fforms.office.com%2FPages%2FResponsePage.aspx%3Fid%3D6yYO676_0keekOvSQm286wHQx-xhTYBDoHNptVMRufpUNlJYNlkzQkpPU0VVOU5BWEE2RllFRjhCTi4u|||&#8221;]\r\n                <div class=\"text-modules\">\r\n                    <div class=\"container\">\r\n                        \r\n                        <div class=\"text-modules__content\"><p>Wi\u0119cej informacji: <a href=\"https:\/\/www.law.uj.edu.pl\/kpk\/strona\/konferencja-wplyw-pandemii-covid-19-na-wymiar-sprawiedliwosci-27-05-2022-r\/\">www.law.uj.edu.pl<\/a><\/p>\n<\/div>\r\n                    <\/div>\r\n                <\/div>[\/vc_column][\/vc_row][vc_row][vc_column][vc_empty_space][vc_empty_space][\/vc_column][\/vc_row][vc_row el_class=&#8221;container&#8221; css=&#8221;.vc_custom_1645791520545{background-color: #f2f2f2 !important;}&#8221;][vc_column][vc_empty_space]\r\n                <div class=\"text-modules\">\r\n                    <div class=\"container\">\r\n                        \r\n                        <div class=\"text-modules__content\"><\/p>\n<h3 style=\"text-align: center;\"><strong>Lokalizacja<\/strong><\/h3>\n<p>\n<\/div>\r\n                    <\/div>\r\n                <\/div>[vc_row_inner][vc_column_inner width=&#8221;1\/2&#8243;]\r\n                <div class=\"text-modules\">\r\n                    <div class=\"container\">\r\n                        \r\n                        <div class=\"text-modules__content\"><\/p>\n<h4>Dzie\u0144 I \u2013 Katowice, Wydzia\u0142 Prawa i Administracji Uniwersytetu \u015al\u0105skiego (ul. Bankowa 11b)<\/h4>\n<p>\n<\/div>\r\n                    <\/div>\r\n                <\/div>[vc_gmaps link=&#8221;#E-8_JTNDaWZyYW1lJTIwc3JjJTNEJTIyaHR0cHMlM0ElMkYlMkZ3d3cuZ29vZ2xlLmNvbSUyRm1hcHMlMkZlbWJlZCUzRnBiJTNEJTIxMW0xOCUyMTFtMTIlMjExbTMlMjExZDI1NTAuNjg1ODY5Mzk4MTEwOCUyMTJkMTkuMDMwMTA0NTE2MDYyODc0JTIxM2Q1MC4yNjA0NTEwMDg5MTc1NCUyMTJtMyUyMTFmMCUyMTJmMCUyMTNmMCUyMTNtMiUyMTFpMTAyNCUyMTJpNzY4JTIxNGYxMy4xJTIxM20zJTIxMW0yJTIxMXMweDQ3MTZjZTM0NDQwNTY1ODUlMjUzQTB4ODM5ZTFkNDEzNzc0ZTMxNiUyMTJzV3lkemlhJTI1QzUlMjU4MiUyNTIwUHJhd2ElMjUyMGklMjUyMEFkbWluaXN0cmFjamklMjUyMFVuaXdlcnN5dGV0JTI1MjAlMjVDNSUyNTlBbCUyNUM0JTI1ODVza2klMjE1ZTAlMjEzbTIlMjExc3BsJTIxMnNwbCUyMTR2MTY0NTc5MTAzNzg5NiUyMTVtMiUyMTFzcGwlMjEyc3BsJTIyJTIwd2lkdGglM0QlMjI2MDAlMjIlMjBoZWlnaHQlM0QlMjI0NTAlMjIlMjBzdHlsZSUzRCUyMmJvcmRlciUzQTAlM0IlMjIlMjBhbGxvd2Z1bGxzY3JlZW4lM0QlMjIlMjIlMjBsb2FkaW5nJTNEJTIybGF6eSUyMiUzRSUzQyUyRmlmcmFtZSUzRQ==&#8221;][\/vc_column_inner][vc_column_inner width=&#8221;1\/2&#8243;]\r\n                <div class=\"text-modules\">\r\n                    <div class=\"container\">\r\n                        \r\n                        <div class=\"text-modules__content\"><\/p>\n<h4>Dzie\u0144 II \u2013 Krak\u00f3w, Wydzia\u0142 Prawa i Administracji Uniwersytetu Jagiello\u0144skiego (ul. Krupnicza 33a, aula)<\/h4>\n<p>\n<\/div>\r\n                    <\/div>\r\n                <\/div>[vc_gmaps link=&#8221;#E-8_JTNDaWZyYW1lJTIwc3JjJTNEJTIyaHR0cHMlM0ElMkYlMkZ3d3cuZ29vZ2xlLmNvbSUyRm1hcHMlMkZlbWJlZCUzRnBiJTNEJTIxMW0xOCUyMTFtMTIlMjExbTMlMjExZDE3NTkuNTEyOTgzMDg1OTUlMjEyZDE5LjkyNDY0MjY0Njc1MzkzOCUyMTNkNTAuMDYzMDUzNTQ0MzgyODMlMjEybTMlMjExZjAlMjEyZjAlMjEzZjAlMjEzbTIlMjExaTEwMjQlMjEyaTc2OCUyMTRmMTMuMSUyMTNtMyUyMTFtMiUyMTFzMHg0NzE2NWIwYTNhZDMzZmIzJTI1M0EweDYwNTgwNDFhOWEzMDUyZGUlMjEyc1d5ZHppYSUyNUM1JTI1ODIlMjUyMFByYXdhJTI1MjBpJTI1MjBBZG1pbmlzdHJhY2ppJTI1MjBVbml3ZXJzeXRldHUlMjUyMEphZ2llbGxvJTI1QzUlMjU4NHNraWVnbyUyMTVlMCUyMTNtMiUyMTFzcGwlMjEyc3BsJTIxNHYxNjQ5NzQ5Mjg5NzgwJTIxNW0yJTIxMXNwbCUyMTJzcGwlMjIlMjB3aWR0aCUzRCUyMjYwMCUyMiUyMGhlaWdodCUzRCUyMjQ1MCUyMiUyMHN0eWxlJTNEJTIyYm9yZGVyJTNBMCUzQiUyMiUyMGFsbG93ZnVsbHNjcmVlbiUzRCUyMiUyMiUyMGxvYWRpbmclM0QlMjJsYXp5JTIyJTIwcmVmZXJyZXJwb2xpY3klM0QlMjJuby1yZWZlcnJlci13aGVuLWRvd25ncmFkZSUyMiUzRSUzQyUyRmlmcmFtZSUzRQ==&#8221;][\/vc_column_inner][\/vc_row_inner][vc_empty_space][\/vc_column][\/vc_row][vc_row][vc_column][vc_empty_space][vc_empty_space][\/vc_column][\/vc_row][vc_row][vc_column]\r\n                <div class=\"text-modules\">\r\n                    <div class=\"container\">\r\n                        \r\n                        <div class=\"text-modules__content\"><\/p>\n<h3 style=\"text-align: center;\"><strong>Patronat medialny<\/strong><\/h3>\n<p>\n<\/div>\r\n                    <\/div>\r\n                <\/div>\r\n                <div class=\"text-modules\">\r\n                    <div class=\"container\">\r\n                        \r\n                        <div class=\"text-modules__content\"><\/p>\n<p style=\"text-align: center;\">Wolters Kluwer<\/p>\n<p>\n<\/div>\r\n                    <\/div>\r\n                <\/div>[\/vc_column][\/vc_row][vc_row][vc_column][vc_empty_space][\/vc_column][\/vc_row]<\/p>","protected":false},"excerpt":{"rendered":"<p>[vc_row equal_height=&#8221;yes&#8221; el_class=&#8221;container&#8221; css=&#8221;.vc_custom_1649759156680{padding-top: 35px !important;background-color: #f2f2f2 !important;}&#8221;][vc_column width=&#8221;1\/6&#8243;][\/vc_column][vc_column width=&#8221;1\/6&#8243;][\/vc_column][vc_column width=&#8221;1\/6&#8243;][\/vc_column][vc_column width=&#8221;1\/6&#8243;][\/vc_column][vc_column width=&#8221;1\/6&#8243;][\/vc_column][vc_column width=&#8221;1\/6&#8243;][\/vc_column][\/vc_row][vc_row][vc_column][vc_empty_space height=&#8221;50px&#8221;][\/vc_column][\/vc_row][vc_row el_class=&#8221;container&#8221;][vc_column][\/vc_column][\/vc_row][vc_row full_height=&#8221;yes&#8221; content_placement=&#8221;bottom&#8221; parallax=&#8221;content-moving&#8221; parallax_image=&#8221;488&#8243; css=&#8221;.vc_custom_1656316405488{padding-top: 220px !important;padding-bottom: 220px !important;}&#8221;][vc_column][\/vc_column][\/vc_row][vc_row][vc_column][vc_empty_space][\/vc_column][\/vc_row][vc_row el_class=&#8221;container&#8221;][vc_column][\/vc_column][\/vc_row][vc_row][vc_column][vc_empty_space][\/vc_column][\/vc_row][vc_row el_class=&#8221;container&#8221;][vc_column][vc_separator border_width=&#8221;2&#8243; el_width=&#8221;50&#8243;][vc_row_inner content_placement=&#8221;middle&#8221;][vc_column_inner width=&#8221;1\/4&#8243;][\/vc_column_inner][vc_column_inner width=&#8221;1\/4&#8243;][\/vc_column_inner][vc_column_inner width=&#8221;1\/4&#8243;][\/vc_column_inner][vc_column_inner width=&#8221;1\/4&#8243;][\/vc_column_inner][\/vc_row_inner][vc_row_inner equal_height=&#8221;yes&#8221; content_placement=&#8221;middle&#8221;][vc_column_inner width=&#8221;1\/4&#8243;][\/vc_column_inner][vc_column_inner width=&#8221;1\/4&#8243;][\/vc_column_inner][vc_column_inner width=&#8221;1\/4&#8243;][\/vc_column_inner][vc_column_inner width=&#8221;1\/4&#8243;][\/vc_column_inner][\/vc_row_inner][vc_empty_space][\/vc_column][\/vc_row][vc_row el_class=&#8221;container&#8221;][vc_column][vc_separator border_width=&#8221;2&#8243; el_width=&#8221;50&#8243;][vc_row_inner equal_height=&#8221;yes&#8221; content_placement=&#8221;middle&#8221;][vc_column_inner width=&#8221;1\/3&#8243;][\/vc_column_inner][vc_column_inner width=&#8221;1\/3&#8243;][\/vc_column_inner][vc_column_inner width=&#8221;1\/3&#8243;][\/vc_column_inner][\/vc_row_inner][vc_empty_space][\/vc_column][\/vc_row][vc_row el_class=&#8221;container&#8221;][vc_column][vc_separator border_width=&#8221;2&#8243; el_width=&#8221;50&#8243;][vc_row_inner equal_height=&#8221;yes&#8221; content_placement=&#8221;middle&#8221;][vc_column_inner width=&#8221;1\/4&#8243;][\/vc_column_inner][vc_column_inner width=&#8221;1\/4&#8243;][\/vc_column_inner][vc_column_inner [&#8230;]<\/p>\n<p><a class=\"btn btn-secondary understrap-read-more-link\" href=\"https:\/\/us.edu.pl\/centra-badawcze\/icbws\/konferencja-wplyw-covid-19\/\">Read More&#8230;<\/a><\/p>\n","protected":false},"author":33,"featured_media":0,"parent":0,"menu_order":0,"comment_status":"closed","ping_status":"closed","template":"","meta":{"_expiration-date-status":"","_expiration-date":0,"_expiration-date-type":"","_expiration-date-categories":[],"_expiration-date-options":[]},"acf":[],"_links":{"self":[{"href":"https:\/\/us.edu.pl\/centra-badawcze\/icbws\/wp-json\/wp\/v2\/pages\/80"}],"collection":[{"href":"https:\/\/us.edu.pl\/centra-badawcze\/icbws\/wp-json\/wp\/v2\/pages"}],"about":[{"href":"https:\/\/us.edu.pl\/centra-badawcze\/icbws\/wp-json\/wp\/v2\/types\/page"}],"author":[{"embeddable":true,"href":"https:\/\/us.edu.pl\/centra-badawcze\/icbws\/wp-json\/wp\/v2\/users\/33"}],"replies":[{"embeddable":true,"href":"https:\/\/us.edu.pl\/centra-badawcze\/icbws\/wp-json\/wp\/v2\/comments?post=80"}],"version-history":[{"count":10,"href":"https:\/\/us.edu.pl\/centra-badawcze\/icbws\/wp-json\/wp\/v2\/pages\/80\/revisions"}],"predecessor-version":[{"id":489,"href":"https:\/\/us.edu.pl\/centra-badawcze\/icbws\/wp-json\/wp\/v2\/pages\/80\/revisions\/489"}],"wp:attachment":[{"href":"https:\/\/us.edu.pl\/centra-badawcze\/icbws\/wp-json\/wp\/v2\/media?parent=80"}],"curies":[{"name":"wp","href":"https:\/\/api.w.org\/{rel}","templated":true}]}}