{"id":388,"date":"2019-10-17T15:11:43","date_gmt":"2019-10-17T13:11:43","guid":{"rendered":"https:\/\/us.edu.pl\/doktorant\/?page_id=388"},"modified":"2026-04-02T10:02:37","modified_gmt":"2026-04-02T08:02:37","slug":"konferencje-i-delegacje-krajowe","status":"publish","type":"page","link":"https:\/\/us.edu.pl\/doktorant\/mobilnosc-rozwoj\/konferencje-i-delegacje-krajowe\/","title":{"rendered":"Konferencje i delegacje krajowe"},"content":{"rendered":"<p>[vc_row][vc_column]\r\n                <div class=\"text-modules\">\r\n                    <div class=\"container\">\r\n                        <h3 class=\"page-title text__title\">Konferencje i delegacje krajowe<\/h3>\r\n                        <div class=\"text-modules__content\"><p>Doktorant, kt\u00f3ry chce uczestniczy\u0107 w <strong>konferencji naukowej<\/strong> powinien:<\/p>\n<ol>\n<li>Ustali\u0107 \u017ar\u00f3d\u0142o \u015brodk\u00f3w (np. grant, \u015brodki instytutu, \u015brodki Szko\u0142y Doktorskiej)<\/li>\n<li>Wype\u0142ni\u0107 druk \u201eK\u201d (<a href=\"https:\/\/us.edu.pl\/doktorant\/wp-content\/uploads\/sites\/12\/Nieprzypisane\/wniosek_k.doc\" class=\"mtli_attachment mtli_doc\" data-mtli=\"mtli_filesize49,50kB\" class=\"mtli_attachment mtli_doc\" data-mtli=\"mtli_filesize49,50kB\">wniosek_k<\/a>) i przekaza\u0107 dysponentowi \u015brodk\u00f3w (1 egzemplarz).<\/li>\n<li>Wype\u0142ni\u0107 <a href=\"https:\/\/us.edu.pl\/doktorant\/wp-content\/uploads\/sites\/12\/Bez-kategorii\/umowa-doktorant-wzor.docx\" class=\"mtli_attachment mtli_docx\" data-mtli=\"mtli_filesize14,29kB\" class=\"mtli_attachment mtli_docx\" data-mtli=\"mtli_filesize14,29kB\">umowa doktorant wz\u00f3r<\/a> i przekaza\u0107 dysponentowi \u015brodk\u00f3w (1 egzemplarz) \u2013 umowa powinna uwzgl\u0119dnia\u0107 koszty podr\u00f3\u017cy, noclegu i diety oraz op\u0142at\u0119 konferencyjn\u0105. W ich oszacowaniu mo\u017ce pom\u00f3c pracownik administracji U\u015a. Tej umowy nie wype\u0142niaj\u0105 osoby zatrudnione w U\u015a.<\/li>\n<li>Uzyska\u0107 polecenie podr\u00f3\u017cy s\u0142u\u017cbowej (delegacj\u0119), kt\u00f3r\u0105 mo\u017ce wystawi\u0107 pracownik administracji uczelni w\u0142a\u015bciwy do \u015brodk\u00f3w uczelni (np. w biurze ewaluacji na wydziale lub w Szkole Doktorskiej) za po\u015brednictwem systemu SAP, na podstawie Umowy o zwrot koszt\u00f3w podr\u00f3\u017cy. Druk delegacji, podpisany przez dysponenta \u015brodk\u00f3w, doktorant zabiera ze sob\u0105 na konferencj\u0119, \u017ceby uzyska\u0107 potwierdzenie organizatora.<\/li>\n<\/ol>\n<p>Doktorant, kt\u00f3ry ma odby\u0107 podr\u00f3\u017c s\u0142u\u017cbow\u0105 w innym celu (np. kwerenda, szkolenie), przechodzi t\u0119 sam\u0105 procedur\u0119, z wyj\u0105tkiem wype\u0142nienia druku \u201eK\u201d.<\/p>\n<p><strong>Uwaga dotycz\u0105ca op\u0142at za konferencje<\/strong>:<\/p>\n<p>Dane potrzebne w druku \u201eK\u201d \u2013 dane do przelewu \u2013 powinien dostarczy\u0107 organizator konferencji. O formie i terminie zap\u0142aty informuje organizator. Podstaw\u0105 rozliczenia konferencji jest faktura wystawiona na Uniwersytet \u015al\u0105ski, kt\u00f3r\u0105 organizator najcz\u0119\u015bciej przekazuje poczt\u0105 bezpo\u015brednio do ksi\u0119gowo\u015bci U\u015a. Je\u017celi jednak uczestnik konferencji dostanie faktur\u0119 na miejscu podczas konferencji, powinien jak najszybciej dostarczy\u0107 j\u0105 do ksi\u0119gowo\u015bci drog\u0105 s\u0142u\u017cbow\u0105 przez wydzia\u0142 lub bezpo\u015brednio (rektorat, Bankowa 12, pok. 58).<\/p>\n<p data-start=\"73\" data-end=\"109\"><strong data-start=\"73\" data-end=\"109\">Uwaga dotycz\u0105ca koszt\u00f3w podr\u00f3\u017cy:<\/strong><\/p>\n<ul data-start=\"111\" data-end=\"717\">\n<li data-section-id=\"1i8k7pj\" data-start=\"111\" data-end=\"444\">Op\u0142ata za nocleg nie mo\u017ce by\u0107 regulowana samodzielnie, poniewa\u017c nie ma mo\u017cliwo\u015bci jej zwrotu na konto prywatne. P\u0142atno\u015b\u0107 mo\u017ce zosta\u0107 zrealizowana wy\u0142\u0105cznie na podstawie:\n<ul data-start=\"285\" data-end=\"444\">\n<li data-section-id=\"lwbgm0\" data-start=\"285\" data-end=\"304\">faktury proforma,<\/li>\n<li data-section-id=\"19sbwgk\" data-start=\"307\" data-end=\"349\">faktury z odroczonym terminem p\u0142atno\u015bci,<\/li>\n<li data-section-id=\"1eayb6s\" data-start=\"352\" data-end=\"444\">p\u0142atno\u015bci kart\u0105 s\u0142u\u017cbow\u0105 (w tym celu nale\u017cy skontaktowa\u0107 si\u0119 z biurem Szko\u0142y Doktorskiej).<\/li>\n<\/ul>\n<\/li>\n<\/ul>\n<p><strong>Dane do faktury:<\/strong><\/p>\n<p><strong>Uniwersytet \u015al\u0105ski w Katowicach<\/strong><\/p>\n<p><strong>ul. Bankowa 12, 40-007 Katowice<\/strong><\/p>\n<p><strong>NIP 634-019-71-34<\/strong><\/p>\n<p>Uwagi do faktury:<\/p>\n<p><strong>Imi\u0119 i nazwisko doktoranta<\/strong><\/p>\n<p><strong>Szko\u0142a Doktorska<\/strong><\/p>\n<p><strong>SUB NIP 20004\u00a0<\/strong><\/p>\n<ul data-start=\"111\" data-end=\"717\">\n<li data-section-id=\"ppl9m9\" data-start=\"446\" data-end=\"626\">Bilety na przejazd doktorant nabywa we w\u0142asnym zakresie, ze \u015brodk\u00f3w prywatnych. Po zako\u0144czeniu podr\u00f3\u017cy nale\u017cy bilety do\u0142\u0105czy\u0107 do dokumentacji delegacyjnej w celu rozliczenia koszt\u00f3w.<\/li>\n<li data-section-id=\"1u3atd8\" data-start=\"628\" data-end=\"717\">W przypadku bilet\u00f3w kolejowych oraz autobusowych <strong>brak mo\u017cliwo\u015bci rozliczenia bilet\u00f3w na podstawie faktury! <\/strong>(prosz\u0119 nie pobiera\u0107 faktur)<\/li>\n<\/ul>\n<p>Osoby, kt\u00f3re chc\u0105 u\u017cy\u0107 samochodu prywatnego musz\u0105 napisa\u0107 podanie do rektora lub dziekana o zwrot koszt\u00f3w podr\u00f3\u017cy. Uwaga \u2013 zgoda na u\u017cycie samochodu nie jest automatyczna i nale\u017cy j\u0105 potwierdzi\u0107 przed wyjazdem.<\/p>\n<ul>\n<li><a href=\"http:\/\/bip.us.edu.pl\/sites\/bip.us.edu.pl\/files\/prawo\/zal201818601.doc\" class=\"mtli_attachment mtli_doc\" data-mtli=\"mtli_filesize36,44kB\" class=\"mtli_attachment mtli_doc\" data-mtli=\"mtli_filesize36,44kB\">Wniosek o wyra\u017cenie zgody na u\u017cycie samochodu prywatnego w celu odbycia podr\u00f3\u017cy s\u0142u\u017cbowej\/wyjazdu<\/a> (doc, 34kB)<\/li>\n<li><a href=\"http:\/\/bip.us.edu.pl\/sites\/bip.us.edu.pl\/files\/prawo\/zal20163002.doc\" class=\"mtli_attachment mtli_doc\" data-mtli=\"mtli_filesize36,44kB\" class=\"mtli_attachment mtli_doc\" data-mtli=\"mtli_filesize36,44kB\">Ewidencja przebiegu pojazdu<\/a> (doc, 36kB)<\/li>\n<\/ul>\n<p>&nbsp;<\/p>\n<p>Ca\u0142a procedura zwi\u0105zana z podr\u00f3\u017cami s\u0142u\u017cbowymi opisana jest na stronie:<\/p>\n<blockquote class=\"wp-embedded-content\" data-secret=\"fd3rZOISbZ\">\n<p><a href=\"https:\/\/us.edu.pl\/pracownik\/procedury-i-obieg-dokumentow\/sprawy-finansowe-i-ksiegowe\/sprawy-finansowe\/krajowe-podroze-sluzbowe\/\">Krajowe Podr\u00f3\u017ce s\u0142u\u017cbowe<\/a><\/p>\n<\/blockquote>\n<p><iframe class=\"wp-embedded-content\" sandbox=\"allow-scripts\" security=\"restricted\" style=\"position: absolute; clip: rect(1px, 1px, 1px, 1px);\" title=\"&#8222;Krajowe Podr\u00f3\u017ce s\u0142u\u017cbowe&#8221; &#8212; Pracownik\" src=\"https:\/\/us.edu.pl\/pracownik\/procedury-i-obieg-dokumentow\/sprawy-finansowe-i-ksiegowe\/sprawy-finansowe\/krajowe-podroze-sluzbowe\/embed\/#?secret=c9nmWxzpyT#?secret=fd3rZOISbZ\" data-secret=\"fd3rZOISbZ\" width=\"600\" height=\"338\" frameborder=\"0\" marginwidth=\"0\" marginheight=\"0\" scrolling=\"no\"><\/iframe><\/p>\n<p>&nbsp;<\/p>\n<p><strong>Na wszystkich etapach w razie jakichkolwiek niejasno\u015b\u0107 lepiej zwr\u00f3ci\u0107 si\u0119 z pytaniem do pracownika administracji (np. w biurze ewaluacji na wydziale lub w Szkole Doktorskiej) ni\u017c zaniedba\u0107 lub b\u0142\u0119dnie wykona\u0107 jak\u0105\u015b procedur\u0119.<\/strong><\/p>\n<style type=\"text\/css\">a[data-mtli~=\"mtli_filesize49,50kB\"]:after {content:\" (49,50 kB)\"}a[data-mtli~=\"mtli_filesize14,29kB\"]:after {content:\" (14,29 kB)\"}a[data-mtli~=\"mtli_filesize36,44kB\"]:after {content:\" (36,44 kB)\"}<\/style><\/div>\r\n                    <\/div>\r\n                <\/div>[\/vc_column][\/vc_row]<\/p>\n<style type=\"text\/css\">a[data-mtli~=\"mtli_filesize49,50kB\"]:after {content:\" (49,50 kB)\"}a[data-mtli~=\"mtli_filesize14,29kB\"]:after {content:\" (14,29 kB)\"}a[data-mtli~=\"mtli_filesize36,44kB\"]:after {content:\" (36,44 kB)\"}<\/style>","protected":false},"excerpt":{"rendered":"<p>[vc_row][vc_column][\/vc_column][\/vc_row] [&#8230;]<\/p>\n<p><a class=\"btn btn-secondary understrap-read-more-link\" href=\"https:\/\/us.edu.pl\/doktorant\/mobilnosc-rozwoj\/konferencje-i-delegacje-krajowe\/\">Read More&#8230;<\/a><\/p>\n","protected":false},"author":25,"featured_media":0,"parent":332,"menu_order":0,"comment_status":"closed","ping_status":"closed","template":"","meta":{"_expiration-date-status":"","_expiration-date":0,"_expiration-date-type":"","_expiration-date-categories":[],"_expiration-date-options":[]},"acf":[],"_links":{"self":[{"href":"https:\/\/us.edu.pl\/doktorant\/wp-json\/wp\/v2\/pages\/388"}],"collection":[{"href":"https:\/\/us.edu.pl\/doktorant\/wp-json\/wp\/v2\/pages"}],"about":[{"href":"https:\/\/us.edu.pl\/doktorant\/wp-json\/wp\/v2\/types\/page"}],"author":[{"embeddable":true,"href":"https:\/\/us.edu.pl\/doktorant\/wp-json\/wp\/v2\/users\/25"}],"replies":[{"embeddable":true,"href":"https:\/\/us.edu.pl\/doktorant\/wp-json\/wp\/v2\/comments?post=388"}],"version-history":[{"count":4,"href":"https:\/\/us.edu.pl\/doktorant\/wp-json\/wp\/v2\/pages\/388\/revisions"}],"predecessor-version":[{"id":8972,"href":"https:\/\/us.edu.pl\/doktorant\/wp-json\/wp\/v2\/pages\/388\/revisions\/8972"}],"up":[{"embeddable":true,"href":"https:\/\/us.edu.pl\/doktorant\/wp-json\/wp\/v2\/pages\/332"}],"wp:attachment":[{"href":"https:\/\/us.edu.pl\/doktorant\/wp-json\/wp\/v2\/media?parent=388"}],"curies":[{"name":"wp","href":"https:\/\/api.w.org\/{rel}","templated":true}]}}