{"id":109208,"date":"2016-03-01T16:11:59","date_gmt":"2016-03-01T15:11:59","guid":{"rendered":"https:\/\/us.edu.pl\/event\/warsztaty-z-cyklu-studenckie-psychoczwartki\/"},"modified":"2019-11-05T11:11:31","modified_gmt":"2019-11-05T10:11:31","slug":"warsztaty-z-cyklu-studenckie-psychoczwartki","status":"publish","type":"event","link":"https:\/\/us.edu.pl\/en\/event\/warsztaty-z-cyklu-studenckie-psychoczwartki\/","title":{"rendered":"Warsztaty z cyklu \u201eStudenckie PsychoCzwartki\u201d"},"content":{"rendered":"<p>31 marca 2016 r. o godz. 14.00 odb\u0119dzie si\u0119 pierwsze spotkanie z cyklu \u201eStudenckie PsychoCzwartki\u201d pt. \u201ePsychodrama \u2013&nbsp;praktyczny warsztat psychologa\u201d. Warsztaty b\u0119d\u0105 okazj\u0105 do zapoznania si\u0119 z jedn\u0105 z technik psychodramatycznych oraz nauczenia si\u0119 konkretnej umiej\u0119tno\u015bci przydatnej podczas trening\u00f3w interpersonalnych, pracy z grup\u0105 i z&nbsp;klientem indywidualnym.<\/p>\n<p>Zaj\u0119cia maj\u0105 charakter praktyczny. W formie terapeutycznej w psychodramie nie istniej\u0105 \u017cadne ograniczenia. Integraln\u0105 cz\u0119\u015bci\u0105 psychodramy jest wchodzenie w rol\u0119, zamiany i do\u015bwiadczanie nowych r\u00f3l. Poprzez to uczestnicy mog\u0105 poszerzy\u0107 swoje rozumienie i odczuwanie \u015bwiata i relacji mi\u0119dzyludzkich. Jak to jest by\u0107 w\u0142asnym szefem? Jak mog\u0119 si\u0119 poczu\u0107, odgrywaj\u0105c nieznan\u0105 mi dotychczas rol\u0119 pewnego siebie cz\u0142owieka sukcesu, szcz\u0119\u015bliwej spe\u0142nionej kobiety? Czy tak o\u017cywiony fragment osobowo\u015bci mo\u017ce funkcjonowa\u0107 na co dzie\u0144?<\/p>\n<p>Psychodrama&nbsp;zosta\u0142a opracowana przez Jacoba L. Moreno, uwa\u017canego za pomys\u0142odawc\u0119&nbsp;psychoterapii grupowej oraz socjometrii. Psychodramatyczne metody pracy&nbsp;s\u0105 rozwijane na ca\u0142ym \u015bwiecie i maj\u0105 szerokie zastosowanie nie tylko w&nbsp;psychoterapii, ale r\u00f3wnie\u017c w rozwoju osobistym, podczas warsztat\u00f3w oraz&nbsp;w biznesie.<\/p>\n<p>Organizatorami spotkania s\u0105 Akademia mojapsychologia.pl oraz studencki portal <a href=\"http:\/\/www.wiecjestem.us.edu.pl\/\">\u201eWi\u0119cJestem!\u201d<\/a>. Zaj\u0119cia poprowadzi Joanna Satu\u0142a-McGirr \u2013&nbsp;psycholog, terapeuta,&nbsp;counsellor, rekomendowana do certyfikatu asystenta psychodramy.<\/p>\n<p>Liczba miejsc jest ograniczona. Uczestnik\u00f3w obowi\u0105zuj\u0105 zapisy \u2013 e-mail: <a href=\"http:\/\/promocja.wiecjestem@us.edu.pl\">promocja.wiecjestem@us.edu.pl<\/a>&nbsp;(w tytule: \u201ePsychoCzwartek Psychodrama Katowice\u201d).<\/p>\n<p>Szczeg\u00f3\u0142owe informacje dost\u0119pne s\u0105 na <a href=\"https:\/\/www.facebook.com\/events\/198206173871118\/\">Facebooku<\/a>.<\/p>\n","protected":false},"excerpt":{"rendered":"<p>31 marca 2016 r. o godz. 14.00 odb\u0119dzie si\u0119 pierwsze spotkanie z cyklu \u201eStudenckie PsychoCzwartki\u201d pt. \u201ePsychodrama \u2013&nbsp;praktyczny warsztat psychologa\u201d. Warsztaty b\u0119d\u0105 okazj\u0105 do zapoznania si\u0119 z jedn\u0105 z technik psychodramatycznych oraz nauczenia si\u0119 konkretnej umiej\u0119tno\u015bci przydatnej podczas trening\u00f3w interpersonalnych, pracy z grup\u0105 i z&nbsp;klientem indywidualnym.<\/p>\n<p> [&#8230;]<\/p>\n<p><a class=\"btn btn-secondary understrap-read-more-link\" href=\"https:\/\/us.edu.pl\/en\/event\/warsztaty-z-cyklu-studenckie-psychoczwartki\/\">Read More&#8230;<\/a><\/p>\n","protected":false},"author":1,"featured_media":0,"template":"","meta":{"_expiration-date-status":"","_expiration-date":0,"_expiration-date-type":"","_expiration-date-categories":[],"_expiration-date-options":[]},"acf":[],"_links":{"self":[{"href":"https:\/\/us.edu.pl\/en\/wp-json\/wp\/v2\/event\/109208"}],"collection":[{"href":"https:\/\/us.edu.pl\/en\/wp-json\/wp\/v2\/event"}],"about":[{"href":"https:\/\/us.edu.pl\/en\/wp-json\/wp\/v2\/types\/event"}],"author":[{"embeddable":true,"href":"https:\/\/us.edu.pl\/en\/wp-json\/wp\/v2\/users\/1"}],"version-history":[{"count":0,"href":"https:\/\/us.edu.pl\/en\/wp-json\/wp\/v2\/event\/109208\/revisions"}],"wp:attachment":[{"href":"https:\/\/us.edu.pl\/en\/wp-json\/wp\/v2\/media?parent=109208"}],"curies":[{"name":"wp","href":"https:\/\/api.w.org\/{rel}","templated":true}]}}