{"id":109275,"date":"2016-01-29T16:56:07","date_gmt":"2016-01-29T15:56:07","guid":{"rendered":"https:\/\/us.edu.pl\/event\/biolodzy-z-uniwersytetu-slaskiego-w-obronie-puszczy-bialowieskiej\/"},"modified":"2019-11-05T11:11:31","modified_gmt":"2019-11-05T10:11:31","slug":"biolodzy-z-uniwersytetu-slaskiego-w-obronie-puszczy-bialowieskiej","status":"publish","type":"event","link":"https:\/\/us.edu.pl\/en\/event\/biolodzy-z-uniwersytetu-slaskiego-w-obronie-puszczy-bialowieskiej\/","title":{"rendered":"Biolodzy z Uniwersytetu \u015al\u0105skiego w obronie Puszczy Bia\u0142owieskiej"},"content":{"rendered":"<p>1 lutego 2016 r. o godz. 11.00 w rektoracie Uniwersytetu \u015al\u0105skiego (Katowice, ul. Bankowa 12, sala 24) odb\u0119dzie si\u0119 briefing prasowy, podczas kt\u00f3rego zostanie przedstawione stanowisko Rady Wydzia\u0142u Biologii i Ochrony \u015arodowiska U\u015a w sprawie planowanego zwi\u0119kszenia wycinki drzew w Puszczy Bia\u0142owieskiej.<\/p>\n<p>W konferencji udzia\u0142 wezm\u0105: <a href=\"http:\/\/pracownik.us.edu.pl\/us-addressbook\/emp\/18792\">dr hab. prof. U\u015a Miros\u0142aw Nakonieczny<\/a> \u2013 prorektor Uniwersytetu \u015al\u0105skiego ds. umi\u0119dzynarodowienia, wsp\u00f3\u0142pracy z otoczeniem i promocji (fizjolog zwierz\u0105t), <a href=\"http:\/\/pracownik.us.edu.pl\/us-addressbook\/emp\/28342\">prof. dr hab. Barbara Tokarska-Guzik<\/a> \u2013 kierownik Katedry Botaniki i Ochrony Przyrody WBiO\u015a U\u015a (botanik), <a href=\"http:\/\/pracownik.us.edu.pl\/us-addressbook\/emp\/25082\">prof. dr hab. Piotr Skuba\u0142a<\/a> z Katedry Ekologii WBiO\u015a U\u015a (ekolog zwierz\u0105t), <a href=\"http:\/\/pracownik.us.edu.pl\/us-addressbook\/emp\/23422\">dr hab. prof. U\u015a Adam Rosta\u0144ski<\/a> \u2013 kierownik Pracowni Dokumentacji Botanicznej WBiO\u015a (botanik) oraz <a href=\"http:\/\/pracownik.us.edu.pl\/us-addressbook\/emp\/19952\">dr hab. Anna Orczewska<\/a> z Katedry Ekologii WBiO\u015a U\u015a (ekolog ro\u015blin).<\/p>\n<p>Rada Wydzia\u0142u Biologii i Ochrony \u015arodowiska Uniwersytetu \u015al\u0105skiego w Katowicach wyra\u017ca negatywn\u0105 opini\u0119 w odniesieniu do planowanych dzia\u0142a\u0144 na obszarze Puszczy Bia\u0142owieskiej, a w szczeg\u00f3lno\u015bci do propozycji kilkukrotnego podwy\u017cszenia poziomu pozyskania drewna w stosunku do obowi\u0105zuj\u0105cego planu urz\u0105dzenia lasu Nadle\u015bnictwa Bia\u0142owie\u017ca. Lasy Pa\u0144stwowe argumentuj\u0105, \u017ce zwi\u0119kszenie ci\u0119\u0107 jest konieczne z uwagi na gradacj\u0119 kornika drukarza na tym obszarze. Zdaniem Rady Wydzia\u0142u Biologii i Ochrony \u015arodowiska mo\u017ce to przyczyni\u0107 si\u0119 do pogorszenia stanu siedlisk przyrodniczych oraz wp\u0142yn\u0105\u0107 negatywnie na gatunki, dla kt\u00f3rych ochrony zosta\u0142 wyznaczony Obszar Natura 2000 Puszcza Bia\u0142owieska.<\/p>\n<p><a href=\"https:\/\/us.edu.pl\/wp-content\/uploads\/imported_files\/8d7dcf4aa2acd504ba35514117f257df_stanowisko_rady_w_sprawie_planowanej_wycinki_drzew_w_puszczy_bialowieskiej.pdf\" class=\"mtli_attachment mtli_pdf\" data-mtli=\"mtli_filesize40998kB\">Stanowisko Rady Wydzia\u0142u Biologii i Ochrony \u015arodowiska w sprawie planowanego zwi\u0119kszenia wycinki drzew w Puszczy Bia\u0142owieskiej<\/a><\/p>\n<hr \/>\n<p>\u201etvp.info\u201d &#8211; <a href=\"http:\/\/www.tvp.info\/23844748\/wycinka-w-puszczy-bialowieskiej-sprzeczna-z-umowa-z-unesco-to-jest-nasz-skarb\">\u201eWycinka w Puszczy Bia\u0142owieskiej sprzeczna z umow\u0105 z UNESCO. \u201eTo jest nasz skarb\u201d\u201d<\/a> (01.02.2016).<\/p>\n<p>\u201eradio.bialystok.pl\u201d &#8211; <a href=\"http:\/\/www.radio.bialystok.pl\/wiadomosci\/index\/id\/130698\">\u201eBiolodzy przeciwni wycince w Puszczy Bia\u0142owieskiej\u201d<\/a> (01.02.2016).<\/p>\n<p>\u201epracownia.org.pl\u201d &#8211; <a href=\"http:\/\/pracownia.org.pl\/aktualnosci,1215\">\u201eZdecydowany sprzeciw naukowc\u00f3w wobec plan\u00f3w zwi\u0119kszenia wycinki w Puszczy Bia\u0142owieskiej\u201d<\/a> (01.02.2016).<\/p>\n<p>\u201ebiznes.interia.pl\u201d &#8211; <a href=\"http:\/\/biznes.interia.pl\/wiadomosci\/news\/planowana-wycinka-w-puszczy-bialowieskiej-w-sprzecznosci-z,2270275,4199\">\u201ePlanowana wycinka w Puszczy Bia\u0142owieskiej w sprzeczno\u015bci z porozumieniem UNESCO\u201d<\/a> (01.02.2016).<\/p>\n<p>\u201egazeta.pl\u201d &#8211; <a href=\"http:\/\/wiadomosci.gazeta.pl\/wiadomosci\/1,114877,19566057,biolodzy-planowana-wycinka-w-puszczy-bialowieskiej-w-sprzecznosci.html\">\u201eBiolodzy: planowana wycinka w Puszczy Bia\u0142owieskiej w sprzeczno\u015bci z porozumieniem UNESCO\u201d<\/a> (01.02.2016).<\/p>\n<p>\u201eportalkomunalny.pl\u201d &#8211; <a href=\"http:\/\/portalkomunalny.pl\/biolodzy-planowana-wycinka-w-puszczy-bialowieskiej-w-sprzecznosci-z-porozumieniem-unesco-328139\/\">\u201eBiolodzy: planowana wycinka w Puszczy Bia\u0142owieskiej w sprzeczno\u015bci z porozumieniem UNESCO\u201d<\/a> (02.02.2016).<\/p>\n<p>\u201enaukawpolsce.pap.pl\u201d &#8211; <a href=\"http:\/\/naukawpolsce.pap.pl\/aktualnosci\/news,408256,biolodzy-planowana-wycinka-w-puszczy-bialowieskiej-w-sprzecznosci-z-porozumieniem-unesco.html\">\u201eBiolodzy: planowana wycinka w Puszczy Bia\u0142owieskiej w sprzeczno\u015bci z porozumieniem UNESCO\u201d<\/a> (02.02.2016).<\/p>\n<style type=\"text\/css\">a[data-mtli~=\"mtli_filesize40998kB\"]:after {content:\" (409.98 kB)\"}<\/style>","protected":false},"excerpt":{"rendered":"<p>1 lutego 2016 r. o godz. 11.00 w rektoracie Uniwersytetu \u015al\u0105skiego (Katowice, ul. Bankowa 12, sala 24) odb\u0119dzie si\u0119 briefing prasowy, podczas kt\u00f3rego zostanie przedstawione stanowisko Rady Wydzia\u0142u Biologii i Ochrony \u015arodowiska U\u015a w sprawie planowanego zwi\u0119kszenia wycinki drzew w Puszczy Bia\u0142owieskiej.<\/p>\n<p> [&#8230;]<\/p>\n<p><a class=\"btn btn-secondary understrap-read-more-link\" href=\"https:\/\/us.edu.pl\/en\/event\/biolodzy-z-uniwersytetu-slaskiego-w-obronie-puszczy-bialowieskiej\/\">Read More&#8230;<\/a><\/p>\n","protected":false},"author":1,"featured_media":0,"template":"","meta":{"_expiration-date-status":"","_expiration-date":0,"_expiration-date-type":"","_expiration-date-categories":[],"_expiration-date-options":[]},"acf":[],"_links":{"self":[{"href":"https:\/\/us.edu.pl\/en\/wp-json\/wp\/v2\/event\/109275"}],"collection":[{"href":"https:\/\/us.edu.pl\/en\/wp-json\/wp\/v2\/event"}],"about":[{"href":"https:\/\/us.edu.pl\/en\/wp-json\/wp\/v2\/types\/event"}],"author":[{"embeddable":true,"href":"https:\/\/us.edu.pl\/en\/wp-json\/wp\/v2\/users\/1"}],"version-history":[{"count":0,"href":"https:\/\/us.edu.pl\/en\/wp-json\/wp\/v2\/event\/109275\/revisions"}],"wp:attachment":[{"href":"https:\/\/us.edu.pl\/en\/wp-json\/wp\/v2\/media?parent=109275"}],"curies":[{"name":"wp","href":"https:\/\/api.w.org\/{rel}","templated":true}]}}