{"id":118727,"date":"2020-03-06T13:36:14","date_gmt":"2020-03-06T12:36:14","guid":{"rendered":"https:\/\/us.edu.pl\/?page_id=118727"},"modified":"2020-04-02T09:30:21","modified_gmt":"2020-04-02T08:30:21","slug":"informacje-i-komunikaty-w-sprawie-koronawirusa-sars-cov-2","status":"publish","type":"page","link":"https:\/\/us.edu.pl\/en\/informacje-i-komunikaty-w-sprawie-koronawirusa-sars-cov-2\/","title":{"rendered":"Informacje i komunikaty w sprawie koronawirusa SARS-CoV-2"},"content":{"rendered":"<p><\/p>\n<p>[vc_row][vc_column][vc_empty_space]\r\n                <div class=\"text-modules\">\r\n                    <div class=\"container\">\r\n                        <h3 class=\"page-title text__title\">Informacje i komunikaty w sprawie koronawirusa SARS-CoV-2<\/h3>\r\n                        <div class=\"text-modules__content\"><\/div>\r\n                    <\/div>\r\n                <\/div>[\/vc_column][\/vc_row][vc_row gap=&#8221;20&#8243; equal_height=&#8221;yes&#8221; content_placement=&#8221;top&#8221; el_class=&#8221;container&#8221; css=&#8221;.vc_custom_1584710089486{border-top-width: 15px !important;border-right-width: 15px !important;border-bottom-width: 15px !important;border-left-width: 15px !important;padding-top: 15px !important;padding-right: 15px !important;padding-bottom: 15px !important;padding-left: 15px !important;background-color: #f2f2f2 !important;}&#8221;][vc_column el_class=&#8221;container;&#8221; css=&#8221;.vc_custom_1584464608122{border-top-width: 15px !important;border-right-width: 15px !important;border-bottom-width: 15px !important;border-left-width: 15px !important;padding-top: 15px !important;padding-right: 15px !important;padding-bottom: 15px !important;padding-left: 15px !important;background-color: #f2f2f2 !important;}&#8221;][vc_empty_space height=&#8221;25px&#8221;]\r\n                <div class=\"text-modules reverse\">\r\n                    <div class=\"container\">\r\n                         <h3 class=\"subtitle text-modules__subtitle\">ZARZ\u0104DZENIA REKTORA UNIWERSYTETU \u015aL\u0104SKIEGO<\/h3>\r\n                        <div class=\"row m-0\">\r\n                            <div class=\"text-modules__content\">\r\n                                <\/p>\n<p style=\"padding-left: 40px\">Zmiany w organizacji i systemie pracy w Uniwersytecie \u015al\u0105skim<\/p>\n<ul>\n<li style=\"list-style-type: none\">\n<ul>\n<li><a style=\"color: #002e5a\" href=\"http:\/\/bip.us.edu.pl\/zarzadzenie-nr-342020-0\">Zarz\u0105dzenie nr 34 z 17 marca 2020 roku<\/a><\/li>\n<\/ul>\n<\/li>\n<\/ul>\n<p style=\"padding-left: 40px\">Zarz\u0105dzenie ws. przeciwdzia\u0142ania rozprzestrzenianiu si\u0119 wirusa SARS-CoV-2<\/p>\n<ul>\n<li style=\"list-style-type: none\">\n<ul>\n<li><a style=\"color: #002e5a\" href=\"http:\/\/bip.us.edu.pl\/zarzadzenie-nr-292020\">Zarz\u0105dzenia nr 28 i 29 z 12 oraz 13 marca 2020 roku<\/a><\/li>\n<\/ul>\n<\/li>\n<\/ul>\n<p>&nbsp;<\/p>\n<div class=\"mt-3\"><\/div>\r\n                            <\/div>\r\n                            \r\n                            <div class=\"text-modules__img\"><img src=\"https:\/\/us.edu.pl\/wp-content\/uploads\/slider-zdj\u0119cia\/slider_U\u015a_DSC1520-kopia.jpg\" alt=\"img\"><\/div>\r\n                        <\/div>\r\n                    <\/div>\r\n                <\/div>[\/vc_column][\/vc_row][vc_row el_class=&#8221;container&#8221; css=&#8221;.vc_custom_1584710457135{padding-right: 15px !important;padding-left: 15px !important;}&#8221;][vc_column width=&#8221;2\/3&#8243;][vc_empty_space][vc_tta_tabs style=&#8221;flat&#8221; spacing=&#8221;4&#8243; active_section=&#8221;5&#8243; no_fill_content_area=&#8221;true&#8221; el_class=&#8221;container; subtitle text-modules__subtitle&#8221;][vc_tta_section title=&#8221;Postawowe \u015brodki ochrony&#8221; tab_id=&#8221;1584356662702-3db41ce8-92d3&#8243; el_class=&#8221;color:#002e5a&#8221;]\r\n                <div class=\"text-modules\">\r\n                    <div class=\"container\">\r\n                        \r\n                        <div class=\"text-modules__content\"><\/p>\n<p><strong>Podstawowe \u015brodki ochronne przeciwko koronawirusowi<\/strong><\/p>\n<p>\n<\/div>\r\n                    <\/div>\r\n                <\/div>\r\n                <div class=\"text-modules reverse\">\r\n                    <div class=\"container\">\r\n                         <h3 class=\"subtitle text-modules__subtitle\">Podstawowe \u015brodki ochronne przeciwko koronawirusowi<\/h3>\r\n                        <div class=\"row m-0\">\r\n                            <div class=\"text-modules__content\">\r\n                                <\/p>\n<p>Informacja opracowana na podstawie materia\u0142\u00f3w G\u0142\u00f3wnego Inspektoratu Sanitarnego i Ministerstwa Zdrowia: podstawowe \u015brodki ochronne, zasady korzystania z pomocy lekarskiej, najbli\u017csze oddzia\u0142y zaka\u017ane\u2026<\/p>\n<div class=\"mt-3\"><a href=\"https:\/\/us.edu.pl\/podstawowe-srodki-ochronne-przeciwko-koronawirusowi\/\" class=\"link-button mr-3 \">Czytaj dalej<\/a><\/div>\r\n                            <\/div>\r\n                            \r\n                            <div class=\"text-modules__img\"><img src=\"https:\/\/us.edu.pl\/wp-content\/uploads\/imagefront\/podstawowe-srodki-ochronne-wirus.png\" alt=\"img\"><\/div>\r\n                        <\/div>\r\n                    <\/div>\r\n                <\/div><div class=\"container\"><div class=\"separator\" style=\"background-color: #EBEBEB\"><\/div><\/div>\r\n                <div class=\"text-modules\">\r\n                    <div class=\"container\">\r\n                        \r\n                        <div class=\"text-modules__content\"><\/p>\n<p><strong>DO POBRANIA:<\/strong><\/p>\n<hr \/>\n<p>&nbsp;<\/p>\n<p><strong>Plakat<\/strong><\/p>\n<p><a href=\"https:\/\/us.edu.pl\/wp-content\/uploads\/image\/plakaty\/us_P_info_PL_internet.png\"><img class=\"alignnone wp-image-118410\" title=\"Kliknij, aby powi\u0119kszy\u0107\" src=\"https:\/\/us.edu.pl\/wp-content\/uploads\/image\/plakaty\/us_P_info_PL_internet-429x600.png\" alt=\"Plakat: Podstawowe \u015brodki ochronne przeciwko koronawirusowi \" width=\"280\" height=\"392\" srcset=\"https:\/\/us.edu.pl\/wp-content\/uploads\/image\/plakaty\/us_P_info_PL_internet-429x600.png 429w, https:\/\/us.edu.pl\/wp-content\/uploads\/image\/plakaty\/us_P_info_PL_internet-768x1075.png 768w, https:\/\/us.edu.pl\/wp-content\/uploads\/image\/plakaty\/us_P_info_PL_internet-731x1024.png 731w, https:\/\/us.edu.pl\/wp-content\/uploads\/image\/plakaty\/us_P_info_PL_internet-411x575.png 411w\" sizes=\"(max-width: 280px) 100vw, 280px\" \/><\/a><\/p>\n<p>\u00bb <a href=\"https:\/\/us.edu.pl\/wp-content\/uploads\/image\/plakaty\/us_P_info_PL_internet.pdf\" class=\"mtli_attachment mtli_pdf\" data-mtli=\"mtli_filesize27829kB\" class=\"mtli_attachment mtli_pdf\" data-mtli=\"mtli_filesize27829kB\">Pobierz informacj\u0119<\/a><\/p>\n<p>\n<style type=\"text\/css\">a[data-mtli~=\"mtli_filesize27829kB\"]:after {content:\" (278.29 kB)\"}<\/style><\/div>\r\n                    <\/div>\r\n                <\/div>\r\n                <div class=\"text-modules\">\r\n                    <div class=\"container\">\r\n                        \r\n                        <div class=\"text-modules__content\"><\/p>\n<p><strong>Ulotka<\/strong><\/p>\n<p><a href=\"https:\/\/us.edu.pl\/wp-content\/uploads\/pliki\/COVID-ulotka-bis-z-u\u015bk\u0105_.pdf\" class=\"mtli_attachment mtli_pdf\" data-mtli=\"mtli_filesize22199kB\" class=\"mtli_attachment mtli_pdf\" data-mtli=\"mtli_filesize22199kB\"><img class=\"alignnone wp-image-118761\" src=\"https:\/\/us.edu.pl\/wp-content\/uploads\/image\/plakaty\/COVID-ulotka-bis-z-u\u015bk\u0105_-1-425x600.jpg\" alt=\"Ulotka: podstawowe \u015brodki ochronne przeciwko koronawirusowi\" width=\"280\" height=\"396\" srcset=\"https:\/\/us.edu.pl\/wp-content\/uploads\/image\/plakaty\/COVID-ulotka-bis-z-u\u015bk\u0105_-1-425x600.jpg 425w, https:\/\/us.edu.pl\/wp-content\/uploads\/image\/plakaty\/COVID-ulotka-bis-z-u\u015bk\u0105_-1-407x575.jpg 407w, https:\/\/us.edu.pl\/wp-content\/uploads\/image\/plakaty\/COVID-ulotka-bis-z-u\u015bk\u0105_-1.jpg 566w\" sizes=\"(max-width: 280px) 100vw, 280px\" \/><\/a><\/p>\n<p>\u00bb <a href=\"https:\/\/us.edu.pl\/wp-content\/uploads\/pliki\/COVID-ulotka-bis-z-u\u015bk\u0105_.pdf\" class=\"mtli_attachment mtli_pdf\" data-mtli=\"mtli_filesize22199kB\" class=\"mtli_attachment mtli_pdf\" data-mtli=\"mtli_filesize22199kB\">Pobierz informacj\u0119<\/a><\/p>\n<p>\n<style type=\"text\/css\">a[data-mtli~=\"mtli_filesize22199kB\"]:after {content:\" (221.99 kB)\"}<\/style><\/div>\r\n                    <\/div>\r\n                <\/div>[\/vc_tta_section][vc_tta_section title=&#8221;Wa\u017cne dane kontaktowe&#8221; tab_id=&#8221;1584356878532-d85eb521-fd76&#8243;]\r\n                <div class=\"text-modules\">\r\n                    <div class=\"container\">\r\n                        \r\n                        <div class=\"text-modules__content\"><\/p>\n<p><strong>Wa\u017cne dane kontaktowe:<\/strong><\/p>\n<hr \/>\n<p>Ca\u0142odobowa infolinia NFZ o koronawirusie:<br \/>\n<strong>tel. 800 190 590<\/strong><\/p>\n<p>Ca\u0142odobowa Infolinia Powiatowej Stacji Sanitarnej-Epidemiologicznej w Katowicach na temat koronowirusa:<br \/>\n<strong>tel. 660 686 917<\/strong><\/p>\n<p>Najbli\u017csze oddzia\u0142y zaka\u017ane:<\/p>\n<ul>\n<li>Bytom (Szpital Specjalistyczny nr 1, al. Legion\u00f3w 49),<\/li>\n<li>Chorz\u00f3w (Szpital Specjalistyczny, ul. Zjednoczenia 10),<\/li>\n<li>Tychy (Szpital Megrez, ul. Edukacji 102),<\/li>\n<li>Cieszyn (Szpital \u015al\u0105ski, ul. Bielska 4).<\/li>\n<\/ul>\n<p>Pe\u0142na lista oddzia\u0142\u00f3w zaka\u017anych:\u00a0 <span style=\"text-decoration: underline\"><a href=\"https:\/\/www.gov.pl\/web\/koronawirus\/lista-szpitali\">www.gov.pl<\/a>.<\/span><\/p>\n<p>\n<\/div>\r\n                    <\/div>\r\n                <\/div>[\/vc_tta_section][vc_tta_section title=&#8221;Wa\u017cne linki&#8221; tab_id=&#8221;1584356926403-165d84c0-4ee9&#8243;]\r\n                <div class=\"text-modules\">\r\n                    <div class=\"container\">\r\n                        \r\n                        <div class=\"text-modules__content\"><\/p>\n<p><strong>Wa\u017cne linki<\/strong><\/p>\n<hr \/>\n<p>\n<\/div>\r\n                    <\/div>\r\n                <\/div>\r\n            <div class=\"container\">  \r\n                <div class=\"lists-with-links\">\r\n                    <div class=\"section-title\"><\/div>\r\n                   <div class=\"lists-with-links__items lists-1\"><ul class=\"angle-list\"> <li> <a href=\"https:\/\/gis.gov.pl\/kategoria\/aktualnosci\/\"> Komunikaty G\u0142\u00f3wnego Inspektoratu Sanitarnego dla podr\u00f3\u017cuj\u0105cych <\/a> <\/li><li> <a href=\"https:\/\/www.lot.com\/pl\/pl\/lot-do-domu\"> Polskie Linie Lotnicze LOT \u2013 informacje zwi\u0105zane z powrotem do Polski <\/a> <\/li><li> <a href=\"https:\/\/www.gov.pl\/web\/dyplomacja\/informacje-dla-podrozujacych\"> Ministerstwo Spraw Zagranicznych \u2013 informacje dla podr\u00f3\u017cuj\u0105cych <\/a> <\/li><li> <a href=\"https:\/\/www.gov.pl\/web\/zdrowie\"> Ministerstwo Zdrowia <\/a> <\/li><li> <a href=\"http:\/\/psse.katowice.pl\/\"> Powiatowa Stacja Sanitarno-Epidemiologiczna w Katowicach <\/a> <\/li><li> <a href=\"https:\/\/www.gov.pl\/web\/nauka\/rekomendacja-ministra-nauki-i-szkolnictwa-wyzszego-po-posiedzeniu-zespolu-do-spraw-koordynacji-dzialan-w-systemie-szkolnictwa-wyzszego-i-nauki-w-zwiazku-z-zagrozeniem-wystapienia-covid-19\"> Rekomendacja Ministra Nauki i Szkolnictwa Wy\u017cszego po posiedzeniu Zespo\u0142u do spraw koordynacji dzia\u0142a\u0144 w systemie szkolnictwa wy\u017cszego i nauki w zwi\u0105zku z zagro\u017ceniem wyst\u0105pienia COVID-19 <\/a> <\/li><li> <a href=\"https:\/\/www.gov.pl\/web\/nauka\/informacja-glownego-inspektora-sanitarnego-dla-uczelni-w-zwiazku-z-potencjalnym-ryzykiem-zakazenia-koronawirusem\"> Informacja G\u0142\u00f3wnego Inspektora Sanitarnego dla uczelni w zwi\u0105zku z potencjalnym ryzykiem zaka\u017cenia koronawirusem <\/a> <\/li><li> <a href=\"https:\/\/www.who.int\/\"> \u015awiatowa Organizacja Zdrowia <\/a> <\/li><li> <a href=\"https:\/\/gisanddata.maps.arcgis.com\/apps\/opsdashboard\/index.html?fbclid=IwAR0oKIKJlc-zeNZGFBVEN0-O-58daoCDaKicXwC10cjFWgCZqTPgavseTfI#\/bda7594740fd40299423467b48e9ecf6\"> Interaktywna mapa zachorowa\u0144 <\/a> <\/li><\/ul><\/div>\r\n                <\/div>\r\n            <\/div>[\/vc_tta_section][vc_tta_section title=&#8221;Zesp\u00f3\u0142 ds. zarz\u0105dzania kryzysowego&#8221; tab_id=&#8221;1584453265258-592069ba-2211&#8243;]\r\n                <div class=\"text-modules\">\r\n                    <div class=\"container\">\r\n                        \r\n                        <div class=\"text-modules__content\"><\/p>\n<p><strong>Zesp\u00f3\u0142 do spraw zarz\u0105dzania kryzysowego w zwi\u0105zku z<\/strong>\u00a0<strong>wirusem COVID-19<\/strong><\/p>\n<p style=\"text-align: right\">Katowice, dnia 4 marca 2020 r.<\/p>\n<p style=\"text-align: center\"><strong>POWO\u0141ANIE<\/strong><\/p>\n<p>Na podstawie \u00a7 17 ust. 2 statutu Uniwersytetu \u015al\u0105skiego w Katowicach powo\u0142uj\u0119 zesp\u00f3\u0142 do spraw zarz\u0105dzania kryzysowego w zwi\u0105zku z wirusem COVID-19 w sk\u0142adzie:<\/p>\n<ul>\n<li>dr hab. Tomasz Pietrzykowski, prof. U\u015a \u2013 przewodnicz\u0105cy<\/li>\n<li>prof. dr hab. Ryszard Kozio\u0142ek<\/li>\n<li>prof. dr hab. Micha\u0142 Daszykowski<\/li>\n<li>prof. dr hab. Andrzej Noras<\/li>\n<li>dr Agnieszka Sko\u0142ucka<\/li>\n<li>mgr Krystyna Fus<\/li>\n<li>dr Wioletta Sz\u00f3stak<\/li>\n<li>mgr Justyna Szostek-Aksamit<\/li>\n<li>mgr Agata W\u00f3jcik<\/li>\n<li>mgr Feliks \u017boga\u0142a<\/li>\n<\/ul>\n<p style=\"text-align: left\">Rektor Uniwersytetu \u015al\u0105skiego<br \/>\nprof. dr hab. Andrzej Kowalczyk<\/p>\n<p>\n<\/div>\r\n                    <\/div>\r\n                <\/div>[\/vc_tta_section][vc_tta_section title=&#8221;Komunikaty&#8221; tab_id=&#8221;1584356683192-6959ca05-14ce&#8221; el_class=&#8221;color:#002e5a&#8221;]\r\n                <div class=\"text-modules\">\r\n                    <div class=\"container\">\r\n                        \r\n                        <div class=\"text-modules__content\"><\/p>\n<p><strong>Najnowsze komunikaty<\/strong><\/p>\n<p>\n<\/div>\r\n                    <\/div>\r\n                <\/div>[vc_separator border_width=&#8221;2&#8243;]\r\n                <div class=\"text-modules reverse\">\r\n                    <div class=\"container\">\r\n                         <h3 class=\"subtitle text-modules__subtitle\">Dalsze ograniczenia dzia\u0142alno\u015bci uczelni w zwi\u0105zku z COVID-19<\/h3>\r\n                        <div class=\"row m-0\">\r\n                            <div class=\"text-modules__content\">\r\n                                <\/p>\n<p>25 marca 2020 r.<\/p>\n<p><span style=\"color: #808080;font-size: small\">Ministerstwo Nauki i Szkolnictwa Wy\u017cszego\u00a0<\/span><\/p>\n<p>Dzi\u015b znowelizowano rozporz\u0105dzenie z dnia 23 marca 2020 r. w sprawie czasowego ograniczenia funkcjonowania niekt\u00f3rych podmiot\u00f3w systemu szkolnictwa wy\u017cszego i nauki w zwi\u0105zku z zapobieganiem, przeciwdzia\u0142aniem i zwalczaniem COVID-19&#8230;.<\/p>\n<div class=\"mt-3\"><a href=\"https:\/\/www.gov.pl\/web\/nauka\/dalsze-ograniczenia-dzialalnosci-uczelni-w-zwiazku-z-covid-19\" class=\"link-button mr-3 \">Czytaj dalej<\/a><\/div>\r\n                            <\/div>\r\n                            \r\n                            <div class=\"text-modules__img\"><img src=\"https:\/\/us.edu.pl\/wp-content\/uploads\/obrazki-stron\/loga\/LOGO_MNiSW_-_PL_800px.jpg\" alt=\"img\"><\/div>\r\n                        <\/div>\r\n                    <\/div>\r\n                <\/div>[vc_separator border_width=&#8221;2&#8243;]\r\n                <div class=\"text-modules reverse\">\r\n                    <div class=\"container\">\r\n                         <h3 class=\"subtitle text-modules__subtitle\">Komunikat rektora Uniwersytetu \u015al\u0105skiego z 24 marca<\/h3>\r\n                        <div class=\"row m-0\">\r\n                            <div class=\"text-modules__content\">\r\n                                <\/p>\n<p>24 marca 2020 r.<\/p>\n<p><span style=\"color: #808080;font-size: small\">informacje og\u00f3lne<\/span><\/p>\n<p>Szanowni Pa\u0144stwo,\u00a0w zwi\u0105zku z wprowadzeniem stanu epidemii w Polsce 23 marca 2020 r. minister nauki i szkolnictwa wy\u017cszego Jaros\u0142aw Gowin podpisa\u0142 rozporz\u0105dzenie w sprawie przed\u0142u\u017cenia ograniczenia funkcjonowania uczelni do 10 kwietnia 2020 roku&#8230;<\/p>\n<div class=\"mt-3\"><a href=\"https:\/\/us.edu.pl\/komunikat-rektora-uniwersytetu-slaskiego-z-24-marca-2020-roku\/\" class=\"link-button mr-3 \">Czytaj dalej<\/a><\/div>\r\n                            <\/div>\r\n                            \r\n                            <div class=\"text-modules__img\"><img src=\"https:\/\/us.edu.pl\/wp-content\/uploads\/fotografie\/IMG_3956-200-edit_rgb_800.jpg\" alt=\"img\"><\/div>\r\n                        <\/div>\r\n                    <\/div>\r\n                <\/div>[vc_separator border_width=&#8221;2&#8243;]\r\n                <div class=\"text-modules reverse\">\r\n                    <div class=\"container\">\r\n                         <h3 class=\"subtitle text-modules__subtitle\">Funkcjonowanie Biblioteki Uniwersytetu \u015al\u0105skiego<\/h3>\r\n                        <div class=\"row m-0\">\r\n                            <div class=\"text-modules__content\">\r\n                                <\/p>\n<p>23 marca 2020 r.<\/p>\n<p><span style=\"color: #808080;font-size: small\">Biblioteka Uniwersytetu \u015al\u0105skiego; dydaktyka; zdalny dost\u0119p<\/span><\/p>\n<p>Biblioteka Uniwersytetu \u015al\u0105skiego gwarantuje wsparcie dla zdalnego procesu edukacji oraz realizuje zadania ksi\u0105\u017cnicy akademickiej w trybie online. Ksi\u0105\u017cnica uruchomi\u0142a\u00a0<a href=\"http:\/\/dydaktyka.bg.us.edu.pl.lt1ovmf10b0f.han.bg.us.edu.pl\/dlibra\">dydaktyczn\u0105 bibliotek\u0119 cyfrow\u0105 U\u015a<\/a> udost\u0119pniaj\u0105c\u0105 materia\u0142y niezb\u0119dne do zaj\u0119\u0107 prowadzonych w trybie zdalnym&#8230;<\/p>\n<div class=\"mt-3\"><a href=\"https:\/\/us.edu.pl\/funkcjonowanie-biblioteki-uniwersytetu-slaskiego\/\" class=\"link-button mr-3 \">Czytaj dalej<\/a><\/div>\r\n                            <\/div>\r\n                            \r\n                            <div class=\"text-modules__img\"><img src=\"https:\/\/us.edu.pl\/wp-content\/uploads\/obrazek-wyr\u00f3\u017cniaj\u0105cy\/1-ciniba-online-www-hashtag.png\" alt=\"img\"><\/div>\r\n                        <\/div>\r\n                    <\/div>\r\n                <\/div>[vc_separator border_width=&#8221;2&#8243;]\r\n                <div class=\"text-modules reverse\">\r\n                    <div class=\"container\">\r\n                         <h3 class=\"subtitle text-modules__subtitle\">Ograniczenie dzia\u0142ania uczelni do 10 kwietnia 2020 r.<\/h3>\r\n                        <div class=\"row m-0\">\r\n                            <div class=\"text-modules__content\">\r\n                                <\/p>\n<p>23 marca 2020 r.<\/p>\n<p><span style=\"color: #808080;font-size: small\">Ministerstwo Nauki i Szkolnictwa Wy\u017cszego<\/span><\/p>\n<p>Do 10 kwietnia przed\u0142u\u017camy ograniczenie dzia\u0142ania uczelni w Polsce \u2013 minister nauki i szkolnictwa wy\u017cszego Jaros\u0142aw Gowin podpisa\u0142 23 marca 2020 r. rozporz\u0105dzenie w tej sprawie&#8230;<\/p>\n<div class=\"mt-3\"><a href=\"https:\/\/www.gov.pl\/web\/nauka\/przedluzamy-ograniczenie-dzialania-uczelni-do-10-kwietnia-2020-r\" class=\"link-button mr-3 \">Czytaj dalej<\/a><\/div>\r\n                            <\/div>\r\n                            \r\n                            <div class=\"text-modules__img\"><img src=\"https:\/\/us.edu.pl\/wp-content\/uploads\/obrazki-stron\/loga\/LOGO_MNiSW_-_PL_800px.jpg\" alt=\"img\"><\/div>\r\n                        <\/div>\r\n                    <\/div>\r\n                <\/div>[vc_separator border_width=&#8221;2&#8243;]\r\n                <div class=\"text-modules reverse\">\r\n                    <div class=\"container\">\r\n                         <h3 class=\"subtitle text-modules__subtitle\">Systemowe rozwi\u0105zania w zakresie kszta\u0142cenia na odleg\u0142o\u015b\u0107<\/h3>\r\n                        <div class=\"row m-0\">\r\n                            <div class=\"text-modules__content\">\r\n                                <\/p>\n<p>20 marca 2020 r.<\/p>\n<p><span style=\"color: #808080;font-size: small\">Ministerstwo Nauki i Szkolnictwa Wy\u017cszego<\/span><\/p>\n<p>W zwi\u0105zku z rozszerzaj\u0105c\u0105 si\u0119 w Polsce epidemi\u0105 wirusa SARS-CoV-2 wi\u0119kszo\u015b\u0107 uczelni wprowadzi\u0142o systemowe rozwi\u0105zania w zakresie kszta\u0142cenia na odleg\u0142o\u015b\u0107 na czas zawieszenia zaj\u0119\u0107 dydaktycznych..<\/p>\n<div class=\"mt-3\"><a href=\"https:\/\/www.gov.pl\/web\/nauka\/systemowe-rozwiazania-w-zakresie-ksztalcenia-na-odleglosc\" class=\"link-button mr-3 \">Czytaj dalej<\/a><\/div>\r\n                            <\/div>\r\n                            \r\n                            <div class=\"text-modules__img\"><img src=\"https:\/\/us.edu.pl\/wp-content\/uploads\/obrazki-stron\/loga\/LOGO_MNiSW_-_PL_800px.jpg\" alt=\"img\"><\/div>\r\n                        <\/div>\r\n                    <\/div>\r\n                <\/div>[vc_separator border_width=&#8221;2&#8243;]\r\n                <div class=\"text-modules reverse\">\r\n                    <div class=\"container\">\r\n                         <h3 class=\"subtitle text-modules__subtitle\">Informacja dla uczelni o mo\u017cliwo\u015bci wsparcia student\u00f3w w zwi\u0105zku ze stanem zagro\u017cenia epidemicznego<\/h3>\r\n                        <div class=\"row m-0\">\r\n                            <div class=\"text-modules__content\">\r\n                                <\/p>\n<p>19 marca 2020 r.<\/p>\n<p><span style=\"color: #808080;font-size: small\">Ministerstwo Nauki i Szkolnictwa Wy\u017cszego<\/span><\/p>\n<p>Student, kt\u00f3ry znalaz\u0142 si\u0119 przej\u015bciowo w trudnej sytuacji \u017cyciowej, mo\u017ce otrzyma\u0107 w uczelni\u00a0zapomog\u0119\u00a0z funduszu stypendialnego&#8230;<\/p>\n<div class=\"mt-3\"><a href=\"https:\/\/www.gov.pl\/web\/nauka\/informacja-dla-uczelni-o-mozliwosci-wsparcia-studentow-w-zwiazku-ze-stanem-zagrozenia-epidemicznego\" class=\"link-button mr-3 \">Czytaj dalej<\/a><\/div>\r\n                            <\/div>\r\n                            \r\n                            <div class=\"text-modules__img\"><img src=\"https:\/\/us.edu.pl\/wp-content\/uploads\/obrazki-stron\/loga\/LOGO_MNiSW_-_PL_800px.jpg\" alt=\"img\"><\/div>\r\n                        <\/div>\r\n                    <\/div>\r\n                <\/div>[vc_separator border_width=&#8221;2&#8243;]\r\n                <div class=\"text-modules reverse\">\r\n                    <div class=\"container\">\r\n                         <h3 class=\"subtitle text-modules__subtitle\">Wa\u017cny komunikat dla student\u00f3w dotycz\u0105cy mo\u017cliwo\u015bci wsparcia finansowego<\/h3>\r\n                        <div class=\"row m-0\">\r\n                            <div class=\"text-modules__content\">\r\n                                <\/p>\n<p>19 marca 2020 r.<\/p>\n<p><span style=\"color: #808080;font-size: small\">Ministerstwo Nauki i Szkolnictwa Wy\u017cszego<\/span><\/p>\n<p>Ministerstwo Nauki rekomenduje uczelniom, aby studenci sk\u0142adaj\u0105cy wnioski o jednorazow\u0105 zapomog\u0119 mogli uzasadni\u0107 je nadzwyczajnymi okoliczno\u015bciami, kt\u00f3re wynikaj\u0105 z wprowadzenia stanu zagro\u017cenia epidemicznego w kraju&#8230;<\/p>\n<div class=\"mt-3\"><a href=\"https:\/\/www.gov.pl\/web\/nauka\/wazny-komunikat-do-studentow-dotyczacy-mozliwosci-wsparcia-finansowego\" class=\"link-button mr-3 \">Czytaj dalej<\/a><\/div>\r\n                            <\/div>\r\n                            \r\n                            <div class=\"text-modules__img\"><img src=\"https:\/\/us.edu.pl\/wp-content\/uploads\/obrazki-stron\/loga\/LOGO_MNiSW_-_PL_800px.jpg\" alt=\"img\"><\/div>\r\n                        <\/div>\r\n                    <\/div>\r\n                <\/div>[vc_separator border_width=&#8221;2&#8243;]\r\n                <div class=\"text-modules reverse\">\r\n                    <div class=\"container\">\r\n                         <h3 class=\"subtitle text-modules__subtitle\">Przesuni\u0119cie terminu z\u0142o\u017cenia raport\u00f3w<\/h3>\r\n                        <div class=\"row m-0\">\r\n                            <div class=\"text-modules__content\">\r\n                                <\/p>\n<p>19 marca 2020 r.<\/p>\n<p><span style=\"color: #808080;font-size: small\">Ministerstwo Nauki i Szkolnictwa Wy\u017cszego<\/span><\/p>\n<p>W zwi\u0105zku z czasowym ograniczeniem funkcjonowania istotnej cz\u0119\u015bci podmiot\u00f3w systemu szkolnictwa wy\u017cszego i nauki w zwi\u0105zku z zapobieganiem, przeciwdzia\u0142aniem i zwalczaniem COVID-19 zostaje przesuni\u0119ty termin z\u0142o\u017cenia raportu z wykorzystania \u015brodk\u00f3w finansowych&#8230;<\/p>\n<div class=\"mt-3\"><a href=\"https:\/\/www.gov.pl\/web\/nauka\/przesuniecie-terminu-zlozenia-raportow\" class=\"link-button mr-3 \">Czytaj dalej<\/a><\/div>\r\n                            <\/div>\r\n                            \r\n                            <div class=\"text-modules__img\"><img src=\"https:\/\/us.edu.pl\/wp-content\/uploads\/obrazki-stron\/loga\/LOGO_MNiSW_-_PL_800px.jpg\" alt=\"img\"><\/div>\r\n                        <\/div>\r\n                    <\/div>\r\n                <\/div>[vc_separator border_width=&#8221;2&#8243;]\r\n                <div class=\"text-modules reverse\">\r\n                    <div class=\"container\">\r\n                         <h3 class=\"subtitle text-modules__subtitle\">Informacja dotycz\u0105ca op\u0142at za studia oraz o mo\u017cliwo\u015bci wsparcia student\u00f3w<\/h3>\r\n                        <div class=\"row m-0\">\r\n                            <div class=\"text-modules__content\">\r\n                                <\/p>\n<p>18 marca 2020 r.<\/p>\n<p><span style=\"color: #808080;font-size: small\">Ministerstwo Nauki i Szkolnictwa Wy\u017cszego<\/span><\/p>\n<p>W zwi\u0105zku z sytuacj\u0105 zagro\u017cenia epidemicznego, na mocy rozporz\u0105dzenia Ministra Nauki i Szkolnictwa Wy\u017cszego z 11 marca 2020 r. nast\u0105pi\u0142o czasowe zawieszenie kszta\u0142cenia w uczelniach\u2026<\/p>\n<div class=\"mt-3\"><a href=\"https:\/\/www.gov.pl\/web\/nauka\/informacja-dotyczaca-oplat-za-studia-oraz-o-mozliwosci-wsparcia-studentow?fbclid=IwAR3MxGqWIyREXeWqaEu-I2e4WWVO_nOcZElqcVV2wN64e_BI8Tx-bbPa6ac\" class=\"link-button mr-3 \">Czytaj dalej<\/a><\/div>\r\n                            <\/div>\r\n                            \r\n                            <div class=\"text-modules__img\"><img src=\"https:\/\/us.edu.pl\/wp-content\/uploads\/obrazki-stron\/loga\/LOGO_MNiSW_-_PL_800px.jpg\" alt=\"img\"><\/div>\r\n                        <\/div>\r\n                    <\/div>\r\n                <\/div>[vc_separator border_width=&#8221;2&#8243;]\r\n                <div class=\"text-modules reverse\">\r\n                    <div class=\"container\">\r\n                         <h3 class=\"subtitle text-modules__subtitle\">Informacja dla rektor\u00f3w w zwi\u0105zku z ograniczeniem obowi\u0105zku \u015bwiadczenia pracy na terenie uczelni<\/h3>\r\n                        <div class=\"row m-0\">\r\n                            <div class=\"text-modules__content\">\r\n                                <\/p>\n<p>17 marca 2020 r.<\/p>\n<p><span style=\"color: #808080;font-size: small\">Ministerstwo Nauki i Szkolnictwa Wy\u017cszego<\/span><\/p>\n<p>Bior\u0105c pod uwag\u0119 sytuacj\u0119 zagro\u017cenia epidemicznego Minister Nauki i Szkolnictwa Wy\u017cszego postanowi\u0142 wprowadzi\u0107 dodatkowe ograniczenie dzia\u0142alno\u015bci uczelni nadzorowanych przez MNiSW, na terenie ca\u0142ego kraju\u2026<\/p>\n<div class=\"mt-3\"><a href=\"https:\/\/www.gov.pl\/web\/nauka\/informacja-dla-rektorow-w-zwiazku-z-ograniczeniem-obowiazku-swiadczenia-pracy-na-terenie-uczelni\" class=\"link-button mr-3 \">Czytaj dalej<\/a><\/div>\r\n                            <\/div>\r\n                            \r\n                            <div class=\"text-modules__img\"><img src=\"https:\/\/us.edu.pl\/wp-content\/uploads\/obrazki-stron\/loga\/LOGO_MNiSW_-_PL_800px.jpg\" alt=\"img\"><\/div>\r\n                        <\/div>\r\n                    <\/div>\r\n                <\/div>[vc_separator border_width=&#8221;2&#8243;]\r\n                <div class=\"text-modules \">\r\n                    <div class=\"container\">\r\n                         <h3 class=\"subtitle text-modules__subtitle\">Komunikat rektora Uniwersytetu \u015al\u0105skiego ws. zagro\u017cenia koronawirusem<\/h3>\r\n                        <div class=\"row m-0\">\r\n                            <div class=\"text-modules__content\">\r\n                                <\/p>\n<p>15 marca 2020 r.<\/p>\n<p>Materia\u0142 wideo, nagranie z 13.03.2020 roku.<\/p>\n<p><iframe loading=\"lazy\" title=\"Komunikat Rektora Uniwersytetu \u015al\u0105skiego ws.  zagro\u017cenia koronawirusem - nagranie z 13.03.2020 r.\" width=\"640\" height=\"360\" src=\"https:\/\/www.youtube.com\/embed\/icqJi1unRvI?feature=oembed\" frameborder=\"0\" allow=\"accelerometer; autoplay; encrypted-media; gyroscope; picture-in-picture\" allowfullscreen><\/iframe><\/p>\n<div class=\"mt-3\"><\/div>\r\n                            <\/div>\r\n                            \r\n                            \r\n                        <\/div>\r\n                    <\/div>\r\n                <\/div>[vc_separator border_width=&#8221;2&#8243;]\r\n                <div class=\"text-modules reverse\">\r\n                    <div class=\"container\">\r\n                         <h3 class=\"subtitle text-modules__subtitle\">Komunikat dotycz\u0105cy funkcjonowania CINiB-y<\/h3>\r\n                        <div class=\"row m-0\">\r\n                            <div class=\"text-modules__content\">\r\n                                <\/p>\n<p>14 marca 2020 r.<\/p>\n<p>CINiBA oraz oddzia\u0142y specjalistyczne BU\u015a od 14.03.2020 roku do odwo\u0142ania b\u0119d\u0105 funkcjonowa\u0107 wy\u0142\u0105cznie zdalnie w nast\u0119puj\u0105cy spos\u00f3b\u2026<\/p>\n<div class=\"mt-3\"><a href=\"https:\/\/ciniba.edu.pl\/wiadomosci\/987992-funkcjonowanie-biblioteki-od-14-03-2020\" class=\"link-button mr-3 \">Czytaj dalej<\/a><\/div>\r\n                            <\/div>\r\n                            \r\n                            <div class=\"text-modules__img\"><img src=\"https:\/\/us.edu.pl\/wp-content\/uploads\/image\/W_ciniba_DSC1470.jpg\" alt=\"img\"><\/div>\r\n                        <\/div>\r\n                    <\/div>\r\n                <\/div>[vc_separator border_width=&#8221;2&#8243;]\r\n                <div class=\"text-modules reverse\">\r\n                    <div class=\"container\">\r\n                         <h3 class=\"subtitle text-modules__subtitle\">Kszta\u0142cenie w czasie zagro\u017cenia koronawirusem<\/h3>\r\n                        <div class=\"row m-0\">\r\n                            <div class=\"text-modules__content\">\r\n                                <\/p>\n<p>13 marca 2020 r.<\/p>\n<p><span style=\"color: #808080;font-size: small\">prorektor ds. kszta\u0142cenia i student\u00f3w; pracownicy NA\u00a0<\/span><\/p>\n<p>Znale\u017ali\u015bmy si\u0119 w sytuacji wyj\u0105tkowej. Zagro\u017cenie koronawirusem pozbawi\u0142o nas mo\u017cliwo\u015bci odbywania codziennych zaj\u0119\u0107 dydaktycznych. Wiedza o powadze zagro\u017cenia i m\u0105dra troska o nasze zdrowie wymagaj\u0105 powstrzymania si\u0119 od kontakt\u00f3w bezpo\u015brednich. Nie znaczy to jednak, \u017ce kszta\u0142cenie uniwersyteckie przestanie dzia\u0142a\u0107 na czas epidemii\u2026<\/p>\n<div class=\"mt-3\"><a href=\"https:\/\/us.edu.pl\/ksztalcenie-w-czasie-zagrozenia-koronawirusem\/\" class=\"link-button mr-3 \">Czytaj dalej<\/a><\/div>\r\n                            <\/div>\r\n                            \r\n                            <div class=\"text-modules__img\"><img src=\"https:\/\/us.edu.pl\/wp-content\/uploads\/imagefront\/W_burst-kUqqaRjJuw0-unsplash.jpg\" alt=\"img\"><\/div>\r\n                        <\/div>\r\n                    <\/div>\r\n                <\/div>[vc_separator border_width=&#8221;2&#8243;]\r\n                <div class=\"text-modules reverse\">\r\n                    <div class=\"container\">\r\n                         <h3 class=\"subtitle text-modules__subtitle\">Komunikat dot. pracownik\u00f3w b\u0119d\u0105cych nauczycielami akademickimi ws. dzia\u0142a\u0144 w okresie zawieszenia zaj\u0119\u0107 dydaktycznych<\/h3>\r\n                        <div class=\"row m-0\">\r\n                            <div class=\"text-modules__content\">\r\n                                <\/p>\n<p>13 marca 2020 r.<\/p>\n<p>w zwi\u0105zku\u00a0 z rosn\u0105cym zagro\u017ceniem epidemi\u0105 wirusa SARS-CoV-2 i zwi\u0105zanymi z\u00a0tym zaleceniami ograniczenia przemieszczania si\u0119 oraz unikania du\u017cych skupisk ludzkich oraz\u00a0w\u00a0nawi\u0105zaniu do\u00a0<em>zarz\u0105dzenia nr 28 Rektora Uniwersytetu \u015al\u0105skiego w Katowicach z\u00a0dnia 12 marca 2020 r. w sprawie przeciwdzia\u0142ania rozprzestrzenianiu si\u0119 wirusa SARS-CoV-2<\/em>\u00a0uprzejmie informuj\u0119&#8230;<\/p>\n<div class=\"mt-3\"><a href=\"https:\/\/us.edu.pl\/pracownik\/2020\/03\/13\/komunikat-prorektor-ds-ksztalcenia-i-studentow-us-ws-sars-cov-2\/\" class=\"link-button mr-3 \">Czytaj dalej<\/a><\/div>\r\n                            <\/div>\r\n                            \r\n                            <div class=\"text-modules__img\"><img src=\"https:\/\/us.edu.pl\/wp-content\/uploads\/imagefront\/W_list_alvaro-serrano-hjwKMkehBco-unsplash.jpg\" alt=\"img\"><\/div>\r\n                        <\/div>\r\n                    <\/div>\r\n                <\/div>[vc_separator border_width=&#8221;2&#8243;]\r\n                <div class=\"text-modules reverse\">\r\n                    <div class=\"container\">\r\n                         <h3 class=\"subtitle text-modules__subtitle\">Komunikat dot. student\u00f3w ws. kontakt\u00f3w z nauczycielami akademickimi i dziekanatami oraz organizacji dydaktyki w okresie zawieszenia zaj\u0119\u0107 dydaktycznych<\/h3>\r\n                        <div class=\"row m-0\">\r\n                            <div class=\"text-modules__content\">\r\n                                <\/p>\n<p>13 marca 2020 r.<\/p>\n<p>w zwi\u0105zku z rosn\u0105cym zagro\u017ceniem epidemi\u0105 wirusa SARS-CoV-2 i zwi\u0105zanymi z tym zaleceniami ograniczenia przemieszczania si\u0119 oraz unikania du\u017cych skupisk ludzkich uprzejmie informuj\u0119&#8230;<\/p>\n<div class=\"mt-3\"><a href=\"https:\/\/us.edu.pl\/student\/komunikaty\/komunikat-prorektora-ds-ksztalcenia-i-studentow\/\" class=\"link-button mr-3 \">Czytaj dalej<\/a><\/div>\r\n                            <\/div>\r\n                            \r\n                            <div class=\"text-modules__img\"><img src=\"https:\/\/us.edu.pl\/wp-content\/uploads\/imagefront\/DSC7051-e1584116720423.jpg\" alt=\"img\"><\/div>\r\n                        <\/div>\r\n                    <\/div>\r\n                <\/div>[vc_separator border_width=&#8221;2&#8243;]\r\n                <div class=\"text-modules reverse\">\r\n                    <div class=\"container\">\r\n                         <h3 class=\"subtitle text-modules__subtitle\">Komunikat prorektora ds. finans\u00f3w i rozwoju ws. SARS-CoV-2<\/h3>\r\n                        <div class=\"row m-0\">\r\n                            <div class=\"text-modules__content\">\r\n                                <\/p>\n<p>12 marca 2020 r.<\/p>\n<p>Zgodnie z zaleceniami MNiSW, uczelnie nie zosta\u0142y zamkni\u0119te. Oznacza to, \u017ce dzia\u0142alno\u015b\u0107 badawcza i funkcjonowanie administracji jest podtrzymane\u2026<\/p>\n<div class=\"mt-3\"><a href=\"https:\/\/us.edu.pl\/pracownik\/2020\/03\/13\/komunikat-prorektora-ds-finansow-i-rozwoju-ws-sars-cov-2\/\" class=\"link-button mr-3 \">Czytaj dalej<\/a><\/div>\r\n                            <\/div>\r\n                            \r\n                            <div class=\"text-modules__img\"><img src=\"https:\/\/us.edu.pl\/wp-content\/uploads\/imagefront\/document-428331_1920_wyrozniajacy-e1584101066102.jpg\" alt=\"img\"><\/div>\r\n                        <\/div>\r\n                    <\/div>\r\n                <\/div>[vc_separator border_width=&#8221;2&#8243;]\r\n                <div class=\"text-modules reverse\">\r\n                    <div class=\"container\">\r\n                         <h3 class=\"subtitle text-modules__subtitle\">Informacja dot. komunikatu kanclerza U\u015a z 11 marca oraz komunikatu prorektora ds. finans\u00f3w i rozwoju z 12 marca<\/h3>\r\n                        <div class=\"row m-0\">\r\n                            <div class=\"text-modules__content\">\r\n                                <\/p>\n<p>Informacja dotycz\u0105ca komunikatu kanclerza Uniwersytetu \u015al\u0105skiego w Katowicach z dnia 11 marca 2020 roku oraz komunikatu prorektora ds. finans\u00f3w i rozwoju z dnia 12.03.2020 roku&#8230;<\/p>\n<div class=\"mt-3\"><a href=\"https:\/\/us.edu.pl\/pracownik\/2020\/03\/13\/informacja-dot-komunikatu-kanclerza-us-z-11-marca-oraz-komunikatu-prorektora-ds-finansow-i-rozwoju-z-12-marca\/\" class=\"link-button mr-3 \">Czytaj dalej<\/a><\/div>\r\n                            <\/div>\r\n                            \r\n                            <div class=\"text-modules__img\"><img src=\"https:\/\/us.edu.pl\/wp-content\/uploads\/obrazek-wyr\u00f3\u017cniaj\u0105cy\/plush-design-studio-q10VITrVYUM-unsplash_.jpg\" alt=\"img\"><\/div>\r\n                        <\/div>\r\n                    <\/div>\r\n                <\/div>[vc_separator border_width=&#8221;2&#8243;]\r\n                <div class=\"text-modules reverse\">\r\n                    <div class=\"container\">\r\n                         <h3 class=\"subtitle text-modules__subtitle\">Komunikat dot. pracownik\u00f3w nieb\u0119d\u0105cych nauczycielami akademickimi<\/h3>\r\n                        <div class=\"row m-0\">\r\n                            <div class=\"text-modules__content\">\r\n                                <\/p>\n<p>11 marca 2020 r.<\/p>\n<p>W zwi\u0105zku z ustaw\u0105 z 2 marca 2020 roku o szczeg\u00f3lnych rozwi\u0105zaniach zwi\u0105zanych z zapobieganiem, przeciwdzia\u0142aniem i zwalczaniem COVID-19, innych chor\u00f3b zaka\u017anych oraz wywo\u0142anych nimi sytuacji kryzysowych w terminie od 12 do 25 marca 2020 roku&#8230;<\/p>\n<div class=\"mt-3\"><a href=\"https:\/\/us.edu.pl\/pracownik\/2020\/03\/11\/komunikat-dotyczacy-pracownikow-niebedacych-nauczycielami-akademickimi\/\" class=\"link-button mr-3 \">Czytaj dalej<\/a><\/div>\r\n                            <\/div>\r\n                            \r\n                            \r\n                        <\/div>\r\n                    <\/div>\r\n                <\/div>[vc_separator border_width=&#8221;2&#8243;]\r\n                <div class=\"text-modules \">\r\n                    <div class=\"container\">\r\n                         <h3 class=\"subtitle text-modules__subtitle\">Dodatkowy zasi\u0142ek opieku\u0144czy<\/h3>\r\n                        <div class=\"row m-0\">\r\n                            <div class=\"text-modules__content\">\r\n                                <\/p>\n<p>Wyja\u015bnienie dotycz\u0105ce wyp\u0142aty dodatkowego zasi\u0142ku opieku\u0144czego w sytuacji zagro\u017cenia koronawirusem&#8230;<\/p>\n<div class=\"mt-3\"><a href=\"https:\/\/us.edu.pl\/pracownik\/2020\/03\/12\/dodatkowy-zasilek-opiekunczy-covid-19\/\" class=\"link-button mr-3 \">Czytaj dalej<\/a><\/div>\r\n                            <\/div>\r\n                            \r\n                            \r\n                        <\/div>\r\n                    <\/div>\r\n                <\/div>[vc_separator border_width=&#8221;2&#8243;]\r\n                <div class=\"text-modules reverse\">\r\n                    <div class=\"container\">\r\n                         <h3 class=\"subtitle text-modules__subtitle\">Odpowiedzi na pytania student\u00f3w \u2013 FAQ<\/h3>\r\n                        <div class=\"row m-0\">\r\n                            <div class=\"text-modules__content\">\r\n                                <\/p>\n<p>11 marca 2020 r.<\/p>\n<p>Uczelniana Rada Samorz\u0105du Studenckiego w porozumieniu z Centrum Obs\u0142ugi Student\u00f3w przygotowa\u0142a odpowiedzi na najcz\u0119\u015bciej zadawane pytania student\u00f3w&#8230;<\/p>\n<div class=\"mt-3\"><a href=\"https:\/\/us.edu.pl\/student\/2020\/03\/11\/uczelnia-wobec-koronawirusa-faq\/\" class=\"link-button mr-3 \">Czytaj dalej<\/a><\/div>\r\n                            <\/div>\r\n                            \r\n                            \r\n                        <\/div>\r\n                    <\/div>\r\n                <\/div>[vc_separator border_width=&#8221;2&#8243;]\r\n                <div class=\"text-modules reverse\">\r\n                    <div class=\"container\">\r\n                         <h3 class=\"subtitle text-modules__subtitle\">Komunikat dotycz\u0105cy zawieszenia zaj\u0119\u0107 dydaktycznych<\/h3>\r\n                        <div class=\"row m-0\">\r\n                            <div class=\"text-modules__content\">\r\n                                <\/p>\n<p>10 marca 2020 r.<\/p>\n<p>W zwi\u0105zku z rosn\u0105cym zagro\u017ceniem epidemi\u0105 wirusa SARS-CoV-2 Rektor Uniwersytetu \u015al\u0105skiego zdecydowa\u0142 o\u00a0zawieszeniu od dnia 11 marca 2020 roku (w\u0142\u0105cznie) do odwo\u0142ania zaj\u0119\u0107 dydaktycznych&#8230;<\/p>\n<div class=\"mt-3\"><a href=\"https:\/\/us.edu.pl\/komunikat-dotyczacy-zawieszenia-zajec-dydaktycznych\/\" class=\"link-button mr-3 \">Czytaj dalej<\/a><\/div>\r\n                            <\/div>\r\n                            \r\n                            <div class=\"text-modules__img\"><img src=\"https:\/\/us.edu.pl\/wp-content\/uploads\/imagefront\/W_list_alvaro-serrano-hjwKMkehBco-unsplash.jpg\" alt=\"img\"><\/div>\r\n                        <\/div>\r\n                    <\/div>\r\n                <\/div>[vc_separator border_width=&#8221;2&#8243;]\r\n                <div class=\"text-modules reverse\">\r\n                    <div class=\"container\">\r\n                         <h3 class=\"subtitle text-modules__subtitle\">Komunikat nr 1 przewodnicz\u0105cego zespo\u0142u ds. zarz\u0105dzania kryzysowego w zwi\u0105zku z COVID-19<\/h3>\r\n                        <div class=\"row m-0\">\r\n                            <div class=\"text-modules__content\">\r\n                                <\/p>\n<p>6 marca 2020 r.<\/p>\n<p>W zwi\u0105zku z rosn\u0105c\u0105 liczb\u0105 zachorowa\u0144 na COVID-19 w Europie, Ministerstwo Nauki i Szkolnictwa Wy\u017cszego wyda\u0142o rekomendacje dla jednostek szkolnictwa wy\u017cszego i nauki. Tre\u015b\u0107 rekomendacji jest dost\u0119pna na stronie: <a href=\"https:\/\/www.gov.pl\/web\/nauka\/rekomendacja-ministra-nauki-i-szkolnictwa-wyzszego-po-posiedzeniu-zespolu-do-spraw-koordynacji-dzialan-w-systemie-szkolnictwa-wyzszego-i-nauki-w-zwiazku-z-zagrozeniem-wystapienia-covid-19\">www.gov.pl\/web\/nauka<\/a>&#8230;<\/p>\n<div class=\"mt-3\"><a href=\"https:\/\/us.edu.pl\/komunikat-nr-1-przewodniczacego-zespolu-ds-zarzadzania-kryzysowego-w-zwiazku-z-wirusem-covid-19\/\" class=\"link-button mr-3 \">Czytaj dalej<\/a><\/div>\r\n                            <\/div>\r\n                            \r\n                            <div class=\"text-modules__img\"><img src=\"https:\/\/us.edu.pl\/wp-content\/uploads\/imagefront\/IMG_9132_foto-Julia-Agnieszka-Szymala.jpg\" alt=\"img\"><\/div>\r\n                        <\/div>\r\n                    <\/div>\r\n                <\/div>[vc_separator border_width=&#8221;2&#8243;]\r\n                <div class=\"text-modules reverse\">\r\n                    <div class=\"container\">\r\n                         <h3 class=\"subtitle text-modules__subtitle\">Komunikat rektora U\u015a ws. sytuacji spowodowanej koronawirusem<\/h3>\r\n                        <div class=\"row m-0\">\r\n                            <div class=\"text-modules__content\">\r\n                                <\/p>\n<p>28 lutego 2020 r.<\/p>\n<p>W nawi\u0105zaniu do komunikatu z 26.02.2020 r. zwi\u0105zanego z koronawirusem SARS-Cov-2 wywo\u0142uj\u0105cym chorob\u0119 COVID-19, uprzejmie informuj\u0119, \u017ce zaleca si\u0119 aby pracownicy, studenci i doktoranci, kt\u00f3rzy w ostatnich dniach wr\u00f3cili z Chin, Korei Po\u0142udniowej, W\u0142och (w szczeg\u00f3lno\u015bci z region\u00f3w: Lombardia, Wenecja Euganejska, Piemont, Emilia Romania), Iranu, Japonii, Tajlandii, Wietnamu, Singapuru i Tajwanu oraz innych kraj\u00f3w, kt\u00f3re zostan\u0105 wyszczeg\u00f3lnione w komunikatach G\u0142\u00f3wnego Inspektoratu Sanitarnego <a href=\"https:\/\/gis.gov.pl\/kategoria\/aktualnosci\/\">gis.gov.pl<\/a>, ograniczyli aktywno\u015b\u0107 edukacyjn\u0105 i zawodow\u0105, od powrotu do Polski poprzez ewentualne zastosowanie procedury post\u0119powania, o kt\u00f3rej mowa poni\u017cej i pozostali w domu przez okres 14 dni kalendarzowych&#8230;<\/p>\n<div class=\"mt-3\"><a href=\"https:\/\/us.edu.pl\/komunikat-rektora-us-ws-sytuacji-spowodowanej-wirusem-covid-19\/\" class=\"link-button mr-3 \">Czytaj dalej<\/a><\/div>\r\n                            <\/div>\r\n                            \r\n                            <div class=\"text-modules__img\"><img src=\"https:\/\/us.edu.pl\/wp-content\/uploads\/imagefront\/IMG_9136_foto-Julia-Agnieszka-Szymala.jpg\" alt=\"img\"><\/div>\r\n                        <\/div>\r\n                    <\/div>\r\n                <\/div>[vc_separator border_width=&#8221;2&#8243;]\r\n                <div class=\"text-modules reverse\">\r\n                    <div class=\"container\">\r\n                         <h3 class=\"subtitle text-modules__subtitle\">Komunikat dla student\u00f3w z zagranicy przebywaj\u0105cych na U\u015a w ramach studi\u00f3w cz\u0119\u015bciowych<\/h3>\r\n                        <div class=\"row m-0\">\r\n                            <div class=\"text-modules__content\">\r\n                                <\/p>\n<p>28 lutego 2020 r.<\/p>\n<p>Zgodnie z <a href=\"https:\/\/us.edu.pl\/komunikat-dot-wyjazdow-i-przyjazdow-w-zwiazku-z-sytuacja-spowodowana-wirusem-sars-cov-2\/\">komunikatem Rektora z dnia 26.02.2020<\/a> uprzejmie informuj\u0119, \u017ce zaleca si\u0119, aby studenci, kt\u00f3rzy przyjechali w ostatnich dniach z Chin, Korei Po\u0142udniowej, W\u0142och (w szczeg\u00f3lno\u015bci z region\u00f3w: Lombardia, Wenecja Euganejska, Piemont, Emilia Romania), Iranu, Japonii, Tajlandii, Wietnamu, Singapuru i Tajwanu i innych kraj\u00f3w, kt\u00f3re mog\u0105 zostan\u0105 wymienione w kolejnych komunikatach G\u0142\u00f3wnego Inspektoratu Sanitarnego&#8230;<\/p>\n<div class=\"mt-3\"><a href=\"https:\/\/us.edu.pl\/komunikat-dla-studentow-z-zagranicy-przebywajacych-na-us-w-ramach-studiow-czesciowych\/\" class=\"link-button mr-3 \">Czytaj dalej<\/a><\/div>\r\n                            <\/div>\r\n                            \r\n                            <div class=\"text-modules__img\"><img src=\"https:\/\/us.edu.pl\/wp-content\/uploads\/imagefront\/W_pismo_helloquence-OQMZwNd3ThU-unsplash.jpg\" alt=\"img\"><\/div>\r\n                        <\/div>\r\n                    <\/div>\r\n                <\/div>[vc_separator border_width=&#8221;2&#8243;]\r\n                <div class=\"text-modules reverse\">\r\n                    <div class=\"container\">\r\n                         <h3 class=\"subtitle text-modules__subtitle\">Komunikat dot. wyjazd\u00f3w i przyjazd\u00f3w w zwi\u0105zku z sytuacj\u0105 spowodowan\u0105 wirusem SARS-CoV-2<\/h3>\r\n                        <div class=\"row m-0\">\r\n                            <div class=\"text-modules__content\">\r\n                                <\/p>\n<p>26 lutego 2020 r.<\/p>\n<p>W zwi\u0105zku z obecn\u0105 sytuacj\u0105 spowodowan\u0105 koronawirusem SARS-Cov-2 wywo\u0142uj\u0105cym chorob\u0119 o nazwie COVID-19, rektor Uniwersytetu \u015al\u0105skiego w Katowicach podj\u0105\u0142 decyzj\u0119 o wstrzymaniu do odwo\u0142ania wyjazd\u00f3w i przyjazd\u00f3w z Chin, Korei Po\u0142udniowej, W\u0142och (w szczeg\u00f3lno\u015bci region\u00f3w: Lombardia, Wenecja Euganejska, Piemont, Emilia Romania), Iranu, Japonii, Tajlandii, Wietnamu, Singapuru i Tajwanu&#8230;<\/p>\n<div class=\"mt-3\"><a href=\"https:\/\/us.edu.pl\/komunikat-dot-wyjazdow-i-przyjazdow-w-zwiazku-z-sytuacja-spowodowana-wirusem-sars-cov-2\/\" class=\"link-button mr-3 \">Czytaj dalej<\/a><\/div>\r\n                            <\/div>\r\n                            \r\n                            <div class=\"text-modules__img\"><img src=\"https:\/\/us.edu.pl\/wp-content\/uploads\/imagefront\/jose-martin-ramirez-c-45sjAjSjArQ-unsplash.jpg\" alt=\"img\"><\/div>\r\n                        <\/div>\r\n                    <\/div>\r\n                <\/div>[vc_separator border_width=&#8221;2&#8243;][vc_separator border_width=&#8221;2&#8243;][\/vc_tta_section][vc_tta_section title=&#8221;Wideo&#8221; tab_id=&#8221;1584356662805-56a730bb-91f3&#8243;][vc_video link=&#8221;https:\/\/www.youtube.com\/watch?v=icqJi1unRvI&#8221; el_class=&#8221;container&#8221; title=&#8221;Komunikat Rektora Uniwersytetu \u015al\u0105skiego ws. zagro\u017cenia koronawirusem&#8221;][vc_video link=&#8221;https:\/\/www.youtube.com\/watch?v=IqKEgEed_ns&amp;feature=youtu.be&#8221; el_class=&#8221;container&#8221; title=&#8221;Podstawowe \u015brodki ochronne&#8221;][vc_video link=&#8221;https:\/\/www.youtube.com\/watch?v=vdbrLHgx4q8&#8243; el_class=&#8221;container&#8221; title=&#8221;Naukowcy z Instytutu Chemii U\u015a produkuj\u0105 \u015brodek dezynfekuj\u0105cy na potrzeby uczelni&#8221;][\/vc_tta_section][vc_tta_section title=&#8221;Dzia\u0142 Wsp\u00f3\u0142pracy z Zagranic\u0105&#8221; tab_id=&#8221;1584356946476-7d4dccf0-dbe6&#8243;]\r\n                <div class=\"text-modules\">\r\n                    <div class=\"container\">\r\n                        \r\n                        <div class=\"text-modules__content\"><\/p>\n<p><strong>Dzia\u0142 Wsp\u00f3\u0142pracy z Zagranic\u0105:<\/strong><\/p>\n<hr \/>\n<p><a href=\"http:\/\/www.erasmus.us.edu.pl\/sites\/erasmus.us.edu.pl\/files\/list_of_coordinators_eng_4.docx\" class=\"mtli_attachment mtli_docx\" data-mtli=\"mtli_filesize162b\" class=\"mtli_attachment mtli_docx\" data-mtli=\"mtli_filesize162b\">Wydzia\u0142owi koordynatorzy mobilno\u015bci<\/a> (docx)<\/p>\n<p><a href=\"https:\/\/us.edu.pl\/pracownik\/procedura-odwolania-lub-rezygnacji-z-przyjazdu-z-zagranicy-lub-przesuniecia-terminu-przyjazdu-w-zwiazku-z-aktualna-sytuacja-epidemiologiczna\/\">Procedura odwo\u0142ania przyjazdu z zagranicy<\/a><\/p>\n<p><a href=\"https:\/\/us.edu.pl\/pracownik\/procedura-odwolania-lub-rezygnacji-z-wyjazdu-zagranicznego\/\">Procedura odwo\u0142ania wyjazdu zagranicznego<\/a><\/p>\n<p>Kontakt z Dzia\u0142em Wsp\u00f3\u0142pracy z Zagranic\u0105:<\/p>\n<ul>\n<li>tel. +48 32 359 11 78,\u00a0 +48 32 359 13 67, +48 504 124 386<\/li>\n<li>e-mail: <a href=\"mailto:international@us.edu.pl\">international@us.edu.pl<\/a><\/li>\n<\/ul>\n<p>\n<style type=\"text\/css\">a[data-mtli~=\"mtli_filesize162b\"]:after {content:\" (162 b)\"}<\/style><\/div>\r\n                    <\/div>\r\n                <\/div>[\/vc_tta_section][\/vc_tta_tabs][\/vc_column][vc_column width=&#8221;1\/3&#8243; css=&#8221;.vc_custom_1584710823631{border-right-width: 15px !important;border-left-width: 15px !important;padding-right: 15px !important;padding-left: 15px !important;background-color: #f2f2f2 !important;}&#8221; el_class=&#8221;container&#8221;][vc_empty_space css=&#8221;.vc_custom_1584701163364{background-color: #ffffff !important;}&#8221;]\r\n                <div class=\"text-modules\">\r\n                    <div class=\"container\">\r\n                        \r\n                        <div class=\"text-modules__content\"><\/p>\n<p style=\"text-align: left;color: #002e5a\"><strong>INFORMACJE DLA PRACOWNIK\u00d3W I STUDENT\u00d3W<\/strong><\/p>\n<p><a href=\"https:\/\/www.koronawirus.us.edu.pl\/\"><img class=\"wp-image-119432 size-medium\" src=\"https:\/\/us.edu.pl\/wp-content\/uploads\/slider-zdj\u0119cia\/20200319_160204_0001.png\" alt=\"T\u0142o z napisem www.koronawirus.us.edu.pl\" width=\"100%\" \/><\/a><\/p>\n<p><a style=\"color: #002e5a\" href=\"https:\/\/www.koronawirus.us.edu.pl\/\">Najwa\u017cniejsze informacje o funkcjonowaniu uczelni w zwi\u0105zku z koronawirusem<\/a><\/p>\n<p>\n<\/div>\r\n                    <\/div>\r\n                <\/div>[vc_empty_space css=&#8221;.vc_custom_1584701163364{background-color: #ffffff !important;}&#8221;]\r\n                <div class=\"text-modules\">\r\n                    <div class=\"container\">\r\n                        \r\n                        <div class=\"text-modules__content\"><\/p>\n<p style=\"text-align: left;color: #002e5a\"><strong>E-LEARNING<\/strong><\/p>\n<p><a href=\"http:\/\/www.e-learning.us.edu.pl\"><img class=\"wp-image-119432 size-medium\" src=\"https:\/\/us.edu.pl\/wp-content\/uploads\/slider-zdj\u0119cia\/20200319_152820_0000.png\" alt=\"T\u0142o z napisem www.e-learning.us.edu.pl\" width=\"100%\" \/><\/a><\/p>\n<p><a style=\"color: #002e5a\" href=\"http:\/\/www.e-learning.us.edu.pl\">Strona dotycz\u0105ca zdalnej dydaktyki realizowanej na Uniwersytecie \u015al\u0105skim<\/a><\/p>\n<p>\n<\/div>\r\n                    <\/div>\r\n                <\/div>[\/vc_column][\/vc_row]<\/p>\n<p><\/p>\n<style type=\"text\/css\">a[data-mtli~=\"mtli_filesize27829kB\"]:after {content:\" (278.29 kB)\"}a[data-mtli~=\"mtli_filesize22199kB\"]:after {content:\" (221.99 kB)\"}a[data-mtli~=\"mtli_filesize162b\"]:after {content:\" (162 b)\"}<\/style>","protected":false},"excerpt":{"rendered":"<p>[vc_row][vc_column][vc_empty_space][\/vc_column][\/vc_row][vc_row gap=&#8221;20&#8243; equal_height=&#8221;yes&#8221; content_placement=&#8221;top&#8221; el_class=&#8221;container&#8221; css=&#8221;.vc_custom_1584710089486{border-top-width: 15px !important;border-right-width: 15px !important;border-bottom-width: 15px !important;border-left-width: 15px !important;padding-top: 15px !important;padding-right: 15px !important;padding-bottom: 15px !important;padding-left: 15px !important;background-color: #f2f2f2 !important;}&#8221;][vc_column el_class=&#8221;container;&#8221; css=&#8221;.vc_custom_1584464608122{border-top-width: 15px !important;border-right-width: 15px !important;border-bottom-width: 15px !important;border-left-width: 15px !important;padding-top: 15px !important;padding-right: 15px !important;padding-bottom: 15px !important;padding-left: 15px !important;background-color: #f2f2f2 !important;}&#8221;][vc_empty_space height=&#8221;25px&#8221;][\/vc_column][\/vc_row][vc_row el_class=&#8221;container&#8221; css=&#8221;.vc_custom_1584710457135{padding-right: 15px !important;padding-left: 15px !important;}&#8221;][vc_column width=&#8221;2\/3&#8243;][vc_empty_space][vc_tta_tabs style=&#8221;flat&#8221; spacing=&#8221;4&#8243; active_section=&#8221;5&#8243; [&#8230;]<\/p>\n<p><a class=\"btn btn-secondary understrap-read-more-link\" href=\"https:\/\/us.edu.pl\/en\/informacje-i-komunikaty-w-sprawie-koronawirusa-sars-cov-2\/\">Read More&#8230;<\/a><\/p>\n","protected":false},"author":26,"featured_media":0,"parent":0,"menu_order":0,"comment_status":"closed","ping_status":"closed","template":"","meta":{"_expiration-date-status":"saved","_expiration-date":0,"_expiration-date-type":"","_expiration-date-categories":[],"_expiration-date-options":[]},"acf":[],"_links":{"self":[{"href":"https:\/\/us.edu.pl\/en\/wp-json\/wp\/v2\/pages\/118727"}],"collection":[{"href":"https:\/\/us.edu.pl\/en\/wp-json\/wp\/v2\/pages"}],"about":[{"href":"https:\/\/us.edu.pl\/en\/wp-json\/wp\/v2\/types\/page"}],"author":[{"embeddable":true,"href":"https:\/\/us.edu.pl\/en\/wp-json\/wp\/v2\/users\/26"}],"replies":[{"embeddable":true,"href":"https:\/\/us.edu.pl\/en\/wp-json\/wp\/v2\/comments?post=118727"}],"version-history":[{"count":0,"href":"https:\/\/us.edu.pl\/en\/wp-json\/wp\/v2\/pages\/118727\/revisions"}],"wp:attachment":[{"href":"https:\/\/us.edu.pl\/en\/wp-json\/wp\/v2\/media?parent=118727"}],"curies":[{"name":"wp","href":"https:\/\/api.w.org\/{rel}","templated":true}]}}