{"id":1327,"date":"2022-06-03T18:32:09","date_gmt":"2022-06-03T16:32:09","guid":{"rendered":"https:\/\/us.edu.pl\/idb\/?page_id=1327"},"modified":"2022-06-24T13:28:40","modified_gmt":"2022-06-24T11:28:40","slug":"prisoninpandemic","status":"publish","type":"page","link":"https:\/\/us.edu.pl\/idb\/en\/horyzonty\/prisoninpandemic\/","title":{"rendered":"Serving a sentence of imprisonment during the pandemic \u2013 problems and challenges"},"content":{"rendered":"<p>[vc_row][vc_column][vc_empty_space][\/vc_column][\/vc_row][vc_row][vc_column width=&#8221;1\/6&#8243;][\/vc_column][vc_column width=&#8221;4\/6&#8243;][vc_row_inner][vc_column_inner width=&#8221;1\/2&#8243;][vc_column_text]<\/p>\n<p style=\"color: white; background-color: black; display: inline-block; widthr: 30%; padding: 8px;\">PrisoninPandemic<\/p>\n<p>[\/vc_column_text][\/vc_column_inner][vc_column_inner width=&#8221;1\/2&#8243;][\/vc_column_inner][\/vc_row_inner][vc_column_text el_class=&#8221;font-black&#8221;]<\/p>\n<p style=\"text-align: left;\"><em><span style=\"font-size: 160%; font-family: 'PT Serif';\">Serving a sentence of imprisonment during the pandemic \u2013 problems and challenges<\/span><\/em><\/p>\n<p>[\/vc_column_text][vc_empty_space height=&#8221;18px&#8221;][\/vc_column][vc_column width=&#8221;1\/6&#8243;][\/vc_column][\/vc_row][vc_row][vc_column width=&#8221;1\/6&#8243;][\/vc_column][vc_column width=&#8221;4\/6&#8243;][vc_row_inner][vc_column_inner][vc_column_text el_class=&#8221;foto&#8221; css=&#8221;.vc_custom_1654271893919{margin-top: 0px !important;margin-bottom: 0px !important;border-top-width: 0px !important;border-bottom-width: 0px !important;padding-top: 0px !important;padding-bottom: 0px !important;}&#8221;]<img loading=\"lazy\" class=\"alignnone wp-image-674 size-full\" src=\"http:\/\/us.edu.pl\/idb\/wp-content\/uploads\/sites\/72\/fotografie\/horyzonty\/covid-horizon-1.png\" alt=\"grafika\" width=\"8%\" height=\"auto\" \/>[\/vc_column_text][\/vc_column_inner][\/vc_row_inner][vc_column_text css=&#8221;.vc_custom_1655289802208{margin-top: 0px !important;border-top-width: 0px !important;padding-top: 15px !important;}&#8221;]<\/p>\n<p style=\"font-size: 140%; color: #000000; font-family: 'PT Sans';\">Developing a catalogue of prison rules that should be implemented in the event of an epidemic by determining which restrictions are necessary and which can be abandoned, or replaced with other forms of social relations. Examining how to rebuild inmates\u2019 possibilities to contact the outside world under the strict sanitary regime.<\/p>\n<p style=\"font-size: small; color: #000000; font-family: 'PT Sans';\"><em>keywords: pandemic, prisoners, COVID-19, inmates, imprisonment sentence<\/em><\/p>\n<hr \/>\n<p>[\/vc_column_text][vc_column_text css=&#8221;.vc_custom_1655289888282{margin-top: 0px !important;border-top-width: 0px !important;padding-top: 0px !important;}&#8221;]<\/p>\n<p style=\"font-size: 140%; color: #000000; font-family: 'PT Sans';\">The COVID-19 pandemic has profoundly affected people&#8217;s lives around the world. One of the groups most heavily affected by the pandemic restrictions are inmates. The necessity of introducing a strict sanitary regime in prisons was not surprising due to the risk of spreading the virus in penitentiary units. Therefore, it is not surprising that in order to ensure the safety of prisoners and employees, the administration of prisons tried to limit the number of people entering the prisons by suspending the visitations of relatives, therapists, teachers, priests, and excluding external employment. Certainly, these methods did manage to limit the spread of the virus. The question is whether such a high price for health was necessary and justified or whether that goal could not be reached in another way.<\/p>\n<p style=\"font-size: 140%; color: #000000; font-family: 'PT Sans';\">Once the sentence has been served, inmates will eventually return to their environments. It is in the interest of the entire society that inmates leave their penitentiary units as better people than they were at the moment of committing a crime. The pandemic does not facilitate such a solution, especially by limiting contact with the outer world, suspending visitations, courses, or therapies. Thus, it seems essential to develop a catalogue of prison rules that should be implemented in the event of an epidemic by determining which restrictions are necessary and which can be abandoned, or replaced with other forms of social relations, and finally, how to rebuild inmates\u2019 possibilities to contact the outside world under the strict sanitary regime.<\/p>\n<p>[\/vc_column_text]<div class=\"container\"><div class=\"separator\" style=\"background-color: #000000\"><\/div><\/div>[\/vc_column][vc_column width=&#8221;1\/6&#8243;][\/vc_column][\/vc_row][vc_row el_class=&#8221;font-black content-mobile&#8221;][vc_column width=&#8221;1\/6&#8243;][\/vc_column][vc_column width=&#8221;5\/6&#8243;][vc_row_inner][vc_column_inner width=&#8221;1\/2&#8243;][vc_column_text css=&#8221;.vc_custom_1655289915241{margin-top: 0px !important;margin-bottom: 0px !important;border-top-width: 0px !important;border-bottom-width: 0px !important;padding-top: 0px !important;padding-right: 10px !important;padding-bottom: 0px !important;padding-left: 20px !important;}&#8221;]<small><span style=\"letter-spacing: 0.2mm; color: #333333; font-size: 100%;\">PROJECT LEADER<\/span><\/small>[\/vc_column_text][\/vc_column_inner][vc_column_inner width=&#8221;1\/2&#8243;][\/vc_column_inner][\/vc_row_inner][vc_column_text css=&#8221;.vc_custom_1655289943023{padding-left: 20px !important;}&#8221;]<span style=\"font-size: 160%; font-family: 'PT Sans';\">ANNA JAWORSKA-WIELOCH, <\/span><span style=\"font-size: 100%; font-family: 'PT Sans'; color: black;\">PhD<\/span>[\/vc_column_text][vc_row_inner content_placement=&#8221;middle&#8221;][vc_column_inner width=&#8221;1\/3&#8243;][vc_column_text el_class=&#8221;foto&#8221;]<img loading=\"lazy\" class=\"alignnone wp-image-1332 size-full\" src=\"http:\/\/us.edu.pl\/idb\/wp-content\/uploads\/sites\/72\/fotografie\/horyzonty\/dr-Anna-Jaworska-Wieloch.jpg\" alt=\"dr Anna Jaworska-Wieloch\" width=\"100%\" height=\"auto\" srcset=\"https:\/\/us.edu.pl\/idb\/wp-content\/uploads\/sites\/72\/fotografie\/horyzonty\/dr-Anna-Jaworska-Wieloch.jpg 569w, https:\/\/us.edu.pl\/idb\/wp-content\/uploads\/sites\/72\/fotografie\/horyzonty\/dr-Anna-Jaworska-Wieloch-150x150.jpg 150w\" sizes=\"(max-width: 569px) 100vw, 569px\" \/>[\/vc_column_text][vc_column_text css=&#8221;.vc_custom_1655289969464{margin-top: 0px !important;border-top-width: 0px !important;padding-top: 0px !important;}&#8221;]<\/p>\n<p style=\"text-align: center;\"><span style=\"color: #808080; font-size: small;\"><em>Photo from the gallery of Anna Jaworskia-Wieloch, PhD<\/em><\/span><\/p>\n<p>[\/vc_column_text][\/vc_column_inner][vc_column_inner width=&#8221;2\/3&#8243;][vc_column_text css=&#8221;.vc_custom_1655289960320{margin-left: 25px !important;border-left-width: 1px !important;padding-left: 15px !important;border-left-color: #000000 !important;border-left-style: solid !important;}&#8221;]<\/p>\n<p style=\"font-size: small;\"><strong>Anna Jaworska-Wieloch, PhD<\/strong><br \/>\nInstitute of Law<br \/>\ne-mail: <a href=\"mailto:anna.jaworska-wieloch@us.edu.pl\">anna.jaworska-wieloch@us.edu.pl<\/a><\/p>\n<p>[\/vc_column_text][\/vc_column_inner][\/vc_row_inner][vc_tta_accordion style=&#8221;flat&#8221; shape=&#8221;round&#8221; color=&#8221;black&#8221; spacing=&#8221;5&#8243; c_icon=&#8221;triangle&#8221; active_section=&#8221;0&#8243; no_fill=&#8221;true&#8221; collapsible_all=&#8221;true&#8221;][vc_tta_section title=&#8221;team members&#8221; tab_id=&#8221;prisoninpandemic&#8221;][vc_column_text el_class=&#8221;font-black&#8221;]<\/p>\n<ul>\n<li style=\"font-size: small;\">Anna Jaworska-Wieloch, PhD, Faculty of Law and Administration, University of Silesia, law<\/li>\n<li style=\"font-size: small;\">Olga Sitarz, PhD, DLitt, Assoc. Prof., Faculty of Law and Administration, University of Silesia, law<\/li>\n<li style=\"font-size: small;\">Wiola Friedrich, PhD, Faculty of Social Sciences, Institute of Psychology, University of Silesia, psychology<\/li>\n<li style=\"font-size: small;\">Andrzej Czerkawski, PhD, Faculty of Social Sciences, Institute of Pedagogy, University of Silesia, education<\/li>\n<li style=\"font-size: small;\">Katerina Yocheva, PhD, Assoc. Prof. of New Bulgarian University, Bulgaria, law<\/li>\n<li style=\"font-size: small;\">Deyana Marcheva, PhD, Assoc. Prof. of New Bulgarian University, Bulgaria, law<\/li>\n<li style=\"font-size: small;\">Libor Klimek, Doc. JUDr. et PhDr. mult., PhD, University Matej Bel, Banska Bystrica, Slovakia, law<\/li>\n<li style=\"font-size: small;\">Juh\u00e1sz Zsuzsanna, PhD, DLitt, University of Szeged, Hungary, law<\/li>\n<\/ul>\n<p>[\/vc_column_text][\/vc_tta_section][\/vc_tta_accordion][\/vc_column][\/vc_row][vc_row][vc_column width=&#8221;1\/6&#8243;][\/vc_column][vc_column width=&#8221;5\/6&#8243; css=&#8221;.vc_custom_1650357928922{background-color: #f2f2f2 !important;}&#8221;]\r\n                <div class=\"text-modules\">\r\n                    <div class=\"container\">\r\n                        \r\n                        <div class=\"text-modules__content\"><\/p>\n<h4 style=\"padding-left: 15px;\">More about the project<\/h4>\n<p>\n<\/div>\r\n                    <\/div>\r\n                <\/div>[vc_row_inner content_placement=&#8221;top&#8221;][vc_column_inner width=&#8221;1\/2&#8243;][vc_column_text css=&#8221;.vc_custom_1655282998691{margin-bottom: 0px !important;border-bottom-width: 0px !important;padding-right: 10px !important;padding-bottom: 10px !important;padding-left: 15px !important;}&#8221;]<img loading=\"lazy\" class=\"alignnone wp-image-1919 size-full\" src=\"http:\/\/us.edu.pl\/idb\/wp-content\/uploads\/sites\/72\/fotografie\/horyzonty\/pexels-caroline-martins-4317391-\u2014-kopia.jpg\" alt=\"d\u0142o\u0144 trzymaj\u0105ca krat\u0119 wi\u0119zienn\u0105\" width=\"100%\" height=\"auto\" srcset=\"https:\/\/us.edu.pl\/idb\/wp-content\/uploads\/sites\/72\/fotografie\/horyzonty\/pexels-caroline-martins-4317391-\u2014-kopia.jpg 600w, https:\/\/us.edu.pl\/idb\/wp-content\/uploads\/sites\/72\/fotografie\/horyzonty\/pexels-caroline-martins-4317391-\u2014-kopia-150x150.jpg 150w, https:\/\/us.edu.pl\/idb\/wp-content\/uploads\/sites\/72\/fotografie\/horyzonty\/pexels-caroline-martins-4317391-\u2014-kopia-575x575.jpg 575w\" sizes=\"(max-width: 600px) 100vw, 600px\" \/>[\/vc_column_text][vc_column_text css=&#8221;.vc_custom_1656070096416{margin-top: 0px !important;border-top-width: 0px !important;padding-top: 0px !important;padding-right: 20px !important;padding-left: 20px !important;}&#8221;]<\/p>\n<p style=\"text-align: center;\"><span style=\"color: #808080; font-size: small;\"><em>Photo from Pexels.com<\/em><\/span><\/p>\n<p>[\/vc_column_text][\/vc_column_inner][vc_column_inner width=&#8221;1\/2&#8243;][vc_column_text css=&#8221;.vc_custom_1656070071831{padding-right: 15px !important;padding-left: 15px !important;}&#8221;]<span style=\"color: #333333; font-size: small;\">popular science article<\/span><\/p>\n<h4><strong>How has the pandemic affected inmates\u2019 lives? <\/strong><\/h4>\n<p><span style=\"color: #333333; font-size: small;\">Silesian Research | 15 June 2022<\/span><\/p>\n<p style=\"font-size: 140%; color: #000000; font-family: 'PT Sans';\">Due to the coronavirus pandemic, the entire world introduced numerous restrictions to counteract the spread of the harmful virus. Schools were closed, remote work was introduced, facemasks and keeping social distancing were recommended. The restrictions affected each of us, including inmates in penitentiary units. During the pandemic, various types of correctional practices were suspended, e.g. addiction treatments, psychology sessions, masses, and vocational courses.\u2026<\/p>\n<p style=\"font-size: 140%; color: #000000; font-family: 'PT Sans'; padding-right: 15px; text-align: right;\"><a href=\"https:\/\/us.edu.pl\/en\/jak-pandemia-wplynela-na-zycie-wiezniow\/\"><em>read the article<\/em><\/a><\/p>\n<p>[\/vc_column_text][\/vc_column_inner][\/vc_row_inner][\/vc_column][\/vc_row][vc_row][vc_column width=&#8221;1\/6&#8243;][\/vc_column][vc_column width=&#8221;4\/6&#8243;]\r\n                <div class=\"text-modules\">\r\n                    <div class=\"container\">\r\n                        \r\n                        <div class=\"text-modules__content\"><\/p>\n<h4>News<\/h4>\n<p>\n<\/div>\r\n                    <\/div>\r\n                <\/div>[vc_row_inner][vc_column_inner][vc_column_text]<span style=\"color: #333333; font-size: small;\"><em>19 April 2022<\/em><\/span><\/p>\n<p style=\"font-size: 140%; color: #000000; font-family: 'PT Sans';\">Intensive work is underway on collecting data on restricting the operation of prisons due to the pandemic.<\/p>\n<p>[\/vc_column_text][\/vc_column_inner][\/vc_row_inner][\/vc_column][vc_column width=&#8221;1\/6&#8243;][\/vc_column][\/vc_row][vc_row disable_element=&#8221;yes&#8221;][vc_column width=&#8221;1\/6&#8243;][\/vc_column][vc_column width=&#8221;4\/6&#8243;][vc_tta_accordion style=&#8221;flat&#8221; shape=&#8221;round&#8221; color=&#8221;black&#8221; spacing=&#8221;5&#8243; c_icon=&#8221;triangle&#8221; active_section=&#8221;0&#8243; no_fill=&#8221;true&#8221; collapsible_all=&#8221;true&#8221;][vc_tta_section title=&#8221;publikacje i inne rezultaty&#8221; tab_id=&#8221;publikacje&#8221;]\r\n                <div class=\"text-modules\">\r\n                    <div class=\"container\">\r\n                        \r\n                        <div class=\"text-modules__content\"><\/p>\n<ul>\n<li><span style=\"font-size: small;\">K. Leksy: <em>Aktywno\u015b\u0107 fizyczna dzieci i adolescent\u00f3w w czasie pandemii COVID-19: przegl\u0105d bada\u0144 i rekomendacje dla praktyki pedagogicznej.<\/em> \u201eProblemy Opieku\u0144czo-Wychowawcze\u201d 2022, nr 1, s. 41-53. <\/span><\/li>\n<li><span style=\"font-size: small;\">K. Leksy, K. Borzucka-Sitkiewicz: <em>The role of health literacy in protecting children and adolescents from health risks in the context of the COVID-19 Pandemic<\/em>. \u201eStudia Edukacyjne\u201d 2021, nr 61, s. 61-75. <\/span><\/li>\n<\/ul>\n<p>\n<\/div>\r\n                    <\/div>\r\n                <\/div>[\/vc_tta_section][\/vc_tta_accordion][\/vc_column][vc_column width=&#8221;1\/6&#8243;][\/vc_column][\/vc_row]<\/p>","protected":false},"excerpt":{"rendered":"<p>[vc_row][vc_column][vc_empty_space][\/vc_column][\/vc_row][vc_row][vc_column width=&#8221;1\/6&#8243;][\/vc_column][vc_column width=&#8221;4\/6&#8243;][vc_row_inner][vc_column_inner width=&#8221;1\/2&#8243;][vc_column_text] PrisoninPandemic [\/vc_column_text][\/vc_column_inner][vc_column_inner width=&#8221;1\/2&#8243;][\/vc_column_inner][\/vc_row_inner][vc_column_text el_class=&#8221;font-black&#8221;] Serving a sentence of imprisonment during the pandemic \u2013 problems and challenges [\/vc_column_text][vc_empty_space height=&#8221;18px&#8221;][\/vc_column][vc_column width=&#8221;1\/6&#8243;][\/vc_column][\/vc_row][vc_row][vc_column width=&#8221;1\/6&#8243;][\/vc_column][vc_column width=&#8221;4\/6&#8243;][vc_row_inner][vc_column_inner][vc_column_text el_class=&#8221;foto&#8221; css=&#8221;.vc_custom_1654271893919{margin-top: 0px !important;margin-bottom: 0px !important;border-top-width: 0px !important;border-bottom-width: 0px !important;padding-top: 0px !important;padding-bottom: 0px !important;}&#8221;][\/vc_column_text][\/vc_column_inner][\/vc_row_inner][vc_column_text css=&#8221;.vc_custom_1655289802208{margin-top: 0px !important;border-top-width: 0px !important;padding-top: 15px !important;}&#8221;] Developing a catalogue of prison rules that should be [&#8230;]<\/p>\n<p><a class=\"btn btn-secondary understrap-read-more-link\" href=\"https:\/\/us.edu.pl\/idb\/en\/horyzonty\/prisoninpandemic\/\">Read More&#8230;<\/a><\/p>\n","protected":false},"author":139,"featured_media":1343,"parent":609,"menu_order":0,"comment_status":"closed","ping_status":"closed","template":"page-templates\/page-with-sidebar.php","meta":{"_expiration-date-status":"","_expiration-date":0,"_expiration-date-type":"","_expiration-date-categories":[],"_expiration-date-options":[]},"acf":[],"_links":{"self":[{"href":"https:\/\/us.edu.pl\/idb\/en\/wp-json\/wp\/v2\/pages\/1327"}],"collection":[{"href":"https:\/\/us.edu.pl\/idb\/en\/wp-json\/wp\/v2\/pages"}],"about":[{"href":"https:\/\/us.edu.pl\/idb\/en\/wp-json\/wp\/v2\/types\/page"}],"author":[{"embeddable":true,"href":"https:\/\/us.edu.pl\/idb\/en\/wp-json\/wp\/v2\/users\/139"}],"replies":[{"embeddable":true,"href":"https:\/\/us.edu.pl\/idb\/en\/wp-json\/wp\/v2\/comments?post=1327"}],"version-history":[{"count":2,"href":"https:\/\/us.edu.pl\/idb\/en\/wp-json\/wp\/v2\/pages\/1327\/revisions"}],"predecessor-version":[{"id":2022,"href":"https:\/\/us.edu.pl\/idb\/en\/wp-json\/wp\/v2\/pages\/1327\/revisions\/2022"}],"up":[{"embeddable":true,"href":"https:\/\/us.edu.pl\/idb\/en\/wp-json\/wp\/v2\/pages\/609"}],"wp:featuredmedia":[{"embeddable":true,"href":"https:\/\/us.edu.pl\/idb\/en\/wp-json\/wp\/v2\/media\/1343"}],"wp:attachment":[{"href":"https:\/\/us.edu.pl\/idb\/en\/wp-json\/wp\/v2\/media?parent=1327"}],"curies":[{"name":"wp","href":"https:\/\/api.w.org\/{rel}","templated":true}]}}