{"id":1352,"date":"2022-06-06T16:38:02","date_gmt":"2022-06-06T14:38:02","guid":{"rendered":"https:\/\/us.edu.pl\/idb\/?page_id=1352"},"modified":"2022-06-14T15:09:36","modified_gmt":"2022-06-14T13:09:36","slug":"pcpp","status":"publish","type":"page","link":"https:\/\/us.edu.pl\/idb\/en\/horyzonty\/pcpp\/","title":{"rendered":"Overestimation of the (post)pandemic times. About the pandemic interference in the human world of values and valence"},"content":{"rendered":"<p>[vc_row][vc_column][vc_empty_space][\/vc_column][\/vc_row][vc_row][vc_column width=&#8221;1\/6&#8243;][\/vc_column][vc_column width=&#8221;4\/6&#8243;][vc_row_inner][vc_column_inner width=&#8221;1\/2&#8243;][vc_column_text]<\/p>\n<p style=\"color: white; background-color: black; display: inline-block; widthr: 30%; padding: 8px;\">PCPP<\/p>\n<p>[\/vc_column_text][\/vc_column_inner][vc_column_inner width=&#8221;1\/2&#8243;][\/vc_column_inner][\/vc_row_inner][vc_column_text el_class=&#8221;font-black&#8221;]<\/p>\n<p style=\"text-align: left;\"><em><span style=\"font-size: 160%; font-family: 'PT Serif';\">Overestimation of the (post)pandemic times. About the pandemic interference in the human world of values and valence<\/span><\/em><\/p>\n<p>[\/vc_column_text][vc_empty_space height=&#8221;18px&#8221;][\/vc_column][vc_column width=&#8221;1\/6&#8243;][\/vc_column][\/vc_row][vc_row][vc_column width=&#8221;1\/6&#8243;][\/vc_column][vc_column width=&#8221;4\/6&#8243;][vc_row_inner][vc_column_inner][vc_column_text el_class=&#8221;foto&#8221; css=&#8221;.vc_custom_1654271893919{margin-top: 0px !important;margin-bottom: 0px !important;border-top-width: 0px !important;border-bottom-width: 0px !important;padding-top: 0px !important;padding-bottom: 0px !important;}&#8221;]<img loading=\"lazy\" class=\"alignnone wp-image-674 size-full\" src=\"http:\/\/us.edu.pl\/idb\/wp-content\/uploads\/sites\/72\/fotografie\/horyzonty\/covid-horizon-1.png\" alt=\"grafika\" width=\"8%\" height=\"auto\" \/>[\/vc_column_text][\/vc_column_inner][\/vc_row_inner][vc_column_text css=&#8221;.vc_custom_1655211893704{margin-top: 0px !important;border-top-width: 0px !important;padding-top: 15px !important;}&#8221;]<\/p>\n<p style=\"font-size: 140%; color: #000000; font-family: 'PT Sans';\">Studying the coronavirus pandemic impact on the world of values and valence in various spheres of human activity: family and home life, education and science, economy and finances, spirituality and religion, and social communication.<\/p>\n<p style=\"font-size: small; color: #000000; font-family: 'PT Sans';\"><em>keywords: pandemic, world of values, overestimation, post-pandemic transformation, social and educational changes<\/em><\/p>\n<hr \/>\n<p>[\/vc_column_text][vc_column_text css=&#8221;.vc_custom_1655211929448{margin-top: 0px !important;border-top-width: 0px !important;padding-top: 0px !important;}&#8221;]<\/p>\n<p style=\"font-size: 140%; color: #000000; font-family: 'PT Sans';\">The project planned research on the pandemic impact on the world of values and valence in various spheres of human activity. The research team includes experts in philosophy, sociology, communication and media studies, and culture and religion studies; thus, the team is able to carry out an extensive and interdisciplinary analysis of the major post-COVID 19 challenges.<\/p>\n<p style=\"font-size: 140%; color: #000000; font-family: 'PT Sans';\">Another aspect of the project is to overview the pandemic threat based on axiological research. The project also involves analyses of the pandemic interference in the human world of values and valence. The consequences of the COVID-19 pandemic are described in various fields of their impact, in particular within family life and social communication, economy and finances, as well as spirituality and religion. The research also ponders on the professional circumstances of teachers and the institution of school during the pandemic\u2013 including the behaviour and attitudes of children and the youth as a consequence of remote education\u2013and the key role of the Internet as a medium in the period of pandemic threat. These issues are studied from different but mutually complementary points of view. In-depth theoretical (conceptual) analyses and empirical research are planned as well. In June 2022, a conference with discussion panels on the pandemic aftermaths visible in various spheres of human life was co-organised.<\/p>\n<p>[\/vc_column_text]<div class=\"container\"><div class=\"separator\" style=\"background-color: #000000\"><\/div><\/div>[\/vc_column][vc_column width=&#8221;1\/6&#8243;][\/vc_column][\/vc_row][vc_row el_class=&#8221;font-black content-mobile&#8221;][vc_column width=&#8221;1\/6&#8243;][\/vc_column][vc_column width=&#8221;5\/6&#8243;][vc_row_inner][vc_column_inner width=&#8221;1\/2&#8243;][vc_column_text css=&#8221;.vc_custom_1655211937815{margin-top: 0px !important;margin-bottom: 0px !important;border-top-width: 0px !important;border-bottom-width: 0px !important;padding-top: 0px !important;padding-right: 10px !important;padding-bottom: 0px !important;padding-left: 20px !important;}&#8221;]<small><span style=\"letter-spacing: 0.2mm; color: #333333; font-size: 100%;\">PROJECT LEADER<\/span><\/small>[\/vc_column_text][\/vc_column_inner][vc_column_inner width=&#8221;1\/2&#8243;][\/vc_column_inner][\/vc_row_inner][vc_column_text css=&#8221;.vc_custom_1655211964769{padding-left: 20px !important;}&#8221;]<span style=\"font-size: 160%; font-family: 'PT Sans';\">MAREK REMBIERZ, <\/span><span style=\"font-size: 100%; font-family: 'PT Sans'; color: black;\">PhD, DLitt, Associate Professor<\/span>[\/vc_column_text][vc_row_inner content_placement=&#8221;middle&#8221;][vc_column_inner width=&#8221;1\/3&#8243;][\/vc_column_inner][vc_column_inner width=&#8221;2\/3&#8243;][vc_column_text css=&#8221;.vc_custom_1655211950042{margin-left: 25px !important;border-left-width: 1px !important;padding-left: 15px !important;border-left-color: #000000 !important;border-left-style: solid !important;}&#8221;]<\/p>\n<p style=\"font-size: small;\">Institute of Pedagogy<br \/>\ne-mail: <a href=\"mailto:marek.rembierz@us.edu.pl\">marek.rembierz@us.edu.pl<\/a><\/p>\n<p>[\/vc_column_text][\/vc_column_inner][\/vc_row_inner][vc_row_inner content_placement=&#8221;middle&#8221; disable_element=&#8221;yes&#8221;][vc_column_inner width=&#8221;1\/3&#8243;][vc_column_text el_class=&#8221;foto&#8221;]<img loading=\"lazy\" class=\"alignnone wp-image-1332 size-full\" src=\"http:\/\/us.edu.pl\/idb\/wp-content\/uploads\/sites\/72\/fotografie\/horyzonty\/dr-Anna-Jaworska-Wieloch.jpg\" alt=\"dr Anna Jaworska-Wieloch\" width=\"100%\" height=\"auto\" srcset=\"https:\/\/us.edu.pl\/idb\/wp-content\/uploads\/sites\/72\/fotografie\/horyzonty\/dr-Anna-Jaworska-Wieloch.jpg 569w, https:\/\/us.edu.pl\/idb\/wp-content\/uploads\/sites\/72\/fotografie\/horyzonty\/dr-Anna-Jaworska-Wieloch-150x150.jpg 150w\" sizes=\"(max-width: 569px) 100vw, 569px\" \/>[\/vc_column_text][vc_column_text css=&#8221;.vc_custom_1654266841921{margin-top: 0px !important;border-top-width: 0px !important;padding-top: 0px !important;}&#8221;]<\/p>\n<p style=\"text-align: center;\"><span style=\"color: #808080; font-size: small;\"><em>fot. ???<\/em><\/span><\/p>\n<p>[\/vc_column_text][\/vc_column_inner][vc_column_inner width=&#8221;2\/3&#8243;][vc_column_text css=&#8221;.vc_custom_1655212060433{margin-left: 25px !important;border-left-width: 1px !important;padding-left: 15px !important;border-left-color: #000000 !important;border-left-style: solid !important;}&#8221;]<\/p>\n<p style=\"font-size: small;\"><strong>Marek Rembierz, PhD, DLitt, Associate Professor<\/strong><br \/>\nInstytute of Pedagogy<br \/>\ne-mail: <a href=\"mailto:marek.rembierz@us.edu.pl\">marek.rembierz@us.edu.pl<\/a><\/p>\n<p>[\/vc_column_text][\/vc_column_inner][\/vc_row_inner][vc_tta_accordion style=&#8221;flat&#8221; shape=&#8221;round&#8221; color=&#8221;black&#8221; spacing=&#8221;5&#8243; c_icon=&#8221;triangle&#8221; active_section=&#8221;0&#8243; no_fill=&#8221;true&#8221; collapsible_all=&#8221;true&#8221;][vc_tta_section title=&#8221;team members&#8221; tab_id=&#8221;pcpp&#8221;][vc_column_text el_class=&#8221;font-black&#8221;]<\/p>\n<ul>\n<li style=\"font-size: small;\">Prof. Janusz Maria\u0144ski (hon. causa), sociology, Higher School of Social Sciences in Lublin<\/li>\n<li style=\"font-size: small;\">Agnieszka \u0141ukasik-Turecka, PhD, DLitt, Assoc. Prof. of the Catholic University of Lublin, communication and media studies<\/li>\n<li style=\"font-size: small;\">Irena Trzci\u0144ska, PhD, DLitt, Assoc. Prof. of the University of Science and Technology in Krak\u00f3w, culture and religion studies<\/li>\n<li style=\"font-size: small;\">Wies\u0142aw Gumu\u0142a, PhD, DLitt, Assoc. Prof. of Jagiellonian University, sociology<\/li>\n<li style=\"font-size: small;\">Krzysztof Wielecki, PhD, DLitt, Assoc. Prof. of Cardinal Stefan Wyszy\u0144ski University in Warsaw, sociology<\/li>\n<li style=\"font-size: small;\">Prof. Pavol Dancak (hon. causa), philosophy\/culture and religion studies, the University of Presov<\/li>\n<li style=\"font-size: small;\">Prof. Alexandru Buzalic, philosophy, the University of Oradea<\/li>\n<\/ul>\n<p>[\/vc_column_text][\/vc_tta_section][\/vc_tta_accordion][\/vc_column][\/vc_row][vc_row disable_element=&#8221;yes&#8221;][vc_column width=&#8221;1\/6&#8243;][\/vc_column][vc_column width=&#8221;5\/6&#8243; css=&#8221;.vc_custom_1650357928922{background-color: #f2f2f2 !important;}&#8221;]\r\n                <div class=\"text-modules\">\r\n                    <div class=\"container\">\r\n                        \r\n                        <div class=\"text-modules__content\"><\/p>\n<h4 style=\"padding-left: 15px;\">Wi\u0119cej o projekcie<\/h4>\n<p>\n<\/div>\r\n                    <\/div>\r\n                <\/div>[vc_row_inner content_placement=&#8221;top&#8221;][vc_column_inner width=&#8221;1\/2&#8243;][vc_column_text css=&#8221;.vc_custom_1654250364453{margin-bottom: 0px !important;border-bottom-width: 0px !important;padding-right: 10px !important;padding-bottom: 10px !important;padding-left: 15px !important;}&#8221;]<img loading=\"lazy\" class=\"alignnone wp-image-1213 size-full\" src=\"http:\/\/us.edu.pl\/idb\/wp-content\/uploads\/sites\/72\/fotografie\/horyzonty\/IMG_20211015_112329.jpg\" alt=\"Dw\u00f3ch m\u0119\u017cczyzn zmierzaj\u0105cych w stron\u0119 ha\u0142dy\" width=\"100%\" height=\"auto\" srcset=\"https:\/\/us.edu.pl\/idb\/wp-content\/uploads\/sites\/72\/fotografie\/horyzonty\/IMG_20211015_112329.jpg 753w, https:\/\/us.edu.pl\/idb\/wp-content\/uploads\/sites\/72\/fotografie\/horyzonty\/IMG_20211015_112329-565x600.jpg 565w, https:\/\/us.edu.pl\/idb\/wp-content\/uploads\/sites\/72\/fotografie\/horyzonty\/IMG_20211015_112329-541x575.jpg 541w\" sizes=\"(max-width: 753px) 100vw, 753px\" \/>[\/vc_column_text][vc_column_text css=&#8221;.vc_custom_1654249238666{margin-top: 0px !important;border-top-width: 0px !important;padding-top: 0px !important;padding-right: 20px !important;padding-left: 20px !important;}&#8221;]<\/p>\n<p style=\"text-align: center;\"><span style=\"color: #808080; font-size: small;\"><span style=\"color: #000000;\">Ha\u0142da w Czerwionce-Leszczynach<\/span><em><br \/>\nfot. Piotr Siupka<\/em><\/span><\/p>\n<p>[\/vc_column_text][\/vc_column_inner][vc_column_inner width=&#8221;1\/2&#8243;][vc_column_text css=&#8221;.vc_custom_1654268541228{padding-right: 15px !important;padding-left: 15px !important;}&#8221;]<span style=\"color: #333333; font-size: small;\">artyku\u0142 popularnonaukowy<\/span><\/p>\n<h4><strong>Tytu\u0142<\/strong><\/h4>\n<p><span style=\"color: #333333; font-size: small;\">\u015al\u0105ski badawczy | data<\/span><\/p>\n<p style=\"font-size: 140%; color: #000000; font-family: 'PT Sans';\">W krajobraz \u015al\u0105ska na sta\u0142e wpisany jest obraz ha\u0142d pog\u00f3rniczych. Nie\u0142atwe do ukrycia sk\u0142adowisko odpad\u00f3w powstaje w wyniku wydobywczej dzia\u0142alno\u015bci cz\u0142owieka i jest przesi\u0105kni\u0119te wieloma zwi\u0105zkami toksycznymi zar\u00f3wno dla ludzi, jak i \u015brodowiska. Okazuje si\u0119, \u017ce istniej\u0105 jednak mikroorganizmy, kt\u00f3re ca\u0142kiem nie\u017ale radz\u0105 sobie w ekstremalnych z naszego punktu widzenia warunkach. Bada je zesp\u00f3\u0142, kt\u00f3rym kieruje dr Piotr Siupka, w ramach projektu wy\u0142onionego w konkursie Inicjatywy Doskona\u0142o\u015bci Badawczej pt. \u201eZielony Horyzont\u201d&#8230;<\/p>\n<p style=\"font-size: 140%; color: #000000; font-family: 'PT Sans'; padding-right: 15px; text-align: right;\"><em>przeczytaj artyku\u0142<\/em><\/p>\n<p>[\/vc_column_text][\/vc_column_inner][\/vc_row_inner][\/vc_column][\/vc_row][vc_row][vc_column width=&#8221;1\/6&#8243;][\/vc_column][vc_column width=&#8221;4\/6&#8243;]\r\n                <div class=\"text-modules\">\r\n                    <div class=\"container\">\r\n                        \r\n                        <div class=\"text-modules__content\"><\/p>\n<h4>News<\/h4>\n<p>\n<\/div>\r\n                    <\/div>\r\n                <\/div>[vc_row_inner][vc_column_inner][vc_column_text]<span style=\"color: #333333; font-size: small;\"><em>19 April 2022<\/em><\/span><\/p>\n<p style=\"font-size: 140%; color: #000000; font-family: 'PT Sans';\">Marek Rembierz, PhD, DLitt, Associate Professor was a speaker during the scientific conference <em>Co z nami zrobi\u0142a pandemia: zachowania i postawy dzieci i m\u0142odzie\u017cy w konsekwencji zdalnego nauczania<\/em> [What has the pandemic done to us: behaviours and attitudes of children and the youth as a consequence of remote education].<\/p>\n<p>[\/vc_column_text][\/vc_column_inner][\/vc_row_inner][\/vc_column][vc_column width=&#8221;1\/6&#8243;][\/vc_column][\/vc_row][vc_row][vc_column width=&#8221;1\/6&#8243;][\/vc_column][vc_column width=&#8221;4\/6&#8243;][vc_tta_accordion style=&#8221;flat&#8221; shape=&#8221;round&#8221; color=&#8221;black&#8221; spacing=&#8221;5&#8243; c_icon=&#8221;triangle&#8221; active_section=&#8221;0&#8243; no_fill=&#8221;true&#8221; collapsible_all=&#8221;true&#8221;][vc_tta_section title=&#8221;publications and other results&#8221; tab_id=&#8221;publikacje&#8221;]\r\n                <div class=\"text-modules\">\r\n                    <div class=\"container\">\r\n                        \r\n                        <div class=\"text-modules__content\"><\/p>\n<ul>\n<li><span style=\"font-size: small;\">Rembierz Marek (2021). <em>Transformations of the intercultural education: pedagogical explorations on the borderlands<\/em>. \u201cTransformacje\u201d No. 4 (2021), pp. 154-187<\/span><\/li>\n<\/ul>\n<p>\n<\/div>\r\n                    <\/div>\r\n                <\/div>[\/vc_tta_section][\/vc_tta_accordion][\/vc_column][vc_column width=&#8221;1\/6&#8243;][\/vc_column][\/vc_row]<\/p>","protected":false},"excerpt":{"rendered":"<p>[vc_row][vc_column][vc_empty_space][\/vc_column][\/vc_row][vc_row][vc_column width=&#8221;1\/6&#8243;][\/vc_column][vc_column width=&#8221;4\/6&#8243;][vc_row_inner][vc_column_inner width=&#8221;1\/2&#8243;][vc_column_text] PCPP [\/vc_column_text][\/vc_column_inner][vc_column_inner width=&#8221;1\/2&#8243;][\/vc_column_inner][\/vc_row_inner][vc_column_text el_class=&#8221;font-black&#8221;] Overestimation of the (post)pandemic times. About the pandemic interference in the human world of values and valence [\/vc_column_text][vc_empty_space height=&#8221;18px&#8221;][\/vc_column][vc_column width=&#8221;1\/6&#8243;][\/vc_column][\/vc_row][vc_row][vc_column width=&#8221;1\/6&#8243;][\/vc_column][vc_column width=&#8221;4\/6&#8243;][vc_row_inner][vc_column_inner][vc_column_text el_class=&#8221;foto&#8221; css=&#8221;.vc_custom_1654271893919{margin-top: 0px !important;margin-bottom: 0px !important;border-top-width: 0px !important;border-bottom-width: 0px !important;padding-top: 0px !important;padding-bottom: 0px !important;}&#8221;][\/vc_column_text][\/vc_column_inner][\/vc_row_inner][vc_column_text css=&#8221;.vc_custom_1655211893704{margin-top: 0px !important;border-top-width: 0px !important;padding-top: 15px !important;}&#8221;] Studying the coronavirus pandemic [&#8230;]<\/p>\n<p><a class=\"btn btn-secondary understrap-read-more-link\" href=\"https:\/\/us.edu.pl\/idb\/en\/horyzonty\/pcpp\/\">Read More&#8230;<\/a><\/p>\n","protected":false},"author":139,"featured_media":1357,"parent":609,"menu_order":0,"comment_status":"closed","ping_status":"closed","template":"page-templates\/page-with-sidebar.php","meta":{"_expiration-date-status":"","_expiration-date":0,"_expiration-date-type":"","_expiration-date-categories":[],"_expiration-date-options":[]},"acf":[],"_links":{"self":[{"href":"https:\/\/us.edu.pl\/idb\/en\/wp-json\/wp\/v2\/pages\/1352"}],"collection":[{"href":"https:\/\/us.edu.pl\/idb\/en\/wp-json\/wp\/v2\/pages"}],"about":[{"href":"https:\/\/us.edu.pl\/idb\/en\/wp-json\/wp\/v2\/types\/page"}],"author":[{"embeddable":true,"href":"https:\/\/us.edu.pl\/idb\/en\/wp-json\/wp\/v2\/users\/139"}],"replies":[{"embeddable":true,"href":"https:\/\/us.edu.pl\/idb\/en\/wp-json\/wp\/v2\/comments?post=1352"}],"version-history":[{"count":4,"href":"https:\/\/us.edu.pl\/idb\/en\/wp-json\/wp\/v2\/pages\/1352\/revisions"}],"predecessor-version":[{"id":1887,"href":"https:\/\/us.edu.pl\/idb\/en\/wp-json\/wp\/v2\/pages\/1352\/revisions\/1887"}],"up":[{"embeddable":true,"href":"https:\/\/us.edu.pl\/idb\/en\/wp-json\/wp\/v2\/pages\/609"}],"wp:featuredmedia":[{"embeddable":true,"href":"https:\/\/us.edu.pl\/idb\/en\/wp-json\/wp\/v2\/media\/1357"}],"wp:attachment":[{"href":"https:\/\/us.edu.pl\/idb\/en\/wp-json\/wp\/v2\/media?parent=1352"}],"curies":[{"name":"wp","href":"https:\/\/api.w.org\/{rel}","templated":true}]}}