{"id":1327,"date":"2022-06-03T18:32:09","date_gmt":"2022-06-03T16:32:09","guid":{"rendered":"https:\/\/us.edu.pl\/idb\/?page_id=1327"},"modified":"2022-06-24T13:28:40","modified_gmt":"2022-06-24T11:28:40","slug":"prisoninpandemic","status":"publish","type":"page","link":"https:\/\/us.edu.pl\/idb\/horyzonty\/prisoninpandemic\/","title":{"rendered":"Odbywanie kary pozbawienia wolno\u015bci w warunkach pandemii \u2013 problemy i wyzwania"},"content":{"rendered":"<p>[vc_row][vc_column][vc_empty_space][\/vc_column][\/vc_row][vc_row][vc_column width=&#8221;1\/6&#8243;][\/vc_column][vc_column width=&#8221;4\/6&#8243;][vc_row_inner][vc_column_inner width=&#8221;1\/2&#8243;][vc_column_text]<\/p>\n<p style=\"color: white; background-color: black; display: inline-block; widthr: 30%; padding: 8px;\">PrisoninPandemic<\/p>\n<p>[\/vc_column_text][\/vc_column_inner][vc_column_inner width=&#8221;1\/2&#8243;][\/vc_column_inner][\/vc_row_inner][vc_column_text el_class=&#8221;font-black&#8221;]<\/p>\n<p style=\"text-align: left;\"><em><span style=\"font-size: 160%; font-family: 'PT Serif';\">Odbywanie kary pozbawienia wolno\u015bci w warunkach pandemii \u2013 problemy i wyzwania<\/span><\/em><\/p>\n<p>[\/vc_column_text][vc_empty_space height=&#8221;18px&#8221;][\/vc_column][vc_column width=&#8221;1\/6&#8243;][\/vc_column][\/vc_row][vc_row][vc_column width=&#8221;1\/6&#8243;][\/vc_column][vc_column width=&#8221;4\/6&#8243;][vc_row_inner][vc_column_inner][vc_column_text el_class=&#8221;foto&#8221; css=&#8221;.vc_custom_1654271893919{margin-top: 0px !important;margin-bottom: 0px !important;border-top-width: 0px !important;border-bottom-width: 0px !important;padding-top: 0px !important;padding-bottom: 0px !important;}&#8221;]<img loading=\"lazy\" class=\"alignnone wp-image-674 size-full\" src=\"http:\/\/us.edu.pl\/idb\/wp-content\/uploads\/sites\/72\/fotografie\/horyzonty\/covid-horizon-1.png\" alt=\"grafika\" width=\"8%\" height=\"auto\" \/>[\/vc_column_text][\/vc_column_inner][\/vc_row_inner][vc_column_text css=&#8221;.vc_custom_1654274223038{margin-top: 0px !important;border-top-width: 0px !important;padding-top: 15px !important;}&#8221;]<\/p>\n<p style=\"font-size: 140%; color: #000000; font-family: 'PT Sans';\">Opracujemy katalog regu\u0142 wi\u0119ziennych, kt\u00f3re powinny by\u0107 wdra\u017cane w razie epidemii, poprzez ustalenie, kt\u00f3re z ewentualnych restrykcji s\u0105 konieczne, a z kt\u00f3rych mo\u017cna zrezygnowa\u0107, wzgl\u0119dnie \u2013 zast\u0105pi\u0107 je innymi formami relacji spo\u0142ecznych. I wreszcie \u2013 zbadamy, w jaki spos\u00f3b w re\u017cimie sanitarnym odbudowywa\u0107 mo\u017cliwo\u015bci kontaktu osadzonych ze \u015bwiatem zewn\u0119trznym.<\/p>\n<p style=\"font-size: small; color: #000000; font-family: 'PT Sans';\"><em>pandemia, wi\u0119\u017aniowie, COVID-19, osadzeni, kara pozbawienia wolno\u015bci<\/em><\/p>\n<hr \/>\n<p>[\/vc_column_text][vc_column_text css=&#8221;.vc_custom_1654274268819{margin-top: 0px !important;border-top-width: 0px !important;padding-top: 0px !important;}&#8221;]<\/p>\n<p style=\"font-size: 140%; color: #000000; font-family: 'PT Sans';\">Pandemia wywo\u0142ana wirusem SARS-CoV-2 gruntownie wp\u0142yn\u0119\u0142a na \u017cycie ludzi na ca\u0142ym \u015bwiecie. Jedn\u0105 z grup najbole\u015bniej dotkni\u0119tych przez ograniczenia pandemiczne s\u0105 wi\u0119\u017aniowie. Konieczno\u015b\u0107 \u015bcis\u0142ego wprowadzenia re\u017cimu sanitarnego w wi\u0119zieniach nie by\u0142a zaskakuj\u0105ca z uwagi na ryzyko rozprzestrzeniania si\u0119 wirusa w jednostkach penitencjarnych. Trudno wi\u0119c dziwi\u0107 si\u0119 administracji zak\u0142ad\u00f3w karnych, \u017ce w trosce o zapewnienie bezpiecze\u0144stwa wi\u0119\u017aniom i pracownikom, starali si\u0119 ograniczy\u0107 liczb\u0119 os\u00f3b wchodz\u0105cych na teren wi\u0119zie\u0144, poprzez wstrzymanie wizyt bliskich, terapeut\u00f3w, nauczycieli, duszpasterzy, wy\u0142\u0105czenie zatrudnienia zewn\u0119trznego. Z pewno\u015bci\u0105 uda\u0142o si\u0119 w ten spos\u00f3b ograniczy\u0107 mo\u017cliwo\u015b\u0107 przenoszenia wirusa. Pytanie tylko, czy tak wysoka cena za zdrowie by\u0142a konieczna, uzasadniona oraz czy celu tego nie mo\u017cna by\u0142o osi\u0105gn\u0105\u0107 w inny spos\u00f3b.<\/p>\n<p style=\"font-size: 140%; color: #000000; font-family: 'PT Sans';\">Wi\u0119\u017aniowe po zako\u0144czeniu odbywania kary powr\u00f3c\u0105 do swoich \u015brodowisk. W interesie ca\u0142ego spo\u0142ecze\u0144stwa pozostaje, aby wyszli z jednostek penitencjarnych lepsi, ani\u017celi w momencie pope\u0142niania przest\u0119pstwa. Pandemia, przez ograniczenie kontakt\u00f3w ze \u015bwiatem zewn\u0119trznym, wstrzymanie widze\u0144, kurs\u00f3w czy terapii, zadania tego nie u\u0142atwi\u0142a. Z tego wzgl\u0119du niezb\u0119dne wydaje si\u0119 opracowanie katalogu regu\u0142 wi\u0119ziennych, kt\u00f3re powinny by\u0107 wdra\u017cane w razie epidemii, poprzez ustalenie, kt\u00f3re z ewentualnych restrykcji s\u0105 konieczne, a z kt\u00f3rych mo\u017cna zrezygnowa\u0107, wzgl\u0119dnie \u2013 zast\u0105pi\u0107 je innymi formami relacji spo\u0142ecznych i wreszcie \u2013 jak w re\u017cimie sanitarnym odbudowywa\u0107 mo\u017cliwo\u015bci kontaktu osadzonych ze \u015bwiatem zewn\u0119trznym.<\/p>\n<p>[\/vc_column_text]<div class=\"container\"><div class=\"separator\" style=\"background-color: #000000\"><\/div><\/div>[\/vc_column][vc_column width=&#8221;1\/6&#8243;][\/vc_column][\/vc_row][vc_row el_class=&#8221;font-black content-mobile&#8221;][vc_column width=&#8221;1\/6&#8243;][\/vc_column][vc_column width=&#8221;5\/6&#8243;][vc_row_inner][vc_column_inner width=&#8221;1\/2&#8243;][vc_column_text css=&#8221;.vc_custom_1654273901804{margin-top: 0px !important;margin-bottom: 0px !important;border-top-width: 0px !important;border-bottom-width: 0px !important;padding-top: 0px !important;padding-right: 10px !important;padding-bottom: 0px !important;padding-left: 20px !important;}&#8221;]<small><span style=\"letter-spacing: 0.2mm; color: #333333; font-size: 100%;\">LIDERKA PROJEKTU<\/span><\/small>[\/vc_column_text][\/vc_column_inner][vc_column_inner width=&#8221;1\/2&#8243;][\/vc_column_inner][\/vc_row_inner][vc_column_text css=&#8221;.vc_custom_1654273892389{padding-left: 20px !important;}&#8221;]<span style=\"font-size: 100%; font-family: 'PT Sans'; color: black;\">dr <\/span><span style=\"font-size: 160%; font-family: 'PT Sans';\">ANNA JAWORSKA-WIELOCH<\/span>[\/vc_column_text][vc_row_inner content_placement=&#8221;middle&#8221;][vc_column_inner width=&#8221;1\/3&#8243;][vc_column_text el_class=&#8221;foto&#8221;]<img loading=\"lazy\" class=\"alignnone wp-image-1332 size-full\" src=\"http:\/\/us.edu.pl\/idb\/wp-content\/uploads\/sites\/72\/fotografie\/horyzonty\/dr-Anna-Jaworska-Wieloch.jpg\" alt=\"dr Anna Jaworska-Wieloch\" width=\"100%\" height=\"auto\" srcset=\"https:\/\/us.edu.pl\/idb\/wp-content\/uploads\/sites\/72\/fotografie\/horyzonty\/dr-Anna-Jaworska-Wieloch.jpg 569w, https:\/\/us.edu.pl\/idb\/wp-content\/uploads\/sites\/72\/fotografie\/horyzonty\/dr-Anna-Jaworska-Wieloch-150x150.jpg 150w\" sizes=\"(max-width: 569px) 100vw, 569px\" \/>[\/vc_column_text][vc_column_text css=&#8221;.vc_custom_1654611433509{margin-top: 0px !important;border-top-width: 0px !important;padding-top: 0px !important;}&#8221;]<\/p>\n<p style=\"text-align: center;\"><span style=\"color: #808080; font-size: small;\"><em>fot. archiwum dr Anny Jaworskiej-Wieloch<\/em><\/span><\/p>\n<p>[\/vc_column_text][\/vc_column_inner][vc_column_inner width=&#8221;2\/3&#8243;][vc_column_text css=&#8221;.vc_custom_1654273879804{margin-left: 25px !important;border-left-width: 1px !important;padding-left: 15px !important;border-left-color: #000000 !important;border-left-style: solid !important;}&#8221;]<\/p>\n<p style=\"font-size: small;\"><strong>dr Anna Jaworska-Wieloch<\/strong><br \/>\nInstytut Nauk Prawnych<br \/>\ne-mail: <a href=\"mailto:anna.jaworska-wieloch@us.edu.pl\">anna.jaworska-wieloch@us.edu.pl<\/a><\/p>\n<p>[\/vc_column_text][\/vc_column_inner][\/vc_row_inner][vc_tta_accordion style=&#8221;flat&#8221; shape=&#8221;round&#8221; color=&#8221;black&#8221; spacing=&#8221;5&#8243; c_icon=&#8221;triangle&#8221; active_section=&#8221;0&#8243; no_fill=&#8221;true&#8221; collapsible_all=&#8221;true&#8221;][vc_tta_section title=&#8221;cz\u0142onkowie zespo\u0142u&#8221; tab_id=&#8221;prisoninpandemic&#8221;][vc_column_text el_class=&#8221;font-black&#8221;]<\/p>\n<ul>\n<li style=\"font-size: small;\">dr Anna Jaworska-Wieloch, Wydzia\u0142 Prawa i Administracji U\u015a, prawo<\/li>\n<li style=\"font-size: small;\">dr hab. Olga Sitarz, prof. U\u015a, Wydzia\u0142 Prawa i Administracji U\u015a, prawo<\/li>\n<li style=\"font-size: small;\">dr Wiola Friedrich, Wydzia\u0142 Nauk Spo\u0142ecznych, Instytut Psychologii, U\u015a, psychologia<\/li>\n<li style=\"font-size: small;\">dr Andrzej Czerkawski, Wydzia\u0142 Nauk Spo\u0142ecznych, Instytut Pedagogiki, U\u015a, pedagogika<\/li>\n<li style=\"font-size: small;\">Assoc. Prof. Katerina Yocheva, Ph.D., New Bulgarian University, Bu\u0142garia, prawo<\/li>\n<li style=\"font-size: small;\">Assoc. Prof. Deyana Marcheva, Ph.D., New Bulgarian University, Bu\u0142garia, prawo<\/li>\n<li style=\"font-size: small;\">Doc. JUDr. et PhDr. mult. Libor Klimek, Ph.D., University Matej Bel, Banska Bystrica, S\u0142owacja, prawo<\/li>\n<li style=\"font-size: small;\">Dr. habil. Juh\u00e1sz Zsuzsanna, University of Szeged, W\u0119gry, prawo<\/li>\n<\/ul>\n<p>[\/vc_column_text][\/vc_tta_section][\/vc_tta_accordion][\/vc_column][\/vc_row][vc_row][vc_column width=&#8221;1\/6&#8243;][\/vc_column][vc_column width=&#8221;5\/6&#8243; css=&#8221;.vc_custom_1650357928922{background-color: #f2f2f2 !important;}&#8221;]\r\n                <div class=\"text-modules\">\r\n                    <div class=\"container\">\r\n                        \r\n                        <div class=\"text-modules__content\"><\/p>\n<h4 style=\"padding-left: 15px;\">Wi\u0119cej o projekcie<\/h4>\n<p>\n<\/div>\r\n                    <\/div>\r\n                <\/div>[vc_row_inner content_placement=&#8221;top&#8221;][vc_column_inner width=&#8221;1\/2&#8243;][vc_column_text css=&#8221;.vc_custom_1655282998691{margin-bottom: 0px !important;border-bottom-width: 0px !important;padding-right: 10px !important;padding-bottom: 10px !important;padding-left: 15px !important;}&#8221;]<img loading=\"lazy\" class=\"alignnone wp-image-1919 size-full\" src=\"http:\/\/us.edu.pl\/idb\/wp-content\/uploads\/sites\/72\/fotografie\/horyzonty\/pexels-caroline-martins-4317391-\u2014-kopia.jpg\" alt=\"d\u0142o\u0144 trzymaj\u0105ca krat\u0119 wi\u0119zienn\u0105\" width=\"100%\" height=\"auto\" srcset=\"https:\/\/us.edu.pl\/idb\/wp-content\/uploads\/sites\/72\/fotografie\/horyzonty\/pexels-caroline-martins-4317391-\u2014-kopia.jpg 600w, https:\/\/us.edu.pl\/idb\/wp-content\/uploads\/sites\/72\/fotografie\/horyzonty\/pexels-caroline-martins-4317391-\u2014-kopia-150x150.jpg 150w, https:\/\/us.edu.pl\/idb\/wp-content\/uploads\/sites\/72\/fotografie\/horyzonty\/pexels-caroline-martins-4317391-\u2014-kopia-575x575.jpg 575w\" sizes=\"(max-width: 600px) 100vw, 600px\" \/>[\/vc_column_text][vc_column_text css=&#8221;.vc_custom_1655283010085{margin-top: 0px !important;border-top-width: 0px !important;padding-top: 0px !important;padding-right: 20px !important;padding-left: 20px !important;}&#8221;]<\/p>\n<p style=\"text-align: center;\"><span style=\"color: #808080; font-size: small;\"><em>fot. Pexels.com<\/em><\/span><\/p>\n<p>[\/vc_column_text][\/vc_column_inner][vc_column_inner width=&#8221;1\/2&#8243;][vc_column_text css=&#8221;.vc_custom_1655283209369{padding-right: 15px !important;padding-left: 15px !important;}&#8221;]<span style=\"color: #333333; font-size: small;\">artyku\u0142 popularnonaukowy<\/span><\/p>\n<h4><strong>Jak pandemia wp\u0142yn\u0119\u0142a na \u017cycie wi\u0119\u017ani\u00f3w?<\/strong><\/h4>\n<p><span style=\"color: #333333; font-size: small;\">\u015al\u0105ski badawczy | 15.06.2022<\/span><\/p>\n<p style=\"font-size: 140%; color: #000000; font-family: 'PT Sans';\">Pandemia koronawirusa spowodowa\u0142a, \u017ce na ca\u0142ym \u015bwiecie wprowadzano liczne ograniczenia, aby przeciwdzia\u0142a\u0107 rozprzestrzenianiu si\u0119 patogenu. Zamykano szko\u0142y, wdro\u017cono prac\u0119 zdaln\u0105, zalecano noszenie maseczek i zachowywanie dystansu spo\u0142ecznego. Obostrzenia wp\u0142yn\u0119\u0142y na \u017cycie ka\u017cdego z nas, r\u00f3wnie\u017c na wi\u0119\u017ani\u00f3w przebywaj\u0105cych w zak\u0142adach karnych. W czasie pandemii zaprzestano r\u00f3\u017cnego rodzaju praktyk resocjalizacyjnych \u2013 terapii uzale\u017cnie\u0144, spotka\u0144 z psychologami, nabo\u017ce\u0144stw czy organizowania kurs\u00f3w zawodowych\u2026<\/p>\n<p style=\"font-size: 140%; color: #000000; font-family: 'PT Sans'; padding-right: 15px; text-align: right;\"><a href=\"https:\/\/us.edu.pl\/jak-pandemia-wplynela-na-zycie-wiezniow\/\"><em>przeczytaj artyku\u0142<\/em><\/a><\/p>\n<p>[\/vc_column_text][\/vc_column_inner][\/vc_row_inner][\/vc_column][\/vc_row][vc_row][vc_column width=&#8221;1\/6&#8243;][\/vc_column][vc_column width=&#8221;4\/6&#8243;]\r\n                <div class=\"text-modules\">\r\n                    <div class=\"container\">\r\n                        \r\n                        <div class=\"text-modules__content\"><\/p>\n<h4>Aktualno\u015bci<\/h4>\n<p>\n<\/div>\r\n                    <\/div>\r\n                <\/div>[vc_row_inner][vc_column_inner][vc_column_text]<span style=\"color: #333333; font-size: small;\"><em>19.04.2022<\/em><\/span><\/p>\n<p style=\"font-size: 140%; color: #000000; font-family: 'PT Sans';\">Obecnie trwaj\u0105 intensywne prace nad gromadzeniem danych dotycz\u0105cych ograniczenia dzia\u0142alno\u015bci wi\u0119zie\u0144 z uwagi na pandemi\u0119.<\/p>\n<p>[\/vc_column_text][\/vc_column_inner][\/vc_row_inner][\/vc_column][vc_column width=&#8221;1\/6&#8243;][\/vc_column][\/vc_row][vc_row disable_element=&#8221;yes&#8221;][vc_column width=&#8221;1\/6&#8243;][\/vc_column][vc_column width=&#8221;4\/6&#8243;][vc_tta_accordion style=&#8221;flat&#8221; shape=&#8221;round&#8221; color=&#8221;black&#8221; spacing=&#8221;5&#8243; c_icon=&#8221;triangle&#8221; active_section=&#8221;0&#8243; no_fill=&#8221;true&#8221; collapsible_all=&#8221;true&#8221;][vc_tta_section title=&#8221;publikacje i inne rezultaty&#8221; tab_id=&#8221;publikacje&#8221;]\r\n                <div class=\"text-modules\">\r\n                    <div class=\"container\">\r\n                        \r\n                        <div class=\"text-modules__content\"><\/p>\n<ul>\n<li><span style=\"font-size: small;\">K. Leksy: <em>Aktywno\u015b\u0107 fizyczna dzieci i adolescent\u00f3w w czasie pandemii COVID-19: przegl\u0105d bada\u0144 i rekomendacje dla praktyki pedagogicznej.<\/em> \u201eProblemy Opieku\u0144czo-Wychowawcze\u201d 2022, nr 1, s. 41-53. <\/span><\/li>\n<li><span style=\"font-size: small;\">K. Leksy, K. Borzucka-Sitkiewicz: <em>The role of health literacy in protecting children and adolescents from health risks in the context of the COVID-19 Pandemic<\/em>. \u201eStudia Edukacyjne\u201d 2021, nr 61, s. 61-75. <\/span><\/li>\n<\/ul>\n<p>\n<\/div>\r\n                    <\/div>\r\n                <\/div>[\/vc_tta_section][\/vc_tta_accordion][\/vc_column][vc_column width=&#8221;1\/6&#8243;][\/vc_column][\/vc_row]<\/p>","protected":false},"excerpt":{"rendered":"<p>[vc_row][vc_column][vc_empty_space][\/vc_column][\/vc_row][vc_row][vc_column width=&#8221;1\/6&#8243;][\/vc_column][vc_column width=&#8221;4\/6&#8243;][vc_row_inner][vc_column_inner width=&#8221;1\/2&#8243;][vc_column_text] PrisoninPandemic [\/vc_column_text][\/vc_column_inner][vc_column_inner width=&#8221;1\/2&#8243;][\/vc_column_inner][\/vc_row_inner][vc_column_text el_class=&#8221;font-black&#8221;] Odbywanie kary pozbawienia wolno\u015bci w warunkach pandemii \u2013 problemy i wyzwania [\/vc_column_text][vc_empty_space height=&#8221;18px&#8221;][\/vc_column][vc_column width=&#8221;1\/6&#8243;][\/vc_column][\/vc_row][vc_row][vc_column width=&#8221;1\/6&#8243;][\/vc_column][vc_column width=&#8221;4\/6&#8243;][vc_row_inner][vc_column_inner][vc_column_text el_class=&#8221;foto&#8221; css=&#8221;.vc_custom_1654271893919{margin-top: 0px !important;margin-bottom: 0px !important;border-top-width: 0px !important;border-bottom-width: 0px !important;padding-top: 0px !important;padding-bottom: 0px !important;}&#8221;][\/vc_column_text][\/vc_column_inner][\/vc_row_inner][vc_column_text css=&#8221;.vc_custom_1654274223038{margin-top: 0px !important;border-top-width: 0px !important;padding-top: 15px !important;}&#8221;] Opracujemy katalog regu\u0142 wi\u0119ziennych, kt\u00f3re powinny by\u0107 wdra\u017cane w razie [&#8230;]<\/p>\n<p><a class=\"btn btn-secondary understrap-read-more-link\" href=\"https:\/\/us.edu.pl\/idb\/horyzonty\/prisoninpandemic\/\">Read More&#8230;<\/a><\/p>\n","protected":false},"author":139,"featured_media":1343,"parent":609,"menu_order":0,"comment_status":"closed","ping_status":"closed","template":"page-templates\/page-with-sidebar.php","meta":{"_expiration-date-status":"","_expiration-date":0,"_expiration-date-type":"","_expiration-date-categories":[],"_expiration-date-options":[]},"acf":[],"_links":{"self":[{"href":"https:\/\/us.edu.pl\/idb\/wp-json\/wp\/v2\/pages\/1327"}],"collection":[{"href":"https:\/\/us.edu.pl\/idb\/wp-json\/wp\/v2\/pages"}],"about":[{"href":"https:\/\/us.edu.pl\/idb\/wp-json\/wp\/v2\/types\/page"}],"author":[{"embeddable":true,"href":"https:\/\/us.edu.pl\/idb\/wp-json\/wp\/v2\/users\/139"}],"replies":[{"embeddable":true,"href":"https:\/\/us.edu.pl\/idb\/wp-json\/wp\/v2\/comments?post=1327"}],"version-history":[{"count":8,"href":"https:\/\/us.edu.pl\/idb\/wp-json\/wp\/v2\/pages\/1327\/revisions"}],"predecessor-version":[{"id":2022,"href":"https:\/\/us.edu.pl\/idb\/wp-json\/wp\/v2\/pages\/1327\/revisions\/2022"}],"up":[{"embeddable":true,"href":"https:\/\/us.edu.pl\/idb\/wp-json\/wp\/v2\/pages\/609"}],"wp:featuredmedia":[{"embeddable":true,"href":"https:\/\/us.edu.pl\/idb\/wp-json\/wp\/v2\/media\/1343"}],"wp:attachment":[{"href":"https:\/\/us.edu.pl\/idb\/wp-json\/wp\/v2\/media?parent=1327"}],"curies":[{"name":"wp","href":"https:\/\/api.w.org\/{rel}","templated":true}]}}