{"id":6753,"date":"2023-10-23T13:25:27","date_gmt":"2023-10-23T11:25:27","guid":{"rendered":"https:\/\/us.edu.pl\/instytut\/ibbios\/?post_type=event&#038;p=6753"},"modified":"2023-10-23T13:25:27","modified_gmt":"2023-10-23T11:25:27","slug":"publiczne-obrony-rozpraw-doktorskich-mgr-bartosz-baran","status":"publish","type":"event","link":"https:\/\/us.edu.pl\/instytut\/ibbios\/event\/publiczne-obrony-rozpraw-doktorskich-mgr-bartosz-baran\/","title":{"rendered":"Publiczne obrony rozpraw doktorskich \u2013 mgr Bartosz Baran"},"content":{"rendered":"<p>[vc_row][vc_column]\r\n                <div class=\"text-modules\">\r\n                    <div class=\"container\">\r\n                        \r\n                        <div class=\"text-modules__content\"><\/p>\n<p style=\"text-align: center;\"><span style=\"font-size: 12pt;\"><strong>DYREKTOR<br \/>\n<\/strong>Instytutu Biologii, Biotechnologii i Ochrony \u015arodowiska Uniwersytetu \u015al\u0105skiego<\/span><br \/>\n<span style=\"font-size: 12pt;\">i Komisja Doktorska powo\u0142ana w post\u0119powaniu w sprawie<br \/>\nnadania stopnia doktora <\/span><span style=\"font-size: 12pt;\">mgr. Bartosza Barana<br \/>\nuprzejmie zawiadamiaj\u0105,<\/span><br \/>\n<span style=\"font-size: 12pt;\">\u017ce dnia<strong> 24.11.2023 r. o godz. 13:00<br \/>\n<\/strong>odb\u0119dzie si\u0119 w formie zdalnej <\/span><\/p>\n<p style=\"text-align: center;\"><span style=\"font-size: 12pt;\"><strong>Publiczna Obrona Rozprawy Doktorskiej<br \/>\n<\/strong><\/span><\/p>\n<p style=\"text-align: center;\"><span style=\"font-size: 12pt;\">w dziedzinie nauk \u015bcis\u0142ych i przyrodniczych,<\/span><br \/>\n<span style=\"font-size: 12pt;\">w dyscyplinie nauki biologiczne<\/span><\/p>\n<p style=\"text-align: center;\"><span style=\"font-size: 12pt;\"><strong>Mgr. Bartosza Barana<\/strong><\/span><\/p>\n<p style=\"text-align: center;\"><span style=\"font-size: 12pt;\">pt.: <strong>\u201ePercepcja geometrycznych cech \u015brodowiska w zachowaniach nawigacyjnych owad\u00f3w<br \/>\nna\u00a0przyk\u0142adzie \u015bwierszcza domowego (<em>Acheta domesticus<\/em>)\u201d<\/strong>, <\/span><\/p>\n<p style=\"text-align: center;\"><span style=\"font-size: 12pt;\">kt\u00f3rej transmisja b\u0119dzie dost\u0119pna pod adresem:<strong><br \/>\n<\/strong><a href=\"https:\/\/www.youtube.com\/watch?v=qk3q6O-OX3I\">https:\/\/www.youtube.com\/watch?v=qk3q6O-OX3I<\/a><\/span><\/p>\n<p style=\"text-align: left;\"><span style=\"font-size: 12pt;\"><strong>Promotor:<\/strong><\/span><br \/>\n<span style=\"font-size: 12pt;\">Dr hab. Miros\u0142aw Nakonieczny, prof. U\u015a (Instytut Biologii, Biotechnologii i Ochrony \u015arodowiska, Wydzia\u0142 Nauk Przyrodniczych, Uniwersytet \u015al\u0105ski w Katowicach)<\/span><br \/>\n<span style=\"font-size: 12pt;\"><strong>Promotor pomocniczy:<\/strong><\/span><br \/>\n<span style=\"font-size: 12pt;\">Dr hab. Mateusz Hohol, prof. UJ (Centrum Kopernika Bada\u0144 Interdyscyplinarnych, Uniwersytet\u00a0Jagiello\u0144ski, Krak\u00f3w)<\/span><\/p>\n<p><span style=\"font-size: 12pt;\"><strong>Recenzenci:<\/strong><\/span><br \/>\n<span style=\"font-size: 12pt;\">Dr hab. Rafa\u0142 Czajkowski (Instytut Biologii Do\u015bwiadczalnej im. Marcelego Nenckiego PAN w\u00a0Warszawie)<\/span><br \/>\n<span style=\"font-size: 12pt;\">Dr hab. Szymon Drobniak (Uniwersytet Jagiello\u0144ski, Krak\u00f3w)<\/span><br \/>\n<span style=\"font-size: 12pt;\">Prof. dr hab. El\u017cbieta Pyza (Uniwersytet Jagiello\u0144ski, Krak\u00f3w)<\/span><\/p>\n<p><span style=\"font-size: 12pt;\">Rozprawa doktorska wraz ze streszczeniem oraz recenzje dost\u0119pne s\u0105 na stronie Biuletynu Informacji Publicznej Uniwersytetu \u015al\u0105skiego <a href=\"https:\/\/us.edu.pl\/instytut\/ibbios\/2022\/12\/27\/rozprawa-doktorska-mgr-florentyna-blaszczyk\/www.bip.us.edu.pl\"><em>www.bip.us.edu.pl<\/em><\/a><\/span><\/p>\n<hr \/>\n<p><a class=\"mtli_attachment mtli_pdf mtli_attachment mtli_pdf mtli_attachment mtli_pdf mtli_attachment mtli_pdf mtli_attachment mtli_pdf\" href=\"https:\/\/us.edu.pl\/instytut\/ibbios\/wp-content\/uploads\/sites\/36\/obrony\/2023\/Baran\/Zawiadomienie-o-obronie_B.-Baran.pdf\" data-mtli=\"mtli_filesize269,57kB\" data-mtli=\"mtli_filesize269,57kB\" data-mtli=\"mtli_filesize269,29kB\">Og\u0142oszenie o publicznej obronie rozprawy doktorskiej mgr. Bartosza Barana<\/a><\/p>\n<p><a class=\"mtli_attachment mtli_pdf mtli_attachment mtli_pdf mtli_attachment mtli_pdf mtli_attachment mtli_pdf mtli_attachment mtli_pdf\" href=\"https:\/\/us.edu.pl\/instytut\/ibbios\/wp-content\/uploads\/sites\/36\/obrony\/2023\/Baran\/W2-PDR-8714-2023-watermarked.pdf\" data-mtli=\"mtli_filesize10,53MB\" data-mtli=\"mtli_filesize10,53MB\" data-mtli=\"mtli_filesize14,08MB\">Rozprawa doktorska<\/a><\/p>\n<p><a class=\"mtli_attachment mtli_pdf mtli_attachment mtli_pdf mtli_attachment mtli_pdf mtli_attachment mtli_pdf mtli_attachment mtli_pdf\" href=\"https:\/\/us.edu.pl\/instytut\/ibbios\/wp-content\/uploads\/sites\/36\/obrony\/2023\/Baran\/Streszczenie-B.-Baran.pdf\" data-mtli=\"mtli_filesize63,19kB\" data-mtli=\"mtli_filesize63,19kB\" data-mtli=\"mtli_filesize36,61kB\">Streszczenie w j\u0119zyku polskim<\/a><\/p>\n<p><a class=\"mtli_attachment mtli_pdf mtli_attachment mtli_pdf mtli_attachment mtli_pdf mtli_attachment mtli_pdf\" href=\"https:\/\/us.edu.pl\/instytut\/ibbios\/wp-content\/uploads\/sites\/36\/obrony\/2023\/Baran\/Summary-B.-Baran.pdf\" data-mtli=\"mtli_filesize60,47kB\" data-mtli=\"mtli_filesize60,47kB\" data-mtli=\"mtli_filesize27,05kB\">Streszczenie w j\u0119zyku angielskim<\/a><\/p>\n<p><a class=\"mtli_attachment mtli_pdf mtli_attachment mtli_pdf mtli_attachment mtli_pdf mtli_attachment mtli_pdf mtli_attachment mtli_pdf\" href=\"https:\/\/us.edu.pl\/instytut\/ibbios\/wp-content\/uploads\/sites\/36\/obrony\/2023\/Baran\/Recenzja-R.Czajkowski-dla-B.Baran_.pdf\" data-mtli=\"mtli_filesize788,35kB\" data-mtli=\"mtli_filesize788,35kB\" data-mtli=\"mtli_filesize313,47kB\">Recenzja 1<\/a><\/p>\n<p><a class=\"mtli_attachment mtli_pdf mtli_attachment mtli_pdf mtli_attachment mtli_pdf mtli_attachment mtli_pdf mtli_attachment mtli_pdf\" href=\"https:\/\/us.edu.pl\/instytut\/ibbios\/wp-content\/uploads\/sites\/36\/obrony\/2023\/Baran\/Recenzja-S.-Drobniak-dla-B.-Baran.pdf\" data-mtli=\"mtli_filesize327,43kB\" data-mtli=\"mtli_filesize327,43kB\" data-mtli=\"mtli_filesize199,18kB\">Recenzja 2<\/a><\/p>\n<p><a class=\"mtli_attachment mtli_pdf mtli_attachment mtli_pdf mtli_attachment mtli_pdf mtli_attachment mtli_pdf mtli_attachment mtli_pdf\" href=\"https:\/\/us.edu.pl\/instytut\/ibbios\/wp-content\/uploads\/sites\/36\/obrony\/2023\/Baran\/Recenzja-E.-Pyza-dla-B.-Baran.pdf\" data-mtli=\"mtli_filesize791,58kB\" data-mtli=\"mtli_filesize791,58kB\" data-mtli=\"mtli_filesize579,97kB\">Recenzja 3<\/a><\/p>\n<style type=\"text\/css\">a[data-mtli~=\"mtli_filesize269,57kB\"]:after {content:\" (269,57 kB)\"}a[data-mtli~=\"mtli_filesize10,53MB\"]:after {content:\" (10,53 MB)\"}a[data-mtli~=\"mtli_filesize63,19kB\"]:after {content:\" (63,19 kB)\"}a[data-mtli~=\"mtli_filesize60,47kB\"]:after {content:\" (60,47 kB)\"}a[data-mtli~=\"mtli_filesize788,35kB\"]:after {content:\" (788,35 kB)\"}a[data-mtli~=\"mtli_filesize327,43kB\"]:after {content:\" (327,43 kB)\"}a[data-mtli~=\"mtli_filesize791,58kB\"]:after {content:\" (791,58 kB)\"}<\/style><\/div>\r\n                    <\/div>\r\n                <\/div>[\/vc_column][\/vc_row]<\/p>\n<style type=\"text\/css\">a[data-mtli~=\"mtli_filesize269,57kB\"]:after {content:\" (269,57 kB)\"}a[data-mtli~=\"mtli_filesize10,53MB\"]:after {content:\" (10,53 MB)\"}a[data-mtli~=\"mtli_filesize63,19kB\"]:after {content:\" (63,19 kB)\"}a[data-mtli~=\"mtli_filesize60,47kB\"]:after {content:\" (60,47 kB)\"}a[data-mtli~=\"mtli_filesize788,35kB\"]:after {content:\" (788,35 kB)\"}a[data-mtli~=\"mtli_filesize327,43kB\"]:after {content:\" (327,43 kB)\"}a[data-mtli~=\"mtli_filesize791,58kB\"]:after {content:\" (791,58 kB)\"}<\/style>","protected":false},"excerpt":{"rendered":"<p>[vc_row][vc_column][\/vc_column][\/vc_row] [&#8230;]<\/p>\n<p><a class=\"btn btn-secondary understrap-read-more-link\" href=\"https:\/\/us.edu.pl\/instytut\/ibbios\/event\/publiczne-obrony-rozpraw-doktorskich-mgr-bartosz-baran\/\">Read More&#8230;<\/a><\/p>\n","protected":false},"author":6041,"featured_media":2029,"template":"","meta":{"_expiration-date-status":"","_expiration-date":0,"_expiration-date-type":"","_expiration-date-categories":[],"_expiration-date-options":[]},"acf":[],"_links":{"self":[{"href":"https:\/\/us.edu.pl\/instytut\/ibbios\/wp-json\/wp\/v2\/event\/6753"}],"collection":[{"href":"https:\/\/us.edu.pl\/instytut\/ibbios\/wp-json\/wp\/v2\/event"}],"about":[{"href":"https:\/\/us.edu.pl\/instytut\/ibbios\/wp-json\/wp\/v2\/types\/event"}],"author":[{"embeddable":true,"href":"https:\/\/us.edu.pl\/instytut\/ibbios\/wp-json\/wp\/v2\/users\/6041"}],"version-history":[{"count":3,"href":"https:\/\/us.edu.pl\/instytut\/ibbios\/wp-json\/wp\/v2\/event\/6753\/revisions"}],"predecessor-version":[{"id":6756,"href":"https:\/\/us.edu.pl\/instytut\/ibbios\/wp-json\/wp\/v2\/event\/6753\/revisions\/6756"}],"wp:featuredmedia":[{"embeddable":true,"href":"https:\/\/us.edu.pl\/instytut\/ibbios\/wp-json\/wp\/v2\/media\/2029"}],"wp:attachment":[{"href":"https:\/\/us.edu.pl\/instytut\/ibbios\/wp-json\/wp\/v2\/media?parent=6753"}],"curies":[{"name":"wp","href":"https:\/\/api.w.org\/{rel}","templated":true}]}}