{"id":418,"date":"2020-04-10T12:49:07","date_gmt":"2020-04-10T10:49:07","guid":{"rendered":"http:\/\/us.edu.pl\/instytut\/ich\/?page_id=418"},"modified":"2020-04-10T12:49:07","modified_gmt":"2020-04-10T10:49:07","slug":"projekt-pik","status":"publish","type":"page","link":"https:\/\/us.edu.pl\/instytut\/ich\/realizowane-projekty\/projekt-pik\/","title":{"rendered":"Projekt PIK"},"content":{"rendered":"<p>[vc_row][vc_column]\r\n                <div class=\"text-modules\">\r\n                    <div class=\"container\">\r\n                        <h3 class=\"page-title text__title\">Projekt PIK<\/h3>\r\n                        <div class=\"text-modules__content\"><p><img loading=\"lazy\" class=\"aligncenter wp-image-411 size-full\" src=\"http:\/\/us.edu.pl\/instytut\/ich\/wp-content\/uploads\/sites\/38\/Editor\/projekty-edukacyjne\/projekt-FE-RP-UE.jpg\" alt=\"\" width=\"5883\" height=\"756\" srcset=\"https:\/\/us.edu.pl\/instytut\/ich\/wp-content\/uploads\/sites\/38\/Editor\/projekty-edukacyjne\/projekt-FE-RP-UE.jpg 5883w, https:\/\/us.edu.pl\/instytut\/ich\/wp-content\/uploads\/sites\/38\/Editor\/projekty-edukacyjne\/projekt-FE-RP-UE-300x39.jpg 300w, https:\/\/us.edu.pl\/instytut\/ich\/wp-content\/uploads\/sites\/38\/Editor\/projekty-edukacyjne\/projekt-FE-RP-UE-768x99.jpg 768w, https:\/\/us.edu.pl\/instytut\/ich\/wp-content\/uploads\/sites\/38\/Editor\/projekty-edukacyjne\/projekt-FE-RP-UE-1024x132.jpg 1024w, https:\/\/us.edu.pl\/instytut\/ich\/wp-content\/uploads\/sites\/38\/Editor\/projekty-edukacyjne\/projekt-FE-RP-UE-575x74.jpg 575w\" sizes=\"(max-width: 5883px) 100vw, 5883px\" \/><\/p>\n<\/div>\r\n                    <\/div>\r\n                <\/div>[\/vc_column][\/vc_row][vc_row][vc_column]\r\n                <div class=\"text-modules\">\r\n                    <div class=\"container\">\r\n                        \r\n                        <div class=\"text-modules__content\"><\/p>\n<h3>Projekt: PIK &#8211; Program Nowych Interdyscyplinarnych Element\u00f3w Kszta\u0142cenia<\/h3>\n<h3>na studiach doktoranckich na kierunku chemia<\/h3>\n<p>&nbsp;<\/p>\n<p>Instytut Chemii Uniwersytetu \u015al\u0105skiego w Katowicach rozpocz\u0105\u0142 1 lipca 2018 roku realizacj\u0119 nowego projektu pt. <strong><em>\u201ePIK &#8211; Program Nowych Interdyscyplinarnych Element\u00f3w Kszta\u0142cenia na studiach doktoranckich na kierunku chemia\u201d<\/em> <\/strong>wsp\u00f3\u0142finansowanego ze \u015brodk\u00f3w Unii Europejskiej w ramach Europejskiego Funduszu Spo\u0142ecznego, Program Operacyjny Wiedza Edukacja Rozw\u00f3j, O\u015b priorytetowa: III. Szkolnictwo wy\u017csze dla gospodarki i rozwoju. Dzia\u0142anie: 3.2 Studia doktoranckie<\/p>\n<p>&nbsp;<\/p>\n<p><strong>Celem g\u0142\u00f3wnym projektu oraz planowanymi efektami<\/strong> \u00a0jest poprawa jako\u015bci i efektywno\u015bci kszta\u0142cenia na studiach doktoranckich na kierunku chemia \u00a0oraz podniesienie kompetencji zwi\u0105zanych z prac\u0105 w interdyscyplinarnym i mi\u0119dzynarodowym \u015brodowisku badawczym 8 uczestnik\u00f3w i uczestniczek studi\u00f3w doktoranckich, poprzez opracowanie i realizacj\u0119 programu nowych interdyscyplinarnych element\u00f3w kszta\u0142cenia [PIK] oraz dodatkowe dzia\u0142ania zwi\u0105zane z programem stypendialnym i umi\u0119dzynarodowieniem studi\u00f3w<\/p>\n<p>&nbsp;<\/p>\n<p><strong>Biuro Projektu<\/strong> mie\u015bci si\u0119 w Katowicach, w budynku Wydzia\u0142u Matematyki, Fizyki i Chemii, przy ul. Bankowej 14<\/p>\n<p>&nbsp;<\/p>\n<p><strong>Koordynator projektu<\/strong>: dr hab. Ewa Malicka, e-mail: ewa.malicka@us.edu.pl<\/p>\n<p>&nbsp;<\/p>\n<p><strong>Okres realizacji:<\/strong>\u00a0 \u00a0 \u00a0 \u00a0 \u00a0 \u00a0 \u00a0 \u00a0 \u00a0 \u00a0 \u00a0 \u00a0 \u00a0 01.07.2018 \u2013 30.06.2023<\/p>\n<p><strong>Warto\u015b\u0107 projektu: \u00a0\u00a0\u00a0\u00a0\u00a0\u00a0\u00a0\u00a0\u00a0\u00a0\u00a0\u00a0\u00a0\u00a0\u00a0\u00a0\u00a0\u00a0\u00a0\u00a0\u00a0\u00a0\u00a0\u00a0<\/strong>1 071 516,00 z\u0142<\/p>\n<p><strong>Wk\u0142ad Funduszy Europejskich: \u00a0\u00a0\u00a0<\/strong>1 039 370,52 z\u0142<\/p>\n<p align=\"right\"><em>\u00a0<\/em><\/p>\n<p>W\u015br\u00f3d zaplanowanych <strong>form wsparcia<\/strong> znalaz\u0142y si\u0119:<\/p>\n<ul>\n<li>dodatkowe stypendia motywacyjne<\/li>\n<li>zaj\u0119cia kszta\u0142tuj\u0105ce kompetencje mi\u0119kkie. tj.: warsztaty: z my\u015blenia kreatywnego i krytycznego; komunikacji; trening interpersonalny; zarz\u0105dzanie sob\u0105 w czasie.<\/li>\n<li>szkolenia specjalistyczne<\/li>\n<li>mo\u017cliwo\u015b\u0107 dodatkowej opieki naukowej<\/li>\n<li>zaj\u0119cia z wyk\u0142adowcami z zagranicy<\/li>\n<li>sta\u017ce naukowe w zagranicznych o\u015brodkach naukowych<\/li>\n<li>udzia\u0142 w konferencjach zagranicznych<\/li>\n<\/ul>\n<p>\n<\/div>\r\n                    <\/div>\r\n                <\/div>[\/vc_column][\/vc_row]<\/p>","protected":false},"excerpt":{"rendered":"<p>[vc_row][vc_column][\/vc_column][\/vc_row][vc_row][vc_column][\/vc_column][\/vc_row] [&#8230;]<\/p>\n<p><a class=\"btn btn-secondary understrap-read-more-link\" href=\"https:\/\/us.edu.pl\/instytut\/ich\/realizowane-projekty\/projekt-pik\/\">Read More&#8230;<\/a><\/p>\n","protected":false},"author":99,"featured_media":0,"parent":266,"menu_order":0,"comment_status":"closed","ping_status":"closed","template":"","meta":{"_expiration-date-status":"saved","_expiration-date":0,"_expiration-date-type":"","_expiration-date-categories":[],"_expiration-date-options":[]},"acf":[],"_links":{"self":[{"href":"https:\/\/us.edu.pl\/instytut\/ich\/wp-json\/wp\/v2\/pages\/418"}],"collection":[{"href":"https:\/\/us.edu.pl\/instytut\/ich\/wp-json\/wp\/v2\/pages"}],"about":[{"href":"https:\/\/us.edu.pl\/instytut\/ich\/wp-json\/wp\/v2\/types\/page"}],"author":[{"embeddable":true,"href":"https:\/\/us.edu.pl\/instytut\/ich\/wp-json\/wp\/v2\/users\/99"}],"replies":[{"embeddable":true,"href":"https:\/\/us.edu.pl\/instytut\/ich\/wp-json\/wp\/v2\/comments?post=418"}],"version-history":[{"count":1,"href":"https:\/\/us.edu.pl\/instytut\/ich\/wp-json\/wp\/v2\/pages\/418\/revisions"}],"predecessor-version":[{"id":424,"href":"https:\/\/us.edu.pl\/instytut\/ich\/wp-json\/wp\/v2\/pages\/418\/revisions\/424"}],"up":[{"embeddable":true,"href":"https:\/\/us.edu.pl\/instytut\/ich\/wp-json\/wp\/v2\/pages\/266"}],"wp:attachment":[{"href":"https:\/\/us.edu.pl\/instytut\/ich\/wp-json\/wp\/v2\/media?parent=418"}],"curies":[{"name":"wp","href":"https:\/\/api.w.org\/{rel}","templated":true}]}}