{"id":429,"date":"2020-04-10T12:59:03","date_gmt":"2020-04-10T10:59:03","guid":{"rendered":"http:\/\/us.edu.pl\/instytut\/ich\/?page_id=429"},"modified":"2020-04-10T12:59:03","modified_gmt":"2020-04-10T10:59:03","slug":"projekt-kreatywny-eksperymentator","status":"publish","type":"page","link":"https:\/\/us.edu.pl\/instytut\/ich\/realizowane-projekty\/projekt-kreatywny-eksperymentator\/","title":{"rendered":"Projekt Kreatywny eksperymentator"},"content":{"rendered":"<p>[vc_row][vc_column]\r\n                <div class=\"text-modules\">\r\n                    <div class=\"container\">\r\n                        <h3 class=\"page-title text__title\">Projekt Kreatywny eksperymentator<\/h3>\r\n                        <div class=\"text-modules__content\"><p><img loading=\"lazy\" class=\"aligncenter wp-image-423 size-full\" src=\"http:\/\/us.edu.pl\/instytut\/ich\/wp-content\/uploads\/sites\/38\/Editor\/projekty-edukacyjne\/projekt-FE-UE.jpg\" alt=\"\" width=\"1385\" height=\"271\" srcset=\"https:\/\/us.edu.pl\/instytut\/ich\/wp-content\/uploads\/sites\/38\/Editor\/projekty-edukacyjne\/projekt-FE-UE.jpg 1385w, https:\/\/us.edu.pl\/instytut\/ich\/wp-content\/uploads\/sites\/38\/Editor\/projekty-edukacyjne\/projekt-FE-UE-300x59.jpg 300w, https:\/\/us.edu.pl\/instytut\/ich\/wp-content\/uploads\/sites\/38\/Editor\/projekty-edukacyjne\/projekt-FE-UE-768x150.jpg 768w, https:\/\/us.edu.pl\/instytut\/ich\/wp-content\/uploads\/sites\/38\/Editor\/projekty-edukacyjne\/projekt-FE-UE-1024x200.jpg 1024w, https:\/\/us.edu.pl\/instytut\/ich\/wp-content\/uploads\/sites\/38\/Editor\/projekty-edukacyjne\/projekt-FE-UE-575x113.jpg 575w\" sizes=\"(max-width: 1385px) 100vw, 1385px\" \/><\/p>\n<\/div>\r\n                    <\/div>\r\n                <\/div>[\/vc_column][\/vc_row][vc_row][vc_column]\r\n                <div class=\"text-modules\">\r\n                    <div class=\"container\">\r\n                        \r\n                        <div class=\"text-modules__content\"><\/p>\n<h3 align=\"center\">Projekt pt. \u201eKreatywny eksperymentator\u201d<\/h3>\n<h3 align=\"center\">realizowany w partnerstwie z miastami Katowice, Bielsko-Bia\u0142a i\u00a0gmin\u0105 Pszczyna<\/h3>\n<p>&nbsp;<\/p>\n<p>Instytut Chemii Uniwersytetu \u015al\u0105skiego w Katowicach rozpocz\u0105\u0142 1 kwietnia 2017 roku, realizacj\u0119 nowego projektu pt. <em>\u201e<strong>Kreatywny eksperymentator<\/strong>\u201d<\/em> w ramach Programu Operacyjnego Wiedza Edukacja Rozw\u00f3j, wsp\u00f3\u0142finansowanego ze \u015brodk\u00f3w Unii Europejskiej w ramach Europejskiego Funduszu Spo\u0142ecznego. Realizacja projektu zosta\u0142a zaplanowana do 30 czerwca 2018 roku.<\/p>\n<p>G\u0142\u00f3wnym <strong>celem projektu<\/strong> jest podniesienie kompetencji z zakresu komunikowania si\u0119, wsp\u00f3\u0142pracy, my\u015blenia krytycznego i kreatywnego oraz rozwi\u0105zywania problem\u00f3w<br \/>\ni dzia\u0142ania innowacyjnego uczni\u00f3w i uczennic szk\u00f3\u0142 ponadgimnazjalnych poprzez opracowanie i przeprowadzenie niekonwencjonalnych zaj\u0119\u0107 warsztatowych (w ramach realizacji trzeciej misji uczelni) w partnerstwie z miastami Katowice i Bielsko-Bia\u0142a oraz gmin\u0105 Pszczyna i z wykorzystaniem zasob\u00f3w uczelni w postaci kadry dydaktycznej oraz zaplecza laboratoryjnego Wydzia\u0142u Matematyki, Fizyki i Chemii U\u015a.<\/p>\n<p>Wsparciem zostanie obj\u0119tych 120 uczni\u00f3w i uczennic klas I i II <strong>czterech szk\u00f3\u0142<\/strong>:<\/p>\n<ul>\n<li>\u00a0 \u00a01. Zespo\u0142u Szk\u00f3\u0142 nr 1 w Pszczynie,<\/li>\n<li>\u00a0 \u00a02. Zespo\u0142u Szk\u00f3\u0142 Og\u00f3lnokszta\u0142c\u0105cych nr 1\u00a0 im. M. Kopernika w Katowicach,\n<ol>\n<li>\u00a0 \u00a03. X LO im. I.J. Paderewskiego w Katowicach,<\/li>\n<li>\u00a0 \u00a04. III LO z oddzia\u0142ami dwuj\u0119zycznymi im. Stefana \u017beromskiego w Bielsku-Bia\u0142ej.<\/li>\n<\/ol>\n<\/li>\n<\/ul>\n<p>&nbsp;<\/p>\n<p>W\u015br\u00f3d zaplanowanych form wsparcia znalaz\u0142y si\u0119 zatem <strong>w<\/strong><strong>arsztaty treningowe<\/strong> z zakresu komunikacji oraz my\u015blenia kreatywnego i krytycznego jak r\u00f3wnie\u017c <strong>warsztaty z r\u00f3\u017cnych dziedzin chemii<\/strong>\u00a0 w formie zaj\u0105\u0107 problemowych kt\u00f3re b\u0119d\u0105 kszta\u0142towa\u0107 kreatywno\u015b\u0107, aktywno\u015b\u0107 intelektualn\u0105, umiej\u0119tno\u015b\u0107 pracy zespo\u0142owej. Dodatkowo uczniowie zrealizuj\u0105 <strong>projekt uczniowski<\/strong> na wybrany przez siebie temat, a rezultaty swojej pracy przedstawi\u0105 szerszemu gronu w szkole w ramach wystawy uczniowskiej.<\/p>\n<p>Wszystkie formy wsparcia zosta\u0142y pomy\u015blane w spos\u00f3b zapewniaj\u0105cy ich wzajemne uzupe\u0142nianie si\u0119 oraz zapewniaj\u0105cy r\u00f3wny dost\u0119p wszystkim zainteresowanym uczniom i\u00a0uczennicom uprawnionym do udzia\u0142u w projekcie.<\/p>\n<p><strong>Biuro Projektu<\/strong> mie\u015bci si\u0119 w Katowicach, w budynku Wydzia\u0142u Matematyki, Fizyki<br \/>\ni Chemii, przy ul. Bankowej 14, pok. 159.<\/p>\n<p><strong>Koordynatorem projektu<\/strong> jest Katarzyna Kowalska-Szojda (e-mail: katarzyna.kowalska-szojda@us.edu.pl)<\/p>\n<p><strong>Najwa\u017cniejsze informacje dotycz\u0105ce projektu:<\/strong><\/p>\n<p><strong>Okres realizacji:<\/strong> 01.04.2017 \u2013 30.06.2018<\/p>\n<p><strong>Cel projektu:<\/strong> Celem projektu jest podniesienie kompetencji uczni\u00f3w i uczennic klas I i II szk\u00f3\u0142 ponadgimnazjalnych, z zakresu komunikowania si\u0119, wsp\u00f3\u0142pracy, my\u015blenia\u00a0krytycznego i kreatywnego oraz rozwi\u0105zywania problem\u00f3w i dzia\u0142ania innowacyjnego.<\/p>\n<p><strong>Planowane efekty:<\/strong> w wyniku realizacji projektu planowane jest podniesienie kompetencji\u00a0<strong>108 uczni\u00f3w i uczennic<\/strong> w zakresie komunikowania si\u0119, wsp\u00f3\u0142pracy, my\u015blenia krytycznego i kreatywnego oraz rozwi\u0105zywania problem\u00f3w i dzia\u0142ania innowacyjnego poprzez dzia\u0142ania dydaktyczne wykorzystuj\u0105ce zasoby uczelni (kadr\u0119 dydaktyczn\u0105, laboratoria, aparatur\u0119 naukow\u0105 Wydzia\u0142u Matematyki Fizyki i Chemii Uniwersytetu \u015al\u0105skiego, kt\u00f3rych efektem<\/p>\n<p>b\u0119dzie stworzenie i przeprowadzenie niekonwencjonalnych modu\u0142\u00f3w zaj\u0119\u0107 obejmuj\u0105cych sposoby i metody rozbudzenia w m\u0142odzie\u017cy ciekawo\u015bci, kreatywno\u015bci i ch\u0119ci pog\u0142\u0119biania wiedzy<\/p>\n<p><strong>Warto\u015b\u0107 projektu: \u00a0 \u00a0 \u00a0 \u00a0 \u00a0 \u00a0 \u00a0 \u00a0 \u00a0 \u00a0 \u00a0 \u00a0 \u00a0 \u00a0\u00a0<\/strong>249\u00a0990,00 z\u0142<\/p>\n<p><strong>Wk\u0142ad Funduszy Europejskich: \u00a0\u00a0\u00a0\u00a0\u00a0 <\/strong>242\u00a0489,00 z\u0142<\/p>\n<p>\n<\/div>\r\n                    <\/div>\r\n                <\/div>[\/vc_column][\/vc_row]<\/p>","protected":false},"excerpt":{"rendered":"<p>[vc_row][vc_column][\/vc_column][\/vc_row][vc_row][vc_column][\/vc_column][\/vc_row] [&#8230;]<\/p>\n<p><a class=\"btn btn-secondary understrap-read-more-link\" href=\"https:\/\/us.edu.pl\/instytut\/ich\/realizowane-projekty\/projekt-kreatywny-eksperymentator\/\">Read More&#8230;<\/a><\/p>\n","protected":false},"author":99,"featured_media":0,"parent":266,"menu_order":0,"comment_status":"closed","ping_status":"closed","template":"","meta":{"_expiration-date-status":"saved","_expiration-date":0,"_expiration-date-type":"","_expiration-date-categories":[],"_expiration-date-options":[]},"acf":[],"_links":{"self":[{"href":"https:\/\/us.edu.pl\/instytut\/ich\/wp-json\/wp\/v2\/pages\/429"}],"collection":[{"href":"https:\/\/us.edu.pl\/instytut\/ich\/wp-json\/wp\/v2\/pages"}],"about":[{"href":"https:\/\/us.edu.pl\/instytut\/ich\/wp-json\/wp\/v2\/types\/page"}],"author":[{"embeddable":true,"href":"https:\/\/us.edu.pl\/instytut\/ich\/wp-json\/wp\/v2\/users\/99"}],"replies":[{"embeddable":true,"href":"https:\/\/us.edu.pl\/instytut\/ich\/wp-json\/wp\/v2\/comments?post=429"}],"version-history":[{"count":1,"href":"https:\/\/us.edu.pl\/instytut\/ich\/wp-json\/wp\/v2\/pages\/429\/revisions"}],"predecessor-version":[{"id":430,"href":"https:\/\/us.edu.pl\/instytut\/ich\/wp-json\/wp\/v2\/pages\/429\/revisions\/430"}],"up":[{"embeddable":true,"href":"https:\/\/us.edu.pl\/instytut\/ich\/wp-json\/wp\/v2\/pages\/266"}],"wp:attachment":[{"href":"https:\/\/us.edu.pl\/instytut\/ich\/wp-json\/wp\/v2\/media?parent=429"}],"curies":[{"name":"wp","href":"https:\/\/api.w.org\/{rel}","templated":true}]}}