{"id":123,"date":"2019-12-12T18:52:03","date_gmt":"2019-12-12T17:52:03","guid":{"rendered":"http:\/\/us.edu.pl\/instytut\/idkm\/?page_id=123"},"modified":"2025-05-08T21:41:34","modified_gmt":"2025-05-08T19:41:34","slug":"nauka-i-badania","status":"publish","type":"page","link":"https:\/\/us.edu.pl\/instytut\/idkm\/nauka-i-badania\/","title":{"rendered":"Nauka i badania"},"content":{"rendered":"<p>[vc_row][vc_column]\r\n                <div class=\"text-modules \">\r\n                    <div class=\"container\">\r\n                        <h3 class=\"section-title section-title_border-bottom\">Zespo\u0142y badawcze w Instytucie Dziennikarstwa i Komunikacji Medialnej<\/h3> \r\n                        <div class=\"row m-0\">\r\n                            <div class=\"text-modules__content\">\r\n                                <span style=\"font-size: 12pt;\">W Instytucie Dziennikarstwa i Komunikacji Medialnej Uniwersytetu \u015al\u0105skiego w Katowicach zosta\u0142y powo\u0142ane nast\u0119puj\u0105ce zespo\u0142y badawcze:<\/span><\/p>\n<p><span style=\"font-size: 12pt;\"><strong>ZESP\u00d3\u0141 NR 1<\/strong><br \/>\nNazwa zespo\u0142u: <strong>Zesp\u00f3\u0142 bada\u0144 nad teori\u0105 i praktyk\u0105 gatunk\u00f3w dziennikarskich<\/strong><br \/>\nLider: <strong>prof. dr hab. Kazimierz Wolny-Zmorzy\u0144ski<\/strong><br \/>\nCzas trwania: <strong>2020-2021<\/strong><\/span><\/p>\n<p><span style=\"font-size: 12pt;\"><strong>ZESP\u00d3\u0141 NR 2<\/strong><br \/>\nNazwa zespo\u0142u: <a href=\"https:\/\/www.facebook.com\/Research-Team-on-the-Cartography-of-New-Media-and-Digital-Sphere-103348834569411\"><b>Zesp\u00f3\u0142 bada\u0144 nad kartografi\u0105 nowych medi\u00f3w i przestrzeni cyfrowej<\/b><\/a><br \/>\nLider: <strong>dr hab. Damian Guzek, prof. U\u015a<\/strong><br \/>\nCzas trwania: <strong>2020-2021<\/strong><\/span><\/p>\n<p><strong><span style=\"font-size: 12pt;\">ZESP\u00d3\u0141 NR 3<\/span><\/strong><br \/>\n<span style=\"font-size: 12pt;\">Nazwa zespo\u0142u: <strong>Zesp\u00f3\u0142 bada\u0144 nad komunikowaniem mi\u0119dzynarodowym i mi\u0119dzykulturowym<br \/>\n<\/strong>Lider: <strong>dr hab. Miros\u0142awa Wielopolska-Szymura<\/strong><\/span><br \/>\n<span style=\"font-size: 12pt;\">Czas trwania: <strong>2020-2021<\/strong><\/span><\/p>\n<p><strong><span style=\"font-size: 12pt;\">ZESP\u00d3\u0141 NR 4<\/span><\/strong><span style=\"font-size: 12pt;\"><br \/>\nNazwa zespo\u0142u: <strong>Zesp\u00f3\u0142 bada\u0144 nad komunikowaniem politycznym<\/strong><\/span><br \/>\n<span style=\"font-size: 12pt;\">Lider: <strong>dr hab. Mariusz Kolczy\u0144ski, prof. U\u015a<\/strong><\/span><br \/>\n<span style=\"font-size: 12pt;\">Czas trwania: <strong>2020-2021<\/strong><\/span><\/p>\n<p><strong><span style=\"font-size: 12pt;\">ZESP\u00d3\u0141 NR 5<\/span><\/strong><br \/>\n<span style=\"font-size: 12pt;\">Nazwa zespo\u0142u:<\/span><strong><span style=\"font-size: 12pt;\"> Zesp\u00f3\u0142 bada\u0144 mediolingwistycznych (projekt indywidualny)<\/span><\/strong><br \/>\n<span style=\"font-size: 12pt;\">Lider:<\/span><strong><span style=\"font-size: 12pt;\"> dr hab. Magdalena \u015alawska, prof. U\u015a<br \/>\n<\/span><\/strong><span style=\"font-size: 12pt;\">Czas trwania:<\/span><strong><span style=\"font-size: 12pt;\"> 2020-2021<\/span><\/strong><\/p>\n<p><strong><span style=\"font-size: 12pt;\">ZESP\u00d3\u0141 NR 6<br \/>\n<\/span><\/strong><span style=\"font-size: 12pt;\">Nazwa zespo\u0142u: <strong>Zesp\u00f3\u0142 bada\u0144 empirycznych nad mediami i komunikowaniem<\/strong><\/span><br \/>\n<span style=\"font-size: 12pt;\">Lider: <strong>dr hab.<\/strong> <strong>Patrycja Szostok-Nowacka, prof. U\u015a<\/strong><\/span><br \/>\n<span style=\"font-size: 12pt;\">Czas trwania: <strong>2020-2021<\/strong><\/span><\/p>\n<p><strong><span style=\"font-size: 12pt;\">ZESP\u00d3\u0141 NR 7<br \/>\n<\/span><\/strong><span style=\"font-size: 12pt;\">Nazwa zespo\u0142u: <\/span><strong><span style=\"font-size: 12pt;\">Zesp\u00f3\u0142 bada\u0144 nad p\u0142ci\u0105 w nauce o mediach i komunikowaniu (projekt indywidualny)<br \/>\n<\/span><\/strong><span style=\"font-size: 12pt;\">Lider: <\/span><strong><span style=\"font-size: 12pt;\">dr Katarzyna Brzoza-Kolorz<br \/>\n<\/span><\/strong><span style=\"font-size: 12pt;\">Czas trwania:<\/span><strong><span style=\"font-size: 12pt;\"> 2020-2021<\/span><\/strong><\/p>\n<p><strong><span style=\"font-size: 12pt;\">ZESP\u00d3\u0141 NR 8<\/span><\/strong><br \/>\n<span style=\"font-size: 12pt;\">Nazwa zespo\u0142u: <\/span><strong><span style=\"font-size: 12pt;\">Zesp\u00f3\u0142 bada\u0144 nad histori\u0105 medi\u00f3w (projekt indywidualny)<br \/>\n<\/span><\/strong><span style=\"font-size: 12pt;\">Lider: <\/span><strong><span style=\"font-size: 12pt;\">dr hab. Sebastian Fikus, prof. U\u015a<br \/>\n<\/span><\/strong><span style=\"font-size: 12pt;\">Czas trwania:<\/span><strong><span style=\"font-size: 12pt;\"> 2020-2021<\/span><\/strong><\/p>\n<p><span style=\"font-size: 12pt;\">Szczeg\u00f3\u0142owe informacje na temat zespo\u0142\u00f3w badawczych (sk\u0142ad zespo\u0142u i obszary bada\u0144) znajd\u0105 Pa\u0144stwo w za\u0142\u0105czonym pliku: <a href=\"http:\/\/us.edu.pl\/instytut\/idkm\/wp-content\/uploads\/sites\/30\/Nieprzypisane\/ZESPO\u0141Y-BADAWCZE.pdf\" class=\"mtli_attachment mtli_pdf\" data-mtli=\"mtli_filesize104,62kB\">ZESPO\u0141Y BADAWCZE<\/a><\/span> \r\n                                <div class=\"mt-3\"><\/div>\r\n                            <\/div>\r\n                            \r\n                            \r\n                        <\/div>\r\n                    <\/div>\r\n                <\/div>[\/vc_column][\/vc_row][vc_row][vc_column][\/vc_column][\/vc_row]<\/p>\n<style type=\"text\/css\">a[data-mtli~=\"mtli_filesize104,62kB\"]:after {content:\" (104,62 kB)\"}<\/style>","protected":false},"excerpt":{"rendered":"<p>[vc_row][vc_column][\/vc_column][\/vc_row][vc_row][vc_column][\/vc_column][\/vc_row] [&#8230;]<\/p>\n<p><a class=\"btn btn-secondary understrap-read-more-link\" href=\"https:\/\/us.edu.pl\/instytut\/idkm\/nauka-i-badania\/\">Read More&#8230;<\/a><\/p>\n","protected":false},"author":202,"featured_media":0,"parent":0,"menu_order":0,"comment_status":"closed","ping_status":"closed","template":"","meta":{"_expiration-date-status":"","_expiration-date":0,"_expiration-date-type":"","_expiration-date-categories":[],"_expiration-date-options":[]},"acf":[],"_links":{"self":[{"href":"https:\/\/us.edu.pl\/instytut\/idkm\/wp-json\/wp\/v2\/pages\/123"}],"collection":[{"href":"https:\/\/us.edu.pl\/instytut\/idkm\/wp-json\/wp\/v2\/pages"}],"about":[{"href":"https:\/\/us.edu.pl\/instytut\/idkm\/wp-json\/wp\/v2\/types\/page"}],"author":[{"embeddable":true,"href":"https:\/\/us.edu.pl\/instytut\/idkm\/wp-json\/wp\/v2\/users\/202"}],"replies":[{"embeddable":true,"href":"https:\/\/us.edu.pl\/instytut\/idkm\/wp-json\/wp\/v2\/comments?post=123"}],"version-history":[{"count":5,"href":"https:\/\/us.edu.pl\/instytut\/idkm\/wp-json\/wp\/v2\/pages\/123\/revisions"}],"predecessor-version":[{"id":2548,"href":"https:\/\/us.edu.pl\/instytut\/idkm\/wp-json\/wp\/v2\/pages\/123\/revisions\/2548"}],"wp:attachment":[{"href":"https:\/\/us.edu.pl\/instytut\/idkm\/wp-json\/wp\/v2\/media?parent=123"}],"curies":[{"name":"wp","href":"https:\/\/api.w.org\/{rel}","templated":true}]}}