{"id":2852,"date":"2025-08-18T20:21:28","date_gmt":"2025-08-18T18:21:28","guid":{"rendered":"https:\/\/us.edu.pl\/instytut\/idkm\/?page_id=2852"},"modified":"2025-09-11T21:33:23","modified_gmt":"2025-09-11T19:33:23","slug":"poznaj-gosci-specjalnych-kongresu-ptks-wspolorganizowanego-przez-nasz-instytut","status":"publish","type":"page","link":"https:\/\/us.edu.pl\/instytut\/idkm\/nauka-i-badania\/poznaj-gosci-specjalnych-kongresu-ptks-wspolorganizowanego-przez-nasz-instytut\/","title":{"rendered":"Poznaj go\u015bci specjalnych Kongresu PTKS wsp\u00f3\u0142organizowanego przez nasz Instytut!"},"content":{"rendered":"<p><\/p>\n<p style=\"padding-left: 40px;\"><strong><span style=\"font-size: 14pt;\">W ramach VII Kongresu Polskiego Towarzystwa Komunikacji Spo\u0142ecznej, kt\u00f3ry odb\u0119dzie si\u0119 od 22 do 24 wrze\u015bnia 2025 w Katowicach b\u0119dziemy mogli wys\u0142ucha\u0107 prelekcji Go\u015bci zaproszonych przez Uniwersytet \u015al\u0105ski w Katowicach. Ich udzia\u0142 odbywa si\u0119 w ramach Programu \u201eMetropolitalny Fundusz Wspierania Nauki\u201d\u00a0<a href=\"https:\/\/www.facebook.com\/hashtag\/metropolianauki?__eep__=6&amp;__cft__%5b0%5d=AZVnBqqyvq6m4cpBIDN7DzHhQ5pPEmLpxnpgcTSkrMQb22eu-8CIsBN9QyzuKEXGHB047_-Syn3FXhrqydEAT2YNObPbDX_YVTOBuEStnAjrIR1odIWKdV76Wtg1Kx4Hu2eZgkPO7VajQINlyrytqlb1KZQmPPby7jRbmOBE3epXl4O-wEcaKaNBoZYRU7WxPLhS1WP_w7qWQT77_ADqzQ73faah90Udz_nE2yZpe44qSw&amp;__tn__=*NK-y-R\">#MetropoliaNauki<\/a>, finansowanego przez\u00a0<a href=\"https:\/\/www.facebook.com\/metropoliagzm?__cft__%5b0%5d=AZVnBqqyvq6m4cpBIDN7DzHhQ5pPEmLpxnpgcTSkrMQb22eu-8CIsBN9QyzuKEXGHB047_-Syn3FXhrqydEAT2YNObPbDX_YVTOBuEStnAjrIR1odIWKdV76Wtg1Kx4Hu2eZgkPO7VajQINlyrytqlb1KZQmPPby7jRbmOBE3epXl4O-wEcaKaNBoZYRU7WxPLhS1WP_w7qWQT77_ADqzQ73faah90Udz_nE2yZpe44qSw&amp;__tn__=-%5dK-y-R\">GZM. G\u00f3rno\u015bl\u0105sko-Zag\u0142\u0119biowska Metropolia<\/a>.<\/span><\/strong><\/p>\n<h2 style=\"padding-left: 40px;\"><span lang=\"en-GB\" style=\"font-size: 14pt;\"><b>Profesor Rachel Gibson (University of Manchester<\/b><\/span><\/h2>\n<p style=\"padding-left: 40px; text-align: center;\"><span style=\"font-size: 14pt;\"><img class=\"alignnone wp-image-2940 size-full\" src=\"https:\/\/us.edu.pl\/instytut\/idkm\/wp-content\/uploads\/sites\/30\/Bez-kategorii\/07-2.jpg\" alt=\"\" width=\"940\" height=\"788\" srcset=\"https:\/\/us.edu.pl\/instytut\/idkm\/wp-content\/uploads\/sites\/30\/Bez-kategorii\/07-2.jpg 940w, https:\/\/us.edu.pl\/instytut\/idkm\/wp-content\/uploads\/sites\/30\/Bez-kategorii\/07-2-300x251.jpg 300w, https:\/\/us.edu.pl\/instytut\/idkm\/wp-content\/uploads\/sites\/30\/Bez-kategorii\/07-2-768x644.jpg 768w, https:\/\/us.edu.pl\/instytut\/idkm\/wp-content\/uploads\/sites\/30\/Bez-kategorii\/07-2-575x482.jpg 575w\" sizes=\"(max-width: 940px) 100vw, 940px\" \/><\/span><\/p>\n<p style=\"padding-left: 40px;\"><span style=\"font-size: 14pt;\">Profesor Rachel Gibson jest uznan\u0105 badaczk\u0105 proces\u00f3w demokratycznych w erze cyfrowej. Od 2007 roku zwi\u0105zana z University of Manchester, gdzie prowadzi badania nad wp\u0142ywem technologii cyfrowych na kampanie wyborcze i partycypacj\u0119 polityczn\u0105. W latach 2016\u20132019 kierowa\u0142a presti\u017cowym Cathie Marsh Institute for Social Research. Jej projekty by\u0142y finansowane m.in. przez Europejsk\u0105 Rad\u0119 ds. Bada\u0144 Naukowych, Brytyjsk\u0105 Rad\u0119 ds. Bada\u0144 Spo\u0142eczno-Ekonomicznych oraz Australijsk\u0105 Rad\u0119 ds. Bada\u0144 Naukowych.<\/span><\/p>\n<p style=\"padding-left: 40px;\"><span style=\"font-size: 14pt;\">Gibson jest autork\u0105 licznych publikacji, w tym cenionej ksi\u0105\u017cki <i>When the Nerds Go Marching In<\/i> (2020), w kt\u00f3rej analizuje ewolucj\u0119 kampanii cyfrowych w Wielkiej Brytanii, Australii, Francji i USA. W swoich badaniach wskazuje zar\u00f3wno na demokratyzuj\u0105cy potencja\u0142 medi\u00f3w spo\u0142eczno\u015bciowych, jak i na ryzyka zwi\u0105zane z mikrotargetowaniem, manipulacj\u0105 informacyjn\u0105 czy rosn\u0105c\u0105 rol\u0105 technokrat\u00f3w w procesach wyborczych. Jej interdyscyplinarne podej\u015bcie i wk\u0142ad w metodologi\u0119 bada\u0144 politycznych zosta\u0142y docenione m.in. przez British Academy.<\/span><\/p>\n<p style=\"padding-left: 40px;\"><span lang=\"en-GB\" style=\"font-size: 14pt;\"><b>Profesor Claes de Vreese (University of Amsterdam)<\/b><\/span><\/p>\n<p style=\"text-align: center;\"><span style=\"font-size: 14pt;\"><img class=\"alignnone wp-image-2941 size-full\" src=\"https:\/\/us.edu.pl\/instytut\/idkm\/wp-content\/uploads\/sites\/30\/Bez-kategorii\/06-2.jpg\" alt=\"\" width=\"940\" height=\"788\" srcset=\"https:\/\/us.edu.pl\/instytut\/idkm\/wp-content\/uploads\/sites\/30\/Bez-kategorii\/06-2.jpg 940w, https:\/\/us.edu.pl\/instytut\/idkm\/wp-content\/uploads\/sites\/30\/Bez-kategorii\/06-2-300x251.jpg 300w, https:\/\/us.edu.pl\/instytut\/idkm\/wp-content\/uploads\/sites\/30\/Bez-kategorii\/06-2-768x644.jpg 768w, https:\/\/us.edu.pl\/instytut\/idkm\/wp-content\/uploads\/sites\/30\/Bez-kategorii\/06-2-575x482.jpg 575w\" sizes=\"(max-width: 940px) 100vw, 940px\" \/><\/span><\/p>\n<p style=\"padding-left: 40px;\"><span style=\"font-size: 14pt;\">Profesor Claes de Vreese to jeden z najwa\u017cniejszych europejskich badaczy komunikacji politycznej i cyfrowej. Zatrudniony na Uniwersytecie Amsterdamskim, kieruje Katedr\u0105 Komunikacji Politycznej w ASCoR oraz wsp\u00f3\u0142tworzy AI, Media &amp; Democracy Lab. Laureat presti\u017cowej nagrody Nils Klim Prize, cz\u0142onek Kr\u00f3lewskiej Holenderskiej Akademii Sztuk i Nauk, autor ponad 300 publikacji naukowych.<\/span><\/p>\n<p style=\"padding-left: 40px;\"><span style=\"font-size: 14pt;\">Jego badania koncentruj\u0105 si\u0119 na polaryzacji, dezinformacji i kryzysie zaufania w demokracjach cyfrowych. De Vreese pokazuje m.in., \u017ce walka z dezinformacj\u0105 bywa politycznie instrumentalizowana, a odporno\u015b\u0107 na ni\u0105 zale\u017cy nie tyle od kompetencji poznawczych, ile od motywacji i sympatii politycznych odbiorc\u00f3w. W swoich pracach zach\u0119ca do krytycznej refleksji nad granicami edukacji medialnej i nad tym, czy podnoszenie kompetencji cyfrowych rzeczywi\u015bcie przek\u0142ada si\u0119 na wi\u0119ksze zaanga\u017cowanie obywateli.<\/span><\/p>\n<p style=\"padding-left: 40px;\"><span style=\"font-size: 14pt;\">VII Kongres Polskiego Towarzystwa Komunikacji Spo\u0142ecznej 2025 jest wsp\u00f3\u0142organizowany przez Instytut Komunikacji Medialnej U\u015a. Wi\u0119cej informacji o Go\u015bciach specjalnych oraz samym wydarzeniu dost\u0119pnych jest na stronie organizatora <a href=\"https:\/\/7.kongres.ptks.pl\/pl\/\">Kongres<\/a>.<\/span><\/p>\n<p style=\"text-align: center;\"><img class=\"aligncenter wp-image-2932 size-full\" src=\"https:\/\/us.edu.pl\/instytut\/idkm\/wp-content\/uploads\/sites\/30\/Bez-kategorii\/szablon_gzm.jpg\" alt=\"\" width=\"800\" height=\"151\" srcset=\"https:\/\/us.edu.pl\/instytut\/idkm\/wp-content\/uploads\/sites\/30\/Bez-kategorii\/szablon_gzm.jpg 800w, https:\/\/us.edu.pl\/instytut\/idkm\/wp-content\/uploads\/sites\/30\/Bez-kategorii\/szablon_gzm-300x57.jpg 300w, https:\/\/us.edu.pl\/instytut\/idkm\/wp-content\/uploads\/sites\/30\/Bez-kategorii\/szablon_gzm-768x145.jpg 768w, https:\/\/us.edu.pl\/instytut\/idkm\/wp-content\/uploads\/sites\/30\/Bez-kategorii\/szablon_gzm-575x109.jpg 575w\" sizes=\"(max-width: 800px) 100vw, 800px\" \/><\/p>\n<hr \/>\n<p style=\"padding-left: 40px;\"><strong><span style=\"font-size: 14pt;\">As part of the 7th Congress of the Polish Society for Social Communication, which will take place from September 22 to 24, 2025, in Katowice, we will be able to listen to lectures by guests invited by the University of Silesia in Katowice. Their participation takes place as part of the &#8222;Metropolitan Science Support Fund&#8221; Program &#8211; Project entitled &#8222;Prof. Claes de Vreese and Prof. Rachel Gibson &#8211; a world-class scientist in the field of political communication in the era of media transformation&#8221;\u00a0<a href=\"https:\/\/www.facebook.com\/hashtag\/metropolianauki\" target=\"_blank\" rel=\"noopener\">#MetropoliaNauki<\/a>, financed by\u00a0<a href=\"https:\/\/www.facebook.com\/metropoliagzm\">GZM. G\u00f3rno\u015bl\u0105sko-Zag\u0142\u0119biowska Metropolia<\/a>.<\/span><\/strong><\/p>\n<h3><\/h3>\n<h3 style=\"padding-left: 40px;\"><span lang=\"en-GB\" style=\"font-size: 14pt;\">Meet the special guests of the PTKS Congress co-organised by our Institute!<\/span><\/h3>\n<p style=\"padding-left: 40px;\"><span lang=\"en-GB\" style=\"font-size: 14pt;\">As part of the 7th Congress of the Polish Society for Social Communication to be held from 22 to 24 September 2025 in Katowice, we will be able to listen to lectures by guest speakers invited by the University of Silesia in Katowice. Their participation is taking place within the framework of the \u2018Metropolitan Science Support Fund\u2019 Programme. #MetropoliaNauki, funded by the GZM. Upper Silesian and Zag\u0142\u0119bie Metropolis.<\/span><\/p>\n<p style=\"padding-left: 40px;\"><span lang=\"en-GB\" style=\"font-size: 14pt;\"><b>Professor Rachel Gibson (University of Manchester)<\/b><\/span><\/p>\n<p style=\"padding-left: 40px;\"><span lang=\"en-GB\" style=\"font-size: 14pt;\">Professor Rachel Gibson is an established researcher of democratic processes in the digital age. She has been affiliated with the University of Manchester since 2007, where she researches the impact of digital technologies on electoral campaigns and political participation. From 2016 to 2019, she directed the prestigious Cathie Marsh Institute for Social Research. Her projects have been funded by the European Research Council, the UK Economic and Social Research Council and the Australian Research Council, among others.<\/span><\/p>\n<p style=\"padding-left: 40px;\"><span lang=\"en-GB\" style=\"font-size: 14pt;\">Gibson is the author of numerous publications, including the acclaimed When the Nerds Go Marching In (2020), in which she analyses the evolution of digital campaigns in the UK, Australia, France and the US. Her research points to both the democratising potential of social media and the risks of microtargeting, information manipulation or the growing role of technocrats in electoral processes. Her interdisciplinary approach and contributions to political research methodology have been recognised by, among others, the British Academy.<\/span><\/p>\n<p style=\"padding-left: 40px;\"><span lang=\"en-GB\" style=\"font-size: 14pt;\"><b>Professor Claes de Vreese (University of Amsterdam)<\/b><\/span><\/p>\n<p style=\"padding-left: 40px;\"><span lang=\"en-GB\" style=\"font-size: 14pt;\">Professor Claes de Vreese is one of Europe&#8217;s foremost political and digital communication scholars. Employed at the University of Amsterdam, he heads the Department of Political Communication at ASCoR and co-founded the AI, Media &amp; Democracy Lab. Winner of the prestigious Nils Klim Prize, member of the Royal Netherlands Academy of Arts and Sciences, and author of more than 300 scientific publications.<\/span><\/p>\n<p style=\"padding-left: 40px;\"><span lang=\"en-GB\" style=\"font-size: 14pt;\">His research focuses on polarisation, disinformation and the crisis of trust in digital democracies. De Vreese shows, among other things, that the fight against disinformation is sometimes politically instrumentalised, and that resistance to it depends not so much on cognitive competence as on the motivations and political sympathies of the audience. His work encourages critical reflection on the limits of media education and whether raising digital competences translates into greater citizen involvement.<\/span><\/p>\n<p style=\"padding-left: 40px;\"><span lang=\"en-GB\" style=\"font-size: 14pt;\">The 7th Congress of the Polish Society of Social Communication 2025 is co-organised by the Institute of Media Communication of the University of Silesia. More information about the Special Guests and the event itself is available on the Congress organiser&#8217;s website <a href=\"https:\/\/7.kongres.ptks.pl\/en\/\">Congress<\/a>.<\/span><\/p>\n<p style=\"text-align: center;\"><img class=\"aligncenter wp-image-2932 size-full\" src=\"https:\/\/us.edu.pl\/instytut\/idkm\/wp-content\/uploads\/sites\/30\/Bez-kategorii\/szablon_gzm.jpg\" alt=\"\" width=\"800\" height=\"151\" srcset=\"https:\/\/us.edu.pl\/instytut\/idkm\/wp-content\/uploads\/sites\/30\/Bez-kategorii\/szablon_gzm.jpg 800w, https:\/\/us.edu.pl\/instytut\/idkm\/wp-content\/uploads\/sites\/30\/Bez-kategorii\/szablon_gzm-300x57.jpg 300w, https:\/\/us.edu.pl\/instytut\/idkm\/wp-content\/uploads\/sites\/30\/Bez-kategorii\/szablon_gzm-768x145.jpg 768w, https:\/\/us.edu.pl\/instytut\/idkm\/wp-content\/uploads\/sites\/30\/Bez-kategorii\/szablon_gzm-575x109.jpg 575w\" sizes=\"(max-width: 800px) 100vw, 800px\" \/><\/p>\n<hr \/>\n<p style=\"padding-left: 40px;\">\n<p><\/p>","protected":false},"excerpt":{"rendered":"<p>W ramach VII Kongresu Polskiego Towarzystwa Komunikacji Spo\u0142ecznej, kt\u00f3ry odb\u0119dzie si\u0119 od 22 do 24 wrze\u015bnia 2025 w Katowicach b\u0119dziemy mogli wys\u0142ucha\u0107 prelekcji Go\u015bci zaproszonych przez Uniwersytet \u015al\u0105ski w Katowicach. Ich udzia\u0142 odbywa si\u0119 w ramach Programu \u201eMetropolitalny Fundusz Wspierania Nauki\u201d\u00a0#MetropoliaNauki, finansowanego przez\u00a0GZM. G\u00f3rno\u015bl\u0105sko-Zag\u0142\u0119biowska Metropolia. Profesor Rachel Gibson (University of Manchester Profesor Rachel Gibson jest [&#8230;]<\/p>\n<p><a class=\"btn btn-secondary understrap-read-more-link\" href=\"https:\/\/us.edu.pl\/instytut\/idkm\/nauka-i-badania\/poznaj-gosci-specjalnych-kongresu-ptks-wspolorganizowanego-przez-nasz-instytut\/\">Read More&#8230;<\/a><\/p>\n","protected":false},"author":202,"featured_media":2854,"parent":123,"menu_order":0,"comment_status":"closed","ping_status":"closed","template":"","meta":{"_expiration-date-status":"","_expiration-date":0,"_expiration-date-type":"","_expiration-date-categories":[],"_expiration-date-options":[]},"acf":[],"_links":{"self":[{"href":"https:\/\/us.edu.pl\/instytut\/idkm\/wp-json\/wp\/v2\/pages\/2852"}],"collection":[{"href":"https:\/\/us.edu.pl\/instytut\/idkm\/wp-json\/wp\/v2\/pages"}],"about":[{"href":"https:\/\/us.edu.pl\/instytut\/idkm\/wp-json\/wp\/v2\/types\/page"}],"author":[{"embeddable":true,"href":"https:\/\/us.edu.pl\/instytut\/idkm\/wp-json\/wp\/v2\/users\/202"}],"replies":[{"embeddable":true,"href":"https:\/\/us.edu.pl\/instytut\/idkm\/wp-json\/wp\/v2\/comments?post=2852"}],"version-history":[{"count":10,"href":"https:\/\/us.edu.pl\/instytut\/idkm\/wp-json\/wp\/v2\/pages\/2852\/revisions"}],"predecessor-version":[{"id":2944,"href":"https:\/\/us.edu.pl\/instytut\/idkm\/wp-json\/wp\/v2\/pages\/2852\/revisions\/2944"}],"up":[{"embeddable":true,"href":"https:\/\/us.edu.pl\/instytut\/idkm\/wp-json\/wp\/v2\/pages\/123"}],"wp:featuredmedia":[{"embeddable":true,"href":"https:\/\/us.edu.pl\/instytut\/idkm\/wp-json\/wp\/v2\/media\/2854"}],"wp:attachment":[{"href":"https:\/\/us.edu.pl\/instytut\/idkm\/wp-json\/wp\/v2\/media?parent=2852"}],"curies":[{"name":"wp","href":"https:\/\/api.w.org\/{rel}","templated":true}]}}