{"id":970,"date":"2020-11-18T19:25:01","date_gmt":"2020-11-18T18:25:01","guid":{"rendered":"https:\/\/us.edu.pl\/instytut\/idkm\/?page_id=970"},"modified":"2021-03-23T15:40:07","modified_gmt":"2021-03-23T14:40:07","slug":"prof-dr-hab-kazimierz-wolny-zmorzynski","status":"publish","type":"page","link":"https:\/\/us.edu.pl\/instytut\/idkm\/prof-dr-hab-kazimierz-wolny-zmorzynski\/","title":{"rendered":"prof. dr hab. Kazimierz Wolny-Zmorzy\u0144ski"},"content":{"rendered":"<p><\/p>\n<h3 style=\"text-align: center\">prof. dr hab. Kazimierz Wolny-Zmorzy\u0144ski<\/h3>\n<p style=\"text-align: center\"><img class=\"alignnone wp-image-1013 size-full\" src=\"https:\/\/us.edu.pl\/instytut\/idkm\/wp-content\/uploads\/sites\/30\/2020\/11\/wolny-zmorzynski.jpg\" alt=\"\" width=\"640\" height=\"640\" srcset=\"https:\/\/us.edu.pl\/instytut\/idkm\/wp-content\/uploads\/sites\/30\/2020\/11\/wolny-zmorzynski.jpg 640w, https:\/\/us.edu.pl\/instytut\/idkm\/wp-content\/uploads\/sites\/30\/2020\/11\/wolny-zmorzynski-400x400.jpg 400w, https:\/\/us.edu.pl\/instytut\/idkm\/wp-content\/uploads\/sites\/30\/2020\/11\/wolny-zmorzynski-300x300.jpg 300w, https:\/\/us.edu.pl\/instytut\/idkm\/wp-content\/uploads\/sites\/30\/2020\/11\/wolny-zmorzynski-575x575.jpg 575w\" sizes=\"(max-width: 640px) 100vw, 640px\" \/><\/p>\n<p style=\"padding-left: 40px\"><span style=\"font-size: 14pt\">Adres mailowy<\/span><br \/>\n<a href=\"mailto:kazimierz.wolny-zmorzynski@us.edu.pl\"><strong><span style=\"font-size: 14pt\">kazimierz.wolny-zmorzynski@us.edu.pl<\/span><\/strong><\/a><br \/>\n<span style=\"font-size: 14pt\">ORCID<\/span><br \/>\n<a href=\"https:\/\/orcid.org\/0000-0002-8051-8488\"><strong><span style=\"font-size: 14pt\">https:\/\/orcid.org\/0000-0002-8051-8488<\/span><\/strong><\/a><br \/>\n<span style=\"font-size: 14pt\">Research Gate<\/span><br \/>\n<a href=\"https:\/\/www.researchgate.net\/profile\/Kazimierz_Wolny-Zmorzynski\"><strong><span style=\"font-size: 14pt\">https:\/\/www.researchgate.net\/profile\/Kazimierz_Wolny-Zmorzynski<\/span><\/strong><\/a><br \/>\n<span style=\"font-size: 14pt\">Google Scholar<\/span><br \/>\n<a href=\"https:\/\/scholar.google.pl\/citations?hl=pl&amp;user=Jtcj98cAAAAJ\"><strong><span style=\"font-size: 14pt\">https:\/\/scholar.google.pl\/citations?hl=pl&amp;user=Jtcj98cAAAAJ<\/span><\/strong><\/a><\/p>\n<p style=\"padding-left: 40px\"><strong><span style=\"font-size: 14pt\">Monografie:<\/span><\/strong><\/p>\n<p style=\"padding-left: 40px\"><span style=\"font-size: 14pt\">1. O poetyce wsp\u00f3\u0142czesnego reporta\u017cu polskiego 1945-1985 (Rzesz\u00f3w 1991).<\/span><\/p>\n<p style=\"padding-left: 40px\"><span style=\"font-size: 14pt\">2. Sztuka reporta\u017cu Melchiora Wa\u0144kowicza (Rzesz\u00f3w 1991).<\/span><\/p>\n<p style=\"padding-left: 40px\"><span style=\"font-size: 14pt\">3. Teoria literatury. Zarys problematyki (Budapest 1991, Rzesz\u00f3w 1995, 1997, 2000, 2005, 2015, 2018).<\/span><\/p>\n<p style=\"padding-left: 40px\"><span style=\"font-size: 14pt\">4. Z teorii prozy narracyjnej i reporta\u017cu (Kielce 1992).<\/span><\/p>\n<p style=\"padding-left: 40px\"><span style=\"font-size: 14pt\">5. Wa\u0144kowicz o Monte Cassino (Kielce-Rzesz\u00f3w 1994).<\/span><\/p>\n<p style=\"padding-left: 40px\"><span style=\"font-size: 14pt\">6. Reporta\u017ce wojenne Melchiora Wa\u0144kowicza 1939-1945 (Kielce-Rzesz\u00f3w 1995).<\/span><\/p>\n<p style=\"padding-left: 40px\"><span style=\"font-size: 14pt\">7. Reporta\u017c \u2013 jak go napisa\u0107? (Warszawa 1996; 2004).<\/span><\/p>\n<p style=\"padding-left: 40px\"><span style=\"font-size: 14pt\">8. O tw\u00f3rczo\u015bci Ryszarda Kapu\u015bci\u0144skiego. Pr\u00f3ba interpretacji (Rzesz\u00f3w 1998).<\/span><\/p>\n<p style=\"padding-left: 40px\"><span style=\"font-size: 14pt\">9. Wobec \u015bwiata i medi\u00f3w. Ryszarda Kapu\u015bci\u0144skiego dylematy dziennikarskie, literackie, spo\u0142eczno-polityczne (Krak\u00f3w 1999).<\/span><\/p>\n<p style=\"padding-left: 40px\"><span style=\"font-size: 14pt\">10. Wok\u00f3\u0142 tw\u00f3rczo\u015bci Melchiora Wa\u0144kowicza. W stron\u0119 dziennikarstwa, socjologii, polityki oraz krytyki literackiej (Krak\u00f3w 1999).<\/span><\/p>\n<p style=\"padding-left: 40px\"><span style=\"font-size: 14pt\">11. Gatunki dziennikarskie. Specyfika ich tworzenia i redagowania &#8211; wsp\u00f3\u0142autorstwo Andrzej Kaliszewski i Wojciech Furman (Rzesz\u00f3w 1999).<\/span><\/p>\n<p style=\"padding-left: 40px\"><span style=\"font-size: 14pt\">12. Ryszard Kapu\u015bci\u0144ski w labiryncie wsp\u00f3\u0142czesno\u015bci (Krak\u00f3w 2004).<\/span><\/p>\n<p style=\"padding-left: 40px\"><span style=\"font-size: 14pt\">13. Gatunki dziennikarskie. Teoria, praktyka, j\u0119zyk\u00a0\u00a0\u2013 wsp\u00f3\u0142autorstwo z Wojciechem Furmanem i Andrzejem Kaliszewskim (Warszawa 2006; 2009).<\/span><\/p>\n<p style=\"padding-left: 40px\"><span style=\"font-size: 14pt\">14. Fotograficzne gatunki dziennikarskie (Warszawa 2007).<\/span><\/p>\n<p style=\"padding-left: 40px\"><span style=\"font-size: 14pt\">15. \u0179r\u00f3d\u0142a informacji dla dziennikarza\u00a0\u00a0\u2013 wsp\u00f3\u0142autorstwo z Wojciechem Furmanem, Andrzejem Kaliszewskim i Katarzyn\u0105 Pokorn\u0105-Ignatowicz (Warszawa 2008).<\/span><\/p>\n<p style=\"padding-left: 40px\"><span style=\"font-size: 14pt\">16. O wybranych problemach dziennikarstwa: genologia i mistrzowie (Kielce 2009).<\/span><\/p>\n<p style=\"padding-left: 40px\"><span style=\"font-size: 14pt\">17. Jaka informacja? Rzecz o percepcji fotografii dziennikarskiej (Krak\u00f3w 2010).<\/span><\/p>\n<p style=\"padding-left: 40px\"><span style=\"font-size: 14pt\">18. Fotografia dziennikarska. Teoria \u2013 praktyka &#8211; prawo &#8211; wsp\u00f3\u0142autorstwo z Ew\u0105 Nowi\u0144sk\u0105, Krzysztofem Groniem, Waldemarem Sosnowskim (Warszawa 2011).<\/span><\/p>\n<p style=\"padding-left: 40px\"><span style=\"font-size: 14pt\">19. Prasowe gatunki dziennikarskie \u2013 wsp\u00f3\u0142autorstwo z Andrzejem Kaliszewskim, Wojciechem Furmanem i Jerzym Snopkiem (Warszawa 2014).<\/span><\/p>\n<p style=\"padding-left: 40px\"><span style=\"font-size: 14pt\">20. Mistrzowie fotografii dziennikarskiej. Ocena i warto\u015bciowanie (Warszawa 2015).<\/span><\/p>\n<p style=\"padding-left: 40px\"><span style=\"font-size: 14pt\">21. Co jest grane? O cechach dystynktywnych gatunk\u00f3w radiowych i telewizyjnych \u2013 wsp\u00f3\u0142autorstwo z Andrzejem Kaliszewskim (Warszawa 2016).<\/span><\/p>\n<p style=\"padding-left: 40px\"><span style=\"font-size: 14pt\">22. Na tropach reporta\u017cu i fotografii dziennikarskiej (Krak\u00f3w 2018).<\/span><\/p>\n<p style=\"padding-left: 40px\"><span style=\"font-size: 14pt\">23. Biblia a korzenie reporta\u017cu (Toru\u0144 2020).<\/span><\/p>\n<p style=\"padding-left: 40px\"><strong><span style=\"font-size: 14pt\">Ksi\u0105\u017cki naukowe wed\u0142ug pomys\u0142u i pod redakcj\u0105 Kazimierza Wolnego Zmorzy\u0144skiego:<\/span><\/strong><\/p>\n<p style=\"padding-left: 40px\"><span style=\"font-size: 14pt\">1. Studia Humanistyczne Towarzystwa Literackiego im. Adama Mickiewicza- tom II pod redakcj\u0105 Kazimierza Wolnego. Kielce 1991.<\/span><\/p>\n<p style=\"padding-left: 40px\"><span style=\"font-size: 14pt\">2. Reporta\u017c &#8211; wyb\u00f3r tekst\u00f3w z teorii gatunku. Rzesz\u00f3w 1992.<\/span><\/p>\n<p style=\"padding-left: 40px\"><span style=\"font-size: 14pt\">3. Studia Humanistyczne Towarzystwa Literackiego im. Adama Mickiewicza- tom III pod redakcj\u0105 Kazimierza Wolnego. Kielce 1992.<\/span><\/p>\n<p style=\"padding-left: 40px\"><span style=\"font-size: 14pt\">4. Studia Humanistyczne Towarzystwa Literackiego im. Adma Mickiewicza- tom IV pod redakcj\u0105 Heleny Wolny i Kazimierza Wolnego. Kielce 1994.<\/span><\/p>\n<p style=\"padding-left: 40px\"><span style=\"font-size: 14pt\">5. Studia Humanistyczne Towarzystwa Literackiego im. Adama Mickiewicza- tom V pod redakcj\u0105 Heleny Wolny i Kazimierza Wolnego. Kielce 1995.<\/span><\/p>\n<p style=\"padding-left: 40px\"><span style=\"font-size: 14pt\">6. Studia Humanistyczne Towarzystwa Literackiego im. Adama Mickiewicza- tom VI pod redakcj\u0105 Heleny Wolny i Kazimierza Wolnego. Tom VI. Kielce 1996.<\/span><\/p>\n<p style=\"padding-left: 40px\"><span style=\"font-size: 14pt\">7. Studia Humanistyczne Towarzystwa Literackiego im. Adama Mickiewicza- tom VII pod redakcj\u0105 Heleny Wolny i Kazimierza Wolnego. Kielce 1996.<\/span><\/p>\n<p style=\"padding-left: 40px\"><span style=\"font-size: 14pt\">8. Studia Humanistyczne Towarzystwa Literackiego im. Adama Mickiewicza- tom VIII pod redakcj\u0105 Heleny Wolny i Kazimierza Wolnego. Kielce 1997.<\/span><\/p>\n<p style=\"padding-left: 40px\"><span style=\"font-size: 14pt\">9. Media regionalne i lokalne a demokracja na szczeblu lokalnym- pod redakcj\u0105 Wojciecha Furmana i Kazimierza Wolnego. Rzesz\u00f3w 1998.<\/span><\/p>\n<p style=\"padding-left: 40px\"><span style=\"font-size: 14pt\">10. Poetyka i pragmatyka gatunk\u00f3w dziennikarskich- pod redakcj\u0105 Kazimierza Wolnego-Zmorzy\u0144skiego i Wojciecha Furmana. Rzesz\u00f3w 1999.<\/span><\/p>\n<p style=\"padding-left: 40px\"><span style=\"font-size: 14pt\">11. W kr\u0119gu euroregion\u00f3w. Rola medi\u00f3w w komunikowaniu mi\u0119dzykulturowym na przyk\u0142adzie Euroregionu Karpaty- pod redakcj\u0105 Kazimierza Wolnego-Zmorzy\u0144skiego i Wojciecha Furmana. Rzesz\u00f3w 2000.<\/span><\/p>\n<p style=\"padding-left: 40px\"><span style=\"font-size: 14pt\">12. Media regionalne a idea i praktyka integracji europejskiej- pod redakcj\u0105 Wojciecha Furmana i Kazimierza Wolnego-Zmorzy\u0144skiego. Krak\u00f3w-Rzesz\u00f3w 2001.<\/span><\/p>\n<p style=\"padding-left: 40px\"><span style=\"font-size: 14pt\">13. Mistrzowie reporta\u017cu. Antologia tekst\u00f3w- wst\u0119p i opracowanie Kazimierz Wolny-Zmorzy\u0144ski. Rzesz\u00f3w 2001.<\/span><\/p>\n<p style=\"padding-left: 40px\"><span style=\"font-size: 14pt\">14. Pa\u0144stwa Europy \u015brodkowowschodniej w drodze do Unii Europejskiej. Rola medi\u00f3w- pod redakcj\u0105 Teresy Sasinskiej-Klas, Wojciecha Furmana i Kazimierza Wolnego-Zmorzy\u0144skiego. Rzesz\u00f3w 2002.<\/span><\/p>\n<p style=\"padding-left: 40px\"><span style=\"font-size: 14pt\">15. W drodze do Unii Europejskiej. Gospodarka, Kultura, Media- pod redakcj\u0105 Krzysztofa Kaszuby, Teresy Sasi\u0144skiej-Klas i Kazimierza Wolnego-Zmorzy\u0144skiego. Krak\u00f3w-Rzesz\u00f3w 2004.<\/span><\/p>\n<p style=\"padding-left: 40px\"><span style=\"font-size: 14pt\">16. Reporta\u017c a przemiany spo\u0142eczne po 1989 roku- pod redakcj\u0105 Kazimierza Wolnego-Zmorzy\u0144skiego i Wojciecha Furmana. Krak\u00f3w-Rzesz\u00f3w 2005.<\/span><\/p>\n<p style=\"padding-left: 40px\"><span style=\"font-size: 14pt\">17. Mi\u0119dzy odpowiedzialno\u015bci\u0105 a sensacj\u0105. Dziennikarstwo na prze\u0142omie wiek\u00f3w- pod redakcj\u0105 Kazimierza Wolnego-Zmorzy\u0144skiego, Marty Wro\u0144skiej, Wojciecha Furmana. Krak\u00f3w-Rzesz\u00f3w 2006.<\/span><\/p>\n<p style=\"padding-left: 40px\"><span style=\"font-size: 14pt\">18. S\u0142ownik termin\u00f3w medialnych- pod redakcj\u0105 Walerego Pisarka, Kazimierza Wolnego-Zmorzy\u0144skiego, Zbigniewa Bauera, Edwarda Chudzi\u0144skiego. Universitas. Krak\u00f3w 2006. (Inf. &#8222;Zeszyty Prasoznawcze&#8221; nr 2, rok 2019).<\/span><\/p>\n<p style=\"padding-left: 40px\"><span style=\"font-size: 14pt\">19. Regionalne i lokalne \u015brodki masowego przekazu. Kontekst mi\u0119dzynarodowy i krajowy- pod redakcj\u0105 Janusza Adamowskiego i Kazimierza Wolnego-Zmorzy\u0144skiego. Warszawa 2007.<\/span><\/p>\n<p style=\"padding-left: 40px\"><span style=\"font-size: 14pt\">20. Ryszard Kapu\u015bci\u0144ski. Portret dziennikarza i my\u015bliciela- pod redakcj\u0105 Kazimierza Wolnego-Zmorzy\u0144skiego, Wies\u0142awy Pi\u0105tkowskiej-Stepaniak, Wojciecha Furmana. Opole 2008.<\/span><\/p>\n<p style=\"padding-left: 40px\"><span style=\"font-size: 14pt\">21. Media regionalne i lokalne. Sukcesy i pora\u017cki- pod redakcj\u0105 Janusza Adamowskiego, Kazimierza Wolnego-Zmorzy\u0144skiego i Wojciecha Furmana. Kielce 2008.<\/span><\/p>\n<p style=\"padding-left: 40px\"><span style=\"font-size: 14pt\">22. Internetowe gatunki dziennikarskie- pod redakcj\u0105 Kazimierza Wolnego-Zmorzy\u0144skiego i Wojciecha Furmana. Warszawa 2010.<\/span><\/p>\n<p style=\"padding-left: 40px\"><span style=\"font-size: 14pt\">23. Demokratyczne przemiany polskich medi\u00f3w w latach 1989-2009- pod redakcj\u0105 Kazimierza Wolnego-Zmorzy\u0144skiego, Wojciecha Furmana, Joanny Marsza\u0142ek-Kawy. Toru\u0144 2010.<\/span><\/p>\n<p style=\"padding-left: 40px\"><span style=\"font-size: 14pt\">24. Prawo, etyka czy rynek? Zmiany w polskich mediach po 1989 roku- pod redakcj\u0105 Kazimierza Wolnego-Zmorzy\u0144skiego, Wojciecha Furmana, Joanny Marsza\u0142ek-Kawy. Toru\u0144 2010.<\/span><\/p>\n<p style=\"padding-left: 40px\"><span style=\"font-size: 14pt\">25. Radio i gazety. Transformacja polskich medi\u00f3w regionalnych po 1989 roku- pod redakcj\u0105 Kazimierza Wolnego-Zmorzy\u0144skiego, Wojciecha Furmana, Joanny Marsza\u0142ek-Kawy. Toru\u0144 2010.<\/span><\/p>\n<p style=\"padding-left: 40px\"><span style=\"font-size: 14pt\">26. Ludzie polskich medi\u00f3w. Celebryci a redaktorzy- pod redakcj\u0105 Kazimierza Wolnego-Zmorzy\u0144skiego, Wojciecha Furmana, Joanny Marsza\u0142ek-Kawy. Toru\u0144 2010.<\/span><\/p>\n<p style=\"padding-left: 40px\"><span style=\"font-size: 14pt\">27. Dziennikarstwo a literatura w XX i XXI wieku- pod redakcj\u0105 Kazimierza Wolnego-Zmorzy\u0144skiego, Wojciecha Furmana i Jerzego Snopka. Warszawa 2011.<\/span><\/p>\n<p style=\"padding-left: 40px\"><span style=\"font-size: 14pt\">28. Mistrzowie literatury czy dziennikarstwa?- pod redakcj\u0105 Kazimierza Wolnego-Zmorzy\u0144skiego, Wojciecha Furmana i Jerzego Snopka. Warszawa 2011.<\/span><\/p>\n<p style=\"padding-left: 40px\"><span style=\"font-size: 14pt\">29. Korespondent wojenny. Etyka \u2013 Historia- Wsp\u00f3\u0142czesno\u015b\u0107- pod redakcj\u0105 Kazimierza Wolnego-Zmorzy\u0144skiego, Jerzego Snopka, Wojciecha Furmana, Katarzyny Bernat. Kielce 2012.<\/span><\/p>\n<p style=\"padding-left: 40px\"><span style=\"font-size: 14pt\">30. Komunikacja wizualna w prasie i mediach elektronicznych- pod redakcj\u0105 Kazimierza Wolnego-Zmorzy\u0144skiego, Wojciecha Furmana, Jerzego Snopka, Krzysztofa Gronia. Warszawa 2013.<\/span><\/p>\n<p style=\"padding-left: 40px\"><span style=\"font-size: 14pt\">31. Komunikacja wizualna w reklamie, public relations i w prawie- pod redakcj\u0105 Kazimierza Wolnego-Zmorzy\u0144skiego, Wojciecha Furmana, Jerzego Snopka, Krzysztofa Gronia. Warszawa 2013.<\/span><\/p>\n<p style=\"padding-left: 40px\"><span style=\"font-size: 14pt\">32. Dzienniki regionalne w Polsce- pod redakcj\u0105 Paw\u0142a Kucy, Wojciecha Furmana, Kazimierza Wolnego-Zmorzy\u0144skiego. Rzesz\u00f3w 2014.<\/span><\/p>\n<p style=\"padding-left: 40px\"><span style=\"font-size: 14pt\">33. O wsp\u00f3\u0142czesnym dziennikarstwie: sztuka i polityka- pod redakcj\u0105 Kazimierza Wolnego-Zmorzy\u0144skiego, Krzysztofa Kowalika, Katarzyny Bernat, Mateusza Zimnocha. Warszawa-Rzesz\u00f3w 2015.<\/span><\/p>\n<p style=\"padding-left: 40px\"><span style=\"font-size: 14pt\">34. Formy dziennikarstwa: mi\u0119dzy odpowiedzialno\u015bci\u0105 a sensacj\u0105- pod redakcj\u0105 Kazimierza Wolnego-Zmorzy\u0144skiego, Krzysztofa Kowalika, Katarzyny Bernat, Mateusza Zimnocha. Warszawa-Rzesz\u00f3w 2015.<\/span><\/p>\n<p style=\"padding-left: 40px\"><span style=\"font-size: 14pt\">35. Modele wsp\u00f3\u0142czesnego dziennikarstwa- pod redakcj\u0105 Kazimierza Wolnego-Zmorzy\u0144skiego, Paw\u0142a Urbaniaka, Katarzyny Bernat. \u00a0Wroc\u0142aw 2015.<\/span><\/p>\n<p style=\"padding-left: 40px\"><span style=\"font-size: 14pt\">36. Klinika Dziennikarska. Credo- tom I pod redakcj\u0105 Kazimierza Wolnego-Zmorzy\u0144skiego i Katarzyny Konarskiej. Wroc\u0142aw 2016.<\/span><\/p>\n<p style=\"padding-left: 40px\"><span style=\"font-size: 14pt\">37. Radio regionalne w Polsce- pod redakcj\u0105 Paw\u0142a Kucy, Wojciecha Furmana, Kazimierza Wolnego-Zmorzy\u0144skiego. Rzesz\u00f3w 2016.<\/span><\/p>\n<p style=\"padding-left: 40px\"><span style=\"font-size: 14pt\">38. Klinika Dziennikarstwa \u2013 diagnoza- tom II pod redakcj\u0105 Kazimierza Wolnego-Zmorzy\u0144skiego i Katarzyny Konarskiej. Wroc\u0142aw 2017.<\/span><\/p>\n<p style=\"padding-left: 40px\"><span style=\"font-size: 14pt\">39. Gatunki dziennikarskie w Europie. Wst\u0119p do genologii por\u00f3wnawczej- pod redakcj\u0105 Kazimierza Wolnego-Zmorzy\u0144skiego, J\u0119drzeja Morawieckiego, Paw\u0142a Urbaniaka. Wroc\u0142aw 2017.<\/span><\/p>\n<p style=\"padding-left: 40px\"><span style=\"font-size: 14pt\">40. Publiczna telewizja regionalna w Polsce- pod redakcj\u0105 Paw\u0142a Kucy, Wojciecha Furmana, Kazimierza Wolnego-Zmorzy\u0144skiego. Rzesz\u00f3w 2018.<\/span><\/p>\n<p style=\"padding-left: 40px\"><span style=\"font-size: 14pt\">41. W poszukiwaniu fundament\u00f3w nauk o mediach- pod redakcj\u0105 Kazimierza Wolnego-Zmorzy\u0144skiego i Arkadiusza Lewickiego. Wroc\u0142aw 2019.<\/span><\/p>\n<p style=\"padding-left: 40px\"><span style=\"font-size: 14pt\">42. Klinika Dziennikarstwa \u2013 profilaktyka i edukacja- tom III pod redakcj\u0105 Kazimierza Wolnego-Zmorzy\u0144skiego i Katarzyny Konarskiej. Wroc\u0142aw 2019.<\/span><\/p>\n<p style=\"padding-left: 40px\"><span style=\"font-size: 14pt\">43. Rzecznik prasowy policji. Etyka, prawo, praktyka- pod redakcj\u0105 Kazimierza Wolnego-Zmorzy\u0144skiego. Toru\u0144 2020.<\/span><\/p>\n<p style=\"padding-left: 40px\"><span style=\"font-size: 14pt\">44. &#8222;Od semiotyki do konsumpcjonizmu. O potrzebie warto\u015bciowania fotografii&#8221; pod redakcj\u0105 Kazimierza Wolnego i Krystyny Doktorowicz. Wydawnictwo Adam Marsza\u0142ek. Toru\u0144 2021 ss. 200.<\/span><\/p>\n<p style=\"padding-left: 40px\"><span style=\"font-size: 14pt\">45. &#8222;Klinika Dziennikarstwa &#8211; Informacja czy mizeria informacji?&#8221; Tom IV pod redakcj\u0105 Kazimierza Wolnego-Zmorzy\u0144skiego, Krystyny Doktorowicz, Katarzyny Konarskiej. Wydawnictwo Uniwersytetu Wroc\u0142awskiego. Wroc\u0142aw 2021, ss. 236.<\/span><\/p>\n<p style=\"padding-left: 40px\"><span style=\"font-size: 14pt\">46. &#8222;Gatunki dziennikarskie w erze cyfryzacji&#8221; pod redakcj\u0105 Kazimierza Wolnego-Zmorzy\u0144skiego. Wydawnictwo Adam Marsza\u0142ek. Toru\u0144 2021, s. 220.\u00a0<\/span><\/p>\n<p style=\"padding-left: 40px\"><span style=\"font-size: 14pt\">\u00a0<\/span><\/p>\n<p>&nbsp;<\/p>\n<p style=\"padding-left: 40px\"><strong><span style=\"font-size: 14pt\">Powie\u015bci obyczajowe:<\/span><\/strong><\/p>\n<p style=\"padding-left: 40px\"><span style=\"font-size: 14pt\">1. Zerwana ni\u0107\u00a0(1990)<\/span><br \/>\n<span style=\"font-size: 14pt\">2. Zgrzeszy\u0142em\u00a0(1990, 1997)<\/span><br \/>\n<span style=\"font-size: 14pt\">3. Tylko we dwoje\u00a0(1992)<\/span><br \/>\n<span style=\"font-size: 14pt\">4. A s\u0142owo cia\u0142em si\u0119 sta\u0142o\u00a0(1992)<\/span><br \/>\n<span style=\"font-size: 14pt\">5. Uciec, zapomnie\u0107, znale\u017a\u0107&#8230; (2003) \u2013 powie\u015b\u0107 tak\u017ce emitowana na antenie Polskiego Radia Rzesz\u00f3w lipiec \u2013 sierpie\u0144 2003 oraz na antenie Polskiego Radia Pomorza i Kujaw SA (marzec-kwiecie\u0144 2020)<\/span><br \/>\n<span style=\"font-size: 14pt\">6. Sekret Sabiny\u00a0(2020)<\/span><br \/>\n<span style=\"font-size: 14pt\">7. Czas kwarantanny (2020)<\/span><\/p>\n<p style=\"padding-left: 40px\"><strong><span style=\"font-size: 14pt\">Miniatury literackie:<\/span><\/strong><\/p>\n<p style=\"padding-left: 40px\"><span style=\"font-size: 14pt\">1. Codzienno\u015b\u0107. Notatki z r\u00f3\u017cnych dni\u00a0(1996)<\/span><\/p>\n<p style=\"text-align: center\"><img class=\"alignnone wp-image-985 size-full\" src=\"https:\/\/us.edu.pl\/instytut\/idkm\/wp-content\/uploads\/sites\/30\/2020\/11\/06-wolny-zmorzynski-21.jpg\" alt=\"\" width=\"400\" height=\"588\" srcset=\"https:\/\/us.edu.pl\/instytut\/idkm\/wp-content\/uploads\/sites\/30\/2020\/11\/06-wolny-zmorzynski-21.jpg 400w, https:\/\/us.edu.pl\/instytut\/idkm\/wp-content\/uploads\/sites\/30\/2020\/11\/06-wolny-zmorzynski-21-204x300.jpg 204w, https:\/\/us.edu.pl\/instytut\/idkm\/wp-content\/uploads\/sites\/30\/2020\/11\/06-wolny-zmorzynski-21-391x575.jpg 391w\" sizes=\"(max-width: 400px) 100vw, 400px\" \/><\/p>\n<p style=\"text-align: center\"><img class=\"alignnone wp-image-984 size-full\" src=\"https:\/\/us.edu.pl\/instytut\/idkm\/wp-content\/uploads\/sites\/30\/2020\/11\/06-wolny-zmorzynski-20.jpg\" alt=\"\" width=\"400\" height=\"603\" srcset=\"https:\/\/us.edu.pl\/instytut\/idkm\/wp-content\/uploads\/sites\/30\/2020\/11\/06-wolny-zmorzynski-20.jpg 400w, https:\/\/us.edu.pl\/instytut\/idkm\/wp-content\/uploads\/sites\/30\/2020\/11\/06-wolny-zmorzynski-20-199x300.jpg 199w, https:\/\/us.edu.pl\/instytut\/idkm\/wp-content\/uploads\/sites\/30\/2020\/11\/06-wolny-zmorzynski-20-381x575.jpg 381w\" sizes=\"(max-width: 400px) 100vw, 400px\" \/><\/p>\n<p style=\"text-align: center\"><img class=\"alignnone wp-image-983 size-full\" src=\"https:\/\/us.edu.pl\/instytut\/idkm\/wp-content\/uploads\/sites\/30\/2020\/11\/06-wolny-zmorzynski-19.jpg\" alt=\"\" width=\"400\" height=\"570\" srcset=\"https:\/\/us.edu.pl\/instytut\/idkm\/wp-content\/uploads\/sites\/30\/2020\/11\/06-wolny-zmorzynski-19.jpg 400w, https:\/\/us.edu.pl\/instytut\/idkm\/wp-content\/uploads\/sites\/30\/2020\/11\/06-wolny-zmorzynski-19-211x300.jpg 211w\" sizes=\"(max-width: 400px) 100vw, 400px\" \/><\/p>\n<p style=\"text-align: center\"><img class=\"alignnone wp-image-982 size-full\" src=\"https:\/\/us.edu.pl\/instytut\/idkm\/wp-content\/uploads\/sites\/30\/2020\/11\/06-wolny-zmorzynski-18.jpg\" alt=\"\" width=\"400\" height=\"558\" srcset=\"https:\/\/us.edu.pl\/instytut\/idkm\/wp-content\/uploads\/sites\/30\/2020\/11\/06-wolny-zmorzynski-18.jpg 400w, https:\/\/us.edu.pl\/instytut\/idkm\/wp-content\/uploads\/sites\/30\/2020\/11\/06-wolny-zmorzynski-18-215x300.jpg 215w\" sizes=\"(max-width: 400px) 100vw, 400px\" \/><\/p>\n<p style=\"text-align: center\"><img class=\"alignnone wp-image-1108 size-full\" src=\"https:\/\/us.edu.pl\/instytut\/idkm\/wp-content\/uploads\/sites\/30\/Nieprzypisane\/06-wolny-zmorzynski-25.jpg\" alt=\"\" width=\"400\" height=\"570\" srcset=\"https:\/\/us.edu.pl\/instytut\/idkm\/wp-content\/uploads\/sites\/30\/Nieprzypisane\/06-wolny-zmorzynski-25.jpg 400w, https:\/\/us.edu.pl\/instytut\/idkm\/wp-content\/uploads\/sites\/30\/Nieprzypisane\/06-wolny-zmorzynski-25-211x300.jpg 211w\" sizes=\"(max-width: 400px) 100vw, 400px\" \/><\/p>\n<p style=\"text-align: center\"><img class=\"alignnone wp-image-1107 size-full\" src=\"https:\/\/us.edu.pl\/instytut\/idkm\/wp-content\/uploads\/sites\/30\/Nieprzypisane\/06-wolny-zmorzynski-24.jpg\" alt=\"\" width=\"400\" height=\"570\" srcset=\"https:\/\/us.edu.pl\/instytut\/idkm\/wp-content\/uploads\/sites\/30\/Nieprzypisane\/06-wolny-zmorzynski-24.jpg 400w, https:\/\/us.edu.pl\/instytut\/idkm\/wp-content\/uploads\/sites\/30\/Nieprzypisane\/06-wolny-zmorzynski-24-211x300.jpg 211w\" sizes=\"(max-width: 400px) 100vw, 400px\" \/><\/p>\n<p style=\"text-align: center\"><img class=\"alignnone wp-image-1106 size-full\" src=\"https:\/\/us.edu.pl\/instytut\/idkm\/wp-content\/uploads\/sites\/30\/Nieprzypisane\/06-wolny-zmorzynski-23.jpg\" alt=\"\" width=\"400\" height=\"570\" srcset=\"https:\/\/us.edu.pl\/instytut\/idkm\/wp-content\/uploads\/sites\/30\/Nieprzypisane\/06-wolny-zmorzynski-23.jpg 400w, https:\/\/us.edu.pl\/instytut\/idkm\/wp-content\/uploads\/sites\/30\/Nieprzypisane\/06-wolny-zmorzynski-23-211x300.jpg 211w\" sizes=\"(max-width: 400px) 100vw, 400px\" \/><\/p>\n<p style=\"text-align: center\"><img class=\"alignnone wp-image-981 size-full\" src=\"https:\/\/us.edu.pl\/instytut\/idkm\/wp-content\/uploads\/sites\/30\/2020\/11\/06-wolny-zmorzynski-17.jpg\" alt=\"\" width=\"400\" height=\"596\" srcset=\"https:\/\/us.edu.pl\/instytut\/idkm\/wp-content\/uploads\/sites\/30\/2020\/11\/06-wolny-zmorzynski-17.jpg 400w, https:\/\/us.edu.pl\/instytut\/idkm\/wp-content\/uploads\/sites\/30\/2020\/11\/06-wolny-zmorzynski-17-201x300.jpg 201w, https:\/\/us.edu.pl\/instytut\/idkm\/wp-content\/uploads\/sites\/30\/2020\/11\/06-wolny-zmorzynski-17-386x575.jpg 386w\" sizes=\"(max-width: 400px) 100vw, 400px\" \/><\/p>\n<p style=\"text-align: center\"><img class=\"alignnone wp-image-986 size-full\" src=\"https:\/\/us.edu.pl\/instytut\/idkm\/wp-content\/uploads\/sites\/30\/2020\/11\/06-wolny-zmorzynski-22.jpg\" alt=\"\" width=\"400\" height=\"565\" srcset=\"https:\/\/us.edu.pl\/instytut\/idkm\/wp-content\/uploads\/sites\/30\/2020\/11\/06-wolny-zmorzynski-22.jpg 400w, https:\/\/us.edu.pl\/instytut\/idkm\/wp-content\/uploads\/sites\/30\/2020\/11\/06-wolny-zmorzynski-22-212x300.jpg 212w\" sizes=\"(max-width: 400px) 100vw, 400px\" \/><\/p>\n<p style=\"text-align: center\"><img class=\"alignnone wp-image-906 size-full\" src=\"https:\/\/us.edu.pl\/instytut\/idkm\/wp-content\/uploads\/sites\/30\/2020\/11\/06-wolny-zmorzynski-01.jpg\" alt=\"\" width=\"400\" height=\"661\" srcset=\"https:\/\/us.edu.pl\/instytut\/idkm\/wp-content\/uploads\/sites\/30\/2020\/11\/06-wolny-zmorzynski-01.jpg 400w, https:\/\/us.edu.pl\/instytut\/idkm\/wp-content\/uploads\/sites\/30\/2020\/11\/06-wolny-zmorzynski-01-182x300.jpg 182w, https:\/\/us.edu.pl\/instytut\/idkm\/wp-content\/uploads\/sites\/30\/2020\/11\/06-wolny-zmorzynski-01-348x575.jpg 348w\" sizes=\"(max-width: 400px) 100vw, 400px\" \/><\/p>\n<p style=\"text-align: center\"><img class=\"alignnone wp-image-907 size-full\" src=\"https:\/\/us.edu.pl\/instytut\/idkm\/wp-content\/uploads\/sites\/30\/2020\/11\/06-wolny-zmorzynski-02.jpg\" alt=\"\" width=\"400\" height=\"706\" srcset=\"https:\/\/us.edu.pl\/instytut\/idkm\/wp-content\/uploads\/sites\/30\/2020\/11\/06-wolny-zmorzynski-02.jpg 400w, https:\/\/us.edu.pl\/instytut\/idkm\/wp-content\/uploads\/sites\/30\/2020\/11\/06-wolny-zmorzynski-02-170x300.jpg 170w, https:\/\/us.edu.pl\/instytut\/idkm\/wp-content\/uploads\/sites\/30\/2020\/11\/06-wolny-zmorzynski-02-326x575.jpg 326w\" sizes=\"(max-width: 400px) 100vw, 400px\" \/><\/p>\n<p style=\"text-align: center\"><img class=\"alignnone wp-image-908 size-full\" src=\"https:\/\/us.edu.pl\/instytut\/idkm\/wp-content\/uploads\/sites\/30\/2020\/11\/06-wolny-zmorzynski-03.jpg\" alt=\"\" width=\"400\" height=\"570\" srcset=\"https:\/\/us.edu.pl\/instytut\/idkm\/wp-content\/uploads\/sites\/30\/2020\/11\/06-wolny-zmorzynski-03.jpg 400w, https:\/\/us.edu.pl\/instytut\/idkm\/wp-content\/uploads\/sites\/30\/2020\/11\/06-wolny-zmorzynski-03-211x300.jpg 211w\" sizes=\"(max-width: 400px) 100vw, 400px\" \/><\/p>\n<p style=\"text-align: center\"><img class=\"aligncenter wp-image-909 size-full\" src=\"https:\/\/us.edu.pl\/instytut\/idkm\/wp-content\/uploads\/sites\/30\/2020\/11\/06-wolny-zmorzynski-04.jpg\" alt=\"\" width=\"400\" height=\"565\" srcset=\"https:\/\/us.edu.pl\/instytut\/idkm\/wp-content\/uploads\/sites\/30\/2020\/11\/06-wolny-zmorzynski-04.jpg 400w, https:\/\/us.edu.pl\/instytut\/idkm\/wp-content\/uploads\/sites\/30\/2020\/11\/06-wolny-zmorzynski-04-212x300.jpg 212w\" sizes=\"(max-width: 400px) 100vw, 400px\" \/><\/p>\n<p style=\"text-align: center\"><img class=\"alignnone wp-image-910 size-full\" src=\"https:\/\/us.edu.pl\/instytut\/idkm\/wp-content\/uploads\/sites\/30\/2020\/11\/06-wolny-zmorzynski-05.jpg\" alt=\"\" width=\"400\" height=\"562\" srcset=\"https:\/\/us.edu.pl\/instytut\/idkm\/wp-content\/uploads\/sites\/30\/2020\/11\/06-wolny-zmorzynski-05.jpg 400w, https:\/\/us.edu.pl\/instytut\/idkm\/wp-content\/uploads\/sites\/30\/2020\/11\/06-wolny-zmorzynski-05-214x300.jpg 214w\" sizes=\"(max-width: 400px) 100vw, 400px\" \/><\/p>\n<p style=\"text-align: center\"><img class=\"alignnone wp-image-914 size-full\" src=\"https:\/\/us.edu.pl\/instytut\/idkm\/wp-content\/uploads\/sites\/30\/2020\/11\/06-wolny-zmorzynski-09.jpg\" alt=\"\" width=\"400\" height=\"570\" srcset=\"https:\/\/us.edu.pl\/instytut\/idkm\/wp-content\/uploads\/sites\/30\/2020\/11\/06-wolny-zmorzynski-09.jpg 400w, https:\/\/us.edu.pl\/instytut\/idkm\/wp-content\/uploads\/sites\/30\/2020\/11\/06-wolny-zmorzynski-09-211x300.jpg 211w\" sizes=\"(max-width: 400px) 100vw, 400px\" \/><\/p>\n<p style=\"text-align: center\"><img class=\"alignnone wp-image-918 size-full\" src=\"https:\/\/us.edu.pl\/instytut\/idkm\/wp-content\/uploads\/sites\/30\/2020\/11\/06-wolny-zmorzynski-13.jpg\" alt=\"\" width=\"400\" height=\"619\" srcset=\"https:\/\/us.edu.pl\/instytut\/idkm\/wp-content\/uploads\/sites\/30\/2020\/11\/06-wolny-zmorzynski-13.jpg 400w, https:\/\/us.edu.pl\/instytut\/idkm\/wp-content\/uploads\/sites\/30\/2020\/11\/06-wolny-zmorzynski-13-194x300.jpg 194w, https:\/\/us.edu.pl\/instytut\/idkm\/wp-content\/uploads\/sites\/30\/2020\/11\/06-wolny-zmorzynski-13-372x575.jpg 372w\" sizes=\"(max-width: 400px) 100vw, 400px\" \/><\/p>\n<p style=\"text-align: center\"><img class=\"alignnone wp-image-919 size-full\" src=\"https:\/\/us.edu.pl\/instytut\/idkm\/wp-content\/uploads\/sites\/30\/2020\/11\/06-wolny-zmorzynski-14.jpg\" alt=\"\" width=\"400\" height=\"578\" srcset=\"https:\/\/us.edu.pl\/instytut\/idkm\/wp-content\/uploads\/sites\/30\/2020\/11\/06-wolny-zmorzynski-14.jpg 400w, https:\/\/us.edu.pl\/instytut\/idkm\/wp-content\/uploads\/sites\/30\/2020\/11\/06-wolny-zmorzynski-14-208x300.jpg 208w, https:\/\/us.edu.pl\/instytut\/idkm\/wp-content\/uploads\/sites\/30\/2020\/11\/06-wolny-zmorzynski-14-398x575.jpg 398w\" sizes=\"(max-width: 400px) 100vw, 400px\" \/><\/p>\n<p style=\"text-align: center\"><img class=\"alignnone wp-image-920 size-full\" src=\"https:\/\/us.edu.pl\/instytut\/idkm\/wp-content\/uploads\/sites\/30\/2020\/11\/06-wolny-zmorzynski-15.jpg\" alt=\"\" width=\"400\" height=\"623\" srcset=\"https:\/\/us.edu.pl\/instytut\/idkm\/wp-content\/uploads\/sites\/30\/2020\/11\/06-wolny-zmorzynski-15.jpg 400w, https:\/\/us.edu.pl\/instytut\/idkm\/wp-content\/uploads\/sites\/30\/2020\/11\/06-wolny-zmorzynski-15-193x300.jpg 193w, https:\/\/us.edu.pl\/instytut\/idkm\/wp-content\/uploads\/sites\/30\/2020\/11\/06-wolny-zmorzynski-15-369x575.jpg 369w\" sizes=\"(max-width: 400px) 100vw, 400px\" \/><\/p>\n<p style=\"text-align: center\"><img class=\"alignnone wp-image-921 size-full\" src=\"https:\/\/us.edu.pl\/instytut\/idkm\/wp-content\/uploads\/sites\/30\/2020\/11\/06-wolny-zmorzynski-16.jpg\" alt=\"\" width=\"400\" height=\"569\" srcset=\"https:\/\/us.edu.pl\/instytut\/idkm\/wp-content\/uploads\/sites\/30\/2020\/11\/06-wolny-zmorzynski-16.jpg 400w, https:\/\/us.edu.pl\/instytut\/idkm\/wp-content\/uploads\/sites\/30\/2020\/11\/06-wolny-zmorzynski-16-211x300.jpg 211w\" sizes=\"(max-width: 400px) 100vw, 400px\" \/><\/p>\n<p><\/p>","protected":false},"excerpt":{"rendered":"<p>prof. dr hab. Kazimierz Wolny-Zmorzy\u0144ski Adres mailowy kazimierz.wolny-zmorzynski@us.edu.pl ORCID https:\/\/orcid.org\/0000-0002-8051-8488 Research Gate https:\/\/www.researchgate.net\/profile\/Kazimierz_Wolny-Zmorzynski Google Scholar https:\/\/scholar.google.pl\/citations?hl=pl&amp;user=Jtcj98cAAAAJ Monografie: 1. O poetyce wsp\u00f3\u0142czesnego reporta\u017cu polskiego 1945-1985 (Rzesz\u00f3w 1991). 2. Sztuka reporta\u017cu Melchiora Wa\u0144kowicza (Rzesz\u00f3w 1991). 3. Teoria literatury. Zarys problematyki (Budapest 1991, Rzesz\u00f3w 1995, 1997, 2000, 2005, 2015, 2018). 4. Z teorii prozy narracyjnej i reporta\u017cu (Kielce [&#8230;]<\/p>\n<p><a class=\"btn btn-secondary understrap-read-more-link\" href=\"https:\/\/us.edu.pl\/instytut\/idkm\/prof-dr-hab-kazimierz-wolny-zmorzynski\/\">Read More&#8230;<\/a><\/p>\n","protected":false},"author":202,"featured_media":0,"parent":0,"menu_order":0,"comment_status":"closed","ping_status":"closed","template":"","meta":{"_expiration-date-status":"saved","_expiration-date":0,"_expiration-date-type":"","_expiration-date-categories":[],"_expiration-date-options":[]},"acf":[],"_links":{"self":[{"href":"https:\/\/us.edu.pl\/instytut\/idkm\/wp-json\/wp\/v2\/pages\/970"}],"collection":[{"href":"https:\/\/us.edu.pl\/instytut\/idkm\/wp-json\/wp\/v2\/pages"}],"about":[{"href":"https:\/\/us.edu.pl\/instytut\/idkm\/wp-json\/wp\/v2\/types\/page"}],"author":[{"embeddable":true,"href":"https:\/\/us.edu.pl\/instytut\/idkm\/wp-json\/wp\/v2\/users\/202"}],"replies":[{"embeddable":true,"href":"https:\/\/us.edu.pl\/instytut\/idkm\/wp-json\/wp\/v2\/comments?post=970"}],"version-history":[{"count":16,"href":"https:\/\/us.edu.pl\/instytut\/idkm\/wp-json\/wp\/v2\/pages\/970\/revisions"}],"predecessor-version":[{"id":1115,"href":"https:\/\/us.edu.pl\/instytut\/idkm\/wp-json\/wp\/v2\/pages\/970\/revisions\/1115"}],"wp:attachment":[{"href":"https:\/\/us.edu.pl\/instytut\/idkm\/wp-json\/wp\/v2\/media?parent=970"}],"curies":[{"name":"wp","href":"https:\/\/api.w.org\/{rel}","templated":true}]}}