{"id":510,"date":"2020-01-19T15:42:34","date_gmt":"2020-01-19T14:42:34","guid":{"rendered":"http:\/\/us.edu.pl\/instytut\/ifil\/?post_type=osoby&#038;p=510"},"modified":"2025-03-21T15:09:58","modified_gmt":"2025-03-21T14:09:58","slug":"magdalena-mruszczyk","status":"publish","type":"osoby","link":"https:\/\/us.edu.pl\/instytut\/ifil\/osoby\/magdalena-mruszczyk\/","title":{"rendered":"Magdalena Mruszczyk"},"content":{"rendered":"<p>[vc_row][vc_column width=&#8221;2\/3&#8243;][vc_tta_tabs][vc_tta_section title=&#8221;POLISH&#8221; tab_id=&#8221;1635945125117-34042bb8-eeab&#8221;]\r\n                <div class=\"text-modules\">\r\n                    <div class=\"container\">\r\n                        \r\n                        <div class=\"text-modules__content\"><\/p>\n<h5><strong>dr Magdalena Mruszczyk<\/strong><\/h5>\n<p>Katowice, ul. Bankowa 11, pi\u0119tro III pok\u00f3j nr 318 B<br \/>\ntel.: +48 32 359 12 17<br \/>\ne-mail: <a href=\"mailto:magdalena.mruszczyk@us.edu.pl\">magdalena.mruszczyk@us.edu.pl<\/a><\/p>\n<p>&nbsp;<\/p>\n<p><strong>Stanowisko<\/strong><\/p>\n<hr \/>\n<p>adiunkt<\/p>\n<p>&nbsp;<\/p>\n<p><strong>\u017byciorys naukowy<\/strong><\/p>\n<hr \/>\n<ul>\n<li>1998\u20132003 \u2013 studia filozoficzne na Wydziale Nauk Spo\u0142ecznych Uniwersytetu \u015al\u0105skiego w Katowicach<\/li>\n<li>2003\u20132004 \u2013 studia podyplomowe w zakresie przygotowania pedagogicznego w Wy\u017cszej Szkole Humanistyczno-Ekonomicznej w \u0141odzi<\/li>\n<li>2003 \u2013 tytu\u0142 magistra filozofii na podstawie obrony pracy magisterskiej, zatytu\u0142owanej: \u201cProblematyka dobra i z\u0142a w uj\u0119ciu etolog\u00f3w\u201d, promotor: dr Maria Niemczuk<\/li>\n<li>2006 \u2013 stopie\u0144 naukowy doktora nauk humanistycznych w zakresie filozofii na podstawie obrony rozprawy doktorskiej, zatytu\u0142owanej: \u201cCz\u0142owiek w \u00abantropologii adekwatnej\u00bb Karola Wojty\u0142y\u201d, promotor: prof. Barbara Szotek<\/li>\n<\/ul>\n<p>&nbsp;<\/p>\n<p><strong>Projekty badawcze<\/strong><\/p>\n<hr \/>\n<p>Projekt zatytu\u0142owany: \u201eCz\u0142owiek w \u00abantropologii adekwatnej\u00bb Karola Wojty\u0142y\u201d \u2013 grant Wydzia\u0142u Nauk Spo\u0142ecznych U\u015a nr 6\/2009\/2010<\/p>\n<p>&nbsp;<\/p>\n<p><strong>Towarzystwa naukowe, komitety redakcyjne czasopism naukowych i komisje naukowe<\/strong><\/p>\n<hr \/>\n<ul>\n<li>Od 2014 \u2013 cz\u0142onkostwo w Polskim Towarzystwie Filozoficznym<\/li>\n<li>Od 2016\u00a0\u2013 cz\u0142onkostwo w S\u0142owackim Towarzystwie Filozoficznym (Slovensk\u00e9 filozofick\u00e9 zdru\u017eenie pri SAV)<\/li>\n<\/ul>\n<p>&nbsp;<\/p>\n<p><strong>Zainteresowania naukowe<\/strong><\/p>\n<hr \/>\n<ul>\n<li>historia filozofii polskiej, szczeg\u00f3lnie filozofii XX i XXI wieku<\/li>\n<li>najnowsza filozofia cz\u0142owieka<\/li>\n<li>problematyka epistemologiczna<\/li>\n<li>problematyka etyczna<\/li>\n<\/ul>\n<p>&nbsp;<\/p>\n<p><strong>Publikacje<\/strong><\/p>\n<hr \/>\n<ul>\n<li>Has\u0142o \u201eFranciszek Szopowicz\u201d. W: Encyklopedia Filozofii Polskiej. T. 2. Red. A. Maryniarczyk, W. Daszkiewicz, G. Bury, M. Nawraca\u0142a-Urban, A. Szymaniak. Polskie Towarzystwo Tomasza z Akwinu. Lublin 2011, s. 659\u2014661.<\/li>\n<li>Spo\u0142ecze\u0144stwo i pa\u0144stwo z perspektywy \u201erodu ludzkiego\u201d Stanis\u0142awa Staszica. \u201eDoctrina. Studia Spo\u0142eczno-Polityczne\u201d 2012, nr 9, s. 189-201.<\/li>\n<li>Stanis\u0142awa Staszica i Hugona Ko\u0142\u0142\u0105taja filozofia historii w kontek\u015bcie polskiej rzeczywisto\u015bci porozbiorowej.\u00a0W:\u00a0Mit. Historia. Kultura.\u00a0Red. J. Skoczy\u0144ski. Wyd. Ksi\u0119garnia Akademicka. Krak\u00f3w 2012, s. 33\u201444.<\/li>\n<li>Problem alienacji w filozofii cz\u0142owieka Karola Wojty\u0142y.\u00a0W:\u00a0Etyka a z\u0142o.\u00a0Red. Dorota Probucka. Wydawnictwo Naukowe Uniwersytetu Pedagogicznego. Krak\u00f3w 2013, s. 174\u2013187.<\/li>\n<li>The experience of \u201enot-I\u201d in the perspective of the experience of man I Karol Wojty\u0142a\u2019s adequate anthropology.\u00a0\u201eFolia Philosophica\u201d. CITTRFU\u015a. Katowice 2013, s. 87\u2013102.<\/li>\n<li>Znaczenie cia\u0142a w Anny Teresy Tymienieckiej fenomenologii \u017cycia.\u00a0W:\u00a0Cia\u0142o cz\u0142owieka w refleksji humanistycznej.\u00a0Red. M. \u017bmudzka-Brodnicka, M. Brodnicki. Wydawnictwo Ateneum Szko\u0142y Wy\u017cszej. Gda\u0144sk 2013, s. 13\u201325.<\/li>\n<li>Anny Teresy Tymienieckiej fenomenologia \u017cycia. Inspiracje i polemika.\u00a0W:\u00a0Filozofia polska na tle filozofii europejskiej w XX wieku.\u00a0Red. M. Wo\u017aniczka. Wydawnictwo Akademia Imienia Jana D\u0142ugosza w Cz\u0119stochowie. Cz\u0119stochowa 2014, s. 197\u2013209.<\/li>\n<li>My\u015bli Karola Wojty\u0142y o kulturze. W:\u00a0Filozoficzna refleksja nad kultur\u0105 jako pr\u00f3ba odpowiedzi na problemy wsp\u00f3\u0142czesno\u015bci.\u00a0Red. J. Gazda, S. Rucha\u0142a. Wydawnictwo Uniwersytetu \u015al\u0105skiego. Katowice 2014, s. 364\u2013381.<\/li>\n<li>Filozofia sacrum w Anny Teresy Tymienieckiej fenomenologii \u017cycia. W:\u00a0Filozofia a religia w dziejach polskiej filozofii. Inspiracje \u2013 krytyka. Red. S. Janeczek, A. Staro\u015bcic. Wydawnictwo Katolickiego Uniwersytetu Lubelskiego. Lublin 2014, s. 489\u2013500.<\/li>\n<li>Anny Teresy Tymienieckiej koncepcja dialogu interdyscyplinarnego. \u201eRuch Filozoficzny\u201d 2014, t. 71, z. 2, 109\u2013122.<\/li>\n<li>Zagadnienie aktu tw\u00f3rczego w koncepcji ontopojezy \u017cycia Anny Teresy Tymienieckiej. \u201eFolia Philosophica\u201d. T 35. Red. D. Kubok. Katowice 2016, s. 115\u2013131.<\/li>\n<li>Koncepcja fenomenologii \u017cycia autorstwa Anny Teresy Tymienieckiej. \u201e\u03a3\u039f\u03a6\u0399\u0391. Pismo Filozof\u00f3w Kraj\u00f3w S\u0142owia\u0144skich\u201d 2016, vol. 16, s. 245\u2013260.<\/li>\n<li>Tw\u00f3rczo\u015b\u0107 i dynamizm contra idealizm. Wyobra\u017ania w fenomenologii \u017cycia Anny Teresy Tymienieckiej. \u201eFolia Philosophica\u201d. T. 38. Red. D. Kubok. Wydawnictwo Uniwersytetu \u015al\u0105skiego. Katowice 2017, s. 147\u2013156.<\/li>\n<li>Dionizyjski logos jako podstawa ontopojezy kultury: na kanwie fenomenologii \u017cycia Anny Teresy Tymienieckiej. W:\u00a0Kult\u00fara, civiliz\u00e1cia, normativita \u2013 dial\u00f3g a konflikty z poh\u013eadu filozofie. Red. Andrea Javorsk\u00e1, Ondrej Marchevsk\u00fd. Filozofick\u00e1 fakulta PU v Pre\u0161ove a Slovensk\u00e9 filozofick\u00e9 zdru\u017eenie pri SAV. Bratislava 2017, s. 83\u201387.<\/li>\n<\/ul>\n<p>\n<\/div>\r\n                    <\/div>\r\n                <\/div>[vc_row_inner][vc_column_inner width=&#8221;1\/2&#8243;]\r\n                <div class='sidebar_moduls sidebar_one_header' style='color:#FFFFFF;background-color: #002E5A'>\r\n                    <a href='https:\/\/ab.us.edu.pl\/emp?id=18322&amp;view=P' class='link'>Wy\u015bwietl wszystkie publikacje<\/a>\r\n                <\/div>[\/vc_column_inner][vc_column_inner width=&#8221;1\/2&#8243;][\/vc_column_inner][\/vc_row_inner][\/vc_tta_section][vc_tta_section title=&#8221;ENGLISH&#8221; tab_id=&#8221;1742564973515-6145b420-b205&#8243;]\r\n                <div class=\"text-modules\">\r\n                    <div class=\"container\">\r\n                        \r\n                        <div class=\"text-modules__content\"><\/p>\n<h5><strong>Magdalena Mruszczyk, PhD<\/strong><\/h5>\n<p>Katowice, ul. Bankowa 11, 3rd floor, room 318B<br \/>\ntel.: +48 32 359 12 17<br \/>\ne-mail: <a href=\"mailto:magdalena.mruszczyk@us.edu.pl\">magdalena.mruszczyk@us.edu.pl<\/a><\/p>\n<p>&nbsp;<\/p>\n<p><strong>Position<\/strong><\/p>\n<hr \/>\n<p>Assistant Professor<\/p>\n<p>&nbsp;<\/p>\n<p><strong>Academic Background<\/strong><\/p>\n<hr \/>\n<ul>\n<li>1998\u20132003 \u2013 studies in philosophy at the Faculty of Social Sciences, the University of Silesia in Katowice<\/li>\n<li>2003\u20132004 \u2013 postgraduate studies in pedagogical preparation at the Academy of Humanities and Economics in \u0141\u00f3d\u017a<\/li>\n<li>2003 \u2013 Master\u2019s degree in philosophy, thesis: \u00a0\u201cProblematyka dobra i z\u0142a w uj\u0119ciu etolog\u00f3w\u201d (The Problem of Good and Evil in the Approach of Ethologists), supervisor: Maria Niemczuk, PhD<\/li>\n<li>2006 \u2013 PhD in philosophy, dissertation: \u201cCz\u0142owiek w \u00abantropologii adekwatnej\u00bb Karola Wojty\u0142y\u201d<em> (Man in Karol Wojty\u0142a\u2019s \u2018adequate anthropology\u2019)<\/em>, supervisor: Prof. Barbara Szotek<\/li>\n<\/ul>\n<p>&nbsp;<\/p>\n<p><strong>Research Projects<\/strong><\/p>\n<hr \/>\n<p>Project title: \u201eCz\u0142owiek w \u00abantropologii adekwatnej\u00bb Karola Wojty\u0142y\u201d (Man in Karol Wojty\u0142a\u2019s \u2018adequate anthropology\u2019) \u2013 grant from the Faculty of Social Sciences, the University of Silesia, no 6\/2009\/2010<\/p>\n<p>&nbsp;<\/p>\n<p><strong>Scientific Societies, Editorial Boards of Scientific Journals, and Scientific Committees<\/strong><\/p>\n<hr \/>\n<ul>\n<li>Since 2014 \u2013 member of the Polish Philosophical Society<\/li>\n<li>Since 2016 \u2013 member of the Slovak Philosophical Society (<em>Slovensk\u00e9 filozofick\u00e9 zdru\u017eenie pri SAV<\/em>)<\/li>\n<\/ul>\n<p>&nbsp;<\/p>\n<p><strong>Research Interests<\/strong><\/p>\n<hr \/>\n<ul>\n<li>history of Polish philosophy, especially philosophy of the 20th and 21st centuries<\/li>\n<li>contemporary philosophy of man<\/li>\n<li>epistemological issues<\/li>\n<li>ethical issues<\/li>\n<\/ul>\n<p>&nbsp;<\/p>\n<p><strong>Publications<\/strong><\/p>\n<hr \/>\n<ul>\n<li>Entry \u201eFranciszek Szopowicz\u201d. In: Encyklopedia Filozofii Polskiej. Vol. 2. Eds. A. Maryniarczyk, W. Daszkiewicz, G. Bury, M. Nawraca\u0142a-Urban, A. Szymaniak. Polskie Towarzystwo Tomasza z Akwinu. Lublin 2011, pp. 659\u2014661.<\/li>\n<li>Spo\u0142ecze\u0144stwo i pa\u0144stwo z perspektywy \u201erodu ludzkiego\u201d Stanis\u0142awa Staszica. \u201eDoctrina. Studia Spo\u0142eczno-Polityczne\u201d 2012, no 9, pp. 189-201.<\/li>\n<li>Stanis\u0142awa Staszica i Hugona Ko\u0142\u0142\u0105taja filozofia historii w kontek\u015bcie polskiej rzeczywisto\u015bci porozbiorowej.\u00a0W:\u00a0Mit. Historia. Kultura.\u00a0Eds. J. Skoczy\u0144ski. Wyd. Ksi\u0119garnia Akademicka. Krak\u00f3w 2012, pp. 33\u201444.<\/li>\n<li>Problem alienacji w filozofii cz\u0142owieka Karola Wojty\u0142y.\u00a0In:\u00a0Etyka a z\u0142o.\u00a0Ed. Dorota Probucka. Wydawnictwo Naukowe Uniwersytetu Pedagogicznego. Krak\u00f3w 2013, pp. 174\u2013187.<\/li>\n<li>The Experience of \u201enot-I\u201d in the Perspective of the Experience of Man I Karol Wojty\u0142a\u2019s adequate anthropology.\u00a0\u201eFolia Philosophica\u201d. CITTRFU\u015a. Katowice 2013, pp. 87\u2013102.<\/li>\n<li>Znaczenie cia\u0142a w Anny Teresy Tymienieckiej fenomenologii \u017cycia.\u00a0In:\u00a0Cia\u0142o cz\u0142owieka w refleksji humanistycznej.\u00a0Eds. M. \u017bmudzka-Brodnicka, M. Brodnicki. Wydawnictwo Ateneum Szko\u0142y Wy\u017cszej. Gda\u0144sk 2013, pp. 13\u201325.<\/li>\n<li>Anny Teresy Tymienieckiej fenomenologia \u017cycia. Inspiracje i polemika.\u00a0In:\u00a0Filozofia polska na tle filozofii europejskiej w XX wieku.\u00a0Red. M. Wo\u017aniczka. Wydawnictwo Akademia Imienia Jana D\u0142ugosza w Cz\u0119stochowie. Cz\u0119stochowa 2014, pp. 197\u2013209.<\/li>\n<li>My\u015bli Karola Wojty\u0142y o kulturze. W:\u00a0Filozoficzna refleksja nad kultur\u0105 jako pr\u00f3ba odpowiedzi na problemy wsp\u00f3\u0142czesno\u015bci.\u00a0Eds. J. Gazda, S. Rucha\u0142a. University of Silesia Press. Katowice 2014, pp. 364\u2013381.<\/li>\n<li>Filozofia sacrum w Anny Teresy Tymienieckiej fenomenologii \u017cycia. In:\u00a0Filozofia a religia w dziejach polskiej filozofii. Inspiracje \u2013 krytyka. Red. S. Janeczek, A. Staro\u015bcic. Wydawnictwo Katolickiego Uniwersytetu Lubelskiego. Lublin 2014, pp. 489\u2013500.<\/li>\n<li>Anny Teresy Tymienieckiej koncepcja dialogu interdyscyplinarnego. \u201eRuch Filozoficzny\u201d 2014, vol. 71, facs. 2, pp. 109\u2013122.<\/li>\n<li>Zagadnienie aktu tw\u00f3rczego w koncepcji ontopojezy \u017cycia Anny Teresy Tymienieckiej. \u201eFolia Philosophica\u201d. Vol. 35. Ed. D. Kubok. Katowice 2016, pp. 115\u2013131.<\/li>\n<li>Koncepcja fenomenologii \u017cycia autorstwa Anny Teresy Tymienieckiej. \u201e\u03a3\u039f\u03a6\u0399\u0391. Pismo Filozof\u00f3w Kraj\u00f3w S\u0142owia\u0144skich\u201d 2016, vol. 16, pp. 245\u2013260.<\/li>\n<li>Tw\u00f3rczo\u015b\u0107 i dynamizm contra idealizm. Wyobra\u017ania w fenomenologii \u017cycia Anny Teresy Tymienieckiej. \u201eFolia Philosophica\u201d. Vol. 38. Ed. D. Kubok. University of Silesia Press. Katowice 2017, pp. 147\u2013156.<\/li>\n<li>Dionizyjski logos jako podstawa ontopojezy kultury: na kanwie fenomenologii \u017cycia Anny Teresy Tymienieckiej. W:\u00a0Kult\u00fara, civiliz\u00e1cia, normativita \u2013 dial\u00f3g a konflikty z poh\u013eadu filozofie. Eds. Andrea Javorsk\u00e1, Ondrej Marchevsk\u00fd. Filozofick\u00e1 fakulta PU v Pre\u0161ove a Slovensk\u00e9 filozofick\u00e9 zdru\u017eenie pri SAV. Bratislava 2017, pp. 83\u201387.<\/li>\n<\/ul>\n<p>\n<\/div>\r\n                    <\/div>\r\n                <\/div>[\/vc_tta_section][\/vc_tta_tabs][\/vc_column][vc_column width=&#8221;1\/3&#8243;]\r\n                <div class=\"text-modules\">\r\n                    <div class=\"container\">\r\n                        \r\n                        <div class=\"text-modules__content\"><\/p>\n<p>&nbsp;<\/p>\n<p><img class=\"alignnone wp-image-732 size-full\" src=\"https:\/\/us.edu.pl\/instytut\/ifil\/wp-content\/uploads\/sites\/23\/pracownicy\/MRUSZCZYK.jpg\" alt=\"Magdalena Mruszczyk\" width=\"280\" height=\"200\" \/><\/p>\n<\/div>\r\n                    <\/div>\r\n                <\/div>[\/vc_column][\/vc_row]<\/p>","protected":false},"excerpt":{"rendered":"<p>[vc_row][vc_column width=&#8221;2\/3&#8243;][vc_tta_tabs][vc_tta_section title=&#8221;POLISH&#8221; tab_id=&#8221;1635945125117-34042bb8-eeab&#8221;][vc_row_inner][vc_column_inner width=&#8221;1\/2&#8243;][\/vc_column_inner][vc_column_inner width=&#8221;1\/2&#8243;][\/vc_column_inner][\/vc_row_inner][\/vc_tta_section][vc_tta_section title=&#8221;ENGLISH&#8221; tab_id=&#8221;1742564973515-6145b420-b205&#8243;][\/vc_tta_section][\/vc_tta_tabs][\/vc_column][vc_column width=&#8221;1\/3&#8243;][\/vc_column][\/vc_row] [&#8230;]<\/p>\n<p><a class=\"btn btn-secondary understrap-read-more-link\" href=\"https:\/\/us.edu.pl\/instytut\/ifil\/osoby\/magdalena-mruszczyk\/\">Read More&#8230;<\/a><\/p>\n","protected":false},"author":1,"featured_media":0,"template":"","meta":{"_expiration-date-status":"","_expiration-date":0,"_expiration-date-type":"","_expiration-date-categories":[],"_expiration-date-options":[]},"acf":[],"_links":{"self":[{"href":"https:\/\/us.edu.pl\/instytut\/ifil\/wp-json\/wp\/v2\/osoby\/510"}],"collection":[{"href":"https:\/\/us.edu.pl\/instytut\/ifil\/wp-json\/wp\/v2\/osoby"}],"about":[{"href":"https:\/\/us.edu.pl\/instytut\/ifil\/wp-json\/wp\/v2\/types\/osoby"}],"author":[{"embeddable":true,"href":"https:\/\/us.edu.pl\/instytut\/ifil\/wp-json\/wp\/v2\/users\/1"}],"version-history":[{"count":5,"href":"https:\/\/us.edu.pl\/instytut\/ifil\/wp-json\/wp\/v2\/osoby\/510\/revisions"}],"predecessor-version":[{"id":1776,"href":"https:\/\/us.edu.pl\/instytut\/ifil\/wp-json\/wp\/v2\/osoby\/510\/revisions\/1776"}],"wp:attachment":[{"href":"https:\/\/us.edu.pl\/instytut\/ifil\/wp-json\/wp\/v2\/media?parent=510"}],"curies":[{"name":"wp","href":"https:\/\/api.w.org\/{rel}","templated":true}]}}