{"id":538,"date":"2020-01-19T16:27:53","date_gmt":"2020-01-19T15:27:53","guid":{"rendered":"http:\/\/us.edu.pl\/instytut\/ifil\/?post_type=osoby&#038;p=538"},"modified":"2025-05-21T14:51:38","modified_gmt":"2025-05-21T12:51:38","slug":"agnieszka-woszczyk","status":"publish","type":"osoby","link":"https:\/\/us.edu.pl\/instytut\/ifil\/osoby\/agnieszka-woszczyk\/","title":{"rendered":"Agnieszka Woszczyk"},"content":{"rendered":"<p>[vc_row][vc_column width=&#8221;2\/3&#8243;][vc_tta_tabs][vc_tta_section title=&#8221;POLISH&#8221; tab_id=&#8221;1637317559639-eb136e55-220a&#8221;]\r\n                <div class=\"text-modules\">\r\n                    <div class=\"container\">\r\n                        \r\n                        <div class=\"text-modules__content\"><\/p>\n<h5><strong>dr Agnieszka Woszczyk, prof. U\u015a<br \/>\n<\/strong><\/h5>\n<p>Katowice, ul. Bankowa 11, pi\u0119tro III, pok\u00f3j 318 B<br \/>\ne-mail:\u00a0<a href=\"mailto:agnieszka.woszczyk@us.edu.pl\">agnieszka.woszczyk@us.edu.pl<\/a><\/p>\n<p><strong>Stanowisko:\u00a0<\/strong>profesor uczelni<\/p>\n<p>&nbsp;<\/p>\n<p><strong>\u017byciorys naukowy<\/strong><\/p>\n<hr \/>\n<ul>\n<li>2001 \u2013 magister filozofii,<\/li>\n<li>2005 \u2013 doktor filozofii,<\/li>\n<li>dysertacja doktorska:\u00a0Problem \u201ehen\u201d i \u201eaoristos dyas\u201d w \u201eEnneadach\u201d Plotyna<\/li>\n<\/ul>\n<p>&nbsp;<\/p>\n<p><strong>Projekty badawcze<\/strong><\/p>\n<hr \/>\n<ul>\n<li><em>Kategorialna i rodzajowa analiza bytu w filozofii staro\u017cytnej<\/em><br \/>\n(grant WNS U\u015a dla m\u0142odych naukowc\u00f3w, 2011\u20132012).<\/li>\n<li><em>Filozofia jako sztuka \u017cycia\u00a0<\/em><br \/>\n(grant WNS U\u015a dla m\u0142odych naukowc\u00f3w, 2012\u20132013).<\/li>\n<li><em>Tradition und Formen der Kritik in der europ\u00e4ischen Philosophie<\/em>\u00a0(cz\u0142onek zespo\u0142u badawczego, 2016\u20132017).<\/li>\n<\/ul>\n<p>&nbsp;<\/p>\n<p><strong>Sprawowane funkcje<\/strong><\/p>\n<hr \/>\n<ul>\n<li>Zast\u0119pca dyrektora kierunk\u00f3w studi\u00f3w: filozofia, doradztwo filozoficzne i coaching, kognitywistyka<\/li>\n<\/ul>\n<p>&nbsp;<\/p>\n<p><strong>Nagrody<\/strong><\/p>\n<hr \/>\n<ul>\n<li>Nagroda za dzia\u0142alno\u015b\u0107 naukow\u0105 JM Rektora U\u015a, drugiego stopnia (2007).<\/li>\n<\/ul>\n<p>&nbsp;<\/p>\n<p><strong>Zainteresowania naukowe<\/strong><\/p>\n<hr \/>\n<ul>\n<li>neoplatonizm,<\/li>\n<li>metafizyka,<\/li>\n<li>doradztwo filozoficzne,<\/li>\n<li>coaching.<\/li>\n<\/ul>\n<p>&nbsp;<\/p>\n<p><strong>Publikacje<\/strong><\/p>\n<hr \/>\n<ul>\n<li><em>Problem \u201ehen\u201d i aoristos dyas\u201d w \u201eEnneadach\u201dPlotyna,\u00a0<\/em>Wydawnictwo Uniwersytetu \u015al\u0105skiego, Katowice 2007.<\/li>\n<li><em>Being and Logos. Categorical and Generic Analyses of Being in Classical Philosophy,\u00a0<\/em>Woszczyk and Dariusz Olesi\u0144ski (reds.), Oficyna Wydawnicza Impuls, Uniwersytet \u015al\u0105ski, Krak\u00f3w\u2013Katowice 2012.<\/li>\n<li><em>Filozofia jako sztuka \u017cycia. Teorie, modele i wzorce dla doradztwa filozoficznego<\/em>, Woszczyk, D. Olesi\u0144ski (red.), Uniwersytet \u015al\u0105ski, Katowice 2013.<\/li>\n<li><em>Consolatio or Critical Methods? Reflections on Philosophical Counseling<\/em>, in:\u00a0<em>Thinking critically: What does it mean? The tradition of philosophical criticism and its forms in the European History of Ideas<\/em>, Dariusz Kubok (ed.), De Gruyter, Berlin\u2013Boston 2018, pp. 265\u2013279.<\/li>\n<li><em>Medioplatonizm i neoplatonizm<\/em>, w:\u00a0<em>Cz.1 Koncepcje metafizyki<\/em>, S. Janeczek, A. Staro\u015bcic, Wydawnictwo KUL, Lublin 2017, s. 55\u201378.<\/li>\n<li><em>Odkrywanie ja\u017ani. Anabasis i katabasis w \u201eEnneadach\u201d Plotyna<\/em>, w:\u00a0<em>Therpeia,askesis, meditation. Praktyczny wymiar filozofii w staro\u017cytno\u015bci i \u015bredniowieczu<\/em>,\u00a0 \u0141api\u0144ski, R. Pawlik, R. Tichy (red.), Wydzia\u0142 Filozofii i Socjologii UW, Warszawa 2017, s. 115\u2013127.<\/li>\n<li><em>Materia-z\u0142o i problem dualizmu pryncypi\u00f3w. Polemika Proklosa z Plotynem w \u201eDe malorum subsistentia\u201d<\/em>, \u201eFolia Philosophica\u201d 2015, t. 33, s. 71\u201383.<\/li>\n<li><em>Ideas of individuals and the gradation of hypostasis Psych\u0113 in The Enneads by Plotinus<\/em>, \u201cFolia Philosophica\u201d 2013, vol. 28, s. 15\u201328.<\/li>\n<li><em>Doradztwo filozoficznego a coaching. Adaptacja wybranych koncepcji do roli modeli i narz\u0119dzi pracy z podopiecznym<\/em>, w:\u00a0<em>Filozofia jako sztuka \u017cycia. Teorie, modele i wzorce dla doradztwa filozoficznego<\/em>, pod red. A. Woszczyk i D. Olesi\u0144skiego, Katowice 2013.<\/li>\n<li><em>Prenoetic Genera in \u2018The Enneads\u2019 by Plotinus<\/em>, in:\u00a0<em>Being and Logos. Categorical and Generic Analyses of Being in Classical Philosophy,\u00a0<\/em>edited by A. Woszczyk and Dariusz Olesi\u0144ski, Krak\u00f3w\u2013Katowice 2012, s. 89\u2013103.<\/li>\n<\/ul>\n<p>\n<\/div>\r\n                    <\/div>\r\n                <\/div>[\/vc_tta_section][vc_tta_section title=&#8221;ENGLISH&#8221; tab_id=&#8221;1747831750865-38e709ac-55ce&#8221;]\r\n                <div class=\"text-modules\">\r\n                    <div class=\"container\">\r\n                        \r\n                        <div class=\"text-modules__content\"><\/p>\n<h5><strong>Agnieszka Woszczyk, PhD<\/strong><\/h5>\n<p>Katowice, ul. Bankowa 11, 3rd floor, room 318B<br \/>\ne-mail: <a href=\"mailto:agnieszka.woszczyk@us.edu.pl\">agnieszka.woszczyk@us.edu.pl<\/a><\/p>\n<p>&nbsp;<\/p>\n<p><strong>Position<\/strong><\/p>\n<hr \/>\n<p>Associate Professor<\/p>\n<p>&nbsp;<\/p>\n<p><strong>Academic Background<\/strong><\/p>\n<hr \/>\n<ul>\n<li>2001 \u2013 master\u2019s degree in philosophy<\/li>\n<li>2005 \u2013 PhD in philosophy<\/li>\n<li>doctoral Dissertation: Problem \u201ehen\u201d i \u201eaoristos dyas\u201d w \u201eEnneadach\u201d Plotyna (The Problem of \u201cHen\u201d and \u201cAoristos Dyas\u201d in Plotinus\u2019 \u201cEnneads\u201d)<\/li>\n<\/ul>\n<p>&nbsp;<\/p>\n<p><strong>Research Projects<\/strong><\/p>\n<hr \/>\n<ul>\n<li><em>Kategorialna i rodzajowa analiza bytu w filozofii staro\u017cytnej <\/em>(Categorical and Generic Analysis of Being in Ancient Philosophy) (Faculty of Social Sciences grant for young researchers, the University of Silesia, 2011\u20132012).<\/li>\n<li><em>Filozofia jako sztuka \u017cycia <\/em>(Philosophy as the Art of Living) (Faculty of Social Sciences grant for young researchers, University of Silesia, 2012\u20132013).<\/li>\n<li><em>Tradition und Formen der Kritik in der europ\u00e4ischen Philosophie <\/em>(member of the research team, 2016\u20132017).<\/li>\n<\/ul>\n<p>&nbsp;<\/p>\n<p><strong>Roles and Responsibilities<\/strong><\/p>\n<hr \/>\n<ul>\n<li>Vice-Director of study programs: Philosophy, Philosophical Counselling and Coaching, Cognitive Science<\/li>\n<\/ul>\n<p>&nbsp;<\/p>\n<p><strong>Awards<\/strong><\/p>\n<hr \/>\n<ul>\n<li>Second-Degree Rector\u2019s Award for Scientific Activity, the University of Silesia (2007)<\/li>\n<\/ul>\n<p>&nbsp;<\/p>\n<p><strong>Scientific Interests<\/strong><\/p>\n<hr \/>\n<ul>\n<li>neoplatonism<\/li>\n<li>metaphysics<\/li>\n<li>philosophical counselling<\/li>\n<li>coaching<\/li>\n<\/ul>\n<p>&nbsp;<\/p>\n<p><strong>Publications<\/strong><\/p>\n<hr \/>\n<ul>\n<li><em>Problem \u201ehen\u201d i aoristos dyas\u201d w \u201eEnneadach\u201dPlotyna,\u00a0<\/em>University of Silesia Press, Katowice 2007.<\/li>\n<li><em>Being and Logos. Categorical and Generic Analyses of Being in Classical Philosophy,\u00a0<\/em>Woszczyk and Dariusz Olesi\u0144ski (eds.), Oficyna Wydawnicza Impuls, Uniwersytet \u015al\u0105ski, Krak\u00f3w\u2013Katowice 2012.<\/li>\n<li><em>Filozofia jako sztuka \u017cycia. Teorie, modele i wzorce dla doradztwa filozoficznego<\/em>, Woszczyk, D. Olesi\u0144ski (eds.), Uniwersytet \u015al\u0105ski, Katowice 2013.<\/li>\n<li><em>Consolatio or Critical Methods? Reflections on Philosophical Counseling<\/em>, in:\u00a0<em>Thinking critically: What does it mean? The tradition of philosophical criticism and its forms in the European History of Ideas<\/em>, Dariusz Kubok (ed.), De Gruyter, Berlin\u2013Boston 2018, pp. 265\u2013279.<\/li>\n<li><em>Medioplatonizm i neoplatonizm<\/em>, in:\u00a0<em>Cz.1 Koncepcje metafizyki<\/em>, S. Janeczek, A. Staro\u015bcic, Wydawnictwo KUL, Lublin 2017, pp. 55\u201378.<\/li>\n<li><em>Odkrywanie ja\u017ani. Anabasis i katabasis w \u201eEnneadach\u201d Plotyna<\/em>, in:\u00a0<em>Therpeia,askesis, meditation. Praktyczny wymiar filozofii w staro\u017cytno\u015bci i \u015bredniowieczu<\/em>,\u00a0 \u0141api\u0144ski, R. Pawlik, R. Tichy (eds.), Wydzia\u0142 Filozofii i Socjologii UW, Warszawa 2017, pp. 115\u2013127.<\/li>\n<li><em>Materia-z\u0142o i problem dualizmu pryncypi\u00f3w. Polemika Proklosa z Plotynem w \u201eDe malorum subsistentia\u201d<\/em>, \u201eFolia Philosophica\u201d 2015, Vol. 33, pp. 71\u201383.<\/li>\n<li><em>Ideas of individuals and the gradation of hypostasis Psych\u0113 in The Enneads by Plotinus<\/em>, \u201cFolia Philosophica\u201d 2013, Vol. 28, pp. 15\u201328.<\/li>\n<li><em>Doradztwo filozoficznego a coaching. Adaptacja wybranych koncepcji do roli modeli i narz\u0119dzi pracy z podopiecznym<\/em>, w:\u00a0<em>Filozofia jako sztuka \u017cycia. Teorie, modele i wzorce dla doradztwa filozoficznego<\/em>, edited by A. Woszczyk and D. Olesi\u0144ski, Katowice 2013.<\/li>\n<li><em>Prenoetic Genera in \u2018The Enneads\u2019 by Plotinus<\/em>, in:\u00a0<em>Being and Logos. Categorical and Generic Analyses of Being in Classical Philosophy,\u00a0<\/em>edited by A. Woszczyk and Dariusz Olesi\u0144ski, Krak\u00f3w\u2013Katowice 2012, pp. 89\u2013103.<\/li>\n<\/ul>\n<p>\n<\/div>\r\n                    <\/div>\r\n                <\/div>[\/vc_tta_section][\/vc_tta_tabs][vc_row_inner][vc_column_inner width=&#8221;1\/2&#8243;]\r\n                <div class='sidebar_moduls sidebar_one_header' style='color:#FFFFFF;background-color: #002E5A'>\r\n                    <a href='https:\/\/ab.us.edu.pl\/emp?id=31042&amp;view=P' class='link'>View all publications<\/a>\r\n                <\/div>[\/vc_column_inner][vc_column_inner width=&#8221;1\/2&#8243;][\/vc_column_inner][\/vc_row_inner][\/vc_column][vc_column width=&#8221;1\/3&#8243;]\r\n                <div class=\"text-modules\">\r\n                    <div class=\"container\">\r\n                        \r\n                        <div class=\"text-modules__content\"><\/p>\n<p><img class=\"alignnone wp-image-1632 size-full\" src=\"https:\/\/us.edu.pl\/instytut\/ifil\/wp-content\/uploads\/sites\/23\/Bez-kategorii\/IMG-20201009-WA0037-scaled.jpeg\" alt=\"dr Agnieszka Woszczyk, prof. U\u015a\" width=\"1775\" height=\"2560\" srcset=\"https:\/\/us.edu.pl\/instytut\/ifil\/wp-content\/uploads\/sites\/23\/Bez-kategorii\/IMG-20201009-WA0037-scaled.jpeg 1775w, https:\/\/us.edu.pl\/instytut\/ifil\/wp-content\/uploads\/sites\/23\/Bez-kategorii\/IMG-20201009-WA0037-208x300.jpeg 208w, https:\/\/us.edu.pl\/instytut\/ifil\/wp-content\/uploads\/sites\/23\/Bez-kategorii\/IMG-20201009-WA0037-710x1024.jpeg 710w, https:\/\/us.edu.pl\/instytut\/ifil\/wp-content\/uploads\/sites\/23\/Bez-kategorii\/IMG-20201009-WA0037-768x1107.jpeg 768w, https:\/\/us.edu.pl\/instytut\/ifil\/wp-content\/uploads\/sites\/23\/Bez-kategorii\/IMG-20201009-WA0037-1065x1536.jpeg 1065w, https:\/\/us.edu.pl\/instytut\/ifil\/wp-content\/uploads\/sites\/23\/Bez-kategorii\/IMG-20201009-WA0037-1420x2048.jpeg 1420w, https:\/\/us.edu.pl\/instytut\/ifil\/wp-content\/uploads\/sites\/23\/Bez-kategorii\/IMG-20201009-WA0037-399x575.jpeg 399w\" sizes=\"(max-width: 1775px) 100vw, 1775px\" \/><\/p>\n<\/div>\r\n                    <\/div>\r\n                <\/div>[\/vc_column][\/vc_row]<\/p>","protected":false},"excerpt":{"rendered":"<p>[vc_row][vc_column width=&#8221;2\/3&#8243;][vc_tta_tabs][vc_tta_section title=&#8221;POLISH&#8221; tab_id=&#8221;1637317559639-eb136e55-220a&#8221;][\/vc_tta_section][vc_tta_section title=&#8221;ENGLISH&#8221; tab_id=&#8221;1747831750865-38e709ac-55ce&#8221;][\/vc_tta_section][\/vc_tta_tabs][vc_row_inner][vc_column_inner width=&#8221;1\/2&#8243;][\/vc_column_inner][vc_column_inner width=&#8221;1\/2&#8243;][\/vc_column_inner][\/vc_row_inner][\/vc_column][vc_column width=&#8221;1\/3&#8243;][\/vc_column][\/vc_row] [&#8230;]<\/p>\n<p><a class=\"btn btn-secondary understrap-read-more-link\" href=\"https:\/\/us.edu.pl\/instytut\/ifil\/osoby\/agnieszka-woszczyk\/\">Read More&#8230;<\/a><\/p>\n","protected":false},"author":1,"featured_media":0,"template":"","meta":{"_expiration-date-status":"","_expiration-date":0,"_expiration-date-type":"","_expiration-date-categories":[],"_expiration-date-options":[]},"acf":[],"_links":{"self":[{"href":"https:\/\/us.edu.pl\/instytut\/ifil\/wp-json\/wp\/v2\/osoby\/538"}],"collection":[{"href":"https:\/\/us.edu.pl\/instytut\/ifil\/wp-json\/wp\/v2\/osoby"}],"about":[{"href":"https:\/\/us.edu.pl\/instytut\/ifil\/wp-json\/wp\/v2\/types\/osoby"}],"author":[{"embeddable":true,"href":"https:\/\/us.edu.pl\/instytut\/ifil\/wp-json\/wp\/v2\/users\/1"}],"version-history":[{"count":8,"href":"https:\/\/us.edu.pl\/instytut\/ifil\/wp-json\/wp\/v2\/osoby\/538\/revisions"}],"predecessor-version":[{"id":1898,"href":"https:\/\/us.edu.pl\/instytut\/ifil\/wp-json\/wp\/v2\/osoby\/538\/revisions\/1898"}],"wp:attachment":[{"href":"https:\/\/us.edu.pl\/instytut\/ifil\/wp-json\/wp\/v2\/media?parent=538"}],"curies":[{"name":"wp","href":"https:\/\/api.w.org\/{rel}","templated":true}]}}