{"id":7717,"date":"2025-11-13T17:05:36","date_gmt":"2025-11-13T16:05:36","guid":{"rendered":"https:\/\/us.edu.pl\/instytut\/ifiz\/?post_type=event&#038;p=7717"},"modified":"2025-11-13T17:06:54","modified_gmt":"2025-11-13T16:06:54","slug":"mosty-do-przyszlosci-konferencja-dla-nauczycieli-przedmiotow-scislych-i-przyrodniczych","status":"publish","type":"event","link":"https:\/\/us.edu.pl\/instytut\/ifiz\/event\/mosty-do-przyszlosci-konferencja-dla-nauczycieli-przedmiotow-scislych-i-przyrodniczych\/","title":{"rendered":"Mosty do przysz\u0142o\u015bci &#8211; konferencja dla nauczycieli przedmiot\u00f3w \u015bcis\u0142ych i przyrodniczych"},"content":{"rendered":"<p><span style=\"font-size: 14pt;\">W ramach dwudniowej konferencji planujemy wyk\u0142ady i warsztaty dla nauczycieli przedmiot\u00f3w \u015bcis\u0142ych i przyrodniczych.\u00a0 Zaprezentowane zostan\u0105 nowoczesne metody nauczania przedmiot\u00f3w \u015bcis\u0142ych i przyrodniczych, w tym:\u00a0<\/span><\/p>\n<ul>\n<li><span style=\"font-size: 14pt;\">metody\u00a0 aktywizuj\u0105ce uczni\u00f3w,\u00a0\u00a0<\/span><\/li>\n<li><span style=\"font-size: 14pt;\">nauczanie przez\u00a0 do\u015bwiadczanie (min. IBSE),\u00a0\u00a0<\/span><\/li>\n<li><span style=\"font-size: 14pt;\">praca metod\u0105\u00a0 projektu,\u00a0\u00a0<\/span><\/li>\n<li><span style=\"font-size: 14pt;\">wykorzystanie\u00a0 STEM,\u00a0<\/span><\/li>\n<li><span style=\"font-size: 14pt;\">zastosowanie AI w nauczaniu.\u00a0\u00a0<\/span><\/li>\n<\/ul>\n<p><span style=\"font-size: 14pt;\">Uczestnicy b\u0119d\u0105 mogli samodzielnie przeprowadza\u0107 do\u015bwiadczenia oraz obserwacje z wykorzystaniem najnowocze\u015bniejszego sprz\u0119tu laboratoryjnego &#8211; po\u0142\u0105czenie teorii oraz praktyki jest bowiem istotnym elementem poznawczym. W dobie szybkiego post\u0119pu naukowego i rozwijaj\u0105cych si\u0119 technik analitycznych istotne jest zwi\u0119kszanie \u015bwiadomo\u015b\u0107 oraz wiedzy nauczycieli, dla kt\u00f3rych techniki badawcze oraz do\u015bwiadczalne wci\u0105\u017c stanowi\u0105 du\u017ce wyzwanie dydaktyczne. Podniesienie ich kompetencji poprawi jako\u015b\u0107 edukacji uczni\u00f3w, pobudzaj\u0105c\u0105 ich kreatywno\u015b\u0107 i motywacj\u0119<\/span><\/p>","protected":false},"excerpt":{"rendered":"<p>W ramach dwudniowej konferencji planujemy wyk\u0142ady i warsztaty dla nauczycieli przedmiot\u00f3w \u015bcis\u0142ych i przyrodniczych.\u00a0 Zaprezentowane zostan\u0105 nowoczesne metody nauczania przedmiot\u00f3w \u015bcis\u0142ych i przyrodniczych, w tym:\u00a0 metody\u00a0 aktywizuj\u0105ce uczni\u00f3w,\u00a0\u00a0 nauczanie przez\u00a0 do\u015bwiadczanie (min. IBSE),\u00a0\u00a0 praca metod\u0105\u00a0 projektu,\u00a0\u00a0 wykorzystanie\u00a0 STEM,\u00a0 zastosowanie AI w nauczaniu.\u00a0\u00a0 Uczestnicy b\u0119d\u0105 mogli samodzielnie przeprowadza\u0107 do\u015bwiadczenia oraz obserwacje z wykorzystaniem najnowocze\u015bniejszego sprz\u0119tu laboratoryjnego [&#8230;]<\/p>\n<p><a class=\"btn btn-secondary understrap-read-more-link\" href=\"https:\/\/us.edu.pl\/instytut\/ifiz\/event\/mosty-do-przyszlosci-konferencja-dla-nauczycieli-przedmiotow-scislych-i-przyrodniczych\/\">Read More&#8230;<\/a><\/p>\n","protected":false},"author":6706,"featured_media":7709,"template":"","meta":{"_expiration-date-status":"","_expiration-date":0,"_expiration-date-type":"","_expiration-date-categories":[],"_expiration-date-options":[]},"acf":[],"_links":{"self":[{"href":"https:\/\/us.edu.pl\/instytut\/ifiz\/wp-json\/wp\/v2\/event\/7717"}],"collection":[{"href":"https:\/\/us.edu.pl\/instytut\/ifiz\/wp-json\/wp\/v2\/event"}],"about":[{"href":"https:\/\/us.edu.pl\/instytut\/ifiz\/wp-json\/wp\/v2\/types\/event"}],"author":[{"embeddable":true,"href":"https:\/\/us.edu.pl\/instytut\/ifiz\/wp-json\/wp\/v2\/users\/6706"}],"version-history":[{"count":0,"href":"https:\/\/us.edu.pl\/instytut\/ifiz\/wp-json\/wp\/v2\/event\/7717\/revisions"}],"wp:featuredmedia":[{"embeddable":true,"href":"https:\/\/us.edu.pl\/instytut\/ifiz\/wp-json\/wp\/v2\/media\/7709"}],"wp:attachment":[{"href":"https:\/\/us.edu.pl\/instytut\/ifiz\/wp-json\/wp\/v2\/media?parent=7717"}],"curies":[{"name":"wp","href":"https:\/\/api.w.org\/{rel}","templated":true}]}}