{"id":7411,"date":"2025-05-20T18:00:28","date_gmt":"2025-05-20T16:00:28","guid":{"rendered":"https:\/\/us.edu.pl\/instytut\/ifiz\/?post_type=multimedia&#038;p=7411"},"modified":"2025-05-20T18:00:28","modified_gmt":"2025-05-20T16:00:28","slug":"czym-zajmuja-sie-studenci-biofizyki","status":"publish","type":"multimedia","link":"https:\/\/us.edu.pl\/instytut\/ifiz\/multimedia\/czym-zajmuja-sie-studenci-biofizyki\/","title":{"rendered":"Czym zajmuj\u0105 si\u0119 studenci biofizyki?"},"content":{"rendered":"<p>[vc_row][vc_column width=&#8221;1\/2&#8243;][vc_column_text]<\/p>\n<div style=\"width: 640px;\" class=\"wp-video\"><!--[if lt IE 9]><script>document.createElement('video');<\/script><![endif]-->\n<video class=\"wp-video-shortcode\" id=\"video-7411-1\" width=\"640\" height=\"1138\" preload=\"metadata\" controls=\"controls\"><source type=\"video\/mp4\" src=\"https:\/\/us.edu.pl\/instytut\/ifiz\/wp-content\/uploads\/sites\/39\/Bez-kategorii\/3filmik_zostan_studentem.mp4?_=1\" \/><a href=\"https:\/\/us.edu.pl\/instytut\/ifiz\/wp-content\/uploads\/sites\/39\/Bez-kategorii\/3filmik_zostan_studentem.mp4\">https:\/\/us.edu.pl\/instytut\/ifiz\/wp-content\/uploads\/sites\/39\/Bez-kategorii\/3filmik_zostan_studentem.mp4<\/a><\/video><\/div>\n<p>[\/vc_column_text][\/vc_column][vc_column width=&#8221;1\/2&#8243;]\r\n                <div class=\"text-modules\">\r\n                    <div class=\"container\">\r\n                        \r\n                        <div class=\"text-modules__content\"><\/p>\n<p style=\"text-align: center;\"><span style=\"font-size: 18pt;\">Studenci maj\u0105 pe\u0142ny dost\u0119p do laboratori\u00f3w, pod opiek\u0105 pracownik\u00f3w Instytutu Fizyki mog\u0105 realizowa\u0107 swoje pomys\u0142y badawcze, a tak\u017ce bra\u0107 udzia\u0142 w realizacji trwaj\u0105cych projekt\u00f3w badawczych.<\/span><\/p>\n<p style=\"text-align: center;\"><span style=\"font-size: 18pt;\">Wi\u0119cej informacji o kierunku i rekrutacji znajdziesz na stronie:<\/span><\/p>\n<p style=\"text-align: center;\"><a name=\"menur99\"><\/a><span style=\"font-size: 18pt;\"><a href=\"https:\/\/us.edu.pl\/wydzial\/wnst\/studia\/kandydat\/oferta-dydaktyczna\/biofizyka\/\" target=\"_blank\" rel=\"noopener\">https:\/\/us.edu.pl\/wydzial\/wnst\/studia\/kandydat\/oferta-dydaktyczna\/biofizyka\/<\/a><\/span><\/p>\n<p>&nbsp;<\/p>\n<p style=\"text-align: center;\"><span style=\"font-size: 18pt;\"><strong>I TURA REKRUTACJI <\/strong><\/span><\/p>\n<p style=\"text-align: center;\"><span style=\"font-size: 18pt;\"><strong>OD 2 CZERWCA DO 11 LIPCA!<\/strong><\/span><\/p>\n<p style=\"text-align: center;\"><span style=\"font-size: 18pt;\">#biofizyka, #biofizykafarmaceutyczna, #rekrutacja, #zosta\u0144naukowcem, #WNSiT, #zosta\u0144studentem, #pasjonacinauki<\/span><\/p>\n<p>\n<\/div>\r\n                    <\/div>\r\n                <\/div>[\/vc_column][\/vc_row]<\/p>","protected":false},"excerpt":{"rendered":"<p>[vc_row][vc_column width=&#8221;1\/2&#8243;][vc_column_text] [\/vc_column_text][\/vc_column][vc_column width=&#8221;1\/2&#8243;][\/vc_column][\/vc_row] [&#8230;]<\/p>\n<p><a class=\"btn btn-secondary understrap-read-more-link\" href=\"https:\/\/us.edu.pl\/instytut\/ifiz\/multimedia\/czym-zajmuja-sie-studenci-biofizyki\/\">Read More&#8230;<\/a><\/p>\n","protected":false},"author":6706,"featured_media":7420,"template":"","meta":{"_expiration-date-status":"","_expiration-date":0,"_expiration-date-type":"","_expiration-date-categories":[],"_expiration-date-options":[]},"acf":[],"_links":{"self":[{"href":"https:\/\/us.edu.pl\/instytut\/ifiz\/wp-json\/wp\/v2\/multimedia\/7411"}],"collection":[{"href":"https:\/\/us.edu.pl\/instytut\/ifiz\/wp-json\/wp\/v2\/multimedia"}],"about":[{"href":"https:\/\/us.edu.pl\/instytut\/ifiz\/wp-json\/wp\/v2\/types\/multimedia"}],"author":[{"embeddable":true,"href":"https:\/\/us.edu.pl\/instytut\/ifiz\/wp-json\/wp\/v2\/users\/6706"}],"version-history":[{"count":0,"href":"https:\/\/us.edu.pl\/instytut\/ifiz\/wp-json\/wp\/v2\/multimedia\/7411\/revisions"}],"wp:featuredmedia":[{"embeddable":true,"href":"https:\/\/us.edu.pl\/instytut\/ifiz\/wp-json\/wp\/v2\/media\/7420"}],"wp:attachment":[{"href":"https:\/\/us.edu.pl\/instytut\/ifiz\/wp-json\/wp\/v2\/media?parent=7411"}],"curies":[{"name":"wp","href":"https:\/\/api.w.org\/{rel}","templated":true}]}}