{"id":6080,"date":"2024-12-27T16:57:15","date_gmt":"2024-12-27T15:57:15","guid":{"rendered":"https:\/\/us.edu.pl\/instytut\/ifiz\/?page_id=6080"},"modified":"2025-03-28T15:06:20","modified_gmt":"2025-03-28T14:06:20","slug":"wspolpraca-z-partnerami","status":"publish","type":"page","link":"https:\/\/us.edu.pl\/instytut\/ifiz\/nauka\/wspolpraca-z-partnerami\/","title":{"rendered":"Wsp\u00f3\u0142praca z partnerami"},"content":{"rendered":"<p>[vc_row][vc_column]\r\n                <div class=\"text-modules \">\r\n                    <div class=\"container\">\r\n                        <h3 class=\"section-title section-title_border-bottom\">Europejska Organizacja Bada\u0144 J\u0105drowych CERN<\/h3> \r\n                        <div class=\"row m-0\">\r\n                            <div class=\"text-modules__content\">\r\n                                <span style=\"font-size: 14pt;\">Europejska Organizacja Bada\u0144 J\u0105drowych (pierwotnie <strong>C<\/strong>onseil <strong>E<\/strong>urop\u00e9en pour la <strong>R<\/strong>echerche <strong>N<\/strong>ucl\u00e9aire, CERN) z siedzib\u0105 w Genewie to jeden z najbardziej presti\u017cowych o\u015brodk\u00f3w naukowo-badawczych na \u015bwiecie \u2013 wizyt\u00f3wka europejskiej nauki. W ci\u0105gu prawie siedemdziesi\u0119ciu lat jego istnienia kilka pokole\u0144 znakomitych fizyk\u00f3w z ca\u0142ego \u015bwiata (w tym wielu noblist\u00f3w) prowadzi\u0142o tam swoje badania naukowe skoncentrowane na jednym celu \u2013 odkrywaniu istoty Wszech\u015bwiata.<\/span><\/p>\n<p><span style=\"font-size: 14pt;\">W prace europejskiej organizacji zaanga\u017cowane s\u0105 obecnie 23 pa\u0144stwa, w tym Polska, <span style=\"color: #003366;\"><strong>n<\/strong><\/span><span style=\"font-size: 14pt; color: #003366;\"><strong>asz kraj uzyska\u0142 cz\u0142onkostwo w CERN 1 lipca 1991 roku<\/strong>.\u00a0<\/span> Badania obejmuj\u0105 przede wszystkim projekty dotycz\u0105ce cz\u0105stek elementarnych oraz fizycznych oddzia\u0142ywa\u0144 podstawowych. Warto doda\u0107, \u017ce to w\u0142a\u015bnie w CERN-ie 4 lipca 2012 roku potwierdzono istnienie bozonu Higgsa, zwanego \u201e\u015awi\u0119tym Graalem\u201d fizyk\u00f3w. Zarejestrowanie przez detektory przy akceleratorze LHC tzw. boskiej cz\u0105stki jest uznawane za ostatni wielki prze\u0142om w badaniach nad Modelem Standardowym.<\/span> \r\n                                <div class=\"mt-3\"><\/div>\r\n                            <\/div>\r\n                            \r\n                            <div class=\"text-modules__img\"><img src=\"https:\/\/us.edu.pl\/instytut\/ifiz\/wp-content\/uploads\/sites\/39\/Bez-kategorii\/CERN-scaled.jpg\" alt=\"img\"><\/div>\r\n                        <\/div>\r\n                    <\/div>\r\n                <\/div>[\/vc_column][\/vc_row][vc_row][vc_column]\r\n                <div class=\"text-modules\">\r\n                    <div class=\"container\">\r\n                        \r\n                        <div class=\"text-modules__content\"><p><span style=\"font-size: 18pt; color: #003366;\"><strong>Fizycy z Uniwersytetu \u015al\u0105skiego wsp\u00f3\u0142pracuj\u0105 z CERN<\/strong><\/span><\/p>\n<p><span style=\"font-size: 14pt;\">Naukowcy z Uniwersytetu \u015al\u0105skiego w Katowicach od samego pocz\u0105tku aktywnie w\u0142\u0105czali si\u0119 w realizacj\u0119 projekt\u00f3w badawczych oraz eksperyment\u00f3w o \u015bwiatowym znaczeniu. O tym, jak na przestrzeni ostatnich lat wygl\u0105da\u0142a wsp\u00f3\u0142praca naszej uczelni z CERN-em, mo\u017cna przeczyta\u0107 na specjalnie przygotowanej stronie internetowej <a href=\"https:\/\/pl30cern.us.edu.pl\/\">z okazji 30-lecia wsp\u00f3\u0142pracy<\/a>. Cz\u0119\u015b\u0107 udost\u0119pnionych tam materia\u0142\u00f3w obejmuje wspomnienia pracownik\u00f3w, student\u00f3w i doktorant\u00f3w U\u015a z pobytu w Europejskiej Organizacji Bada\u0144 J\u0105drowych. Ich relacje zosta\u0142y opublikowane w ramach cyklu\u00a0<a href=\"https:\/\/us.edu.pl\/wydzial\/wnst\/uscern\/#moja-historia\">\u201eCERN | Moja historia\u201d<\/a>.<\/span><\/p>\n<p><span style=\"font-size: 14pt;\">Zach\u0119camy r\u00f3wnie\u017c do wys\u0142uchania trzech kr\u00f3tkich wyk\u0142ad\u00f3w lider\u00f3w zespo\u0142\u00f3w bior\u0105cych udzia\u0142 w projektach i eksperymentach badawczych w CERN-ie: <a href=\"https:\/\/www.youtube.com\/watch?v=eCxxCmGrLDE\">prof. dr. hab. Jana Kisiela<\/a>, <a href=\"https:\/\/www.youtube.com\/watch?v=XNaz-ZVBGMs\">dr. hab. Seweryna Kowalskiego, prof. U\u015a<\/a>, <a href=\"https:\/\/www.youtube.com\/watch?v=boDPXJHiKPU\">prof. dr. hab. Janusza Gluzy i dr Bartosza Dziwita<\/a>\u00a0oraz podcastu <a href=\"https:\/\/podcasty.radio.katowice.pl\/nauka-kazdego-dnia-odc-26-cern\/\">dr. Jerzego Jarosza, prof. U\u015a<\/a> z Instytutu Fizyki im. Augusta Che\u0142kowskiego U\u015a.\u00a0<\/span><\/p>\n<\/div>\r\n                    <\/div>\r\n                <\/div>[\/vc_column][\/vc_row][vc_row][vc_column]\r\n                <div class=\"text-modules \">\r\n                    <div class=\"container\">\r\n                        <h3 class=\"section-title section-title_border-bottom\">Badania nad neutrinami<\/h3> \r\n                        <div class=\"row m-0\">\r\n                            <div class=\"text-modules__content\">\r\n                                <\/p>\n<p align=\"justify\"><span style=\"font-size: 14pt;\">Fizycy z Uniwersytetu \u015al\u0105skiego uczestnicz\u0105 w mi\u0119dzynarodowych projektach naukowych T2K (Tokai to Kamioka), Super-K (Super-Kamiokande) oraz Hyper-K (Hyper-Kamiokande), kt\u00f3re koncentruj\u0105 si\u0119 na badaniu fundamentalnych w\u0142a\u015bciwo\u015bci neutrin. Neutrina to cz\u0105stki elementarne, kt\u00f3re, mimo swojej niezwykle ma\u0142ej masy, odgrywaj\u0105 istotn\u0105 rol\u0119 w ewolucji Wszech\u015bwiata i w fizyce cz\u0105stek elementarnych. Badania prowadzone w ramach tych eksperyment\u00f3w (T2K, Hyper-K) maj\u0105 na celu zg\u0142\u0119bienie mechanizm\u00f3w oscylacji neutrin, zrozumienie ich masy oraz wp\u0142ywu na obserwowan\u0105 obecnie we Wszech\u015bwiecie asymetri\u0119 materia-antymateria.<\/span><\/p>\n<h3 class=\"western\"><strong><span style=\"font-family: 'Liberation Sans', serif; font-size: 14pt; color: #003366;\">Eksperyment T2K<\/span><\/strong><\/h3>\n<p align=\"justify\"><span style=\"font-size: 14pt;\">Eksperyment T2K zlokalizowany jest w Japonii i stanowi jedno z najwa\u017cniejszych przedsi\u0119wzi\u0119\u0107 w fizyce neutrin. Jego kluczowym celem jest badanie oscylacji neutrin, czyli zjawiska przej\u015bcia jednego rodzaju neutrina w inny. W ramach T2K neutrina produkowane w akceleratorze cz\u0105stek w Tokai s\u0105 kierowane na odleg\u0142o\u015b\u0107 295 km do detektora Super-Kamiokande. Badania pozwoli\u0142y na potwierdzenie oscylacji neutrin i dostarczy\u0142y precyzyjnych danych na temat ich w\u0142asno\u015bci.<\/span><\/p>\n<div class=\"mt-3\"><\/div>\r\n                            <\/div>\r\n                            \r\n                            \r\n                        <\/div>\r\n                    <\/div>\r\n                <\/div>[\/vc_column][\/vc_row][vc_row][vc_column]\r\n                <div class=\"text-modules \">\r\n                    <div class=\"container\">\r\n                         \r\n                        <div class=\"row m-0\">\r\n                            <div class=\"text-modules__content\">\r\n                                <span style=\"color: #003366; font-size: 14pt;\"><strong><span style=\"font-family: 'Liberation Sans', serif;\">od T2K do Hyper-Kamiokande \u2013 nowa era w badaniach neutrin<\/span><\/strong><\/span><\/p>\n<p><span style=\"font-size: 14pt;\">T2K to tylko jeden z krok\u00f3w na drodze do lepszego zrozumienia neutrin. Hyper-Kamiokande (Hyper-K) stanowi kontynuacj\u0119 i rozszerzenie eksperymentu T2K, korzystaj\u0105c z ogromnego detektora zlokalizowanego w Japonii. To jeden z najbardziej zaawansowanych eksperyment\u00f3w fizyki cz\u0105stek elementarnych, kt\u00f3rego celem jest zg\u0142\u0119bianie fundamentalnych w\u0142a\u015bciwo\u015bci neutrin. Hyper-K ma potencja\u0142 zrewolucjonizowania naszej wiedzy o neutrinach i asymetrii materia-antymateria.<\/span><\/p>\n<p><span style=\"font-size: 14pt;\">Jego imponuj\u0105cy zbiornik o pojemno\u015bci oko\u0142o 260 tysi\u0119cy ton ultra-czystej wody b\u0119dzie jednym z najwi\u0119kszych tego typu obiekt\u00f3w na \u015bwiecie. Dzi\u0119ki wyposa\u017ceniu w oko\u0142o 20 tysi\u0119cy zaawansowanych fotopowielaczy nowej generacji o \u015brednicy 50 cm, detektor b\u0119dzie zdolny rejestrowa\u0107 nawet pojedyncze fotony \u2013 niezwykle s\u0142abe impulsy \u015bwietlne powstaj\u0105ce w wyniku interakcji neutrin. Dodatkowo, zastosowanie mniejszych fotopowielaczy pozwoli na jeszcze wi\u0119ksz\u0105 precyzj\u0119 i lepsz\u0105 rozdzielczo\u015b\u0107 przestrzenn\u0105.<\/span> \r\n                                <div class=\"mt-3\"><\/div>\r\n                            <\/div>\r\n                            \r\n                            \r\n                        <\/div>\r\n                    <\/div>\r\n                <\/div>[\/vc_column][\/vc_row][vc_row][vc_column]\r\n                <div class=\"text-modules reverse\">\r\n                    <div class=\"container\">\r\n                         \r\n                        <div class=\"row m-0\">\r\n                            <div class=\"text-modules__content\">\r\n                                <span style=\"font-size: 14pt;\">Hyper-K wyr\u00f3\u017cnia si\u0119 r\u00f3wnie\u017c skal\u0105 \u2013 jego cylindryczny zbiornik o \u015brednicy 69 metr\u00f3w i wysoko\u015bci 73 metr\u00f3w zapewni dziesi\u0119ciokrotnie wi\u0119ksz\u0105 obj\u0119to\u015b\u0107 detekcyjn\u0105 ni\u017c poprzedni detektor Super-Kamiokande, kt\u00f3ry dysponowa\u0142 \u201ezaledwie\u201d 11 tysi\u0105cami fotopowielaczy. Kluczowym atutem detektora jest jego lokalizacja w Japonii, w g\u0142\u0119bokiej kopalni Kamioka, 650 metr\u00f3w pod powierzchni\u0105 ziemi. Podziemne po\u0142o\u017cenie minimalizuje promieniowanie t\u0142a, co znacz\u0105co zwi\u0119ksza czu\u0142o\u015b\u0107 urz\u0105dzenia.<\/span><\/p>\n<p><span style=\"font-size: 14pt;\">Dodatkowym atutem Hyper-K jest jego blisko\u015b\u0107 do akceleratora J-PARC, kt\u00f3ry dostarcza wysokoenergetyczne wi\u0105zki neutrin. Dzi\u0119ki temu detektor b\u0119dzie m\u00f3g\u0142 prowadzi\u0107 wyj\u0105tkowo precyzyjne badania oscylacji neutrin w ramach eksperymentu T2HK, co czyni go jednym z najwa\u017cniejszych narz\u0119dzi w badaniach nad struktur\u0105 Wszech\u015bwiata i rol\u0105 neutrin. Hyper-Kamiokande to prze\u0142omowy projekt, kt\u00f3ry ma potencja\u0142 zrewolucjonizowa\u0107 nasze rozumienie podstawowych zasad fizyki cz\u0105stek elementarnych.<\/span><\/p>\n<p align=\"justify\"><span style=\"font-size: 14pt;\">Dzi\u0119ki tym innowacjom Hyper-K b\u0119dzie w stanie wykrywa\u0107 cz\u0105stki z niespotykan\u0105 dot\u0105d precyzj\u0105, umo\u017cliwiaj\u0105c prowadzenie eksperyment\u00f3w na niespotykan\u0105 skal\u0119.<\/span><\/p>\n<div class=\"mt-3\"><\/div>\r\n                            <\/div>\r\n                            \r\n                            <div class=\"text-modules__img\"><img src=\"https:\/\/us.edu.pl\/instytut\/ifiz\/wp-content\/uploads\/sites\/39\/Bez-kategorii\/Zrzut-ekranu-2025-03-24-091711.png\" alt=\"img\"><\/div>\r\n                        <\/div>\r\n                    <\/div>\r\n                <\/div>[\/vc_column][\/vc_row][vc_row][vc_column]\r\n                <div class=\"text-modules \">\r\n                    <div class=\"container\">\r\n                        <h3 class=\"section-title section-title_border-bottom\">Narodowe Centrum Promieniowania Synchrotronowego SOLARIS<\/h3> \r\n                        <div class=\"row m-0\">\r\n                            <div class=\"text-modules__content\">\r\n                                <span style=\"font-size: 14pt; font-family: verdana, geneva, sans-serif; color: #333333;\">Centrum SOLARIS zlokalizowane jest przy\u00a0Uniwersytecie Jagiello\u0144skim na terenie Kampusu 600-lecia Odnowienia UJ. Budowa by\u0142a realizowana w latach 2010\u20132015, ale starania o utworzenie najwi\u0119kszego o\u015brodka badawczego w Polsce rozpocz\u0119\u0142a si\u0119 znacznie wcze\u015bniej z incjatywy cz\u0142onk\u00f3w Polskiego Towarzystwa Promieniowania Synchrotornowego (PTPS). <strong>Jednym z pomys\u0142odawc\u00f3w i inicjator\u00f3w by\u0142 by\u0142y pracownik Instytutu Fizyki im. Augusta Che\u0142kowskiego U\u015a,<\/strong> <strong>prof. dr hab. Jacek Szade<\/strong>, kt\u00f3ry w p\u00f3\u017aniejszych latach pe\u0142ni\u0142 r\u00f3wnie\u017c funkcje zast\u0119pcy dyrektora SOLARIS ds. naukowych oraz opiekuna linii badawczej PHELIX, kt\u00f3r\u0105 zaprojektowa\u0142. Jednym z pierwszych kontakt\u00f3w pracownik\u00f3w IF US z Centrum Solaris by\u0142a wizyta studyjna zorganizowana w trakcie <a style=\"color: #333333;\" href=\"http:\/\/vold.synchrotron.org.pl\/archive\/www.ksups.us.edu.pl\/index-2.html\">XI Krajowego Sympozjum U\u017cytkownik\u00f3w Promieniowania Synchrotronowego,<\/a> kt\u00f3re odby\u0142o si\u0119 we wrze\u015bniu 2015 roku w \u015al\u0105skim Mi\u0119dzyuczelnianym Centrum Edukacji i Bada\u0144 Interdyscyplinarnych w Chorzowie.<\/span> \r\n                                <div class=\"mt-3\"><\/div>\r\n                            <\/div>\r\n                            \r\n                            <div class=\"text-modules__img\"><img src=\"https:\/\/us.edu.pl\/instytut\/ifiz\/wp-content\/uploads\/sites\/39\/Bez-kategorii\/IMG_1788-scaled.jpg\" alt=\"img\"><\/div>\r\n                        <\/div>\r\n                    <\/div>\r\n                <\/div>[\/vc_column][\/vc_row][vc_row][vc_column]\r\n                <div class=\"text-modules\">\r\n                    <div class=\"container\">\r\n                        \r\n                        <div class=\"text-modules__content\"><\/p>\n<p align=\"justify\"><span style=\"font-size: 14pt; font-family: verdana, geneva, sans-serif;\">Obecnie na synchrotronie\u00a0SOLARIS dzia\u0142a siedem\u00a0linii\u00a0badawczych\u00a0(PHELIX, URANOS, PIRX, DEMETER, ASTRA , POLYX oraz CIRI), a w roku 2025 zostan\u0105 uruchomione kolejne dwie\u00a0linie &#8211; ARYA oraz SMAUG, kt\u00f3re obecnie s\u0105 w fazie budowy. Kolejne linie s\u0105 w planach i przewiduje si\u0119, \u017ce w hali eksperymentalnej\u00a0b\u0119dzie\u00a0funkcjonowa\u0142o\u00a0kilkana\u015bcie\u00a0linii badawczych z oko\u0142o dwudziestoma stanowiskami pomiarowymi.<b>\u00a0<\/b>Centrum SOLARIS to jednak nie tylko synchrotron, gdy\u017c przynale\u017c\u0105 do niego laboratoria kriomikroskopii transmisyjnej, wyposa\u017cone w dwa najnowszej generacji kriomikroskopy elektronowe<b>:<\/b> Titan Krios oraz Glacios szczeg\u00f3lnie wykorzystywane przez naukowc\u00f3w w okre\u015blaniu struktury bia\u0142ek.<\/span><\/p>\n<p align=\"justify\"><span style=\"font-size: 14pt; font-family: verdana, geneva, sans-serif;\">Dzi\u0119ki temu, \u017ce promieniowanie synchrotronowe, popularnie zwane \u015bwiat\u0142em, przenika do wn\u0119trza materii, to pozwala zajrze\u0107 w jej g\u0142\u0105b materii i precyzyjnie zbada\u0107 jej sk\u0142ad i struktur\u0119. <span style=\"color: #003366;\"><strong>To najbardziej zaawansowanie technologicznie centrum badawcze w Polsce jest r\u00f3wnie\u017c dost\u0119pne dla pracownik\u00f3w, doktorant\u00f3w i student\u00f3w z Instytutu Fizyki im. Augusta Che\u0142kowskiego U\u015a<\/strong><\/span>, kt\u00f3rzy prowadz\u0105 badania naukowe na synchrotronie wykorzystuj\u0105c g\u0142\u00f3wnej spektroskopi\u0119 fotoemisyjn\u0105 (XPS), k\u0105towo rozdzielcz\u0105 (ARPES), absorpcyjn\u0105 (XAS) i fotoemisj\u0119 rezonansow\u0105 (ResPES) na linii badawczej <a href=\"https:\/\/synchrotron.uj.edu.pl\/pl_PL\/linie-badawcze\/phelix\"><span style=\"color: #000000;\">PHELIX<\/span><\/a>, oraz spektroskopi\u0119 absorpcyjn\u0105 przy r\u00f3\u017cnych energiach foton\u00f3w na liniach <a href=\"https:\/\/synchrotron.uj.edu.pl\/pl_PL\/linie-badawcze\/pirx\"><span style=\"color: #000000;\">PIRX<\/span><\/a> oraz <a href=\"https:\/\/synchrotron.uj.edu.pl\/pl_PL\/linie-badawcze\/astra\"><span style=\"color: #000000;\">ASTRA<\/span><\/a>. <\/span><\/p>\n<p align=\"justify\"><span style=\"font-size: 14pt; font-family: verdana, geneva, sans-serif;\">Jednym z pierwszych u\u017cytkownik\u00f3w linii badawczej PHELIX linii by\u0142 zesp\u00f3\u0142 z IF U\u015a pod kierunkiem dr hab. Anny Bajorek, prof. U\u015a, realizuj\u0105c projekt \u201e<a href=\"https:\/\/gazeta.us.edu.pl\/node\/430203\"><span style=\"color: #000000;\">Resonant photoemission study of the synergic effect in selected NZFO\/f-MWCNTs nanocomposites\u201d<\/span><\/a> . Niew\u0105tpliwym sukcesem tych bada\u0144 by\u0142o uzyskanie pierwszych w historii linii PHELIX map ResPES dla \u017celaza dla energii foton\u00f3w na kraw\u0119dzi absorpcji Fe &#8211; L. <\/span><\/p>\n<p align=\"justify\"><span style=\"font-size: 14pt; font-family: verdana, geneva, sans-serif;\">IF U\u015a regularnie organizacje r\u00f3wnie\u017c wizyty studyjne student\u00f3w, doktorant\u00f3w i m\u0142odych naukowc\u00f3w promuj\u0105c wiedz\u0119 o promieniowaniu synchrotronowym. W\u015br\u00f3d nich warto wyr\u00f3\u017cni\u0107 wizyt\u0119 uczestnik\u00f3w dw\u00f3ch edycji szko\u0142y letniej <a href=\"https:\/\/us.edu.pl\/wydzial\/wnst\/en\/strona-glowna\/realizowane-projekty\/projekty-dydaktyczne\/vinci\/#1638023949808-51f017c6-c547\"><span style=\"color: #000000;\">VINCI<\/span><\/a> w latach <a href=\"https:\/\/us.edu.pl\/wydzial\/wnst\/en\/multimedia\/inauguracja-interdyscyplinarnej-miedzynarodowej-slaskiej-szkoly-letniej-vinci\/\"><span style=\"color: #000000;\">2022<\/span><\/a>&#8211;<a href=\"https:\/\/us.edu.pl\/wydzial\/wnst\/en\/multimedia\/interdyscyplinarna-miedzynarodowa-slaska-szkola-letnia-vinci-dive-into-science-2023\/\"><span style=\"color: #000000;\">2023<\/span><\/a>. Pracownicy i doktoranci aktywnie uczestnicz\u0105 w corocznych spotkaniach naukowych <a href=\"https:\/\/synchrotron.uj.edu.pl\/aktualnosci\/-\/journal_content\/56_INSTANCE_ZEhuXSihDJbq\/1457771\/156796770\"><span style=\"color: #000000;\">Joint Meeting of PSRS Members and SOLARIS Centre Users<\/span><\/a>, \u0142\u0105cz\u0105cych naukowc\u00f3w korzystaj\u0105cych z technik badawczych dost\u0119pnych w SOLARIS z cz\u0142onkami <a href=\"https:\/\/synchrotron.org.pl\/\">Polskiego Towarzystwa Promieniowania Synchrotronowego<\/a><span style=\"color: #444444;\">.<\/span><\/span><\/p>\n<p>\n<\/div>\r\n                    <\/div>\r\n                <\/div>[\/vc_column][\/vc_row][vc_row][vc_column]\r\n                <div class=\"text-modules reverse\">\r\n                    <div class=\"container\">\r\n                        <h3 class=\"section-title section-title_border-bottom\">Polskie Towarzystwo Fizyczne<\/h3> \r\n                        <div class=\"row m-0\">\r\n                            <div class=\"text-modules__content\">\r\n                                <span style=\"font-size: 14pt;\"><a href=\"http:\/\/ptf.net.pl\">Polskie Towarzystwo Fizyczne<\/a>\u00a0powsta\u0142o w 1920 roku i jest jednym z najstarszych polskich towarzystw naukowych. PTF liczy oko\u0142o 1600 aktywnych cz\u0142onk\u00f3w i kilkudziesi\u0119ciu cz\u0142onk\u00f3w wspieraj\u0105cych, po\u015br\u00f3d kt\u00f3rych znajduje si\u0119 Uniwersytet \u015al\u0105ski. Towarzystwo nale\u017cy do sektora NGO i ma status organizacji po\u017cytku publicznego (OPP, KRS: 0000051642).<\/span><\/p>\n<p><span style=\"font-size: 14pt;\">Polskie Towarzystwo Fizyczne (PTF) dzia\u0142a na rzecz popularyzacji fizyki i nauk pokrewnych, d\u0105\u017c\u0105c do podnoszenia og\u00f3lnego poziomu wiedzy fizycznej w spo\u0142ecze\u0144stwie oraz wspierania rozwoju tej dziedziny nauki w Polsce. Towarzystwo integruje fizyk\u00f3w z r\u00f3\u017cnych \u015brodowisk, w tym pracownik\u00f3w naukowych, nauczycieli oraz specjalist\u00f3w zatrudnionych w r\u00f3\u017cnych ga\u0142\u0119ziach gospodarki, buduj\u0105c wi\u0119zi i wspieraj\u0105c wsp\u00f3\u0142prac\u0119. PTF reprezentuje tak\u017ce \u015brodowisko fizyk\u00f3w wobec spo\u0142ecze\u0144stwa, organ\u00f3w pa\u0144stwowych i samorz\u0105dowych, a tak\u017ce innych organizacji publicznych i prywatnych w kraju oraz na arenie mi\u0119dzynarodowej, dzia\u0142aj\u0105c na rzecz rozwoju fizyki i jej znaczenia w r\u00f3\u017cnych obszarach \u017cycia.<\/span><\/p>\n<p><span style=\"font-size: 14pt;\">Teren dzia\u0142ania <a href=\"http:\/\/ptf.us.edu.pl\">PTF Oddzia\u0142 w Katowicach<\/a> obejmuje nie tylko Katowice, ale r\u00f3wnie\u017c s\u0105siednie miasta. \u015aci\u015ble wsp\u00f3\u0142pracujemy z nauczycielami z Bielska-Bia\u0142ej, Sosnowca, Chorzowa i Gliwic.<\/span> \r\n                                <div class=\"mt-3\"><\/div>\r\n                            <\/div>\r\n                            \r\n                            <div class=\"text-modules__img\"><img src=\"https:\/\/us.edu.pl\/instytut\/ifiz\/wp-content\/uploads\/sites\/39\/logotypy\/logo-PTF-300x300.png\" alt=\"img\"><\/div>\r\n                        <\/div>\r\n                    <\/div>\r\n                <\/div>[\/vc_column][\/vc_row][vc_row][vc_column]\r\n                <div class=\"text-modules\">\r\n                    <div class=\"container\">\r\n                        \r\n                        <div class=\"text-modules__content\"><p><span style=\"font-size: 14pt;\"><strong><span style=\"color: #003366;\">Trzon Oddzia\u0142u tworzyli i nadal tworz\u0105 pracownicy Instytutu Fizyki im. Augusta Che\u0142kowskiego U\u015a<\/span><\/strong>. Po\u015br\u00f3d 46 aktywnych cz\u0142onk\u00f3w oddzia\u0142u znajduj\u0105 si\u0119 nauczyciele i nauczycielki, pracownicy \u015al\u0105skiego Uniwersytetu Medycznego, Uniwersytetu Ekonomicznego czy Instytutu Onkologii w Gliwicach.<\/span><\/p>\n<p><span style=\"font-size: 14pt;\">PTF bierze czynny udzia\u0142 w wydarzeniach popularyzuj\u0105cych fizyk\u0119 organizowanych przez U\u015a, takich jak \u015al\u0105ski Festiwal Nauki, czy \u015awi\u0119to Liczby Pi. W miar\u0119 mo\u017cliwo\u015bci, organizowane s\u0105 cykliczne <a href=\"https:\/\/www.ptf.us.edu.pl\/wordpress\/?cat=5\">Konwersatoria Oddzia\u0142owe<\/a>, w kt\u00f3rych mo\u017cna wzi\u0105\u0107 udzia\u0142 w formie hybrydowej poprzez platform\u0119 Teams. Bior\u0105 w nich udzia\u0142 uczniowie szk\u00f3\u0142 ponadpodstawowych, nauczyciele, studenci oraz kadra akademicka.<\/span><\/p>\n<\/div>\r\n                    <\/div>\r\n                <\/div>[\/vc_column][\/vc_row][vc_row][vc_column]\r\n                <div class=\"text-modules \">\r\n                    <div class=\"container\">\r\n                        <h3 class=\"section-title section-title_border-bottom\">Wsp\u00f3\u0142praca Instytutu Fizyki z Uniwersytetem w Le Mans we Francji<\/h3> <h3 class=\"subtitle text-modules__subtitle\">Wsp\u00f3lne studia studia magisterskie dla specjalno\u015bci Nanofizyka i materia\u0142y mezoskopowe \u2013 modelowanie i zastosowanie<\/h3>\r\n                        <div class=\"row m-0\">\r\n                            <div class=\"text-modules__content\">\r\n                                <\/p>\n<p class=\"western\" lang=\"fr-FR\" align=\"justify\"><span style=\"font-family: verdana, geneva, sans-serif; color: #333333;\"><span style=\"font-size: 14pt;\"><span lang=\"pl-PL\">W roku akademickim <\/span><span lang=\"pl-PL\">2027 b\u0119dzie<\/span><span lang=\"pl-PL\"> mia\u0142a miejce <\/span><span lang=\"pl-PL\">2<\/span><span lang=\"pl-PL\">0 rocznica uruchomienia studi\u00f3w polsko \u2013 francuskich na kierunku Fizyka o specjalno\u015bci Nanofizyka i materia\u0142y mezoskopowe \u2013 modelowanie i zastosowanie prowadzonych w Instytucie Fizyki Uniwersytetu \u015al\u0105skiego w Katowicach we wsp\u00f3\u0142pracy z Uniwersytetem w Le Mans (do roku 2017 jako Universit<\/span><span lang=\"pl-PL\">\u00e9<\/span><span lang=\"pl-PL\"> du Maine), kt\u00f3rych in<\/span><span lang=\"pl-PL\">i<\/span><span lang=\"pl-PL\">cjatork\u0105 by\u0142a <\/span><span lang=\"pl-PL\">prof. dr hab. Alicja Ratuszna. <\/span><span lang=\"pl-PL\">Studenci obu uczelni maj\u0105 mo\u017cliwo\u015b\u0107 uzyskania podw\u00f3jnego dyplomu polsko \u2013 francuskiego. Pierwsi absolwenci uko\u0144czyli wsp\u00f3lne studia w roku akademickim 2007\/2008. Od tego czasu ilo\u015b\u0107 student\u00f3w, kt\u00f3rzy uzyskali podw\u00f3jny dyplom wynosi ponad 30 os\u00f3b. Na podobnym poziomie plasuje si\u0119 ilo\u015b\u0107 student\u00f3w, kt\u00f3rzy odbyli sta\u017ce w obu partnerskich uczelniach. Absolwenci nanofizyki kontynuuj\u0105 swoj\u0105 przygod\u0119 z nauk\u0105 g\u0142\u00f3wnie na studiach doktoranckich w kilku krajach europejskich, w tym tak\u017ce studiach typu <\/span><span lang=\"pl-PL\"><i>co \u2013 tutelle<\/i><\/span><\/span><span lang=\"pl-PL\"><span style=\"font-size: 14pt;\"> finansowanych przez rz\u0105d Republiki Francji. Studenci w ramach realizowanych sta\u017cy uzyskuj\u0105 nie tylko niezb\u0119dne umiej\u0119tno\u015bci w dalszej karierze akademickiej, ale r\u00f3wnie\u017c do pracy w innowacyjnych firmach nanotechnologicznych.<\/span> <\/span><\/span><\/p>\n<div class=\"mt-3\"><\/div>\r\n                            <\/div>\r\n                            \r\n                            <div class=\"text-modules__img\"><img src=\"https:\/\/us.edu.pl\/instytut\/ifiz\/wp-content\/uploads\/sites\/39\/Bez-kategorii\/LE-Mans.png\" alt=\"img\"><\/div>\r\n                        <\/div>\r\n                    <\/div>\r\n                <\/div>[\/vc_column][\/vc_row][vc_row][vc_column]\r\n                <div class=\"text-modules\">\r\n                    <div class=\"container\">\r\n                        \r\n                        <div class=\"text-modules__content\"><\/p>\n<p class=\"western\" lang=\"fr-FR\" align=\"justify\"><span style=\"font-family: verdana, geneva, sans-serif; font-size: 14pt;\"><span lang=\"pl-PL\">Dotychczasowa wsp\u00f3\u0142praca obu o\u015brodk\u00f3w partnerskich zaowocowa\u0142a ponad 60 publikacjami naukowymi w czasopismach z listy Journal Citation Reports, g\u0142\u00f3wnie zwi\u0105zanych z badaniem materia\u0142\u00f3w krystalicznych i nanokrystalicznych. Ponadto liczba student\u00f3w, kt\u00f3rzy uzyskali podw\u00f3jny dyplom lub odbyli sta\u017ce w obu uczelniach partnerskich, wynosi ponad 70. Cz\u0119\u015b\u0107 absolwent\u00f3w nanofizyki kontynuuje swoj\u0105 przygod\u0119 z nauk\u0105 g\u0142\u00f3wnie na studiach doktoranckich w kilku krajach Europy, w tym cz\u0119\u015b\u0107 z nich uko\u0144czy\u0142a doktorat w trybie co-tutelle. W ramach sta\u017cy w uczelniach partnerskich studenci zdobywaj\u0105 umiej\u0119tno\u015bci niezb\u0119dne do dalszej kariery akademickiej oraz predyspozycje do pracy w innowacyjnych firmach nanotechnologicznych. Niestety, rzeczywisto\u015b\u0107 pandemiczna drastycznie ograniczy\u0142a mobilno\u015b\u0107 w latach akademickich 2019\/2020 i 2020\/2021, jednak cz\u0119\u015b\u0107 zaj\u0119\u0107 i sta\u017cy odbywa\u0142a si\u0119 online. W takich trybach przeprowadzili\u015bmy wiele spotka\u0144 naukowo-dydaktycznych ze studentami i kadr\u0105 naukow\u0105. Pomog\u0142o nam to om\u00f3wi\u0107 przysz\u0142\u0105 wsp\u00f3\u0142prac\u0119 naukow\u0105 i kierunek naszych studi\u00f3w z podw\u00f3jnym dyplomem. Obecnie nadal prowadzone s\u0105 wsp\u00f3lne badania naukowe i studia polsko-francuskie przy znacz\u0105cym zaanga\u017cowaniu polskich i francuskich naukowc\u00f3w i student\u00f3w. W roku akademickim 2023\/2024 na Uniwersytecie \u015al\u0105skim go\u015bci\u0142o pi\u0119ciu student\u00f3w z Francji. Wszyscy studenci aktywnie anga\u017cowali si\u0119 w codzienne \u017cycie Instytutu Fizyki. Wzi\u0119li udzia\u0142 w Tygodniu Nowych Technologii, jako jednym z 50 tygodni organizowanych w Katowicach, Europejskim Mie\u015bcie Nauki 2024, pierwszym w historii mie\u015bcie Europy \u015arodkowo-Wschodniej wyr\u00f3\u017cnionym tytu\u0142em EMN. Francuscy studenci mieli tak\u017ce okazj\u0119 zwiedzi\u0107 synchrotron SOLARIS oraz wzi\u0119li tak\u017ce udzia\u0142 EuroScience Open Forum 2024 (ESOF 2024), kt\u00f3re odby\u0142o si\u0119 w Katowicach w dniach 12-15 czerwca 2024 r. Wydarzenie odbywa si\u0119 co dwa lata i po\u015bwi\u0119cone jest kluczowym badaniom naukowym i innowacjom dla przysz\u0142o\u015bci \u015bwiata i jest jednym z najbardziej presti\u017cowych wydarze\u0144 naukowych i technologicznych w Europie. Europejskie Miasto Nauki i konferencja ESOF to presti\u017cowa marka, kt\u00f3ra daje miastu-gospodarzowi ogromn\u0105 szans\u0119 na przyci\u0105gni\u0119cie naukowc\u00f3w, polityk\u00f3w, biznesmen\u00f3w i przedstawicieli medi\u00f3w z ca\u0142ego \u015bwiata. Przyznany tytu\u0142 zwi\u0119ksza zaanga\u017cowanie mieszka\u0144c\u00f3w i \u015brodowiska akademickiego w rozwi\u0105zywanie problem\u00f3w lokalnych oraz poprawia zdolno\u015b\u0107 do pozyskiwania \u015brodk\u00f3w na inwestowanie w nauk\u0119 regionaln\u0105. Uniwersytet \u015al\u0105ski jest jednym z g\u0142\u00f3wnych organizator\u00f3w EMN oraz ESOF2024.<\/span><\/span><\/p>\n<p>\n<\/div>\r\n                    <\/div>\r\n                <\/div>[\/vc_column][\/vc_row][vc_row][vc_column]\r\n                <div class=\"text-modules\">\r\n                    <div class=\"container\">\r\n                        \r\n                        <div class=\"text-modules__content\"><\/p>\n<p data-pm-slice=\"1 3 []\"><span style=\"font-size: 14pt;\">Instytut Fizyki Uniwersytetu \u015al\u0105skiego w Katowicach oraz Uniwersytet w Le Mans od lat rozwijaj\u0105 owocn\u0105 wsp\u00f3\u0142prac\u0119 dydaktyczn\u0105 w ramach Umowy o Mi\u0119dzynarodowej Wsp\u00f3\u0142pracy Akademickiej. Jej celem jest prowadzenie wsp\u00f3lnych studi\u00f3w magisterskich, kt\u00f3rych program zosta\u0142 uzgodniony przez obie uczelnie. Absolwenci uzyskuj\u0105 podw\u00f3jny dyplom: <em>Magister Fizyki, specjalno\u015b\u0107: nanofizyka i optyka zaawansowana<\/em> na Uniwersytecie w Le Mans oraz <em>Magister Fizyki, specjalno\u015b\u0107: nanofizyka i materia\u0142y mezoskopowe &#8211; modelowanie i zastosowanie<\/em> na Uniwersytecie \u015al\u0105skim w Katowicach.<\/span><\/p>\n<h3><span style=\"font-size: 14pt;\">Absolwenci o studiach<\/span><\/h3>\n<p><span style=\"font-size: 14pt;\">Studenci i absolwenci programu podkre\u015blaj\u0105, \u017ce mo\u017cliwo\u015b\u0107 zdobywania do\u015bwiadczenia w mi\u0119dzynarodowych laboratoriach stanowi ogromn\u0105 warto\u015b\u0107 dodan\u0105. Oto wypowiedzi dw\u00f3ch absolwent\u00f3w, zebrane przez dr hab. Ann\u0119 Bajorek z okazji 40-lecia Uniwersytetu du Maine oraz 10-lecia wsp\u00f3lnych studi\u00f3w z nanofizyki.<\/span><\/p>\n<p><span style=\"font-size: 14pt;\"><strong>Dr Mansour Kouyate<\/strong>, absolwent rocznika 2008, obecnie nauczyciel fizyki we francuskich szko\u0142ach \u015brednich i wy\u017cszych:<\/span><\/p>\n<ul data-spread=\"false\">\n<li><span style=\"font-size: 14pt;\"><em>Nanofizyka by\u0142a zdecydowanie dobrym wyborem. Program zapewni\u0142 mi nie tylko wiedz\u0119 z zakresu materia\u0142\u00f3w w nanoskali, ale tak\u017ce mo\u017cliwo\u015b\u0107 doskonalenia umiej\u0119tno\u015bci j\u0119zykowych i odbycia praktyk zagranicznych. Czas sp\u0119dzony na Uniwersytecie \u015al\u0105skim to jedno z najlepszych do\u015bwiadcze\u0144 w moim \u017cyciu studenckim. Wiele zawdzi\u0119czam promotorom, kt\u00f3rzy stworzyli \u015bwietne warunki do nauki.<\/em><\/span><\/li>\n<\/ul>\n<p><span style=\"font-size: 14pt;\"><strong>Dr Oleksandr Stepanenko<\/strong>, sta\u017cysta z 2010 roku, obecnie in\u017cynier w Optical Component Product Engineer at Ciena Corporation w Ottawie (Kanada):<\/span><\/p>\n<ul data-spread=\"false\">\n<li><span style=\"font-size: 14pt;\"><em>Nanofizyka to jedna z najbardziej intryguj\u0105cych i dynamicznych dziedzin nauki. Dzi\u0119ki jej szerokim zastosowaniom jestem przekonany, \u017ce b\u0119dzie ona mia\u0142a ogromny wp\u0142yw na nasze \u017cycie codzienne. Kariera naukowa sta\u0142a si\u0119 dla mnie naturalnym wyborem, a wiedza zdobyta na Uniwersytecie du Maine oraz sta\u017c na Uniwersytecie \u015al\u0105skim pozwoli\u0142y mi wkroczy\u0107 w \u015bwiat bada\u0144 nad nanoskali. \u015awietne zaplecze laboratoryjne i wykwalifikowana kadra akademicka stworzy\u0142y idealne warunki do rozwoju.<\/em><\/span><\/li>\n<\/ul>\n<p>\n<\/div>\r\n                    <\/div>\r\n                <\/div>[\/vc_column][\/vc_row][vc_row][vc_column]\r\n                <div class=\"text-modules\">\r\n                    <div class=\"container\">\r\n                        \r\n                        <div class=\"text-modules__content\"><\/p>\n<p data-pm-slice=\"1 1 []\"><span style=\"font-size: 14pt;\">Program studi\u00f3w magisterskich nie tylko otwiera drzwi do kariery naukowej, ale tak\u017ce pozwala absolwentom odnosi\u0107 sukcesy w sektorze IT, cyberbezpiecze\u0144stwie, sztucznej inteligencji, elektronice czy przedsi\u0119biorczo\u015bci. Jednym z przyk\u0142ad\u00f3w jest <strong>dr Lech Kalinowski<\/strong>, kt\u00f3ry ju\u017c w trakcie studi\u00f3w anga\u017cowa\u0142 si\u0119 w dzia\u0142alno\u015b\u0107 Fundacji Nanonet i \u015al\u0105skiego Klastra Nanotechnologicznego, wspieraj\u0105c rozw\u00f3j innowacji w Polsce. Obecnie specjalizuje si\u0119 w technologiach informatycznych, cyberbezpiecze\u0144stwie i sztucznej inteligencji. Wsp\u00f3\u0142tworzy\u0142 rozwi\u0105zania biometryczne dla najwi\u0119kszych bank\u00f3w w kraju i anga\u017cowa\u0142 si\u0119 w startupy zwi\u0105zane z blockchainem. Jest wsp\u00f3\u0142za\u0142o\u017cycielem i CTO startupu Panamint, dzia\u0142aj\u0105cego w Dolinie Krzemowej i rozwijaj\u0105cego innowacyjne rozwi\u0105zania w zakresie drukowanej elektroniki.<\/span><\/p>\n<p><span style=\"font-size: 14pt;\">Jego motto brzmi: <em>\u201eDon\u2019t be encumbered by history, just go out and do something wonderful\u201d<\/em> \u2013 s\u0142owa Roberta Noyce\u2019a, wsp\u00f3\u0142za\u0142o\u017cyciela Intela. Dr Kalinowski podkre\u015bla:<\/span><\/p>\n<ul data-spread=\"false\">\n<li><span style=\"font-size: 14pt;\"><em>Fizyka to jedno z najtrudniejszych studi\u00f3w na \u015bwiecie, ale jednocze\u015bnie jedno z najbardziej warto\u015bciowych. Warto studiowa\u0107 nanofizyk\u0119 na Uniwersytecie \u015al\u0105skim, bo otwiera ona niesko\u0144czone mo\u017cliwo\u015bci kariery i rozwoju.<\/em><\/span><\/li>\n<\/ul>\n<p><span style=\"font-size: 14pt;\">Polsko-francuska wsp\u00f3\u0142praca akademicka stanowi przyk\u0142ad modelowego partnerstwa, \u0142\u0105cz\u0105cego nauk\u0119 i innowacje, a jej absolwenci odgrywaj\u0105 kluczowe role w \u015bwiecie nowoczesnych technologii.<\/span><\/p>\n<p>\n<\/div>\r\n                    <\/div>\r\n                <\/div>[\/vc_column][\/vc_row]<\/p>","protected":false},"excerpt":{"rendered":"<p>[vc_row][vc_column][\/vc_column][\/vc_row][vc_row][vc_column][\/vc_column][\/vc_row][vc_row][vc_column][\/vc_column][\/vc_row][vc_row][vc_column][\/vc_column][\/vc_row][vc_row][vc_column][\/vc_column][\/vc_row][vc_row][vc_column][\/vc_column][\/vc_row][vc_row][vc_column][\/vc_column][\/vc_row][vc_row][vc_column][\/vc_column][\/vc_row][vc_row][vc_column][\/vc_column][\/vc_row][vc_row][vc_column][\/vc_column][\/vc_row][vc_row][vc_column][\/vc_column][\/vc_row][vc_row][vc_column][\/vc_column][\/vc_row][vc_row][vc_column][\/vc_column][\/vc_row] [&#8230;]<\/p>\n<p><a class=\"btn btn-secondary understrap-read-more-link\" href=\"https:\/\/us.edu.pl\/instytut\/ifiz\/nauka\/wspolpraca-z-partnerami\/\">Read More&#8230;<\/a><\/p>\n","protected":false},"author":6706,"featured_media":0,"parent":162,"menu_order":0,"comment_status":"closed","ping_status":"closed","template":"","meta":{"_expiration-date-status":"","_expiration-date":0,"_expiration-date-type":"","_expiration-date-categories":[],"_expiration-date-options":[]},"acf":[],"_links":{"self":[{"href":"https:\/\/us.edu.pl\/instytut\/ifiz\/wp-json\/wp\/v2\/pages\/6080"}],"collection":[{"href":"https:\/\/us.edu.pl\/instytut\/ifiz\/wp-json\/wp\/v2\/pages"}],"about":[{"href":"https:\/\/us.edu.pl\/instytut\/ifiz\/wp-json\/wp\/v2\/types\/page"}],"author":[{"embeddable":true,"href":"https:\/\/us.edu.pl\/instytut\/ifiz\/wp-json\/wp\/v2\/users\/6706"}],"replies":[{"embeddable":true,"href":"https:\/\/us.edu.pl\/instytut\/ifiz\/wp-json\/wp\/v2\/comments?post=6080"}],"version-history":[{"count":0,"href":"https:\/\/us.edu.pl\/instytut\/ifiz\/wp-json\/wp\/v2\/pages\/6080\/revisions"}],"up":[{"embeddable":true,"href":"https:\/\/us.edu.pl\/instytut\/ifiz\/wp-json\/wp\/v2\/pages\/162"}],"wp:attachment":[{"href":"https:\/\/us.edu.pl\/instytut\/ifiz\/wp-json\/wp\/v2\/media?parent=6080"}],"curies":[{"name":"wp","href":"https:\/\/api.w.org\/{rel}","templated":true}]}}