{"id":383,"date":"2020-01-17T20:20:23","date_gmt":"2020-01-17T19:20:23","guid":{"rendered":"http:\/\/us.edu.pl\/instytut\/ih\/?post_type=osoby&#038;p=383"},"modified":"2025-01-04T14:22:18","modified_gmt":"2025-01-04T13:22:18","slug":"pawel-duda","status":"publish","type":"osoby","link":"https:\/\/us.edu.pl\/instytut\/ih\/osoby\/pawel-duda\/","title":{"rendered":"Pawe\u0142 Duda"},"content":{"rendered":"<p>[vc_row][vc_column width=&#8221;2\/3&#8243;][vc_tta_tabs][vc_tta_section title=&#8221;POLISH&#8221; tab_id=&#8221;1626177208453-da5a0513-28b1&#8243;]\r\n                <div class=\"text-modules\">\r\n                    <div class=\"container\">\r\n                        \r\n                        <div class=\"text-modules__content\"><p><strong>dr Pawe\u0142 Duda<br \/>\n<\/strong><\/p>\n<p><strong>Dyrektor kierunk\u00f3w studi\u00f3w: historia, turystyka historyczna, \u015brodkowoeuropejskie studia historyczne<\/strong><\/p>\n<p><strong><br \/>\n<\/strong>e-mail:\u00a0<a href=\"mailto:pawel.duda@us.edu.pl\">pawel.duda@us.edu.pl<\/a><\/p>\n<p>ORCID: https:\/\/orcid.org\/0000-0002-8186-7145<\/p>\n<p>&nbsp;<\/p>\n<p>Po uko\u0144czeniu II Liceum Og\u00f3lnokszta\u0142c\u0105cego im. E. Plater w Sosnowcu w 2001 r. rozpocz\u0105\u0142 studia historyczne na Uniwersytecie \u015al\u0105skim w Katowicach (specjalno\u015b\u0107 nauczycielska). Prac\u0119 magistersk\u0105 pt.\u00a0<em>Wielkie Ksi\u0119stwo Toskanii a Rzeczpospolita Obojga Narod\u00f3w. Trzy poselstwa toska\u0144skie do Polski<\/em>\u00a0obroni\u0142 w 2006 r. Nast\u0119pnie w 2014 r. uzyska\u0142 stopie\u0144 naukowy doktora w oparciu o dysertacj\u0119 pt.\u00a0<em>Polityka zagraniczna Rzeczypospolitej w ocenie dyplomacji papieskiej w latach 1623-1635<\/em>. Praca zosta\u0142a wyr\u00f3\u017cniona i rekomendowana do druku. Od 2014 r. zatrudniony w Instytucie Historii na stanowisku adiunkta. Od 2024 r. pe\u0142ni funkcj\u0119 dyrektora kierunk\u00f3w studi\u00f3w: historia, turystyka historyczna, \u015brodkowoeuropejskie studia historyczne.<\/p>\n<p>Jest stypendyst\u0105 Fundacji Lanckoro\u0144skich (Rzym \u2013 2009 oraz 2020), wydawc\u0105 serii <em>Acta Nuntiaturae Polonae<\/em> oraz uczestnikiem projekt\u00f3w badawczych realizowanych pod kierunkiem prof. dra hab. Ryszarda Skowrona w ramach Narodowego Programu Rozwoju Humanistyki (<em>Documenta Polonica ex Archivio Generali Hispaniae in Simancas, Seria nova<\/em>, t. 1; <em>The Hosue of Vasa and the House of Austria<\/em>, part 1: <em>The Times of Sigismund III, 1587\u20131632<\/em>, t. 2; part 2: <em>The Times of W\u0142adys\u0142aw IV, 1632-1648<\/em>).<\/p>\n<p>Od 2024 r. kieruje projektem badawczym pt. <em>Polish-Lithuanian Commonwealth\u2019s military efforts during the reign of Vasas in the accounts of papal diplomats<\/em>, realizowanym w ramach Narodowego Programu Rozwoju Humanistyki.<\/p>\n<p><strong>\u00a0<\/strong><\/p>\n<p><strong>Zainteresowania badawcze<\/strong><\/p>\n<ul>\n<li>Stosunki polsko-papieskie w XVI-XVIII wieku;<\/li>\n<li>Historia pa\u0144stw w\u0142oskich w epoce nowo\u017cytnej;<\/li>\n<li>Polityka zagraniczna Rzeczypospolitej w czasach Waz\u00f3w;<\/li>\n<li>Wojna trzydziestoletnia i rola Rzeczypospolitej w konflikcie;<\/li>\n<li>Znaczenie i organizacja nuncjatury apostolskiej w Polsce w XVII wieku;<\/li>\n<li>Mobilno\u015b\u0107 dyplomat\u00f3w papieskich.<\/li>\n<\/ul>\n<p><strong>\u00a0<\/strong><\/p>\n<p><strong>Wybrane publikacje:<\/strong><\/p>\n<p>&nbsp;<\/p>\n<p><strong>\u2013 monografie:<\/strong><\/p>\n<ul>\n<li><em>Krzy\u017c i karabela.<\/em>\u00a0<em>Polityka zagraniczna Rzeczypospolitej Obojga Narod\u00f3w w ocenie dyplomacji papieskiej w latach 1623\u20131635<\/em>, Katowice 2019.<\/li>\n<\/ul>\n<p>&nbsp;<\/p>\n<p><strong>\u2013<\/strong><strong> redakcje naukowe:<\/strong><\/p>\n<ul>\n<li><em>Rzeczpospolita,<\/em> <em>Europa i \u015bwiat. Interakcje dyplomatyczne i dworskie w epoce nowo\u017cytnej (XVI \u2013 XVIII w.). Studia dedykowane Profesorowi Ryszardowi Skowronowi<\/em>, red. A. Barwicka-Makula, P. Duda, D.\u00a0Gregorowicz, O. Rojewski, Katowice 2024.<\/li>\n<\/ul>\n<p>&nbsp;<\/p>\n<p><strong>\u2013 <\/strong><strong>edycje \u017ar\u00f3d\u0142owe:<\/strong><\/p>\n<ul>\n<li>Acta Nuntiaturae Polonae, t. XXIII, <em>Antonius Santa Croce (1627\u20131630)<\/em>, vol. 2: <em>(1 VIII 1628 \u2013 31 III 1629), <\/em> H. Litwin, P. Duda, Cracoviae 2021.<\/li>\n<li>wsp\u00f3\u0142praca \u2013 <strong><em>Documenta Polonica ex Archivo Generali Hispaniae in Simancas<\/em><\/strong><strong>. <\/strong><em>Nova series<\/em>, vol. 1, ed. R Skowron, Krak\u00f3w 2015.<\/li>\n<li>wsp\u00f3\u0142praca &#8211; <em>The House of Vasa and The House of Austria. Correspondence from the Years 1587 to 1668.<\/em> Part I: <em>The Times of Sigismund III, 1587\u20131632<\/em>, volume 2, ed. R. Skowron, Katowice 2024.<\/li>\n<\/ul>\n<p>&nbsp;<\/p>\n<p><strong>\u2013 publikacje naukowe w czasopismach i pracach zbiorowych:<\/strong><\/p>\n<ul>\n<li>Duda, <em>\u201eKolacja w domu diab\u0142a\u201d. Przygotowania wojenne i walki pod Chocimiem w raportach dyplomat\u00f3w papieskich z 1621 roku<\/em>, [w:] <em>Rzeczpospolita, Europa i \u015bwiat. Interakcje dyplomatyczne i dworskie w epoce nowo\u017cytnej (XVI\u2013XVIII w.). Studia dedykowane Profesorowi Ryszardowi Skowronowi<\/em>, red. A. Barwicka-Makula, P. Duda, D. Gregorowicz, O.J. Rojewski, Katowice 2024, s. 151\u2013171.<\/li>\n<li>Duda, <em>Riparare i rapporti interrotti. Giovanni de Torres e il suo viaggio a Varsavia nel 1645<\/em>, [w:] <em>I nunzi di papa Urbano VIII nella Rzeczpospolita dei Waza<\/em>, red. A. Boccolini, G. Platania, Vierbo 2024, s. 39\u201353.<\/li>\n<li>Duda, <em>Wok\u00f3\u0142 wojny chocimskiej i ratyfikacji traktatu : Stolica Apostolska a relacje polsko-tureckie w latach 1621\u20131623<\/em>, [w:] <em>Od Cecory do Chocimia. Studia z dziej\u00f3w wojny Rzeczypospolitej z Turcj\u0105 1620\u20131621<\/em>, red. Z. Hundert, P. Tyszka, Warszawa 2024, s. 177\u2013197.<\/li>\n<li>Litwin, P. Duda. <em>Antonio Santa Croce und Giovanni Battista Pallotta: Zur Zusammenarbeit der Warschauer und Wiener Nuntiatur im Jahr 1629<\/em>, [w:] <em>Monarchie und Diplomatie: Handlungsoptionen und Netzwerke am Hof Sigismunds III. Wasa<\/em>, hrsg. K. Lichy, O. Heged\u00fcs, Paderborn 2023, s. 253<em>\u20132<\/em>81.<\/li>\n<li>Duda, \u201e<em>Nie jest \u0142atwym sposobem ugaszenie tego ognia<\/em>\u201d<em>. Problem konfederacji lwowskiej z 1622 r. w korespondencji nuncjusza Cosimo de Torresa z Sekretariatem Stanu Stolicy Apostolskiej<\/em>, [w:] <em>Mi\u0119dzy obowi\u0105zkami, przywilejami a prawem Rzeczypospolitej XVI\u2013XVIII w. Konfederacje staropolskie<\/em>, red. A. Per\u0142akowski, D. Rolnik, F. Wola\u0144ski, Katowice 2022, s. 85\u2013106.<\/li>\n<li>Litwin, P. Duda, <em>Podr\u00f3\u017ce nuncjusza Antonia Santa Crocego w czasie jego misji w Rzeczypospolitej (1627\u20131630). Przyczynek do bada\u0144 nad mobilno\u015bci\u0105 dyplomat\u00f3w papieskich<\/em>, \u201eRocznik Filozoficzny Ignatianum\u201d, nr 28\/1 (2022), s. 49<em>\u2013<\/em>76.<\/li>\n<li>Duda, \u201e<em>Rokowania trwaj\u0105 nadal (&#8230;), jednak nie ma nadziei na pozytywne zako\u0144czenie<\/em>\u201d. <em>Polsko-szwedzkie pertraktacje w Pas\u0142eku i Sztumdorfie w 1635 r. w \u015bwietle raport\u00f3w nuncjusza papieskiego Onorata Viscontiego<\/em>, [w:] <em>Regnum defendo ense et alis tego stricto \u2013 Kr\u00f3lestwa broni\u0119 dobytym mieczem i os\u0142aniam skrzyd\u0142ami : Malbork w Prusach Kr\u00f3lewskich<\/em>. T. 1: <em>Prusy Kr\u00f3lewskie i Malbork w okresie staropolskim (1454\u20131772)<\/em>, red. R. Panfil, A. Dobry, Malbork 2021, s. 82\u201398.<\/li>\n<li>Litwin, P. Duda, <em>Correspondence of Warsaw Nuncio Antonio Santa Croce with Roman Catholic Bishops from 1629: Frequency, Intensity and Content<\/em>, \u201eEastern European History Review\u201d, nr 4\/2021, s. 45\u201356.<\/li>\n<li>Duda, <em>Stolica Apostolska a projekt ma\u0142\u017ce\u0144stwa W\u0142adys\u0142awa IV z El\u017cbiet\u0105 von Wittelsbach<\/em>, [w:] <em>Sztuka roztropno\u015bci. Dyplomacja Stolicy Apostolskiej wobec Rzeczypospolitej, Europy i \u015bwiata w epoce nowo\u017cytnej i XX wieku. Zbi\u00f3r studi\u00f3w<\/em>, red. R. Skowron, K. O\u017c\u00f3g, Krak\u00f3w 2020, s. 121\u2013140.<\/li>\n<li>Litwin, P. Duda. <em>Nuncjusz, kr\u00f3lowa i inne damy. Obraz kobiet w korespondencji Antonia Santa Crocego<\/em>, \u201cKronika Zamkowa \u2013 Roczniki\u201d, vol. 6 (72)\/2019, s. 113<em>\u2013<\/em>133.<\/li>\n<\/ul>\n<ul>\n<li>P. Duda<em>, \u201eJego \u015awi\u0105tobliwo\u015b\u0107 uznaje, \u017ce lepiej b\u0119dzie kontynuowa\u0107 wojn\u0119, tym bardziej kiedy jest nadzieja na zwyci\u0119stwo\u201d. Aktywno\u015b\u0107 dyplomacji papieskiej podczas konfliktu polsko-tureckiego z lat 1633\u20131634<\/em>, \u201eWschodni Rocznik Humanistyczny\u201d, nr XVI\/2\/ 2019, s. 75\u201397.<\/li>\n<li>P. Duda,<em> Wojna o uj\u015bcie Wis\u0142y w relacjach i ocenie dyplomacji papieskiej. Kampania zimowo-wiosenna 1627 roku<\/em>, [w:]\u00a0<em>Studia nad staropolsk\u0105 sztuk\u0105 wojenn\u0105<\/em>, t. V, red. Z. Hundert, J.J. Sowa, K. \u017bojd\u017a, O\u015bwi\u0119cim 2017, s. 97\u2013118.<\/li>\n<li>P. Duda,<em> Wsparcie finansowe Stolicy Apostolskiej dla plan\u00f3w militarnych polskich Waz\u00f3w w latach 1621\u20131635<\/em>, [w:]\u00a0<em>Pecunia nervus belli. Z dziej\u00f3w dyplomacji i stosunk\u00f3w mi\u0119dzyna\u00adrodowych w XV\u2013XVIII wieku<\/em>, red. M. Markiewicz, R. Skowron, F. Wola\u0144ski, Katowice 2016, s. 189\u2013206.<\/li>\n<li>P. Duda<em>, Nuncjatura apostolska w Warszawie i w Wiedniu wobec elekcji W\u0142adys\u0142awa IV Wazy \u2013 przyczynek do bada\u0144 nad czwartym interregnum<\/em>, [w:]\u00a0<em>Wok\u00f3\u0142 wolnych elekcji w pa\u0144stwie pol\u00adsko-litewskim XVI\u2013XVIII wieku. O znaczeniu idei wyboru \u2013 mi\u0119dzy prawami a obowi\u0105zkami<\/em>, red. M. Markiewicz, D. Rolnik, F. Wola\u0144ski, Katowice 2016, s. 257\u2013278.<\/li>\n<li>P. Duda,<em> Aktywno\u015b\u0107 dyplomacji papieskiej podczas konfliktu turecko-tatarskiego z lat 1624\u20131625<\/em>, [w:]\u00a0<em>Dyplomacja papieska wobec Rzeczypospolitej<\/em>, red. W. Walczak, Bia\u0142ystok 2016, s. 87\u2013107.<\/li>\n<li>P. Duda,<em> Gli schiavi polacchi in Spagna nella prima met\u00e0 del XVII secolo<\/em>, [w:]\u00a0<em>From Ireland to Poland. <\/em><em>Northern Europe, Spain and the Early Modern World<\/em>, eds. E. Garc\u00eda Hern\u00e1n, R. Skowron, Valencia 2015, s. 45\u201352.<\/li>\n<li>P. Duda,<em> Wojna o uj\u015bcie Wis\u0142y w relacjach i ocenie dyplomacji papieskiej. Kampania roku 1626<\/em>, [w:]\u00a0<em>Studia nad staropolsk\u0105 sztuk\u0105 wojenn\u0105<\/em>, red. Z. Hundert, K. \u017bojd\u017a, J.J. Sowa, t. IV, O\u015bwi\u0119cim 2015, s. 111\u2013126.<\/li>\n<li>P. Duda,<em> Dzia\u0142alno\u015b\u0107 oddzia\u0142\u00f3w Hansa Georga von Arnima w Rzeczypospolitej z punktu widzenia nuncjusza papieskiego Antonia Santacrocego,<\/em>\u00a0[w:]\u00a0<em>Od Kijowa do Rzymu. Z dziej\u00f3w stosunk\u00f3w Rzeczypospolitej ze Stolic\u0105 Apostolsk\u0105 i Ukrain\u0105<\/em>, red. M.R. Drozdowski, W. Walczak, K. Wiszowata-Walczak, Bia\u0142ystok 2012, s. 511\u2013532.<\/li>\n<li>P. Duda,<em> Obraz bitwy pod Guzowem w \u015bwietle relacji nuncjusza papieskiego Francesco Simonetty, \u201eWieki stare i nowe\u201d,\u00a0<\/em>nr 2 (7)\/2010, s. 9\u201323.<\/li>\n<\/ul>\n<ul>\n<li style=\"list-style-type: none;\"><\/li>\n<\/ul>\n<p>\n<\/div>\r\n                    <\/div>\r\n                <\/div>[\/vc_tta_section][vc_tta_section title=&#8221;ENGLISH&#8221; tab_id=&#8221;1626177208469-31d6f0ab-93da&#8221;]\r\n                <div class=\"text-modules\">\r\n                    <div class=\"container\">\r\n                        \r\n                        <div class=\"text-modules__content\"><p><strong>Pawe\u0142 <\/strong><strong>Duda, PhD<br \/>\n<\/strong><strong>Assistant Professor in the Institute of History, University of Silesia in Katowice <\/strong><\/p>\n<p><a href=\"mailto:pawel.duda@us.edu.pl\">pawel.duda@us.edu.pl<\/a><\/p>\n<p>ORCID: 0000-0002-8186-7145<\/p>\n<p><a href=\"https:\/\/scholar.google.com\/citations?hl=pl&amp;user=AP6quPwAAAAJ\">Google Scholar<\/a><\/p>\n<p><a href=\"https:\/\/www.researchgate.net\/profile\/Pawel-Duda-3\">ResearchGate<\/a><\/p>\n<p><a href=\"https:\/\/silesian.academia.edu\/Pawe%C5%82Duda\">Academia.edu<\/a><\/p>\n<p><strong>Research interests<\/strong>:<\/p>\n<p>History of diplomacy, Polish-papal relations in the 16th-18th centuries, Italian states in the modern era, Polish foreign policy in the times of the Vasas, the 30 Years\u2019 War and the role of Rzeczpospolita in the conflict, the war for the Polish succession and its international determinants, the significance and organization of the apostolic nunciature in modern times.<\/p>\n<p><strong>Selected publications:<\/strong><\/p>\n<ul>\n<li>Duda<em>, Krzy\u017c i karabela.<\/em> <em>Polityka zagraniczna Rzeczypospolitej Obojga Narod<\/em><em>\u00f3w w ocenie dyplomacji papieskiej w latach 1623\u20131635 <\/em>[The cross and the karabela. The foreign policy of the Polish\u2013Lithuanian Commonwealth as assessed by the papal diplomacy in the years 1623-1635], Katowice 2019;<\/li>\n<li>Duda, <em>Stolica Apostolska a projekt ma\u0142\u017ce\u0144stwa W\u0142adys\u0142awa IV z El\u017c<\/em><em>biet<\/em><em>\u0105 <\/em><em>von Wittelsbach<\/em> [The Holy See and the project of the marriage of Ladislaus IV of Poland with Elisabeth von Wittelsbach], [in:] <em>Sztuka roztropno\u015bci. Dyplomacja Stolicy Apostolskiej wobec Rzeczypospolitej, Europy i \u015bwiata w epoce nowo\u017cytnej i XX wieku. Zbi\u00f3<\/em><em>r studi<\/em><em>\u00f3<\/em><em>w<\/em>, eds. K. O\u017cog. R. Skowron, Krak\u00f3w 2020, pp. 121-140;<\/li>\n<li>Litwin, P. Duda, <em>Nuncjusz, kr\u00f3lowa i inne damy. Obraz kobiet w korespondencji Antonia Santa Crocego <\/em>[The apostolic nuncio, the queen and other ladies. The image of the woman in Antonio Santo Croce\u2019s correspondence], \u201cKronika Zamkowa. Roczniki\u201d, Vol. 6(72)\/2019, pp. 113-131;<\/li>\n<li>Duda,<em> \u201eJego \u015awi\u0105tobliwo\u015b\u0107 uznaje, \u017ce lepiej b\u0119dzie kontynuowa\u0107 wojn\u0119, tym bardziej kiedy jest nadzieja na zwyci\u0119stwo\u201d. Aktywno\u015b\u0107 dyplomacji papieskiej podczas konfliktu polsko-tureckiego z lat 1633\u20131634 <\/em>[<em>Jego \u015awi\u0105tobliwo\u015b\u0107 uznaje, \u017ce lepiej b\u0119dzie kontynuowa\u0107 wojn\u0119, tym bardziej kiedy jest nadzieja na zwyci\u0119stwo. <\/em>The papal diplomacy during the Polish-Turkish conflict in the years 1633-1634], \u201cWschodni Rocznik Humanistyczny\u201d, Vol. XVI (2019), \u2116 2: \u201e<em>Jedno nierozdzielne i nier\u00f3\u017c<\/em><em>ne cia<\/em><em>\u0142o\u201d. Studia z dziej\u00f3w polsko-litewskiej Rzeczypospolitej<\/em>, ed. A Goszczy\u0144ski, pp. 75-97;<\/li>\n<li>Duda, <em>Wojna o uj\u015b<\/em><em>cie Wis<\/em><em>\u0142y w relacjach i ocenie dyplomacji papieskiej. Kampania zimowo-wiosenna 1627 roku <\/em>[The Vistula estuary war in the reports and assessment of the papal diplomacy. The 1627 winter-spring campaign], [in:] <em>Studia nad staropolsk\u0105 sztuk\u0105 wojenn\u0105<\/em>, Vol. V, eds. Z. Hundert, J.J. Sowa, K. \u017bojd\u017a, O\u015bwi\u0119cim 2017, pp. 97-118.<\/li>\n<\/ul>\n<p><strong>Research grants:<\/strong><\/p>\n<ul>\n<li>Documenta Polonica ex Archivo Generali Hispaniae in Simancas. Nova Series, 1; no. UMO-0110\/FNTiP\/H11\/80\/2011 MODULE 1.1; the National Program for the Development of Humanities, Module 1.1; 2011-2015, the Polish Academy of Arts and Sciences, (participant);<\/li>\n<li>Wazowie i Habsburgowie. Korespondencja z lat 1587-1668. Cz\u0119\u015b\u0107 2: Czasy W\u0142adys\u0142awa IV (1632-1648); no. 11H16 0254 84; the National Program for the Development of Humanities, the National Heritage, 2017-2022; the University of Silesia, (participant).<\/li>\n<\/ul>\n<p><strong>Others<\/strong><strong>:<\/strong><\/p>\n<ul>\n<li>Editor of the series Acta Nuntiaturae Polonae;<\/li>\n<li>Fellow of the Lanckoro\u0144ski Foundation (2009 and 2020);<\/li>\n<li>Tutor of the Student Historical Group, the University of Silesia.<\/li>\n<\/ul>\n<p>\n<\/div>\r\n                    <\/div>\r\n                <\/div>[\/vc_tta_section][\/vc_tta_tabs][\/vc_column][vc_column width=&#8221;1\/3&#8243;]\r\n                <div class=\"text-modules\">\r\n                    <div class=\"container\">\r\n                        \r\n                        <div class=\"text-modules__content\"><\/p>\n<p><img class=\"alignnone size-medium wp-image-4627\" src=\"https:\/\/us.edu.pl\/instytut\/ih\/wp-content\/uploads\/sites\/24\/Bez-kategorii\/DSC05310-200x300.jpg\" alt=\"\" width=\"200\" height=\"300\" srcset=\"https:\/\/us.edu.pl\/instytut\/ih\/wp-content\/uploads\/sites\/24\/Bez-kategorii\/DSC05310-200x300.jpg 200w, https:\/\/us.edu.pl\/instytut\/ih\/wp-content\/uploads\/sites\/24\/Bez-kategorii\/DSC05310-683x1024.jpg 683w, https:\/\/us.edu.pl\/instytut\/ih\/wp-content\/uploads\/sites\/24\/Bez-kategorii\/DSC05310-768x1152.jpg 768w, https:\/\/us.edu.pl\/instytut\/ih\/wp-content\/uploads\/sites\/24\/Bez-kategorii\/DSC05310-1024x1536.jpg 1024w, https:\/\/us.edu.pl\/instytut\/ih\/wp-content\/uploads\/sites\/24\/Bez-kategorii\/DSC05310-1365x2048.jpg 1365w, https:\/\/us.edu.pl\/instytut\/ih\/wp-content\/uploads\/sites\/24\/Bez-kategorii\/DSC05310-383x575.jpg 383w, https:\/\/us.edu.pl\/instytut\/ih\/wp-content\/uploads\/sites\/24\/Bez-kategorii\/DSC05310-scaled.jpg 1707w\" sizes=\"(max-width: 200px) 100vw, 200px\" \/><\/p>\n<\/div>\r\n                    <\/div>\r\n                <\/div>[\/vc_column][\/vc_row]<\/p>","protected":false},"excerpt":{"rendered":"<p>[vc_row][vc_column width=&#8221;2\/3&#8243;][vc_tta_tabs][vc_tta_section title=&#8221;POLISH&#8221; tab_id=&#8221;1626177208453-da5a0513-28b1&#8243;][\/vc_tta_section][vc_tta_section title=&#8221;ENGLISH&#8221; tab_id=&#8221;1626177208469-31d6f0ab-93da&#8221;][\/vc_tta_section][\/vc_tta_tabs][\/vc_column][vc_column width=&#8221;1\/3&#8243;][\/vc_column][\/vc_row] [&#8230;]<\/p>\n<p><a class=\"btn btn-secondary understrap-read-more-link\" href=\"https:\/\/us.edu.pl\/instytut\/ih\/osoby\/pawel-duda\/\">Read More&#8230;<\/a><\/p>\n","protected":false},"author":1,"featured_media":0,"template":"","meta":{"_expiration-date-status":"saved","_expiration-date":0,"_expiration-date-type":"","_expiration-date-categories":[],"_expiration-date-options":[]},"acf":[],"_links":{"self":[{"href":"https:\/\/us.edu.pl\/instytut\/ih\/wp-json\/wp\/v2\/osoby\/383"}],"collection":[{"href":"https:\/\/us.edu.pl\/instytut\/ih\/wp-json\/wp\/v2\/osoby"}],"about":[{"href":"https:\/\/us.edu.pl\/instytut\/ih\/wp-json\/wp\/v2\/types\/osoby"}],"author":[{"embeddable":true,"href":"https:\/\/us.edu.pl\/instytut\/ih\/wp-json\/wp\/v2\/users\/1"}],"version-history":[{"count":6,"href":"https:\/\/us.edu.pl\/instytut\/ih\/wp-json\/wp\/v2\/osoby\/383\/revisions"}],"predecessor-version":[{"id":4681,"href":"https:\/\/us.edu.pl\/instytut\/ih\/wp-json\/wp\/v2\/osoby\/383\/revisions\/4681"}],"wp:attachment":[{"href":"https:\/\/us.edu.pl\/instytut\/ih\/wp-json\/wp\/v2\/media?parent=383"}],"curies":[{"name":"wp","href":"https:\/\/api.w.org\/{rel}","templated":true}]}}