{"id":1141,"date":"2021-11-08T15:50:39","date_gmt":"2021-11-08T14:50:39","guid":{"rendered":"https:\/\/us.edu.pl\/instytut\/ih\/?page_id=1141"},"modified":"2023-03-06T13:44:54","modified_gmt":"2023-03-06T12:44:54","slug":"vii-kongres-mediewistow-polskich","status":"publish","type":"page","link":"https:\/\/us.edu.pl\/instytut\/ih\/konferencje\/vii-kongres-mediewistow-polskich\/","title":{"rendered":"VII Kongres Mediewist\u00f3w Polskich"},"content":{"rendered":"<p>[vc_row][vc_column]\r\n                <div class=\"text-modules\">\r\n                    <div class=\"container\">\r\n                        <h3 class=\"page-title text__title\">VII Kongres Mediewist\u00f3w Polskich<\/h3>\r\n                        <div class=\"text-modules__content\"><\/p>\n<h3><span style=\"color: #003366;\"><strong>Wielokulturowo\u015b\u0107 \u015bredniowiecza. Ludzie i idee<\/strong><\/span><\/h3>\n<p>\n<\/div>\r\n                    <\/div>\r\n                <\/div>[vc_empty_space][\/vc_column][\/vc_row][vc_row parallax=&#8221;content-moving&#8221; parallax_image=&#8221;1299&#8243; css=&#8221;.vc_custom_1657092252055{background-image: url(https:\/\/us.edu.pl\/instytut\/ih\/wp-content\/uploads\/sites\/24\/VII-Kongres-Mediewistow\/Zapisany-fragment-starej-ksiegi-scaled.jpg?id=1670) !important;background-position: center;background-repeat: no-repeat !important;background-size: cover !important;}&#8221;][vc_column]\r\n                <div class=\"text-modules\">\r\n                    <div class=\"container\">\r\n                        \r\n                        <div class=\"text-modules__content\"><\/p>\n<p>&nbsp;<\/p>\n<p>&nbsp;<\/p>\n<p>&nbsp;<\/p>\n<p>&nbsp;<\/p>\n<p>&nbsp;<\/p>\n<p>&nbsp;<\/p>\n<p>\n<\/div>\r\n                    <\/div>\r\n                <\/div>[\/vc_column][\/vc_row][vc_row][vc_column width=&#8221;1\/5&#8243;][\/vc_column][vc_column width=&#8221;1\/5&#8243;][vc_empty_space height=&#8221;36px&#8221;]\r\n                <div class=\"text-modules\">\r\n                    <div class=\"container\">\r\n                        \r\n                        <div class=\"text-modules__content\"><\/p>\n<p style=\"text-align: center;\"><a href=\"#program\"><span style=\"color: #333333;\"><strong>PROGRAM KONGRESU<\/strong><\/span><\/a><\/p>\n<p>\n<\/div>\r\n                    <\/div>\r\n                <\/div>[\/vc_column][vc_column width=&#8221;1\/5&#8243;][vc_empty_space height=&#8221;36px&#8221;]\r\n                <div class=\"text-modules\">\r\n                    <div class=\"container\">\r\n                        \r\n                        <div class=\"text-modules__content\"><\/p>\n<p style=\"text-align: center;\"><a href=\"#aktualnosci\"><span style=\"color: #333333;\"><strong>ZAPISY<\/strong><\/span><\/a><\/p>\n<p>\n<\/div>\r\n                    <\/div>\r\n                <\/div>[\/vc_column][vc_column width=&#8221;1\/5&#8243;][vc_empty_space height=&#8221;36px&#8221;]\r\n                <div class=\"text-modules\">\r\n                    <div class=\"container\">\r\n                        \r\n                        <div class=\"text-modules__content\"><\/p>\n<p style=\"text-align: center;\"><a href=\"#aktualnosci\"><span style=\"color: #333333;\"><strong>AKTUALNO\u015aCI<\/strong><\/span><\/a><\/p>\n<p>\n<\/div>\r\n                    <\/div>\r\n                <\/div>[\/vc_column][vc_column width=&#8221;1\/5&#8243;][\/vc_column][\/vc_row][vc_row][vc_column][vc_empty_space height=&#8221;15px&#8221;][\/vc_column][\/vc_row][vc_row css=&#8221;.vc_custom_1657093449305{background-color: #002e5a !important;}&#8221;][vc_column][vc_empty_space height=&#8221;10px&#8221;][\/vc_column][\/vc_row][vc_row el_class=&#8221;container&#8221;][vc_column width=&#8221;1\/2&#8243;][vc_empty_space height=&#8221;20px&#8221;]\r\n                <div class=\"text-modules\">\r\n                    <div class=\"container\">\r\n                        \r\n                        <div class=\"text-modules__content\"><\/p>\n<h4 style=\"font-weight: 400;\"><strong>Organizatorzy:<\/strong><\/h4>\n<p style=\"font-weight: 400;\">Sta\u0142y Komitet Mediewist\u00f3w Polskich<br \/>\nInstytut Historii Uniwersytetu \u015al\u0105skiego w Katowicach<\/p>\n<h4 style=\"font-weight: 400;\"><strong>Patronat Honorowy:<\/strong><\/h4>\n<p style=\"font-weight: 400;\">Marsza\u0142ek Wojew\u00f3dztwa \u015al\u0105skiego Jakub Che\u0142stowski<\/p>\n<p style=\"font-weight: 400;\">Przewodnicz\u0105cy Zarz\u0105du Metropolii G\u00f3rno\u015bl\u0105sko-Zag\u0142\u0119biowskiej Kazimierz Karolczak<br \/>\nPrezydent Miasta Katowice dr Marcin Krupa<br \/>\nJM Rektor Uniwersytetu \u015al\u0105skiego prof. dr hab. Ryszard Kozio\u0142ek<br \/>\nDziekan Wydzia\u0142u Humanistycznego U\u015a prof. dr hab. Adam Dziadek<\/p>\n<h4 style=\"font-weight: 400;\"><strong>Komitet Organizacyjny:<\/strong><\/h4>\n<p style=\"font-weight: 400;\">Dyrektor Instytutu Historii U\u015a (przewodnicz\u0105cy) prof. dr hab. Jerzy Sperka<br \/>\nProf. dr hab. Piotr Boro\u0144<br \/>\nDr hab. Bo\u017cena Czwojdrak, prof. U\u015a<br \/>\nDr hab. Jakub Morawiec, prof. U\u015a<br \/>\nDr Katarzyna Niemczyk-Wi\u015bniewska<br \/>\nDr Maciej Wo\u017any (sekretarz)<br \/>\nDr Karol Nabia\u0142ek<br \/>\nDr Tomasz Ka\u0142uski (sekretarz)<br \/>\nDr Grzegorz Bartusik<br \/>\nDr Iwona Pietrzyk<\/p>\n<hr \/>\n<p>Dofinansowano z programu &#8222;Doskona\u0142a Nauka&#8221; Ministra Edukacji i Nauki<br \/>\n(Umowa nr DNK\/SP\/546719\/2022).<\/p>\n<\/div>\r\n                    <\/div>\r\n                <\/div>[vc_empty_space height=&#8221;10px&#8221;][\/vc_column][vc_column width=&#8221;1\/2&#8243;][\/vc_column][\/vc_row][vc_row][vc_column][vc_empty_space][\/vc_column][\/vc_row][vc_row parallax=&#8221;content-moving-fade&#8221; css=&#8221;.vc_custom_1639575710154{background-color: #002e5a !important;}&#8221;][vc_column width=&#8221;1\/4&#8243;][\/vc_column][vc_column width=&#8221;1\/2&#8243;][vc_empty_space height=&#8221;45px&#8221;]\r\n                <div class=\"text-modules\">\r\n                    <div class=\"container\">\r\n                        \r\n                        <div class=\"text-modules__content\"><\/p>\n<p style=\"text-align: left;\"><span style=\"color: #ffffff;\"><strong><span style=\"font-size: 14pt;\">Ju\u017c po raz si\u00f3dmy, z inicjatywy Komitetu Mediewist\u00f3w Polskich, spotykamy si\u0119 na Kongresie, kt\u00f3ry stale gromadzi badaczy z kraju oraz zagranicy. Przewa\u017caj\u0105 historycy, ale swoje sekcje b\u0119d\u0105 mie\u0107 te\u017c historycy sztuki, filozofowie, literaturoznawcy oraz rekonstruktorzy historyczni.<\/span><\/strong><\/span><\/p>\n<p style=\"text-align: left;\"><span style=\"color: #ffffff;\"><strong><span style=\"font-size: 14pt;\">Temat przewodni Kongresu w Katowicach: \u201eWielokulturowo\u015b\u0107 \u015bredniowiecza. Ludzie i idee\u201d \u015bwiadomie nawi\u0105zuje do naszego historycznie wielokulturowego spo\u0142ecze\u0144stwa, kt\u00f3re od \u015bredniowiecza zamieszkiwa\u0142o (i do dzi\u015b zamieszkuje) G\u00f3rny \u015al\u0105sk. Kongres b\u0119dzie r\u00f3wnie\u017c okazj\u0105 do przedstawienia szeregu problem\u00f3w badawczych, kt\u00f3rymi zajmuje si\u0119 interdyscyplinarne \u015brodowisko badaczy. Ponadto b\u0119dzie okazj\u0105 do nawi\u0105zania i podtrzymania kontakt\u00f3w pomi\u0119dzy jego uczestnikami.<\/span><\/strong><\/span><\/p>\n<p>\n<\/div>\r\n                    <\/div>\r\n                <\/div>[vc_empty_space height=&#8221;36px&#8221;][\/vc_column][vc_column width=&#8221;1\/4&#8243;][\/vc_column][\/vc_row][vc_row][vc_column][vc_empty_space][\/vc_column][\/vc_row][vc_row content_placement=&#8221;top&#8221; parallax=&#8221;content-moving&#8221; parallax_image=&#8221;1424&#8243; css_animation=&#8221;none&#8221; el_class=&#8221;container&#8221; css=&#8221;.vc_custom_1641981698892{background-color: #f2f2f2 !important;}&#8221;][vc_column width=&#8221;1\/4&#8243;][\/vc_column][vc_column parallax=&#8221;content-moving&#8221; width=&#8221;1\/2&#8243;][vc_empty_space height=&#8221;25px&#8221;]\r\n                <div class=\"text-modules\">\r\n                    <div class=\"container\">\r\n                        \r\n                        <div class=\"text-modules__content\"><\/p>\n<h3 style=\"text-align: center;\"><span style=\"color: #ffffff;\"><strong><a style=\"color: #ffffff;\" name=\"aktualnosci\"><\/a>Aktualno\u015bci<\/strong><\/span><\/h3>\n<p>\n<\/div>\r\n                    <\/div>\r\n                <\/div>[vc_empty_space height=&#8221;10px&#8221;][vc_tta_tabs style=&#8221;modern&#8221; color=&#8221;mulled-wine&#8221; spacing=&#8221;5&#8243; alignment=&#8221;center&#8221; active_section=&#8221;1&#8243; el_class=&#8221;container&#8221; el_id=&#8221;zakladki&#8221;][vc_tta_section title=&#8221;09.09.2022&#8243; tab_id=&#8221;1657098505606-9066b0f7-3991&#8243;]\r\n                <div class=\"text-modules\">\r\n                    <div class=\"container\">\r\n                        \r\n                        <div class=\"text-modules__content\"><p>Program Kongresu zosta\u0142 uaktualniony.<\/p>\n<\/div>\r\n                    <\/div>\r\n                <\/div>[\/vc_tta_section][vc_tta_section title=&#8221;31.08.2022&#8243; tab_id=&#8221;1656275894974-173b027e-a30e&#8221;]\r\n                <div class=\"text-modules\">\r\n                    <div class=\"container\">\r\n                        \r\n                        <div class=\"text-modules__content\"><p>W dniu dzisiejszym mo\u017cliwe s\u0105 zapisy do godziny 20:00<\/p>\n<\/div>\r\n                    <\/div>\r\n                <\/div>[\/vc_tta_section][vc_tta_section title=&#8221;16.07.2022&#8243; tab_id=&#8221;1637917302697-95b34aa9-8df9&#8243;]\r\n                <div class=\"text-modules\">\r\n                    <div class=\"container\">\r\n                        \r\n                        <div class=\"text-modules__content\"><p>Zmieniono sal\u0119 dla Sekcji 9 oraz 16<\/p>\n<\/div>\r\n                    <\/div>\r\n                <\/div>[\/vc_tta_section][\/vc_tta_tabs][vc_empty_space height=&#8221;15px&#8221;]\r\n                <div class=\"text-modules\">\r\n                    <div class=\"container\">\r\n                        \r\n                        <div class=\"text-modules__content\"><\/p>\n<p style=\"text-align: center;\"><span style=\"color: #ffffff; font-size: 14pt;\"><strong>Osoby zainteresowane uczestnictwem w kongresie proszone s\u0105 o wype\u0142nienie formularza.<\/strong><\/span><\/p>\n<p>\n<\/div>\r\n                    <\/div>\r\n                <\/div>[vc_btn title=&#8221;ZAPISY&#8221; style=&#8221;outline&#8221; color=&#8221;white&#8221; size=&#8221;lg&#8221; align=&#8221;center&#8221; link=&#8221;url:https%3A%2F%2Fformularze.us.edu.pl%2Fkmp7&#8243;][vc_empty_space height=&#8221;40px&#8221;][\/vc_column][vc_column width=&#8221;1\/4&#8243;][\/vc_column][\/vc_row][vc_row][vc_column][vc_empty_space][\/vc_column][\/vc_row][vc_row css=&#8221;.vc_custom_1639654004782{background-color: #f2f2f2 !important;}&#8221;][vc_column][vc_empty_space][\/vc_column][\/vc_row][vc_row css=&#8221;.vc_custom_1639653955908{background-color: #f2f2f2 !important;}&#8221;][vc_column]\r\n                <div class=\"text-modules\">\r\n                    <div class=\"container\">\r\n                        \r\n                        <div class=\"text-modules__content\"><\/p>\n<h2 style=\"text-align: center;\"><span style=\"color: #333333;\"><strong><a style=\"color: #333333;\" name=\"program\"><\/a>Program Kongresu<\/strong><\/span><\/h2>\n<p>\n<\/div>\r\n                    <\/div>\r\n                <\/div>[\/vc_column][\/vc_row][vc_row el_class=&#8221;container&#8221; css=&#8221;.vc_custom_1639654015852{background-color: #f2f2f2 !important;}&#8221;][vc_column width=&#8221;1\/4&#8243;][\/vc_column][vc_column width=&#8221;1\/2&#8243;][vc_empty_space height=&#8221;40px&#8221;]\r\n                <div class=\"text-modules\">\r\n                    <div class=\"container\">\r\n                        \r\n                        <div class=\"text-modules__content\"><p><span style=\"color: #333333;\">20 wrze\u015bnia \u2013 posiedzenie Sta\u0142ego Komitetu Mediewist\u00f3w Polskich, godz. 19.00<\/span><br \/>\n<span style=\"color: #333333;\">21\u201323 wrze\u015bnia \u2013 obrady w budynku Wydzia\u0142u Humanistycznego U\u015a, ul. Uniwersytecka 4<\/span><\/p>\n<p>&nbsp;<\/p>\n<p style=\"text-align: center;\"><span style=\"color: #333333;\">Pe\u0142en program Kongresu mo\u017cna pobra\u0107 <a href=\"https:\/\/us.edu.pl\/instytut\/ih\/wp-content\/uploads\/sites\/24\/VII-Kongres-Mediewistow\/PROGRAM-VII-KONGRESU-MEDIEWISTOW-POLSKICH-1-1.pdf\" class=\"mtli_attachment mtli_pdf\" data-mtli=\"mtli_filesize18,53MB\" class=\"mtli_attachment mtli_pdf\" data-mtli=\"mtli_filesize18,53MB\">tutaj.<\/a><\/span><\/p>\n<p>\n<style type=\"text\/css\">a[data-mtli~=\"mtli_filesize18,53MB\"]:after {content:\" (18,53 MB)\"}<\/style><\/div>\r\n                    <\/div>\r\n                <\/div>[vc_empty_space height=&#8221;40px&#8221;][vc_tta_accordion style=&#8221;modern&#8221; color=&#8221;black&#8221; gap=&#8221;10&#8243; active_section=&#8221;200&#8243; no_fill=&#8221;true&#8221;][vc_tta_section title=&#8221;Wyk\u0142ady plenarne&#8221; tab_id=&#8221;1656249919108-ee47a5cf-3801&#8243;]\r\n                <div class=\"text-modules\">\r\n                    <div class=\"container\">\r\n                        \r\n                        <div class=\"text-modules__content\"><p>21 wrze\u015bnia 2022 (\u015broda). Aula im A. Pawlikowskiego B\/1.1<\/p>\n<p>9.00-11.30: Otwarcie Kongresu: JM Rektor U\u015a prof. dr hab. Ryszard Kozio\u0142ek, Dziekan Wydzia\u0142u Humanistycznego U\u015a prof. dr hab. Adam Dziadek; Przewodnicz\u0105cy Sta\u0142ego Komitetu Mediewist\u00f3w Polskich prof. dr hab. Stanis\u0142aw Rosik; Dyrektor Instytutu Historii U\u015a prof. dr hab. Jerzy Sperka.<\/p>\n<p>&#8211; wr\u0119czenie medalu Lux et Laus<\/p>\n<p>&#8211; wr\u0119czenie Ksi\u0119gi Jubileuszowej prof. dr hab. Leszkowi S\u0142upeckiemu.<\/p>\n<p style=\"text-align: center;\">11.30-12.15 &#8211; przerwa kawowa<\/p>\n<p style=\"text-align: left;\">12.15-12.45: Prof. dr hab. Krzysztof O\u017c\u00f3g (Uniwersytet Jagiello\u0144ski): <em>Unum corpus multi sumus &#8211; \u015bredniowieczny uniwersytet wobec wielokulturowo\u015bci student\u00f3w i mistrz\u00f3w. Przyk\u0142ad Krakowa<\/em>.<\/p>\n<p style=\"text-align: center;\">12.45-13.00 \u2013 przerwa kawowa<\/p>\n<p style=\"text-align: left;\">13.00-13.30: prof. dr hab. Wojciech Fa\u0142kowski (Uniwersytet Warszawski\/Zamek Kr\u00f3lewski w Warszawie \u2013 Muzeum): <em>Rytua\u0142 i polityka \u2013 instrumenty kr\u00f3lewskich rz\u0105d\u00f3w<\/em>.<\/p>\n<p style=\"text-align: left;\">13.30-14.00 prof. dr hab. Przemys\u0142aw Urba\u0144czyk (Uniwersytet Kardyna\u0142a Stefana Wyszy\u0144skiego w Warszawie): <em>S\u0142owianie byli &#8222;produktem przypadku historycznego&#8221;<\/em>.<\/p>\n<p style=\"text-align: center;\">14.00-15.30 \u2013 przerwa obiadowa<\/p>\n<p style=\"text-align: center;\">15.30-19.00 \u2013 obrady w sekcjach<\/p>\n<p>&nbsp;<\/p>\n<p>22 wrze\u015bnia 2022 (czwartek). Aula im A. Pawlikowskiego B\/1.1<\/p>\n<p>9.00-9.30 prof. dr hab. Anna Sochacka (Lublin): <em>Przenikanie element\u00f3w kultury wschodniochrze\u015bcija\u0144skiej na ziemie polskie w \u015bredniowieczu (na przyk\u0142adzie Lubelszczyzny)<\/em>.<\/p>\n<p>9.30-10.00 prof. dr hab. Jerzy Sperka (Uniwersytet \u015al\u0105ski): <em>Na pograniczu Czech i Polski. O ksi\u0119stwie i ksi\u0105\u017c\u0119tach raciborskich w p\u00f3\u017anym \u015bredniowieczu<\/em>.<\/p>\n<p style=\"text-align: center;\">10.00-14.<span style=\"text-align: center;\">00\u00a0<\/span><span style=\"text-align: center;\">\u2013 obrady\u00a0<\/span>w sekcjach<\/p>\n<p style=\"text-align: center;\"><span style=\"text-align: center;\">15.30-19.00\u00a0<\/span><span style=\"text-align: center;\">\u2013 obrady\u00a0<\/span>w sekcjach<\/p>\n<p style=\"text-align: center;\">20.00-22.00 \u2013 uroczysta kolacja (Hotel Katowice)<\/p>\n<p>&nbsp;<\/p>\n<p>23 wrze\u015bnia 2022 (pi\u0105tek). Aula im A. Pawlikowskiego B\/1.1<\/p>\n<p>9.00-9.30 prof. dr hab. Stanis\u0142aw Rosik (Uniwersytet Wroc\u0142awski): <em>\u201eBarbarzy\u0144cy ju\u017c nie tacy obcy&#8230;\u201d \u2013 Pomorzanie w hagiografii \u015bw. Ottona z Bambergu (XII w.).<\/em><\/p>\n<p style=\"text-align: center;\">10.00-14.<span style=\"text-align: center;\">00\u00a0<\/span><span style=\"text-align: center;\">\u2013 obrady\u00a0<\/span>w sekcjach<\/p>\n<p>16.00-16.30: Podsumowanie obrad i zamkni\u0119cie Kongresu: Przewodnicz\u0105cy Sta\u0142ego Komitetu Mediewist\u00f3w Polskich prof. dr hab. Stanis\u0142aw Rosik; Dyrektor Instytutu Historii U\u015a prof. dr hab. Jerzy Sperka.<\/p>\n<\/div>\r\n                    <\/div>\r\n                <\/div>[\/vc_tta_section][vc_tta_section title=&#8221;Sekcja 1. Anatomia mediewistyki, relacje Mistrz &#8211; Ucze\u0144, Szko\u0142y Naukowe w Polsce i za granic\u0105, jak si\u0119 &#8222;tworzy&#8222; mediewist\u0119&#8222;.&#8221; tab_id=&#8221;1638277600832-88a0b37b-753e&#8221;]\r\n                <div class=\"text-modules\">\r\n                    <div class=\"container\">\r\n                        \r\n                        <div class=\"text-modules__content\"><p>21 wrze\u015bnia 2022 (\u015broda). Aula im. Prof. Ireneusza Opackiego \u2013 B\/039<\/p>\n<p>&nbsp;<\/p>\n<p>Moderator: prof. dr hab. Wojciech Iwa\u0144czak (Warszawa).<\/p>\n<p>15.30-19.00<\/p>\n<p>Prof. dr hab. El\u017cbieta Jung (Uniwersytet \u0141\u00f3dzki).<\/p>\n<p>Prof. dr hab. Jacek Banaszkiewicz (Warszawa).<\/p>\n<p>Prof. dr hab. Andrzej Buko (Instytut Archeologii i Etnologii PAN).<\/p>\n<p>Prof. dr hab. Leszek S\u0142upecki (Uniwersytet Rzeszowski).<\/p>\n<\/div>\r\n                    <\/div>\r\n                <\/div>[\/vc_tta_section][vc_tta_section title=&#8221;Sekcja 2 Wielokulturowo\u015b\u0107 dworu. Ludzie i idee.&#8221; tab_id=&#8221;1638277600848-9f1c7a95-8adc&#8221;]\r\n                <div class=\"text-modules\">\r\n                    <div class=\"container\">\r\n                        \r\n                        <div class=\"text-modules__content\"><p>22 wrze\u015bnia 2022 (czwartek). Sala B\/1.28<\/p>\n<p>&nbsp;<\/p>\n<p>Moderator: dr hab. prof. UJ Marek Ferenc (Uniwersytet Jagiello\u0144ski).<\/p>\n<p>10.00-10.20: dr hab. Przemys\u0142aw Mrozowski, prof. UKSW (Uniwersytet Kardyna\u0142a Stefana Wyszy\u0144skiego w Warszawie): <em>Czy ksi\u0105\u017c\u0119ta w p\u00f3\u017anym \u015bredniowieczu chcieli w swoich wizerunkach rozpoznawa\u0107 w\u0142asne twarze? Kilka refleksji o systemach reprezentacji w\u0142adzy i o pocz\u0105tkach portretu w Europie<\/em>.<\/p>\n<p>10.20-10.40: dr hab. Pawe\u0142 Gancarczyk, prof. IS PAN (Instytut Sztuki PAN): <em>Franko-flamandzcy kantorzy Fryderyka III i ich wp\u0142yw na kultur\u0119 muzyczn\u0105 Europy \u015arodkowej XV wieku<\/em>.<\/p>\n<p>10.40-11.00: dr Katarzyna Moskal (Muzeum Krakowa): <em>Francuska amonierka w Muzeum Katedralnym na Wawelu jako rekwizyt stosowany w dworskiej dyplomacji<\/em>.<\/p>\n<p style=\"text-align: center;\">11.00-11.15 przerwa kawowa<\/p>\n<p>11.15-11.35: dr hab. Bo\u017cena Czwojdrak, prof. U\u015a (Uniwersytet \u015al\u0105ski): <em>Wielokulturowo\u015b\u0107 dwor\u00f3w polskich kr\u00f3lowych w p\u00f3\u017ano\u015bredniowiecznej Polsce<\/em>.<\/p>\n<p>11.35-11.55 dr hab. Janusz Grabowski, prof. AGAD (Archiwum G\u0142\u00f3wne Akt Dawnych w Warszawie): <em>W cieniu Jagiellon\u00f3w. Peryferyjny dw\u00f3r mazowiecki ksi\u0119cia Janusza II (1471-1495)<\/em>.<\/p>\n<p>11.55-12.15: dr Marta PiberZbieranowska (Instytut Historii im. Tadeusza Manteuffla PAN): <em>Model w\u0142asny czy wzorzec obcy? Organizacja dworu ksi\u0105\u017c\u0105t mazowieckich za panowania Anny Radziwi\u0142\u0142\u00f3wny i jej syn\u00f3w (1503-1526)<\/em>.<\/p>\n<p style=\"text-align: center;\">12.15-14.00 dyskusja i zako\u0144czenie obrad sekcji.<\/p>\n<p>\n<\/div>\r\n                    <\/div>\r\n                <\/div>[\/vc_tta_section][vc_tta_section title=&#8221;Sekcja 3 Cz\u0142owiek w \u015bwiecie \u015bredniowiecznych znak\u00f3w w perspektywie nauk pomocniczych historii.&#8221; tab_id=&#8221;1641978202654-c9cf90a1-519f&#8221;]\r\n                <div class=\"text-modules\">\r\n                    <div class=\"container\">\r\n                        \r\n                        <div class=\"text-modules__content\"><p>22 wrze\u015bnia 2022 (czwartek). Sala B\/1.33<\/p>\n<p>&nbsp;<\/p>\n<p>Moderator: dr hab. Pawe\u0142 Str\u00f3\u017cyk, prof. UAM (Uniwersytet im. Adama Mickiewicza w Poznaniu).<\/p>\n<p>10.00-10.20: dr Anna Adamska (Universiteit Utrecht): <em>\u015aredniowieczny dokument jako znak i przedmiot ogl\u0105du. Gar\u015b\u0107 uwag o semiotyce dyplomatycznej i p\u0142yn\u0105cych z niej po\u017cytkach<\/em>.<\/p>\n<p>10.20-10.40: dr hab. Marek Janicki (Uniwersytet Warszawski): <em>Chor\u0105gwie trofealne w propagandzie jagiello\u0144skiej w \u015bwietle nowych \u017ar\u00f3de\u0142<\/em>.<\/p>\n<p>10.40-11.00: dr hab. Pawe\u0142 Str\u00f3\u017cyk, prof. UAM (Uniwersytet im. Adama Mickiewicza w Poznaniu): <em>Klejnot he\u0142mowy ksi\u0105\u017c\u0105t piastowskich do pocz\u0105tku XIV wieku. Znak w\u0142adzy, element heraldyczny czy indywidualna ozdoba<\/em>?<\/p>\n<p style=\"text-align: center;\">11.00-11.15 przerwa kawowa<\/p>\n<p>11.15-11.35: dr hab. Marcin Starzy\u0144ski, prof. UJ (Uniwersytet Jagiello\u0144ski): <em>Gmerk \u2013 znak w\u0142asno\u015bci czy to\u017csamo\u015bci<\/em>?<\/p>\n<p>11.35-11.55: dr Mi\u0142osz Sosnowski (Uniwersytet im. Adama Mickiewicza w Poznaniu): <em>Znaki magiczne i ich mi\u0119dzykulturowa w\u0119dr\u00f3wka. Na marginesie bada\u0144 nad programem epigraficznym i ikonograficznym Szczerbca<\/em>.<\/p>\n<p>11.55-12.15: dr Tomasz Ma\u0107kowski (Uniwersytet Gda\u0144ski): <em>Mi\u0119dzy ci\u0119\u017carem a punc\u0105. O metrologicznym rozpoznaniu \u015bredniowiecznych i wczesnonowo\u017cytnych odwa\u017cnik\u00f3w z ziem polskich<\/em>.<\/p>\n<p style=\"text-align: center;\">12.15-14.00 dyskusja i zako\u0144czenie obrad sekcji<\/p>\n<p>\n<\/div>\r\n                    <\/div>\r\n                <\/div>[\/vc_tta_section][vc_tta_section title=&#8221;Sekcja 4. Rzeczy, obiekty i krajobrazy jako znaki kultur. Badania nad materialno\u015bci\u0105 \u015bredniowiecza.&#8221; tab_id=&#8221;1641978233006-78d56fa5-67a0&#8243;]\r\n                <div class=\"text-modules\">\r\n                    <div class=\"container\">\r\n                        \r\n                        <div class=\"text-modules__content\"><p>21 wrze\u015bnia 2022 (\u015broda). Sala A\/1.10<\/p>\n<p>&nbsp;<\/p>\n<p>Moderator: dr hab. Andrzej Janeczek, prof. IAE PAN (Instytut Archeologii i Etnologii PAN).<\/p>\n<p>15.30-15.50 mgr Maciej Radomski (Instytut Archeologii i Etnologii PAN), dr Monika Saczy\u0144ska-Vercamer (Instytut Archeologii i Etnologii PAN): <em>W poszukiwaniu kontekstu. Tradycja i nowoczesno\u015b\u0107 historii kultury materialnej<\/em>.<\/p>\n<p>15.50-16.10 dr hab. Ma\u0142gorzata Ko\u0142acz-Chmiel (UMCS): <em>\u017bycie kobiety ch\u0142opskiej w \u015bwietle informacji o maj\u0105tku ruchomym w p\u00f3\u017ano\u015bredniowiecznych \u017ar\u00f3d\u0142ach pisanych<\/em>.<\/p>\n<p>16.10-16.30 dr hab. Ewa W\u00f3\u0142kiewicz, prof. IAE PAN (Instytut Archeologii i Etnologii PAN): <em>Szata ksi\u0119dza zwierciad\u0142em jego duszy? Uwagi o codziennym stroju kleru \u015bl\u0105skiego w p\u00f3\u017anym \u015bredniowieczu<\/em>.<\/p>\n<p style=\"text-align: center;\">16.30-16.45 przerwa kawowa.<\/p>\n<p>16.45-17.05\u00a0dr Jakub Sawicki (Archeologick\u00fd \u00dastav AV \u010cR, Praha): <em>U progu masowej produkcji. Konsumpcja akcesori\u00f3w stroju w p\u00f3\u017ano\u015bredniowiecznej Europie \u015arodkowo-Wschodniej (przyk\u0142ad Pragi i Wroc\u0142awia).<\/em><\/p>\n<p>17.05-17.25 dr hab. Dariusz Adamczyk (Niemiecki Instytut Historyczny w Warszawie): <em>Rzeczy srebrne posiekane. Czy w\u015br\u00f3d S\u0142owian Zachodnich istnia\u0142 potlacz?<\/em><\/p>\n<p style=\"text-align: center;\">17.25-19.00 dyskusja i zamkni\u0119cie pierwszego dnia obrad sekcji.<\/p>\n<p>&nbsp;<\/p>\n<p>22 wrze\u015bnia 2022 (czwartek). Sala A\/1.10<\/p>\n<p>&nbsp;<\/p>\n<p>10.00-10.20 dr hab. Grzegorz My\u015bliwski (Uniwersytet Warszawski): <em>Znaki w handlu dalekosi\u0119\u017cnym P\u00f3\u0142nocy<\/em>.<\/p>\n<p>10.20-10.40 dr Pawe\u0142 Cembrzy\u0144ski (Christian-Albrechts-Universit\u00e4t zu Kiel): <em>Ekologia \u015bredniowiecznego miasta, czyli jak po\u0142\u0105czy\u0107 \u015brodowisko i spo\u0142ecze\u0144stwo<\/em>.<\/p>\n<p>10.40-11.00 dr hab. in\u017c. Marta Wardas-Laso\u0144 (Akademia G\u00f3rniczo-Hutnicza im. Stanis\u0142awa Staszica w Krakowie), Wojciech Tabaszewski (Generalna Dyrekcja Dr\u00f3g Krajowych i Autostrad \u2013 Oddzia\u0142 Krak\u00f3w): <em>Przestrze\u0144 materialna krakowskiego Stradomia prze\u0142omu \u015bredniowiecza i wczesnej nowo\u017cytno\u015bci w badaniach geo\u015brodowiskowo-archeologicznych<\/em>.<\/p>\n<p style=\"text-align: center;\">11.00-11.15 przerwa kawowa.<\/p>\n<p>11.15-11.35 dr hab. Krzysztof Fokt (Uniwersytet Jagiello\u0144ski), doc. PhDr. Tom\u00e1\u0161 Kl\u00edr, Ph.D. (Univerzita Karlova, Praha), dr Maria Legut-Pintal (Uniwersytet Wroc\u0142awski): <em>Na styku przestrzeni, uprawnie\u0144 i miar. Przyczynek do kwestii formowania si\u0119 wsi czeskich, morawskich i \u015bl\u0105skich<\/em>.<\/p>\n<p>11.35-11.55 dr hab. Ma\u0142gorzata Grupa, prof. UMK (Uniwersytet Miko\u0142aja Kopernika w Toruniu): <em>Guziki \u2013 zapi\u0119cia czy ozdoba \u2013 dylemat kostiumologa<\/em>.<\/p>\n<p>11.55-12.15 dr hab. Urszula Sowina, prof. IAE PAN (Instytut Archeologii i Etnologii PAN): <em>Zmieniaj\u0105c posta\u0107 \u015bwiata. Wiedza kszta\u0142tuj\u0105ca materialno\u015b\u0107 w \u015bredniowieczu<\/em>.<\/p>\n<p style=\"text-align: center;\">12.15-14.00 dyskusja i zamkni\u0119cie obrad sekcji.<\/p>\n<p>\n<\/div>\r\n                    <\/div>\r\n                <\/div>[\/vc_tta_section][vc_tta_section title=&#8221;Sekcja 5. W \u015bredniowieczu: kobieta swoja, obca, inna? \u0179r\u00f3d\u0142a, metodologia, perspektywa badawcza.&#8221; tab_id=&#8221;1641978243899-3fc1c5ab-4900&#8243;]\r\n                <div class=\"text-modules\">\r\n                    <div class=\"container\">\r\n                        \r\n                        <div class=\"text-modules__content\"><p>22 wrze\u015bnia 2022 (czwartek). Sala A\/1.10<\/p>\n<p>&nbsp;<\/p>\n<p>Moderatorki: prof. dr hab. Beata Mo\u017cejko (Uniwersytet Gda\u0144ski), dr hab. Aneta Pieni\u0105dz (Uniwersytet Warszawski).<\/p>\n<p><strong>Podsekcja 1: Od monarchini po \u017cebraczk\u0119 \u2013 panel \u2013 stratyfikacja spo\u0142eczna.<\/strong><\/p>\n<p>15.30-15.50 dr hab. Aneta Pieni\u0105dz (Uniwersytet Warszawski) i prof. dr hab. Beata Mo\u017cejko (Uniwersytet Gda\u0144ski): <em>Co znaczy\u0142o by\u0107 monarchini\u0105 \u2013 perspektywa wczesno i p\u00f3\u017ano \u015bredniowieczna<\/em>.<\/p>\n<p>15.50-16.10 dr Witold Brzezi\u0144ski (Uniwersytet Kazimierza Wielkiego w Bydgoszczy): <em>To\u017csamo\u015b\u0107 spo\u0142eczna szlachcianki w p\u00f3\u017ano\u015bredniowiecznej Polsce<\/em>.<\/p>\n<p>16.10-16.30 prof. dr hab. Agnieszka Bartoszewicz (Uniwersytet Warszawski): <em>Kobieta w mie\u015bcie polskim p\u00f3\u017anego \u015bredniowiecza. Nowe mo\u017cliwo\u015bci i perspektywy badawcze<\/em>.<\/p>\n<p>16.30-16.50 dr hab. Magdalena Binia\u015b-Szkopek, prof. UAM (Uniwersytet im. Adama Mickiewicza w Poznaniu): <em>Kobiety r\u00f3\u017cnych stan\u00f3w przed \u015bredniowiecznymi s\u0105dami ko\u015bcielnymi<\/em>.<\/p>\n<p>16.50-17.10 dr hab. Tomasz Wi\u015blicz-Iwa\u0144czyk, prof. IH PAN (Instytut Historii im. Tadeusza Manteuffla PAN): <em>Kobiety w spo\u0142eczno\u015bciach wiejskich u progu nowo\u017cytno\u015bci<\/em>.<\/p>\n<p style=\"text-align: center;\">17.10-19.00 dyskusja i zamkni\u0119cie pierwszego dnia obrad sekcji.<\/p>\n<p>&nbsp;<\/p>\n<p>23 wrze\u015bnia 2022 (pi\u0105tek). Sala A\/1.10<\/p>\n<p>&nbsp;<\/p>\n<p><strong>Podsekcja 2: R\u00f3\u017cne spojrzenia \u2013 stereotypy i uprzedzenia z epoki.<\/strong><\/p>\n<p>10.00-10.20 doc. Martin Nodl (Centrum medievistick\u00fdch studi\u00ed, Praha): <em>Czy kobiety \u017cy\u0142y w \u015bredniowieczu. \u0179r\u00f3d\u0142a \u2013 ich trudne odpowiedzi oraz milczenie<\/em>.<\/p>\n<p>10.20-10.40 dr hab. Grzegorz Pac (Uniwersytet Warszawski): <em>Kobiety i \u015bwi\u0119to\u015b\u0107 w \u015bredniowieczu \u2013 pr\u00f3ba spojrzenia z lotu ptaka<\/em>.<\/p>\n<p>10.40-11.00 prof. dr hab. Anna Pob\u00f3g-Lenartowicz (Uniwersytet Opolski): <em>Zes\u0142anie czy samorealizacja? Zakonnice w klasztorach \u015bl\u0105skich w \u015bredniowieczu<\/em>.<\/p>\n<p style=\"text-align: center;\">11.00-11.15 przerwa kawowa.<\/p>\n<p>11.15-11.35 dr Daniela Rywikov\u00e1 (Ostravsk\u00e1 Univerzita): <em>\u017densk\u00e9 kvazimonastick\u00e9 komunity a jejich vizu\u00e1ln\u00ed kultura (Kobiety w wsp\u00f3lnotach \u201ezakonnych\u201d i ich kultura wizualna)<\/em>.<\/p>\n<p>11.35-11.55 dr Michaela Anton\u00edn Malan\u00edkov\u00e1 (Univerzita Palack\u00e9ho v Olomouci): <em>Gender jako koncept v\u00fdzkumu st\u0159edov\u011bk\u00e9 m\u011bstsk\u00e9 spole\u010dnosti \u2013 mo\u017enosti, limity, ot\u00e1zky<\/em>.<\/p>\n<p style=\"text-align: center;\">11.55-13.15 dyskusja panelowa: <em>Jak bada\u0107 \u2013 metodologia, ograniczenia \u017ar\u00f3d\u0142owe, perspektywy, postulaty <\/em>i zamkni\u0119cie obrad sekcji.<\/p>\n<p>\n<\/div>\r\n                    <\/div>\r\n                <\/div>[\/vc_tta_section][vc_tta_section title=&#8221;Sekcja 6. Wp\u0142yw kultury arabskiej na \u015bredniowieczny rozw\u00f3j nauk i sztuk w \u0142aci\u0144skim kr\u0119gu kulturowym.&#8221; tab_id=&#8221;1641978243491-41114799-629a&#8221;]\r\n                <div class=\"text-modules\">\r\n                    <div class=\"container\">\r\n                        \r\n                        <div class=\"text-modules__content\"><p>23 wrze\u015bnia 2022 (pi\u0105tek). Sala B\/1.28<\/p>\n<p>&nbsp;<\/p>\n<p>Moderator: dr hab. Marcin W. Buka\u0142a, prof. IFiS PAN (Instytut Filozofii i Socjologii PAN, Warszawa).<\/p>\n<p>10.00-10.20 dr hab. Martyna Koszka\u0142o, prof. UG (Uniwersytet Gda\u0144ski): <em>Wp\u0142ywy filozofii Awicenny na metafizyk\u0119 Jana Dunsa Szkota<\/em>.<\/p>\n<p>10.20-10.40 dr hab. Marcin W. Buka\u0142a, prof. IFiS PAN (Instytut Filozofii i Socjologii PAN, Warszawa): <em>Wp\u0142yw komentarzy arabskich na \u0142aci\u0144sk\u0105 XIII-wieczn\u0105 recepcj\u0119 Arystotelesowych uwag o sprawiedliwo\u015bci z V ksi\u0119gi \u201eEtyki nikomachejskiej\u201d<\/em>.<\/p>\n<p>10.40-11.00 dr Marcin Trepczy\u0144ski (Uniwersytet Warszawski): <em>Ewolucja wykorzystania \u017ar\u00f3de\u0142 arabskich w tw\u00f3rczo\u015bci Roberta Grosseteste<\/em>.<\/p>\n<p style=\"text-align: center;\">11.00-11.15 przerwa kawowa<\/p>\n<p>11.15-11.35\u00a0dr hab. Rafa\u0142 Hryszko, prof. UJ (Uniwersytet Jagiello\u0144ski): <em>Wp\u0142yw farmakognozji muzu\u0142ma\u0144skiej i bliskowschodniego pi\u015bmiennictwa kulinarnego na rozw\u00f3j cukiernictwa w \u0142aci\u0144skim kr\u0119gu kulturowym w p\u00f3\u017anym \u015bredniowieczu<\/em>.<\/p>\n<p style=\"text-align: center;\">11.35-14.00 dyskusja i zako\u0144czenie obrad sekcji.<\/p>\n<p>\n<\/div>\r\n                    <\/div>\r\n                <\/div>[\/vc_tta_section][vc_tta_section title=&#8221;Sekcja 7. Wielokulturowo\u015b\u0107 Prus w p\u00f3\u017anym \u015bredniowieczu: etnosy, elity, idee.&#8221; tab_id=&#8221;1641978243068-42d1f88e-13df&#8221;]\r\n                <div class=\"text-modules\">\r\n                    <div class=\"container\">\r\n                        \r\n                        <div class=\"text-modules__content\"><p>22 wrze\u015bnia 2022 (czwartek). Sala B\/1.34<\/p>\n<p>&nbsp;<\/p>\n<p>Moderatorzy: dr hab. Rados\u0142aw Biskup, prof. UMK (Uniwersytet Miko\u0142aja Kopernika w Toruniu), dr hab. Krzysztof Kwiatkowski, prof. UMK (Uniwersytet Miko\u0142aja Kopernika w Toruniu).<\/p>\n<p><strong>Podsekcja etniczna.<\/strong><\/p>\n<p>10.00-10.20 dr Marcin Sumowski (Uniwersytet Miko\u0142aja Kopernika w Toruniu): <em>\u201eNiclos, Surgaude und Andres\u201d. Imiona mieszka\u0144c\u00f3w Prus Dolnych jako wyraz zr\u00f3\u017cnicowania kulturowego (komturia kr\u00f3lewiecka, XIV-XVI w.)<\/em>.<\/p>\n<p>10.20-10.40 dr Alicja Dobrosielska (Towarzystwo Naukowe Pruthenia, Olsztyn): <em>Prusowie w <\/em><em>po\u0142udniowej Warmii do 1525 r.<\/em><\/p>\n<p>10.40-11.00 dr hab. Krzysztof Kwiatkowski, prof. UMK (Uniwersytet Miko\u0142aja Kopernika w Toruniu): <em>Szalwe\u0144czycy i Kurowie w p\u00f3\u017ano\u015bredniowiecznych Prusach.<\/em><\/p>\n<p style=\"text-align: center;\">11.00-11.15 przerwa kawowa.<\/p>\n<p><strong>Podsekcja elitarno-ideowa.<\/strong><\/p>\n<p>11.15-11.35 dr P\u0159emysl Bar (Masarykova Univerzita, Brno): <em>Krzy\u017cackie elity wobec autor\u00f3w pism polemicznych wspieraj\u0105cych Zakon.<\/em><\/p>\n<p>11.35-11.55 dr hab. Rados\u0142aw Biskup, prof. UMK (Uniwersytet Miko\u0142aja Kopernika w Toruniu): <em>Mi\u0119dzy Kwidzynem a Kr\u00f3lewcem: wy\u017csze duchowie\u0144stwo krzy\u017cackie jako elita (XIV\/XV\u2012XVI w.)<\/em>.<\/p>\n<p>11.55-12.15\u00a0dr Julia Mo\u017cd\u017ce\u0144 (Uniwersytet Gda\u0144ski): <em>Realizacja idei \u201edobra wsp\u00f3lnego\u201d w Toruniu jako przyk\u0142ad dyscyplinowania elit i mieszka\u0144c\u00f3w miasta (XIV-pocz. XVI w.)<\/em>.<\/p>\n<p>12.15-12.35\u00a0dr Aleksandra Girsztowt (Uniwersytet Gda\u0144ski): <em>Udzia\u0142 rzemie\u015blnik\u00f3w we w\u0142adzach miejskich w okresie \u015bredniowiecza \u2012 przyk\u0142ad ma\u0142ych miast pruskich<\/em>.<\/p>\n<p style=\"text-align: center;\">12.35-14.00 dyskusja i zako\u0144czenie obrad sekcji.<\/p>\n<p>\n<\/div>\r\n                    <\/div>\r\n                <\/div>[\/vc_tta_section][vc_tta_section title=&#8221;Sekcja 8. Kryzys gospodarczy p\u00f3\u017anego \u015bredniowiecza \u2013 nowe spojrzenie.&#8221; tab_id=&#8221;1641978242627-d7c2c27c-6bce&#8221;]\r\n                <div class=\"text-modules\">\r\n                    <div class=\"container\">\r\n                        \r\n                        <div class=\"text-modules__content\"><p>21 wrze\u015bnia 2022 (\u015broda). Sala A\/1.1<\/p>\n<p>&nbsp;<\/p>\n<p>Moderator: dr hab. Piotr Guzowski (Uniwersytet w Bia\u0142ymstoku), prof. UwB.<\/p>\n<p>15.30-15.50 dr Cezary Kardasz (Uniwersytet Miko\u0142aja Kopernika w Toruniu): <em>Koniunktura gospodarcza w miastach po\u0142udniowego pobrze\u017ca Ba\u0142tyku w XIV-pocz\u0105tku XV wieku i jej determinanty<\/em>.<\/p>\n<p>15.50-16.10 dr Piotr \u0141ozowski (Uniwersytet w Bia\u0142ymstoku): <em>\u017bycie gospodarcze Warszawy w p\u00f3\u017anym \u015bredniowieczu &#8211; kryzys, stagnacja czy rozw\u00f3j?<\/em><\/p>\n<p>16.10-16.30 dr hab. Dagmara Adamska (Uniwersytet Wroc\u0142awski): <em>Opuszczanie osiedli na <\/em><em>\u015bredniowiecznym \u015al\u0105sku \u2013 przyczyny, skala i dynamika<\/em>.<\/p>\n<p style=\"text-align: center;\">16.30-16.45 przerwa kawowa.<\/p>\n<p>16.45-17.05 dr Tomasz Zwi\u0105zek (Instytut Geografii i Przestrzennego Zagospodarowania PAN): <em>Czy zmiany klimatu mog\u0142y spowodowa\u0107 kryzys w p\u00f3\u017anym \u015bredniowieczu?<\/em><\/p>\n<p>17.05-17.25 dr hab. Piotr Guzowski, prof. UwB (Uniwersytet w Bia\u0142ymstoku): <em>Rozw\u00f3j gospodarki wiejskiej w p\u00f3\u017anym \u015bredniowieczu w \u015bwietle \u017ar\u00f3de\u0142 przyrodniczych<\/em>.<\/p>\n<p style=\"text-align: center;\">17.25-19.00 dyskusja i zamkni\u0119cie obrad sekcji.<\/p>\n<p>\n<\/div>\r\n                    <\/div>\r\n                <\/div>[\/vc_tta_section][vc_tta_section title=&#8221;Sekcja 9. Ru\u015b mi\u0119dzy Polsk\u0105 a W\u0119grami w XIV wieku.&#8221; tab_id=&#8221;1641978242188-85f3f11e-1ffa&#8221;]\r\n                <div class=\"text-modules\">\r\n                    <div class=\"container\">\r\n                        \r\n                        <div class=\"text-modules__content\"><p>21 wrze\u015bnia 2022 (\u015broda). Sala B\/1.36<\/p>\n<p>&nbsp;<\/p>\n<p>Moderator: prof. dr. Daniel Bagi (E\u00f6tv\u00f6s Lor\u00e1nd Tudom\u00e1nyegyetem, Budapest).<\/p>\n<p>15.30-15.50 prof. dr. Daniel Bagi (E\u00f6tv\u00f6s Lor\u00e1nd Tudom\u00e1nyegyetem, Budapest): <em>Polsko-w\u0119gierskie stosunki za panowania ostatnich Arpad\u00f3w<\/em>.<\/p>\n<p>15.50-16.10 prof. dr hab. Ryszard Grzesik (Instytut Slawistyki PAN), dr Adrien Queret-Podesta (Instytut Slawistyki PAN): <em>W\u0119dr\u00f3wki kronik i kronikarzy mi\u0119dzy W\u0119grami a Polsk\u0105<\/em>.<\/p>\n<p>16.10-16.30 L\u00e1szl\u00f3 Szokola (E\u00f6tv\u00f6s Lor\u00e1nd Tudom\u00e1nyegyetem, Budapest): <em>Polscy \u017co\u0142nierze w wojsku w\u0119gierskim za panowania W\u0142adys\u0142awa II i Ludwika II Jagiello\u0144czyka<\/em>.<\/p>\n<p style=\"text-align: center;\">16.30-16.45 przerwa kawowa.<\/p>\n<p>16.45-17.05 dr hab. Andrzej Marzec, prof. UJ (Uniwersytet Jagiello\u0144ski): <em>Ru\u015b mi\u0119dzy Polsk\u0105 i W\u0119grami w II po\u0142. XIV wieku<\/em>.<\/p>\n<p style=\"text-align: center;\">17.05-19.00 dyskusja i zamkni\u0119cie obrad sekcji.<\/p>\n<p>\n<\/div>\r\n                    <\/div>\r\n                <\/div>[\/vc_tta_section][vc_tta_section title=&#8221;Sekcja 10. Migracje elit rycerskich i szlacheckich w \u015bredniowiecznej Polsce.&#8221; tab_id=&#8221;1641978241763-7c236a67-a67c&#8221;]\r\n                <div class=\"text-modules\">\r\n                    <div class=\"container\">\r\n                        \r\n                        <div class=\"text-modules__content\"><p>Aula im. Prof. Ireneusza Opackiego \u2013 B\/0.39<\/p>\n<p>&nbsp;<\/p>\n<p>Moderatorzy: prof. dr hab. Sobies\u0142aw Szybkowski (Uniwersytet Gda\u0144ski), prof. dr hab. Jerzy Sperka (Uniwersytet \u015al\u0105ski).<\/p>\n<p>10.0-10.20 dr hab. Pawe\u0142 \u017bmudzki (Uniwersytet Warszawski): <em>Tradycja historiograficzna wobec wygnania i powrotu mo\u017cnych ma\u0142opolskich buntownik\u00f3w z 1285 r.<\/em><\/p>\n<p>10.20-10.40 dr hab. Marek Smoli\u0144ski, prof. UG (Uniwersytet Gda\u0144ski): <em>Migracje rycerstwa do ksi\u0119stwa wschodniopomorskiego w XIII w.\u2013pocz. XIV w. (do 1308\/1309)<\/em>.<\/p>\n<p>10.40-11.00 prof. dr hab. Sobies\u0142aw Szybkowski (Uniwersytet Gda\u0144ski): &#8222;<em>Obcy&#8221; w hierarchiach ziemskich Szerokiej Wielkopolski (koniec XIV-XV w.)<\/em>.<\/p>\n<p style=\"text-align: center;\">11.00-11.15 przerwa kawowa.<\/p>\n<p>11.15-11.35 dr hab. Dariusz Wr\u00f3bel (UMCS): <em>Lubelskie jako miejsce docelowe i etapowe migracji rycerskich w p\u00f3\u017anym \u015bredniowieczu<\/em>.<\/p>\n<p>11.35-11.55 prof. dr hab. Jerzy Sperka (Uniwersytet \u015al\u0105ski): <em>Migracje rycerstwa \u015bl\u0105skiego do Kr\u00f3lestwa Polskiego, w tym na ziemie ruskie w II po\u0142. XIV i I po\u0142. XV w<\/em>.<\/p>\n<p>11.55-12.15 dr Iurii Zazuliak (Ukrai\u0144ski Uniwersytet Katolicki we Lwowie): <em>Lwowski kasztelan Jerzy Strumi\u0142o a rodzina \u0141ahodowskich na Rusi Halickiej w XV-XVI wieku<\/em>.<\/p>\n<p>12.15-12.35 prof. dr hab. Bogus\u0142aw Czechowicz (Slezsk\u00e1 univerzita v Opav\u011b): <em>Urozen\u00e9 p\u00e1n\u00ed, state\u010dn\u00ed ryt\u00ed\u0159\u00ed, slovutn\u00ed pano\u0161\u00ed\/Wohlgeborne Herren, Edle Rittern, Ehrenveste M\u00e4nner. Ekspansja maj\u0105tkowa czeskiej i morawskiej magnaterii na G\u00f3rnym \u015al\u0105sku na prze\u0142omie XV i XVI wieku.<\/em><\/p>\n<p>12.35-12.55 prof. dr hab. Myroslav Voloshchuk (Podkarpacki Uniwersytet Narodowy im. Wasyla Stefanyka w Iwano-Frankiwsku): <em>Imiona dynastyczne Rurykowicz\u00f3w w\u015br\u00f3d elit nie dynastycznych Polski XII-XIII wiek\u00f3w. <\/em><\/p>\n<p style=\"text-align: center;\">12.55-14.00 dyskusja.<\/p>\n<p style=\"text-align: center;\">\u00a0\u00a0\u00a0\u00a0\u00a0\u00a0\u00a0\u00a0\u00a0\u00a0\u00a0 14.00-15.30 \u2013 przerwa obiadowa.<\/p>\n<p>15.30-15.50 prof. dr hab. Jerzy Rajman (Uniwersytet Pedagogiczny im. Komisji Edukacji Narodowej w Krakowie): <em>Domy szlachty (rycerstwa) w Krakowie do ko\u0144ca XIV w.<\/em><\/p>\n<p>15.50-16.10 dr Maciej Wo\u017any (Uniwersytet \u015al\u0105ski): <em>Ksi\u0119stwo opolskie jako cel migracji rycerstwa od ko\u0144ca XIII do ko\u0144ca XV wieku.<\/em><\/p>\n<p>16.10-16.30 dr Karol Nabia\u0142ek (Uniwersytet \u015al\u0105ski): <em>Szlachta obywatele miast<\/em>.<\/p>\n<p style=\"text-align: center;\">16.30-16.45 przerwa kawowa.<\/p>\n<p>16.45-17.05 dr hab. Wac\u0142aw Gojniczek (Uniwersytet \u015al\u0105ski): <em>Stany wobec rz\u0105d\u00f3w Jana starszego z \u017berotina w pa\u0144stwie bytomskim 1475-1498. Przyczynek do migracji wewn\u0119trznej w Koronie Czeskiej. <\/em><\/p>\n<p style=\"text-align: center;\">17.05-19.00 dyskusja i zamkni\u0119cie obrad sekcji.<\/p>\n<p>\n<\/div>\r\n                    <\/div>\r\n                <\/div>[\/vc_tta_section][vc_tta_section title=&#8221;Sekcja 11. Architektura \u015bredniowieczna i archeologia \u2013 konteksty&#8221; tab_id=&#8221;1641978241363-a7a6676c-90a2&#8243;]\r\n                <div class=\"text-modules\">\r\n                    <div class=\"container\">\r\n                        \r\n                        <div class=\"text-modules__content\"><p>21 wrze\u015bnia 2022 (\u015broda). Sala B\/1.35.<\/p>\n<p>&nbsp;<\/p>\n<p>Moderatorka: prof. dr hab. Teresa Rodzi\u0144ska-Chor\u0105\u017cy (Uniwersytet Jagiello\u0144ski).<\/p>\n<p>15.30-15.50 mgr Magdalena M\u0142odawska (Uniwersytet Jagiello\u0144ski): <em>Dziewi\u0119tnastowieczne pocz\u0105tki bada\u0144 nad architektur\u0105 \u015bredniowieczn\u0105 na ziemiach polskich w kontek\u015bcie historiografii europejskiej<\/em>.<\/p>\n<p>15.50-16.10 dr Aneta Bukowska (Uniwersytet Jagiello\u0144ski): <em>Historycy architektury w dialogu ze swoimi \u017ar\u00f3d\u0142ami<\/em>.<\/p>\n<p>16.10-16.30 prof. dr hab. Teresa Rodzi\u0144ska-Chor\u0105\u017cy (Uniwersytet Jagiello\u0144ski), mgr Teresa Krysztofiak (Rezerwat archeologiczny w Gieczu): <em>Pi\u0119ciu Braci M\u0119czennik\u00f3w czy Bruno z Kwerfurtu \u2013 dla kogo przygotowano krypt\u0119 ko\u015bcio\u0142a \u015bw. Jana Chrzciciela w Gieczu?<\/em><\/p>\n<p style=\"text-align: center;\">16.30-16.45 przerwa kawowa.<\/p>\n<p>16.45-17-05 mgr Monika Kami\u0144ska (Uniwersytet Jagiello\u0144ski): <em>Ko\u015bci\u00f3\u0142 \u015bw. Jana Chrzciciela w Prandocinie \u2013 problem formy i funkcji cz\u0119\u015bci zachodniej w kontek\u015bcie ko\u015bcio\u0142\u00f3w z wie\u017c\u0105 zachodni\u0105.<\/em><\/p>\n<p style=\"text-align: center;\">17.05-19.00 dyskusja i zamkni\u0119cie pierwszego dnia obrad sekcji.<\/p>\n<p>&nbsp;<\/p>\n<p>22 wrze\u015bnia 2022 (czwartek). Sala B\/1.35.<\/p>\n<p>&nbsp;<\/p>\n<p>Moderatorka: prof. dr hab. Teresa Rodzi\u0144ska-Chor\u0105\u017cy (Uniwersytet Jagiello\u0144ski).<\/p>\n<p>10.00-10.20 mgr in\u017c arch. Maria Bicz-Suknarowska (Krak\u00f3w), dr Janusz Firlet (Spo\u0142eczny Komitet Odnowy Zabytk\u00f3w Krakowa), prof. dr. hab. Zbigniew Pianowski (Uniwersytet Rzeszowski): <em>Roma\u0144skie palatium Toporczyk\u00f3w \u2013 T\u0119czy\u0144skich w Morawicy pod Krakowem<\/em>.<\/p>\n<p>10.20-10.40 mgr Ma\u0142gorzata Godek (Uniwersytet Jagiello\u0144ski), mgr Andrzej Go\u0142embnik (Firma archeologiczna INCEDO3): <em>Wi\u015blica \u2013 ods\u0142ona III. Archeologia, architektura, konserwacja<\/em>.<\/p>\n<p>10.40-11.00 dr hab. in\u017c. arch. Anna Boj\u0119\u015b-Bia\u0142asik (Politechnika Krakowska im. Tadeusza Ko\u015bciuszki), mgr Monika Kami\u0144ska (Uniwersytet Jagiello\u0144ski), mgr Monika \u0141yczak (Firma archeologiczna FRAMEA): <em>Opactwo benedyktyn\u00f3w w Ty\u0144cu w \u015bwietle ostatnich bada\u0144 archeologiczno-architektonicznych<\/em>.<\/p>\n<p style=\"text-align: center;\">11.00-11.15 przerwa kawowa.<\/p>\n<p>11.15-11.35 mgr Sonia K\u0105dzio\u0142ka (Uniwersytet Jagiello\u0144ski): <em>Ikonografia portalu ko\u015bcio\u0142a w Stroni i jej znaczenie ideowe<\/em>.<\/p>\n<p>11.35-11.55 dr Ignacy Jakubczyk (Bazylika Archikatedralna \u015b\u015b. Stanis\u0142awa i Wac\u0142awa w Krakowie), mgr Tomasz Wagner (Bazylika Archikatedralna \u015b\u015b. Stanis\u0142awa i Wac\u0142awa w Krakowie): <em>Badania endoskopowe komory grobowej kr\u00f3la W\u0142adys\u0142awa \u0141okietka w katedrze krakowskiej \u2013 wst\u0119pne ustalenia<\/em>.<\/p>\n<p style=\"text-align: center;\">11.55 -14.00 \u2013 dyskusja.<\/p>\n<p>\n<\/div>\r\n                    <\/div>\r\n                <\/div>[\/vc_tta_section][vc_tta_section title=&#8221;Sekcja 12. &#8222;Wikingowie&#8222;. Fenomen staroskandynawskiej historii, kultury, sztuki i religii i ich wszystkich (nieproporcjonalnie) wielkiego znaczenia w przesz\u0142o\u015bci i obecnie.&#8221; tab_id=&#8221;1641978240916-cbc0c045-8cf6&#8243;]\r\n                <div class=\"text-modules\">\r\n                    <div class=\"container\">\r\n                        \r\n                        <div class=\"text-modules__content\"><p>22 wrze\u015bnia 2022 (czwartek). Sala A\/1.13<\/p>\n<p>&nbsp;<\/p>\n<p>Moderator: prof. dr hab. Leszek S\u0142upecki (Uniwersytet Rzeszowski).<\/p>\n<p>10.00-10.20\u00a0dr Marie Novotn\u00e1 (Univerzita Karlova, Praha): <em>Old Norse concept of health<\/em>.<\/p>\n<p>10.20-10.40 dr Piotr Pranke (Uniwersytet Miko\u0142aja Kopernika w Toruniu): <em>Between historical sources and archeological finds. Trade and treausure islands in the old Scandinavian tradition &#8211; how to explain the phenomenon of silver in the Viking Age<\/em>.<\/p>\n<p>10.40-11.00 dr Sabine Heidi Walther (Universit\u00e4t Bonn): <em>The Anthropogony of Askr and Embla in Old Norse Mythology and Its Modern Reception<\/em>.<\/p>\n<p style=\"text-align: center;\">11.00-11.15 przerwa kawowa.<\/p>\n<p>11.15-11.35\u00a0prof. dr Rudolf Simek (Universit\u00e4t Bonn): <em>Viking Sea Journeys of Exploration and their ongoing Fascination<\/em>.<\/p>\n<p>11.35-11.55 dr Rafa\u0142 Rutkowski (Instytut Archeologii I Etnologii PAN): <em>Biblical and Greco-Roman genealogies in Medieval Poland and Norway<\/em>.<\/p>\n<p>11.55-12.15 dr Maciej Lubik (Uniwersytet Zielonog\u00f3rski): <em>Betweeen facts and fictional writing \u2013 Harald Sigurdsson&#8217;s flight from Byzantium in the historiographical tradition of the medieval North<\/em>.<\/p>\n<p style=\"text-align: center;\">12.15-14.00 dyskusja.<\/p>\n<p style=\"text-align: center;\">14.00-15.30 \u2013 przerwa obiadowa<\/p>\n<p>15.30-15.50 dr Kendra Wilson (University of Turku): <em>What makes a local runic tradition?<\/em><\/p>\n<p>15.50-16.10 dr Marta Rey-Radli\u0144ska (Uniwersytet Jagiello\u0144ski): <em>Mythography in the Medieval Iceland<\/em>.<\/p>\n<p>16.10-16.30 dr hab. Anna Wa\u015bko, prof. UJ (Uniwersytet Jagiello\u0144ski): <em>Sparrows and Walnuts or Haraldr Sigur\u00f0arson in Sicily<\/em>.<\/p>\n<p style=\"text-align: center;\">16.30-16.45 przerwa kawowa.<\/p>\n<p>16.45-17.05 dr Wojciech Filipowiak (Instytut Archeologii i Etnologii PAN): <em>Mytherality \u2013 myth and material culture on the example of early medieval Wolin and the legend and myth of J\u00f3msborg<\/em>.<\/p>\n<p>17.05-17.25 mgr Anna Kaiper (Instytut Historii im. Tadeusza Manteuffla PAN): <em>Memories from the former colonies. Gardariki in the eyes of the Icelandic sagas&#8217; authors and readers. <\/em><em>On the example of pagan customs&#8217; descriptions<\/em>.<\/p>\n<p>17.25-17.45 mgr Carina Damm (Universit\u00e4t Leipzig): Howling Slavs and Wendish Wolves \u2013 Tracing a Literary Trope in Old Norse and Latin Tradition<\/p>\n<p>17.45-18.05 dr Annett Krakow (Uniwersytet \u015al\u0105ski): <em>Pomi\u0119dzy kamieniem a pergaminem \u2013 tzw. wyprawa Yngvara w \u015bwietle zapis\u00f3w runicznych oraz \u201eYngvars saga v\u00ed\u00f0f\u01ebrla\u201d<\/em>.<\/p>\n<p style=\"text-align: center;\">18.05-19.00 dyskusja i zako\u0144czenie obrad sekcji.<\/p>\n<p>\n<\/div>\r\n                    <\/div>\r\n                <\/div>[\/vc_tta_section][vc_tta_section title=&#8221;Sekcja 13. Stereotypes of Polish-German medieval narratives in the European context.&#8221; tab_id=&#8221;1641978240443-f1e17929-1dcb&#8221;]\r\n                <div class=\"text-modules\">\r\n                    <div class=\"container\">\r\n                        \r\n                        <div class=\"text-modules__content\"><p>22 wrze\u015bnia 2022 (czwartek). Aula im. Prof. I. Bajerowej.<\/p>\n<p>&nbsp;<\/p>\n<p>Moderator: prof. dr hab. Andrzej Pleszczy\u0144ski (UMCS).<\/p>\n<p>10.00-10.20: dr hab. Robert Bubczyk prof. UMCS (UMCS): <em>Stereotypical Perceptions of the Other in the Twelfth-Century English Narrative Sources. An Analysis of Selected Opinions on the Welsh<\/em>.<\/p>\n<p>10.20-10.40: dr Covadonga Valdaliso Casanova, (Universidade de Lisboa): <em>The image of the Muslim and the spirit of crusade in the Iberian Peninsula in the late Middle Ages: the adventure of Mart\u00edn Y\u00e1\u00f1ez<\/em>.<\/p>\n<p>10.40-11.00: prof. dr J\u00fcrgen Heyde (Martin-Luther-Universit\u00e4t HalleWittenberg): <em>Armenians in the \u201eTopographia Civitatis Leopolitanae\u201c by Jan Alnpek<\/em>.<\/p>\n<p style=\"text-align: center;\">11.00-11.15 przerwa kawowa.<\/p>\n<p>11.15-11.35: Jurgita Verbickienne (Wilno): <em>Migration and adaptation of anti-Jewish stereotypes. Case of the Grand Duchy of Lithuania<\/em>.<\/p>\n<p>11.35-11.55: dr Pedro Mart\u00ednez (Universidad Rey Juan Carlos): <em>Travel narratives and Jewish alterity in late medieval Iberia<\/em>.<\/p>\n<p>11.55-12.15: dr hab. Micha\u0142 Tomaszek, prof. UMCS (UMCS): <em>The wars against the emperors as reported in the chronicles of Gallus Anonymus and Wincenty Kad\u0142ubek<\/em>.<\/p>\n<p>12.15-12.35: mgr Marta Nowak (UMCS), dr Daryl Hendley Rooney (Trinity College Dublin): <em>The problem of intentionality in Gerald of Wales\u2019s \u2018Topographia Hibernica\u2019 and \u2018Expugnatio Hibernica\u2019.<\/em><\/p>\n<p style=\"text-align: center;\">12.35-14.00 dyskusja.<\/p>\n<p style=\"text-align: center;\">14.00-15.30 \u2013 przerwa obiadowa<\/p>\n<p>15.30-15.50 prof. dr hab. Andrzej Pleszczy\u0144ski (UMCS): <em>The German-Polish medieval game of stereotypes. An attempt to find a model of narrative creations<\/em>.<\/p>\n<p>15.50-16.10 prof. dr hab. Stanis\u0142aw Rosik (Uniwersytet Wroc\u0142awski): <em>\u2018Canes\u2019 or \u2018canes Dei\u2019? <\/em><em>The motif of dogs in medieval narratives on the Slavs<\/em>.<\/p>\n<p>16.10-16.30 dr Wojciech Michalski (UMCS): <em>Denigrating the Ethnic Other as Animals and Monsters in the Middle Ages: the Case of \u201cTailed English\u201d<\/em>.<\/p>\n<p style=\"text-align: center;\">16.30-16.45 przerwa kawowa.<\/p>\n<p>16.45-17.05\u00a0prof. dr Claire Weeda (Universiteit Leiden): <em>Stereotypes of Productivity and Reproduction in Late Medieval Natural Philosophy<\/em>.<\/p>\n<p>17.05-17.25 prof. dr Grischa Vercamer (Technische Universit\u00e4t Chemnitz): <em>Historians within the Teutonic Order (Ordensgeschichtsschreibung) in Prussia in the Middle Ages with Regard to Poland<\/em>.<\/p>\n<p style=\"text-align: center;\">17.25-19.00 dyskusja i zamkni\u0119cie obrad sekcji.<\/p>\n<p>\n<\/div>\r\n                    <\/div>\r\n                <\/div>[\/vc_tta_section][vc_tta_section title=&#8221;Sekcja 14. Wojskowo\u015b\u0107 \u015bredniowieczna.&#8221; tab_id=&#8221;1641978239964-fc3cd822-35b0&#8243;]\r\n                <div class=\"text-modules\">\r\n                    <div class=\"container\">\r\n                        \r\n                        <div class=\"text-modules__content\"><p>22 wrze\u015bnia 2022 (czwartek). Sala A\/1.1<\/p>\n<p>&nbsp;<\/p>\n<p>Moderator: dr hab. Tadeusz Grabarczyk, prof. U\u0141 (Uniwersytet \u0141\u00f3dzki).<\/p>\n<p>10.00-10.20: prof. dr hab. Wojciech Iwa\u0144czak (Warszawa): <em>Wojskowo\u015b\u0107 husycka w \u015bwietle dyskusji badaczy czeskich<\/em>.<\/p>\n<p>10.20-10.40: dr hab. Tadeusz Grabarczyk, prof. U\u0141 (Uniwersytet \u0141\u00f3dzki): <em>Rotmistrzowie z lat 1477-1479 w s\u0142u\u017cbie polskiej. Portret zbiorowy<\/em>.<\/p>\n<p>10.40-11.00: dr J\u0119drzej Ka\u0142u\u017cny (Uniwersytet \u0141\u00f3dzki): <em>Sk\u0142ad personalny chor\u0105gwi nadwornej kr\u00f3l\u00f3w Polski w latach 1447-1501<\/em>.<\/p>\n<p style=\"text-align: center;\">11.00-11.15 przerwa kawowa.<\/p>\n<p>11.15-11.35 dr Piotr Kotowicz (Muzeum Historyczne w Sanoku): <em>Ludzie czy idee? O przemianach uzbrojenia mieszka\u0144c\u00f3w XIV-wiecznej Rusi Czerwonej<\/em>.<\/p>\n<p>11.35-11.55: dr Przemys\u0142aw Nocu\u0144 (Uniwersytet Jagiello\u0144ski): <em>\u015aredniowieczne wie\u017ce zamkowe jako dzie\u0142a militarne<\/em>.<\/p>\n<p>11.55-12.15: dr Arkadiusz Michalak (Muzeum Archeologiczne \u015arodkowego Nadodrza w Zielonej G\u00f3rze z\/s w \u015awidnicy): <em>Militarny obraz pogranicza \u015al\u0105ska, Wielkopolski, Brandenburgii i \u0141u\u017cyc w p\u00f3\u017anym \u015bredniowieczu. Kulturowy monolit czy multi-kulti<\/em>?<\/p>\n<p>12.15-12.35: dr hab. L\u00e1szl\u00f3 Tapolcai (E\u00f6tv\u00f6s Lor\u00e1nd Tudom\u00e1nyegyetem, Budapest): <em>Skutki terytorialno-polityczne bitwy na Lechowym Polu w Europie \u015arodkowo Wschodniej (955-966)<\/em>.<\/p>\n<p style=\"text-align: center;\">12.35-14.00 \u2013 dyskusja.<\/p>\n<p style=\"text-align: center;\">14.00-15.30 \u2013 przerwa obiadowa<\/p>\n<p>15.30-15.50 dr hab. Krzysztof Kwiatkowski (Uniwersytet Miko\u0142aja Kopernika w Toruniu): <em>Szalwe\u0144czycy i Kurowie w strukturach militarnych w\u0142adztwa zakonu niemieckiego w Prusach<\/em>.<\/p>\n<p>15.50-16.10 dr Olgierd \u0141awrynowicz (Uniwersytet \u0141\u00f3dzki), dr hab. Piotr Strzy\u017c, prof. U\u0141 (Uniwersytet \u0141\u00f3dzki): <em>Uzbrojenie wojenne w kr\u00f3lestwach Czech, Polski i W\u0119gier w XV w. Wzajemne zapo\u017cyczenia i inspiracje<\/em>.<\/p>\n<p>16.10-16.30 prof. dr hab. Sobies\u0142aw Szybkowski (Uniwersytet Gda\u0144ski): <em>S\u0142u\u017cba zaci\u0119\u017cna jako droga do awansu spo\u0142ecznego polskiej szlachty p\u00f3\u017ano\u015bredniowiecznej. Studium kilku pozytywnych przypadk\u00f3w<\/em>.<\/p>\n<p style=\"text-align: center;\">16.30-16.45 przerwa kawowa.<\/p>\n<p style=\"text-align: center;\">16.45-19.00 dyskusja i zamkni\u0119cie obrad sekcji.<\/p>\n<p>\n<\/div>\r\n                    <\/div>\r\n                <\/div>[\/vc_tta_section][vc_tta_section title=&#8221;Sekcja 15 . W kr\u0119gu \u015bredniowiecznej medycyny.&#8221; tab_id=&#8221;1641978234947-2cdc5aeb-815b&#8221;]\r\n                <div class=\"text-modules\">\r\n                    <div class=\"container\">\r\n                        \r\n                        <div class=\"text-modules__content\"><p>22 wrze\u015bnia 2022 (czwartek). Sala A\/1.11<\/p>\n<p>&nbsp;<\/p>\n<p>Moderatorka: prof. dr hab. Beata Wojciechowska (Uniwersytet Jana Kochanowskiego w Kielcach).<\/p>\n<p>15.30-15.50 prof. dr hab. Katarzyna Pachniak (Uniwersytet Warszawski): <em>Arabsko-muzu\u0142ma\u0144skie traktaty medyczne i ich recepcja w \u015bredniowiecznej Europie<\/em>.<\/p>\n<p>15.50-16.10 dr hab. Paulina Lewicka, prof. UW (Uniwersytet Warszawski): <em>Archetyp, m\u0105dro\u015b\u0107 czy literacki mem? Konstruowanie, transmisja i transformacja wiedzy w arabskoj\u0119zycznym \u015bredniowiecznym dyskursie medycznym na przyk\u0142adzie pewnego tabu<\/em>.<\/p>\n<p>16.10-16.30 dr hab. Sylwia Konarska-Zimnicka, prof. UJK (Uniwersytet Jana Kochanowskiego w Kielcach): <em>Zdrowie i choroba w &#8222;Ksi\u0119dze instrukta\u017cu w zakresie element\u00f3w sztuki astrologicznej&#8221; Al-Biruniego<\/em>.<\/p>\n<p style=\"text-align: center;\">16.30-16.45 przerwa kawowa.<\/p>\n<p>16.45 -17.05 dr hab. Krzysztof Skwierczy\u0144ski, prof. UW (Uniwersytet Warszawski): <em>\u201eLeki z Bo\u017cej apteki\u201d. Zio\u0142a, korzonki i wino w monastycyzmie wcze\u015bniejszego \u015bredniowiecza<\/em>.<\/p>\n<p>17.05-17.25 dr hab. Janusz Smo\u0142ucha, prof. AIK (Akademia Ignatianum w Krakowie): <em>Choroby, zarazy, epidemie w \u017cyciu i dzie\u0142ach Eneasza Sylwiusza Piccolominiego (1405-1464)<\/em>.<\/p>\n<p style=\"text-align: center;\">17.25-19.00 dyskusja i zako\u0144czenie pierwszego dnia obrad sekcji.<\/p>\n<p>&nbsp;<\/p>\n<p>23 wrze\u015bnia 2022 (pi\u0105tek). Sala A\/1.11<\/p>\n<p>&nbsp;<\/p>\n<p>Moderatorka: prof. dr hab. Beata Wojciechowska (Uniwersytet Jana Kochanowskiego w Kielcach).<\/p>\n<p>10.00-10.20 dr hab. Krzysztof Ratajczak, prof. UAM (Uniwersytet im. Adama Mickiewicza w Poznaniu): <em>Stan i perspektywy bada\u0144 nad medycyn\u0105 w Polsce \u015bredniowiecznej<\/em>.<\/p>\n<p>10.20-10.40 dr Anna G\u0142usiuk (Uniwersytet Kardyna\u0142a Stefana Wyszy\u0144skiego w Warszawie): <em>\u201eW b\u00f3lu b\u0119dziesz rodzi\u0142a\u201d- Tadeo Alderotti, Aldobrandino ze Sieny, Michele Savonarola i inni o bezp\u0142odno\u015bci, ci\u0105\u017cy i porodzie w \u015bredniowieczu<\/em>.<\/p>\n<p>10.40-11.00 dr Karolina Morawska (Uniwersytet Warszawski): Predicta matrona retulit ipsi, quod minime valet, quia ossa essent sibi insimul contracta<em> \u2013 stosunki seksualne a wiedza medyczna w XV-wiecznej Polsce<\/em>.<\/p>\n<p style=\"text-align: center;\">11.00-11.15 przerwa kawowa.<\/p>\n<p style=\"text-align: center;\">11.15-14.00 dyskusja i zako\u0144czenie obrad sekcji.<\/p>\n<p>\n<\/div>\r\n                    <\/div>\r\n                <\/div>[\/vc_tta_section][vc_tta_section title=&#8221;Sekcja 16. Ko\u015bci\u00f3\u0142 i wierni.&#8221; tab_id=&#8221;1638278381551-8e019362-060a&#8221;]\r\n                <div class=\"text-modules\">\r\n                    <div class=\"container\">\r\n                        \r\n                        <div class=\"text-modules__content\"><p>22 wrze\u015bnia 2022 (czwartek). Sala B\/1.36<\/p>\n<p>&nbsp;<\/p>\n<p>Moderatorka: prof. dr hab. Anna Pob\u00f3g-Lenartowicz (Uniwersytet Opolski).<\/p>\n<p><strong>Podsekcja: Fundatorzy i kreatorzy<\/strong>.<\/p>\n<p>10.00-10.20 dr hab. Marcin R. Pauk, prof. UW (Uniwersytet Warszawski): Per potentiam laicalem? <em>Inwestytura biskupia w Polsce XII wieku<\/em>.<\/p>\n<p>10.20-10.40 prof. dr hab. Jolanta M. Marszalska (Uniwersytet Kardyna\u0142a Stefana Wyszy\u0144skiego w Warszawie): <em>Pobudki religijne czy motywy kolonizacyjne? Trzynastowieczna fundacja klasztoru cysters\u00f3w w Lud\u017amierzu -Szczyrzycu Teodora z rodu Gryfit\u00f3w<\/em>.<\/p>\n<p>10.40-11.00 ks. mgr Tomasz Szurek (Uniwersytet Papieski Jana Paw\u0142a II w Krakowie): <em>Iwo Odrow\u0105\u017c jako polityk<\/em> (komunikat).<\/p>\n<p style=\"text-align: center;\">11.00-11.15 przerwa kawowa.<\/p>\n<p>11.15-11.35 o. mgr Tomasz Kalisz OP (Uniwersytet Papieski Jana Paw\u0142a II w Krakowie): <em>Dynamika proces\u00f3w fundacyjnych Polskiej prowincji dominikan\u00f3w w XIII wieku na tle Zakonu<\/em> (komunikat).<\/p>\n<p>11.35-11.55 ks. prof. dr hab. Waldemar Graczyk (Uniwersytet Kardyna\u0142a Stefana Wyszy\u0144skiego w Warszawie): <em>W interesie swoim czy na chwa\u0142\u0119 Boga i ku po\u017cytkowi Ko\u015bcio\u0142a. \u015aredniowieczne fundacje klasztorne na Mazowszu<\/em>.<\/p>\n<p>11.55-12.15 dr hab. Tomasz Graff (Uniwersytet Papieski Jana Paw\u0142a II w Krakowie): <em>Episkopat doby andegawe\u0144skiej &#8211; stan i perspektywy bada\u0144<\/em>.<\/p>\n<p>12.15-12.35 dr hab. Anna Kowalska \u2013 Pietrzak, prof. U\u0141 (Uniwersytet \u0141\u00f3dzki): <em>Dynasto, id\u017a do klasztoru! Analogie i kontrasty w polityce wybranych rod\u00f3w panuj\u0105cych w \u015bredniowieczu<\/em>.<\/p>\n<p>12.35-12.55 dr hab. Tomasz Ga\u0142uszka OP, prof. UPJPII (Uniwersytet Papieski Jana Paw\u0142a II w Krakowie): <em>\u015awieckie teolo\u017cki ze \u015awidnicy? Kwestie teologiczne w protokole inkwizycyjnym Jana ze Schwenkenfeldu z 1332 roku<\/em>.<\/p>\n<p style=\"text-align: center;\">12.55-14.00 \u2013 dyskusja.<\/p>\n<p style=\"text-align: center;\">14.00-15.30 \u2013 przerwa obiadowa<\/p>\n<p><strong>Podsekcja: Reformatorzy.<\/strong><\/p>\n<p>15.30-15.50 dr hab. Anna Zajchowska-Bo\u0142tromiuk, prof. UKSW (Uniwersytet Kardyna\u0142a Stefana Wyszy\u0144skiego w Warszawie): <em>Rola \u015bwieckich w upadku i reformie Zakonu Braci Kaznodziej\u00f3w w \u015bwietle traktatu Henryka Bitterfelda: \u201eDe formatione et reformatione Ordinis Fratrum Praedicatorm&#8221;<\/em>.<\/p>\n<p><strong>Podsekcja: Bohaterowie \u017ar\u00f3de\u0142.<\/strong><\/p>\n<p>15.50-16.10 dr hab. Micha\u0142 Tomaszek, prof. UMCS (UMCS): <em>Przep\u0142yw informacji i komunikacja mi\u0119dzy \u015bwieckimi a duchownymi odzwierciedlone w \u015bredniowiecznych ksi\u0119gach cud\u00f3w<\/em>.<\/p>\n<p>16.10-16.30 dr Renata Trawka (Uniwersytet Rzeszowski<em>): Ludzie i sprawy w najstarszych aktach konsystorza lwowskiego z II po\u0142owy XV w.<\/em><\/p>\n<p style=\"text-align: center;\">16.30-16.45 \u2013 przerwa kawowa.<\/p>\n<p>16.45-17.05 prof. dr hab. Jerzy Rajman (Uniwersytet Pedagogiczny im. Komisji Edukacji Narodowej w Krakowie): <em>Duchowni jako \u015bwiadkowie na dokumentach mieszczan i instytucji miasta Krakowa w XIII-XIV wieku<\/em>.<\/p>\n<p style=\"text-align: center;\">17.05-19.00 dyskusja i zamkni\u0119cie obrad pierwszego dnia sekcji.<\/p>\n<p>&nbsp;<\/p>\n<p>23 wrze\u015bnia 2022 (pi\u0105tek). Sala B\/1.36<\/p>\n<p>&nbsp;<\/p>\n<p>Moderatorka: prof. dr hab. Anna Pob\u00f3g-Lenartowicz (Uniwersytet Opolski).<\/p>\n<p><strong>Podsekcja: S\u0105siedzi.<\/strong><\/p>\n<p>10.00-10.20 prof. dr hab. Krzysztof Kaczmarek (Uniwersytet im. Adama Mickiewicza w Poznaniu): <em>\u015awieckie otoczenie konwentu dominikan\u00f3w w Brzegu<\/em>.<\/p>\n<p>10.20-10.40 dr hab. Piotr Oli\u0144ski, prof. UMK (Uniwersytet Miko\u0142aja Kopernika w Toruniu): <em>Otoczenie spo\u0142eczne klasztor\u00f3w na Pomorzu z perspektywy memoratywnej<\/em>.<\/p>\n<p>10.40-11.00 dr hab. Joanna Karczewska, prof. UZG (Uniwersytet Zielonog\u00f3rski): <em>Kontakty klasztoru kanonik\u00f3w regularnych w \u017baganiu z ksi\u0105\u017c\u0119tami \u017caga\u0144skimi w XV wieku<\/em>.<\/p>\n<p style=\"text-align: center;\">11.00-11.15 przerwa kawowa.<\/p>\n<p>11.15-11.35\u00a0dr Zbigniew Witczak (Opole): <em>Mieszczanie a konwent kanonik\u00f3w regularnych w \u017baganiu<\/em> (komunikat).<\/p>\n<p style=\"text-align: center;\">11.35-14.00 dyskusja i zako\u0144czenie obrad sekcji.<\/p>\n<p>\n<\/div>\r\n                    <\/div>\r\n                <\/div>[\/vc_tta_section][vc_tta_section title=&#8221;Sekcja 17. Niepa\u0144stwowe &#8222;nationes et gentes&#8222;europejskiego \u015bredniowiecza: ewolucja, asymilacja i trwanie.&#8221; tab_id=&#8221;1641978234508-9a3cf76d-b2d1&#8243;]\r\n                <div class=\"text-modules\">\r\n                    <div class=\"container\">\r\n                        \r\n                        <div class=\"text-modules__content\"><p>22 wrze\u015bnia 2022 (czwartek). Sala A\/1.1<\/p>\n<p>&nbsp;<\/p>\n<p>Moderatorka: prof. dr hab. Ilona Czama\u0144ska (Uniwersytet im. Adama Mickiewicza w Poznaniu).<\/p>\n<p>15.30-15.50 dr hab. Adam Krawiec, prof. UAM (Uniwersytet im. Adama Mickiewicza w Poznaniu): <em>Sine rege et lege? &#8222;Bezpa\u0144stwowe&#8221; ludy Europy w \u015bredniowiecznym obrazie \u015bwiata<\/em>.<\/p>\n<p>15.50-16.10 dr hab. Jaros\u0142aw Dudek, prof. UZ (Uniwersytet Zielonog\u00f3rski): <em>&#8222;Nowe&#8221; ludy Ba\u0142kan\u00f3w w \u015bwietle \u017ar\u00f3de\u0142 bizanty\u0144skich (XI-XII w.)<\/em>.<\/p>\n<p>16.10-16.30 dr hab. Jacek Bonarek, prof. UJK (Uniwersytet Jana Kochanowskiego, Filia w Piotrkowie Trybunalskim): <em>Jan Tzimiskes i heretyccy osadnicy w okolicach Filipopola. Zarys problemu<\/em>.<\/p>\n<p style=\"text-align: center;\">16.30-16.45 przerwa kawowa.<\/p>\n<p>16.45-17.05 prof. dr hab. Ryszard Grzesik (Instytut Slawistyki PAN): <em>Kr\u00f3lestwo jednego j\u0119zyka i jednego prawa jest s\u0142abe&#8221; \u2013 wieloetniczno\u015b\u0107 W\u0119gier<\/em>.<\/p>\n<p>17.05-17.25 dr Katarzyna Niemczyk (Uniwersytet \u015al\u0105ski): <em>Rola Sekler\u00f3w w polityce W\u0119gier w \u015bredniowieczu i epoce wczesno-nowo\u017cytnej<\/em>.<\/p>\n<p>17.25-17.45 prof. dr hab. Grzegorz Jawor (UMCS): <em>Wp\u0142yw przemian klimatycznych w dobie Ma\u0142ej Epoki Lodowej na charakter osadnictwa i spo\u0142eczno\u015bci wo\u0142oskiej Karpat polskich (od XIV do pocz\u0105tku XVII wieku)<\/em>.<\/p>\n<p>17.45-18.05 prof. dr hab. Ilona Czama\u0144ska (Uniwersytet im. Adama Mickiewicza w Poznaniu): <em>Ludy pasterskie w \u015bredniowieczu \u2012 kierunki ewolucji<\/em>.<\/p>\n<p>18.05-18.25 dr hab. Zdzis\u0142aw Pentek, prof. UAM (Uniwersytet im. Adama Mickiewicza w Poznaniu): <em>Czynniki umo\u017cliwiaj\u0105ce i uniemo\u017cliwiaj\u0105ce powstawanie pa\u0144stwowo\u015bci w \u015bredniowieczu na przyk\u0142adzie Ba\u0142kan\u00f3w. Pr\u00f3ba modelu<\/em>.<\/p>\n<p style=\"text-align: center;\">18.25-19.00 dyskusja i zamkni\u0119cie obrad sekcji.<\/p>\n<p>\n<\/div>\r\n                    <\/div>\r\n                <\/div>[\/vc_tta_section][vc_tta_section title=&#8221;Sekcja 18. Gdy \u015bredniowiecze stawa\u0142o si\u0119 nowo\u017cytno\u015bci\u0105&#8221; tab_id=&#8221;1641978233835-fb1b96e8-7cf0&#8243;]\r\n                <div class=\"text-modules\">\r\n                    <div class=\"container\">\r\n                        \r\n                        <div class=\"text-modules__content\"><p>22 wrze\u015bnia 2022 (czwartek). Sala A\/1.8<\/p>\n<p>&nbsp;<\/p>\n<p>Moderator: prof. dr hab. Bogus\u0142aw Czechowicz (Slezsk\u00e1 univerzita v Opav\u011b).<\/p>\n<p>15.30-15.50 Prof. dr hab. Idzi Panic (Cieszyn): <em>\u201eIn Polonia ripam situs\u201d. Z bada\u0144 nad \u015bwiadomo\u015bci\u0105 narodow\u0105 mieszka\u0144c\u00f3w po\u0142udniowej Polski<\/em>.<\/p>\n<p>15.50-16.10 prof. dr hab. Valentin Constantinov (Institutul de Istorie, Chisnau): <em>Ksi\u0119stwo Mo\u0142dawskie. Mi\u0119dzy Imperium Osma\u0144skim a Rzecz\u0105pospolit\u0105 do pocz\u0105tku XVII wieku<\/em>.<\/p>\n<p>16.10-16.30 Mgr M\u00e1ria Fedor\u010d\u00e1kov\u00e1, PhD. (Univerzita Pavla Josefa \u0160af\u00e1rika v Ko\u0161icach): <em>Pohrani\u010dn\u00e1 migr\u00e1cia a jej vplyv na spolo\u010dnos\u0165 vybran\u00fdch uhorsk\u00fdch miest v neskorom stredoveku.<\/em><\/p>\n<p style=\"text-align: center;\">16.30-16.45 przerwa kawowa.<\/p>\n<p>16.45-17.05 prof. dr hab. Bogus\u0142aw Czechowicz (Slezsk\u00e1 univerzita v Opav\u011b): <em>Wiek pi\u0119tnasty \u2013 paradoksy ko\u0144ca i narodzin epoki<\/em>.<\/p>\n<p>17.05-17.25 prof. dr hab. in\u017c. arch. Ma\u0142gorzata Chorowska (Politechnika Wroc\u0142awska): <em>Zamki na \u015al\u0105sku u progu nowych czas\u00f3w<\/em>.<\/p>\n<p style=\"text-align: center;\">17.25-19.00 dyskusja i zamkni\u0119cie pierwszego dnia obrad sekcji.<\/p>\n<p>&nbsp;<\/p>\n<p>23 wrze\u015bnia 2022 (pi\u0105tek). Sala A\/1.8<\/p>\n<p>&nbsp;<\/p>\n<p>Moderator: prof. dr hab. Bogus\u0142aw Czechowicz (Slezsk\u00e1 univerzita v Opav\u011b).<\/p>\n<p>10.00-10.20 prof. dr hab. Marek Cetwi\u0144ski (Uniwersytet Humanistyczno-Przyrodniczy im. Jana D\u0142ugosza w Cz\u0119stochowie): <em>Jan nale\u017cy czyta\u0107 \u015bredniowieczne polskie kroniki?<\/em><\/p>\n<p>10.20-10.40 dr in\u017c. arch. Artur Kwa\u015bniewski (Politechnika Wroc\u0142awska): <em>Dziedzictwo \u015bredniowiecza w architekturze europejskiej epoki wczesnonowo\u017cytnej. U\u017cyteczno\u015b\u0107 &#8222;romanizmu&#8221; i &#8222;gotyku&#8221; w architektonicznym przekazie medialnym 16.-18. stulecia.<\/em><\/p>\n<p>10.40-11.00 dr Bogdan Kloch (Muzeum w Rybniku): <em>Na rubie\u017cach \u015bl\u0105skiego Ko\u015bcio\u0142a. Sacrum w przestrzeni Ksi\u0119stwa Cieszy\u0144skiego u progu nowo\u017cytno\u015bci &#8211; religijno\u015b\u0107 przed przyj\u0119ciem reformacji.<\/em><\/p>\n<p style=\"text-align: center;\">11.00-11.15 przerwa kawowa.<\/p>\n<p>11.15-11.35\u00a0prof. PhDr. Petr Vorel, Ph.D. (Univerzita Pardubice): <em>P\u00f3\u017ano\u015bredniowieczny nacjonalizm i nowy porz\u0105dek konstytucyjny Europy \u015arodkowej na pocz\u0105tku okresu nowo\u017cytnego<\/em>.<\/p>\n<p style=\"text-align: center;\">11.35 -14.00 dyskusja i zamkni\u0119cie obrad sekcji.<\/p>\n<p>\n<\/div>\r\n                    <\/div>\r\n                <\/div>[\/vc_tta_section][vc_tta_section title=&#8221;Sekcja 19. Bariera w przestrzeni dawnego miasta.&#8221; tab_id=&#8221;1651787660071-6ae85a33-8759&#8243;]\r\n                <div class=\"text-modules\">\r\n                    <div class=\"container\">\r\n                        \r\n                        <div class=\"text-modules__content\"><p>21 wrze\u015bnia 2022 (\u015broda). Sala A\/1.8<\/p>\n<p>&nbsp;<\/p>\n<p>Moderator: dr hab. Marcin Starzy\u0144ski, prof. UJ (Uniwersytet Jagiello\u0144ski).<\/p>\n<p>15.30-15.50 dr hab. Rafa\u0142 Eysymontt, prof. UWr (Uniwersytet Wroc\u0142awski): <em>Bariery naturalne i antropogeniczne w rozwoju przestrzennym miasta \u015bredniowiecznego i nowo\u017cytnego na \u015al\u0105sku<\/em>.<\/p>\n<p style=\"text-align: left;\">15.50-16.10: dr Dorota \u017burek (Uniwersytet Pedagogiczny im. Komisji Edukacji<br \/>\nNarodowej w Krakowie): Dost\u0119pno\u015b\u0107 nieruchomo\u015bci przyrynkowych w \u015brednich<br \/>\ni ma\u0142ych miastach dawnego wojew\u00f3dztwa krakowskiego w p\u00f3\u017anym \u015bredniowieczu.<\/p>\n<p style=\"text-align: left;\">16.10-16.30: mgr Micha\u0142 Schmidt (Instytut Historii im. Tadeusza Manteuffla PAN): Bariery w przestrzeni miejskiej i ich przekraczanie w p\u00f3\u017ano\u015bredniowiecznym Lwowie.<\/p>\n<p style=\"text-align: center;\">16.30-16.45: przerwa kawowa.<\/p>\n<p style=\"text-align: left;\">16.45-17.05: mgr Marta Knajp (Uniwersytet Warszawski): Jak prze\u0142ama\u0107 bariery? Przyk\u0142ady relacji rodzinnych w p\u00f3\u017ano\u015bredniowiecznym Lwowie.<\/p>\n<p style=\"text-align: left;\">17.05-17.25 dr Mateusz Kr\u00f3l (Muzeum Etnograficzne w Krakowie): Ekskluzywizm korporacji rzemie\u015blniczych w \u015bwietle \u017ar\u00f3de\u0142 do historii krakowskiej organizacji cechowej w XIV-XVI wieku.<\/p>\n<p style=\"text-align: left;\">17.25-17.45: prof. dr hab. Piotr Boro\u0144 (Uniwersytet \u015al\u0105ski), dr Marzena K\u0142usek (Politechnika \u015al\u0105ska w Gliwicach): Laska s\u0119dziowska z bytomskiego rynku jako symboliczny element \u015bredniowiecznej kultury prawnej.<\/p>\n<p style=\"text-align: center;\">17.45-19.00: dyskusja i zamkni\u0119cie obrad sekcji.<\/p>\n<p style=\"text-align: center;\">18.25-19.00 dyskusja i zamkni\u0119cie obrad sekcji.<\/p>\n<p>\n<\/div>\r\n                    <\/div>\r\n                <\/div>[\/vc_tta_section][vc_tta_section title=&#8221;Sekcja 20. Wielokulturowa przestrze\u0144 \u015bredniowiecznego klasztoru.&#8221; tab_id=&#8221;1651787663072-cb282ce8-a864&#8243;]\r\n                <div class=\"text-modules\">\r\n                    <div class=\"container\">\r\n                        \r\n                        <div class=\"text-modules__content\"><p>21 wrze\u015bnia 2022 (\u015broda). Sala A\/1.9<\/p>\n<p>&nbsp;<\/p>\n<p>Moderator: dr hab. Micha\u0142 Gronowski OSB (Opactwo Benedyktyn\u00f3w w Ty\u0144cu\/Uniwersytet \u015al\u0105ski).<\/p>\n<p>15.30-15.50: mgr Monika Kami\u0144ska (Uniwersytet Jagiello\u0144ski), mgr Monika \u0141yczak (UKSW\/Firma archeologiczna FRAMEA): Klasztorna wielokulturowo\u015b\u0107 oczami archeologa.<\/p>\n<p>16.10-16.30: dr Marcin Szyma (Uniwersytet Jagiello\u0144ski): Klasztorna topografia \u2013 od idea\u0142u do realizacji.<\/p>\n<p>15.50-16.10: dr Tomasz Ka\u0142uski (Uniwersytet \u015al\u0105ski): Piecz\u0119cie cysterskie jako forma komunikacji.<\/p>\n<p style=\"text-align: center;\">16.30-16.45 przerwa kawowa.<\/p>\n<p style=\"text-align: center;\">16.45-19.00 dyskusja i zamkni\u0119cie pierwszego dnia obrad sekcji.<\/p>\n<p>&nbsp;<\/p>\n<p>22 wrze\u015bnia 2022 (czwartek). Sala A\/1.9<\/p>\n<p>&nbsp;<\/p>\n<p>Moderator: dr hab. Micha\u0142 Gronowski OSB (Opactwo Benedyktyn\u00f3w w Ty\u0144cu\/Uniwersytet \u015al\u0105ski).<\/p>\n<p>10.00-10.20 ks. dr hab. Janusz Nowi\u0144ski SDB, prof. UKSW (Uniwersytet Kardyna\u0142a Stefana Wyszy\u0144skiego w Warszawie): <em>Policentryczny charakter klasztornej liturgii<\/em>.<\/p>\n<p>10.20-10.40 mgr Karolina Bia\u0142as (Uniwersytet Warszawski): <em>P\u0142e\u0107 s\u0142aba czy u\u0142askawiony rodzaj niewie\u015bci? Kobiety w \u017ar\u00f3d\u0142ach monastycznych X\u2013XII w.<\/em><\/p>\n<p>10.40-11.00 dr Patrycja G\u0105siorowska (Instytut Historii im. Tadeusza Manteuffla PAN): <em>Przestrze\u0144 klasztorna kobiet.<\/em><\/p>\n<p style=\"text-align: center;\">11.00-11.15 \u2013 przerwa kawowa.<\/p>\n<p>11.15-11.35 dr hab. Jolanta Gwio\u017adzik, prof. U\u015a (Uniwersytet \u015al\u0105ski): <em>Dlaczego w klasztorach gromadzono ksi\u0105\u017cki?<\/em><\/p>\n<p>11.35-11.55 mgr Antoni \u0179rebiec (Uniwersytet Warszawski): <em>Przestrze\u0144 s\u0142abo\u015bci \u2013 klasztorna infirmeria<\/em>.<\/p>\n<p>11.55-12.15 dr hab. Maciej Zdanek (Uniwersytet Jagiello\u0144ski): <em>\u015awieccy w klasztorze, zakonnicy w \u015bwiecie \u2013 przenikanie \u015bwiat\u00f3w i przestrzeni<\/em>.<\/p>\n<p>12.15-12.35 dr hab. in\u017c. Anna Boj\u0119\u015b-Bia\u0142asik, prof. PK (Politechnika Krakowska im. Tadeusza Ko\u015bciuszki): <em>Miejsca wstydliwe a niezb\u0119dne \u2013 klasztorne latryny<\/em>.<\/p>\n<p>12.35-12.55 dr hab. Micha\u0142 Gronowski OSB (Opactwo Benedyktyn\u00f3w w Ty\u0144cu\/Uniwersytet \u015al\u0105ski): <em>Klasztor i przyroda, klasztor jako ogr\u00f3d rajski<\/em>.<\/p>\n<p style=\"text-align: center;\">12.55-14.00 dyskusja i zamkni\u0119cie obrad sekcji.<\/p>\n<p>\n<\/div>\r\n                    <\/div>\r\n                <\/div>[\/vc_tta_section][\/vc_tta_accordion][vc_empty_space height=&#8221;40px&#8221;][\/vc_column][vc_column width=&#8221;1\/4&#8243;][\/vc_column][\/vc_row][vc_row][vc_column][vc_empty_space][\/vc_column][\/vc_row][vc_row][vc_column][\/vc_column][\/vc_row][vc_row parallax=&#8221;content-moving&#8221; parallax_image=&#8221;1424&#8243; el_class=&#8221;container&#8221; css=&#8221;.vc_custom_1641981415911{background-color: #f2f2f2 !important;}&#8221;][vc_column width=&#8221;1\/4&#8243;]\r\n                <div class=\"text-modules\">\r\n                    <div class=\"container\">\r\n                        \r\n                        <div class=\"text-modules__content\"><\/p>\n<h2><span style=\"color: #ffffff;\"><strong>Kontakt<\/strong><\/span><\/h2>\n<p>\n<\/div>\r\n                    <\/div>\r\n                <\/div>[\/vc_column][vc_column width=&#8221;1\/4&#8243;][vc_empty_space height=&#8221;100px&#8221;]\r\n                <div class=\"text-modules\">\r\n                    <div class=\"container\">\r\n                        \r\n                        <div class=\"text-modules__content\"><p><span style=\"color: #ffffff;\"><strong>Instytut Historii<\/strong><\/span><br \/>\n<span style=\"color: #ffffff;\"><strong>Uniwersytet \u015al\u0105ski<\/strong><\/span><br \/>\n<span style=\"color: #ffffff;\"><strong>ul. Bankowa 11<\/strong><\/span><br \/>\n<span style=\"color: #ffffff;\"><strong>40-007 Katowice<\/strong><\/span><\/p>\n<p><span style=\"color: #ffffff;\"><strong>e-mail: kongres.ih@us.edu.pl<\/strong><\/span><\/p>\n<p>\n<\/div>\r\n                    <\/div>\r\n                <\/div>[\/vc_column][vc_column width=&#8221;1\/4&#8243;][vc_empty_space height=&#8221;50px&#8221;][vc_gmaps link=&#8221;#E-8_JTNDaWZyYW1lJTIwc3JjJTNEJTIyaHR0cHMlM0ElMkYlMkZ3d3cuZ29vZ2xlLmNvbSUyRm1hcHMlMkZlbWJlZCUzRnBiJTNEJTIxMW0xOCUyMTFtMTIlMjExbTMlMjExZDI1NTAuNjc0NDMzMzY1OTY3JTIxMmQxOS4wMjY5ODc1MTU3MjQ1NjclMjEzZDUwLjI2MDY2NDU3OTQ0OTYzJTIxMm0zJTIxMWYwJTIxMmYwJTIxM2YwJTIxM20yJTIxMWkxMDI0JTIxMmk3NjglMjE0ZjEzLjElMjEzbTMlMjExbTIlMjExczB4NDcxNmNlMzY5ZGJkYmJlMSUyNTNBMHgxYWI3MmNmZjg5OGFjNTU4JTIxMnNCYW5rb3dhJTI1MjAxMSUyNTJDJTI1MjA0MC0wMDclMjUyMEthdG93aWNlJTIxNWUwJTIxM20yJTIxMXNwbCUyMTJzcGwlMjE0djE2Mzc3NDIwNzk1NDQlMjE1bTIlMjExc3BsJTIxMnNwbCUyMiUyMHdpZHRoJTNEJTIyNDAwJTIyJTIwaGVpZ2h0JTNEJTIyMzAwJTIyJTIwc3R5bGUlM0QlMjJib3JkZXIlM0EwJTNCJTIyJTIwYWxsb3dmdWxsc2NyZWVuJTNEJTIyJTIyJTIwbG9hZGluZyUzRCUyMmxhenklMjIlM0UlM0MlMkZpZnJhbWUlM0U=&#8221; css_animation=&#8221;none&#8221; style=&#8221;&#8222;border: 0;&#8221; src=&#8221;&#8222;https:\/\/www.google.com\/maps\/embed?pb=!1m18!1m12!1m3!1d2550.674433365967!2d19.026987515724567!3d50.26066457944963!2m3!1f0!2f0!3f0!3m2!1i1024!2i768!4f13.1!3m3!1m2!1s0x4716ce369dbdbbe1%3A0x1ab72cff898ac558!2sBankowa%2011%2C%2040-007%20Katowice!5e0!3m2!1spl!2spl!4v1637742079544!5m2!1spl!2spl&#8222;&#8221; width=&#8221;&#8222;400&#8222;&#8221; height=&#8221;&#8222;300&#8222;&#8221;][\/vc_column][vc_column width=&#8221;1\/4&#8243;][\/vc_column][\/vc_row][vc_row][vc_column][vc_empty_space][\/vc_column][\/vc_row][vc_row][vc_column width=&#8221;1\/4&#8243;]\r\n                <div class=\"text-modules\">\r\n                    <div class=\"container\">\r\n                        \r\n                        <div class=\"text-modules__content\"><p><img class=\"alignnone wp-image-1375 size-full\" src=\"https:\/\/us.edu.pl\/instytut\/ih\/wp-content\/uploads\/sites\/24\/VII-Kongres-Mediewist\u00f3w\/VIIKMP2.png\" alt=\"Logo 7. Kongresu Mediewist\u00f3w\" width=\"800\" height=\"auto\" srcset=\"https:\/\/us.edu.pl\/instytut\/ih\/wp-content\/uploads\/sites\/24\/VII-Kongres-Mediewist\u00f3w\/VIIKMP2.png 2500w, https:\/\/us.edu.pl\/instytut\/ih\/wp-content\/uploads\/sites\/24\/VII-Kongres-Mediewist\u00f3w\/VIIKMP2-300x154.png 300w, https:\/\/us.edu.pl\/instytut\/ih\/wp-content\/uploads\/sites\/24\/VII-Kongres-Mediewist\u00f3w\/VIIKMP2-768x393.png 768w, https:\/\/us.edu.pl\/instytut\/ih\/wp-content\/uploads\/sites\/24\/VII-Kongres-Mediewist\u00f3w\/VIIKMP2-1024x524.png 1024w, https:\/\/us.edu.pl\/instytut\/ih\/wp-content\/uploads\/sites\/24\/VII-Kongres-Mediewist\u00f3w\/VIIKMP2-575x294.png 575w\" sizes=\"(max-width: 2500px) 100vw, 2500px\" \/><\/p>\n<\/div>\r\n                    <\/div>\r\n                <\/div>[\/vc_column][vc_column width=&#8221;1\/4&#8243;][vc_empty_space height=&#8221;40px&#8221;]\r\n                <div class=\"text-modules\">\r\n                    <div class=\"container\">\r\n                        \r\n                        <div class=\"text-modules__content\"><p><img class=\"alignnone wp-image-1663 size-medium\" src=\"https:\/\/us.edu.pl\/instytut\/ih\/wp-content\/uploads\/sites\/24\/VII-Kongres-Mediewistow\/IMG_2495-300x97.jpg\" alt=\"Logo Komitetu\" width=\"300\" height=\"97\" srcset=\"https:\/\/us.edu.pl\/instytut\/ih\/wp-content\/uploads\/sites\/24\/VII-Kongres-Mediewistow\/IMG_2495-300x97.jpg 300w, https:\/\/us.edu.pl\/instytut\/ih\/wp-content\/uploads\/sites\/24\/VII-Kongres-Mediewistow\/IMG_2495.jpg 382w\" sizes=\"(max-width: 300px) 100vw, 300px\" \/><\/p>\n<\/div>\r\n                    <\/div>\r\n                <\/div>[\/vc_column][vc_column width=&#8221;1\/4&#8243;][vc_empty_space height=&#8221;80px&#8221;]\r\n                <div class=\"text-modules\">\r\n                    <div class=\"container\">\r\n                        \r\n                        <div class=\"text-modules__content\"><p><img class=\"alignnone wp-image-1413 size-medium\" src=\"https:\/\/us.edu.pl\/instytut\/ih\/wp-content\/uploads\/sites\/24\/VII-Kongres-Mediewist\u00f3w\/uniwersytet-slaski_logo_poziome_czarne-300x51.png\" alt=\"Logo Uniwersytetu \u015al\u0105skiego\" width=\"300\" height=\"51\" srcset=\"https:\/\/us.edu.pl\/instytut\/ih\/wp-content\/uploads\/sites\/24\/VII-Kongres-Mediewist\u00f3w\/uniwersytet-slaski_logo_poziome_czarne-300x51.png 300w, https:\/\/us.edu.pl\/instytut\/ih\/wp-content\/uploads\/sites\/24\/VII-Kongres-Mediewist\u00f3w\/uniwersytet-slaski_logo_poziome_czarne-768x129.png 768w, https:\/\/us.edu.pl\/instytut\/ih\/wp-content\/uploads\/sites\/24\/VII-Kongres-Mediewist\u00f3w\/uniwersytet-slaski_logo_poziome_czarne-1024x172.png 1024w, https:\/\/us.edu.pl\/instytut\/ih\/wp-content\/uploads\/sites\/24\/VII-Kongres-Mediewist\u00f3w\/uniwersytet-slaski_logo_poziome_czarne-575x97.png 575w\" sizes=\"(max-width: 300px) 100vw, 300px\" \/><\/p>\n<\/div>\r\n                    <\/div>\r\n                <\/div>[\/vc_column][vc_column width=&#8221;1\/4&#8243;][vc_empty_space height=&#8221;50px&#8221;]\r\n                <div class=\"text-modules\">\r\n                    <div class=\"container\">\r\n                        \r\n                        <div class=\"text-modules__content\"><p><img class=\"alignnone size-medium wp-image-1662\" src=\"https:\/\/us.edu.pl\/instytut\/ih\/wp-content\/uploads\/sites\/24\/VII-Kongres-Mediewistow\/290527559_605577320799141_7838143537801046467_n-300x225.jpg\" alt=\"Logo Instytutu\" width=\"150\" height=\"auto\" srcset=\"https:\/\/us.edu.pl\/instytut\/ih\/wp-content\/uploads\/sites\/24\/VII-Kongres-Mediewistow\/290527559_605577320799141_7838143537801046467_n-300x225.jpg 300w, https:\/\/us.edu.pl\/instytut\/ih\/wp-content\/uploads\/sites\/24\/VII-Kongres-Mediewistow\/290527559_605577320799141_7838143537801046467_n-768x576.jpg 768w, https:\/\/us.edu.pl\/instytut\/ih\/wp-content\/uploads\/sites\/24\/VII-Kongres-Mediewistow\/290527559_605577320799141_7838143537801046467_n-575x431.jpg 575w, https:\/\/us.edu.pl\/instytut\/ih\/wp-content\/uploads\/sites\/24\/VII-Kongres-Mediewistow\/290527559_605577320799141_7838143537801046467_n.jpg 960w\" sizes=\"(max-width: 300px) 100vw, 300px\" \/><\/p>\n<\/div>\r\n                    <\/div>\r\n                <\/div>[\/vc_column][\/vc_row]<\/p>\n<style type=\"text\/css\">a[data-mtli~=\"mtli_filesize18,53MB\"]:after {content:\" (18,53 MB)\"}<\/style>","protected":false},"excerpt":{"rendered":"<p>[vc_row][vc_column][vc_empty_space][\/vc_column][\/vc_row][vc_row parallax=&#8221;content-moving&#8221; parallax_image=&#8221;1299&#8243; css=&#8221;.vc_custom_1657092252055{background-image: url(https:\/\/us.edu.pl\/instytut\/ih\/wp-content\/uploads\/sites\/24\/VII-Kongres-Mediewistow\/Zapisany-fragment-starej-ksiegi-scaled.jpg?id=1670) !important;background-position: center;background-repeat: no-repeat !important;background-size: cover !important;}&#8221;][vc_column][\/vc_column][\/vc_row][vc_row][vc_column width=&#8221;1\/5&#8243;][\/vc_column][vc_column width=&#8221;1\/5&#8243;][vc_empty_space height=&#8221;36px&#8221;][\/vc_column][vc_column width=&#8221;1\/5&#8243;][vc_empty_space height=&#8221;36px&#8221;][\/vc_column][vc_column width=&#8221;1\/5&#8243;][vc_empty_space height=&#8221;36px&#8221;][\/vc_column][vc_column width=&#8221;1\/5&#8243;][\/vc_column][\/vc_row][vc_row][vc_column][vc_empty_space height=&#8221;15px&#8221;][\/vc_column][\/vc_row][vc_row css=&#8221;.vc_custom_1657093449305{background-color: #002e5a !important;}&#8221;][vc_column][vc_empty_space height=&#8221;10px&#8221;][\/vc_column][\/vc_row][vc_row el_class=&#8221;container&#8221;][vc_column width=&#8221;1\/2&#8243;][vc_empty_space height=&#8221;20px&#8221;][vc_empty_space height=&#8221;10px&#8221;][\/vc_column][vc_column width=&#8221;1\/2&#8243;][\/vc_column][\/vc_row][vc_row][vc_column][vc_empty_space][\/vc_column][\/vc_row][vc_row parallax=&#8221;content-moving-fade&#8221; css=&#8221;.vc_custom_1639575710154{background-color: #002e5a !important;}&#8221;][vc_column width=&#8221;1\/4&#8243;][\/vc_column][vc_column width=&#8221;1\/2&#8243;][vc_empty_space height=&#8221;45px&#8221;][vc_empty_space height=&#8221;36px&#8221;][\/vc_column][vc_column width=&#8221;1\/4&#8243;][\/vc_column][\/vc_row][vc_row][vc_column][vc_empty_space][\/vc_column][\/vc_row][vc_row content_placement=&#8221;top&#8221; parallax=&#8221;content-moving&#8221; parallax_image=&#8221;1424&#8243; css_animation=&#8221;none&#8221; el_class=&#8221;container&#8221; css=&#8221;.vc_custom_1641981698892{background-color: #f2f2f2 !important;}&#8221;][vc_column width=&#8221;1\/4&#8243;][\/vc_column][vc_column parallax=&#8221;content-moving&#8221; width=&#8221;1\/2&#8243;][vc_empty_space height=&#8221;25px&#8221;][vc_empty_space height=&#8221;10px&#8221;][vc_tta_tabs style=&#8221;modern&#8221; color=&#8221;mulled-wine&#8221; spacing=&#8221;5&#8243; alignment=&#8221;center&#8221; [&#8230;]<\/p>\n<p><a class=\"btn btn-secondary understrap-read-more-link\" href=\"https:\/\/us.edu.pl\/instytut\/ih\/konferencje\/vii-kongres-mediewistow-polskich\/\">Read More&#8230;<\/a><\/p>\n","protected":false},"author":26,"featured_media":0,"parent":196,"menu_order":8,"comment_status":"closed","ping_status":"closed","template":"","meta":{"_expiration-date-status":"","_expiration-date":0,"_expiration-date-type":"","_expiration-date-categories":[],"_expiration-date-options":[]},"acf":[],"_links":{"self":[{"href":"https:\/\/us.edu.pl\/instytut\/ih\/wp-json\/wp\/v2\/pages\/1141"}],"collection":[{"href":"https:\/\/us.edu.pl\/instytut\/ih\/wp-json\/wp\/v2\/pages"}],"about":[{"href":"https:\/\/us.edu.pl\/instytut\/ih\/wp-json\/wp\/v2\/types\/page"}],"author":[{"embeddable":true,"href":"https:\/\/us.edu.pl\/instytut\/ih\/wp-json\/wp\/v2\/users\/26"}],"replies":[{"embeddable":true,"href":"https:\/\/us.edu.pl\/instytut\/ih\/wp-json\/wp\/v2\/comments?post=1141"}],"version-history":[{"count":13,"href":"https:\/\/us.edu.pl\/instytut\/ih\/wp-json\/wp\/v2\/pages\/1141\/revisions"}],"predecessor-version":[{"id":2184,"href":"https:\/\/us.edu.pl\/instytut\/ih\/wp-json\/wp\/v2\/pages\/1141\/revisions\/2184"}],"up":[{"embeddable":true,"href":"https:\/\/us.edu.pl\/instytut\/ih\/wp-json\/wp\/v2\/pages\/196"}],"wp:attachment":[{"href":"https:\/\/us.edu.pl\/instytut\/ih\/wp-json\/wp\/v2\/media?parent=1141"}],"curies":[{"name":"wp","href":"https:\/\/api.w.org\/{rel}","templated":true}]}}