{"id":224,"date":"2020-01-16T15:23:45","date_gmt":"2020-01-16T14:23:45","guid":{"rendered":"http:\/\/us.edu.pl\/instytut\/ih\/?page_id=224"},"modified":"2022-12-14T11:15:25","modified_gmt":"2022-12-14T10:15:25","slug":"projekty-badawcze","status":"publish","type":"page","link":"https:\/\/us.edu.pl\/instytut\/ih\/nauka\/projekty-badawcze\/","title":{"rendered":"projekty badawcze"},"content":{"rendered":"<p>[vc_row][vc_column]\r\n                <div class=\"text-modules\">\r\n                    <div class=\"container\">\r\n                        <h3 class=\"page-title text__title\">Tematy badawcze pracownik\u00f3w IH prowadzone w latach 2017-2022<\/h3>\r\n                        <div class=\"text-modules__content\"><\/p>\n<ul>\n<li><strong>Virtutes, atrybuty i symbole w\u0142adzy cesarza\u00a0 rzymskiego (I\u2013III w.)<\/strong> \u2013 Prof. dr hab. Agata Kluczek<\/li>\n<li><strong>Historia medycyny w staro\u017cytno\u015bci i wczesnym \u015bredniowieczu <\/strong>\u2013 dr Agnieszka Bartnik<\/li>\n<li><strong>Wojskowo\u015b\u0107 staro\u017cytnej Grecji i Rzymu <\/strong>\u2013 dr Micha\u0142 Faszcza<\/li>\n<li><strong>Struktury organizacyjne i komunikacyjne w chrze\u015bcija\u0144stwie p\u00f3\u017anoantycznym <\/strong>\u2013 dr Przemys\u0142aw Piwowarczyk<\/li>\n<li><strong>Wczesno\u015bredniowieczna S\u0142owia\u0144szczyzna \u2013 ustr\u00f3j, spo\u0142ecze\u0144stwo, gospodarka<\/strong>\u00a0\u2013 dr hab. Piotr Boro\u0144<\/li>\n<li><strong>Ideologia w\u0142adzy kr\u00f3lewskiej w Skandynawii w XII i XIII wieku<\/strong>\u00a0\u2013 dr hab. Jakub Morawiec<\/li>\n<li><strong>Sagi skandynawskie i badania \u201enordystyczne\u201d <\/strong>\u2013 dr Grzegorz Bartusik<\/li>\n<li><strong>Rycerstwo \u015bl\u0105skie na Rusi Czerwonej w XIV\u2013XV w.<\/strong>\u00a0\u2013 prof. dr hab. Jerzy Sperka<\/li>\n<li><strong>Rycerstwo opolskie w \u015bredniowieczu<\/strong>\u00a0\u2013 dr Maciej Wo\u017any<\/li>\n<li><strong>Dwory w\u0142adc\u00f3w w p\u00f3\u017ano\u015bredniowiecznej Polsce<\/strong>\u00a0\u2013 dr hab. Bo\u017cena Czwojdrak<\/li>\n<li><strong>Kancelarie miast ma\u0142opolskich w XV\u2013XVI w.<\/strong>\u00a0\u2013 dr Karol Nabia\u0142ek<\/li>\n<li><strong>Wybrane zagadnienia z kancelarii i dyplomatyki na \u015al\u0105sku w wiekach \u015brednich<\/strong>\u00a0\u2013 dr Iwona Pietrzyk<\/li>\n<li><strong>Mo\u0142dawia w polityce ostatnich Jagiellon\u00f3w<\/strong>\u00a0\u2013 dr Katarzyna Niemczyk<\/li>\n<li><strong>Ustr\u00f3j prawno-polityczny G\u00f3rnego \u015al\u0105ska w epoce nowo\u017cytnej<\/strong>\u00a0\u2013 dr hab. Wac\u0142awa Gojniczek<\/li>\n<li><strong>Polityka zagraniczna Habsburg\u00f3w w XVI-XVIII w.<\/strong>\u00a0\u2013 prof. dr hab. Ryszard Skowron<\/li>\n<li><strong>Dzieje polityczne Rzeczypospolitej prze\u0142omu XVI\u2013XVII w.<\/strong>\u00a0\u2013 dr Aleksandra Barwicka-Makula<\/li>\n<li><strong>Dzia\u0142ania nuncjatury w Rzeczypospolitej XVII w.<\/strong>\u00a0\u2013 dr Pawe\u0142 Duda<\/li>\n<li><strong>Nuncjusze i nuncjatury w Rzeczypospolitej XVII w.<\/strong>\u00a0\u2013 dr Dorota Gregorowicz<\/li>\n<li><strong>Maj\u0105tki kr\u00f3lewicz\u00f3w Sobieskich w pierwszej po\u0142owie XVIII wieku<\/strong>\u00a0\u2013 dr hab. Aleksandra Skrzypietz<\/li>\n<li><strong>Szlachta Rzeczypospolitej wobec idei dziedziczno\u015bci tronu 1778\u20131791<\/strong>\u00a0\u2013 dr hab. Dariusz Rolnik<\/li>\n<li><strong>Korpusy oficerski i urz\u0119dniczy w dobie Ksi\u0119stwa Warszawskiego i Kr\u00f3lestwa Polskiego (1807-1831)<\/strong>\u2013 dr Dawid Madziar<\/li>\n<li><strong>Elity polityczne dawnej Rzeczypospolitej 1795\u20131815<\/strong>\u00a0\u2013 dr Dominika Rychel-Mantur<\/li>\n<li><strong>Gubernie bia\u0142oruskie w epoce wojny 1812 roku<\/strong>\u00a0\u2013 prof. dr hab. U\u015a Dariusz Nawrot<\/li>\n<li><strong>Dzieje zakonu paulin\u00f3w w XIX w.<\/strong>\u00a0\u2013 dr Jacek Szpak<\/li>\n<li><strong>\u017bydzi na ziemiach polskich prze\u0142omu XIX\u2013XX w.\u00a0<\/strong>\u2013 dr Barbara Kalinowska-W\u00f3jcik<\/li>\n<li><strong>Codzienno\u015b\u0107 na ziemiach polskich w XIX i XX w.<\/strong>\u00a0\u2013 dr hab. Dorota Malczewska-Pawelec<\/li>\n<li><strong>Wp\u0142yw ko\u015bcio\u0142a ewangelickiego na procesy spo\u0142eczne na G\u00f3rnym \u015al\u0105sku w XIX\u2013XX wieku<\/strong>\u00a0\u2013 dr Jakub Grudniewski<\/li>\n<li><strong>Badanie kreowania i funkcjonowania elit prowincjonalnych na G\u00f3rnym \u015al\u0105sku po 1918 roku<\/strong>\u00a0\u2013 dr hab. Maciej Fic<\/li>\n<li><strong>Powstania \u015bl\u0105skie<\/strong>\u00a0\u2013 dr hab. Mi\u0142osz Skrzypek<\/li>\n<li><strong>Powstania \u015al\u0105skie 1919\u20131921 \u2013 aspekty militarne<\/strong>\u00a0\u2013 prof. dr hab. Ryszard Kaczmarek<\/li>\n<li><strong>Kraik Hulczy\u0144ski w latach 1918\u20131989<\/strong>\u00a0\u2013 dr hab. Krzysztof\u00a0 Nowak<\/li>\n<li><strong>\u017bycie spo\u0142eczno-gospodarcze wojew\u00f3dztwa wile\u0144skiego 1919\u20131939<\/strong>\u00a0\u2013 dr hab. Joanna Januszewska-Jurkiewicz<\/li>\n<li><strong>S\u0119dziowie, adwokaci i notariusze g\u00f3rno\u015bl\u0105scy w czasie II wojny \u015bwiatowej<\/strong>\u00a0\u2013 dr hab. Lech Krzy\u017canowski<\/li>\n<li><strong>System penitencjarny w wojew\u00f3dztwie \u015bl\u0105skim\/katowickim w latach 1945\u20131954<\/strong>\u00a0\u2013 dr hab. prof. U\u015a Kazimierz Miroszewski<\/li>\n<li><strong>Radykalne ruchy polityczne i ich wp\u0142yw na gwa\u0142towne konflikty asymetryczne i wewn\u0119trzne<\/strong>\u00a0\u2013 dr hab. Jaros\u0142aw Tomasiewicz<\/li>\n<li><strong>Trudna \u201eprzyja\u017a\u0144\u201d. Historia Towarzystwa Przyja\u017ani Polsko-Jugos\u0142owia\u0144skiej po II wojnie \u015bwiatowej<\/strong>\u00a0\u2013 dr Marcela Gruszczyk<\/li>\n<li><strong>W cieniu kryzysu w Polsce. Jugos\u0142awia i pa\u0144stwa bloku wschodniego w latach 1980\u20131982<\/strong>\u00a0\u2013 dr Mateusz Sokulski<\/li>\n<li><strong>Dzieje \u015bl\u0105skiej \u201eSolidarno\u015bci\u201d<\/strong>\u00a0\u2013 dr Katarzyna Wilczok<\/li>\n<li><strong>Historia szkolnictwa na \u015al\u0105sku w XX w.<\/strong>\u00a0\u2013 dr Joanna Mercik<\/li>\n<li><strong>Szlaki turystyczne w po\u0142udniowej Polsce na prze\u0142omie XX i XXI w.<\/strong>\u00a0\u2013 dr hab. Zbigniew Hojka<\/li>\n<li><strong>\u201eFilozofia historii\u201d<\/strong>\u00a0\u2013 dr Piotr Kowalewski<\/li>\n<li><strong>Polityka pami\u0119ci historycznej<\/strong>\u00a0<strong>\u2013 problemy historyczne i historiograficzne<\/strong>\u00a0\u2013 prof.\u00a0 dr hab. Tomasz Pawelec<\/li>\n<\/ul>\n<p>\n<\/div>\r\n                    <\/div>\r\n                <\/div>[\/vc_column][\/vc_row]<\/p>","protected":false},"excerpt":{"rendered":"<p>[vc_row][vc_column][\/vc_column][\/vc_row] [&#8230;]<\/p>\n<p><a class=\"btn btn-secondary understrap-read-more-link\" href=\"https:\/\/us.edu.pl\/instytut\/ih\/nauka\/projekty-badawcze\/\">Read More&#8230;<\/a><\/p>\n","protected":false},"author":32,"featured_media":0,"parent":194,"menu_order":21,"comment_status":"closed","ping_status":"closed","template":"","meta":{"_expiration-date-status":"saved","_expiration-date":0,"_expiration-date-type":"","_expiration-date-categories":[],"_expiration-date-options":[]},"acf":[],"_links":{"self":[{"href":"https:\/\/us.edu.pl\/instytut\/ih\/wp-json\/wp\/v2\/pages\/224"}],"collection":[{"href":"https:\/\/us.edu.pl\/instytut\/ih\/wp-json\/wp\/v2\/pages"}],"about":[{"href":"https:\/\/us.edu.pl\/instytut\/ih\/wp-json\/wp\/v2\/types\/page"}],"author":[{"embeddable":true,"href":"https:\/\/us.edu.pl\/instytut\/ih\/wp-json\/wp\/v2\/users\/32"}],"replies":[{"embeddable":true,"href":"https:\/\/us.edu.pl\/instytut\/ih\/wp-json\/wp\/v2\/comments?post=224"}],"version-history":[{"count":7,"href":"https:\/\/us.edu.pl\/instytut\/ih\/wp-json\/wp\/v2\/pages\/224\/revisions"}],"predecessor-version":[{"id":2042,"href":"https:\/\/us.edu.pl\/instytut\/ih\/wp-json\/wp\/v2\/pages\/224\/revisions\/2042"}],"up":[{"embeddable":true,"href":"https:\/\/us.edu.pl\/instytut\/ih\/wp-json\/wp\/v2\/pages\/194"}],"wp:attachment":[{"href":"https:\/\/us.edu.pl\/instytut\/ih\/wp-json\/wp\/v2\/media?parent=224"}],"curies":[{"name":"wp","href":"https:\/\/api.w.org\/{rel}","templated":true}]}}