{"id":6,"date":"2019-10-23T14:16:34","date_gmt":"2019-10-23T12:16:34","guid":{"rendered":"http:\/\/us.edu.pl\/instytut\/ih\/?page_id=6"},"modified":"2025-10-02T08:43:34","modified_gmt":"2025-10-02T06:43:34","slug":"strona-glowna","status":"publish","type":"page","link":"https:\/\/us.edu.pl\/instytut\/ih\/","title":{"rendered":"Strona g\u0142\u00f3wna IH"},"content":{"rendered":"<p>[vc_row][vc_column]\n            <div data-autotime=\"5\" class=\"slider reverse color_white bg_\" >\n                  <div class=\"slide slide_css\">\n                     <div class=\"slide__content_container container\">\n                        <div class=\"slide__content\">\n                           <a href=\"https:\/\/us.edu.pl\/wydzial\/wh\/2019\/11\/08\/bezplatne-szkolenia-dla-studentow-i-pracownikow\/\" class=\"slide__link\">\n                              <div class=\"slide__title\">Szkolenia certyfikowane dla pracownik\u00f3w i student\u00f3w<\/div>\n                              <div class=\"slide__text\">Dwie edycje projektu pn. \u201eZintegrowany Program Rozwoju Uniwersytetu \u015al\u0105skiego w Katowicach\u201d zak\u0142adaj\u0105 mi\u0119dzy innymi wieloobszarowe wsparcie dla uczelni, w tym wsparcie student\u00f3w, kadry badawczo-dydaktycznej, kadry administracyjno-kierowniczej<\/div>\n                           <\/a>\n                        <\/div>\n                     <\/div>\n                     <a href=\"https:\/\/us.edu.pl\/wydzial\/wh\/2019\/11\/08\/bezplatne-szkolenia-dla-studentow-i-pracownikow\/\" class=\"slide__img thumbnail\"\n                           style=\"background-image: url('https:\/\/us.edu.pl\/instytut\/ih\/wp-content\/uploads\/sites\/24\/Nieprzypisane\/DSC7125.jpg')\">\n                           <span class=\"d-none\">Szkolenia certyfikowane dla pracownik\u00f3w i student\u00f3w Dwie edycje projektu pn. \u201eZintegrowany Program Rozwoju Uniwersytetu \u015al\u0105skiego w Katowicach\u201d zak\u0142adaj\u0105 mi\u0119dzy innymi wieloobszarowe wsparcie dla uczelni, w tym wsparcie student\u00f3w, kadry badawczo-dydaktycznej, kadry administracyjno-kierowniczej<\/span>\n                     <\/a>\n                  <\/div>\n                  <div class=\"slide slide_css\">\n                     <div class=\"slide__content_container container\">\n                        <div class=\"slide__content\">\n                           <a href=\"https:\/\/www.slaskifestiwalnauki.pl\/\" class=\"slide__link\">\n                              <div class=\"slide__title\">\u015al\u0105ski Festiwal Nauki KATOWICE<\/div>\n                              <div class=\"slide__text\">\u015al\u0105ski Festiwal Nauki KATOWICE to obecnie jedno z najwi\u0119kszych wydarze\u0144 popularnonaukowych w kraju i Europie<\/div>\n                           <\/a>\n                        <\/div>\n                     <\/div>\n                     <a href=\"https:\/\/www.slaskifestiwalnauki.pl\/\" class=\"slide__img thumbnail\"\n                           style=\"background-image: url('https:\/\/us.edu.pl\/instytut\/ih\/wp-content\/uploads\/sites\/24\/Nieprzypisane\/Slaski-Festiwal-Nauki.jpg')\">\n                           <span class=\"d-none\">\u015al\u0105ski Festiwal Nauki KATOWICE \u015al\u0105ski Festiwal Nauki KATOWICE to obecnie jedno z najwi\u0119kszych wydarze\u0144 popularnonaukowych w kraju i Europie<\/span>\n                     <\/a>\n                  <\/div>\n                <div class=\"slider__controls\">\n                    <div class=\"slider__dots\"><\/div>\n                    <div class=\"slider__actions\">\n                        <a href=\"#\" class=\"arrow\" data-direction=\"prev\" title=\"poprzedni slajd\">\n                            <em class=\"ci ci-arrow-left\"><\/em>\n                            <span class=\"d-none\">control<\/span>\n                        <\/a>\n            \n                        <a href=\"#\" class=\"start-pause\" data-action=\"stop\" title=\"wstrzymaj poruszanie si\u0119 slajd\u00f3w\">\n                            <em class=\"ci ci-pause\"><\/em>\n                            <span class=\"d-none\">control<\/span>\n                        <\/a>\n            \n                       \n                        <a href=\"#\" class=\"arrow\" data-direction=\"next\"  title=\"Kolejny slajd\" >\n                            <em class=\"ci ci-arrow-right\"><\/em>\n                            <span class=\"d-none\">control<\/span>\n                        <\/a>\n                    <\/div>\n                <\/div>\n            <\/div>[vc_empty_space]\n\t\t\t\t<input type=\"hidden\" name=\"promoted_only\" value=\"\">\n\t\t\t\t<input type=\"hidden\" name=\"order\" value=\"DESC\">\n\t\t\t\t<input type=\"hidden\" name=\"order_by\" value=\"post_modified\">\n\n\t\t\t\t<div class=\"article-loop loop-section article-loop_tall color-blue\" style=\"background: \">\n\t\t\t\t\t <div class=\"container \">\n\t\t\t\t\t \t<div class=\"col-12 article-loop-gutter-left\">\n\t\t\t\t\t\t  <div class=\"article-loop-top loop-section-top\">\n\t\t\t\t\t\t\t\t<h2 class=\"section-title\">Wiadomo\u015bci instytutowe<\/h2><div class=\"article-loop-top_right loop-section-top__right\" >\n\t\t\t\t\t\t\t\t\t <select name=\"sort\" title = \"filter by category\"\n\t\t\t\t\t\t\t\t\t\t  class=\"article-loop-sort\" >\n\t\t\t\t\t\t\t\t\t\t  <option value = \"\" selected disabled > filtrowanie wed\u0142ug kategorii<\/option>\n\t\t\t\t\t\t\t\t\t\t  <option value = \"24-11\" > Wszystko<\/option> <option data-link='https:\/\/us.edu.pl\/instytut\/ih\/category\/wiadomosci\/' value='24-11'>Wiadomo\u015bci<\/option><\/select>    <a href = \"\/instytut\/ih\/category\/wiadomosci\/\" class=\"link-button \" > Wszystko<\/a><\/div>  \n\t\t\t\t\t\t  <\/div>\n\t\t\t\t\t\t  <div class=\"article-loop-main carousel\" data-home-url=\"https:\/\/us.edu.pl\/instytut\/ih\" >\n\t\t\t\t\t\t\t\t<a href = \"#\" data-slide = \"prev\" title=\"przesu\u0144 pasek Wiadomo\u015bci instytutowew lewo\" class=\"arrow\" >\n\t\t\t\t\t\t\t\t\t <em class=\"ci ci-arrow-left\" ><\/em >\n\t\t\t\t\t\t\t\t\t <span class=\"d-none\" > arrow<\/span >\n\t\t\t\t\t\t\t\t<\/a>\n\t \n\t\t\t\t\t\t\t\t<a href = \"#\" data-slide = \"next\" title=\"przesu\u0144 pasek Wiadomo\u015bci instytutowe w prawo\" class=\"arrow\" >\n\t\t\t\t\t\t\t\t\t <em class=\"ci ci-arrow-right\" ><\/em >\n\t\t\t\t\t\t\t\t\t <span class=\"d-none\" > arrow<\/span >\n\t\t\t\t\t\t\t\t<\/a>\n\t\t\t\t\t\t\t\t<div class=\"row items\" >\n\t\t\t\t\t\t\t\t\t \r\n            <article class=\"article-loop-post carousel-slide\">\r\n                <a href=\"https:\/\/us.edu.pl\/instytut\/ih\/2026\/04\/30\/odbyl-sie-wyklad-dr-hab-anny-pelki-z-uniwersytetu-w-ratyzbonie\/\" class=\"article-loop-post__thumbnail thumbnail\"\r\n                    style=\"background-image: url(https:\/\/us.edu.pl\/instytut\/ih\/wp-content\/uploads\/sites\/24\/Bez-kategorii\/DSCF4157-300x200.jpg)\">\r\n                    <span>wi\u0119cej<\/span>\r\n                <\/a>\r\n\r\n                <div class=\"article-loop-post__content\">\r\n                    <h3 class=\"article-loop-post__title\">\r\n                        <a href=\"https:\/\/us.edu.pl\/instytut\/ih\/2026\/04\/30\/odbyl-sie-wyklad-dr-hab-anny-pelki-z-uniwersytetu-w-ratyzbonie\/\">Odby\u0142 si\u0119 wyk\u0142ad dr hab. Anny Pelki z Uniwersytetu w Ratyzbonie<\/a>\r\n                    <\/h3>\r\n            \r\n                    <div class=\"article-loop-post__categories\">\r\n                        <a href=\"https:\/\/us.edu.pl\/instytut\/ih\/category\/wiadomosci\/\">Wiadomo\u015bci<\/a>\r\n                    <\/div>    \r\n                <\/div>\r\n            <\/article>\r\n        \r\n            <article class=\"article-loop-post carousel-slide\">\r\n                <a href=\"https:\/\/us.edu.pl\/instytut\/ih\/2026\/04\/28\/dr-katarzyna-niemczyk-wisniewska-uzyskala-stopien-naukowy-doktora-habilitowanego\/\" class=\"article-loop-post__thumbnail thumbnail\"\r\n                    style=\"background-image: url(https:\/\/us.edu.pl\/instytut\/ih\/wp-content\/uploads\/sites\/24\/Bez-kategorii\/681390049_1642817860963582_9156662303707999053_n-300x300.jpg)\">\r\n                    <span>wi\u0119cej<\/span>\r\n                <\/a>\r\n\r\n                <div class=\"article-loop-post__content\">\r\n                    <h3 class=\"article-loop-post__title\">\r\n                        <a href=\"https:\/\/us.edu.pl\/instytut\/ih\/2026\/04\/28\/dr-katarzyna-niemczyk-wisniewska-uzyskala-stopien-naukowy-doktora-habilitowanego\/\">Dr Katarzyna Niemczyk-Wi\u015bniewska uzyska\u0142a stopie\u0144 naukowy doktora habilitowanego<\/a>\r\n                    <\/h3>\r\n            \r\n                    <div class=\"article-loop-post__categories\">\r\n                        <a href=\"https:\/\/us.edu.pl\/instytut\/ih\/category\/wiadomosci\/\">Wiadomo\u015bci<\/a>\r\n                    <\/div>    \r\n                <\/div>\r\n            <\/article>\r\n        \r\n            <article class=\"article-loop-post carousel-slide\">\r\n                <a href=\"https:\/\/us.edu.pl\/instytut\/ih\/2026\/04\/27\/dr-katarzyna-wilczok-i-dr-maciej-wozny-goscili-z-wykladami-w-ii-lo-z-oddzialami-integracyjnymi-im-c-k-norwida\/\" class=\"article-loop-post__thumbnail thumbnail\"\r\n                    style=\"background-image: url(https:\/\/us.edu.pl\/instytut\/ih\/wp-content\/uploads\/sites\/24\/Bez-kategorii\/3-136-300x300.jpg)\">\r\n                    <span>wi\u0119cej<\/span>\r\n                <\/a>\r\n\r\n                <div class=\"article-loop-post__content\">\r\n                    <h3 class=\"article-loop-post__title\">\r\n                        <a href=\"https:\/\/us.edu.pl\/instytut\/ih\/2026\/04\/27\/dr-katarzyna-wilczok-i-dr-maciej-wozny-goscili-z-wykladami-w-ii-lo-z-oddzialami-integracyjnymi-im-c-k-norwida\/\">Dr Katarzyna Wilczok i dr Maciej Wo\u017any go\u015bcili z wyk\u0142adami w II LO z Oddzia\u0142ami Integracyjnymi im. C. K. Norwida<\/a>\r\n                    <\/h3>\r\n            \r\n                    <div class=\"article-loop-post__categories\">\r\n                        <a href=\"https:\/\/us.edu.pl\/instytut\/ih\/category\/wiadomosci\/\">Wiadomo\u015bci<\/a>\r\n                    <\/div>    \r\n                <\/div>\r\n            <\/article>\r\n        \r\n            <article class=\"article-loop-post carousel-slide\">\r\n                <a href=\"https:\/\/us.edu.pl\/instytut\/ih\/2026\/04\/27\/dr-aleksandra-barwicka-makula-wyglosila-goscinny-wyklad-w-ii-lo-z-oddzialami-dwujezycznymi-im-g-morcinka-w-rudzie-slaskiej\/\" class=\"article-loop-post__thumbnail thumbnail\"\r\n                    style=\"background-image: url(https:\/\/us.edu.pl\/instytut\/ih\/wp-content\/uploads\/sites\/24\/Bez-kategorii\/1-251-225x300.jpg)\">\r\n                    <span>wi\u0119cej<\/span>\r\n                <\/a>\r\n\r\n                <div class=\"article-loop-post__content\">\r\n                    <h3 class=\"article-loop-post__title\">\r\n                        <a href=\"https:\/\/us.edu.pl\/instytut\/ih\/2026\/04\/27\/dr-aleksandra-barwicka-makula-wyglosila-goscinny-wyklad-w-ii-lo-z-oddzialami-dwujezycznymi-im-g-morcinka-w-rudzie-slaskiej\/\">Dr Aleksandra Barwicka-Makula wyg\u0142osi\u0142a go\u015bcinny wyk\u0142ad w II LO z Oddzia\u0142ami Dwuj\u0119zycznymi im. G. Morcinka w Rudzie \u015al\u0105skiej<\/a>\r\n                    <\/h3>\r\n            \r\n                    <div class=\"article-loop-post__categories\">\r\n                        <a href=\"https:\/\/us.edu.pl\/instytut\/ih\/category\/wiadomosci\/\">Wiadomo\u015bci<\/a>\r\n                    <\/div>    \r\n                <\/div>\r\n            <\/article>\r\n        \r\n            <article class=\"article-loop-post carousel-slide\">\r\n                <a href=\"https:\/\/us.edu.pl\/instytut\/ih\/2026\/04\/27\/spotkanie-z-dr-piotrem-olechowskim-w-bibliotece-raczynskich\/\" class=\"article-loop-post__thumbnail thumbnail\"\r\n                    style=\"background-image: url(https:\/\/us.edu.pl\/instytut\/ih\/wp-content\/uploads\/sites\/24\/Bez-kategorii\/1-250-300x200.jpg)\">\r\n                    <span>wi\u0119cej<\/span>\r\n                <\/a>\r\n\r\n                <div class=\"article-loop-post__content\">\r\n                    <h3 class=\"article-loop-post__title\">\r\n                        <a href=\"https:\/\/us.edu.pl\/instytut\/ih\/2026\/04\/27\/spotkanie-z-dr-piotrem-olechowskim-w-bibliotece-raczynskich\/\">Spotkanie z dr. Piotrem Olechowskim w Bibliotece Raczy\u0144skich<\/a>\r\n                    <\/h3>\r\n            \r\n                    <div class=\"article-loop-post__categories\">\r\n                        <a href=\"https:\/\/us.edu.pl\/instytut\/ih\/category\/wiadomosci\/\">Wiadomo\u015bci<\/a>\r\n                    <\/div>    \r\n                <\/div>\r\n            <\/article>\r\n        \r\n            <article class=\"article-loop-post carousel-slide\">\r\n                <a href=\"https:\/\/us.edu.pl\/instytut\/ih\/2026\/04\/27\/dr-michal-faszcza-nowym-redaktorem-tematycznym-czasopisma-nuova-antologia-militare\/\" class=\"article-loop-post__thumbnail thumbnail\"\r\n                    style=\"background-image: url(https:\/\/us.edu.pl\/instytut\/ih\/wp-content\/uploads\/sites\/24\/Bez-kategorii\/1-249-213x300.jpg)\">\r\n                    <span>wi\u0119cej<\/span>\r\n                <\/a>\r\n\r\n                <div class=\"article-loop-post__content\">\r\n                    <h3 class=\"article-loop-post__title\">\r\n                        <a href=\"https:\/\/us.edu.pl\/instytut\/ih\/2026\/04\/27\/dr-michal-faszcza-nowym-redaktorem-tematycznym-czasopisma-nuova-antologia-militare\/\">Dr Micha\u0142 Faszcza nowym redaktorem tematycznym czasopisma &#8222;Nuova Antologia Militare&#8221;<\/a>\r\n                    <\/h3>\r\n            \r\n                    <div class=\"article-loop-post__categories\">\r\n                        <a href=\"https:\/\/us.edu.pl\/instytut\/ih\/category\/wiadomosci\/\">Wiadomo\u015bci<\/a>\r\n                    <\/div>    \r\n                <\/div>\r\n            <\/article>\r\n        \r\n            <article class=\"article-loop-post carousel-slide\">\r\n                <a href=\"https:\/\/us.edu.pl\/instytut\/ih\/2026\/04\/19\/studenci-turystyki-historycznej-z-uniwersytetu-slaskiego-w-katowicach-i-uniwersytetu-ostrawskiego-wzieli-udzial-we-wspolnym-objezdzie-po-polnocno-zachodnich-czechach-i-poludniowo-wschodnich-niemczech\/\" class=\"article-loop-post__thumbnail thumbnail\"\r\n                    style=\"background-image: url(https:\/\/us.edu.pl\/instytut\/ih\/wp-content\/uploads\/sites\/24\/Bez-kategorii\/1-248-300x169.jpg)\">\r\n                    <span>wi\u0119cej<\/span>\r\n                <\/a>\r\n\r\n                <div class=\"article-loop-post__content\">\r\n                    <h3 class=\"article-loop-post__title\">\r\n                        <a href=\"https:\/\/us.edu.pl\/instytut\/ih\/2026\/04\/19\/studenci-turystyki-historycznej-z-uniwersytetu-slaskiego-w-katowicach-i-uniwersytetu-ostrawskiego-wzieli-udzial-we-wspolnym-objezdzie-po-polnocno-zachodnich-czechach-i-poludniowo-wschodnich-niemczech\/\">Studenci turystyki historycznej z Uniwersytetu \u015al\u0105skiego w Katowicach i Uniwersytetu Ostrawskiego wzi\u0119li udzia\u0142 we wsp\u00f3lnym obje\u017adzie po p\u00f3\u0142nocno-zachodnich Czechach i po\u0142udniowo-wschodnich Niemczech<\/a>\r\n                    <\/h3>\r\n            \r\n                    <div class=\"article-loop-post__categories\">\r\n                        <a href=\"https:\/\/us.edu.pl\/instytut\/ih\/category\/wiadomosci\/\">Wiadomo\u015bci<\/a>\r\n                    <\/div>    \r\n                <\/div>\r\n            <\/article>\r\n        \r\n            <article class=\"article-loop-post carousel-slide\">\r\n                <a href=\"https:\/\/us.edu.pl\/instytut\/ih\/2026\/04\/19\/zaproszenie-wyklad-dr-hab-marka-smolinskiego-prof-ug-pt-jency-i-jeniectwo-w-strefie-poludniowych-wybrzezy-baltyku-pomorza-i-polabia-do-1230-roku-21-04-2026-katowice\/\" class=\"article-loop-post__thumbnail thumbnail\"\r\n                    style=\"background-image: url(https:\/\/us.edu.pl\/instytut\/ih\/wp-content\/uploads\/sites\/24\/Bez-kategorii\/1-247-300x300.jpg)\">\r\n                    <span>wi\u0119cej<\/span>\r\n                <\/a>\r\n\r\n                <div class=\"article-loop-post__content\">\r\n                    <h3 class=\"article-loop-post__title\">\r\n                        <a href=\"https:\/\/us.edu.pl\/instytut\/ih\/2026\/04\/19\/zaproszenie-wyklad-dr-hab-marka-smolinskiego-prof-ug-pt-jency-i-jeniectwo-w-strefie-poludniowych-wybrzezy-baltyku-pomorza-i-polabia-do-1230-roku-21-04-2026-katowice\/\">Zaproszenie: wyk\u0142ad dr. hab. Marka Smoli\u0144skiego, prof. UG pt. &#8222;Je\u0144cy i jeniectwo w strefie po\u0142udniowych wybrze\u017cy Ba\u0142tyku, Pomorza i Po\u0142abia do 1230 roku&#8221; (21.04.2026, Katowice)<\/a>\r\n                    <\/h3>\r\n            \r\n                    <div class=\"article-loop-post__categories\">\r\n                        <a href=\"https:\/\/us.edu.pl\/instytut\/ih\/category\/wiadomosci\/\">Wiadomo\u015bci<\/a>\r\n                    <\/div>    \r\n                <\/div>\r\n            <\/article>\r\n        \r\n            <article class=\"article-loop-post carousel-slide\">\r\n                <a href=\"https:\/\/us.edu.pl\/instytut\/ih\/2026\/04\/19\/studenci-kierunkow-turystyka-historyczna-i-historia-wzieli-udzial-w-objezdzie-naukowym-sladami-dolnoslaskich-fortyfikacji\/\" class=\"article-loop-post__thumbnail thumbnail\"\r\n                    style=\"background-image: url(https:\/\/us.edu.pl\/instytut\/ih\/wp-content\/uploads\/sites\/24\/Bez-kategorii\/1000043293-300x225.jpg)\">\r\n                    <span>wi\u0119cej<\/span>\r\n                <\/a>\r\n\r\n                <div class=\"article-loop-post__content\">\r\n                    <h3 class=\"article-loop-post__title\">\r\n                        <a href=\"https:\/\/us.edu.pl\/instytut\/ih\/2026\/04\/19\/studenci-kierunkow-turystyka-historyczna-i-historia-wzieli-udzial-w-objezdzie-naukowym-sladami-dolnoslaskich-fortyfikacji\/\">Studenci kierunk\u00f3w turystyka historyczna i historia wzi\u0119li udzia\u0142 w obje\u017adzie naukowym \u015bladami dolno\u015bl\u0105skich fortyfikacji<\/a>\r\n                    <\/h3>\r\n            \r\n                    <div class=\"article-loop-post__categories\">\r\n                        <a href=\"https:\/\/us.edu.pl\/instytut\/ih\/category\/wiadomosci\/\">Wiadomo\u015bci<\/a>\r\n                    <\/div>    \r\n                <\/div>\r\n            <\/article>\r\n        \r\n            <article class=\"article-loop-post carousel-slide\">\r\n                <a href=\"https:\/\/us.edu.pl\/instytut\/ih\/2026\/04\/19\/prof-dr-hab-maciej-fic-jako-przewodniczacy-glownej-komisji-konkursowej-wzial-udzial-w-finale-4-edycji-ogolnopolskiego-konkursu-poznajemy-senat-rzeczypospolitej-polskiej\/\" class=\"article-loop-post__thumbnail thumbnail\"\r\n                    style=\"background-image: url(https:\/\/us.edu.pl\/instytut\/ih\/wp-content\/uploads\/sites\/24\/Bez-kategorii\/1-246-300x200.jpg)\">\r\n                    <span>wi\u0119cej<\/span>\r\n                <\/a>\r\n\r\n                <div class=\"article-loop-post__content\">\r\n                    <h3 class=\"article-loop-post__title\">\r\n                        <a href=\"https:\/\/us.edu.pl\/instytut\/ih\/2026\/04\/19\/prof-dr-hab-maciej-fic-jako-przewodniczacy-glownej-komisji-konkursowej-wzial-udzial-w-finale-4-edycji-ogolnopolskiego-konkursu-poznajemy-senat-rzeczypospolitej-polskiej\/\">Prof. dr hab. Maciej Fic, jako przewodnicz\u0105cy G\u0142\u00f3wnej Komisji Konkursowej, wzi\u0105\u0142 udzia\u0142 w finale 4. edycji og\u00f3lnopolskiego konkursu \u201ePoznajemy Senat Rzeczypospolitej Polskiej\u201d<\/a>\r\n                    <\/h3>\r\n            \r\n                    <div class=\"article-loop-post__categories\">\r\n                        <a href=\"https:\/\/us.edu.pl\/instytut\/ih\/category\/wiadomosci\/\">Wiadomo\u015bci<\/a>\r\n                    <\/div>    \r\n                <\/div>\r\n            <\/article>\r\n        \r\n            <article class=\"article-loop-post carousel-slide\">\r\n                <a href=\"https:\/\/us.edu.pl\/instytut\/ih\/2026\/04\/07\/zaproszenie-spotkanie-ze-wspolredaktorami-pracy-pt-nuncjatury-apostolskie-w-systemie-nowozytnej-dyplomacji-rzeczpospolita-europa-swiat-dr-dorota-gregorowicz-oraz-dr-pawlem-duda-08-04-26\/\" class=\"article-loop-post__thumbnail thumbnail\"\r\n                    style=\"background-image: url(https:\/\/us.edu.pl\/instytut\/ih\/wp-content\/uploads\/sites\/24\/Bez-kategorii\/1-245-240x300.jpg)\">\r\n                    <span>wi\u0119cej<\/span>\r\n                <\/a>\r\n\r\n                <div class=\"article-loop-post__content\">\r\n                    <h3 class=\"article-loop-post__title\">\r\n                        <a href=\"https:\/\/us.edu.pl\/instytut\/ih\/2026\/04\/07\/zaproszenie-spotkanie-ze-wspolredaktorami-pracy-pt-nuncjatury-apostolskie-w-systemie-nowozytnej-dyplomacji-rzeczpospolita-europa-swiat-dr-dorota-gregorowicz-oraz-dr-pawlem-duda-08-04-26\/\">Zaproszenie: spotkanie ze wsp\u00f3\u0142redaktorami pracy pt. &#8222;Nuncjatury apostolskie w systemie nowo\u017cytnej dyplomacji. Rzeczpospolita &#8211; Europa &#8211; \u015bwiat&#8221; &#8211; dr Dorot\u0105 Gregorowicz oraz dr. Paw\u0142em Dud\u0105 (08.04.26, Katowice)<\/a>\r\n                    <\/h3>\r\n            \r\n                    <div class=\"article-loop-post__categories\">\r\n                        <a href=\"https:\/\/us.edu.pl\/instytut\/ih\/category\/wiadomosci\/\">Wiadomo\u015bci<\/a>\r\n                    <\/div>    \r\n                <\/div>\r\n            <\/article>\r\n        \r\n            <article class=\"article-loop-post carousel-slide\">\r\n                <a href=\"https:\/\/us.edu.pl\/instytut\/ih\/2026\/04\/07\/rozmowa-z-dr-michalem-faszcza-na-temat-rzymskiej-dyscypliny-wojskowej\/\" class=\"article-loop-post__thumbnail thumbnail\"\r\n                    style=\"background-image: url(https:\/\/us.edu.pl\/instytut\/ih\/wp-content\/themes\/uniwersytet-slaski\/img\/post\/default.jpg)\">\r\n                    <span>wi\u0119cej<\/span>\r\n                <\/a>\r\n\r\n                <div class=\"article-loop-post__content\">\r\n                    <h3 class=\"article-loop-post__title\">\r\n                        <a href=\"https:\/\/us.edu.pl\/instytut\/ih\/2026\/04\/07\/rozmowa-z-dr-michalem-faszcza-na-temat-rzymskiej-dyscypliny-wojskowej\/\">Rozmowa z dr. Micha\u0142em Faszcz\u0105 na temat rzymskiej dyscypliny wojskowej<\/a>\r\n                    <\/h3>\r\n            \r\n                    <div class=\"article-loop-post__categories\">\r\n                        <a href=\"https:\/\/us.edu.pl\/instytut\/ih\/category\/wiadomosci\/\">Wiadomo\u015bci<\/a>\r\n                    <\/div>    \r\n                <\/div>\r\n            <\/article>\r\n        \n\t\t\t\t\t\t\t\t<\/div>\n\t\t\t\t\t\t  <\/div>\n\t\t\t\t\t <\/div>\n\t\t\t\t\t <\/div>\n\t\t\t\t<\/div>\r\n                <div class=\"numerical-data numerical-data_horizontal color-blue\" style=\"background: #EBEBEB\">\r\n                \r\n                    <div class=\"container\">\r\n                        <div class=\"row m-0\">\r\n                        \r\n                        <div class=\"numerical-data-item\">\r\n                                <div class=\"numerical-data-item__icon\" style=\"padding-top: 12px;\"> <img src=\"https:\/\/us.edu.pl\/instytut\/ih\/wp-content\/uploads\/sites\/24\/ikonki\/ksiazka_nieb.png\" alt=\"um\u00f3w\"><\/div>\r\n                                <div class=\"numerical-data-item__content\"><div class=\"numerical-data-item__num\">35<\/div><div class=\"numerical-data-item__text\">um\u00f3w<\/div>\r\n                                <\/div>  \r\n                        <\/div>\r\n                    \r\n                        <div class=\"numerical-data-item\">\r\n                                <div class=\"numerical-data-item__icon\" style=\"padding-top: 12px;\"> <img src=\"https:\/\/us.edu.pl\/instytut\/ih\/wp-content\/uploads\/sites\/24\/ikonki\/spotkania_nieb.png\" alt=\"grant\u00f3w\"><\/div>\r\n                                <div class=\"numerical-data-item__content\"><div class=\"numerical-data-item__num\">9<\/div><div class=\"numerical-data-item__text\">grant\u00f3w<\/div>\r\n                                <\/div>  \r\n                        <\/div>\r\n                    \r\n                        <div class=\"numerical-data-item\">\r\n                                <div class=\"numerical-data-item__icon\" style=\"padding-top: 12px;\"> <img src=\"https:\/\/us.edu.pl\/instytut\/ih\/wp-content\/uploads\/sites\/24\/ikonki\/ksiazki_nieb.png\" alt=\"publikacji\"><\/div>\r\n                                <div class=\"numerical-data-item__content\"><div class=\"numerical-data-item__num\">460<\/div><div class=\"numerical-data-item__text\">publikacji<\/div>\r\n                                <\/div>  \r\n                        <\/div>\r\n                    \r\n                        <\/div>\r\n                    <\/div>\r\n                \r\n                <\/div>\r\n            \r\n                <div class='logos'>\r\n                    <div class='container'>\r\n                        <h3 class='page-title'><\/h3>\r\n                        <div class='logos-blocks bg-blue'> \r\n               \r\n                            \r\n                        <a href=\"https:\/\/www.slaskifestiwalnauki.pl\/\" title=\"\u015al\u0105ski Festiwal Nauki KATOWICE\"\r\n                         class=\"logos-blocks__item carousel-slide\">\r\n                            <div class=\"logos-blocks__img\">\r\n                                <img src=\"https:\/\/us.edu.pl\/instytut\/ih\/wp-content\/uploads\/sites\/24\/ikonki\/sf.png\" alt=\"\u015al\u0105ski Festiwal Nauki KATOWICE\">\r\n                            <\/div>\r\n                            <span>\u015al\u0105ski Festiwal Nauki KATOWICE<\/span>\r\n                        <\/a>\r\n                        <a href=\"http:\/\/przystaneknauka.us.edu.pl\/\" title=\"Przystanek Nauka\"\r\n                         class=\"logos-blocks__item carousel-slide\">\r\n                            <div class=\"logos-blocks__img\">\r\n                                <img src=\"https:\/\/us.edu.pl\/instytut\/ih\/wp-content\/uploads\/sites\/24\/ikonki\/pn.png\" alt=\"Przystanek Nauka\">\r\n                            <\/div>\r\n                            <span>Przystanek Nauka<\/span>\r\n                        <\/a>\r\n                        <a href=\"https:\/\/us.edu.pl\/instytut\/ih\/konferencje\/vii-kongres-mediewistow-polskich\/\" title=\"Kongres Mediewist\u00f3w Polskich\"\r\n                         class=\"logos-blocks__item carousel-slide\">\r\n                            <div class=\"logos-blocks__img\">\r\n                                <img src=\"https:\/\/us.edu.pl\/instytut\/ih\/wp-content\/uploads\/sites\/24\/ikonki\/spotkania.png\" alt=\"Kongres Mediewist\u00f3w Polskich\">\r\n                            <\/div>\r\n                            <span>Kongres Mediewist\u00f3w Polskich<\/span>\r\n                        <\/a>\r\n                        <a href=\"https:\/\/us.edu.pl\/event-categories\/konferencje\/\" title=\"Konferencje naukowe\"\r\n                         class=\"logos-blocks__item carousel-slide\">\r\n                            <div class=\"logos-blocks__img\">\r\n                                <img src=\"https:\/\/us.edu.pl\/instytut\/ih\/wp-content\/uploads\/sites\/24\/ikonki\/spotkania.png\" alt=\"Konferencje naukowe\">\r\n                            <\/div>\r\n                            <span>Konferencje naukowe<\/span>\r\n                        <\/a>\r\n                        <a href=\"https:\/\/www.wydawnictwo.us.edu.pl\/\" title=\"Wydawnictwo\"\r\n                         class=\"logos-blocks__item carousel-slide\">\r\n                            <div class=\"logos-blocks__img\">\r\n                                <img src=\"https:\/\/us.edu.pl\/instytut\/ih\/wp-content\/uploads\/sites\/24\/ikonki\/ksiazka.png\" alt=\"Wydawnictwo\">\r\n                            <\/div>\r\n                            <span>Wydawnictwo<\/span>\r\n                        <\/a>\r\n                        <a href=\"https:\/\/www.ciniba.edu.pl\/\" title=\"Biblioteka\"\r\n                         class=\"logos-blocks__item carousel-slide\">\r\n                            <div class=\"logos-blocks__img\">\r\n                                <img src=\"https:\/\/us.edu.pl\/instytut\/ih\/wp-content\/uploads\/sites\/24\/ikonki\/ksiazki.png\" alt=\"Biblioteka\">\r\n                            <\/div>\r\n                            <span>Biblioteka<\/span>\r\n                        <\/a> \r\n                           \r\n                        <\/div>\r\n                    <\/div>\r\n                <\/div>[\/vc_column][\/vc_row][vc_row][vc_column]\r\n\r\n            <div class=\"blocks\" style=\"text-align: \">\r\n               <div class=\"container\">\r\n                  \r\n                  <div class=\"row m-0 blocks_4\">\r\n                  \r\n                     <a href=\"https:\/\/us.edu.pl\/pracownik\/sprawy-naukowe\/strefa-projektow\/\" class=\"thumbnail blocks__item\" style=\"background-image: url(https:\/\/us.edu.pl\/instytut\/ih\/wp-content\/uploads\/sites\/24\/Nieprzypisane\/girl-3718521_640.pixabay.jpg)\">\r\n                        <span>wi\u0119cej<\/span>\r\n                        <div class=\"blocks__bottom\">\r\n                        <div class=\"blocks__title\">Projekty i konkursy <\/div>\r\n                        \r\n                        <\/div>\r\n                     <\/a>\r\n                  \r\n                     <a href=\"https:\/\/pp.us.edu.pl\/\" class=\"thumbnail blocks__item\" style=\"background-image: url(https:\/\/us.edu.pl\/instytut\/ih\/wp-content\/uploads\/sites\/24\/Nieprzypisane\/apple-1851464_640.pixabay.jpg)\">\r\n                        <span>wi\u0119cej<\/span>\r\n                        <div class=\"blocks__bottom\">\r\n                        <div class=\"blocks__title\">Portal Pracownika<\/div>\r\n                        \r\n                        <\/div>\r\n                     <\/a>\r\n                  \r\n                     <a href=\"https:\/\/rebus.us.edu.pl\/\" class=\"thumbnail blocks__item\" style=\"background-image: url(https:\/\/us.edu.pl\/instytut\/ih\/wp-content\/uploads\/sites\/24\/Nieprzypisane\/cinoba6-300x200.jpg)\">\r\n                        <span>wi\u0119cej<\/span>\r\n                        <div class=\"blocks__bottom\">\r\n                        <div class=\"blocks__title\">Repozytorium U\u015a<\/div>\r\n                        \r\n                        <\/div>\r\n                     <\/a>\r\n                  \r\n                     <a href=\"https:\/\/konstytucjadlanauki.gov.pl\/pobierz-ustawe \" class=\"thumbnail blocks__item\" style=\"background-image: url(https:\/\/us.edu.pl\/instytut\/ih\/wp-content\/uploads\/sites\/24\/Nieprzypisane\/hammer-719066_640pixabay..jpg)\">\r\n                        <span>wi\u0119cej<\/span>\r\n                        <div class=\"blocks__bottom\">\r\n                        <div class=\"blocks__title\">Ustawa 2.0<\/div>\r\n                        \r\n                        <\/div>\r\n                     <\/a><\/div>     \r\n               <\/div>\r\n            <\/div>[\/vc_column][\/vc_row]<\/p>","protected":false},"excerpt":{"rendered":"<p>[vc_row][vc_column][vc_empty_space][\/vc_column][\/vc_row][vc_row][vc_column][\/vc_column][\/vc_row] [&#8230;]<\/p>\n<p><a class=\"btn btn-secondary understrap-read-more-link\" href=\"https:\/\/us.edu.pl\/instytut\/ih\/2020\/11\/06\/rozpoczynamy-cykl-scena-premier-naukowych-ksiazki\/\">Read More&#8230;<\/a><\/p>\n","protected":false},"author":24,"featured_media":0,"parent":0,"menu_order":35,"comment_status":"closed","ping_status":"closed","template":"page-templates\/index-template.php","meta":{"_expiration-date-status":"","_expiration-date":0,"_expiration-date-type":"","_expiration-date-categories":[],"_expiration-date-options":[]},"acf":[],"_links":{"self":[{"href":"https:\/\/us.edu.pl\/instytut\/ih\/wp-json\/wp\/v2\/pages\/6"}],"collection":[{"href":"https:\/\/us.edu.pl\/instytut\/ih\/wp-json\/wp\/v2\/pages"}],"about":[{"href":"https:\/\/us.edu.pl\/instytut\/ih\/wp-json\/wp\/v2\/types\/page"}],"author":[{"embeddable":true,"href":"https:\/\/us.edu.pl\/instytut\/ih\/wp-json\/wp\/v2\/users\/24"}],"replies":[{"embeddable":true,"href":"https:\/\/us.edu.pl\/instytut\/ih\/wp-json\/wp\/v2\/comments?post=6"}],"version-history":[{"count":11,"href":"https:\/\/us.edu.pl\/instytut\/ih\/wp-json\/wp\/v2\/pages\/6\/revisions"}],"predecessor-version":[{"id":5980,"href":"https:\/\/us.edu.pl\/instytut\/ih\/wp-json\/wp\/v2\/pages\/6\/revisions\/5980"}],"wp:attachment":[{"href":"https:\/\/us.edu.pl\/instytut\/ih\/wp-json\/wp\/v2\/media?parent=6"}],"curies":[{"name":"wp","href":"https:\/\/api.w.org\/{rel}","templated":true}]}}