{"id":3923,"date":"2025-05-22T11:21:37","date_gmt":"2025-05-22T09:21:37","guid":{"rendered":"https:\/\/us.edu.pl\/instytut\/iib\/?page_id=3923"},"modified":"2025-05-27T09:20:24","modified_gmt":"2025-05-27T07:20:24","slug":"dr-hab-a-swinarew-prof-us-awf-wystapienie","status":"publish","type":"page","link":"https:\/\/us.edu.pl\/instytut\/iib\/dr-hab-a-swinarew-prof-us-awf-wystapienie\/","title":{"rendered":"Dr hab. A. Swinarew, prof. U\u015a, AWF &#8211; wyst\u0105pienie"},"content":{"rendered":"<p>[vc_row][vc_column][vc_column_text][\/vc_column_text][\/vc_column][\/vc_row][vc_row][vc_column]\r\n                <div class=\"text-modules\">\r\n                    <div class=\"container\">\r\n                        \r\n                        <div class=\"text-modules__content\"><p><em><strong>Wykorzystanie materia\u0142\u00f3w nowej generacji i technologii membranowych w zewn\u0105trzustrojowych systemach utlenowania krwi<\/strong><\/em><\/p>\n<p>Andrzej Swinarew<sup>*1,2<\/sup>, Jadwiga Gabor<sup>1<\/sup>, Szymon Skoczy\u0144ski<sup>3<\/sup>, Grzegorz Bro\u017cek <sup>4 <\/sup>, Magdalena Popczyk<sup>1<\/sup>, Katarzyna Mizia-Stec<sup>5<\/sup>, Ewa Trejnowska<sup>6<\/sup><\/p>\n<p>1) Wydzia\u0142 Nauk \u015acis\u0142ych i Technicznych, Uniwersytet \u015al\u0105ski, ul. 75 Pu\u0142ku Piechoty 1A, 41-500 Chorz\u00f3w, Polska<\/p>\n<p>2) Instytut Nauk o Sporcie, Akademia Wychowania Fizycznego im. Jerzego Kukuczki, ul. Miko\u0142owska 72A, 40-065 Katowice, Polska<\/p>\n<p>3) Katedra Pneumonologii, Wydzia\u0142 Nauk Medycznych w Katowicach, \u015al\u0105ski Uniwersytet Medyczny w Katowicach, Polska<\/p>\n<p>4) Katedra Epidemiologii, Wydzia\u0142 Nauk Medycznych w Katowicach, \u015al\u0105ski Uniwersytet Medyczny w Katowicach, Polska<\/p>\n<p>5) I Katedra i Klinika Kardiologii, Wydzia\u0142 Lekarski w Katowicach, \u015al\u0105ski Uniwersytet Medyczny w Katowicach, Polska<\/p>\n<p>6) Katedra Anestezjologii i Intensywnej Terapii Kardiochirurgicznej, \u015al\u0105skie Centrum Chor\u00f3b Serca w Zabrzu, Wydzia\u0142 Nauk Medycznych w Zabrzu, \u015al\u0105ski Uniwersytet Medyczny, 40-752 Katowice, Polska<\/p>\n<p>*<a href=\"mailto:andrzej.swinarew@us.edu.pl\"><em>andrzej.swinarew@us.edu.pl<\/em><\/a><\/p>\n<p>Niewydolno\u015b\u0107 kr\u0105\u017ceniowo-oddechowa nadal pozostaje jedn\u0105 z g\u0142\u00f3wnych przyczyn zgon\u00f3w na \u015bwiecie, pomimo istotnego post\u0119pu w zakresie intensywnej terapii. W\u015br\u00f3d technologii ratuj\u0105cych \u017cycie szczeg\u00f3ln\u0105 rol\u0119 odgrywa pozaustrojowe utlenowanie krwi (ECMO), kt\u00f3re stanowi kluczow\u0105 metod\u0119 terapeutyczn\u0105 w leczeniu ci\u0119\u017ckiej niewydolno\u015bci serca i\/lub p\u0142uc, opornej na leczenie konwencjonalne. Mimo to, wska\u017aniki prze\u017cywalno\u015bci pacjent\u00f3w poddawanych terapii ECMO pozostaj\u0105 niezadowalaj\u0105ce, g\u0142\u00f3wnie z powodu powik\u0142a\u0144 systemowych zwi\u0105zanych z obecnymi projektami oksygenator\u00f3w oraz zastosowanymi materia\u0142ami membranowymi. Do podstawowych ogranicze\u0144 wsp\u00f3\u0142czesnych system\u00f3w ECMO nale\u017c\u0105 zaburzenia hemostazy (objawiaj\u0105ce si\u0119 zakrzepic\u0105 lub krwawieniami), biozgodno\u015b\u0107 oksydacyjna oraz zwi\u0119kszone ryzyko zaka\u017ce\u0144 szpitalnych. W tym kontek\u015bcie przedstawiamy now\u0105 klas\u0119 biofunkcjonalnych materia\u0142\u00f3w membranowych, zaprojektowanych w celu przeciwdzia\u0142ania tym problemom patofizjologicznym poprzez integracj\u0119 przepuszczalno\u015bci gazowej, dzia\u0142ania przeciwzapalnego, przeciwzakrzepowego oraz regulacji porowato\u015bci w jednej kompozytowej strukturze. Ta platforma membranowa nowej generacji jest wytwarzana na bazie organicznej matrycy polimerowej z wbudowanymi terapeutycznymi mikrorezerwuarami. Rezerwuary te s\u0105 cz\u0119\u015bciowo wype\u0142nione (w 40\u201360%) farmakologicznie aktywnymi substancjami przeciwzakrzepowymi \u2013 w tym albumin\u0105, heparyn\u0105, argatrobanem, biwalirudyn\u0105 lub fondaparynuksem \u2013 co umo\u017cliwia kontrolowane, dyfuzyjne uwalnianie leku w trakcie u\u017cytkowania membrany w obiegu ECMO. Dynamiczne uwalnianie substancji czynnych zachodzi r\u00f3wnocze\u015bnie ze wzrostem liczby otwartych por\u00f3w, co zwi\u0119ksza dost\u0119pn\u0105 powierzchni\u0119 wymiany gazowej i optymalizuje tempo transferu tlenu podczas ca\u0142ego okresu leczenia. Ta adaptacyjna funkcjonalno\u015b\u0107 zosta\u0142a obj\u0119ta ochron\u0105 patentow\u0105 \u2013 zar\u00f3wno w Polsce (patent nr PL 240236), jak i w ramach mi\u0119dzynarodowego zg\u0142oszenia patentowego PCT\/IB2021\/061016.<\/p>\n<p>Uzupe\u0142nieniem tej innowacji biochemicznej jest radykalnie przeprojektowana geometria oksygenatora, kt\u00f3ra eliminuje konieczno\u015b\u0107 stosowania tradycyjnych przek\u0142adek kieruj\u0105cych przep\u0142ywem, jednocze\u015bnie poprawiaj\u0105c parametry hemodynamiczne. Modu\u0142 wymiany gazowej zawiera pod\u0142u\u017cnie skonfigurowan\u0105 komor\u0119 przep\u0142ywow\u0105, w kt\u00f3rej p\u00f3\u0142przepuszczalne w\u0142\u00f3kna kapilarne u\u0142o\u017cone s\u0105 w helikalne wi\u0105zki skr\u0119cone pod k\u0105tem od 90\u00b0 do 360\u00b0, rozmieszczone r\u00f3wnolegle do g\u0142\u00f3wnej osi przep\u0142ywu. Taka organizacja przestrzenna nie tylko utrzymuje przep\u0142yw laminarny, ale tak\u017ce sprzyja wymianie przeciwpr\u0105dowej, co ma kluczowe znaczenie dla maksymalizacji dostarczania tlenu oraz usuwania dwutlenku w\u0119gla. System zakotwiczenia kapilar oraz ukierunkowania przep\u0142ywu zosta\u0142 precyzyjnie zaprojektowany tak, aby zapewni\u0107 stabilno\u015b\u0107 strukturaln\u0105, zredukowa\u0107 turbulencje przep\u0142ywu, skr\u00f3ci\u0107 czas przebywania krwi w module oraz ograniczy\u0107 powstawanie mikrozakrzep\u00f3w indukowanych przez przep\u0142yw. Kumulacja powy\u017cszych innowacji mo\u017ce przyczyni\u0107 si\u0119 do znacz\u0105cego ograniczenia potrzeby og\u00f3lnoustrojowej antykoagulacji, zmniejszenia odpowiedzi zapalnej wywo\u0142ywanej przez oksygenator oraz poprawy d\u0142ugoterminowej hemokompatybilno\u015bci. Co wi\u0119cej, oczekuje si\u0119, \u017ce architektura oksygenatora, wsp\u00f3\u0142dzia\u0142aj\u0105ca z aktywn\u0105 powierzchni\u0105 membrany, pozwoli na obni\u017cenie gradient\u00f3w ci\u015bnienia transmembranowego oraz ci\u015bnie\u0144 parcjalnych tlenu, zwi\u0119kszaj\u0105c tym samym og\u00f3ln\u0105 skuteczno\u015b\u0107 i bezpiecze\u0144stwo terapii ECMO. Innowacje te zosta\u0142y potwierdzone szeregiem mi\u0119dzynarodowych zg\u0142osze\u0144 patentowych: PCT\/IB2021\/061010, PCT\/IB2021\/061015, PCT\/IB2021\/061016 oraz PCT\/IB2021\/061017.<\/p>\n<p>Cho\u0107 badania walidacyjne w modelach przedklinicznych s\u0105 w toku, wst\u0119pne dane in vitro sugeruj\u0105, \u017ce przedstawiona platforma ma potencja\u0142, by zrewolucjonizowa\u0107 standard opieki w terapii ECMO \u2013 zw\u0142aszcza w przypadkach wymagaj\u0105cych d\u0142ugotrwa\u0142ego pozaustrojowego wsparcia. Wdro\u017cenie tego typu inteligentnych system\u00f3w membranowo-oksygenatorowych mo\u017ce doprowadzi\u0107 do prze\u0142omu w intensywnej terapii, \u0142\u0105cz\u0105c w praktyce osi\u0105gni\u0119cia in\u017cynierii materia\u0142owej, biologii oraz medycyny klinicznej uk\u0142adu sercowo-p\u0142ucnego.<\/p>\n<\/div>\r\n                    <\/div>\r\n                <\/div>[\/vc_column][\/vc_row][vc_row][vc_column][vc_column_text][\/vc_column_text][\/vc_column][\/vc_row][vc_row][vc_column]            \r\n                \r\n                <div class=\"container\">\r\n                     <div class=\"gallery-big \">\r\n                        \r\n                        <div class=\"row m-0\">\r\n                        <a data-fancybox=\"1082\" href=\"https:\/\/us.edu.pl\/instytut\/iib\/wp-content\/uploads\/sites\/41\/2025\/05\/6-1.jpg\"\r\n                        title=\"Wyst\u0105pienie dra hab. A. Swinarewa, prof. U\u015a, AWF \/ fot. S. Stach\" \r\n                        class=\"gallery-big__item gallery-big__item_big thumbnail\"\r\n                        style=\"background-image: url(https:\/\/us.edu.pl\/instytut\/iib\/wp-content\/uploads\/sites\/41\/2025\/05\/6-1-1024x768.jpg)\"><span class=\"d-none\">https:\/\/us.edu.pl\/instytut\/iib\/wp-content\/uploads\/sites\/41\/2025\/05\/6-1.jpg<\/span><\/a><div class=\"gallery-big__small-items\">\r\n                        <a data-fancybox=\"1082\" href=\"https:\/\/us.edu.pl\/instytut\/iib\/wp-content\/uploads\/sites\/41\/2025\/05\/5-1.jpg\"\r\n                        title=\"Wyst\u0105pienie dra hab. A. Swinarewa, prof. U\u015a, AWF \/ fot. S. Stach\" \r\n                        class=\"gallery-big__item  thumbnail\"\r\n                        style=\"background-image: url(https:\/\/us.edu.pl\/instytut\/iib\/wp-content\/uploads\/sites\/41\/2025\/05\/5-1-1024x768.jpg)\"><span class=\"d-none\">https:\/\/us.edu.pl\/instytut\/iib\/wp-content\/uploads\/sites\/41\/2025\/05\/5-1.jpg<\/span><\/a>\r\n                        <a data-fancybox=\"1082\" href=\"https:\/\/us.edu.pl\/instytut\/iib\/wp-content\/uploads\/sites\/41\/2025\/05\/8.jpg\"\r\n                        title=\"Wyst\u0105pienie dra hab. A. Swinarewa, prof. U\u015a, AWF \/ fot. S. Stach\" \r\n                        class=\"gallery-big__item  thumbnail\"\r\n                        style=\"background-image: url(https:\/\/us.edu.pl\/instytut\/iib\/wp-content\/uploads\/sites\/41\/2025\/05\/8-1024x576.jpg)\"><span class=\"d-none\">https:\/\/us.edu.pl\/instytut\/iib\/wp-content\/uploads\/sites\/41\/2025\/05\/8.jpg<\/span><\/a><\/div><\/div>\r\n                    <\/div>\r\n                <\/div>[\/vc_column][\/vc_row]<\/p>","protected":false},"excerpt":{"rendered":"<p>[vc_row][vc_column][vc_column_text][\/vc_column_text][\/vc_column][\/vc_row][vc_row][vc_column][\/vc_column][\/vc_row][vc_row][vc_column][vc_column_text][\/vc_column_text][\/vc_column][\/vc_row][vc_row][vc_column][\/vc_column][\/vc_row] [&#8230;]<\/p>\n<p><a class=\"btn btn-secondary understrap-read-more-link\" href=\"https:\/\/us.edu.pl\/instytut\/iib\/dr-hab-a-swinarew-prof-us-awf-wystapienie\/\">Read More&#8230;<\/a><\/p>\n","protected":false},"author":128,"featured_media":0,"parent":0,"menu_order":0,"comment_status":"closed","ping_status":"closed","template":"","meta":{"_expiration-date-status":"","_expiration-date":0,"_expiration-date-type":"","_expiration-date-categories":[],"_expiration-date-options":[]},"acf":[],"_links":{"self":[{"href":"https:\/\/us.edu.pl\/instytut\/iib\/wp-json\/wp\/v2\/pages\/3923"}],"collection":[{"href":"https:\/\/us.edu.pl\/instytut\/iib\/wp-json\/wp\/v2\/pages"}],"about":[{"href":"https:\/\/us.edu.pl\/instytut\/iib\/wp-json\/wp\/v2\/types\/page"}],"author":[{"embeddable":true,"href":"https:\/\/us.edu.pl\/instytut\/iib\/wp-json\/wp\/v2\/users\/128"}],"replies":[{"embeddable":true,"href":"https:\/\/us.edu.pl\/instytut\/iib\/wp-json\/wp\/v2\/comments?post=3923"}],"version-history":[{"count":2,"href":"https:\/\/us.edu.pl\/instytut\/iib\/wp-json\/wp\/v2\/pages\/3923\/revisions"}],"predecessor-version":[{"id":4127,"href":"https:\/\/us.edu.pl\/instytut\/iib\/wp-json\/wp\/v2\/pages\/3923\/revisions\/4127"}],"wp:attachment":[{"href":"https:\/\/us.edu.pl\/instytut\/iib\/wp-json\/wp\/v2\/media?parent=3923"}],"curies":[{"name":"wp","href":"https:\/\/api.w.org\/{rel}","templated":true}]}}