{"id":912,"date":"2020-06-04T12:27:39","date_gmt":"2020-06-04T10:27:39","guid":{"rendered":"https:\/\/us.edu.pl\/instytut\/iib\/?page_id=912"},"modified":"2020-12-04T13:09:23","modified_gmt":"2020-12-04T12:09:23","slug":"galeria-zdjec","status":"publish","type":"page","link":"https:\/\/us.edu.pl\/instytut\/iib\/strona-glowna\/galeria-zdjec\/","title":{"rendered":"Galeria zdj\u0119\u0107"},"content":{"rendered":"<p>[vc_row][vc_column]            \r\n                    <div class=\"container\">\r\n                        <div class=\"gallery gallery_3\" data-images-in-row=\"3\">\r\n                            <div class=\"section-title section-title_border-bottom\">Galeria Laboratori\u00f3w Instytutu In\u017cynierii Biomedycznej<\/div>\r\n                            <div class=\"row m-0\">\r\n                                <a data-fancybox-group=\"button\" title=\"\" data-fancybox=\"2356\" href=\"https:\/\/us.edu.pl\/instytut\/iib\/wp-content\/uploads\/sites\/41\/Nieprzypisane\/DSC00845.jpg\" class=\"gallery__item thumbnail\"\r\n                                    style=\"background-image: url(https:\/\/us.edu.pl\/instytut\/iib\/wp-content\/uploads\/sites\/41\/Nieprzypisane\/DSC00845-1024x714.jpg)\"> <span class=\"d-none\">https:\/\/us.edu.pl\/instytut\/iib\/wp-content\/uploads\/sites\/41\/Nieprzypisane\/DSC00845.jpg<\/span> <\/a><a data-fancybox-group=\"button\" title=\"Budynek Wydzia\u0142u Nauk \u015acis\u0142ych i Technicznych przy ul. B\u0119dzi\u0144skiej 39, siedziba Instytutu In\u017cynierii Biomedycznej, fot. M. Kasprzyk\" data-fancybox=\"2356\" href=\"https:\/\/us.edu.pl\/instytut\/iib\/wp-content\/uploads\/sites\/41\/Nieprzypisane\/DSC00842.jpg\" class=\"gallery__item thumbnail\"\r\n                                    style=\"background-image: url(https:\/\/us.edu.pl\/instytut\/iib\/wp-content\/uploads\/sites\/41\/Nieprzypisane\/DSC00842-768x1024.jpg)\"> <span class=\"d-none\">https:\/\/us.edu.pl\/instytut\/iib\/wp-content\/uploads\/sites\/41\/Nieprzypisane\/DSC00842.jpg<\/span> <\/a><a data-fancybox-group=\"button\" title=\"\" data-fancybox=\"2356\" href=\"https:\/\/us.edu.pl\/instytut\/iib\/wp-content\/uploads\/sites\/41\/Nieprzypisane\/DSC00851.jpg\" class=\"gallery__item thumbnail\"\r\n                                    style=\"background-image: url(https:\/\/us.edu.pl\/instytut\/iib\/wp-content\/uploads\/sites\/41\/Nieprzypisane\/DSC00851-1024x768.jpg)\"> <span class=\"d-none\">https:\/\/us.edu.pl\/instytut\/iib\/wp-content\/uploads\/sites\/41\/Nieprzypisane\/DSC00851.jpg<\/span> <\/a><a data-fancybox-group=\"button\" title=\"Budynek Wydzia\u0142u Nauk \u015acis\u0142ych i Technicznych przy ul. B\u0119dzi\u0144skiej 39, siedziba Instytutu In\u017cynierii Biomedycznej, fot. M. Kasprzyk\" data-fancybox=\"2356\" href=\"https:\/\/us.edu.pl\/instytut\/iib\/wp-content\/uploads\/sites\/41\/Nieprzypisane\/DSC00847.jpg\" class=\"gallery__item thumbnail\"\r\n                                    style=\"background-image: url(https:\/\/us.edu.pl\/instytut\/iib\/wp-content\/uploads\/sites\/41\/Nieprzypisane\/DSC00847-1024x739.jpg)\"> <span class=\"d-none\">https:\/\/us.edu.pl\/instytut\/iib\/wp-content\/uploads\/sites\/41\/Nieprzypisane\/DSC00847.jpg<\/span> <\/a><a data-fancybox-group=\"button\" title=\"Wej\u015bcie do siedziby Instytutu In\u017cynierii Biomedycznej, fot. M. Kasprzyk\" data-fancybox=\"2356\" href=\"https:\/\/us.edu.pl\/instytut\/iib\/wp-content\/uploads\/sites\/41\/Nieprzypisane\/DSC00766.jpg\" class=\"gallery__item thumbnail\"\r\n                                    style=\"background-image: url(https:\/\/us.edu.pl\/instytut\/iib\/wp-content\/uploads\/sites\/41\/Nieprzypisane\/DSC00766-685x1024.jpg)\"> <span class=\"d-none\">https:\/\/us.edu.pl\/instytut\/iib\/wp-content\/uploads\/sites\/41\/Nieprzypisane\/DSC00766.jpg<\/span> <\/a><a data-fancybox-group=\"button\" title=\"Witamy w Instytucie In\u017cynierii Biomedycznej, fot. M. Kasprzyk\" data-fancybox=\"2356\" href=\"https:\/\/us.edu.pl\/instytut\/iib\/wp-content\/uploads\/sites\/41\/Nieprzypisane\/DSC00765.jpg\" class=\"gallery__item thumbnail\"\r\n                                    style=\"background-image: url(https:\/\/us.edu.pl\/instytut\/iib\/wp-content\/uploads\/sites\/41\/Nieprzypisane\/DSC00765-1024x768.jpg)\"> <span class=\"d-none\">https:\/\/us.edu.pl\/instytut\/iib\/wp-content\/uploads\/sites\/41\/Nieprzypisane\/DSC00765.jpg<\/span> <\/a><a data-fancybox-group=\"button\" title=\"Urz\u0105dzenia znajduj\u0105ce si\u0119 w &quot;Centrum konstruowania i szybkiego prototypowania&quot;, fot. M. Kasprzyk\" data-fancybox=\"2356\" href=\"https:\/\/us.edu.pl\/instytut\/iib\/wp-content\/uploads\/sites\/41\/Nieprzypisane\/DSC00861.jpg\" class=\"gallery__item thumbnail\"\r\n                                    style=\"background-image: url(https:\/\/us.edu.pl\/instytut\/iib\/wp-content\/uploads\/sites\/41\/Nieprzypisane\/DSC00861-1024x691.jpg)\"> <span class=\"d-none\">https:\/\/us.edu.pl\/instytut\/iib\/wp-content\/uploads\/sites\/41\/Nieprzypisane\/DSC00861.jpg<\/span> <\/a><a data-fancybox-group=\"button\" title=\"Urz\u0105dzenia znajduj\u0105ce si\u0119 w &quot;Centrum konstruowania i szybkiego prototypowania&quot;, fot. M. Kasprzyk\" data-fancybox=\"2356\" href=\"https:\/\/us.edu.pl\/instytut\/iib\/wp-content\/uploads\/sites\/41\/Nieprzypisane\/DSC00858.jpg\" class=\"gallery__item thumbnail\"\r\n                                    style=\"background-image: url(https:\/\/us.edu.pl\/instytut\/iib\/wp-content\/uploads\/sites\/41\/Nieprzypisane\/DSC00858-1024x692.jpg)\"> <span class=\"d-none\">https:\/\/us.edu.pl\/instytut\/iib\/wp-content\/uploads\/sites\/41\/Nieprzypisane\/DSC00858.jpg<\/span> <\/a><a data-fancybox-group=\"button\" title=\"Urz\u0105dzenia znajduj\u0105ce si\u0119 w &quot;Centrum konstruowania i szybkiego prototypowania&quot;, fot. M. Kasprzyk\" data-fancybox=\"2356\" href=\"https:\/\/us.edu.pl\/instytut\/iib\/wp-content\/uploads\/sites\/41\/Nieprzypisane\/DSC00855.jpg\" class=\"gallery__item thumbnail\"\r\n                                    style=\"background-image: url(https:\/\/us.edu.pl\/instytut\/iib\/wp-content\/uploads\/sites\/41\/Nieprzypisane\/DSC00855-1024x694.jpg)\"> <span class=\"d-none\">https:\/\/us.edu.pl\/instytut\/iib\/wp-content\/uploads\/sites\/41\/Nieprzypisane\/DSC00855.jpg<\/span> <\/a><a data-fancybox-group=\"button\" title=\"Urz\u0105dzenia znajduj\u0105ce si\u0119 w &quot;Centrum konstruowania i szybkiego prototypowania&quot;, fot. M. Kasprzyk\" data-fancybox=\"2356\" href=\"https:\/\/us.edu.pl\/instytut\/iib\/wp-content\/uploads\/sites\/41\/Nieprzypisane\/DSC00857.jpg\" class=\"gallery__item thumbnail\"\r\n                                    style=\"background-image: url(https:\/\/us.edu.pl\/instytut\/iib\/wp-content\/uploads\/sites\/41\/Nieprzypisane\/DSC00857-1024x768.jpg)\"> <span class=\"d-none\">https:\/\/us.edu.pl\/instytut\/iib\/wp-content\/uploads\/sites\/41\/Nieprzypisane\/DSC00857.jpg<\/span> <\/a><a data-fancybox-group=\"button\" title=\"Urz\u0105dzenia znajduj\u0105ce si\u0119 w &quot;Centrum konstruowania i szybkiego prototypowania&quot;, fot. M. Kasprzyk\" data-fancybox=\"2356\" href=\"https:\/\/us.edu.pl\/instytut\/iib\/wp-content\/uploads\/sites\/41\/Nieprzypisane\/DSC00859.jpg\" class=\"gallery__item thumbnail\"\r\n                                    style=\"background-image: url(https:\/\/us.edu.pl\/instytut\/iib\/wp-content\/uploads\/sites\/41\/Nieprzypisane\/DSC00859-1024x670.jpg)\"> <span class=\"d-none\">https:\/\/us.edu.pl\/instytut\/iib\/wp-content\/uploads\/sites\/41\/Nieprzypisane\/DSC00859.jpg<\/span> <\/a><a data-fancybox-group=\"button\" title=\"Urz\u0105dzenia znajduj\u0105ce si\u0119 w &quot;Centrum konstruowania i szybkiego prototypowania&quot;, fot. M. Kasprzyk\" data-fancybox=\"2356\" href=\"https:\/\/us.edu.pl\/instytut\/iib\/wp-content\/uploads\/sites\/41\/Nieprzypisane\/DSC00860.jpg\" class=\"gallery__item thumbnail\"\r\n                                    style=\"background-image: url(https:\/\/us.edu.pl\/instytut\/iib\/wp-content\/uploads\/sites\/41\/Nieprzypisane\/DSC00860-1024x610.jpg)\"> <span class=\"d-none\">https:\/\/us.edu.pl\/instytut\/iib\/wp-content\/uploads\/sites\/41\/Nieprzypisane\/DSC00860.jpg<\/span> <\/a><a data-fancybox-group=\"button\" title=\"&quot;Laboratorium ilo\u015bciowej analizy i modelowania powierzchni biomateria\u0142\u00f3w&quot; \/ fot. S. Stach\" data-fancybox=\"2356\" href=\"https:\/\/us.edu.pl\/instytut\/iib\/wp-content\/uploads\/sites\/41\/Nieprzypisane\/100559351_3410339728995821_1425788718316257280_o.jpg\" class=\"gallery__item thumbnail\"\r\n                                    style=\"background-image: url(https:\/\/us.edu.pl\/instytut\/iib\/wp-content\/uploads\/sites\/41\/Nieprzypisane\/100559351_3410339728995821_1425788718316257280_o-1024x768.jpg)\"> <span class=\"d-none\">https:\/\/us.edu.pl\/instytut\/iib\/wp-content\/uploads\/sites\/41\/Nieprzypisane\/100559351_3410339728995821_1425788718316257280_o.jpg<\/span> <\/a><a data-fancybox-group=\"button\" title=\"Drukarki 3D znajduj\u0105ce si\u0119 w &quot;Laboratorium modelowania, projektowania i rekonstrukcji&quot;, fot. M. Kasprzyk\" data-fancybox=\"2356\" href=\"https:\/\/us.edu.pl\/instytut\/iib\/wp-content\/uploads\/sites\/41\/Nieprzypisane\/DSC00771-1.jpg\" class=\"gallery__item thumbnail\"\r\n                                    style=\"background-image: url(https:\/\/us.edu.pl\/instytut\/iib\/wp-content\/uploads\/sites\/41\/Nieprzypisane\/DSC00771-1-1024x747.jpg)\"> <span class=\"d-none\">https:\/\/us.edu.pl\/instytut\/iib\/wp-content\/uploads\/sites\/41\/Nieprzypisane\/DSC00771-1.jpg<\/span> <\/a><a data-fancybox-group=\"button\" title=\"Drukarki 3D znajduj\u0105ce si\u0119 w &quot;Laboratorium modelowania, projektowania i rekonstrukcji&quot;, fot. M. Kasprzyk\" data-fancybox=\"2356\" href=\"https:\/\/us.edu.pl\/instytut\/iib\/wp-content\/uploads\/sites\/41\/Nieprzypisane\/DSC00820.jpg\" class=\"gallery__item thumbnail\"\r\n                                    style=\"background-image: url(https:\/\/us.edu.pl\/instytut\/iib\/wp-content\/uploads\/sites\/41\/Nieprzypisane\/DSC00820-1024x768.jpg)\"> <span class=\"d-none\">https:\/\/us.edu.pl\/instytut\/iib\/wp-content\/uploads\/sites\/41\/Nieprzypisane\/DSC00820.jpg<\/span> <\/a><a data-fancybox-group=\"button\" title=\"&quot;Laboratorium modelowania, projektowania i rekonstrukcji&quot; \/ &quot;Laboratorium robotyki, metrologii i urz\u0105dze\u0144 pomiarowych&quot;, fot. M. Kasprzyk\" data-fancybox=\"2356\" href=\"https:\/\/us.edu.pl\/instytut\/iib\/wp-content\/uploads\/sites\/41\/Nieprzypisane\/DSC00816.jpg\" class=\"gallery__item thumbnail\"\r\n                                    style=\"background-image: url(https:\/\/us.edu.pl\/instytut\/iib\/wp-content\/uploads\/sites\/41\/Nieprzypisane\/DSC00816-1024x768.jpg)\"> <span class=\"d-none\">https:\/\/us.edu.pl\/instytut\/iib\/wp-content\/uploads\/sites\/41\/Nieprzypisane\/DSC00816.jpg<\/span> <\/a><a data-fancybox-group=\"button\" title=\"&quot;Laboratorium system\u00f3w sterowania i techniki sensorowej&quot;, fot. M. Kasprzyk\" data-fancybox=\"2356\" href=\"https:\/\/us.edu.pl\/instytut\/iib\/wp-content\/uploads\/sites\/41\/Nieprzypisane\/DSC00822.jpg\" class=\"gallery__item thumbnail\"\r\n                                    style=\"background-image: url(https:\/\/us.edu.pl\/instytut\/iib\/wp-content\/uploads\/sites\/41\/Nieprzypisane\/DSC00822-1024x741.jpg)\"> <span class=\"d-none\">https:\/\/us.edu.pl\/instytut\/iib\/wp-content\/uploads\/sites\/41\/Nieprzypisane\/DSC00822.jpg<\/span> <\/a><a data-fancybox-group=\"button\" title=\"Wyposa\u017cenie &quot;Laboratorium system\u00f3w sterowania i techniki sensorowej&quot;, fot. M. Kasprzyk\" data-fancybox=\"2356\" href=\"https:\/\/us.edu.pl\/instytut\/iib\/wp-content\/uploads\/sites\/41\/Nieprzypisane\/DSC00825.jpg\" class=\"gallery__item thumbnail\"\r\n                                    style=\"background-image: url(https:\/\/us.edu.pl\/instytut\/iib\/wp-content\/uploads\/sites\/41\/Nieprzypisane\/DSC00825-937x1024.jpg)\"> <span class=\"d-none\">https:\/\/us.edu.pl\/instytut\/iib\/wp-content\/uploads\/sites\/41\/Nieprzypisane\/DSC00825.jpg<\/span> <\/a><a data-fancybox-group=\"button\" title=\"Wyposa\u017cenie &quot;Laboratorium system\u00f3w sterowania i techniki sensorowej&quot;, fot. M. Kasprzyk\" data-fancybox=\"2356\" href=\"https:\/\/us.edu.pl\/instytut\/iib\/wp-content\/uploads\/sites\/41\/Nieprzypisane\/DSC00827.jpg\" class=\"gallery__item thumbnail\"\r\n                                    style=\"background-image: url(https:\/\/us.edu.pl\/instytut\/iib\/wp-content\/uploads\/sites\/41\/Nieprzypisane\/DSC00827-1024x768.jpg)\"> <span class=\"d-none\">https:\/\/us.edu.pl\/instytut\/iib\/wp-content\/uploads\/sites\/41\/Nieprzypisane\/DSC00827.jpg<\/span> <\/a><a data-fancybox-group=\"button\" title=\"Wyposa\u017cenie &quot;Laboratorium tekstroniki&quot; \/ &quot;Laboratorium wirtualnej rzeczywisto\u015bci i technologii interaktywnych&quot;, fot. M. Kasprzyk\" data-fancybox=\"2356\" href=\"https:\/\/us.edu.pl\/instytut\/iib\/wp-content\/uploads\/sites\/41\/Nieprzypisane\/DSC00830.jpg\" class=\"gallery__item thumbnail\"\r\n                                    style=\"background-image: url(https:\/\/us.edu.pl\/instytut\/iib\/wp-content\/uploads\/sites\/41\/Nieprzypisane\/DSC00830-1024x768.jpg)\"> <span class=\"d-none\">https:\/\/us.edu.pl\/instytut\/iib\/wp-content\/uploads\/sites\/41\/Nieprzypisane\/DSC00830.jpg<\/span> <\/a><a data-fancybox-group=\"button\" title=\"Wyposa\u017cenie &quot;Laboratorium tekstroniki&quot; \/ &quot;Laboratorium wirtualnej rzeczywisto\u015bci i technologii interaktywnych&quot;, fot. M. Kasprzyk\" data-fancybox=\"2356\" href=\"https:\/\/us.edu.pl\/instytut\/iib\/wp-content\/uploads\/sites\/41\/Nieprzypisane\/DSC00831.jpg\" class=\"gallery__item thumbnail\"\r\n                                    style=\"background-image: url(https:\/\/us.edu.pl\/instytut\/iib\/wp-content\/uploads\/sites\/41\/Nieprzypisane\/DSC00831-1024x768.jpg)\"> <span class=\"d-none\">https:\/\/us.edu.pl\/instytut\/iib\/wp-content\/uploads\/sites\/41\/Nieprzypisane\/DSC00831.jpg<\/span> <\/a><a data-fancybox-group=\"button\" title=\"Wyposa\u017cenie &quot;Laboratorium tekstroniki&quot; \/ &quot;Laboratorium wirtualnej rzeczywisto\u015bci i technologii interaktywnych&quot;, fot. M. Kasprzyk\" data-fancybox=\"2356\" href=\"https:\/\/us.edu.pl\/instytut\/iib\/wp-content\/uploads\/sites\/41\/Nieprzypisane\/DSC00832.jpg\" class=\"gallery__item thumbnail\"\r\n                                    style=\"background-image: url(https:\/\/us.edu.pl\/instytut\/iib\/wp-content\/uploads\/sites\/41\/Nieprzypisane\/DSC00832-1024x768.jpg)\"> <span class=\"d-none\">https:\/\/us.edu.pl\/instytut\/iib\/wp-content\/uploads\/sites\/41\/Nieprzypisane\/DSC00832.jpg<\/span> <\/a><a data-fancybox-group=\"button\" title=\"Wyposa\u017cenie &quot;Laboratorium tekstroniki&quot; \/ &quot;Laboratorium wirtualnej rzeczywisto\u015bci i technologii interaktywnych&quot;, fot. M. Kasprzyk\" data-fancybox=\"2356\" href=\"https:\/\/us.edu.pl\/instytut\/iib\/wp-content\/uploads\/sites\/41\/Nieprzypisane\/DSC00833.jpg\" class=\"gallery__item thumbnail\"\r\n                                    style=\"background-image: url(https:\/\/us.edu.pl\/instytut\/iib\/wp-content\/uploads\/sites\/41\/Nieprzypisane\/DSC00833-768x1024.jpg)\"> <span class=\"d-none\">https:\/\/us.edu.pl\/instytut\/iib\/wp-content\/uploads\/sites\/41\/Nieprzypisane\/DSC00833.jpg<\/span> <\/a><a data-fancybox-group=\"button\" title=\"Wyposa\u017cenie &quot;Laboratorium tekstroniki&quot; \/ &quot;Laboratorium wirtualnej rzeczywisto\u015bci i technologii interaktywnych&quot;, fot. M. Kasprzyk\" data-fancybox=\"2356\" href=\"https:\/\/us.edu.pl\/instytut\/iib\/wp-content\/uploads\/sites\/41\/Nieprzypisane\/DSC00834.jpg\" class=\"gallery__item thumbnail\"\r\n                                    style=\"background-image: url(https:\/\/us.edu.pl\/instytut\/iib\/wp-content\/uploads\/sites\/41\/Nieprzypisane\/DSC00834-726x1024.jpg)\"> <span class=\"d-none\">https:\/\/us.edu.pl\/instytut\/iib\/wp-content\/uploads\/sites\/41\/Nieprzypisane\/DSC00834.jpg<\/span> <\/a><a data-fancybox-group=\"button\" title=\"Wyposa\u017cenie &quot;Laboratorium inteligentnych system\u00f3w automatyki&quot; \/ &quot;Laboratorium implant\u00f3w i sztucznych narz\u0105d\u00f3w&quot;, fot. M. Kasprzyk\" data-fancybox=\"2356\" href=\"https:\/\/us.edu.pl\/instytut\/iib\/wp-content\/uploads\/sites\/41\/Nieprzypisane\/DSC00863.jpg\" class=\"gallery__item thumbnail\"\r\n                                    style=\"background-image: url(https:\/\/us.edu.pl\/instytut\/iib\/wp-content\/uploads\/sites\/41\/Nieprzypisane\/DSC00863-1024x768.jpg)\"> <span class=\"d-none\">https:\/\/us.edu.pl\/instytut\/iib\/wp-content\/uploads\/sites\/41\/Nieprzypisane\/DSC00863.jpg<\/span> <\/a><a data-fancybox-group=\"button\" title=\"&quot;Laboratorium g\u0142\u0119bokiego uczenia, sieci neuronowych i uczenia maszynowego&quot;, fot. M. Kasprzyk\" data-fancybox=\"2356\" href=\"https:\/\/us.edu.pl\/instytut\/iib\/wp-content\/uploads\/sites\/41\/Nieprzypisane\/DSC00866.jpg\" class=\"gallery__item thumbnail\"\r\n                                    style=\"background-image: url(https:\/\/us.edu.pl\/instytut\/iib\/wp-content\/uploads\/sites\/41\/Nieprzypisane\/DSC00866-1024x768.jpg)\"> <span class=\"d-none\">https:\/\/us.edu.pl\/instytut\/iib\/wp-content\/uploads\/sites\/41\/Nieprzypisane\/DSC00866.jpg<\/span> <\/a><a data-fancybox-group=\"button\" title=\"&quot;Laboratorium komputerowego przetwarzania i wizualizacji danych biomedycznych&quot;, fot. M. Kasprzyk\" data-fancybox=\"2356\" href=\"https:\/\/us.edu.pl\/instytut\/iib\/wp-content\/uploads\/sites\/41\/Nieprzypisane\/DSC00870.jpg\" class=\"gallery__item thumbnail\"\r\n                                    style=\"background-image: url(https:\/\/us.edu.pl\/instytut\/iib\/wp-content\/uploads\/sites\/41\/Nieprzypisane\/DSC00870-1024x768.jpg)\"> <span class=\"d-none\">https:\/\/us.edu.pl\/instytut\/iib\/wp-content\/uploads\/sites\/41\/Nieprzypisane\/DSC00870.jpg<\/span> <\/a><a data-fancybox-group=\"button\" title=\"Sala wyk\u0142adowa, fot. M. Kasprzyk\" data-fancybox=\"2356\" href=\"https:\/\/us.edu.pl\/instytut\/iib\/wp-content\/uploads\/sites\/41\/Nieprzypisane\/DSC00872.jpg\" class=\"gallery__item thumbnail\"\r\n                                    style=\"background-image: url(https:\/\/us.edu.pl\/instytut\/iib\/wp-content\/uploads\/sites\/41\/Nieprzypisane\/DSC00872-1024x768.jpg)\"> <span class=\"d-none\">https:\/\/us.edu.pl\/instytut\/iib\/wp-content\/uploads\/sites\/41\/Nieprzypisane\/DSC00872.jpg<\/span> <\/a><a data-fancybox-group=\"button\" title=\"&quot;Laboratorium przetwarzania oraz analizy obraz\u00f3w i wideo&quot;, fot. M. Kasprzyk\" data-fancybox=\"2356\" href=\"https:\/\/us.edu.pl\/instytut\/iib\/wp-content\/uploads\/sites\/41\/Nieprzypisane\/DSC00874.jpg\" class=\"gallery__item thumbnail\"\r\n                                    style=\"background-image: url(https:\/\/us.edu.pl\/instytut\/iib\/wp-content\/uploads\/sites\/41\/Nieprzypisane\/DSC00874-1024x768.jpg)\"> <span class=\"d-none\">https:\/\/us.edu.pl\/instytut\/iib\/wp-content\/uploads\/sites\/41\/Nieprzypisane\/DSC00874.jpg<\/span> <\/a><a data-fancybox-group=\"button\" title=\"Laboratorium elektronicznych i informatycznych technologii komunikacyjnych i mobilnych, fot. M. Kasprzyk\" data-fancybox=\"2356\" href=\"https:\/\/us.edu.pl\/instytut\/iib\/wp-content\/uploads\/sites\/41\/Nieprzypisane\/DSC00837.jpg\" class=\"gallery__item thumbnail\"\r\n                                    style=\"background-image: url(https:\/\/us.edu.pl\/instytut\/iib\/wp-content\/uploads\/sites\/41\/Nieprzypisane\/DSC00837-768x1024.jpg)\"> <span class=\"d-none\">https:\/\/us.edu.pl\/instytut\/iib\/wp-content\/uploads\/sites\/41\/Nieprzypisane\/DSC00837.jpg<\/span> <\/a>\r\n                            <\/div>\r\n                    <\/div>\r\n                <\/div>[\/vc_column][\/vc_row]<\/p>","protected":false},"excerpt":{"rendered":"<p>[vc_row][vc_column][\/vc_column][\/vc_row] [&#8230;]<\/p>\n<p><a class=\"btn btn-secondary understrap-read-more-link\" href=\"https:\/\/us.edu.pl\/instytut\/iib\/strona-glowna\/galeria-zdjec\/\">Read More&#8230;<\/a><\/p>\n","protected":false},"author":128,"featured_media":0,"parent":6,"menu_order":5,"comment_status":"closed","ping_status":"closed","template":"page-templates\/inner-page.php","meta":{"_expiration-date-status":"saved","_expiration-date":0,"_expiration-date-type":"","_expiration-date-categories":[],"_expiration-date-options":[]},"acf":[],"_links":{"self":[{"href":"https:\/\/us.edu.pl\/instytut\/iib\/wp-json\/wp\/v2\/pages\/912"}],"collection":[{"href":"https:\/\/us.edu.pl\/instytut\/iib\/wp-json\/wp\/v2\/pages"}],"about":[{"href":"https:\/\/us.edu.pl\/instytut\/iib\/wp-json\/wp\/v2\/types\/page"}],"author":[{"embeddable":true,"href":"https:\/\/us.edu.pl\/instytut\/iib\/wp-json\/wp\/v2\/users\/128"}],"replies":[{"embeddable":true,"href":"https:\/\/us.edu.pl\/instytut\/iib\/wp-json\/wp\/v2\/comments?post=912"}],"version-history":[{"count":13,"href":"https:\/\/us.edu.pl\/instytut\/iib\/wp-json\/wp\/v2\/pages\/912\/revisions"}],"predecessor-version":[{"id":1144,"href":"https:\/\/us.edu.pl\/instytut\/iib\/wp-json\/wp\/v2\/pages\/912\/revisions\/1144"}],"up":[{"embeddable":true,"href":"https:\/\/us.edu.pl\/instytut\/iib\/wp-json\/wp\/v2\/pages\/6"}],"wp:attachment":[{"href":"https:\/\/us.edu.pl\/instytut\/iib\/wp-json\/wp\/v2\/media?parent=912"}],"curies":[{"name":"wp","href":"https:\/\/api.w.org\/{rel}","templated":true}]}}