{"id":2177,"date":"2023-10-07T15:20:25","date_gmt":"2023-10-07T13:20:25","guid":{"rendered":"https:\/\/us.edu.pl\/instytut\/iim\/?page_id=2177"},"modified":"2026-03-24T11:39:59","modified_gmt":"2026-03-24T10:39:59","slug":"pracownia-anihilacji-pozytonow","status":"publish","type":"page","link":"https:\/\/us.edu.pl\/instytut\/iim\/nauka-badania\/laboratoria-pracownie\/pracownia-anihilacji-pozytonow\/","title":{"rendered":"Pracownia Anihilacji Pozyton\u00f3w"},"content":{"rendered":"<p>[vc_row][vc_column][vc_tta_tour][vc_tta_section title=&#8221;O pracowni&#8221; tab_id=&#8221;1645113822652-dbfa6435-85b9&#8243;]\r\n                <div class=\"text-modules\">\r\n                    <div class=\"container\">\r\n                        \r\n                        <div class=\"text-modules__content\"><p>W pracowni prowadzone s\u0105 pomiary czasu \u017cycia pozyton\u00f3w w cia\u0142ach sta\u0142ych w formie litej lub sproszkowanej. Badania mog\u0105 by\u0107 prowadzone w zr\u00f3\u017cnicowanej temperaturze z zakresu od 173 K do 573 K oraz w wysokiej pr\u00f3\u017cni si\u0119gaj\u0105cej 10<sup>-6<\/sup> bara.<\/p>\n<p>Wyniki pomiar\u00f3w dostarczaj\u0105 informacji o wielko\u015bci i rozk\u0142adzie obj\u0119to\u015bci w polimerach oraz wielko\u015bci por\u00f3w w materia\u0142ach mikroporowatych w zakresie wielko\u015bci od r<sub>h<\/sub>\u00a0\u2248\u00a01,5\u00a0\u00c5 do r<sub>h<\/sub> \u2248 100 \u00c5. Technika badawcza pozwala r\u00f3wnie\u017c na opis struktury defektowej w zakresie detekcji defekt\u00f3w struktury krystalicznej w materia\u0142ach metalicznych.<\/p>\n<p>Laboratorium jest r\u00f3wnie\u017c wyposa\u017cone w skaner do pomiaru poziom\u00f3w promieniowania \u03b1, \u03b2, \u03b3 i rentgenowskiego<\/p>\n<\/div>\r\n                    <\/div>\r\n                <\/div>[\/vc_tta_section][vc_tta_section title=&#8221;Wyposa\u017cenie&#8221; tab_id=&#8221;1645113822678-51a69647-60ce&#8221;]\r\n                <div class=\"text-modules\">\r\n                    <div class=\"container\">\r\n                        \r\n                        <div class=\"text-modules__content\"><p>Wyposa\u017cenie pracowni<\/p>\n<ul>\n<li><strong>Spektrometr czasu \u017cycia pozyton\u00f3w<\/strong> wraz z komor\u0105 do pomiar\u00f3w temperautrowych wyposa\u017cony w pomp\u0119 pr\u00f3\u017cniow\u0105 pozwalaj\u0105c\u0105 na uzyskanie pr\u00f3\u017cni na poziomie 10<sup>-6<\/sup> bara. Rozdzielczo\u015b\u0107 czasowa spektrometru wynosi 240 ps. Badania na spektrometrze prowadzone s\u0105 z wykorzystaniem \u017ar\u00f3d\u0142a promieniotw\u00f3rczego <sup>22<\/sup>Na.<\/li>\n<li><strong>Skaner promieniowania VOLTCRAFT RM-400<\/strong> o wysokiej czu\u0142o\u015bci do wykrywania i pomiaru poziom\u00f3w promieniowania \u03b1, \u03b2, \u03b3 i rentgenowskiego w zakresie dawki promieniowania 0,01 mSv\/h do 1000 mSv\/h, cz\u0119stotliwo\u015bci dawki impuls\u00f3w 0-4000 cpm, 0-400 cps, nagromadzonej dawki promieniowania od 0,001mSv do 9999 Sv i nagromadzonej dawki impuls\u00f3w od 0 do 9999. Czu\u0142o\u015b\u0107 urz\u0105dzenia w \u015brodowisku promieniowania Co-60 o nat\u0119\u017ceniu 1mSv\/h: 108 impuls\u00f3w lub 1000 cpm\/mR\/h wynosi dla pormieniowania a od 4 MeV, dla b od 0,2 MeV, dla g od 0,02 MeV, dla rentgenowskiego od 0,02 MeV.<\/li>\n<li><strong>Przeno\u015bny miernik pr\u00f3\u017cni THERMOVAC TM 101<\/strong> do pomiaru pr\u00f3\u017cni w zakresie od 1200 do 5,0 x 10<sup>-4<\/sup> mbar<\/li>\n<\/ul>\n<p>\n<\/div>\r\n                    <\/div>\r\n                <\/div>[\/vc_tta_section][vc_tta_section title=&#8221;Oprogramowanie&#8221; tab_id=&#8221;1774268347131-17d8a2e7-8d5d&#8221;]\r\n            <div class=\"container\">  \r\n                <div class=\"lists-with-links\">\r\n                    <div class=\"section-title\"><\/div>\r\n                   <div class=\"lists-with-links__items lists-1\"><ul class=\"angle-list\"> <div class=\"angle-list__title\">Oprogramowanie LT do analizy danych eksperymentalnych w spektrometrii czasu \u017cycia pozyton\u00f3w (PALS)<\/div><li> <a href=\"\/wp-content\/uploads\/sites\/42\/soft\/LT_10.zip\"> Najnowsza wersja programu: LT10 <\/a> <\/li><li> <a href=\"\/wp-content\/uploads\/sites\/42\/soft\/LT_92.zip\"> Wcze\u015bniejsza wersja programu: LT9.2 <\/a> <\/li><\/ul><ul class=\"angle-list\"> <div class=\"angle-list__title\">Aplikacja do przygotowania widm czasu \u017cycia pozyton\u00f3w rejestrowanych przy u\u017cyciu analizatora TUKAN 9K do analizy w programach LT<\/div><li> <a href=\"\/wp-content\/uploads\/sites\/42\/soft\/SpectraNorms_New.zip\"> SpectraNorms <\/a> <\/li><\/ul><\/div>\r\n                <\/div>\r\n            <\/div>[\/vc_tta_section][vc_tta_section title=&#8221;Kontakt&#8221; tab_id=&#8221;1645114857460-4a308e45-b163&#8243;]<div class='container'><div class=\"people-section\"><div class=\"section-title\">Kierownik laboratorium: <\/div><div class=\"people-loop people-loop_\">\r\n            <div  class=\"people-loop-post\">\r\n               \r\n               <div class=\"people-loop-post__content\" >\r\n                     <div class=\"people-loop-post__prof\" >   <\/div >\r\n                     <div class=\"people-loop-post__title\" > Ko\u0142odziej S\u0142awomir<\/div >\r\n                     <div class=\"people-loop-post__position\" > <\/div >\r\n                     <a class=\"link-button\"  href=\"https:\/\/us.edu.pl\/instytut\/iim\/osoby\/kolodziej-slawomir\/\">Biogram<\/a>\r\n               <\/div>\r\n            <\/div> <\/div><\/div><\/div>[\/vc_tta_section][\/vc_tta_tour]            \r\n                    <div class=\"container\">\r\n                        <div class=\"gallery gallery_2\" data-images-in-row=\"2\">\r\n                            <div class=\"section-title section-title_border-bottom\">Galeria<\/div>\r\n                            <div class=\"row m-0\">\r\n                                <a data-fancybox-group=\"button\" title=\"Spektrometr czasu \u017cycia pozyton\u00f3w z komor\u0105 do bada\u0144 temperaturowych\" data-fancybox=\"7605\" href=\"https:\/\/us.edu.pl\/instytut\/iim\/wp-content\/uploads\/sites\/42\/obrazy-strony\/laboratoria\/papoz\/papoz-01-scaled.jpg\" class=\"gallery__item thumbnail\"\r\n                                    style=\"background-image: url(https:\/\/us.edu.pl\/instytut\/iim\/wp-content\/uploads\/sites\/42\/obrazy-strony\/laboratoria\/papoz\/papoz-01-1024x593.jpg)\"> <span class=\"d-none\">https:\/\/us.edu.pl\/instytut\/iim\/wp-content\/uploads\/sites\/42\/obrazy-strony\/laboratoria\/papoz\/papoz-01-scaled.jpg<\/span> <\/a>\r\n                            <\/div>\r\n                    <\/div>\r\n                <\/div>[\/vc_column][\/vc_row]<\/p>","protected":false},"excerpt":{"rendered":"<p>[vc_row][vc_column][vc_tta_tour][vc_tta_section title=&#8221;O pracowni&#8221; tab_id=&#8221;1645113822652-dbfa6435-85b9&#8243;][\/vc_tta_section][vc_tta_section title=&#8221;Wyposa\u017cenie&#8221; tab_id=&#8221;1645113822678-51a69647-60ce&#8221;][\/vc_tta_section][vc_tta_section title=&#8221;Oprogramowanie&#8221; tab_id=&#8221;1774268347131-17d8a2e7-8d5d&#8221;][\/vc_tta_section][vc_tta_section title=&#8221;Kontakt&#8221; tab_id=&#8221;1645114857460-4a308e45-b163&#8243;][\/vc_tta_section][\/vc_tta_tour][\/vc_column][\/vc_row] [&#8230;]<\/p>\n<p><a class=\"btn btn-secondary understrap-read-more-link\" href=\"https:\/\/us.edu.pl\/instytut\/iim\/osoby\/wygoda-roksana\/\">Read More&#8230;<\/a><\/p>\n","protected":false},"author":825,"featured_media":4497,"parent":691,"menu_order":13,"comment_status":"closed","ping_status":"closed","template":"page-templates\/inner-page.php","meta":{"_expiration-date-status":"","_expiration-date":0,"_expiration-date-type":"","_expiration-date-categories":[],"_expiration-date-options":[]},"acf":[],"_links":{"self":[{"href":"https:\/\/us.edu.pl\/instytut\/iim\/wp-json\/wp\/v2\/pages\/2177"}],"collection":[{"href":"https:\/\/us.edu.pl\/instytut\/iim\/wp-json\/wp\/v2\/pages"}],"about":[{"href":"https:\/\/us.edu.pl\/instytut\/iim\/wp-json\/wp\/v2\/types\/page"}],"author":[{"embeddable":true,"href":"https:\/\/us.edu.pl\/instytut\/iim\/wp-json\/wp\/v2\/users\/825"}],"replies":[{"embeddable":true,"href":"https:\/\/us.edu.pl\/instytut\/iim\/wp-json\/wp\/v2\/comments?post=2177"}],"version-history":[{"count":10,"href":"https:\/\/us.edu.pl\/instytut\/iim\/wp-json\/wp\/v2\/pages\/2177\/revisions"}],"predecessor-version":[{"id":4564,"href":"https:\/\/us.edu.pl\/instytut\/iim\/wp-json\/wp\/v2\/pages\/2177\/revisions\/4564"}],"up":[{"embeddable":true,"href":"https:\/\/us.edu.pl\/instytut\/iim\/wp-json\/wp\/v2\/pages\/691"}],"wp:featuredmedia":[{"embeddable":true,"href":"https:\/\/us.edu.pl\/instytut\/iim\/wp-json\/wp\/v2\/media\/4497"}],"wp:attachment":[{"href":"https:\/\/us.edu.pl\/instytut\/iim\/wp-json\/wp\/v2\/media?parent=2177"}],"curies":[{"name":"wp","href":"https:\/\/api.w.org\/{rel}","templated":true}]}}