{"id":301,"date":"2020-01-22T18:04:15","date_gmt":"2020-01-22T17:04:15","guid":{"rendered":"http:\/\/us.edu.pl\/instytut\/iim\/?page_id=301"},"modified":"2026-04-23T07:41:06","modified_gmt":"2026-04-23T05:41:06","slug":"strona-glowna","status":"publish","type":"page","link":"https:\/\/us.edu.pl\/instytut\/iim\/","title":{"rendered":"Strona g\u0142\u00f3wna"},"content":{"rendered":"<p>[vc_row][vc_column]\n            <div data-autotime=\"15\" class=\"slider  color_white bg_\" >\n                  <div class=\"slide slide_css\">\n                     <div class=\"slide__content_container container\">\n                        <div class=\"slide__content\">\n                           <a href=\"\" class=\"slide__link\">\n                              <div class=\"slide__title\">Witamy na stronach Instytutu In\u017cynierii Materia\u0142owej<\/div>\n                              <div class=\"slide__text\">Chorz\u00f3w, ul. 75 Pu\u0142ku Piechoty 1a<\/div>\n                           <\/a>\n                        <\/div>\n                     <\/div>\n                     <a href=\"\" class=\"slide__img thumbnail\"\n                           style=\"background-image: url('https:\/\/us.edu.pl\/instytut\/iim\/wp-content\/uploads\/sites\/42\/Nieprzypisane\/front-1095x575.png')\">\n                           <span class=\"d-none\">Witamy na stronach Instytutu In\u017cynierii Materia\u0142owej Chorz\u00f3w, ul. 75 Pu\u0142ku Piechoty 1a<\/span>\n                     <\/a>\n                  <\/div>\n                  <div class=\"slide slide_css\">\n                     <div class=\"slide__content_container container\">\n                        <div class=\"slide__content\">\n                           <a href=\"\" class=\"slide__link\">\n                              <div class=\"slide__title\">Witamy na stronach Instytutu In\u017cynierii Materia\u0142owej<\/div>\n                              <div class=\"slide__text\">Sosnowiec, ul. \u017bytnia 12<\/div>\n                           <\/a>\n                        <\/div>\n                     <\/div>\n                     <a href=\"\" class=\"slide__img thumbnail\"\n                           style=\"background-image: url('https:\/\/us.edu.pl\/instytut\/iim\/wp-content\/uploads\/sites\/42\/2020\/01\/sosnowiec-iim-1095x575.png')\">\n                           <span class=\"d-none\">Witamy na stronach Instytutu In\u017cynierii Materia\u0142owej Sosnowiec, ul. \u017bytnia 12<\/span>\n                     <\/a>\n                  <\/div>\n                <div class=\"slider__controls\">\n                    <div class=\"slider__dots\"><\/div>\n                    <div class=\"slider__actions\">\n                        <a href=\"#\" class=\"arrow\" data-direction=\"prev\" title=\"poprzedni slajd\">\n                            <em class=\"ci ci-arrow-left\"><\/em>\n                            <span class=\"d-none\">control<\/span>\n                        <\/a>\n            \n                        <a href=\"#\" class=\"start-pause\" data-action=\"stop\" title=\"wstrzymaj poruszanie si\u0119 slajd\u00f3w\">\n                            <em class=\"ci ci-pause\"><\/em>\n                            <span class=\"d-none\">control<\/span>\n                        <\/a>\n            \n                       \n                        <a href=\"#\" class=\"arrow\" data-direction=\"next\"  title=\"Kolejny slajd\" >\n                            <em class=\"ci ci-arrow-right\"><\/em>\n                            <span class=\"d-none\">control<\/span>\n                        <\/a>\n                    <\/div>\n                <\/div>\n            <\/div>[vc_empty_space][\/vc_column][\/vc_row][vc_row el_class=&#8221;container&#8221;][vc_column width=&#8221;3\/4&#8243;]\n\t\t\t\t<input type=\"hidden\" name=\"promoted_only\" value=\"\">\n\t\t\t\t<input type=\"hidden\" name=\"order\" value=\"DESC\">\n\t\t\t\t<input type=\"hidden\" name=\"order_by\" value=\"post_date\">\n\n\t\t\t\t<div class=\"article-loop loop-section article-loop_tall color-blue\" style=\"background: \">\n\t\t\t\t\t <div class=\"container \">\n\t\t\t\t\t \t<div class=\"col-12 article-loop-gutter-left\">\n\t\t\t\t\t\t  <div class=\"article-loop-top loop-section-top\">\n\t\t\t\t\t\t\t\t<h2 class=\"section-title\">Wiadomo\u015bci<\/h2><div class=\"article-loop-top_right loop-section-top__right\" >    <a href = \"https:\/\/us.edu.pl\/instytut\/iim\/category\/wiadomosci\/\" class=\"link-button \" > Wszystko<\/a><\/div>  \n\t\t\t\t\t\t  <\/div>\n\t\t\t\t\t\t  <div class=\"article-loop-main carousel\" data-home-url=\"https:\/\/us.edu.pl\/instytut\/iim\" >\n\t\t\t\t\t\t\t\t<a href = \"#\" data-slide = \"prev\" title=\"przesu\u0144 pasek Wiadomo\u015bciw lewo\" class=\"arrow\" >\n\t\t\t\t\t\t\t\t\t <em class=\"ci ci-arrow-left\" ><\/em >\n\t\t\t\t\t\t\t\t\t <span class=\"d-none\" > arrow<\/span >\n\t\t\t\t\t\t\t\t<\/a>\n\t \n\t\t\t\t\t\t\t\t<a href = \"#\" data-slide = \"next\" title=\"przesu\u0144 pasek Wiadomo\u015bci w prawo\" class=\"arrow\" >\n\t\t\t\t\t\t\t\t\t <em class=\"ci ci-arrow-right\" ><\/em >\n\t\t\t\t\t\t\t\t\t <span class=\"d-none\" > arrow<\/span >\n\t\t\t\t\t\t\t\t<\/a>\n\t\t\t\t\t\t\t\t<div class=\"row items\" >\n\t\t\t\t\t\t\t\t\t \r\n            <article class=\"article-loop-post carousel-slide\">\r\n                <a href=\"https:\/\/us.edu.pl\/instytut\/iim\/2026\/zmarla-ewa-stelmaszczyk\/\" class=\"article-loop-post__thumbnail thumbnail\"\r\n                    style=\"background-image: url(https:\/\/us.edu.pl\/instytut\/iim\/wp-content\/uploads\/sites\/42\/2020\/09\/rip-300x174.jpg)\">\r\n                    <span>wi\u0119cej<\/span>\r\n                <\/a>\r\n\r\n                <div class=\"article-loop-post__content\">\r\n                    <h3 class=\"article-loop-post__title\">\r\n                        <a href=\"https:\/\/us.edu.pl\/instytut\/iim\/2026\/zmarla-ewa-stelmaszczyk\/\">Zmar\u0142a Ewa Stelmaszczyk<\/a>\r\n                    <\/h3>\r\n            \r\n                    <div class=\"article-loop-post__categories\">\r\n                        <a href=\"https:\/\/us.edu.pl\/instytut\/iim\/category\/wiadomosci\/ku-pamieci\/\">ku pami\u0119ci<\/a>\r\n                    <\/div>    \r\n                <\/div>\r\n            <\/article>\r\n        \r\n            <article class=\"article-loop-post carousel-slide\">\r\n                <a href=\"https:\/\/indico.us.edu.pl\/event\/59\/registrations\/\" class=\"article-loop-post__thumbnail thumbnail\"\r\n                    style=\"background-image: url(https:\/\/us.edu.pl\/instytut\/iim\/wp-content\/uploads\/sites\/42\/obrazy-wiadomosci\/2026-ODIM.png)\">\r\n                    <span>wi\u0119cej<\/span>\r\n                <\/a>\r\n\r\n                <div class=\"article-loop-post__content\">\r\n                    <h3 class=\"article-loop-post__title\">\r\n                        <a href=\"https:\/\/indico.us.edu.pl\/event\/59\/registrations\/\">Rejestracja na Og\u00f3lnopolski Dzie\u0144 In\u017cynierii Materia\u0142owej otwarta<\/a>\r\n                    <\/h3>\r\n            \r\n                    <div class=\"article-loop-post__categories\">\r\n                        <a href=\"https:\/\/us.edu.pl\/instytut\/iim\/category\/wiadomosci\/popularnonaukowe\/\">Popularnonaukowe<\/a><a href=\"https:\/\/us.edu.pl\/instytut\/iim\/category\/wiadomosci\/\">Wiadomo\u015bci<\/a>\r\n                    <\/div>    \r\n                <\/div>\r\n            <\/article>\r\n        \r\n            <article class=\"article-loop-post carousel-slide\">\r\n                <a href=\"https:\/\/us.edu.pl\/wydzial\/wnst\/2025\/11\/25\/5-badaczy-z-wnst-z-finansowaniem-w-konkursie-miniatura-9-ncn\/\" class=\"article-loop-post__thumbnail thumbnail\"\r\n                    style=\"background-image: url(https:\/\/us.edu.pl\/instytut\/iim\/wp-content\/uploads\/sites\/42\/obrazy-wiadomosci\/ncn-300x180.png)\">\r\n                    <span>wi\u0119cej<\/span>\r\n                <\/a>\r\n\r\n                <div class=\"article-loop-post__content\">\r\n                    <h3 class=\"article-loop-post__title\">\r\n                        <a href=\"https:\/\/us.edu.pl\/wydzial\/wnst\/2025\/11\/25\/5-badaczy-z-wnst-z-finansowaniem-w-konkursie-miniatura-9-ncn\/\">Projekty badaczy Instytutu z finansowaniem NCN<\/a>\r\n                    <\/h3>\r\n            \r\n                    <div class=\"article-loop-post__categories\">\r\n                        <a href=\"https:\/\/us.edu.pl\/instytut\/iim\/category\/osiagniecia\/\">Osi\u0105gni\u0119cia<\/a><a href=\"https:\/\/us.edu.pl\/instytut\/iim\/category\/wiadomosci\/\">Wiadomo\u015bci<\/a>\r\n                    <\/div>    \r\n                <\/div>\r\n            <\/article>\r\n        \n\t\t\t\t\t\t\t\t<\/div>\n\t\t\t\t\t\t  <\/div>\n\t\t\t\t\t <\/div>\n\t\t\t\t\t <\/div>\n\t\t\t\t<\/div>[vc_text_separator title=&#8221;Kilka s\u0142\u00f3w o In\u017cynierii Materia\u0142owej&#8221; i_icon_fontawesome=&#8221;fa fa-cubes&#8221; border_width=&#8221;5&#8243; css_animation=&#8221;none&#8221; add_icon=&#8221;true&#8221; el_class=&#8221;text-modules__content&#8221;][vc_row_inner][vc_column_inner width=&#8221;1\/3&#8243;][vc_video link=&#8221;https:\/\/youtu.be\/IK9k09GlanQ?t=1&#8243; title=&#8221;Nowoczesne materia\u0142y okiem mikroskopu elektronowego&#8221;][\/vc_column_inner][vc_column_inner width=&#8221;1\/3&#8243;][vc_video link=&#8221;https:\/\/youtu.be\/6PSYQxcs4Ro&#8221; title=&#8221;Fascynuj\u0105cy \u015bwiat hydro\u017celi &#8211; nie tylko w medycynie&#8221;][\/vc_column_inner][vc_column_inner width=&#8221;1\/3&#8243;][vc_video link=&#8221;https:\/\/youtu.be\/O0CjJKgOl2U&#8221; title=&#8221;Materia\u0142y z pami\u0119ci\u0105 kszta\u0142tu &#8211; CiekaWywiad&#8221;][\/vc_column_inner][\/vc_row_inner]\r\n\r\n            <div class=\"blocks\" style=\"text-align: \">\r\n               <div class=\"container\">\r\n                  \r\n                  <div class=\"row m-0 blocks_3\">\r\n                  \r\n                     <a href=\"https:\/\/us.edu.pl\/wydzial\/wnst\/category\/kartka-z-kalendarza\/\" class=\"thumbnail blocks__item\" style=\"background-image: url(https:\/\/us.edu.pl\/instytut\/iim\/wp-content\/uploads\/sites\/42\/obrazy-strony\/kartka-z-kalendarza.png)\">\r\n                        <span>wi\u0119cej<\/span>\r\n                        <div class=\"blocks__bottom\">\r\n                        <div class=\"blocks__title\">Kartka z kalendarza<\/div>\r\n                        <div class=\"blocks__subtitle\">Nietypowe \u015bwi\u0119ta oczami naukowc\u00f3w<\/div>\r\n                        <\/div>\r\n                     <\/a>\r\n                  \r\n                     <a href=\"https:\/\/us.edu.pl\/wydzial\/wnst\/category\/nauka-moja-pasja\/\" class=\"thumbnail blocks__item\" style=\"background-image: url(https:\/\/us.edu.pl\/instytut\/iim\/wp-content\/uploads\/sites\/42\/2021\/12\/NaukaMojaPasja.png)\">\r\n                        <span>wi\u0119cej<\/span>\r\n                        <div class=\"blocks__bottom\">\r\n                        <div class=\"blocks__title\">Nauka, moja pasja<\/div>\r\n                        <div class=\"blocks__subtitle\">Jak to si\u0119 zacz\u0119\u0142o<\/div>\r\n                        <\/div>\r\n                     <\/a><\/div>     \r\n               <\/div>\r\n            <\/div>[\/vc_column][vc_column width=&#8221;1\/4&#8243;][vc_single_image image=&#8221;4016&#8243; img_size=&#8221;200&#215;250&#8243; add_caption=&#8221;yes&#8221; alignment=&#8221;center&#8221; onclick=&#8221;custom_link&#8221; img_link_target=&#8221;_blank&#8221; link=&#8221;https:\/\/us.edu.pl\/instytut\/iim\/greenmat-nowe-technologie-materialowe-w-kierunku-zielonej-transformacji-regionu\/&#8221; title=&#8221;Projekt GreenMat&#8221;][vc_single_image image=&#8221;670&#8243; img_size=&#8221;full&#8221; alignment=&#8221;center&#8221; onclick=&#8221;custom_link&#8221; title=&#8221;Laboratoria akredytowane&#8221; link=&#8221;\/instytut\/iim\/nauka-badania\/laboratoria-pracownie\/laboratoria-akredytowane\/&#8221;][vc_single_image image=&#8221;4578&#8243; img_size=&#8221;medium&#8221; alignment=&#8221;center&#8221; onclick=&#8221;custom_link&#8221; img_link_target=&#8221;_blank&#8221; link=&#8221;https:\/\/www.mdpi.com\/journal\/crystals\/special_issues\/8Q402OCA48&#8243;]\r\n            \r\n            <div class=\"events-loop loop-section color-blue\" style=\"background: \">\r\n                <div class=\"container\">\r\n                    <div class=\"events-loop-top loop-section-top\">\r\n                        <h2 class=\"section-title\">\r\n                            Kalendarium\r\n                        <\/h2><div class=\"event-loop-top_right loop-section-top__right\">\r\n                                        <a href=\"https:\/\/us.edu.pl\/instytut\/iim\/event\/\" class=\"link-button \">Wszystko<\/a>\r\n                                    <\/div>\r\n                    <\/div>\r\n            \r\n                    <div class=\"events-loop-main\">\r\n                        <div class=\"row m-0\">    \r\n                    <article class=\"events-loop-post-container\" >\r\n                        <a href = \"https:\/\/us.edu.pl\/wydzial\/wnst\/event\/xvi-seminarium-naukowe-aktualne-problemy-chemii-analitycznej\/\" class=\"events-loop-post\" >\r\n                            <div class=\"events-loop-post__date\" >\r\n                                <div class=\"events-loop-post__month\" > Maj<\/div >\r\n                                <span > 22<\/span >\r\n                            <\/div >\r\n                            <h3 class=\"events-loop-post__title\" > XVI Seminarium Naukowe \u201eAktualne Problemy Chemii Analitycznej\"<\/h3 >\r\n                        <\/a >\r\n                    <\/article ><\/div>\r\n                    <\/div>\r\n                <\/div>\r\n            <\/div>[\/vc_column][\/vc_row][vc_row el_class=&#8221;container&#8221; css=&#8221;.vc_custom_1665563856860{margin-top: 0px !important;margin-bottom: 0px !important;border-top-width: 0px !important;border-bottom-width: 0px !important;}&#8221;][vc_column][vc_single_image image=&#8221;1778&#8243; img_size=&#8221;medium&#8221; onclick=&#8221;custom_link&#8221; img_link_target=&#8221;_blank&#8221; title=&#8221;Partnerzy&#8221; link=&#8221;https:\/\/www.zwcad.pl\/programy-cad\/zwcad-program-cad\/zwcad-2025\/&#8221; el_class=&#8221;container&#8221; css=&#8221;.vc_custom_1740072865205{margin-top: 0px !important;margin-bottom: 0px !important;border-top-width: 0px !important;border-bottom-width: 0px !important;}&#8221;][\/vc_column][\/vc_row][vc_row css_animation=&#8221;none&#8221;][vc_column]\r\n                <div class='logos'>\r\n                    <div class='container'>\r\n                        <h3 class='page-title'><\/h3>\r\n                        <div class='logos-blocks bg-blue'> \r\n               \r\n                            \r\n                        <a href=\"https:\/\/www.slaskifestiwalnauki.pl\/\" title=\"\u015al\u0105ski Festiwal Nauki KATOWICE\"\r\n                         class=\"logos-blocks__item carousel-slide\">\r\n                            <div class=\"logos-blocks__img\">\r\n                                <img src=\"https:\/\/us.edu.pl\/instytut\/iim\/wp-content\/uploads\/sites\/42\/obrazy-strony\/sf.png\" alt=\"\u015al\u0105ski Festiwal Nauki KATOWICE\">\r\n                            <\/div>\r\n                            <span>\u015al\u0105ski Festiwal Nauki KATOWICE<\/span>\r\n                        <\/a>\r\n                        <a href=\"https:\/\/www.ciniba.edu.pl\/\" title=\"biblioteka\"\r\n                         class=\"logos-blocks__item carousel-slide\">\r\n                            <div class=\"logos-blocks__img\">\r\n                                <img src=\"https:\/\/us.edu.pl\/instytut\/iim\/wp-content\/uploads\/sites\/42\/obrazy-strony\/ksiazki.png\" alt=\"biblioteka\">\r\n                            <\/div>\r\n                            <span>biblioteka<\/span>\r\n                        <\/a>\r\n                        <a href=\"https:\/\/usosweb.us.edu.pl\/\" title=\"usosWEB\"\r\n                         class=\"logos-blocks__item carousel-slide\">\r\n                            <div class=\"logos-blocks__img\">\r\n                                <img src=\"https:\/\/us.edu.pl\/instytut\/iim\/wp-content\/uploads\/sites\/42\/2020\/01\/usos.png\" alt=\"usosWEB\">\r\n                            <\/div>\r\n                            <span>usosWEB<\/span>\r\n                        <\/a>\r\n                        <a href=\"http:\/\/plan.ii.us.edu.pl\/\" title=\"plan zaj\u0119\u0107\"\r\n                         class=\"logos-blocks__item carousel-slide\">\r\n                            <div class=\"logos-blocks__img\">\r\n                                <img src=\"https:\/\/us.edu.pl\/instytut\/iim\/wp-content\/uploads\/sites\/42\/2020\/01\/schedule.png\" alt=\"plan zaj\u0119\u0107\">\r\n                            <\/div>\r\n                            <span>plan zaj\u0119\u0107<\/span>\r\n                        <\/a>\r\n                        <a href=\"https:\/\/el.us.edu.pl\/wnst\/\" title=\"platforma moodle\"\r\n                         class=\"logos-blocks__item carousel-slide\">\r\n                            <div class=\"logos-blocks__img\">\r\n                                <img src=\"https:\/\/us.edu.pl\/instytut\/iim\/wp-content\/uploads\/sites\/42\/Nieprzypisane\/moodle.png\" alt=\"platforma moodle\">\r\n                            <\/div>\r\n                            <span>platforma moodle<\/span>\r\n                        <\/a>\r\n                        <a href=\"https:\/\/www.youtube.com\/user\/telewizjaus\/featured\" title=\"Telewizja Uniwersytetu \u015al\u0105skiego\"\r\n                         class=\"logos-blocks__item carousel-slide\">\r\n                            <div class=\"logos-blocks__img\">\r\n                                <img src=\"https:\/\/us.edu.pl\/instytut\/iim\/wp-content\/uploads\/sites\/42\/obrazy-strony\/ustv-e1592731872792.png\" alt=\"Telewizja Uniwersytetu \u015al\u0105skiego\">\r\n                            <\/div>\r\n                            <span>Telewizja Uniwersytetu \u015al\u0105skiego<\/span>\r\n                        <\/a>\r\n                        <a href=\"http:\/\/www.zdalny.us.edu.pl\/\" title=\"serwis ZDALNY.us.edu.pl\"\r\n                         class=\"logos-blocks__item carousel-slide\">\r\n                            <div class=\"logos-blocks__img\">\r\n                                <img src=\"https:\/\/us.edu.pl\/instytut\/iim\/wp-content\/uploads\/sites\/42\/obrazy-strony\/uczelnia_mobilna.png\" alt=\"serwis ZDALNY.us.edu.pl\">\r\n                            <\/div>\r\n                            <span>serwis ZDALNY.us.edu.pl<\/span>\r\n                        <\/a> \r\n                           \r\n                        <\/div>\r\n                    <\/div>\r\n                <\/div>[\/vc_column][\/vc_row]<\/p>","protected":false},"excerpt":{"rendered":"<p>[vc_row][vc_column][vc_empty_space][\/vc_column][\/vc_row][vc_row el_class=&#8221;container&#8221;][vc_column width=&#8221;3\/4&#8243;][vc_text_separator title=&#8221;Kilka s\u0142\u00f3w o In\u017cynierii Materia\u0142owej&#8221; i_icon_fontawesome=&#8221;fa fa-cubes&#8221; border_width=&#8221;5&#8243; css_animation=&#8221;none&#8221; add_icon=&#8221;true&#8221; el_class=&#8221;text-modules__content&#8221;][vc_row_inner][vc_column_inner width=&#8221;1\/3&#8243;][vc_video link=&#8221;https:\/\/youtu.be\/IK9k09GlanQ?t=1&#8243; title=&#8221;Nowoczesne materia\u0142y okiem mikroskopu elektronowego&#8221;][\/vc_column_inner][vc_column_inner width=&#8221;1\/3&#8243;][vc_video link=&#8221;https:\/\/youtu.be\/6PSYQxcs4Ro&#8221; title=&#8221;Fascynuj\u0105cy \u015bwiat hydro\u017celi &#8211; nie tylko w medycynie&#8221;][\/vc_column_inner][vc_column_inner width=&#8221;1\/3&#8243;][vc_video link=&#8221;https:\/\/youtu.be\/O0CjJKgOl2U&#8221; title=&#8221;Materia\u0142y z pami\u0119ci\u0105 kszta\u0142tu &#8211; CiekaWywiad&#8221;][\/vc_column_inner][\/vc_row_inner][\/vc_column][vc_column width=&#8221;1\/4&#8243;][vc_single_image image=&#8221;4016&#8243; img_size=&#8221;200&#215;250&#8243; add_caption=&#8221;yes&#8221; alignment=&#8221;center&#8221; onclick=&#8221;custom_link&#8221; img_link_target=&#8221;_blank&#8221; link=&#8221;https:\/\/us.edu.pl\/instytut\/iim\/greenmat-nowe-technologie-materialowe-w-kierunku-zielonej-transformacji-regionu\/&#8221; title=&#8221;Projekt GreenMat&#8221;][vc_single_image image=&#8221;670&#8243; img_size=&#8221;full&#8221; alignment=&#8221;center&#8221; onclick=&#8221;custom_link&#8221; title=&#8221;Laboratoria akredytowane&#8221; [&#8230;]<\/p>\n<p><a class=\"btn btn-secondary understrap-read-more-link\" href=\"https:\/\/us.edu.pl\/instytut\/iim\/2025\/projekty-badaczy-instytutu-z-finansowaniem-ncn\/\">Read More&#8230;<\/a><\/p>\n","protected":false},"author":825,"featured_media":0,"parent":0,"menu_order":28,"comment_status":"closed","ping_status":"closed","template":"page-templates\/index-template.php","meta":{"_expiration-date-status":"","_expiration-date":0,"_expiration-date-type":"","_expiration-date-categories":[],"_expiration-date-options":[]},"acf":[],"_links":{"self":[{"href":"https:\/\/us.edu.pl\/instytut\/iim\/wp-json\/wp\/v2\/pages\/301"}],"collection":[{"href":"https:\/\/us.edu.pl\/instytut\/iim\/wp-json\/wp\/v2\/pages"}],"about":[{"href":"https:\/\/us.edu.pl\/instytut\/iim\/wp-json\/wp\/v2\/types\/page"}],"author":[{"embeddable":true,"href":"https:\/\/us.edu.pl\/instytut\/iim\/wp-json\/wp\/v2\/users\/825"}],"replies":[{"embeddable":true,"href":"https:\/\/us.edu.pl\/instytut\/iim\/wp-json\/wp\/v2\/comments?post=301"}],"version-history":[{"count":10,"href":"https:\/\/us.edu.pl\/instytut\/iim\/wp-json\/wp\/v2\/pages\/301\/revisions"}],"predecessor-version":[{"id":4579,"href":"https:\/\/us.edu.pl\/instytut\/iim\/wp-json\/wp\/v2\/pages\/301\/revisions\/4579"}],"wp:attachment":[{"href":"https:\/\/us.edu.pl\/instytut\/iim\/wp-json\/wp\/v2\/media?parent=301"}],"curies":[{"name":"wp","href":"https:\/\/api.w.org\/{rel}","templated":true}]}}