{"id":420,"date":"2020-01-27T18:58:46","date_gmt":"2020-01-27T17:58:46","guid":{"rendered":"http:\/\/us.edu.pl\/instytut\/ij\/?post_type=osoby&#038;p=420"},"modified":"2020-11-13T09:49:56","modified_gmt":"2020-11-13T08:49:56","slug":"marzena-bedkowska-oblak","status":"publish","type":"osoby","link":"https:\/\/us.edu.pl\/instytut\/ij\/osoby\/marzena-bedkowska-oblak\/","title":{"rendered":"Marzena B\u0119dkowska-Ob\u0142\u0105k"},"content":{"rendered":"<p><img class=\"alignnone wp-image-1716 size-medium\" src=\"https:\/\/us.edu.pl\/instytut\/ij\/wp-content\/uploads\/sites\/25\/Nieprzypisane\/Marzena-B\u0119dkowska-Ob\u0142\u0105k-300x174.jpg\" alt=\"dr Marzena B\u0119dkowska-Ob\u0142\u0105k\" width=\"300\" height=\"174\" srcset=\"https:\/\/us.edu.pl\/instytut\/ij\/wp-content\/uploads\/sites\/25\/Nieprzypisane\/Marzena-B\u0119dkowska-Ob\u0142\u0105k-300x174.jpg 300w, https:\/\/us.edu.pl\/instytut\/ij\/wp-content\/uploads\/sites\/25\/Nieprzypisane\/Marzena-B\u0119dkowska-Ob\u0142\u0105k-575x333.jpg 575w, https:\/\/us.edu.pl\/instytut\/ij\/wp-content\/uploads\/sites\/25\/Nieprzypisane\/Marzena-B\u0119dkowska-Ob\u0142\u0105k.jpg 690w\" sizes=\"(max-width: 300px) 100vw, 300px\" \/><\/p>\n<p><strong>dr Marzena B\u0119dkowska-Ob\u0142\u0105k<\/strong><\/p>\n<p><strong>Kontakt: <\/strong><a href=\"mailto:marzena.bedkowska-oblak@us.edu.pl\">marzena.bedkowska-oblak@us.edu.pl<\/a><\/p>\n<p align=\"JUSTIFY\">Doktor nauk humanistycznych w zakresie j\u0119zykoznawstwa, pracownik badawczo-dydaktyczny, adiunkt w Instytucie J\u0119zykoznawstwa Wydzia\u0142u Humanistycznego. Obszar zainteresowa\u0144 naukowych obejmuje specjalistyczne rejestry j\u0119zyka &#8211; j\u0119zyk specjalistyczny (techniczny), lingwistyk\u0119 tekstu specjalistycznego, strategie komunikacji; glottodydaktyk\u0119 \u2013 zintegrowane nauczanie przedmiotowo-j\u0119zykowe; pragmatyk\u0119 j\u0119zykow\u0105 &#8211; ekspresywne akty mowne, rutynowe zwroty j\u0119zykowe.<\/p>\n<p><strong>Profil Pracownika w portalu\u00a0ORCID:<\/strong>\u00a0<a href=\"https:\/\/orcid.org\/0000-0002-6758-7796\">https:\/\/orcid.org\/0000-0002-6758-7796<\/a><\/p>\n<p><strong>Wybrane publikacje:<\/strong><\/p>\n<p class=\"western\">Gw\u00f3\u017ad\u017a G.\/B\u0119dkowska-Ob\u0142\u0105k M. 2019: <i>Prace Naukowe Uniwersytetu im. Jana D\u0142ugosza w Cz\u0119stochowie. Studia Neofilologiczne<\/i>. 2019. z. XV. Cz\u0119stochowa: Wyd. im. S. odobi\u0144skiego Uniwersytetu Humanistyczno-Przyrodniczego im J. D\u0142ugosza w Cz\u0119stochowie. ISNN 2657-3032. 113 stron<\/p>\n<p class=\"western\" lang=\"de-DE\" align=\"JUSTIFY\">B\u0119dkowska-Ob\u0142\u0105k M. 2019:<i> Viel Erfolg! \/ Powodzenia! Wunschformeln aus phraseodidaktischer Perspektive<\/i>. In: <span style=\"color: #000000\"> Gondek, A.; Szcz\u0119k J. (Hrsg.).: Phraseologie und Par\u00f6miologie der (Un)H\u00f6flichkeit. Sektionsbeitr\u00e4ge der internationalen EUROPHRAS-Tagung in Bia\u0142ystok\/Polen, 10.-12. September 2018. Studia Phraseologica et Paroemiologica. Bd. 1. Hamburg: Dr. Kovac. 387-399. wsp\u00f3\u0142autor: Ma\u0142gorzata P\u0142omi\u0144ska<\/span><\/p>\n<p class=\"western\" align=\"JUSTIFY\"><span lang=\"de-DE\">B\u0119dkowska-Ob\u0142\u0105k M. 2018: Zur Rolle von konzessiven Textkonnektoren in Texten wissenschaftlichen Diskurses. Linguistische Treffen. Grenzen der Sprache. Grenzen der Wissenschaft. vol. 14. ISNN 2084-3062. Wroc\u0142aw-Dresden.: Neisse Verlag. 221-234.<\/span><\/p>\n<p class=\"western\" align=\"JUSTIFY\"><span lang=\"de-DE\">B\u0119dkowska-Ob\u0142\u0105k M. 2018: Zur Rolle von pragmatischen Phraseologismen beim Ausdruck von Analogiebeziehungen. In: Gondek A.\/ Jurasz A.\/ Szcz\u0119k J.<\/span><span lang=\"de-DE\"> (Hrsg.) (2018): Einblicke und R\u00fcckblicke: Beitr\u00e4ge zur deutschen Phraseologie und Par\u00f6miologie aus intra- und interlingualer Sicht. <\/span><em><span lang=\"de-DE\">Phraseologie und Par\u00f6miologie. Bd. 33\/1. Baltmannsweiler: Schneider Verlag Hohengehren. <\/span><\/em><span lang=\"de-DE\">121-131.<\/span><\/p>\n<p class=\"western\" lang=\"de-DE\" align=\"JUSTIFY\">B\u0119dkowska-Ob\u0142\u0105k M.\/Jackiewicz A. 2017: <i>Freundschaft in der Sprache und Literatur<\/i>. Krak\u00f3w: Libron.126 str.<\/p>\n<p class=\"western\" align=\"JUSTIFY\"><span lang=\"de-DE\">B\u0119dkowska-Ob\u0142\u0105k M. 2017: Zur Sender-Empf\u00e4nger Beziehung im wissenschaftlichen Diskurs. <\/span>In: B\u0119dkowska-Ob\u0142\u0105k M.\/ Jackiewicz. A.: <i>Freundschaft in der Sprache und Literatur<\/i>. Krak\u00f3w: Libron. 51-63.<\/p>\n<p class=\"western\" align=\"JUSTIFY\">B\u0119dkowska-Ob\u0142\u0105k M.\/Jackiewicz A. 2017: <i>\u015awiat\u0142o-cie\u0144. <\/i><i>J\u0119zykowy wymiar kontrastu<\/i>. Gliwice. 198 str.<\/p>\n<p class=\"western\" align=\"JUSTIFY\">Arabski J.\/\u0141yda A.\/B\u0119dkowska-Ob\u0142\u0105k M. 2015: <i>Precyzja w j\u0119zyku i jego opisie<\/i>. WSZMiJO. Katowice. 254 str.<\/p>\n<p class=\"western\" align=\"JUSTIFY\">\u0141yda A.\/B\u0119dkowska-Ob\u0142\u0105k M.\/Zi\u0119bka J. 2014: <i>J\u0119zykowe aspekty agresji<\/i>. WSZMiJO. Katowice. 213 str.<\/p>\n<p class=\"western\" lang=\"en-US\" align=\"JUSTIFY\"><i>B\u0119dkowska-Ob\u0142\u0105k M. <\/i>2013: <i>Zintegrowane nauczanie przedmiotowo-j\u0119zykowe i jego efektywno\u015b\u0107 w Polsce<\/i>. Katowice: WSZMiJO. 222 str., recenzenci: prof. zw dr hab. Janusz Arabski, prof. zw dr hab. Jan Iluk<\/p>\n<p><a href=\"http:\/\/biblio.bg.us.edu.pl\/cgi-bin\/wspd_cgi.sh\/wo2_opbib.p?ID1=EGIMOHNLNMKEKFKRHIHGEDCBILNM&amp;ln=pl&amp;RODZAJ=-100&amp;ID=3342800002075&amp;widok=334&amp;N1=W166395&amp;N2=1&amp;N3=334&amp;N4=KHW&amp;srt=t00\">Bibliografia dorobku pracownika w U\u015a<\/a><\/p>\n<p><a href=\"https:\/\/us.edu.pl\/instytut\/ij\/wp-content\/uploads\/sites\/25\/Nieprzypisane\/Marzena-B\u0119dkowska-Ob\u0142\u0105k.pdf\" class=\"mtli_attachment mtli_pdf\" data-mtli=\"mtli_filesize148,28kB\">Dodatkowe informacje<\/a><\/p>\n<style type=\"text\/css\">a[data-mtli~=\"mtli_filesize148,28kB\"]:after {content:\" (148,28 kB)\"}<\/style>","protected":false},"excerpt":{"rendered":"<p>dr Marzena B\u0119dkowska-Ob\u0142\u0105k Kontakt: marzena.bedkowska-oblak@us.edu.pl Doktor nauk humanistycznych w zakresie j\u0119zykoznawstwa, pracownik badawczo-dydaktyczny, adiunkt w Instytucie J\u0119zykoznawstwa Wydzia\u0142u Humanistycznego. Obszar zainteresowa\u0144 naukowych obejmuje specjalistyczne rejestry j\u0119zyka &#8211; j\u0119zyk specjalistyczny (techniczny), lingwistyk\u0119 tekstu specjalistycznego, strategie komunikacji; glottodydaktyk\u0119 \u2013 zintegrowane nauczanie przedmiotowo-j\u0119zykowe; pragmatyk\u0119 j\u0119zykow\u0105 &#8211; ekspresywne akty mowne, rutynowe zwroty j\u0119zykowe. Profil Pracownika w portalu\u00a0ORCID:\u00a0https:\/\/orcid.org\/0000-0002-6758-7796 Wybrane publikacje: [&#8230;]<\/p>\n<p><a class=\"btn btn-secondary understrap-read-more-link\" href=\"https:\/\/us.edu.pl\/instytut\/ij\/osoby\/marzena-bedkowska-oblak\/\">Read More&#8230;<\/a><\/p>\n","protected":false},"author":1015,"featured_media":0,"template":"","meta":{"_expiration-date-status":"saved","_expiration-date":0,"_expiration-date-type":"","_expiration-date-categories":[],"_expiration-date-options":[]},"acf":[],"_links":{"self":[{"href":"https:\/\/us.edu.pl\/instytut\/ij\/wp-json\/wp\/v2\/osoby\/420"}],"collection":[{"href":"https:\/\/us.edu.pl\/instytut\/ij\/wp-json\/wp\/v2\/osoby"}],"about":[{"href":"https:\/\/us.edu.pl\/instytut\/ij\/wp-json\/wp\/v2\/types\/osoby"}],"author":[{"embeddable":true,"href":"https:\/\/us.edu.pl\/instytut\/ij\/wp-json\/wp\/v2\/users\/1015"}],"version-history":[{"count":7,"href":"https:\/\/us.edu.pl\/instytut\/ij\/wp-json\/wp\/v2\/osoby\/420\/revisions"}],"predecessor-version":[{"id":1717,"href":"https:\/\/us.edu.pl\/instytut\/ij\/wp-json\/wp\/v2\/osoby\/420\/revisions\/1717"}],"wp:attachment":[{"href":"https:\/\/us.edu.pl\/instytut\/ij\/wp-json\/wp\/v2\/media?parent=420"}],"curies":[{"name":"wp","href":"https:\/\/api.w.org\/{rel}","templated":true}]}}