{"id":682,"date":"2020-02-07T14:13:33","date_gmt":"2020-02-07T13:13:33","guid":{"rendered":"http:\/\/us.edu.pl\/instytut\/ij\/?post_type=osoby&#038;p=682"},"modified":"2025-01-27T15:27:07","modified_gmt":"2025-01-27T14:27:07","slug":"sylwia-sojda","status":"publish","type":"osoby","link":"https:\/\/us.edu.pl\/instytut\/ij\/osoby\/sylwia-sojda\/","title":{"rendered":"Sylwia Sojda"},"content":{"rendered":"<p>[vc_row][vc_column width=&#8221;2\/3&#8243;][vc_tta_tabs][vc_tta_section title=&#8221;POLISH&#8221; tab_id=&#8221;1625041750628-c59accd6-13e8&#8243;]\r\n                <div class=\"text-modules\">\r\n                    <div class=\"container\">\r\n                        \r\n                        <div class=\"text-modules__content\"><p><strong>dr hab. Sylwia Sojda<\/strong><\/p>\n<p>kontakt:\u00a0<a href=\"mailto:sylwia.sojda@us.edu.pl\">sylwia.sojda@us.edu.pl<\/a><strong><br \/>\n<\/strong><br \/>\nAdiunkt badawczo-dydaktyczny w Instytucie J\u0119zykoznawstwa; doktor nauk humanistycznych w zakresie j\u0119zykoznawstwa. W 2003 r. uko\u0144czy\u0142a studia magisterskie na kierunku filologia s\u0142owia\u0144ska, a w 2007 r. j\u0119zykoznawcze studia doktoranckie na Uniwersytecie \u015al\u0105skim w Katowicach. Prac\u0119 doktorsk\u0105 zatytu\u0142owan\u0105 \u201eProcesy uniwerbizacyjne w j\u0119zyku polskim i s\u0142owackim\u201d napisa\u0142a pod kierunkiem dra hab. W\u0142adys\u0142awa Kryzi. W trakcie studi\u00f3w magisterskich odbywa\u0142a semestralne studia na Uniwersytecie Komensk\u00e9ho w Bratys\u0142awie. W roku akademickim 2007\/2008 pracowa\u0142a jako lektorka j\u0119zyka polskiego na Uniwersytecie Mateja Bela w Ba\u0144skiej Bystrzycy. Od 2008 roku sprawuje funkcj\u0119 opiekuna praktyk zawodowych na kierunku: filologia s\u0142owia\u0144ska. Od 2015 roku jest cz\u0142onkiem Komitetu J\u0119zykoznawstwa PAN, od 2018 roku Polskiego Towarzystwa Neofilologicznego, a od 2020 Slavic Linguistic Society. Jej zainteresowania naukowe koncentruj\u0105 si\u0119 wok\u00f3\u0142 zagadnie\u0144 zwi\u0105zanych ze wsp\u00f3\u0142czesnym j\u0119zykoznawstwem s\u0142owackim i konfrontatywnym polsko-s\u0142owackim (badania nad kategori\u0105 intensywno\u015bci), leksykologi\u0105; dydaktyk\u0105 j\u0119zyka s\u0142owackiego jako obcego (rozumienie tekstu pisanego) i j\u0119zyka polskiego jako obcego.<\/p>\n<p><strong>Profil Pracownika w portalu ORCID:<\/strong>\u00a0<a href=\"https:\/\/orcid.org\/0000-0002-3114-9006\">https:\/\/orcid.org\/0000-0002-3114-9006<\/a><\/p>\n<p><strong>Wybrane publikacje:<\/strong><\/p>\n<ul>\n<li>Sojda S., B\u0142aszak\u00a0 M. (red.),\u00a0 <em>Folia Philologica Macedono-Polonica. <\/em>T.11. Katowice, Scriptum, 2024.<\/li>\n<li>Sojda S.,\u00a0 <em>Rzeczowniki pluralia tantum w s\u0142ownikach j\u0119zyka polskiego i s\u0142owackiego<\/em>. \u201eActa Universitatis Wratislaviensis. Slavica Wratislaviensia\u201d, 179, 2024, s. 197-210.<\/li>\n<li>Sojda S.,<em>Wybory w j\u0119zyku (studium konfrontatywne polsko-s\u0142owackie).<\/em> W: <em>100. v\u00fdro\u010die bratislavskej polonistiky. <\/em>Dobr\u00edkov\u00e1 M.\u00a0(red.). Bratislava, Vydavate\u013estvo Univerzity Komensk\u00e9ho, 2024,\u00a0 s. 206-213.<\/li>\n<li>Szymczak-Rozlach M., Sojda S., Buczek M. (red.),\u00a0 <em>Horyzonty s\u0142owacystyki. Literatura. J\u0119zyk. Dydaktyka. <\/em>Katowice, Studio NOA, 2023.<\/li>\n<li>Sojda S.,\u00a0 <em>Polskie i s\u0142owackie czasowniki dystrybutywne.<\/em> \u201eStudia z Filologii Polskiej i S\u0142owia\u0144skiej, 2023, s. 1-13.<\/li>\n<li>Sojda S.,\u00a0 <em>Rzeczowniki o defektywnym paradygmacie (pluralia tantum w badaniach polsko-s\u0142owackich).<\/em> W:<em> Vz\u0165ahy v jazyku &#8211; jazyk vo vz\u0165ahoch. Na po\u010des\u0165 Jolany Ni\u017en\u00edkovej<\/em>. Ivanov\u00e1 M. (red.). Pre\u0161ov, Pre\u0161ovsk\u00e1 univerzita, 2023, s. 95-105.<\/li>\n<li>Sojda S.,\u00a0 <em>Intensyfikacja i dezintensyfikacja w j\u0119zyku s\u0142owackim i polskim. <\/em>Katowice, Wydawnictwo Uniwersytetu \u015al\u0105skiego, 2022.<\/li>\n<li>Sojda S., <em>Plurakcyjno\u015b\u0107 czasownik\u00f3w w j\u0119zyku polskim i s\u0142owackim.<\/em> W: <em>Jednostki j\u0119zyka w systemie i w tek\u015bcie 4<\/em>. Charciarek A., Kapela E. Katowice, Wydawnictwo Uniwersytetu \u015al\u0105skiego, 2022, s. 220-228.<\/li>\n<li>Sojda S., <em>The intensifying function of reduplication in contemporary Polish and Slovak<\/em>. \u201eJazykovedn\u00fd \u010dasopis\u201d 2, 2022, s. 161-174.<\/li>\n<li>Sojda S.,\u00a0 <em>O intensyfikowaniu tre\u015bci w blogach internetowych.<\/em> W: <em>Styl jako kategoria badawcza j\u0119zyk\u00f3w, tekst\u00f3w i kultur s\u0142owia\u0144skich<\/em>. T.1. \u015aliwi\u0144ski W., Ra\u010d\u00e1kov\u00e1 A., Olchowa G., (red.). Bansk\u00e1 Bystrica, Vydavate\u013estvo Belianaum, 2021, s. 75-85.<\/li>\n<li>Sojda S.,\u00a0 <em>Wyk\u0142adniki dezintensyfikacji w aspekcie konfrontatywnym polsko-s\u0142owackim.<\/em> \u201eStudia z Filologii Polskiej i S\u0142owia\u0144skiej\u201d, 55, 2020, s. 1-22.<\/li>\n<\/ul>\n<p><a href=\"https:\/\/ab.us.edu.pl\/emp?id=25382&amp;view=P\">Bibliografia dorobku pracownika w U\u015a<\/a><\/p>\n<\/div>\r\n                    <\/div>\r\n                <\/div>[\/vc_tta_section][vc_tta_section title=&#8221;ENGLISH&#8221; tab_id=&#8221;1625041750649-0771b6f6-aee7&#8243;]\r\n                <div class=\"text-modules\">\r\n                    <div class=\"container\">\r\n                        \r\n                        <div class=\"text-modules__content\"><p><strong>Sylwia Sojda, PhD, DLitt<br \/>\n<\/strong><strong>Assistant Professor in the Institute of Linguistics, University of Silesia in Katowice<\/strong><\/p>\n<p><a href=\"mailto:sylwia.sojda@us.edu.pl\">sylwia.sojda@us.edu.pl<\/a><\/p>\n<p>ORCID: <a href=\"https:\/\/orcid.org\/0000-0002-3114-9006\">https:\/\/orcid.org\/0000-0002-3114-9006<\/a><\/p>\n<p><a href=\"https:\/\/www.researchgate.net\/profile\/Sylwia-Sojda\">https:\/\/www.researchgate.net\/profile\/Sylwia-Sojda<\/a><\/p>\n<p><a href=\"https:\/\/scholar.google.pl\/citations?hl=pl&amp;user=ryyRaysAAAAJ\">https:\/\/scholar.google.pl\/citations?hl=pl&amp;user=ryyRaysAAAAJ<\/a><\/p>\n<p><strong>Research interests:<\/strong><\/p>\n<p>She is Assistant Professor in the Institute of Linguistics, She has a PhD in Humanities (Linguistics). She conducts research in Slovak linguistics and contrastive Polish-Slovak linguistics (research on the category of intensity), lexicology, semantics, morphology, didactics of Slovak as a foreign language (written text comprehension) and Polish as a foreign language. She is the author of a monograph and almost 50 articles. She is the co-author a textbook for learning Slovak as a foreign language. She is a member of the Linguistics Committee of the Polish Academy of Sciences, Katowice branch, the Polish Association of Modern Languages, the Polish Linguistic Society and\u00a0 the Slavic Linguistic Society.<\/p>\n<p><strong>Selected publications:<\/strong><\/p>\n<ul>\n<li>Sojda S., Wyk\u0142adniki dezintensyfikacji w j\u0119zyku polskim i s\u0142owackim \u2013 zarys problematyki [Determinants of disintensification in Polish and Slovak: An Outline].\u201dStudia z Filologii Polskiej i S\u0142owia\u0144skiej\u201d 55, 2020.<\/li>\n<li>Sojda S., Prefiks(oid)y \u201cmini-\u201c, \u201cmikro-\u201c, \u201cnano-\u201c, \u201cmaxi-\u201c, \u201cmakro-\u201c, \u201cgiga-\u201d i ich funkcja intensyfikuj\u0105ca we wsp\u00f3\u0142czesnym j\u0119zyku s\u0142owackim [Prefix(-oid)s mini-, mikro-, nano-, maxi-, makro-, giga- and their intensifying function in modern Slovak]. \u201cZbornik Matice Srpske za Slavistiku\u201d, 97, 2020,\u00a0\u00a0pp. 225-236.<\/li>\n<li>Sojda S., Kyse\u013eov\u00e1 M.: U\u017ei si sloven\u010dinu! \u010c\u00edtanka s cvi\u010deniami pre stredne pokro\u010dil\u00fdch [Let\u00b4s enjoy Slovak. A book with exercises for intermediate students]. Katowice, Wydawnictwo Uniwersytetu \u015al\u0105skiego, 2019.<\/li>\n<li>Sojda S., Adverbial intensifiers in contemporary Polish and Slovak. \u201cJazykovedn\u00fd \u010casopis\u201d, 1, 2019,\u00a0\u00a0pp. 55-72.<\/li>\n<li>Sojda S.: Lingwistyczna kategoria intensywno\u015bci w j\u0119zykoznawstwie polskim i s\u0142owackim [The linguistic category of intensity in Polish and Slovak linguistics]. \u201cSlavica Slovaca\u201c, 53, 2, 2018, pp. 118-125.<\/li>\n<li>Sojda S.: Kategoria intensywno\u015bci w stylu potocznym j\u0119zyka s\u0142owackiego [The linguistic category of intensity in colloquial Slovak]. In: Kultura komunikacji potocznej w j\u0119zykach s\u0142owia\u0144skich. 6. Eds. A. Piotrowicz, M. Witaszek-Samborska, K. Skibski. Wydawnictwo Nauka i Innowacje. Pozna\u0144 2018, pp. 349-363.<\/li>\n<li>Sojda S.: S\u0142owacka to\u017csamo\u015b\u0107 kulturowa u progu XXI wieku [Slovak cultural identity at the threshold of the 21st century]. In: To\u017csamo\u015b\u0107 S\u0142owian zachodnich i po\u0142udniowych w \u015bwietle XX-wiecznych dyskusji i polemik. Vol. 2. J\u0119zyk. Eds. M. Cicho\u0144ska, I. Genew-Puhalewa, Wydawnictwo U\u015a, Katowice 2018, pp. 99-109.<\/li>\n<li>Sojda S.: Przedrostki o warto\u015bci intensyfikuj\u0105cej w leksyce s\u0142owackiej [Intensifying prefixes in Slovak lexis]. In: S\u0142owia\u0144szczyzna dawniej i dzi\u015b. J\u0119zyk, literatura, kultura. Eds. A. Ko\u0142odziej przy wsp\u00f3\u0142pracy T. Piaseckiego. Pavel Mervart, \u010cerven\u00fd Kostelec 2017, pp. 253-262.<\/li>\n<li>Sojda S.: Intensywno\u015b\u0107 tre\u015bci w paratekstach prozy Pavla Rankova [The content intensity in the paratexts in Pavel Rankov\u2019s prose]. \u201cPrzek\u0142ady Literatur S\u0142owia\u0144skich\u201d. Vol. 8, part 1. Ed. L. Ma\u0142czak. Katowice: Wydawnictwo Uniwersytetu \u015al\u0105skiego, 2017, pp. 141-158.<\/li>\n<li>Sojda S.: Procesy uniwerbizacyjne w j\u0119zyku s\u0142owackim i polskim [Univerbalizing processes in Slovak and Polish]. Katowice, Wydawnictwo Uniwersytetu \u015al\u0105skiego, Wydawnictwo Gnome, 2011.<\/li>\n<\/ul>\n<p>\n<\/div>\r\n                    <\/div>\r\n                <\/div>[\/vc_tta_section][\/vc_tta_tabs][\/vc_column][vc_column width=&#8221;1\/3&#8243;]\r\n                <div class=\"text-modules\">\r\n                    <div class=\"container\">\r\n                        \r\n                        <div class=\"text-modules__content\"><\/p>\n<p>&nbsp;<\/p>\n<p><img class=\"alignnone wp-image-683 size-large\" src=\"https:\/\/us.edu.pl\/instytut\/ij\/wp-content\/uploads\/sites\/25\/Nieprzypisane\/S.Sojda_-796x1024.jpg\" alt=\"Sylwia Sojda - zdj\u0119cie portretowe\" width=\"640\" height=\"823\" srcset=\"https:\/\/us.edu.pl\/instytut\/ij\/wp-content\/uploads\/sites\/25\/Nieprzypisane\/S.Sojda_-796x1024.jpg 796w, https:\/\/us.edu.pl\/instytut\/ij\/wp-content\/uploads\/sites\/25\/Nieprzypisane\/S.Sojda_-233x300.jpg 233w, https:\/\/us.edu.pl\/instytut\/ij\/wp-content\/uploads\/sites\/25\/Nieprzypisane\/S.Sojda_-768x988.jpg 768w, https:\/\/us.edu.pl\/instytut\/ij\/wp-content\/uploads\/sites\/25\/Nieprzypisane\/S.Sojda_-447x575.jpg 447w, https:\/\/us.edu.pl\/instytut\/ij\/wp-content\/uploads\/sites\/25\/Nieprzypisane\/S.Sojda_.jpg 1832w\" sizes=\"(max-width: 640px) 100vw, 640px\" \/><\/p>\n<p>\n<\/div>\r\n                    <\/div>\r\n                <\/div>[\/vc_column][\/vc_row]<\/p>","protected":false},"excerpt":{"rendered":"<p>[vc_row][vc_column width=&#8221;2\/3&#8243;][vc_tta_tabs][vc_tta_section title=&#8221;POLISH&#8221; tab_id=&#8221;1625041750628-c59accd6-13e8&#8243;][\/vc_tta_section][vc_tta_section title=&#8221;ENGLISH&#8221; tab_id=&#8221;1625041750649-0771b6f6-aee7&#8243;][\/vc_tta_section][\/vc_tta_tabs][\/vc_column][vc_column width=&#8221;1\/3&#8243;][\/vc_column][\/vc_row] [&#8230;]<\/p>\n<p><a class=\"btn btn-secondary understrap-read-more-link\" href=\"https:\/\/us.edu.pl\/instytut\/ij\/osoby\/sylwia-sojda\/\">Read More&#8230;<\/a><\/p>\n","protected":false},"author":4930,"featured_media":0,"template":"","meta":{"_expiration-date-status":"","_expiration-date":0,"_expiration-date-type":"","_expiration-date-categories":[],"_expiration-date-options":[]},"acf":[],"_links":{"self":[{"href":"https:\/\/us.edu.pl\/instytut\/ij\/wp-json\/wp\/v2\/osoby\/682"}],"collection":[{"href":"https:\/\/us.edu.pl\/instytut\/ij\/wp-json\/wp\/v2\/osoby"}],"about":[{"href":"https:\/\/us.edu.pl\/instytut\/ij\/wp-json\/wp\/v2\/types\/osoby"}],"author":[{"embeddable":true,"href":"https:\/\/us.edu.pl\/instytut\/ij\/wp-json\/wp\/v2\/users\/4930"}],"version-history":[{"count":8,"href":"https:\/\/us.edu.pl\/instytut\/ij\/wp-json\/wp\/v2\/osoby\/682\/revisions"}],"predecessor-version":[{"id":3562,"href":"https:\/\/us.edu.pl\/instytut\/ij\/wp-json\/wp\/v2\/osoby\/682\/revisions\/3562"}],"wp:attachment":[{"href":"https:\/\/us.edu.pl\/instytut\/ij\/wp-json\/wp\/v2\/media?parent=682"}],"curies":[{"name":"wp","href":"https:\/\/api.w.org\/{rel}","templated":true}]}}