{"id":687,"date":"2020-02-07T14:15:28","date_gmt":"2020-02-07T13:15:28","guid":{"rendered":"http:\/\/us.edu.pl\/instytut\/ij\/?post_type=osoby&#038;p=687"},"modified":"2021-06-30T09:29:21","modified_gmt":"2021-06-30T07:29:21","slug":"mariola-szymczak-rozlach","status":"publish","type":"osoby","link":"https:\/\/us.edu.pl\/instytut\/ij\/osoby\/mariola-szymczak-rozlach\/","title":{"rendered":"Mariola Szymczak-Rozlach"},"content":{"rendered":"<p>[vc_row][vc_column width=&#8221;2\/3&#8243;][vc_tta_tabs][vc_tta_section title=&#8221;POLISH&#8221; tab_id=&#8221;1624973035506-2260ba5f-f1cd&#8221;]\r\n                <div class=\"text-modules\">\r\n                    <div class=\"container\">\r\n                        \r\n                        <div class=\"text-modules__content\"><p><strong>dr hab. Mariola Szymczak-Rozlach, prof. U\u015a<br \/>\n<\/strong><\/p>\n<p>kontakt: <a href=\"mailto:mariola.szymczak-rozlach@us.edu.pl\">mariola.szymczak-rozlach@us.edu.pl<\/a><\/p>\n<p>Doktor habilitowany nauk humanistycznych w zakresie j\u0119zykoznawstwa, obecnie profesor U\u015a w Instytucie J\u0119zykoznawstwa WH, s\u0142owacystka i bohemistka, t\u0142umacz przysi\u0119g\u0142y j\u0119zyka s\u0142owackiego i czeskiego (od 2001), W trakcie studi\u00f3w magisterskich i doktoranckich odby\u0142a studia semestralne i liczne sta\u017ce naukowo-badawcze na Uniwersytecie Komenskiego w Bratys\u0142awie. Wyst\u0105pi\u0142a na wyk\u0142adach go\u015bcinnych w Bratys\u0142awie, Ostrawie i w Pradze. Jej zainteresowania naukowe oscyluj\u0105 wok\u00f3\u0142 leksykologii i leksykografii s\u0142owackiej, s\u0142owotw\u00f3rstwa i semantyki j\u0119zyka s\u0142owackiego i czeskiego; W centrum zainteresowa\u0144 jest tak\u017ce j\u0119zykoznawstwo konfrontatywne s\u0142owacko-czesko-polskie oraz problematyka przek\u0142adoznawcza. Pe\u0142ni\u0142a liczne funkcje, m.in.: Dyrektora Instytutu Filologii S\u0142owia\u0144skiej (2016-2019), Dyrektora Kierunku Filologia rosyjska, Filologia s\u0142owia\u0144ska WH (2019-2020), Kierownika Zak\u0142adu Wsp\u00f3\u0142czesnych J\u0119zyk\u00f3w Po\u0142udniowo- i Zachodnios\u0142owia\u0144skich (2016-2019). Jest cz\u0142onkini\u0105 wielu Towarzystw Naukowych: Komisji J\u0119zykoznawstwa PAN (oddzia\u0142 Katowice od 2008), Polskiego Towarzystwa J\u0119zykoznawczego (od 2010) oraz S\u0142owackiego Towarzystwa J\u0119zykoznawczego S\u0142owackiej Akademii Nauk (od 2011). Od 2016 roku jest cz\u0142onkiem Rady redakcyjnej czasopisma Motus in Verbo (S\u0142owacja, UMB Ba\u0144ska Bystrzyca). Pe\u0142ni r\u00f3wnie\u017c funkcj\u0119 rzeczoznawcy MEN podr\u0119cznik\u00f3w do nauczania j\u0119zyka s\u0142owackiego dla mniejszo\u015bci.<\/p>\n<p><strong>Profil Pracownika w portalu ORCID:<\/strong>\u00a0<a href=\"https:\/\/orcid.org\/0000-0001-5362-1183\">https:\/\/orcid.org\/0000-0001-5362-1183<\/a><\/p>\n<p><strong>Wybrane publikacje:<\/strong><\/p>\n<ul>\n<li>Szymczak-Rozlach M.: Moda j\u0119zykowa. Zmiany leksykalne po roku 1989 w uj\u0119ciu komparatywnym s\u0142owacko-polskim. \u201cSlavica Slovaca\u201d 2020, r. 55. \u010d. 2, s. 171-178.<\/li>\n<li>Szymczak-Rozlach M.: Z problem\u00f3w leksyki ekspresywnej j\u0119zyka s\u0142owackiego. W: Jednostki j\u0119zyka w systemie i w tek\u015bcie. [T.] 3. \u2013 Katowice : Wydawnictwo Uniwersytetu \u015al\u0105skiego, 2020. \u2013 s. 233-245.<\/li>\n<li>Szymczak-Rozlach M.: S\u0142owackie deminutywa w funkcji eufemizuj\u0105cej. \u201eJazykovedn\u00fd \u010casopis\u201d 2018, nr 3, s. 587-597.<\/li>\n<li>Szymczak-Rozlach M. : Wybrane problemy translacyjne w tekstach cywilnoprawnych : (konfrontacja s\u0142owacko-polska). W: Przestrzenie przek\u0142adu. [T.] 2. \u2013 Katowice : Wydawnictwo Uniwersytetu \u015al\u0105skiego, 2017. \u2013 s. 259-267.<\/li>\n<li>Szymczak-Rozlach M.: Taboo and Detabuization In the age of postmodernizm (on the basis of Polish and Slovak materials). W: Languages in V4 countries of contemporary Europe. Language as a Means of Expression and Identity Formation. Red. E. \u010culenov\u00e1, l. Gyorgy. Bansk\u00e1 Bystrica, Belianum, 2016, s. 113-121.<\/li>\n<li>Szymczak-Rozlach M.: Eufemizmy we wsp\u00f3\u0142czesnym j\u0119zyku s\u0142owackim. Katowice, Wydawnictwo Uniwersytetu \u015al\u0105skiego, 2014, 228 stron.<br \/>\nSzymczak-Rozlach M.:\u00a0Ust\u00e1len\u00e9 slovesno-menn\u00e9 spojenia z poh\u013eadu po\u013eskej a slovenskej lingvistiky.\u00a0W:\u00a0Slovo v slovn\u00edku. Aspekty lexik\u00e1lnej s\u00e9mantiky- gramatika-\u0161tylistika (pragmatika). Bratislava, Veda, 2012, s. 212\u2013227.<\/li>\n<li>Szymczak-Rozlach M.: Analityczne struktury werbo-nominalne w j\u0119zyku s\u0142owackim. Katowice, Wydawnictwo Uniwersytetu \u015al\u0105skiego, AA \u201ePARA\u201d, 2010, 165 stron<\/li>\n<li>J\u0119zyki zachodnios\u0142owia\u0144skie w XXI wieku. Wsp\u00f3\u0142czesne j\u0119zyki s\u0142owia\u0144skie. T.3. Red. O. Woli\u0144ska, M.<br \/>\nSzymczak-Rozlach. Katowice, Wydawnictwo Uniwersytetu \u015al\u0105skiego, 2009. 296 stron.<\/li>\n<li>Szymczak-Rozlach M.: Kategorialno\u015b\u0107 komponent\u00f3w nominalnych i werbalnych w analityzmach s\u0142owackich. W: Kategorie w j\u0119zyku. J\u0119zyk w kategoriach. Red. M. Cicho\u0144ska. Katowice, Wydawnictwo Uniwersytetu \u015al\u0105skiego, 2009, s. 154\u2013162.<\/li>\n<\/ul>\n<p><a href=\"https:\/\/ab.us.edu.pl\/emp?id=27722\">Bibliografia dorobku pracownika w U\u015a<\/a><\/p>\n<\/div>\r\n                    <\/div>\r\n                <\/div>[\/vc_tta_section][vc_tta_section title=&#8221;ENGLISH&#8221; tab_id=&#8221;1624973035520-3de35e2e-956c&#8221;]\r\n                <div class=\"text-modules\">\r\n                    <div class=\"container\">\r\n                        \r\n                        <div class=\"text-modules__content\"><p><strong>Mariola Szymczak-Rozlach, PhD, DLitt<br \/>\n<\/strong><strong>Associate Professor in the Institute of Linguistics, University of Silesia in Katowice<\/strong><\/p>\n<p><a href=\"mailto:mariola.szymczak-rozlach@us.edu.pl\">mariola.szymczak-rozlach@us.edu.pl<\/a><\/p>\n<p>ORCID: 0000-0001-5362-1183<\/p>\n<p><a href=\"https:\/\/www.researchgate.net\/profile\/Mariola-Szymczak-Rozlach\">https:\/\/www.researchgate.net\/profile\/Mariola-Szymczak-Rozlach<\/a><\/p>\n<p><a href=\"https:\/\/scholar.google.pl\/citations?user=z6xLq2cAAAAJ&amp;hl=pl\">https:\/\/scholar.google.pl\/citations?user=z6xLq2cAAAAJ&amp;hl=pl<\/a><\/p>\n<p><strong>Research interests<\/strong>:<\/p>\n<p>She is Associate Professor of the University of Silesia in Katowice. Her research interests focus on lexicology, lexicography and Slavic word-formation, Slovak and Czech in particular. She is\u00a0 also interested in Slovak-Czech-Polish contrastive linguistics and translation studies.<\/p>\n<p>During her academic career, she attended one-semester studies and numerous academic courses in the Comenius University in Bratislava. She delivered lectures in Bratislava, Ostrava and Prague. She is a member of many academic societies: the Linguistics Committee of the Polish Academy of Sciences, Katowice branch (since 2008), the Polish Linguistic Society (since 2010),\u00a0 and the Slovak Linguistic Society of the Slovak Academy of Sciences (since 2011). She is an expert of the Ministry of National Education on handbooks for teaching Slovak to minorities.<\/p>\n<p><strong>Selected publications:<\/strong><\/p>\n<ul>\n<li>Szymczak-Rozlach M.: Moda j\u0119zykowa. Zmiany leksykalne po roku 1989 w uj\u0119ciu komparatywnym s\u0142owacko-polskim [Language fashion. Lexical changes after 1989 in a Slovak-Polish contrastive perspective]. \u201cSlavica Slovaca\u201d 2020, r. 55. \u010d. 2, pp. 171-178.<\/li>\n<li>Szymczak-Rozlach M.: Z problem\u00f3w leksyki ekspresywnej j\u0119zyka s\u0142owackiego [Some remarks on expressive lexis in Slovak]. In: Jednostki j\u0119zyka w systemie i w tek\u015bcie. [Vol.] 3. \u2013 Katowice : Wydawnictwo Uniwersytetu \u015al\u0105skiego, 2020. \u2013 pp. 233-245.<\/li>\n<li>Szymczak-Rozlach M.: S\u0142owackie deminutywa w funkcji eufemizuj\u0105cej [Slovak diminutives with the euphemizing function]. \u201eJazykovedn\u00fd \u010casopis\u201d 2018, no. 3, pp. 587-597.<\/li>\n<li>Szymczak-Rozlach M. : Wybrane problemy translacyjne w tekstach cywilnoprawnych : (konfrontacja s\u0142owacko-polska) [Selected translatoric problems in civil law texts (a Slovak-Polish comparison)]. In: Przestrzenie przek\u0142adu. [Vol.] 2. \u2013 Katowice : Wydawnictwo Uniwersytetu \u015al\u0105skiego, 2017. \u2013 pp. 259-267.<\/li>\n<li>Szymczak-Rozlach M.:\u00a0Taboo and Detabuization In the age of postmodernizm (on the basis of Polish and Slovak materials).\u00a0In:\u00a0Languages in V4 countries of contemporary Europe. Language as a Means of Expression and Identity Formation.\u00a0Eds. E. \u010culenov\u00e1, l. Gyorgy. Bansk\u00e1 Bystrica, Belianum, 2016, pp. 113-121.<\/li>\n<li>Szymczak-Rozlach M.:\u00a0Eufemizmy we wsp\u00f3\u0142czesnym j\u0119zyku s\u0142owackim [Euphemisms in modern Slovak]. Katowice, Wydawnictwo Uniwersytetu \u015al\u0105skiego, 2014, 228 pages.<\/li>\n<li>Szymczak-Rozlach M.:\u00a0Ust\u00e1len\u00e9 slovesno-menn\u00e9 spojenia z poh\u013eadu po\u013eskej a slovenskej lingvistiky.\u00a0W:\u00a0Slovo v slovn\u00edku. Aspekty lexik\u00e1lnej s\u00e9mantiky- gramatika-\u0161tylistika (pragmatika). Bratislava, Veda, 2012, pp. 212\u2013227.<\/li>\n<li>Szymczak-Rozlach M.:\u00a0Analityczne struktury werbo-nominalne w j\u0119zyku s\u0142owackim [Analytical verbal-nominal structures in Slovak]. Katowice, Wydawnictwo Uniwersytetu \u015al\u0105skiego, AA \u201ePARA\u201d, 2010, 165 pages<\/li>\n<li>J\u0119zyki zachodnios\u0142owia\u0144skie w XXI wieku. Wsp\u00f3\u0142czesne j\u0119zyki s\u0142owia\u0144skie [West Slavic languages in the 21st century. Modern Slavic languages]. Vol. 3. Eds. O. Woli\u0144ska, M. Szymczak-Rozlach. Katowice, Wydawnictwo Uniwersytetu \u015al\u0105skiego, 2009. 296 pages.<\/li>\n<li>Szymczak-Rozlach M.:\u00a0Kategorialno\u015b\u0107 komponent\u00f3w nominalnych i\u00a0werbalnych w analityzmach s\u0142owackich [The categorialism of nominal and verbal components in Slovak analitisms].\u00a0In:\u00a0Kategorie w j\u0119zyku. J\u0119zyk w\u00a0kategoriach. Ed. M. Cicho\u0144ska. Katowice, Wydawnictwo Uniwersytetu \u015al\u0105skiego, 2009, pp. 154\u2013162.<\/li>\n<\/ul>\n<p><strong>\u00a0<\/strong><\/p>\n<\/div>\r\n                    <\/div>\r\n                <\/div>[\/vc_tta_section][\/vc_tta_tabs][\/vc_column][vc_column width=&#8221;1\/3&#8243;]\r\n                <div class=\"text-modules\">\r\n                    <div class=\"container\">\r\n                        \r\n                        <div class=\"text-modules__content\"><\/p>\n<p>&nbsp;<\/p>\n<p><img class=\"alignnone wp-image-2367 size-full\" src=\"https:\/\/us.edu.pl\/instytut\/ij\/wp-content\/uploads\/sites\/25\/Nieprzypisane\/Szymczak-Rozlach-1.jpg\" alt=\"dr hab. Mariola Szymczak-Rozlach, prof. U\u015a\" width=\"640\" height=\"800\" srcset=\"https:\/\/us.edu.pl\/instytut\/ij\/wp-content\/uploads\/sites\/25\/Nieprzypisane\/Szymczak-Rozlach-1.jpg 640w, https:\/\/us.edu.pl\/instytut\/ij\/wp-content\/uploads\/sites\/25\/Nieprzypisane\/Szymczak-Rozlach-1-240x300.jpg 240w, https:\/\/us.edu.pl\/instytut\/ij\/wp-content\/uploads\/sites\/25\/Nieprzypisane\/Szymczak-Rozlach-1-460x575.jpg 460w\" sizes=\"(max-width: 640px) 100vw, 640px\" \/><\/p>\n<\/div>\r\n                    <\/div>\r\n                <\/div>[\/vc_column][\/vc_row]<\/p>","protected":false},"excerpt":{"rendered":"<p>[vc_row][vc_column width=&#8221;2\/3&#8243;][vc_tta_tabs][vc_tta_section title=&#8221;POLISH&#8221; tab_id=&#8221;1624973035506-2260ba5f-f1cd&#8221;][\/vc_tta_section][vc_tta_section title=&#8221;ENGLISH&#8221; tab_id=&#8221;1624973035520-3de35e2e-956c&#8221;][\/vc_tta_section][\/vc_tta_tabs][\/vc_column][vc_column width=&#8221;1\/3&#8243;][\/vc_column][\/vc_row] [&#8230;]<\/p>\n<p><a class=\"btn btn-secondary understrap-read-more-link\" href=\"https:\/\/us.edu.pl\/instytut\/ij\/osoby\/mariola-szymczak-rozlach\/\">Read More&#8230;<\/a><\/p>\n","protected":false},"author":4930,"featured_media":0,"template":"","meta":{"_expiration-date-status":"saved","_expiration-date":0,"_expiration-date-type":"","_expiration-date-categories":[],"_expiration-date-options":[]},"acf":[],"_links":{"self":[{"href":"https:\/\/us.edu.pl\/instytut\/ij\/wp-json\/wp\/v2\/osoby\/687"}],"collection":[{"href":"https:\/\/us.edu.pl\/instytut\/ij\/wp-json\/wp\/v2\/osoby"}],"about":[{"href":"https:\/\/us.edu.pl\/instytut\/ij\/wp-json\/wp\/v2\/types\/osoby"}],"author":[{"embeddable":true,"href":"https:\/\/us.edu.pl\/instytut\/ij\/wp-json\/wp\/v2\/users\/4930"}],"version-history":[{"count":12,"href":"https:\/\/us.edu.pl\/instytut\/ij\/wp-json\/wp\/v2\/osoby\/687\/revisions"}],"predecessor-version":[{"id":2368,"href":"https:\/\/us.edu.pl\/instytut\/ij\/wp-json\/wp\/v2\/osoby\/687\/revisions\/2368"}],"wp:attachment":[{"href":"https:\/\/us.edu.pl\/instytut\/ij\/wp-json\/wp\/v2\/media?parent=687"}],"curies":[{"name":"wp","href":"https:\/\/api.w.org\/{rel}","templated":true}]}}