{"id":720,"date":"2020-02-17T12:27:16","date_gmt":"2020-02-17T11:27:16","guid":{"rendered":"http:\/\/us.edu.pl\/instytut\/ij\/?post_type=osoby&#038;p=720"},"modified":"2022-03-31T15:09:49","modified_gmt":"2022-03-31T13:09:49","slug":"aleksandra-janowska","status":"publish","type":"osoby","link":"https:\/\/us.edu.pl\/instytut\/ij\/osoby\/aleksandra-janowska\/","title":{"rendered":"Aleksandra Janowska"},"content":{"rendered":"<p>[vc_row][vc_column width=&#8221;2\/3&#8243;][vc_tta_tabs][vc_tta_section title=&#8221;POLISH&#8221; tab_id=&#8221;1624354831280-778559f1-28a3&#8243;]\r\n                <div class=\"text-modules\">\r\n                    <div class=\"container\">\r\n                        \r\n                        <div class=\"text-modules__content\"><p><strong>prof. dr hab. Aleksandra Janowska<br \/>\n<\/strong><br \/>\n<strong>Kontakt:<\/strong> <a href=\"mailto:aleksandra.janowska@us.edu.pl\">aleksandra.janowska@us.edu.pl<\/a><\/p>\n<p>&nbsp;<\/p>\n<p>ORCID: <a href=\"https:\/\/orcid.org\/0000-0001-6597-8729\">0000-0001-6597-8729<\/a><\/p>\n<p><a href=\"https:\/\/www.researchgate.net\/profile\/Aleksandra_Janowska4\">https:\/\/www.researchgate.net\/profile\/Aleksandra_Janowska4<\/a><\/p>\n<p><a href=\"https:\/\/scholar.google.pl\/citations?user=nSNnQ9cAAAAJ&amp;hl=pl\">https:\/\/scholar.google.pl\/citations?user=nSNnQ9cAAAAJ&amp;hl=pl<\/a><\/p>\n<p>&nbsp;<\/p>\n<p><strong>Zainteresowania badawcze<\/strong><\/p>\n<p>Aleksandra Janowska interesuje si\u0119 przede wszystkim zagadnieniami zwi\u0105zanymi z\u00a0rozwojem j\u0119zyka. W\u00a0jej dorobku naukowym znajduje si\u0119 kilkadziesi\u0105t prac po\u015bwi\u0119conych historii j\u0119zyka polskiego. Szczeg\u00f3ln\u0105 uwag\u0119 po\u015bwi\u0119ca derywacji czasownik\u00f3w, zjawiskom z pogranicza leksykalno-s\u0142owotw\u00f3rczego; zagadnieniom semantycznym, a zw\u0142aszcza relacji poj\u0119cie \u2013 leksem w historii polszczyzny. W ostatnich latach\u00a0 prowadzi\u0142a\u00a0 badania nad ewolucj\u0105 klasy przyimk\u00f3w wt\u00f3rnych. Jest cz\u0142onkiem Komisji S\u0142owotw\u00f3rstwa przy Mi\u0119dzynarodowym Komitecie Slawist\u00f3w.<\/p>\n<p>Opublikowa\u0142a trzy monografie (<em>Funkcje przestrzenne przedrostk\u00f3w czasownikowych w\u00a0polszczy\u017anie; Polisemia staropolskich czasownik\u00f3w. \u0179r\u00f3d\u0142a, swoisto\u015b\u0107, konsekwencje; Kszta\u0142towanie si\u0119 polskiej klasy przyimk\u00f3w wt\u00f3rnych<\/em>), jest r\u00f3wnie\u017c wsp\u00f3\u0142autork\u0105 ksi\u0105\u017cki po\u015bwi\u0119conej\u00a0 s\u0142owotw\u00f3rstwu czasownik\u00f3w w\u00a0staropolszczy\u017anie (<em>S\u0142owotw\u00f3rstwo czasownik\u00f3w staropolskich. Stan i\u00a0tendencje rozwojowe<\/em>. wsp\u00f3\u0142autorstwo: Magdalena Pastuch).<\/p>\n<p>Przez wiele lat zajmowa\u0142a si\u0119 nauczaniem cudzoziemc\u00f3w rozpoczynaj\u0105cych nauk\u0119 j\u0119zyka polskiego. Razem z Magdalen\u0105 Pastuchow\u0105 opracowa\u0142a podr\u0119cznik dla obcokrajowc\u00f3w <em>Dzie\u0144 dobry<\/em>, jest tak\u017ce autork\u0105 kilku artyku\u0142\u00f3w o tematyce glottodydaktycznej.<\/p>\n<p>&nbsp;<\/p>\n<p><strong>Wybrane prace:<\/strong><\/p>\n<ul>\n<li><em>Funkcje przestrzenne przedrostk\u00f3w czasownikowych w\u00a0polszczy\u017anie<\/em>. Katowice 1999.<\/li>\n<li><em>S\u0142owotw\u00f3rstwo czasownik\u00f3w staropolskich. Stan i\u00a0tendencje rozwojowe<\/em>. Krak\u00f3w 2005 (wsp\u00f3\u0142autorstwo: Magdalena Pastuch).<\/li>\n<li><em>Polisemia staropolskich czasownik\u00f3w. \u0179r\u00f3d\u0142a, swoisto\u015b\u0107, konsekwencje<\/em>. Katowice 2007.<\/li>\n<li><em>Zwierzom instynkt, nam ludziom, rozum da\u0142y nieba. Pole poj\u0119ciowe rozumu. <\/em>W: <em>Humanizm i j\u0119zyk polski. Warto\u015bci humanistyczne w polskiej leksyce i refleksji o j\u0119zyku<\/em>. Red. A. Janowska, M. Pastuchowa, R. Pawelec. Warszawa 2011, s. 417\u2013444.<\/li>\n<li><em>Polisemia jako czynnik przemian w polskich czasownikach prefiksalnych<\/em>. W: <em>S\u0142owotw\u00f3rstwo s\u0142owia\u0144skie: system i tekst. <\/em>Prace Komisji S\u0142owotw\u00f3rczej przy Mi\u0119dzynarodowym Komitecie Slawist\u00f3w. Seria 13. Red. J. Sierociuk. Pozna\u0144 2012, s. 203 \u2013 210.<\/li>\n<li><em>Kszta\u0142towanie si\u0119 polskiej klasy przyimk\u00f3w wt\u00f3rnych<\/em>. Katowice 2015.<\/li>\n<li><em>Mi\u0119dzy przestrzeni\u0105 a czasem. Ewolucja temporalnych przyimk\u00f3w wt\u00f3rnych w polszczy\u017anie<\/em>. \u201eBiuletyn PTJ\u201d 2015, s. 255\u2013 264.<\/li>\n<li><em>Mi\u0119dzy sta\u0142o\u015bci\u0105 a\u00a0 zmienno\u015bci\u0105. Translokacje element\u00f3w kategorii j\u0119zykowych. <\/em>W: <em>Historia j\u0119zyka w XXI wieku. Stan i perspektywy. <\/em>R M. Pastuchowa, M. Siuciak, wsp\u00f3\u0142udz. K. W\u0105si\u0144ska, W. Wilczek. Katowice 2018, s. 97\u2013105.<\/li>\n<li><em>W pu\u0142apce czasu. Jak zdefiniowa\u0107 stabilno\u015b\u0107?<\/em> W: <em>Staropolskie Spotkania J\u0119zykoznawcze<\/em> 3: <em>Terminy w j\u0119zykoznawstwie synchronicznym i diachronicznym<\/em>. T. Mika, D. Rojszczak-Robi\u0144ska, O. Zi\u00f3\u0142kowska.\u00a0 Pozna\u0144 2018, s.191\u2013201.<\/li>\n<li><a href=\"http:\/\/biblio.bg.us.edu.pl\/cgi-bin\/wspd_cgi.sh\/wo_ropis.p?IDRek=3343100167128\"><em>Problemy opisu staropolskiej derywacji czasownikowej<\/em>. \u201eLingVaria\u201d 2020, nr 1, s. 135-144<\/a>.<\/li>\n<\/ul>\n<p>&nbsp;<\/p>\n<p><strong>Udzia\u0142 w projektach badawczych:<\/strong><\/p>\n<ol>\n<li>\u201eS\u0142owotw\u00f3rstwo historyczne\u201d grant KBN nr 1P10405003\u2013 wykonawca (kierownik projektu: Krystyna Kleszczowa).<\/li>\n<li>\u201eS\u0142owotw\u00f3rstwo historyczne\u201d grant KBN nr1H01D 00917\u2013 wykonawca (kierownik projektu: Krystyna Kleszczowa).<\/li>\n<li>\u201eHumanizm. Idee, nurty i paradygmaty humanistyczne w kulturze\u201d nr PBZ-MNiSW \u2013 03\/II2007 \u2013 wykonawca (wykonawca g\u0142\u00f3wny: Uniwersytet Warszawski) (kierownik projektu Alina Nowicka-Je\u017cowa).<\/li>\n<li>Kierownik projektu badawczego promotorskiego nr NN104 390740 pt. <em>Sta\u0142o\u015b\u0107 i zmienno\u015b\u0107 polskiej leksyki animalistycznej<\/em>. Wykonawca: Krzysztof Wa\u015bkowski.<\/li>\n<li><em>Polskie wyra\u017cenia funkcyjne w uj\u0119ciu diachronicznym, <\/em>projekt\u00a0 finansowany przez Narodowe Centrum Nauki nr UMO-2011\/01\/B\/HS2\/04643, g\u0142\u00f3wny wykonawca\u00a0 (kierownik projektu: Krystyna Kleszczowa).<\/li>\n<\/ol>\n<p>\n<\/div>\r\n                    <\/div>\r\n                <\/div>[\/vc_tta_section][vc_tta_section title=&#8221;ENGLISH&#8221; tab_id=&#8221;1624354831300-4f63a549-471a&#8221;]\r\n                <div class=\"text-modules\">\r\n                    <div class=\"container\">\r\n                        \r\n                        <div class=\"text-modules__content\"><p><strong>Aleksandra Janowska, PhD, DLitt<\/strong><\/p>\n<p><strong>F<\/strong><strong>ull P<\/strong><strong>rofessor<\/strong><\/p>\n<p><strong>Profe<\/strong><strong>ssor in the Institute of Linguistics, University of Silesia in Katowice <\/strong><\/p>\n<p><strong>\u00a0<\/strong><\/p>\n<p><a href=\"mailto:aleksandra.janowska@us.edu.pl\">aleksandra.janowska@us.edu.pl<\/a><\/p>\n<p><strong>ORCID: <\/strong><a href=\"https:\/\/orcid.org\/0000-0001-6597-8729\">0000-0001-6597-8729<\/a><\/p>\n<p><a href=\"https:\/\/www.researchgate.net\/profile\/Aleksandra_Janowska4\">https:\/\/www.researchgate.net\/profile\/Aleksandra_Janowska4<\/a><\/p>\n<p><a href=\"https:\/\/scholar.google.pl\/citations?user=nSNnQ9cAAAAJ&amp;hl=pl\">https:\/\/scholar.google.pl\/citations?user=nSNnQ9cAAAAJ&amp;hl=pl<\/a><\/p>\n<p>&nbsp;<\/p>\n<p><strong>Research interests:<\/strong><\/p>\n<p>Aleksandra Janowska is interested, first of all, in issues related to language development. She is the author of several dozen publications on the history of the Polish language. She is mainly interested in verb derivation, the interface of lexis and word formation; semantic issues, the concept-lexeme relation in the history of the Polish language in particular. She has recently conducted research on the evolution of secondary prepositions. She is member of the Word Formation Commission in the International Slavists\u2019 Committee. She has published three monographs (<em>Funkcje przestrzenne przedrostk<\/em><em>\u00f3w czasownikowych w\u00a0polszczy\u017anie; Polisemia staropolskich czasownik<\/em><em>\u00f3w. \u0179r<\/em><em>\u00f3d\u0142a, swoisto\u015b\u0107, konsekwencje; Kszta\u0142towanie si\u0119 polskiej klasy przyimk<\/em><em>\u00f3w wt<\/em><em>\u00f3rnych<\/em>), and is the co-author of\u00a0 the book on the formation of verbs in the Old Polish language. For many years, she taught Polish to foreigners (the course for beginners). Together with Magdalena Pastuchowa, she is the author of the handbook for foreigners <em>Dzie\u0144 dobry <\/em>[Good morning], and several articles in glottodidactics.<\/p>\n<p>&nbsp;<\/p>\n<p><strong>Selected publications<\/strong>:<\/p>\n<ul>\n<li><em>Funkcje przestrzenne przedrostk<\/em><em>\u00f3<\/em><em>w czasownikowych w\u00a0polszczy\u017anie <\/em>[Spacial functions of verbal prefixes in Polish]. Katowice 1999.<\/li>\n<li><em>S\u0142owotw<\/em><em>\u00f3<\/em><em>rstwo czasownik<\/em><em>\u00f3<\/em><em>w staropolskich. Stan i\u00a0tendencje rozwojowe <\/em>[The formation of Old Polish verbs. Their state and development]. Krak\u00f3w 2005 (co-author: Magdalena Pastuch).<\/li>\n<li><em>Polisemia staropolskich czasownik<\/em><em>\u00f3<\/em><em> \u0179r<\/em><em>\u00f3<\/em><em>d\u0142a, swoisto\u015b\u0107, konsekwencje <\/em>[The polysemy of Old Polish verbs. Sources, specificity and consequences]. Katowice 2007.<\/li>\n<li><em>Zwierzom instynkt, nam ludziom, rozum da\u0142y nieba. Pole poj\u0119ciowe rozumu <\/em>[Heaven gave instinct to animals, reason to The semantic field of reason]<em>. <\/em>In: <em>Humanizm i j\u0119zyk polski. Warto\u015bci humanistyczne w polskiej leksyce i refleksji o j\u0119zyku<\/em>. eds. A. Janowska, M. Pastuchowa, R. Pawelec. Warszawa 2011, pp. 417\u2013444.<\/li>\n<li><em>Polisemia jako czynnik przemian w polskich czasownikach prefiksalnych <\/em>[Polysemy as a factor in the changes in Polish prefix verbs]. In: <em>S\u0142owotw<\/em><em>\u00f3<\/em><em>rstwo s\u0142owia\u0144skie: system i tekst. <\/em>Prace Komisji S\u0142owotw\u00f3rczej przy Mi\u0119dzynarodowym Komitecie Slawist\u00f3 Seria 13. ed. J. Sierociuk. Pozna\u0144 2012, pp. 203 \u2013 210.<\/li>\n<li><em>Kszta\u0142towanie si\u0119 polskiej klasy przyimk<\/em><em>\u00f3<\/em><em>w wt<\/em><em>\u00f3<\/em><em>rnych <\/em>[The formation of Polish secondary prepositions]. Katowice 2015.<\/li>\n<li><em>Mi\u0119dzy przestrzeni\u0105 a czasem. Ewolucja temporalnych przyimk<\/em><em>\u00f3<\/em><em>w wt<\/em><em>\u00f3<\/em><em>rnych w polszczy\u017anie <\/em>[Between space and time. The evolution of temporal secondary prepositions in Polish]. \u201cBiuletyn PTJ\u201d 2015, pp. 255\u2013 264.<\/li>\n<li><em>Mi\u0119dzy sta\u0142o\u015bci\u0105 a\u00a0 zmienno\u015bci\u0105. Translokacje element<\/em><em>\u00f3<\/em><em>w kategorii j\u0119zykowych <\/em>[Between constancy and variability. Translocations of the elements of linguistic categories]<em>. <\/em>In: <em>Historia j<\/em><em>\u0119zyka w XXI wieku. Stan i perspektywy. <\/em> M. Pastuchowa, M. Siuciak, wsp\u00f3\u0142udz. K. W\u0105si\u0144ska, W. Wilczek. Katowice 2018, pp. 97\u2013105.<\/li>\n<li><em>W pu\u0142apce czasu. Jak zdefiniowa\u0107 stabilno\u015b\u0107? <\/em>[In the trap of time? How to define stability?]. In: <em>Staropolskie Spotkania J\u0119zykoznawcze<\/em> 3: <em>Terminy w j\u0119zykoznawstwie synchronicznym i diachronicznym<\/em>. E T. Mika, D. Rojszczak-Robi\u0144ska, O. Zi\u00f3\u0142kowska.\u00a0 Pozna\u0144 2018, pp.191\u2013201.<\/li>\n<li>Problemy opisu staropolskiej derywacji czasownikowej [Problems with the description of Old Polish verb derivation]. \u201cLingVaria\u201d 2020, no. 1, pp. 135-144.<\/li>\n<\/ul>\n<p>&nbsp;<\/p>\n<p><strong>Research projects:<\/strong><\/p>\n<ol>\n<li>\u201cS\u0142owotw\u00f3rstwo historyczne\u201d, KBN grant n 1P10405003\u2013 participant (project manager: Krystyna Kleszczowa)<\/li>\n<li>\u201cS\u0142owotw\u00f3rstwo historyczne\u201d, KBN grant n 1H01D 00917\u2013 participant (project manager: Krystyna Kleszczowa).<\/li>\n<li>\u201cHumanizm. Idee, nurty i paradygmaty humanistyczne w kulturze\u201d no. PBZ-MNiSW \u2013 03\/II2007 \u2013 participant (Warsaw University) (project manager: Alina Nowicka-Je\u017cowa).<\/li>\n<li>Supervisor research project manager no. NN104 390740 pt. <em>Sta\u0142o\u015b\u0107 i zmienno\u015b\u0107 polskiej leksyki animalistycznej<\/em>.<\/li>\n<li><em>Polskie wyra\u017cenia funkcyjne w uj\u0119ciu diachronicznym, <\/em>project financed by the National Science Centre, no. UMO-2011\/01\/B\/HS2\/04643, main participant (project manager: Krystyna Kleszczowa).<\/li>\n<\/ol>\n<p>\n<\/div>\r\n                    <\/div>\r\n                <\/div>[\/vc_tta_section][\/vc_tta_tabs][\/vc_column][vc_column width=&#8221;1\/3&#8243;][\/vc_column][\/vc_row]<\/p>","protected":false},"excerpt":{"rendered":"<p>[vc_row][vc_column width=&#8221;2\/3&#8243;][vc_tta_tabs][vc_tta_section title=&#8221;POLISH&#8221; tab_id=&#8221;1624354831280-778559f1-28a3&#8243;][\/vc_tta_section][vc_tta_section title=&#8221;ENGLISH&#8221; tab_id=&#8221;1624354831300-4f63a549-471a&#8221;][\/vc_tta_section][\/vc_tta_tabs][\/vc_column][vc_column width=&#8221;1\/3&#8243;][\/vc_column][\/vc_row] [&#8230;]<\/p>\n<p><a class=\"btn btn-secondary understrap-read-more-link\" href=\"https:\/\/us.edu.pl\/instytut\/ij\/osoby\/aleksandra-janowska\/\">Read More&#8230;<\/a><\/p>\n","protected":false},"author":1015,"featured_media":0,"template":"","meta":{"_expiration-date-status":"saved","_expiration-date":0,"_expiration-date-type":"","_expiration-date-categories":[],"_expiration-date-options":[]},"acf":[],"_links":{"self":[{"href":"https:\/\/us.edu.pl\/instytut\/ij\/wp-json\/wp\/v2\/osoby\/720"}],"collection":[{"href":"https:\/\/us.edu.pl\/instytut\/ij\/wp-json\/wp\/v2\/osoby"}],"about":[{"href":"https:\/\/us.edu.pl\/instytut\/ij\/wp-json\/wp\/v2\/types\/osoby"}],"author":[{"embeddable":true,"href":"https:\/\/us.edu.pl\/instytut\/ij\/wp-json\/wp\/v2\/users\/1015"}],"version-history":[{"count":6,"href":"https:\/\/us.edu.pl\/instytut\/ij\/wp-json\/wp\/v2\/osoby\/720\/revisions"}],"predecessor-version":[{"id":2509,"href":"https:\/\/us.edu.pl\/instytut\/ij\/wp-json\/wp\/v2\/osoby\/720\/revisions\/2509"}],"wp:attachment":[{"href":"https:\/\/us.edu.pl\/instytut\/ij\/wp-json\/wp\/v2\/media?parent=720"}],"curies":[{"name":"wp","href":"https:\/\/api.w.org\/{rel}","templated":true}]}}