{"id":772,"date":"2020-02-18T09:39:32","date_gmt":"2020-02-18T08:39:32","guid":{"rendered":"http:\/\/us.edu.pl\/instytut\/ij\/?post_type=osoby&#038;p=772"},"modified":"2024-01-09T10:12:31","modified_gmt":"2024-01-09T09:12:31","slug":"magdalena-pastuch","status":"publish","type":"osoby","link":"https:\/\/us.edu.pl\/instytut\/ij\/osoby\/magdalena-pastuch\/","title":{"rendered":"Magdalena Pastuch"},"content":{"rendered":"<p>[vc_row][vc_column width=&#8221;2\/3&#8243;][vc_tta_tabs][vc_tta_section title=&#8221;POLISH&#8221; tab_id=&#8221;1670932662711-395b746a-a727&#8243;]\r\n                <div class=\"text-modules\">\r\n                    <div class=\"container\">\r\n                        \r\n                        <div class=\"text-modules__content\"><\/p>\n<h4><strong>prof. dr hab. Magdalena Pastuch<\/strong><\/h4>\n<p>&nbsp;<\/p>\n<p><strong>Kontakt:\u00a0<\/strong><a href=\"mailto:magdalena.pastuch@us.edu.pl\">magdalena.pastuch@us.edu.pl<\/a><\/p>\n<p style=\"text-align: justify;\">Profesor Magdalena Pastuch interesuje si\u0119 przede wszystkim histori\u0105 j\u0119zyka w wielu jej nurtach \u2013 pocz\u0105wszy od s\u0142owotw\u00f3rstwa historycznego po semantyk\u0119 i pragmatyk\u0119 historyczn\u0105. Autorka trzech monografii: Zmiany semantyczne i strukturalne czasownik\u00f3w odrzeczownikowych w polszczy\u017anie (2000), Ukryte dziedzictwo. \u015alady dawnej leksyki w\u00a0s\u0142ownictwie dawnej polszczyzny (2008), Polskie wyra\u017cenia o funkcji dopowiedzeniowej \u2013 historia i wsp\u00f3\u0142czesno\u015b\u0107 (2020). Jest tak\u017ce wsp\u00f3\u0142autork\u0105 ksi\u0105\u017cki o s\u0142owotw\u00f3rstwie czasownik\u00f3w staropolskich (S\u0142owotw\u00f3rstwo czasownik\u00f3w staropolskich. Stan i tendencje rozwojowe (2005). Prowadzi badania nad leksyk\u0105 historyczn\u0105 oraz kszta\u0142towaniem si\u0119 i\u00a0zmienno\u015bci\u0105 poj\u0119\u0107. Szczeg\u00f3lnie zajmuje si\u0119 procesami leksykalizacji, gramatykalizacji oraz pragmatykalizacji, kt\u00f3re odnosz\u0105 si\u0119 zar\u00f3wno do systemu j\u0119zyka, jak i do p\u0142aszczyzny u\u017cycia. Wskazane uniwersalne fenomeny j\u0119zyka bada na materiale dawnej i\u00a0 wsp\u00f3\u0142czesnej polszczyzny. Za\u0142o\u017cycielka dzia\u0142aj\u0105cego w Instytucie J\u0119zykoznawstwa w Katowicach zespo\u0142u badawczego \u201ePragmalingwistyka historyczna\u201d. Prace zespo\u0142u koncentruj\u0105 si\u0119 aktualnie na\u00a0tworzeniu przy wsparciu konsorcjum CLARIN-PL korpusu polskich tekst\u00f3w dramatycznych z lat 1772\u20131939. Korpus jest podstaw\u0105 historycznych bada\u0144 pragmalingwistycznych, kt\u00f3rych celem jest na poszukiwaniu wyznacznik\u00f3w potoczno\u015bci w\u00a0tzw. dialogach konstruowanych.<\/p>\n<p style=\"text-align: justify;\">Drugim, istotnym kierunkiem badawczym rozwijanym przez Magdalen\u0119 Pastuch jest glottodydaktyka. Jest autork\u0105 wielu artyku\u0142\u00f3w po\u015bwi\u0119conych tej problematyce oraz wsp\u00f3\u0142autork\u0105 podr\u0119cznika dla obcokrajowc\u00f3w. W latach 1998 -2003 naucza\u0142a j\u0119zyka polskiego oraz prowadzi\u0142a wyk\u0142ady na Universit\u00e1 degli studi di Torino. W roku akademickim 2011\/2012 pracowa\u0142a jako visiting professor na Hankuk University of Foreign Studies w\u00a0Seulu.<\/p>\n<p style=\"text-align: left;\">W kadencjach 2020-2023, 2023-2027 cz\u0142onkini Komitetu J\u0119zykoznawstwa Polskiej Akademii Nauk.<\/p>\n<p style=\"text-align: left;\">Redaktor naczelna wydawanego w Wydawnictwie Uniwersytetu \u015al\u0105skiego p\u00f3\u0142rocznika \u201eForum Lingwistyczne\u201d.<\/p>\n<p>Profil Pracownika w portalu ORCID:\u00a0<a href=\"https:\/\/orcid.org\/0000-0001-6960-7191\">0000-0001-6960-7191<\/a><\/p>\n<p>&nbsp;<\/p>\n<p>Wybrane publikacje:<\/p>\n<ul>\n<li style=\"text-align: justify;\">Magdalena Pastuch, <a href=\"https:\/\/www.ejournals.eu\/SPL\/2023\/Issue-4\/art\/24606\/\">From the Speaker\u2019s Point of View\u201d \u2013 Subjectification as Pragmatic-Semantic Language Change<\/a>, 2023, &#8222;Studies in Polish Linguistics&#8221;, Volume 18 (2023), Issue 4, s. 145-167; DOI 10.4467\/23005920SPL.23.007.18682.<br \/>\n<a href=\"https:\/\/www.ejournals.eu\/SPL\/2023\/Issue-4\/art\/24606\/\">https:\/\/www.ejournals.eu\/SPL\/2023\/Issue-4\/art\/24606\/<\/a><\/li>\n<li style=\"text-align: justify;\">Magdalena Pastuch, Barbara Mitrenga, Kinga W\u0105si\u0144ska, 2022, From adverb to intensifier. Corpus-based research in diachronic linguistics on the example of Polish words <em>okrutnie<\/em> [cruelly], <em>strasznie<\/em> [terribly] and <em>szalenie<\/em> [madly], \u201cJournal of Historical Pragamatics\u201d, Volume 23,\u00a0Number 2, 2022, pp. 285-326(42).<br \/>\n<a href=\"http:\/\/doi.org\/10.1075\/jhp.19009.pas\">http:\/\/doi.org\/10.1075\/jhp.19009.pas<\/a><\/li>\n<li style=\"text-align: justify;\">Magdalena Pastuch, 2022, \u201eLingVaria\u201d nr 2(34) s.143\u2013162, O rozwoju dyskursywnej funkcji form rozkazuj\u0105cych (na przyk\u0142adzie <em>s\u0142uchaj<\/em>).<br \/>\n<a href=\"https:\/\/doi.org\/10.12797\/LV.17.2022.34.10\">https:\/\/doi.org\/10.12797\/LV.17.2022.34.10<\/a><\/li>\n<li style=\"text-align: justify;\">Magdalena Pastuch, 2021, R\u00f3\u017cne oblicza prawdy. O historycznych \u017ar\u00f3d\u0142ach metatekstowych u\u017cy\u0107 prawdy, \u201ePrace Filologiczne\u201d 76\/2021, s. 425-438. DOI 32798\/pf.880; ISSN 0138-0567<\/li>\n<li style=\"text-align: justify;\">Magdalena Pastuch, 2020, Polskie wyra\u017cenie o funkcji dopowiedzeniowej \u2013 historia i wsp\u00f3\u0142czesno\u015b\u0107, Wydawnictwo Uniwersytetu \u015al\u0105skiego, Katowice.\u00a0<a href=\"https:\/\/doi.org.\/10.31262\/PN.3944\">https:\/\/doi.org.\/10.31262\/PN.3944<\/a>; ISBN 978-83-226-3883-5.<\/li>\n<li style=\"text-align: justify;\">Magdalena Pastuch, 2018, Digital Humanities in Poland from the Perspective of the Historical Linguist of the Polish Language: Achievements, Needs, Demands Digital Scholarship in Humanities, Oxford University Press, \u201cDigital Scholarship in the Humanities\u201d, Volume 33, Issue 4, 1 December 2018, pp. 857\u2013873. <a href=\"https:\/\/doi.org\/10.1093\/llc\/fqy008\">https:\/\/doi.org\/10.1093\/llc\/fqy008<\/a><u><\/u><br \/>\n(wsp\u00f3\u0142autorstwo: Katarzyna Sujkowska-Sobisz, Joanna Przyklenk, Beata Duda, Karolina Lisczyk, Barbara Mitrenga).<\/li>\n<li style=\"text-align: justify;\">Magdalena Pastuch, 2018, Metoda czy metodologia? Wsp\u00f3\u0142czesne potrzeby historii j\u0119zyka, [w:] Magdalena Pastuch, Miros\u0142awa Siuciak, red. Historia j\u0119zyka w XXI\u00a0 wieku. Stan i perspektywy, Wydawnictwo Uniwersytetu \u015al\u0105skiego, Katowice, ISSN 0208-6336, ISBN 978-83-226-3137-9 (wersja drukowana), ISBN 978-83-226-3138-6 (wersja elektroniczna), s. 32-44.<\/li>\n<li style=\"text-align: justify;\">Magdalena Pastuch, 2017, Jak \u0142\u0105czy\u0107 historyczne jednostki j\u0119zyka w klasy funkcjonalne? Problemy z wyodr\u0119bnianiem dopowiedze\u0144 w materiale historycznym, \u201eJ\u0119zyk Polski\u201d, rocznik XCVII, z.4, s. 24-38, ISSN 0021-6941.<\/li>\n<li style=\"text-align: justify;\">Magdalena Pastuch, 2015, \u201eS\u0142owa-kameleony\u201d \u2013 jak bada\u0107 dopowiedzenia w tek\u015bcie staropolskim? [w:] Jak bada\u0107 teksty staropolskie, red. T. Mika, D. Rojszczak-Robi\u0144ska, O. Stramczewska, Pozna\u0144, s. 119-135, ISBN 978-83-63664-66-4.<\/li>\n<li style=\"text-align: justify;\">Magdalena Pastuch, 2011, Lexicalization and grammaticalization \u2013 similarities and differences (on the example of the Polish language), \u201eEast European Studies\u201d, vol. 27, (2011), p. 185-207, Seul.<\/li>\n<li style=\"text-align: justify;\">Magdalena Pastuch, 2008, Ukryte dziedzictwo. \u015alady dawnej leksyki w s\u0142ownictwie wsp\u00f3\u0142czesnej polszczyzny, Wydawnictwo Uniwersytetu \u015al\u0105skiego, Katowice.<\/li>\n<li style=\"text-align: justify;\">Magdalena Pastuch, 2000, Zmiany semantyczne i strukturalne czasownik\u00f3w odrzeczownikowych w polszczy\u017anie, Wydawnictwo Uniwersytetu \u015al\u0105skiego.<\/li>\n<\/ul>\n<p><a href=\"https:\/\/us.edu.pl\/instytut\/ij\/wp-content\/uploads\/sites\/25\/Bez-kategorii\/Pastuch_Magdalena_spis_publikacji_calosc_2023.pdf\" class=\"mtli_attachment mtli_pdf\" data-mtli=\"mtli_filesize882,94kB\" class=\"mtli_attachment mtli_pdf\" data-mtli=\"mtli_filesize882,94kB\">Biogram rozszerzony<\/a><\/p>\n<style type=\"text\/css\">a[data-mtli~=\"mtli_filesize882,94kB\"]:after {content:\" (882,94 kB)\"}<\/style><\/div>\r\n                    <\/div>\r\n                <\/div>[\/vc_tta_section][\/vc_tta_tabs][\/vc_column][vc_column width=&#8221;1\/3&#8243;]\r\n                <div class=\"text-modules\">\r\n                    <div class=\"container\">\r\n                        \r\n                        <div class=\"text-modules__content\"><\/p>\n<p>&nbsp;<\/p>\n<p><img class=\"alignnone wp-image-1779 size-full\" src=\"https:\/\/us.edu.pl\/instytut\/ij\/wp-content\/uploads\/sites\/25\/Nieprzypisane\/Magdalena_Pastuch-e1605279623729.jpg\" alt=\"prof. Magdalena Pastuch\" width=\"100%\" height=\"auto\" srcset=\"https:\/\/us.edu.pl\/instytut\/ij\/wp-content\/uploads\/sites\/25\/Nieprzypisane\/Magdalena_Pastuch-e1605279623729.jpg 500w, https:\/\/us.edu.pl\/instytut\/ij\/wp-content\/uploads\/sites\/25\/Nieprzypisane\/Magdalena_Pastuch-e1605279623729-300x202.jpg 300w\" sizes=\"(max-width: 500px) 100vw, 500px\" \/><\/p>\n<\/div>\r\n                    <\/div>\r\n                <\/div>[\/vc_column][\/vc_row]<\/p>\n<style type=\"text\/css\">a[data-mtli~=\"mtli_filesize882,94kB\"]:after {content:\" (882,94 kB)\"}<\/style>","protected":false},"excerpt":{"rendered":"<p>[vc_row][vc_column width=&#8221;2\/3&#8243;][vc_tta_tabs][vc_tta_section title=&#8221;POLISH&#8221; tab_id=&#8221;1670932662711-395b746a-a727&#8243;][\/vc_tta_section][\/vc_tta_tabs][\/vc_column][vc_column width=&#8221;1\/3&#8243;][\/vc_column][\/vc_row] [&#8230;]<\/p>\n<p><a class=\"btn btn-secondary understrap-read-more-link\" href=\"https:\/\/us.edu.pl\/instytut\/ij\/osoby\/magdalena-pastuch\/\">Read More&#8230;<\/a><\/p>\n","protected":false},"author":4930,"featured_media":0,"template":"","meta":{"_expiration-date-status":"","_expiration-date":0,"_expiration-date-type":"","_expiration-date-categories":[],"_expiration-date-options":[]},"acf":[],"_links":{"self":[{"href":"https:\/\/us.edu.pl\/instytut\/ij\/wp-json\/wp\/v2\/osoby\/772"}],"collection":[{"href":"https:\/\/us.edu.pl\/instytut\/ij\/wp-json\/wp\/v2\/osoby"}],"about":[{"href":"https:\/\/us.edu.pl\/instytut\/ij\/wp-json\/wp\/v2\/types\/osoby"}],"author":[{"embeddable":true,"href":"https:\/\/us.edu.pl\/instytut\/ij\/wp-json\/wp\/v2\/users\/4930"}],"version-history":[{"count":10,"href":"https:\/\/us.edu.pl\/instytut\/ij\/wp-json\/wp\/v2\/osoby\/772\/revisions"}],"predecessor-version":[{"id":2813,"href":"https:\/\/us.edu.pl\/instytut\/ij\/wp-json\/wp\/v2\/osoby\/772\/revisions\/2813"}],"wp:attachment":[{"href":"https:\/\/us.edu.pl\/instytut\/ij\/wp-json\/wp\/v2\/media?parent=772"}],"curies":[{"name":"wp","href":"https:\/\/api.w.org\/{rel}","templated":true}]}}