{"id":799,"date":"2020-02-18T09:57:30","date_gmt":"2020-02-18T08:57:30","guid":{"rendered":"http:\/\/us.edu.pl\/instytut\/ij\/?post_type=osoby&#038;p=799"},"modified":"2024-11-27T16:46:48","modified_gmt":"2024-11-27T15:46:48","slug":"katarzyna-sujkowska","status":"publish","type":"osoby","link":"https:\/\/us.edu.pl\/instytut\/ij\/osoby\/katarzyna-sujkowska\/","title":{"rendered":"Katarzyna Sujkowska"},"content":{"rendered":"<p><img class=\"alignnone size-full wp-image-800\" src=\"http:\/\/us.edu.pl\/instytut\/ij\/wp-content\/uploads\/sites\/25\/Nieprzypisane\/SujkowskaSobisz-zdj\u0119cie.jpg\" alt=\"\" width=\"300\" height=\"300\" srcset=\"https:\/\/us.edu.pl\/instytut\/ij\/wp-content\/uploads\/sites\/25\/Nieprzypisane\/SujkowskaSobisz-zdj\u0119cie.jpg 300w, https:\/\/us.edu.pl\/instytut\/ij\/wp-content\/uploads\/sites\/25\/Nieprzypisane\/SujkowskaSobisz-zdj\u0119cie-150x150.jpg 150w\" sizes=\"(max-width: 300px) 100vw, 300px\" \/><\/p>\n<p><strong>dr Katarzyna Sujkowska, prof. U\u015a<\/strong><\/p>\n<p><strong>Kontakt: <\/strong><a href=\"mailto:katarzyna.sujkowska@us.edu.pl\">katarzyna.sujkowska@us.edu.pl<\/a><\/p>\n<div>pe\u0142nomocniczka Rektora Uniwersytetu \u015al\u0105skiego ds. jako\u015bci kszta\u0142cenia i akredytacji<\/div>\n<div>przewodnicz\u0105ca uniwersyteckiej Komisji ds. kszta\u0142cenia i student\u00f3w<\/div>\n<div>sekretarz naukowa rocznika Forum Lingwistyczne<br \/>\nkoordynatorka projektu pn. \u201eUniwersytet Humanist\u00f3w\u201d realizowanego w ramach programu POWER (NCBiR)<br \/>\nkoordynatorka merytoryczna projektu pn.\u201eBetween interaction and innovation \u2013 creating communication space in the digital Word\u201d realizowanego w ramach programu Szkolnictwo Wy\u017csze. Partnerstwa strategiczne (ERASMUS PLUS)<br \/>\nkoordynatorka merytoryczna projektu pn.\u201e Praktyka czyni mistrza. Studenckie praktyki zawodowe w obliczu zmian prawnych, spo\u0142ecznych i gospodarczych&#8221; realizowanego w ramach programu Edukacja Funduszy Norweskich<\/div>\n<p><strong>Profil Pracownika w portalu ORCID: <a href=\"https:\/\/orcid.org\/0000-0002-1191-0347\">http:\/\/orcid.org\/0000-0002-9379-7973<\/a><\/strong><\/p>\n<p><strong>Wybrane publikacje:<\/strong><\/p>\n<p>W\u0119dr\u00f3wka, podr\u00f3\u017c, migracja: w j\u0119zyku i kulturze, Katowice 2018 r. (wsp\u00f3\u0142redakcja)<\/p>\n<p>Fonetyka dla logoped\u00f3w. Cz\u0119\u015b\u0107 1. Sp\u00f3\u0142g\u0142oski wargowe, Katowice 2017 r. (wsp\u00f3\u0142autorstwo).<\/p>\n<p>\u201eForum Lingwistyczne\u201d, nr 3, 2016 r. (wsp\u00f3\u0142redakcja).<\/p>\n<p>Dyskurs i jego odmiany, Katowice 2016 r. (wsp\u00f3\u0142redakcja).<\/p>\n<p>Ma\u0142y s\u0142ownik termin\u00f3w teorii tekstu, Warszawa 2005, (wsp\u00f3\u0142autorstwo).<\/p>\n<p>Digital Humanities in Poland from the Perspective of the Historical Linguist of the Polish Language: Achievements, Needs, Demands, Digital Scholarship in the Humanities 2018, iss. 0, s. 1-17 (wsp\u00f3\u0142autorstwo).<\/p>\n<p>O to\u017csamo\u015bci gracza. Mo\u017cliwo\u015bci i ograniczenia w kreowaniu ja\u017ani oraz budowaniu relacji spo\u0142ecznych, w: Naukovi zapiski nacionalnogo universitetu \u201eOstroz\u2019ka akademia\u201d, Seria \u201eKulturologia\u201d , vipusk 18, s. 191-195.<\/p>\n<p>O wszechobecno\u015bci negocjacji \u2013 granice dyskursu handlowego, w: Gatunki mowy i ich ewolucja. Gatunek a granice, pod red. D. Ostaszewskiej i J. Przyklenk, Katowice 2015, Wydawnictwo Uniwersytetu \u015al\u0105skiego, s. 504-511.<\/p>\n<p>Od lingwistyki tekstu do analiza dyskursu \u2013 polonistyczne badania nad tekstem w latach 1989-2014, \u201eJ\u0119zyk Polski\u201d 2015, s. 106-113.<\/p>\n<p>\u201eProsimy wi\u0119cej u nas nie kupowa\u0107\u201d rzecz o kryzysie w dyskursie handlowym, \u201e\u0418\u0441\u0441\u043b\u0435\u0434\u043e\u0432\u0430\u043d\u0438\u044f \u043f\u043e \u0421\u043b\u0430\u0432\u044f\u043d\u0441\u043a\u0438\u043c \u042f\u0437\u044b\u043a\u0430\u043c\u201d 19-1 189, 2014, s. 189-203.<\/p>\n<p>Dwa \u015bwiaty, dwa style negocjacji \u2013 o kulturowej determinacji w inicjowaniu dyskursu handlowego, \u201eStylistyka\u201d nr 22, s. 437-451.<\/p>","protected":false},"excerpt":{"rendered":"<p>dr Katarzyna Sujkowska, prof. U\u015a Kontakt: katarzyna.sujkowska@us.edu.pl pe\u0142nomocniczka Rektora Uniwersytetu \u015al\u0105skiego ds. jako\u015bci kszta\u0142cenia i akredytacji przewodnicz\u0105ca uniwersyteckiej Komisji ds. kszta\u0142cenia i student\u00f3w sekretarz naukowa rocznika Forum Lingwistyczne koordynatorka projektu pn. \u201eUniwersytet Humanist\u00f3w\u201d realizowanego w ramach programu POWER (NCBiR) koordynatorka merytoryczna projektu pn.\u201eBetween interaction and innovation \u2013 creating communication space in the digital Word\u201d realizowanego [&#8230;]<\/p>\n<p><a class=\"btn btn-secondary understrap-read-more-link\" href=\"https:\/\/us.edu.pl\/instytut\/ij\/osoby\/katarzyna-sujkowska\/\">Read More&#8230;<\/a><\/p>\n","protected":false},"author":1015,"featured_media":0,"template":"","meta":{"_expiration-date-status":"","_expiration-date":0,"_expiration-date-type":"","_expiration-date-categories":[],"_expiration-date-options":[]},"acf":[],"_links":{"self":[{"href":"https:\/\/us.edu.pl\/instytut\/ij\/wp-json\/wp\/v2\/osoby\/799"}],"collection":[{"href":"https:\/\/us.edu.pl\/instytut\/ij\/wp-json\/wp\/v2\/osoby"}],"about":[{"href":"https:\/\/us.edu.pl\/instytut\/ij\/wp-json\/wp\/v2\/types\/osoby"}],"author":[{"embeddable":true,"href":"https:\/\/us.edu.pl\/instytut\/ij\/wp-json\/wp\/v2\/users\/1015"}],"version-history":[{"count":6,"href":"https:\/\/us.edu.pl\/instytut\/ij\/wp-json\/wp\/v2\/osoby\/799\/revisions"}],"predecessor-version":[{"id":3472,"href":"https:\/\/us.edu.pl\/instytut\/ij\/wp-json\/wp\/v2\/osoby\/799\/revisions\/3472"}],"wp:attachment":[{"href":"https:\/\/us.edu.pl\/instytut\/ij\/wp-json\/wp\/v2\/media?parent=799"}],"curies":[{"name":"wp","href":"https:\/\/api.w.org\/{rel}","templated":true}]}}