{"id":253,"date":"2020-02-03T11:11:43","date_gmt":"2020-02-03T10:11:43","guid":{"rendered":"http:\/\/us.edu.pl\/instytut\/il\/?post_type=osoby&#038;p=253"},"modified":"2023-01-16T16:47:40","modified_gmt":"2023-01-16T15:47:40","slug":"grazyna-krupinska","status":"publish","type":"osoby","link":"https:\/\/us.edu.pl\/instytut\/il\/osoby\/grazyna-krupinska\/","title":{"rendered":"Gra\u017cyna Krupi\u0144ska"},"content":{"rendered":"<p>[vc_row][vc_column width=&#8221;2\/3&#8243;][vc_tta_tabs][vc_tta_section title=&#8221;POLISH&#8221; tab_id=&#8221;1613646988125-7c789307-ad82&#8243;]\r\n                <div class=\"text-modules\">\r\n                    <div class=\"container\">\r\n                        \r\n                        <div class=\"text-modules__content\"><p><strong><span style=\"font-size: 12pt;\">Gra\u017cyna Krupi\u0144ska<\/span><\/strong><\/p>\n<p><span style=\"font-size: 12pt;\"><a href=\"mailto:grazyna.krupinska@us.edu.pl\">grazyna.krupinska@us.edu.pl<\/a><\/span><\/p>\n<p><span style=\"font-size: 12pt;\"><a href=\"https:\/\/orcid.org\/0000-0003-2494-4017\">https:\/\/orcid.org\/0000-0003-2494-4017<\/a><\/span><\/p>\n<p><span style=\"font-size: 12pt;\"><a href=\"https:\/\/silesian.academia.edu\/Gra%C5%BCynaKrupi%C5%84ska\">https:\/\/silesian.academia.edu\/Gra%C5%BCynaKrupi%C5%84ska<\/a><\/span><\/p>\n<p><span style=\"font-size: 12pt;\"><a href=\"https:\/\/www.researchgate.net\/profile\/Grazyna_Krupinska\">https:\/\/www.researchgate.net\/profile\/Grazyna_Krupinska<\/a><\/span><\/p>\n<p><span style=\"font-size: 12pt;\">Uko\u0144czy\u0142am studia filologii germa\u0144skiej na Uniwersytecie \u015al\u0105skim (1997). Doktorat, po\u015bwi\u0119cony postaciom kobiet w tw\u00f3rczo\u015bci prozatorskiej Ricardy Huch (<em>Weiblichkeitsbilder im Prosawerk Ricarda Huchs<\/em>), napisany pod nazwiskiem panie\u0144skim Gra\u017cyna Sobik, obroni\u0142am w 2001 r. W 2019 uzyska\u0142am stopie\u0144 doktora habilitowanego na podstawie ksi\u0105\u017cki <em>Sztuka staje si\u0119 \u017cyciem, a \u017cycie sztuk\u0105 \u2026 Pogl\u0105dy estetyczne Lou Andreas-Salom\u00e9 w przestrzeni kulturowej ko\u0144ca XIX i pocz\u0105tku XX wieku<\/em> (Krak\u00f3w 2018).<\/span><\/p>\n<p><span style=\"font-size: 12pt;\">Moje zainteresowania naukowe<strong>: <\/strong>niemieckoj\u0119zyczna literatura modernizmu, tw\u00f3rczo\u015b\u0107 Lou Andreas-Salom\u00e9, komparatystyka literacka, dyskurs Innego\/Obcego, <em>gender<\/em> i <em>queer studies<\/em>, badania nad m\u0119sko\u015bci\u0105<\/span><\/p>\n<p><span style=\"font-size: 12pt;\"><strong>Monografie autorskie:<\/strong><\/span><\/p>\n<p><span style=\"font-size: 12pt;\"><em>Sztuka staje si\u0119 \u017cyciem, a \u017cycie sztuk\u0105 \u2026 Pogl\u0105dy estetyczne Lou Andreas-Salom\u00e9 w przestrzeni kulturowej ko\u0144ca XIX i pocz\u0105tku XX wieku<\/em>. Krak\u00f3w: Universitas 2018.<\/span><\/p>\n<p><span style=\"font-size: 12pt;\"><strong>Prace redagowane:<\/strong><\/span><\/p>\n<p><span style=\"font-size: 12pt;\">Lou Andreas-Salom\u00e9: <em>Russische Texte: aus der Zeitschrift Sewerny Westnik<\/em>, herausgegeben und mit einem Nachwort versehen von Gra\u017cyna Krupi\u0144ska. Taching: MedienEditon Welsch 2021.<\/span><\/p>\n<p><span style=\"font-size: 12pt;\"><strong>Artyku\u0142y:<\/strong><\/span><\/p>\n<ul>\n<li><span style=\"font-size: 12pt;\">recenzja: Elisa-Maria Hiemer, Autobiographisches Schreiben als \u00e4sthetisches Problem. J\u00fcdische Vielfalt in der polnischen und deutschen Gegenwartsliteratur, w: <a href=\"https:\/\/opus.us.edu.pl\/info\/journalseries\/WUT73768\/Szczeg%25C3%25B3%25C5%2582y%2Brekordu%2B%25E2%2580%2593%2BCzasopisma%2Bi%2Bserie%2B%25E2%2580%2593%2BUniwersytet%2B%25C5%259Al%25C4%2585ski+title?ps=20&amp;lang=pl&amp;pn=1\">Zag\u0142ada \u017byd\u00f3w. Studia i Materia\u0142y<\/a> 17\/2021, s. 821-825.<\/span><\/li>\n<li><span style=\"font-size: 12pt;\">recenzja: Jurij Br\u011bzan: &#8222;nigdy nie czu\u0142em si\u0119 obco&#8221;, w: \u015al\u0105sk 4\/2020, s. 64-65.<\/span><\/li>\n<li><span style=\"font-size: 12pt;\">M\u00e4nnlichkeitsbilder in den fr\u00fchen Novellen von Arnold Zweig, w: <em>Arnold Zweig zum f\u00fcnfzigsten Todestag<\/em>, hg. von Krzysztof K\u0142osowicz. Berlin: Peter Lang 2019, s. 45-59.<\/span><\/li>\n<li><span style=\"font-size: 12pt;\">Die russische Literatur im Lichte von Lou Andreas-Salom\u00e9s Betrachtungen zur Moderne, w: <em>Lou Andreas-Salom\u00e9. Zwischenwege in der Moderne \/ Sur les chemnis de traverse de la modernit\u00e9<\/em>, hg. von Britta Benert u. Romana Weiershausen. Taching am See: MedienEdition Welsch 2019, s. 79-99.<\/span><\/li>\n<li><span style=\"font-size: 12pt;\">Das Bild des modernen K\u00fcnstlers bei Lou Andreas-Salom\u00e9, w: <em>Facetten des K\u00fcnstler(tum)s in der Literatur und Kultur. Studien und Aufs\u00e4tze<\/em>, hg. von Nina Nowara-Matusik. Berlin: Peter Lang 2019, s. 117-129.<\/span><\/li>\n<li><span style=\"font-size: 12pt;\">Ein neues Geschlechterverh\u00e4ltnis? \u2013 Bertolt Brechts \u201eTrommeln in der Nacht\u201c, w: <em>Der Erste Weltkrieg in der Dramatik \u2013 deutsche und australische Perspektiven<\/em>, hg. von\u00a0Christian Klein u.\u00a0Franz-Josef Deiters. Stuttgart: Metzler 2018, s. 59-67.<\/span><\/li>\n<li><span style=\"font-size: 12pt;\">Gender-orientierte Erz\u00e4hltextanalyse am Beispiel der Novelle \u201eAbteilung:\u00a0 \u00bbInnere M\u00e4nner\u00ab\u201c von Lou Andreas-Salom\u00e9, w: <em>Blick(e) \u00fcber die Grenze. Transkulturelle und transdisziplin\u00e4re Ans\u00e4tze in der germanistischen Forschung und Lehre<\/em>, hg. v. E. \u017bebrowska, M. Opli\u0144ska-Szkie\u0142ko, M. Latkowska. Warszawa 2018, s. 94-100.<\/span><\/li>\n<li><span style=\"font-size: 12pt;\">Sztuka i artysta wed\u0142ug Rainera Marii Rilkego, w: <em>Wortfolge. Szyk S\u0142\u00f3w<\/em>, nr 1\/2017, s. 63-82.<\/span><\/li>\n<li><span style=\"font-size: 12pt;\">Czytaj\u0105c p\u0142e\u0107. Opowiadanie <em>M\u00e4dchenreigen <\/em>Lou Andreas-Salom\u00e9, w: <em>Na rozdro\u017cach literatury. Wok\u00f3\u0142 bada\u0144 komparatystycznych nad literatur\u0105 i kultur\u0105 niemieckoj\u0119zyczn\u0105<\/em>. Red. Renata Dampc-Jarosz, Zbigniew Feliszewski. Katowice: Biblioteka \u015al\u0105ska 2016, s. 25-39.<\/span><\/li>\n<li><span style=\"font-size: 12pt;\">Obrazy m\u0119sko\u015bci u Brechta? Wok\u00f3\u0142 <em>Baala<\/em>, w: <em>Wok\u00f3\u0142 Bertolta Brechta. Studia i szkice<\/em>. Red. Gra\u017cyna B. Szewczyk, Zbigniew Feliszewski, Marta Jadwiga B\u0105kiewicz. Krak\u00f3w: Universitas 2016, s. 41-52.<\/span><\/li>\n<li><span style=\"font-size: 12pt;\">P\u0142e\u0107 i wojna w antywojennej sztuce Ilsy Langner \u201eFrau Emma k\u00e4mpft im Hinterland\u201d, w: <em>I wojna \u015bwiatowa na \u015al\u0105sku. Historia \u2013 literatura \u2013 kultura<\/em>, pod red. Gra\u017cyny Barbary Szewczyk i Ryszarda Kaczmarka. O\u015bwi\u0119cim: NapoleonV 2016, s. 235-242.<\/span><\/li>\n<li><span style=\"font-size: 12pt;\">Themen und Formen der polnischen Lyrik in den ersten Nachkriegsjahren, in: <em>Wir sind noch einmal davongekommen. R\u00fcckblick 70 Jahre nach dem Ende des 2. Weltkriegs<\/em>. Hrsg. von Heidi Beutin \/ Hans-Ernst B\u00f6ttcher \/ Uwe Polkaehn. Siedendolsleben: Ossietzky 2016, s. 74-88.<\/span><\/li>\n<li><span style=\"font-size: 12pt;\">Das postmoderne Reisen im Roman <em>Die Fahrt<\/em> von Sibylle Berg, in: <em>Zwischen Orten, Zeiten und Kulturen. Zum Transitorischen in der Literatur<\/em>. Hrsg. von Jolanta Pacyniak \/ Anna Pastuszka. Frankfurt am Main: Peter Lang 2016, s. 111-122.<\/span><\/li>\n<li><span style=\"font-size: 12pt;\">Der queere Andere als eine Herausforderung f\u00fcr das Eigene. Einige Bemerkungen zu dem Roman<em> Vielen Dank f\u00fcr das Leben<\/em> von Sibylle Berg, w: <em>Interferencje Kultury Wsp\u00f3\u0142czesnej<\/em>. Red. A. G\u00f3rajek, A. Jag\u0142owska, D. Wyrzykiewicz. Warszawa: Instytut Germanistyki Uniwersytetu Warszawskiego 2015, s. 37-46.<\/span><\/li>\n<li><span style=\"font-size: 12pt;\">Der erste Weltkrieg und Geschlecht in der Prosa von Arnold Zweig, in: <em>\u00bbDas Denken der Zukunft muss Kriege unm\u00f6glich machen\u00ab. Der Krieg in Kunst, Literatur und Wissenschaft<\/em>. Hg. v. H. Beutin u.a. M\u00f6ssingen-Thalheim: Talheimer 2015, s. 109-121.<\/span><\/li>\n<li><span style=\"font-size: 12pt;\">Das Konzept des Anderen und\/oder des Fremden in Brechts Drama <em>Im Dickicht der St\u00e4dte<\/em>. In: <em>\u0411\u0440\u0435\u0445\u0442\u0456\u0432\u0441\u044c\u043a\u0438\u0439<\/em> <em>\u0447\u0430\u0441\u043e\u043f\u0438\u0441<\/em><em>\/Brecht-Heft<\/em> (\u0416\u0438\u0442\u043e\u043c\u0438\u0440\u0441\u044c\u043a\u0438\u0439 \u0434\u0435\u0440\u0436\u0430\u0432\u043d\u0438\u0439 \u0443\u043d\u0456\u0432\u0435\u0440\u0441\u0438\u0442\u0435\u0442 \u0456\u043c\u0435\u043d\u0456 \u0406\u0432\u0430\u043d\u0430 \u0424\u0440\u0430\u043d\u043a\u0430), Nr 3, 2013, s. 148-156.<\/span><\/li>\n<li><span style=\"font-size: 12pt;\">M\u00e4nnlichkeitsbilder bei Brecht. Zu den Dramen <em>Baal<\/em> und <em>Trommeln in der Nacht<\/em>, in: <em>The Brecht Yearbook \/ Das Brecht-Jahrbuch<\/em>, Volume 38 (2013): Distance and Proximity \/ N\u00e4he und Distanz. Hg. von Theodore F. Rippey, s. 226-243.<\/span><\/li>\n<li><span style=\"font-size: 12pt;\">&#8222;&#8230;da\u00df man im gr\u00fcnen Wagen weiter kommt als in D-Z\u00fcgen&#8221;? Vagabundentum, B\u00fcrgerlichkeit und K\u00fcnstlerschaft. Zu Hauptmanns Roman <em>Wanda<\/em>, w: <em>Carl und Gerhart Hauptmann\u2013Jahrbuch<\/em>. Hg. v. G. B. Szewczyk, Bd. VII. W\u0142oc\u0142awek: Wydawnictwo Naukowe PWSZ 2013, s. 97-105.<\/span><\/li>\n<\/ul>\n<p>\n<\/div>\r\n                    <\/div>\r\n                <\/div>[\/vc_tta_section][vc_tta_section title=&#8221;ENGLISH&#8221; tab_id=&#8221;1613646988144-8dc22563-86df&#8221;]\r\n                <div class=\"text-modules\">\r\n                    <div class=\"container\">\r\n                        \r\n                        <div class=\"text-modules__content\"><p><strong>Gra\u017cyna Krupi\u0144ska, PhD, DLitt<\/strong><\/p>\n<p><strong>Associate Professor in the Institute of Literary Studies<\/strong><\/p>\n<p><strong>Faculty of Humanities<\/strong><\/p>\n<p><a href=\"mailto:grazyna.krupinska@us.edu.pl\">grazyna.krupinska@us.edu.pl<\/a><\/p>\n<p>&nbsp;<\/p>\n<p>ORCID: 0000-0003-2494-4017<\/p>\n<p><a href=\"https:\/\/www.researchgate.net\/profile\/Grazyna_Krupinska\">https:\/\/www.researchgate.net\/profile\/Grazyna_Krupinska<\/a><\/p>\n<p>&nbsp;<\/p>\n<p><strong>Research interests: <\/strong><\/p>\n<p>German-language literature and esthetics of the turn of the 19th and 20th centuries, Lou Andreas-Salom\u00e9\u2019s works, feminist critique\/literary studies, gender studies, literary comparatistics<\/p>\n<p><strong>\u00a0<\/strong><\/p>\n<p><strong>Monographs\/editing:<\/strong><\/p>\n<ol>\n<li>Andreas-Salom\u00e9, Lou: Russische Texte. Aus der Zeitschrift Sewerny Westnik. Aufs\u00e4tze und Essays Bd. 7. Hg. u. mit einem Nachwort versehen von Gra\u017cyna Krupi\u0144ska. Taching am See: MedienEdition Welsch 2021 [Russian texts published in the magazine <em>Severny Vestnik<\/em>. Articles and essays, tom 7, editing and afterword by Gra\u017cyna Krupi\u0144ska]<\/li>\n<li>Sztuka staje si\u0119 \u017cyciem, a \u017cycie sztuk\u0105 \u2026 Pogl\u0105dy estetyczne Lou Andreas-Salom\u00e9 w przestrzeni kulturowej ko\u0144ca XIX i pocz\u0105tku XX wieku [Art turns into life, life becomes art \u2026 Lou Andreas-Salom\u00e9\u2019s esthetic position in the cultural space of the end of the 19th century and the beginning of the 20th century]. Krak\u00f3w: Universitas 2018.<\/li>\n<\/ol>\n<p>&nbsp;<\/p>\n<p><strong>Selected articles:<\/strong><\/p>\n<ol>\n<li>Die russische Literatur im Lichte von Lou Andreas-Salom\u00e9s Betrachtungen zur Moderne [Russian literature in the light of Lou Andreas-Salom\u00e9\u2019s views on modernism]. In: Lou Andreas-Salom\u00e9. Zwischenwege in der Moderne \/ Sur les chemnis de traverse de la modernit\u00e9. Britta Benert u. Romana Weiershausen (eds.). Taching am See: MedienEdition Welsch 2019, pp. 79-99<\/li>\n<li>M\u00e4nnlichkeitsbilder in den fr\u00fchen Novellen von Arnold Zweig [Images of masculinity in the early short stories of Arnold Zweig]. In: Arnold Zweig zum f\u00fcnfzigsten Todestag. Krzysztof K\u0142osowicz (ed.). Berlin: Peter Lang 2019, pp. 45-59<\/li>\n<li>Das Bild des modernen K\u00fcnstlers bei Lou Andreas-Salom\u00e9 [The image of modernist artist in Lou Andreas-Salom\u00e9\u2019s works]. In: Facetten des K\u00fcnstler(tum)s in der Literatur und Kultur. Studien und Aufs\u00e4tze. Nina Nowara-Matusik (ed.). Berlin: Peter Lang 2019, pp. 117-129<\/li>\n<li>Ein neues Geschlechterverh\u00e4ltnis? \u2013 Bertolt Brechts \u201eTrommeln in der Nacht\u201c [A new formula of gender relations? \u2014 Bertolt Brecht\u2019s<em> Drums in the Night<\/em>]. In: Der Erste Weltkrieg in der Dramatik \u2013 deutsche und australische Perspektiven. Christian Klein u.\u00a0Franz-Josef Deiters (eds.). Stuttgart: Metzler 2018, pp. 59-67<\/li>\n<li>Gender-orientierte Erz\u00e4hltextanalyse am Beispiel der Novelle \u201eAbteilung: \u00bbInnere M\u00e4nner\u00ab\u201c von Lou Andreas-Salom\u00e9 [A gender-narrative analysis on the basis of Lou Andreas-Salom\u00e9\u2019s <em>Unit for \u201cMen, Internal\u201d<\/em>]. In: Blick(e) \u00fcber die Grenze. Transkulturelle und transdisziplin\u00e4re Ans\u00e4tze in der germanistischen Forschung und Lehre. \u017bebrowska, M. Opli\u0144ska-Szkie\u0142ko, M. Latkowska (eds.). Warszawa 2018, pp. 94-100<\/li>\n<li>Sztuka i artysta wed\u0142ug Rainera Marii Rilkego [Art and the artist according to Rainer Maria Rilke]. In: Wortfolge. Szyk S\u0142\u00f3w, no. 1\/2017, 63-82.<\/li>\n<\/ol>\n<p>\n<\/div>\r\n                    <\/div>\r\n                <\/div>[\/vc_tta_section][\/vc_tta_tabs][\/vc_column][vc_column width=&#8221;1\/3&#8243;]\r\n                <div class=\"text-modules\">\r\n                    <div class=\"container\">\r\n                        \r\n                        <div class=\"text-modules__content\"><\/p>\n<p>&nbsp;<\/p>\n<p><img class=\"alignnone wp-image-690 size-full\" src=\"https:\/\/us.edu.pl\/instytut\/il\/wp-content\/uploads\/sites\/27\/2020\/01\/Krupi\u0144ska_Gra\u017cyna_foto.jpg\" alt=\"Gra\u017cyna Krupi\u0144ska - zdj\u0119cie profilowe\" width=\"394\" height=\"591\" srcset=\"https:\/\/us.edu.pl\/instytut\/il\/wp-content\/uploads\/sites\/27\/2020\/01\/Krupi\u0144ska_Gra\u017cyna_foto.jpg 394w, https:\/\/us.edu.pl\/instytut\/il\/wp-content\/uploads\/sites\/27\/2020\/01\/Krupi\u0144ska_Gra\u017cyna_foto-200x300.jpg 200w, https:\/\/us.edu.pl\/instytut\/il\/wp-content\/uploads\/sites\/27\/2020\/01\/Krupi\u0144ska_Gra\u017cyna_foto-383x575.jpg 383w\" sizes=\"(max-width: 394px) 100vw, 394px\" \/><\/p>\n<\/div>\r\n                    <\/div>\r\n                <\/div>[\/vc_column][\/vc_row]<\/p>","protected":false},"excerpt":{"rendered":"<p>[vc_row][vc_column width=&#8221;2\/3&#8243;][vc_tta_tabs][vc_tta_section title=&#8221;POLISH&#8221; tab_id=&#8221;1613646988125-7c789307-ad82&#8243;][\/vc_tta_section][vc_tta_section title=&#8221;ENGLISH&#8221; tab_id=&#8221;1613646988144-8dc22563-86df&#8221;][\/vc_tta_section][\/vc_tta_tabs][\/vc_column][vc_column width=&#8221;1\/3&#8243;][\/vc_column][\/vc_row] [&#8230;]<\/p>\n<p><a class=\"btn btn-secondary understrap-read-more-link\" href=\"https:\/\/us.edu.pl\/instytut\/il\/osoby\/grazyna-krupinska\/\">Read More&#8230;<\/a><\/p>\n","protected":false},"author":1,"featured_media":0,"template":"","meta":{"_expiration-date-status":"","_expiration-date":0,"_expiration-date-type":"","_expiration-date-categories":[],"_expiration-date-options":[]},"acf":[],"_links":{"self":[{"href":"https:\/\/us.edu.pl\/instytut\/il\/wp-json\/wp\/v2\/osoby\/253"}],"collection":[{"href":"https:\/\/us.edu.pl\/instytut\/il\/wp-json\/wp\/v2\/osoby"}],"about":[{"href":"https:\/\/us.edu.pl\/instytut\/il\/wp-json\/wp\/v2\/types\/osoby"}],"author":[{"embeddable":true,"href":"https:\/\/us.edu.pl\/instytut\/il\/wp-json\/wp\/v2\/users\/1"}],"version-history":[{"count":7,"href":"https:\/\/us.edu.pl\/instytut\/il\/wp-json\/wp\/v2\/osoby\/253\/revisions"}],"predecessor-version":[{"id":4314,"href":"https:\/\/us.edu.pl\/instytut\/il\/wp-json\/wp\/v2\/osoby\/253\/revisions\/4314"}],"wp:attachment":[{"href":"https:\/\/us.edu.pl\/instytut\/il\/wp-json\/wp\/v2\/media?parent=253"}],"curies":[{"name":"wp","href":"https:\/\/api.w.org\/{rel}","templated":true}]}}