{"id":3314,"date":"2021-10-21T07:26:19","date_gmt":"2021-10-21T05:26:19","guid":{"rendered":"https:\/\/us.edu.pl\/instytut\/il\/?post_type=osoby&#038;p=3314"},"modified":"2023-01-16T17:32:14","modified_gmt":"2023-01-16T16:32:14","slug":"pawel-meus","status":"publish","type":"osoby","link":"https:\/\/us.edu.pl\/instytut\/il\/osoby\/pawel-meus\/","title":{"rendered":"Pawe\u0142 Meus"},"content":{"rendered":"<p>[vc_row][vc_column width=&#8221;2\/3&#8243;][vc_tta_tabs][vc_tta_section title=&#8221;POLISH&#8221; tab_id=&#8221;1634793808271-4bffe787-ca8c&#8221;]\r\n                <div class=\"text-modules\">\r\n                    <div class=\"container\">\r\n                        \r\n                        <div class=\"text-modules__content\"><p><strong><span style=\"font-size: 12pt;\">dr Pawe\u0142 Meus<\/span><\/strong><\/p>\n<p><span style=\"font-size: 12pt;\"><a href=\"mailto:pawel.meus@us.edu.pl\">pawel.meus@us.edu.pl<\/a><\/span><\/p>\n<p><span style=\"font-size: 12pt;\"><a href=\"https:\/\/orcid.org\/0000-0001-9355-6937\">https:\/\/orcid.org\/0000-0001-9355-6937<\/a><\/span><\/p>\n<p><span style=\"font-size: 12pt;\"><a href=\"https:\/\/silesian.academia.edu\/Pawe\u0142Meus\">https:\/\/silesian.academia.edu\/Pawe\u0142Meus<\/a><\/span><\/p>\n<p><span style=\"font-size: 12pt;\"><a href=\"https:\/\/www.researchgate.net\/profile\/Pawel-Meus\">https:\/\/www.researchgate.net\/profile\/Pawel-Meus<\/a><\/span><\/p>\n<p><span style=\"font-size: 12pt;\">W 2016 roku uko\u0144czy\u0142em germanistyk\u0119 na Uniwersytecie \u015al\u0105skim w Katowicach. Nast\u0119pnie podj\u0105\u0142em studia doktoranckie, w trakcie kt\u00f3rych pod opiek\u0105 dr hab. Renaty Dampc-Jarosz, prof. U\u015a przygotowa\u0142em prac\u0119 po\u015bwi\u0119con\u0105 \u017cyciu i tw\u00f3rczo\u015bci Alfreda Heina. Na podstawie dysertacji <em>Pomi\u0119dzy \u015al\u0105skiem a Berlinem. Narracyjne kszta\u0142towanie \u015bwiata w tw\u00f3rczo\u015bci Alfreda Heina<\/em> uzyska\u0142em w 2020 r. stopie\u0144 doktora nauk humanistycznych w dyscyplinie literaturoznawstwo. Do moich zainteresowa\u0144 naukowych nale\u017c\u0105 niemieckoj\u0119zyczna literatura G\u00f3rnego \u015al\u0105ska, literackie uj\u0119cie I wojny \u015bwiatowej oraz wsp\u00f3\u0142czesne teorie przestrzenne i narracyjne.<\/span><\/p>\n<p><strong><span style=\"font-size: 12pt;\">Publikacje:<\/span><\/strong><\/p>\n<ul>\n<li><span style=\"font-size: 12pt;\"><em>Rezolutna zakonnica w walce z totalitarnym systemem. Sylwetka siostry Marii Restytuty Kafki<\/em> (w:) Borek Agata (red.): <em>Kalliope Austria II: kobiety w spo\u0142ecze\u0144stwie, kulturze i nauce. Silna s\u0142aba p\u0142e\u0107<\/em>, Katowice 2022. ISBN: 978-83-8183-117-8, 123<strong>&#8211;<\/strong><\/span><\/li>\n<li><span style=\"font-size: 12pt;\"><em>Erich Maria Remarques und Alfred Heins Kriegsromane. Versuch einer vergleichenden Analyse <\/em>(w:) <em>Erich Maria Remarque aus heutiger Sicht<\/em>. (red.) Claudia Junk, Renata Dampc-Jarosz, Pawe\u0142 Meus, Thomas F. Schneider, G\u00f6ttingen ISBN: 978-3-8471-1398-0, s. 47-63.<\/span><\/li>\n<li><span style=\"font-size: 12pt;\"><em>Kunst als Berufung. \u00dcberlegungen zur K\u00fcnstlerdarstellung im Werk von Alfred Hein <\/em>(w:) <em>Facetten des K\u00fcnstler(tum)s in Literatur und Kultur<\/em> (red.) Nina Nowara-Matuski, Berlin 2019. ISBN: 978-3-631-78288-0, s. 169-179.<\/span><\/li>\n<li><span style=\"font-size: 12pt;\"><em>Zwei Stimmen f\u00fcr ein \u201eneues Zeitalter der ernsten Arbeit und des Fortschritts\u201c. Der Beitrag von Max Herrmann-Nei\u00dfe und Alfred Hein zur Erziehung der deutschen Jugend nach dem Ersten Weltkrieg<\/em>, wsp\u00f3lnie z Renat\u0105 Dampc-Jarosz (w:) <em>Krieg in Comic, Graphic Novel und Literatur II<\/em> (red.) Claudia Junk, Thomas F. Schneider, G\u00f6ttingen 2019. ISBN: 978-3-8471-1111-5, s. 101-113.<\/span><\/li>\n<li><span style=\"font-size: 12pt;\"><em>Przestrze\u0144 I i II wojny \u015bwiatowej \u2013 pr\u00f3ba analizy na przyk\u0142adzie &#8222;Na zachodzie bez zmian&#8221; Ericha Marii Remarque&#8217;a i &#8222;Gdzie by\u0142e\u015b, Adamie&#8221; Heinricha B\u00f6lla<\/em> (w:) <em>Pisz\u0105c zmieniam \u015bwiat. Heinrich B\u00f6ll czytany wsp\u00f3\u0142cze\u015bni<\/em>e (red.) Renata Dampc-Jarosz, Leszek \u017byli\u0144ski. ISBN: 97883-242-3528-5, Krak\u00f3w 2019, s. 57-68.<\/span><\/li>\n<li><span style=\"font-size: 12pt;\"><em>Raum des Ersten und des Zweiten Weltkrieges. R\u00e4umliches Produkt oder Produktionsmittel? Einige \u00dcberlegungen zum Kriegsraum bei Erich Maria Remarque und Heinrich B\u00f6ll<\/em> (w:) <em>Politischen Konjunkturen zum Trotz. Heinrich B\u00f6lls Wirklichkeitsrepr\u00e4sentationen<\/em> (red.) Renata Dampc-Jarosz, Pawe\u0142 Zimniak, G\u00f6ttingen 2018. ISBN: 978-3-8471-0864-1, s. 159-170.<\/span><\/li>\n<li><span style=\"font-size: 12pt;\"><em>\u201cIm unheimlichen Strudel&#8221;: Front als Raum im Roman &#8222;Im Westen nichts Neues&#8221; von Erich Maria Remarque<\/em> (w:) <em>Remarque und die Medien: Literatur, Musik, Film, Graphic Novel<\/em> (red.) Thomas Schneider, G\u00f6ttingen 2018. ISBN: 978-3-8471-0970-9, 23-32.<\/span><\/li>\n<li><span style=\"font-size: 12pt;\"><em>Front des Ersten Weltkrieges als Heterotopie. Raumdarstellung in Alfred Heins Erst\u00fcrmung des \u201eToten Manns\u201c am 20. <\/em><em>Mai 1916<\/em> (w:) <em>Studia Niemcoznawcze<\/em> (red.) Lech Kolago, tom 61, Warszawa 2018. ISSN: 0208-4597, s. 257-269.<\/span><\/li>\n<li><span style=\"font-size: 12pt;\"><em>Zur Rolle der Musik im Werk von Alfred Hein<\/em> (w:) <em>Beitr\u00e4ge zur Germanistik. Blick(e) \u00fcber die Grenze. Transkulturelle und transdisziplin\u00e4re Ans\u00e4tze in der germanistischen Forschung und Lehre <\/em>(red.) Ewa \u017bebrowska, Magdalena Olpi\u0144ska-Szkie\u0142ko, Magdalena Latkowska, Warszawa 2018. ISBN: 978-83-64020-63-6, s. 101-106.<\/span><\/li>\n<\/ul>\n<p>\n<\/div>\r\n                    <\/div>\r\n                <\/div>[\/vc_tta_section][vc_tta_section title=&#8221;ENGLISH&#8221; tab_id=&#8221;1637580537927-4179dd86-03f5&#8243;]\r\n                <div class=\"text-modules\">\r\n                    <div class=\"container\">\r\n                        \r\n                        <div class=\"text-modules__content\"><p><strong><span style=\"font-size: 12pt;\">Pawe\u0142 Meus, PhD<\/span><\/strong><\/p>\n<p><span style=\"font-size: 12pt;\">In 2016, I graduated with a degree in Germanic Philology from the University of Silesia in Katowice. Then I undertook my doctoral studies, during which I prepared a thesis on the life and oeuvre of Alfred Hein under the supervision of Professor Renata Dampc-Jarosz. I defended the dissertation <em>Between Silesia and Berlin. The narrative shaping of the world in Alfred Hein&#8217;s work<\/em> in 2020 and I obtained the degree of doctor of humanities in the discipline of literary studies. The area of my research includes German literature of Silesia, literary depictions of the First World War, as well as modern spatial and narrative theories.<\/span><\/p>\n<p><strong><span style=\"font-size: 12pt;\">Publications:<\/span><\/strong><\/p>\n<ul>\n<li><span style=\"font-size: 12pt;\"><em>Rezolutna zakonnica w walce z totalitarnym systemem. Sylwetka siostry Marii Restytuty Kafki<\/em> (in:) Borek Agata (ed.): <em>Kalliope Austria II: kobiety w spo\u0142ecze\u0144stwie, kulturze i nauce. Silna s\u0142aba p\u0142e\u0107<\/em>, Katowice 2022. ISBN: 978-83-8183-117-8, pp.123<strong>&#8211;<\/strong><\/span><\/li>\n<li><span style=\"font-size: 12pt;\"><em>Erich Maria Remarques und Alfred Heins Kriegsromane. Versuch einer vergleichenden Analyse <\/em>(in:) <em>Erich Maria Remarque aus heutiger Sicht<\/em>. (ed.) Claudia Junk, Renata Dampc-Jarosz, Pawe\u0142 Meus, Thomas F. Schneider, G\u00f6ttingen ISBN: 978-3-8471-1398-0, pp. 47-63.<\/span><\/li>\n<li><span style=\"font-size: 12pt;\"><em>Kunst als Berufung. \u00dcberlegungen zur K\u00fcnstlerdarstellung im Werk von Alfred Hein <\/em>(in:) <em>Facetten des K\u00fcnstler(tum)s in Literatur und Kultur<\/em> (ed.) Nina Nowara-Matuski, Berlin 2019. ISBN: 978-3-631-78288-0, pp. 169-179.<\/span><\/li>\n<li><span style=\"font-size: 12pt;\"><em>Zwei Stimmen f\u00fcr ein \u201eneues Zeitalter der ernsten Arbeit und des Fortschritts\u201c. Der Beitrag von Max Herrmann-Nei\u00dfe und Alfred Hein zur Erziehung der deutschen Jugend nach dem Ersten Weltkrieg<\/em>, zusammen mit Renat\u0105 Dampc-Jarosz (in:) <em>Krieg in Comic, Graphic Novel und Literatur II<\/em> (ed.) Claudia Junk, Thomas F. Schneider, G\u00f6ttingen 2019. ISBN: 978-3-8471-1111-5, pp. 101-113.<\/span><\/li>\n<li><span style=\"font-size: 12pt;\"><em>Przestrze\u0144 I i II wojny \u015bwiatowej \u2013 pr\u00f3ba analizy na przyk\u0142adzie &#8222;Na zachodzie bez zmian&#8221; Ericha Marii Remarque&#8217;a i &#8222;Gdzie by\u0142e\u015b, Adamie&#8221; Heinricha B\u00f6lla<\/em> (in:) <em>Pisz\u0105c zmieniam \u015bwiat. Heinrich B\u00f6ll czytany wsp\u00f3\u0142cze\u015bni<\/em>e (pp.) Renata Dampc-Jarosz, Leszek \u017byli\u0144ski. ISBN: 97883-242-3528-5, Krak\u00f3w 2019, pp. 57-68.<\/span><\/li>\n<li><span style=\"font-size: 12pt;\"><em>Raum des Ersten und des Zweiten Weltkrieges. R\u00e4umliches Produkt oder Produktionsmittel? Einige \u00dcberlegungen zum Kriegsraum bei Erich Maria Remarque und Heinrich B\u00f6ll<\/em> (in:) <em>Politischen Konjunkturen zum Trotz. Heinrich B\u00f6lls Wirklichkeitsrepr\u00e4sentationen<\/em> (ed.) Renata Dampc-Jarosz, Pawe\u0142 Zimniak, G\u00f6ttingen 2018. ISBN: 978-3-8471-0864-1, pp. 159-170.<\/span><\/li>\n<li><span style=\"font-size: 12pt;\"><em>\u201cIm unheimlichen Strudel&#8221;: Front als Raum im Roman &#8222;Im Westen nichts Neues&#8221; von Erich Maria Remarque<\/em> (in:) <em>Remarque und die Medien: Literatur, Musik, Film, Graphic Novel<\/em> (ed.) Thomas Schneider, G\u00f6ttingen 2018. ISBN: 978-3-8471-0970-9, 23-32.<\/span><\/li>\n<li><span style=\"font-size: 12pt;\"><em>Front des Ersten Weltkrieges als Heterotopie. Raumdarstellung in Alfred Heins Erst\u00fcrmung des \u201eToten Manns\u201c am 20. <\/em><em>Mai 1916<\/em> (in:) <em>Studia Niemcoznawcze<\/em> (ed.) Lech Kolago, vol. 61, Warszawa 2018. ISSN: 0208-4597, pp. 257-269.<\/span><\/li>\n<li><span style=\"font-size: 12pt;\"><em>Zur Rolle der Musik im Werk von Alfred Hein<\/em> (in:) <em>Beitr\u00e4ge zur Germanistik. Blick(e) \u00fcber die Grenze. Transkulturelle und transdisziplin\u00e4re Ans\u00e4tze in der germanistischen Forschung und Lehre <\/em>(ed.) Ewa \u017bebrowska, Magdalena Olpi\u0144ska-Szkie\u0142ko, Magdalena Latkowska, Warszawa 2018. ISBN: 978-83-64020-63-6, pp. 101-106.<\/span><\/li>\n<\/ul>\n<p>\n<\/div>\r\n                    <\/div>\r\n                <\/div>[\/vc_tta_section][vc_tta_section title=&#8221;GERMAN&#8221; tab_id=&#8221;1673886629950-72bc79f1-6b7d&#8221;]\r\n                <div class=\"text-modules\">\r\n                    <div class=\"container\">\r\n                        \r\n                        <div class=\"text-modules__content\"><p><strong><span style=\"font-size: 12pt;\">dr Pawe\u0142 Meus<\/span><\/strong><\/p>\n<p><span style=\"font-size: 12pt;\">2016 habe ich Germanistikstudium an der Schlesischen Universit\u00e4t abgeschlossen. Anschlie\u00dfend habe ich das Doktorstudium aufgenommen, w\u00e4hren dessen ich unter der Betreuung von Univ.-Prof. Dr. habil. Renata Dampc-Jarosz an der Alfred Heins Leben und Werk gewidmeten Doktorarbeit gearbeitet habe. Anhand der Dissertation <em>Zwischen Schlesien und Berlin. Die narrative Gestaltung der Welt im Werk Alfred Heins<\/em> habe ich 2020 den Doktortitel in Literaturwissenschaft erlangen. Den Schwerpunkt meines wissenschaftlichen Interesses machen die deutschsprachige Literatur Oberschlesiens, die literarische Auffassung des Ersten Weltkrieges sowie gegenw\u00e4rtige Raum- und Erz\u00e4hltheorien aus.<\/span><\/p>\n<p><strong><span style=\"font-size: 12pt;\">Ver\u00f6ffentlichungen:<\/span><\/strong><\/p>\n<ul>\n<li><span style=\"font-size: 12pt;\"><em>Rezolutna zakonnica w walce z totalitarnym systemem. Sylwetka siostry Marii Restytuty Kafki<\/em> (in:) Borek Agata (): <em>Kalliope Austria II: kobiety w spo\u0142ecze\u0144stwie, kulturze i nauce. Silna s\u0142aba p\u0142e\u0107<\/em>, Katowice 2022. ISBN: 978-83-8183-117-8, S. 123<strong>&#8211;<\/strong>147.<\/span><\/li>\n<li><span style=\"font-size: 12pt;\"><em>Erich Maria Remarques und Alfred Heins Kriegsromane. Versuch einer vergleichenden Analyse <\/em>(in:) <em>Erich Maria Remarque aus heutiger Sicht<\/em>. (hrsg.) Claudia Junk, Renata Dampc-Jarosz, Pawe\u0142 Meus, Thomas F. Schneider, G\u00f6ttingen ISBN: 978-3-8471-1398-0, S. 47-63.<\/span><\/li>\n<li><span style=\"font-size: 12pt;\"><em>Kunst als Berufung. \u00dcberlegungen zur K\u00fcnstlerdarstellung im Werk von Alfred Hein <\/em>(in:) <em>Facetten des K\u00fcnstler(tum)s in Literatur und Kultur<\/em> (hrsg.) Nina Nowara-Matuski, Berlin 2019. ISBN: 978-3-631-78288-0, S. 169-179.<\/span><\/li>\n<li><span style=\"font-size: 12pt;\"><em>Zwei Stimmen f\u00fcr ein \u201eneues Zeitalter der ernsten Arbeit und des Fortschritts\u201c. Der Beitrag von Max Herrmann-Nei\u00dfe und Alfred Hein zur Erziehung der deutschen Jugend nach dem Ersten Weltkrieg<\/em>, zusammen mit Renat\u0105 Dampc-Jarosz (in:) <em>Krieg in Comic, Graphic Novel und Literatur II<\/em> (hrsg.) Claudia Junk, Thomas F. Schneider, G\u00f6ttingen 2019. ISBN: 978-3-8471-1111-5, S. 101-113.<\/span><\/li>\n<li><span style=\"font-size: 12pt;\"><em>Przestrze\u0144 I i II wojny \u015bwiatowej \u2013 pr\u00f3ba analizy na przyk\u0142adzie &#8222;Na zachodzie bez zmian&#8221; Ericha Marii Remarque&#8217;a i &#8222;Gdzie by\u0142e\u015b, Adamie&#8221; Heinricha B\u00f6lla<\/em> (in:) <em>Pisz\u0105c zmieniam \u015bwiat. Heinrich B\u00f6ll czytany wsp\u00f3\u0142cze\u015bni<\/em>e (hrsg.) Renata Dampc-Jarosz, Leszek \u017byli\u0144ski. ISBN: 97883-242-3528-5, Krak\u00f3w 2019, S. 57-68.<\/span><\/li>\n<li><span style=\"font-size: 12pt;\"><em>Raum des Ersten und des Zweiten Weltkrieges. R\u00e4umliches Produkt oder Produktionsmittel? Einige \u00dcberlegungen zum Kriegsraum bei Erich Maria Remarque und Heinrich B\u00f6ll<\/em> (in:) <em>Politischen Konjunkturen zum Trotz. Heinrich B\u00f6lls Wirklichkeitsrepr\u00e4sentationen<\/em> (hrsg.) Renata Dampc-Jarosz, Pawe\u0142 Zimniak, G\u00f6ttingen 2018. ISBN: 978-3-8471-0864-1, S. 159-170.<\/span><\/li>\n<li><span style=\"font-size: 12pt;\"><em>\u201cIm unheimlichen Strudel&#8221;: Front als Raum im Roman &#8222;Im Westen nichts Neues&#8221; von Erich Maria Remarque<\/em> (in:) <em>Remarque und die Medien: Literatur, Musik, Film, Graphic Novel<\/em> (hrsg.) Thomas Schneider, G\u00f6ttingen 2018. ISBN: 978-3-8471-0970-9, 23-32.<\/span><\/li>\n<li><span style=\"font-size: 12pt;\"><em>Front des Ersten Weltkrieges als Heterotopie. Raumdarstellung in Alfred Heins Erst\u00fcrmung des \u201eToten Manns\u201c am 20. <\/em><em>Mai 1916<\/em> (in:) <em>Studia Niemcoznawcze<\/em> (hrsg.) Lech Kolago, Bd. 61, Warszawa 2018. ISSN: 0208-4597, S. 257-269.<\/span><\/li>\n<li><span style=\"font-size: 12pt;\"><em>Zur Rolle der Musik im Werk von Alfred Hein<\/em> (in:) <em>Beitr\u00e4ge zur Germanistik. Blick(e) \u00fcber die Grenze. Transkulturelle und transdisziplin\u00e4re Ans\u00e4tze in der germanistischen Forschung und Lehre <\/em>(hrsg.) Ewa \u017bebrowska, Magdalena Olpi\u0144ska-Szkie\u0142ko, Magdalena Latkowska, Warszawa 2018. ISBN: 978-83-64020-63-6, S. 101-106.<\/span><\/li>\n<\/ul>\n<p>\n<\/div>\r\n                    <\/div>\r\n                <\/div>[\/vc_tta_section][\/vc_tta_tabs][\/vc_column][vc_column width=&#8221;1\/3&#8243;]\r\n                <div class=\"text-modules\">\r\n                    <div class=\"container\">\r\n                        \r\n                        <div class=\"text-modules__content\"><\/p>\n<p>&nbsp;<\/p>\n<p><img class=\"alignnone wp-image-3315 size-full\" src=\"https:\/\/us.edu.pl\/instytut\/il\/wp-content\/uploads\/sites\/27\/Nieprzypisane\/MEUS-Pawe\u0142-zdj\u0119cie.jpg\" alt=\"MEUS Pawe\u0142 - zdj\u0119cie profilowe\" width=\"400\" height=\"578\" srcset=\"https:\/\/us.edu.pl\/instytut\/il\/wp-content\/uploads\/sites\/27\/Nieprzypisane\/MEUS-Pawe\u0142-zdj\u0119cie.jpg 400w, https:\/\/us.edu.pl\/instytut\/il\/wp-content\/uploads\/sites\/27\/Nieprzypisane\/MEUS-Pawe\u0142-zdj\u0119cie-208x300.jpg 208w, https:\/\/us.edu.pl\/instytut\/il\/wp-content\/uploads\/sites\/27\/Nieprzypisane\/MEUS-Pawe\u0142-zdj\u0119cie-398x575.jpg 398w\" sizes=\"(max-width: 400px) 100vw, 400px\" \/><\/p>\n<\/div>\r\n                    <\/div>\r\n                <\/div>[\/vc_column][\/vc_row]<\/p>","protected":false},"excerpt":{"rendered":"<p>[vc_row][vc_column width=&#8221;2\/3&#8243;][vc_tta_tabs][vc_tta_section title=&#8221;POLISH&#8221; tab_id=&#8221;1634793808271-4bffe787-ca8c&#8221;][\/vc_tta_section][vc_tta_section title=&#8221;ENGLISH&#8221; tab_id=&#8221;1637580537927-4179dd86-03f5&#8243;][\/vc_tta_section][vc_tta_section title=&#8221;GERMAN&#8221; tab_id=&#8221;1673886629950-72bc79f1-6b7d&#8221;][\/vc_tta_section][\/vc_tta_tabs][\/vc_column][vc_column width=&#8221;1\/3&#8243;][\/vc_column][\/vc_row] [&#8230;]<\/p>\n<p><a class=\"btn btn-secondary understrap-read-more-link\" href=\"https:\/\/us.edu.pl\/instytut\/il\/osoby\/pawel-meus\/\">Read More&#8230;<\/a><\/p>\n","protected":false},"author":2113,"featured_media":0,"template":"","meta":{"_expiration-date-status":"","_expiration-date":0,"_expiration-date-type":"","_expiration-date-categories":[],"_expiration-date-options":[]},"acf":[],"_links":{"self":[{"href":"https:\/\/us.edu.pl\/instytut\/il\/wp-json\/wp\/v2\/osoby\/3314"}],"collection":[{"href":"https:\/\/us.edu.pl\/instytut\/il\/wp-json\/wp\/v2\/osoby"}],"about":[{"href":"https:\/\/us.edu.pl\/instytut\/il\/wp-json\/wp\/v2\/types\/osoby"}],"author":[{"embeddable":true,"href":"https:\/\/us.edu.pl\/instytut\/il\/wp-json\/wp\/v2\/users\/2113"}],"version-history":[{"count":4,"href":"https:\/\/us.edu.pl\/instytut\/il\/wp-json\/wp\/v2\/osoby\/3314\/revisions"}],"predecessor-version":[{"id":4324,"href":"https:\/\/us.edu.pl\/instytut\/il\/wp-json\/wp\/v2\/osoby\/3314\/revisions\/4324"}],"wp:attachment":[{"href":"https:\/\/us.edu.pl\/instytut\/il\/wp-json\/wp\/v2\/media?parent=3314"}],"curies":[{"name":"wp","href":"https:\/\/api.w.org\/{rel}","templated":true}]}}