{"id":333,"date":"2020-02-20T16:51:35","date_gmt":"2020-02-20T15:51:35","guid":{"rendered":"http:\/\/us.edu.pl\/instytut\/il\/?post_type=osoby&#038;p=333"},"modified":"2021-04-23T16:42:50","modified_gmt":"2021-04-23T14:42:50","slug":"ewelina-szymoniak","status":"publish","type":"osoby","link":"https:\/\/us.edu.pl\/instytut\/il\/osoby\/ewelina-szymoniak\/","title":{"rendered":"Ewelina Szymoniak"},"content":{"rendered":"<p>[vc_row][vc_column width=&#8221;2\/3&#8243;][vc_tta_tabs][vc_tta_section title=&#8221;POLISH&#8221; tab_id=&#8221;1619188861909-f9f0855e-fbf6&#8243;]\r\n                <div class=\"text-modules\">\r\n                    <div class=\"container\">\r\n                        \r\n                        <div class=\"text-modules__content\"><p><span style=\"font-size: 12pt\"><strong>Ewelina Szymoniak<\/strong> \u2013 doktor nauk humanistycznych w zakresie literaturoznawstwa, od 2008 roku adiunkt Uniwersytetu \u015al\u0105skiego w Katowicach. Uko\u0144czy\u0142a studia podyplomowe w zakresie Stosunk\u00f3w Mi\u0119dzynarodowych w Instytucie Nauk Politycznych i Stosunk\u00f3w Mi\u0119dzynarodowych Uniwersytetu Jagiello\u0144skiego. Obecnie Zast\u0119pca Dyrektora Kierunku Filologia Roma\u0144ska na Wydziale Humanistycznym U\u015a. Autorka ksi\u0105\u017cki oraz artyku\u0142\u00f3w w j\u0119zyku hiszpa\u0144skim opublikowanych w pracach zbiorowych i czasopismach. W latach 2011-2018 sekretarz sekcji hispanoj\u0119zycznej czasopisma naukowego <em>Romanica Silesiana<\/em>; koordynator (z Anet\u0105 Chmiel) RS nr 8 t.2 oraz redaktor RS nr 10 i RS nr 11 t.2. Recenzent artyku\u0142\u00f3w naukowych z zakresu literatury latynoameryka\u0144skiej w polskich i zagranicznych wydawnictwach ci\u0105g\u0142ych i zwartych. Wsp\u00f3\u0142pracuje z Wydawnictwem Naukowym U\u015a jako redaktor prac w j\u0119zyku hiszpa\u0144skim oraz t\u0142umacz. Jej zainteresowania naukowe obejmuj\u0105 literatur\u0119 hispanoj\u0119zyczn\u0105, zw\u0142aszcza latynoameryka\u0144sk\u0105. Praca badawcza skupia si\u0119 wok\u00f3\u0142 najnowszej powie\u015bci Ameryki \u0141aci\u0144skiej, traktowanej jako wyraz przeobra\u017ce\u0144 typowych dla p\u00f3\u017anonowoczesnego spo\u0142ecze\u0144stwa.<\/span><\/p>\n<p><span style=\"font-size: 12pt\"><strong>Wybrane publikacje:<\/strong><\/span><\/p>\n<ol>\n<li><span style=\"font-size: 12pt\">Insularia. Romanica Silesiana, nr 10. Red. Ewelina Szymoniak. Wydawnictwo Uniwersytetu \u015al\u0105skiego. Katowice 2015. ISSN: 1898-2433, ss. 428<\/span><\/li>\n<li><span style=\"font-size: 12pt\">El relato de viajes reescrito: viajeros de la alta modernidad y literatura hispanoamericana reciente. W: Literatura y re\/escritura. Red. Alexia Dotras Bravo, Diego Santos S\u00e1nchez, Sara Augusto. Centro de Literatura Portuguesa. Coimbra 2015. ISBN: 978-972-9126-30-7, ss. 351-360<\/span><\/li>\n<li><span style=\"font-size: 12pt\">Miedo. Romanica Silesiana, nr 11, t.2. Red. Ewelina Szymoniak. Wydawnictwo Uniwersytetu \u015al\u0105skiego. Katowice 2016. ISSN: 1898-2433, ss. 182<\/span><\/li>\n<li><span style=\"font-size: 12pt\">La faceta violenta de la sociedad peruana seg\u00fan Jaime Bayly. W: Violencia y discurso en el mundo hisp\u00e1nico. G\u00e9nero, cotidianidad y poder. Red. Miguel Carrera Garrido, Mariola Pietrak. Universidad Maria Curie-Sk\u0142odowska de Lublin, Padilla Libros Editores y Libreros. Sevilla 2015. ISBN: 978-84-8434-614-2, ss. 123-132<\/span><\/li>\n<li><span style=\"font-size: 12pt\">El concepto de no-lugar en la narrativa de Alberto Fuguet. W: Representaciones del espacio hostil en la literatura y las artes. Red. Ana Abril Hern\u00e1ndez, Laura de la Parra Fern\u00e1ndez. Andavira Editora. Santiago de Compostela 2017. ISBN: 978-84-8408-995-7, ss. 549-557<\/span><\/li>\n<li><span style=\"font-size: 12pt\">Alberto Fuguet: \u00bfun escritor pangeico? W: Escrituras locales en contextos globales. Literaturas, lecturas y sujetos en tr\u00e1nsito. Red.: Claudia Hammerschmidt. Inolas Publishers. Potsdam 2018. ISBN: 978-3-946139-27-0, ss. 371-383<\/span><\/li>\n<\/ol>\n<p>\n<\/div>\r\n                    <\/div>\r\n                <\/div>[\/vc_tta_section][\/vc_tta_tabs][\/vc_column][vc_column width=&#8221;1\/3&#8243;]\r\n                <div class=\"text-modules\">\r\n                    <div class=\"container\">\r\n                        \r\n                        <div class=\"text-modules__content\"><\/p>\n<p>&nbsp;<\/p>\n<p><img class=\"alignnone wp-image-669 size-full\" src=\"https:\/\/us.edu.pl\/instytut\/il\/wp-content\/uploads\/sites\/27\/2020\/01\/Szymoniak_Ewelina_foto.jpg\" alt=\"Ewelina Szymoniak - zdj\u0119cie profilowe\" width=\"454\" height=\"600\" srcset=\"https:\/\/us.edu.pl\/instytut\/il\/wp-content\/uploads\/sites\/27\/2020\/01\/Szymoniak_Ewelina_foto.jpg 454w, https:\/\/us.edu.pl\/instytut\/il\/wp-content\/uploads\/sites\/27\/2020\/01\/Szymoniak_Ewelina_foto-227x300.jpg 227w, https:\/\/us.edu.pl\/instytut\/il\/wp-content\/uploads\/sites\/27\/2020\/01\/Szymoniak_Ewelina_foto-435x575.jpg 435w\" sizes=\"(max-width: 454px) 100vw, 454px\" \/><\/p>\n<\/div>\r\n                    <\/div>\r\n                <\/div>[\/vc_column][\/vc_row]<\/p>","protected":false},"excerpt":{"rendered":"<p>[vc_row][vc_column width=&#8221;2\/3&#8243;][vc_tta_tabs][vc_tta_section title=&#8221;POLISH&#8221; tab_id=&#8221;1619188861909-f9f0855e-fbf6&#8243;][\/vc_tta_section][\/vc_tta_tabs][\/vc_column][vc_column width=&#8221;1\/3&#8243;][\/vc_column][\/vc_row] [&#8230;]<\/p>\n<p><a class=\"btn btn-secondary understrap-read-more-link\" href=\"https:\/\/us.edu.pl\/instytut\/il\/osoby\/ewelina-szymoniak\/\">Read More&#8230;<\/a><\/p>\n","protected":false},"author":1,"featured_media":0,"template":"","meta":{"_expiration-date-status":"saved","_expiration-date":0,"_expiration-date-type":"","_expiration-date-categories":[],"_expiration-date-options":[]},"acf":[],"_links":{"self":[{"href":"https:\/\/us.edu.pl\/instytut\/il\/wp-json\/wp\/v2\/osoby\/333"}],"collection":[{"href":"https:\/\/us.edu.pl\/instytut\/il\/wp-json\/wp\/v2\/osoby"}],"about":[{"href":"https:\/\/us.edu.pl\/instytut\/il\/wp-json\/wp\/v2\/types\/osoby"}],"author":[{"embeddable":true,"href":"https:\/\/us.edu.pl\/instytut\/il\/wp-json\/wp\/v2\/users\/1"}],"version-history":[{"count":7,"href":"https:\/\/us.edu.pl\/instytut\/il\/wp-json\/wp\/v2\/osoby\/333\/revisions"}],"predecessor-version":[{"id":2934,"href":"https:\/\/us.edu.pl\/instytut\/il\/wp-json\/wp\/v2\/osoby\/333\/revisions\/2934"}],"wp:attachment":[{"href":"https:\/\/us.edu.pl\/instytut\/il\/wp-json\/wp\/v2\/media?parent=333"}],"curies":[{"name":"wp","href":"https:\/\/api.w.org\/{rel}","templated":true}]}}