{"id":357,"date":"2020-02-20T17:11:00","date_gmt":"2020-02-20T16:11:00","guid":{"rendered":"http:\/\/us.edu.pl\/instytut\/il\/?post_type=osoby&#038;p=357"},"modified":"2022-12-05T18:56:35","modified_gmt":"2022-12-05T17:56:35","slug":"anna-kucz","status":"publish","type":"osoby","link":"https:\/\/us.edu.pl\/instytut\/il\/osoby\/anna-kucz\/","title":{"rendered":"Anna Kucz"},"content":{"rendered":"<p>[vc_row][vc_column width=&#8221;2\/3&#8243;][vc_tta_tabs][vc_tta_section title=&#8221;POLISH&#8221; tab_id=&#8221;1614083122099-ce24106f-d78f&#8221;]\r\n                <div class=\"text-modules\">\r\n                    <div class=\"container\">\r\n                        \r\n                        <div class=\"text-modules__content\"><p><span style=\"font-size: 12pt;\"><strong>Anna Kucz <\/strong><\/span><\/p>\n<p><span style=\"font-size: 12pt;\"><a href=\"mailto:anna.kucz@us.edu.pl\">anna.kucz@us.edu.pl<\/a> <\/span><\/p>\n<p><span style=\"font-size: 12pt;\">ORCID: 0000-0003-1524-0253 <a href=\"https:\/\/www.researchgate.net\/profile\/Anna_Kucz\">https:\/\/www.researchgate.net\/profile\/Anna_Kucz<\/a>; <a href=\"https:\/\/scholar.google.com\/citations?user=ymCVthYAAAAJ&amp;hl=pl\">https:\/\/scholar.google.com\/citations?user=ymCVthYAAAAJ&amp;hl=pl<\/a><\/span><\/p>\n<p><span style=\"font-size: 12pt;\">dr hab. prof. U\u015a, filolog klasyczny, enolog, t\u0142umacz, cz\u0142onek <em>Polskiego Towarzystwa Filologicznego<\/em> oraz <em>The Roman Society<\/em>.<\/span><\/p>\n<ul>\n<li><span style=\"font-size: 12pt;\">18 pa\u017adziernika 2001 \u2013 uzyska\u0142am licencjat kanoniczny Universit\u00e0 Pontificia Salesiana di Roma (PONTIFICIUM INSTITUTUM ALTIORIS LATINITATIS) na podstawie rozprawy <em>De Iosepho Aegyptiaco in fabulis dramaticis (atque in scaena theatrali) in regione Silesia (s. XVI-XVIII)<\/em>.<\/span><\/li>\n<li><span style=\"font-size: 12pt;\">17 czerwca 2003 \u2013 uzyska\u0142am stopie\u0144 naukowy doktora nauk humanistycznych na podstawie rozprawy <em>Dyskurs z Filozofi\u0105 w poemacie alegorycznym Boecjusza \u201eConsolatio Philosophiae\u201d<\/em>.<\/span><\/li>\n<li><span style=\"font-size: 12pt;\">30 wrze\u015bnia 2013 \u2013 uzyska\u0142am stopie\u0144 naukowy doktora habilitowanego nauk humanistycznych w zakresie literaturoznawstwa na podstawie rozprawy <em>Umbra veri. Arnobiusz i nurty filozofii klasycznej<\/em>.<\/span><\/li>\n<\/ul>\n<p><span style=\"font-size: 12pt;\">Badam zagadnienia z literatury rzymskiej i cywilizacji \u015br\u00f3dziemnomorskiej, ze szczeg\u00f3lnym uwzgl\u0119dnieniem przemian kultury oraz my\u015bli europejskiej, jakie dokona\u0142y si\u0119 w zderzeniu cywilizacji klasycznej i chrze\u015bcija\u0144skiej.<\/span><\/p>\n<p><span style=\"font-size: 12pt;\"><strong>Wybrane publikacje<\/strong><\/span><\/p>\n<p><span style=\"font-size: 12pt;\">Monografie autorskie:<\/span><\/p>\n<ol>\n<li><span style=\"font-size: 12pt;\"><em>Visualizzazione nella poesia di Nemesiano<\/em>, Wydawnictwo Naukowe Akademii Ignatianum w Krakowie, Krak\u00f3w 2022, s. 154.<\/span><\/li>\n<li><span style=\"font-size: 12pt;\"><em>Nemezjan w kr\u0119gu antycznej tradycji \u0142owieckiej<\/em>, Wydawnictwo Uniwersytetu \u015al\u0105skiego, Katowice 2019, s. 124. Razem z Edyt\u0105 Gryks\u0105.<\/span><\/li>\n<li><span style=\"font-size: 12pt;\"><em>Umbra veri. Arnobiusz i nurty filozofii klasycznej<\/em>, Wydawnictwo Uniwersytetu \u015al\u0105skiego, Katowice 2012, s. 160.<\/span><\/li>\n<li><span style=\"font-size: 12pt;\"><em>Dyskurs z Filozofi\u0105 w \u00abConsolatio Philosophiae\u00bb Boecjusza<\/em>, Wydawnictwo Uniwersytetu \u015al\u0105skiego, Katowice 2005, s. 184. Recenzja ksi\u0105\u017cki ukaza\u0142a si\u0119 w \u201eSalesianum\u201d 69 (2007) 4, Rzym 2007.<\/span><\/li>\n<\/ol>\n<p><span style=\"font-size: 12pt;\">Prace redagowane:<\/span><\/p>\n<ol start=\"5\">\n<li><span style=\"font-size: 12pt;\"><em>Szkice o antyku<\/em> IV. <em>Lingua coloris<\/em>, red. A. Kucz i P. Matusiak, Wydawnictwo Uniwersytetu \u015al\u0105skiego, Katowice 2018, s. 158.<\/span><\/li>\n<li><span style=\"font-size: 12pt;\"><em>Szkice o antyku<\/em>. T. III. <em>Hermeneutyka wina<\/em>, red. A. Kucz i P. Matusiak, Wydawnictwo Uniwersytetu \u015al\u0105skiego, Katowice 2017, s. 136.<\/span><\/li>\n<li><span style=\"font-size: 12pt;\">\u201eScripta Classica\u201d, vol. 13, eds. A. Kucz i P. Matusiak, Wydawnictwo Uniwersytetu \u015al\u0105skiego, Katowice 2016, s. 145.<\/span><\/li>\n<li><span style=\"font-size: 12pt;\"><em>Szkice o antyku<\/em>. T. II. <em>\u015amier\u0107 w antycznej kulturze \u015br\u00f3dziemnomorskiej<\/em>, red. A. Kucz i P. Matusiak, Wydawnictwo Uniwersytetu \u015al\u0105skiego, Katowice 2015, s. 167.<\/span><\/li>\n<li><span style=\"font-size: 12pt;\">\u201eScripta Classica\u201d, vol. 12, eds. A. Kucz i P. Matusiak, Wydawnictwo Uniwersytetu \u015al\u0105skiego, Katowice 2015, s. 179.<\/span><\/li>\n<li><span style=\"font-size: 12pt;\"><em>Szkice o antyku<\/em>. T. I. <em>Antyk odczytany na nowo<\/em>, red. A. Kucz i P. Matusiak, Wydawnictwo Uniwersytetu \u015al\u0105skiego, Katowice 2014, s. 156.<\/span><\/li>\n<li><span style=\"font-size: 12pt;\">\u201eScripta Classica\u201d, vol. 10, Wydawnictwo Uniwersytetu \u015al\u0105skiego, Katowice 2013, s. 166.<\/span><\/li>\n<li><span style=\"font-size: 12pt;\">\u201eScripta Classica\u201d, vol. 8, Wydawnictwo Uniwersytetu \u015al\u0105skiego, Katowice 2011, s. 110.<\/span><\/li>\n<li><span style=\"font-size: 12pt;\"><em>Ethos and Exegesis<\/em>, Studia i Materia\u0142y Wydzia\u0142u Teologicznego U\u015a w Katowicach nr 41,Wydawnictwo Ksi\u0119garnia \u015bw. Jacka, Katowice 2007, s. 247 (wsp\u00f3\u0142redakcja z A. Malina).<\/span><\/li>\n<li><span style=\"font-size: 12pt;\"><em>Interpretacja (w) dialogu. To\u017csamo\u015b\u0107 egzegezy biblijnej<\/em>, \u201eStudia Biblica\u201d, vol. 10., Kielce 2005, s. 144 (wsp\u00f3\u0142redakcja z A. Malina).<\/span><\/li>\n<\/ol>\n<p><span style=\"font-size: 12pt;\">Artyku\u0142y w czasopismach:<\/span><\/p>\n<ol start=\"15\">\n<li><span style=\"font-size: 12pt;\"><em>Wizerunek kobiety w Eklodze II Nemezjana<\/em>, \u201eCollectanea Philologica\u201d 24(2021), 101-109, <strong>DOI: <\/strong><a href=\"https:\/\/doi.org\/10.18778\/1733-0319.24.06\">https:\/\/doi.org\/10.18778\/1733-0319.24.06<\/a><\/span><\/li>\n<li><span style=\"font-size: 12pt;\"><em>Sigmatism in the Prooemium of Nemesianus\u2019 Cynegetica<\/em>, \u201eColloquia litteraria\u201d 29, nr 2 (2020), 125-139, z Edyt\u0105 Gryks\u0105, <\/span><strong style=\"font-size: 12pt;\">DOI:<\/strong> <a style=\"font-size: 12pt;\" href=\"https:\/\/doi.org\/10.21697\/cl.2020.29.2.7\">https:\/\/doi.org\/10.21697\/cl.2020.29.2.7<\/a><\/li>\n<\/ol>\n<ol start=\"17\">\n<li><span style=\"font-size: 12pt;\"><em>O perswazyjnej funkcji wina w narracjach biblijnych i mitologicznych<\/em>, \u201eColloquia litteraria\u201d 29, nr 2 (2020), 85-96, <strong>DOI:<\/strong> <a href=\"https:\/\/doi.org\/10.21697\/cl.2020.29.2.4\">https:\/\/doi.org\/10.21697\/cl.2020.29.2.4<\/a><\/span><\/li>\n<li><span style=\"font-size: 12pt;\"><em>Praesens de praeteritis. Regulus jako przyk\u0142ad bohaterstwa w Pa\u0144stwie Bo\u017cym Augustyna<\/em>, \u201eVerbum Vitae\u201d 38\/2 (2020), 113-130, z Patrycj\u0105 Matusiak, <strong>DOI:\u00a0<\/strong><a href=\"https:\/\/doi.org\/10.31743\/vv.5114\">https:\/\/doi.org\/10.31743\/vv.5114<\/a><\/span><\/li>\n<li><span style=\"font-size: 12pt;\"><em>Kobiety w \u201eCynegetica\u201d Nemezjana w kontek\u015bcie Owidiuszowego l\u0119ku wobec Diany<\/em>, w: <em>Dwa Millenia z Owidiuszem<\/em>, red. \u0141. Berger, M. Miazek-M\u0119czy\u0144ska, M. Puk, E. Skwara, E. Weso\u0142owska, Pozna\u0144 2020, 157-169, <strong>DOI:<\/strong> <a href=\"https:\/\/doi.org\/10.14746\/amup.9788323237648\">14746\/amup.9788323237648 <\/a><\/span><\/li>\n<li><span style=\"font-size: 12pt;\"><em>Principi dell\u2019assistenza sanitaria definita come cura salubris nel trattato \u201eCynegetica\u201d di Nemesiano (Nem., Cyn. 103-238)<\/em>, w: <em>Szkice o antyku<\/em>. VI: <em>Cz\u0142owiek w relacji z natur\u0105<\/em>, red. E. Gryksa, Katowice 2020, 69-77.<\/span><\/li>\n<li><span style=\"font-size: 12pt;\"><em>General Remarks on Egypt in Herodotus\u2019 Histories,<\/em> w: <em>Egypt Yesterday and Today. Between Tradition And Modernity<\/em>, red. K. My\u015bliwiec et alii, Warszawa 2019, s. 31-44. (z E. Gryks\u0105).<\/span><\/li>\n<li><span style=\"font-size: 12pt;\"><em>La retorica visiva nell\u2019<\/em>Adversus Nationes <em>di Arnobio<\/em><em>,<\/em> \u201eScripta Classica\u201d, 15(2018), s. 37-49.<\/span><\/li>\n<li><span style=\"font-size: 12pt;\"><em>Lingua colorum nell\u2019Egloga III di Nemesiano<\/em>, w: <em>Szkice o antyku<\/em>. IV. <em>Lingua coloris<\/em>, red. A. Kucz i P. Matusiak, Wydawnictwo Uniwersytetu \u015al\u0105skiego, Katowice 2018, s. 27-37.<\/span><\/li>\n<li><span style=\"font-size: 12pt;\"><em>\u017bycie i \u015bmier\u0107 Attisa: Arnobius, Adversus Nationes, V 6-7 (przek\u0142ad),<\/em> \u201eScripta Classica\u201d, 14(2017), s. 57-62.<\/span><\/li>\n<li><span style=\"font-size: 12pt;\"><em>\u201eGenitalium membrorum\u00a0 (\u2026) foeditates\u201d. L\u2019analisi\u00a0 dei termini sessuali ricorrenti nell\u2019Adversus Nationes di Arnobio<\/em>, \u201eSymbolae Philologorum Posnaniensium Graecae et Latinae\u201d vol. XXVI\/2, Pozna\u0144 2016, p. 59-70.<\/span><\/li>\n<li><span style=\"font-size: 12pt;\"><em>Una critica della devozione nell\u2019Adversus Nationes di Arnobio di Sicca Veneria<\/em>, \u201eRoczniki Humanistyczne\u201d, T. LXIII, z. 3 (2015), s. 91-102.<\/span><\/li>\n<li><span style=\"font-size: 12pt;\"><em>\u2018Vade mecum\u2019 &#8211; arnobia\u0144ska recepta na Eden<\/em>, \u201eSymbolae Philologorum Posnaniensium Graecae et Latinae\u201d vol. 19, Pozna\u0144 2009, s. 241-248.<\/span><\/li>\n<li><span style=\"font-size: 12pt;\"><em>Retoryka i oratorstwo w staro\u017cytno\u015bci<\/em>, w: <em>Retoryka<\/em>, red. M. Bar\u0142owska, A. Budzy\u0144ska-Daca, P. Wilczek, Wydawnictwo Naukowe PWN, Warszawa 2008, s. 17-34.<\/span><\/li>\n<li><span style=\"font-size: 12pt;\"><em>Identity of an Ancient Text<\/em>, \u201eEthos and Exegesis\u201d, eds. Kucz, A. Malina, Katowice 2007, s. 18-20.<\/span><\/li>\n<li><span style=\"font-size: 12pt;\"><em>Della felicit\u00e0 nella <\/em>\u201e<em>Consolazione della Filosofia\u2019 di Boezio\u201d<\/em>, \u201eCivitas Mentis\u201d, ed. T. S\u0142awek, Katowice 2005, s. 42-55.<\/span><\/li>\n<\/ol>\n<p>\n<\/div>\r\n                    <\/div>\r\n                <\/div>[\/vc_tta_section][vc_tta_section title=&#8221;ENGLISH&#8221; tab_id=&#8221;1614083122128-6a912eab-7a9b&#8221;]\r\n                <div class=\"text-modules\">\r\n                    <div class=\"container\">\r\n                        \r\n                        <div class=\"text-modules__content\"><p><strong>Anna Kucz<\/strong>, <strong>PhD, DLitt<\/strong><\/p>\n<p><strong>Associate Professor in the Institute of Literary Studies<\/strong><\/p>\n<p><strong>Faculty of Humanities<\/strong><\/p>\n<p><a href=\"mailto:anna.kucz@us.edu.pl\">anna.kucz@us.edu.pl<\/a><\/p>\n<p>&nbsp;<\/p>\n<p>ORCID: 0000-0003-1524-0253<\/p>\n<p><a href=\"https:\/\/www.researchgate.net\/profile\/Anna_Kucz\">https:\/\/www.researchgate.net\/profile\/Anna_Kucz<\/a><\/p>\n<p><a href=\"https:\/\/scholar.google.com\/citations?user=ymCVthYAAAAJ&amp;hl=pl\">https:\/\/scholar.google.com\/citations?user=ymCVthYAAAAJ&amp;hl=pl<\/a><\/p>\n<p>&nbsp;<\/p>\n<p><strong>Research interests: <\/strong><\/p>\n<p>Ancient Rome and Greece, philosophy, literature, late antiquity.<\/p>\n<p><strong>Recent publications:<\/strong><\/p>\n<ol>\n<li><em>Praesens de praeteritis. Regulus jako przyk\u0142ad bohaterstwa w \u201ePa\u0144stwie Bo\u017cym\u201d Augustyna <\/em>[The presence of the bygone things. Regulus as an example of heroism in St Augustine\u2019s \u201cDe civitate Dei\u201d], \u201cVerbum Vitae\u201d 38\/2 (2020), 113-130 (with P. Matusiak)<\/li>\n<li><em>Kobiety w \u201eCynegetica\u201d Nemezjana w kontek\u015bcie Owidiuszowego l\u0119ku wobec Diany <\/em>[Women in Nemesianus\u2019 \u201cCynegetica\u201d in the context of Ovid\u2019s fear of Diana]<em>, <\/em>in: Owidiusz, E. Weso\u0142owska (ed.), Pozna\u0144 2020, 155-167.<\/li>\n<li><em>Nemezjan w kr\u0119gu antycznej tradycji \u0142owieckiej <\/em>[Nemesianus in the ancient hunting tradition], Katowice 2019 (with E. Gryksa).<\/li>\n<li><em>La retorica visiva nell\u2019Adversus Nationes di Arnobio<\/em> [Visual rhetoric in Arnobius\u2019 Adversus Nationes], \u201cScripta Classica\u201d, 15 (2018), 37-49.<\/li>\n<li><em>Lingua colorum nell\u2019Egloga III di Nemesiano <\/em>[The language of colours in Nemesianus&#8217; Eclogue III], in: <em>Szkice o antyku<\/em>. T. IV. <em>Lingua coloris<\/em>, A. Kucz i P. Matusiak (eds.), Katowice 2018, 27-37.<\/li>\n<\/ol>\n<p><strong>Research grants:<\/strong><\/p>\n<ol>\n<li><em>Antyczne techniki perswazyjne <\/em>[Ancient persuasion techniques], MNiSW nr 880\/P-DUN\/2017<\/li>\n<li>Institute of Classical Studies Library, University of London, January-March 2017<\/li>\n<li>Pontifical Salesian University, Rome (Pontificium Institutum Altioris Latinitatis) September-November 2016.<\/li>\n<\/ol>\n<p><strong>Academic outreach and engagement<\/strong><strong>:<\/strong><\/p>\n<ol>\n<li><em>Do\u015bwiadczanie wina w staro\u017cytno\u015bci <\/em>[Experiencing wine in antiquity], \u201ePatria\u201d, 20 XII 2018 \u2013 conference organiser<\/li>\n<li><em>Antyczne techniki perswazyjne <\/em>[Ancient persuasion techniques], Katowice, 15-16 IX 2017 \u2013 conference organiser<\/li>\n<li>Membership in society: Member of the Roman Society (the Society for the Promotion of Roman Studies). Member of the Katowice Section the Polish Philological Association.<\/li>\n<\/ol>\n<p>\n<\/div>\r\n                    <\/div>\r\n                <\/div>[\/vc_tta_section][\/vc_tta_tabs][\/vc_column][vc_column width=&#8221;1\/3&#8243;][\/vc_column][\/vc_row]<\/p>","protected":false},"excerpt":{"rendered":"<p>[vc_row][vc_column width=&#8221;2\/3&#8243;][vc_tta_tabs][vc_tta_section title=&#8221;POLISH&#8221; tab_id=&#8221;1614083122099-ce24106f-d78f&#8221;][\/vc_tta_section][vc_tta_section title=&#8221;ENGLISH&#8221; tab_id=&#8221;1614083122128-6a912eab-7a9b&#8221;][\/vc_tta_section][\/vc_tta_tabs][\/vc_column][vc_column width=&#8221;1\/3&#8243;][\/vc_column][\/vc_row] [&#8230;]<\/p>\n<p><a class=\"btn btn-secondary understrap-read-more-link\" href=\"https:\/\/us.edu.pl\/instytut\/il\/osoby\/anna-kucz\/\">Read More&#8230;<\/a><\/p>\n","protected":false},"author":1,"featured_media":0,"template":"","meta":{"_expiration-date-status":"","_expiration-date":0,"_expiration-date-type":"","_expiration-date-categories":[],"_expiration-date-options":[]},"acf":[],"_links":{"self":[{"href":"https:\/\/us.edu.pl\/instytut\/il\/wp-json\/wp\/v2\/osoby\/357"}],"collection":[{"href":"https:\/\/us.edu.pl\/instytut\/il\/wp-json\/wp\/v2\/osoby"}],"about":[{"href":"https:\/\/us.edu.pl\/instytut\/il\/wp-json\/wp\/v2\/types\/osoby"}],"author":[{"embeddable":true,"href":"https:\/\/us.edu.pl\/instytut\/il\/wp-json\/wp\/v2\/users\/1"}],"version-history":[{"count":7,"href":"https:\/\/us.edu.pl\/instytut\/il\/wp-json\/wp\/v2\/osoby\/357\/revisions"}],"predecessor-version":[{"id":4146,"href":"https:\/\/us.edu.pl\/instytut\/il\/wp-json\/wp\/v2\/osoby\/357\/revisions\/4146"}],"wp:attachment":[{"href":"https:\/\/us.edu.pl\/instytut\/il\/wp-json\/wp\/v2\/media?parent=357"}],"curies":[{"name":"wp","href":"https:\/\/api.w.org\/{rel}","templated":true}]}}