{"id":571,"date":"2020-02-21T18:46:28","date_gmt":"2020-02-21T17:46:28","guid":{"rendered":"http:\/\/us.edu.pl\/instytut\/il\/?post_type=osoby&#038;p=571"},"modified":"2022-02-02T07:27:54","modified_gmt":"2022-02-02T06:27:54","slug":"magdalena-bak","status":"publish","type":"osoby","link":"https:\/\/us.edu.pl\/instytut\/il\/osoby\/magdalena-bak\/","title":{"rendered":"Magdalena B\u0105k"},"content":{"rendered":"<p>[vc_row][vc_column width=&#8221;2\/3&#8243;][vc_tta_tabs][vc_tta_section title=&#8221;POLISH&#8221; tab_id=&#8221;1613988224217-042aefba-cd98&#8243;]\r\n                <div class=\"text-modules\">\r\n                    <div class=\"container\">\r\n                        \r\n                        <div class=\"text-modules__content\"><\/p>\n<p class=\"western\" align=\"justify\"><strong>Magdalena B\u0105k<\/strong> \u2013 doktor habilitowana, literaturoznawczyni, jej zainteresowania badawcze koncentruj\u0105 si\u0119 na literaturze romantyzmu, podr\u00f3\u017copisarstwie dziewi\u0119tnastowiecznym, a tak\u017ce w\u0105tkach australijskich i portugalskich w literaturze polskiej. Nale\u017cy do Komisji Historycznoliterackiej Polskiej Akademii Nauk (Oddzia\u0142 w Katowicach), Oddzia\u0142u \u015al\u0105skiego Towarzystwa Literackiego im. Adama Mickiewicza, Towarzystwa Przyjaci\u00f3\u0142 J\u0119zyka Polskiego (Oddzia\u0142 w Katowicach). Wchodzi w sk\u0142ad redakcji czasopisma \u201ePostscriptum Polonistyczne\u201d. Jest autork\u0105 ksi\u0105\u017cek:<\/p>\n<ol>\n<li class=\"western\"><i>Mickiewicz jako erudyta (w okresie wile\u0144sko-kowie\u0144skim i rosyjskim).<\/i>Wydawnictwo Uniwersytetu \u015al\u0105skiego. Katowice 2004. ISBN 83-226-1404-7,ss. 230.<\/li>\n<li class=\"western\"><i>Pan Australski i z\u0142oto Wiktorii. Wspomnienia Seweryna Korzeli\u0144skiego. <\/i>Agencja Artystyczna PARA. Katowice 2011. ISBN 978-83-88657-53-5, ss. 66.<\/li>\n<li class=\"western\"><i>Tw\u00f3rczy l\u0119k S\u0142owackiego. Antagonizm wieszcz\u00f3w po latach. <\/i>Wydawnictwo Uniwersytetu \u015al\u0105skiego. Katowice 2013. ISBN 978-83-226-2182-0, ss. 450.<\/li>\n<li class=\"western\"><i>Gdzie diabe\u0142 (tasma\u0144ski) m\u00f3wi dobranoc. Wizerunek Australii w literaturze polskiej. <\/i>Wydawnictwo Uniwersytetu \u015al\u0105skiego. Katowice 2014. ISBN 978-83-226-2281-0, ss. 207.<\/li>\n<li class=\"western\">\u201e<i>Gdzie ziemia si\u0119 ko\u0144czy, a morze zaczyna\u201d. Szkice polsko-portugalskie.<\/i>Wydawnictwo Uniwersytetu \u015al\u0105skiego. Katowice 2016. ISBN 978-83-8012-874-3, ss. 218. [wsp\u00f3\u0142autor: Lidia Romaniszyn-Ziomek]<\/li>\n<li class=\"western\"><i>Cam<\/i><i>\u00f5<\/i><i>es i smak sardynek. Polskie dziewi\u0119tnastowieczne relacje z podr\u00f3\u017cy do Portugalii. <\/i>Wydawnictwo Uniwersytetu \u015al\u0105skiego. Katowice 2019. ISBN 978-83-226-3709-8, ss. 207.<\/li>\n<\/ol>\n<p>\n<\/div>\r\n                    <\/div>\r\n                <\/div>[\/vc_tta_section][vc_tta_section title=&#8221;ENGLISH&#8221; tab_id=&#8221;1613988224240-f4083c11-d174&#8243;]\r\n                <div class=\"text-modules\">\r\n                    <div class=\"container\">\r\n                        \r\n                        <div class=\"text-modules__content\"><p><strong>Magdalena B\u0105k, PhD, D<\/strong><strong>Litt<\/strong><\/p>\n<p><strong>Associate Professor in the Institute of Literary Studies<\/strong><\/p>\n<p><strong>Faculty of Humanities<\/strong><\/p>\n<p><a href=\"mailto:magdalena.bak@us.edu.pl\">magdalena.bak@us.edu.pl<\/a><\/p>\n<p>&nbsp;<\/p>\n<p>ORCID: 0000-0002-9189-8850<\/p>\n<p><a href=\"https:\/\/scholar.google.com\/citations?user=ZHlKprwAAAAJ&amp;hl=pl&amp;oi=ao\">https:\/\/scholar.google.com\/citations?user=ZHlKprwAAAAJ&amp;hl=pl&amp;oi=ao<\/a><\/p>\n<p><strong>\u00a0<\/strong><\/p>\n<p><strong>Research interests<\/strong>:<\/p>\n<p>Polish Romanticism in European contexts, Polish-Australian cultural\/literary encounters, Polish-Portuguese cultural\/literary encounters, 19th century travel writing<\/p>\n<p><strong>Recent publications<\/strong>:<\/p>\n<ol>\n<li><em>Brazylia Tomasza \u0141ychowskiego <\/em>[Tomasz \u0141ychowski\u2019s Brazil], \u201eHisto\u0301ria: Debates e Tende\u0302ncias\u201d, vol. 20, n 3, 2020, pp. 175-190.<\/li>\n<li><em>Nienawidz\u0119 i kocham. Miejsce Mickiewicza i rola autorytetu w korespondencji S\u0142owackiego <\/em>[I hate and love. Mickiewicz\u2019s position and the role of authority in S\u0142owacki\u2019s correspondence], \u201ePrace Filologiczne. Literaturoznawstwo\u201d, no. 10, 2020, pp. 95-106<\/li>\n<li><em>Cam<\/em><em>\u00f5<\/em><em>es i smak sardynek: polskie dziewi\u0119tnastowieczne relacje z podr\u00f3\u017c<\/em><em>y do Portugalii<\/em> [Cam\u00f5es and the tase of\u00a0 sardines: 19th century Polish narratives of travels to Portugal] (Katowice : Uniwersytet \u015al\u0105ski, 2019).<\/li>\n<li><em>Ksi\u0105\u017cki si\u0119 czyta, a biblioteki zwiedza: Adolf Pawi\u0144ski i portugalskie ksi\u0119gozbiory <\/em>[Books are read, and libraries are visited: Adolf Pawi\u0144ski and Portuguese book collections], \u201ePrace Filologiczne. Literaturoznawstwa, no. 8, part 2, 2018, pp. 97-108.<\/li>\n<li><em>Apetyt na Brag\u0119: o intertekstualnym dialogu mi\u0119dzy Adolfem Pawi\u0144skim a Oswaldem Crawfurdem i o dziewi\u0119tnastowiecznym podr\u00f3\u017cowaniu <\/em>[The appetite for Braga: On the intertextual dialogue between Adolf Pawi\u0144ski and Oswald Crawfurd, and 19th-century travelling], \u201ePostscriptum Polonistyczne\u201d, no. 1, 2018, pp. 45-56.<\/li>\n<\/ol>\n<p><strong>Academic outreach and engagement<\/strong><strong>:<\/strong><\/p>\n<ol>\n<li>Master of Didactics, participant in the project directed by The Ministry of Science and Higher Education, 2019\u20132022.<\/li>\n<li>\u201eE-learning prospects for humanities\u201d, grant participant, grant awarded by Erasmus+, 2020-2022.<\/li>\n<li>\u201eCross-disciplinary Academic Offer\u201d, grant coordinator, grant awarded by Erasmus+, 2022-2024.<\/li>\n<\/ol>\n<p>\n<\/div>\r\n                    <\/div>\r\n                <\/div>[\/vc_tta_section][\/vc_tta_tabs][\/vc_column][vc_column width=&#8221;1\/3&#8243;]\r\n                <div class=\"text-modules\">\r\n                    <div class=\"container\">\r\n                        \r\n                        <div class=\"text-modules__content\"><\/p>\n<p>&nbsp;<\/p>\n<p><img class=\"alignnone wp-image-434 size-full\" src=\"https:\/\/us.edu.pl\/instytut\/il\/wp-content\/uploads\/sites\/27\/Nieprzypisane\/Magdalena-B\u0105k_DSC_1554.jpg\" alt=\"Magdalena B\u0105k - zdj\u0119cie profilowe\" width=\"2000\" height=\"2500\" srcset=\"https:\/\/us.edu.pl\/instytut\/il\/wp-content\/uploads\/sites\/27\/Nieprzypisane\/Magdalena-B\u0105k_DSC_1554.jpg 2000w, https:\/\/us.edu.pl\/instytut\/il\/wp-content\/uploads\/sites\/27\/Nieprzypisane\/Magdalena-B\u0105k_DSC_1554-240x300.jpg 240w, https:\/\/us.edu.pl\/instytut\/il\/wp-content\/uploads\/sites\/27\/Nieprzypisane\/Magdalena-B\u0105k_DSC_1554-768x960.jpg 768w, https:\/\/us.edu.pl\/instytut\/il\/wp-content\/uploads\/sites\/27\/Nieprzypisane\/Magdalena-B\u0105k_DSC_1554-819x1024.jpg 819w, https:\/\/us.edu.pl\/instytut\/il\/wp-content\/uploads\/sites\/27\/Nieprzypisane\/Magdalena-B\u0105k_DSC_1554-460x575.jpg 460w\" sizes=\"(max-width: 2000px) 100vw, 2000px\" \/><\/p>\n<\/div>\r\n                    <\/div>\r\n                <\/div>[\/vc_column][\/vc_row]<\/p>","protected":false},"excerpt":{"rendered":"<p>[vc_row][vc_column width=&#8221;2\/3&#8243;][vc_tta_tabs][vc_tta_section title=&#8221;POLISH&#8221; tab_id=&#8221;1613988224217-042aefba-cd98&#8243;][\/vc_tta_section][vc_tta_section title=&#8221;ENGLISH&#8221; tab_id=&#8221;1613988224240-f4083c11-d174&#8243;][\/vc_tta_section][\/vc_tta_tabs][\/vc_column][vc_column width=&#8221;1\/3&#8243;][\/vc_column][\/vc_row] [&#8230;]<\/p>\n<p><a class=\"btn btn-secondary understrap-read-more-link\" href=\"https:\/\/us.edu.pl\/instytut\/il\/osoby\/magdalena-bak\/\">Read More&#8230;<\/a><\/p>\n","protected":false},"author":1,"featured_media":0,"template":"","meta":{"_expiration-date-status":"saved","_expiration-date":0,"_expiration-date-type":"","_expiration-date-categories":[],"_expiration-date-options":[]},"acf":[],"_links":{"self":[{"href":"https:\/\/us.edu.pl\/instytut\/il\/wp-json\/wp\/v2\/osoby\/571"}],"collection":[{"href":"https:\/\/us.edu.pl\/instytut\/il\/wp-json\/wp\/v2\/osoby"}],"about":[{"href":"https:\/\/us.edu.pl\/instytut\/il\/wp-json\/wp\/v2\/types\/osoby"}],"author":[{"embeddable":true,"href":"https:\/\/us.edu.pl\/instytut\/il\/wp-json\/wp\/v2\/users\/1"}],"version-history":[{"count":6,"href":"https:\/\/us.edu.pl\/instytut\/il\/wp-json\/wp\/v2\/osoby\/571\/revisions"}],"predecessor-version":[{"id":3517,"href":"https:\/\/us.edu.pl\/instytut\/il\/wp-json\/wp\/v2\/osoby\/571\/revisions\/3517"}],"wp:attachment":[{"href":"https:\/\/us.edu.pl\/instytut\/il\/wp-json\/wp\/v2\/media?parent=571"}],"curies":[{"name":"wp","href":"https:\/\/api.w.org\/{rel}","templated":true}]}}