{"id":599,"date":"2020-02-21T19:24:25","date_gmt":"2020-02-21T18:24:25","guid":{"rendered":"http:\/\/us.edu.pl\/instytut\/il\/?post_type=osoby&#038;p=599"},"modified":"2023-09-28T13:48:36","modified_gmt":"2023-09-28T11:48:36","slug":"patrycja-matusiak","status":"publish","type":"osoby","link":"https:\/\/us.edu.pl\/instytut\/il\/osoby\/patrycja-matusiak\/","title":{"rendered":"Patrycja Matusiak"},"content":{"rendered":"<p>[vc_row][vc_column width=&#8221;2\/3&#8243;][vc_tta_tabs][vc_tta_section title=&#8221;POLISH&#8221; tab_id=&#8221;1619117387863-7c63858b-53e0&#8243;]\r\n                <div class=\"text-modules\">\r\n                    <div class=\"container\">\r\n                        \r\n                        <div class=\"text-modules__content\"><p><span style=\"font-size: 12pt;\"><strong>Patrycja Matusiak<\/strong> \u2013 filolog klasyczny. Specjalizuje si\u0119 w badaniach nad tematyk\u0105 kartagi\u0144sk\u0105 (Hannibalem, Kartagin\u0105 i wojnami punickimi), historiograficzn\u0105 oraz recepcyjn\u0105 (antyk w komiksie). Cz\u0142onek Polskiego Towarzystwa Filologicznego.<\/span><\/p>\n<p><a href=\"mailto:patrycja.matusiak@us.edu.pl\"><span style=\"font-size: 12pt;\">patrycja.matusiak@us.edu.pl<\/span><\/a><\/p>\n<p><a href=\"https:\/\/orcid.org\/0000-0002-4752-5942\"><span style=\"font-size: 12pt;\">https:\/\/orcid.org\/0000-0002-4752-5942<\/span><\/a><\/p>\n<p><a href=\"https:\/\/www.researchgate.net\/profile\/Patrycja_Matusiak\"><span style=\"font-size: 12pt;\">https:\/\/www.researchgate.net\/profile\/Patrycja_Matusiak<\/span><\/a><\/p>\n<p><a href=\"https:\/\/silesian.academia.edu\/PatrycjaMatusiak\"><span style=\"font-size: 12pt;\">https:\/\/silesian.academia.edu\/PatrycjaMatusiak<\/span><\/a><\/p>\n<p><span style=\"font-size: 12pt;\"><strong>Najwa\u017cniejsze publikacje<\/strong>:<\/span><\/p>\n<ul>\n<li><span style=\"font-size: 12pt;\"><em>Obraz Hannibala w literaturze antycznej<\/em>, Katowice 2015<\/span><\/li>\n<li><span style=\"font-size: 12pt;\"><em>Scripta Classica<\/em>, vol. 17: <em>Studia ab amicis et discipulis Thaddaeo Aleksandrowicz oblata vol. I<\/em>, ed. Patrycja Matusiak, Katowice 2020<\/span><\/li>\n<li><span style=\"font-size: 12pt;\"><em>Scypion Afryka\u0144ski Starszy i hiszpa\u0144skie kobiety. Mit \u2018continentia Scipionis\u2019 i jego recepcja w malarstwie weneckim w XVIII wieku<\/em>, \u201eCollectanea Philologica\u201d 2022,\u00a0 vol. XXIV, s. 255\u2013271 [wsp\u00f3lnie z Dorot\u0105 Gorzelany-Nowak]<\/span><\/li>\n<li><span style=\"font-size: 12pt;\"><em>The Other as a woman. Polybius and Appian on the swapping of gender roles among the Carthaginians<\/em>, [w:] <em>Beyond borders. Transgressions in european literatures<\/em>, eds. Agnieszka Adamowicz-Po\u015bpiech, Renata Dampc-Jarosz, Andrzej Rabsztyn, G\u00f6ttingen 2021, s. 19\u201327<\/span><\/li>\n<li><span style=\"font-size: 12pt;\"><em>Pica salutatrix, corvus salutator. O witaj\u0105cych ptakach w literaturze antycznej<\/em>, [w:] <em>Szkice o antyku<\/em> t. VII: <em>Rozwa\u017cania o naturze<\/em>, red. E. Gryksa, Katowice\u2013Tarn\u00f3w 2021, s. 55\u201365<\/span><\/li>\n<li><span style=\"font-size: 12pt;\"><em>Praesens de praeteritis. Regulus jako przyk\u0142ad bohaterstwa w Pa\u0144stwie Bo\u017cym Augustyna<\/em>, \u201eVerbum Vitae\u201d 2020, 38\/2, s. 113\u2013130 [wsp\u00f3lnie z Ann\u0105 Kucz]<\/span><\/li>\n<li><span style=\"font-size: 12pt;\"><em>\u201eO Kanny, Kanny\u201d.<\/em> <em>Bitwa pod Kannami wed\u0142ug Zonarasa (9.1.9\u201316)<\/em> \u201eScripta Classica\u201d 2019, vol. 16, s. 9\u201320 [wsp\u00f3lnie z Andrzejem Lewandowskim]<\/span><\/li>\n<li><span style=\"font-size: 12pt;\"><em>Kartagi\u0144ski Moloch w komiksie, <\/em>\u201eZeszyty Komiksowe\u201d 2018, nr 26: <em>Religia w komiksie<\/em>, s. 82\u201389<\/span><\/li>\n<li><span style=\"font-size: 12pt;\"><em>Carthage Imagined. From Giovanni Pastrone\u2019s \u201eCabiria\u201d (1914) to \u201eGame of Thrones\u201d (2012)<\/em>, \u201eCollectanea Philologica\u201d 2016, vol. XIX, s. 117\u2013128 [wsp\u00f3lnie z Dorot\u0105 Gorzelany]<\/span><\/li>\n<li><span style=\"font-size: 12pt;\"><em>\u0141aci\u0144ska inskrypcja w ko\u015bciele Mariackim w Katowicach<\/em>, \u201eMeander\u201d 2005, 1, s. 112\u2013121<\/span><\/li>\n<\/ul>\n<p>\n<\/div>\r\n                    <\/div>\r\n                <\/div>[\/vc_tta_section][\/vc_tta_tabs][\/vc_column][vc_column width=&#8221;1\/3&#8243;]\r\n                <div class=\"text-modules\">\r\n                    <div class=\"container\">\r\n                        \r\n                        <div class=\"text-modules__content\"><\/p>\n<p>&nbsp;<\/p>\n<p><img class=\"alignnone wp-image-4657 size-large\" src=\"https:\/\/us.edu.pl\/instytut\/il\/wp-content\/uploads\/sites\/27\/Bez-kategorii\/patrycja_matusiak-1024x777.jpg\" alt=\"patrycja matusiak zdjecie profilowe\" width=\"640\" height=\"486\" srcset=\"https:\/\/us.edu.pl\/instytut\/il\/wp-content\/uploads\/sites\/27\/Bez-kategorii\/patrycja_matusiak-1024x777.jpg 1024w, https:\/\/us.edu.pl\/instytut\/il\/wp-content\/uploads\/sites\/27\/Bez-kategorii\/patrycja_matusiak-300x228.jpg 300w, https:\/\/us.edu.pl\/instytut\/il\/wp-content\/uploads\/sites\/27\/Bez-kategorii\/patrycja_matusiak-768x582.jpg 768w, https:\/\/us.edu.pl\/instytut\/il\/wp-content\/uploads\/sites\/27\/Bez-kategorii\/patrycja_matusiak-575x436.jpg 575w, https:\/\/us.edu.pl\/instytut\/il\/wp-content\/uploads\/sites\/27\/Bez-kategorii\/patrycja_matusiak.jpg 1080w\" sizes=\"(max-width: 640px) 100vw, 640px\" \/><\/p>\n<\/div>\r\n                    <\/div>\r\n                <\/div>[\/vc_column][\/vc_row][vc_row][vc_column][vc_column_text][\/vc_column_text][\/vc_column][\/vc_row]<\/p>","protected":false},"excerpt":{"rendered":"<p>[vc_row][vc_column width=&#8221;2\/3&#8243;][vc_tta_tabs][vc_tta_section title=&#8221;POLISH&#8221; tab_id=&#8221;1619117387863-7c63858b-53e0&#8243;][\/vc_tta_section][\/vc_tta_tabs][\/vc_column][vc_column width=&#8221;1\/3&#8243;][\/vc_column][\/vc_row][vc_row][vc_column][vc_column_text][\/vc_column_text][\/vc_column][\/vc_row] [&#8230;]<\/p>\n<p><a class=\"btn btn-secondary understrap-read-more-link\" href=\"https:\/\/us.edu.pl\/instytut\/il\/osoby\/patrycja-matusiak\/\">Read More&#8230;<\/a><\/p>\n","protected":false},"author":1,"featured_media":0,"template":"","meta":{"_expiration-date-status":"","_expiration-date":0,"_expiration-date-type":"","_expiration-date-categories":[],"_expiration-date-options":[]},"acf":[],"_links":{"self":[{"href":"https:\/\/us.edu.pl\/instytut\/il\/wp-json\/wp\/v2\/osoby\/599"}],"collection":[{"href":"https:\/\/us.edu.pl\/instytut\/il\/wp-json\/wp\/v2\/osoby"}],"about":[{"href":"https:\/\/us.edu.pl\/instytut\/il\/wp-json\/wp\/v2\/types\/osoby"}],"author":[{"embeddable":true,"href":"https:\/\/us.edu.pl\/instytut\/il\/wp-json\/wp\/v2\/users\/1"}],"version-history":[{"count":6,"href":"https:\/\/us.edu.pl\/instytut\/il\/wp-json\/wp\/v2\/osoby\/599\/revisions"}],"predecessor-version":[{"id":4658,"href":"https:\/\/us.edu.pl\/instytut\/il\/wp-json\/wp\/v2\/osoby\/599\/revisions\/4658"}],"wp:attachment":[{"href":"https:\/\/us.edu.pl\/instytut\/il\/wp-json\/wp\/v2\/media?parent=599"}],"curies":[{"name":"wp","href":"https:\/\/api.w.org\/{rel}","templated":true}]}}