{"id":601,"date":"2020-02-21T19:25:51","date_gmt":"2020-02-21T18:25:51","guid":{"rendered":"http:\/\/us.edu.pl\/instytut\/il\/?post_type=osoby&#038;p=601"},"modified":"2023-10-06T13:12:57","modified_gmt":"2023-10-06T11:12:57","slug":"dariusz-pawelec","status":"publish","type":"osoby","link":"https:\/\/us.edu.pl\/instytut\/il\/osoby\/dariusz-pawelec\/","title":{"rendered":"Dariusz Pawelec"},"content":{"rendered":"<p>[vc_row][vc_column][\/vc_column][\/vc_row][vc_row][vc_column width=&#8221;2\/3&#8243;][vc_tta_tabs][vc_tta_section title=&#8221;POLISH&#8221; tab_id=&#8221;1614251081963-ce1d0f5b-8293&#8243;]\r\n                <div class=\"text-modules\">\r\n                    <div class=\"container\">\r\n                        \r\n                        <div class=\"text-modules__content\"><\/p>\n<p class=\"western\" style=\"text-align: justify;\"><span style=\"font-size: 12pt;\"><strong>Dariusz Pawelec<\/strong> &#8211; ur. 1965; uko\u0144czy\u0142 filologi\u0119 polsk\u0105 w Uniwersytecie \u015al\u0105skim (1988), obroni\u0142 rozpraw\u0119 doktorsk\u0105 o poezji Stanis\u0142awa Bara\u0144czaka napisan\u0105 pod kierunkiem profesora Ireneusza Opackiego (1992); autor ksi\u0105\u017cek o poezji lingwistycznej, poezji Stanis\u0142awa Bara\u0144czaka, Witolda Wirpszy; tw\u00f3rca koncepcji \u201eadresata mo\u017cliwego\u201d w liryce, autor prac z zakresu teorii gatunku; opracowa\u0142 antologie poezji pokolenia 68 oraz formacji \u201eNa Dziko\u201d; edytor dzie\u0142 Witolda Wirpszy. Dyrektor Instytutu Literaturoznawstwa Uniwersytetu \u015al\u0105skiego, dyrektor Centrum Informacji Naukowej i Biblioteki Akademickiej Uniwersytetu \u015al\u0105skiego i Uniwersytetu Ekonomicznego w Katowicach. Przewodniczy radzie programowej instytucji kultury Ars Cameralis (od 2000). <\/span><\/p>\n<p style=\"text-align: justify;\"><strong><span style=\"font-size: 12pt;\">Publikacje:<\/span><\/strong><\/p>\n<ol>\n<li class=\"western\" style=\"text-align: justify;\"><span style=\"font-size: 12pt;\">\u201e<i>Zniewolony umys\u0142\u201d jako parabola<\/i>. \u201eRes Publica\u201d 1988, nr 5. Przedruk jako przedmowa w: C. Mi\u0142osz: <i>Zniewolony umys\u0142<\/i>. KAW. Krak\u00f3w 1989, s. 5\u201311. Wyd. II: KAW. Krak\u00f3w 1990. [T\u0142um. na j\u0119zyk bu\u0142garski: <i>\u201ePorobenijat razum\u201d kato parabola<\/i>. W: C. Mi\u0142osz: <i>Porobenijat razum<\/i>. T\u0142um. Vera Dejanova. IK Galaktika. Warna 1992. Wyd. II Balkani. Sofia 2011, s. 17\u201324]<\/span><\/li>\n<li class=\"western\" style=\"text-align: justify;\"><span style=\"font-size: 12pt;\"><i>Poezja Stanis\u0142awa Bara\u0144czaka. Regu\u0142y i konteksty<\/i>. Wydawnictwo \u015al\u0105sk. Katowice 1992. ISBN: 83-900-705-4-5, ss. 204.<\/span><\/li>\n<li class=\"western\" style=\"text-align: justify;\"><span style=\"font-size: 12pt;\"><i>Jak mo\u017cliwa jest dzi\u015b poetyka historyczna?<\/i> \u201eTeksty Drugie\u201d 1994, nr 5\/6 (29\/30), s. 127-140.<\/span><\/li>\n<li class=\"western\" style=\"text-align: justify;\"><span style=\"font-size: 12pt;\"><i>\u015awiat jako Ty. Poezja polska wobec adresata w drugiej po\u0142owie XX wieku<\/i>. Wydawnictwo Uniwersytetu \u015al\u0105skiego. Katowice 2003. ISBN: 83-226-1275-3, ss. 294.<\/span><\/li>\n<li class=\"western\" style=\"text-align: justify;\"><span style=\"font-size: 12pt;\"><i>Od ko\u0142ysanki do tren\u00f3w.<\/i> <i>Z hermeneutyki form poetyckich<\/i>. Wydawnictwo Uniwersytetu \u015al\u0105skiego. Katowice 2006. ISBN: 83-226-1587-6, ss. 244.<\/span><\/li>\n<li class=\"western\" style=\"text-align: justify;\"><span style=\"font-size: 12pt;\"><i>Kod hymniczny w poezji Czes\u0142awa Mi\u0142osza<\/i>. \u201ePami\u0119tnik Literacki\u201d 2011, z. 2, s. 35\u201354. [T\u0142um. na j\u0119zyk angielski: <i>The Hymnic Code in the Poetry of Czes\u0142aw Mi\u0142osz<\/i>. T\u0142um. U. Philips. W: \u201eMi\u0142osz in Pami\u0119tnik Literacki [Literary Memoire]. Selected Papers.\u201d. Ed. T. P. G\u00f3rski. IBL Warszawa 2013, s. 35\u201357]<\/span><\/li>\n<li class=\"western\" style=\"text-align: justify;\"><span style=\"font-size: 12pt;\"><i>Wirpsza Wielokrotnie.<\/i> Instytut Miko\u0142owski. Miko\u0142\u00f3w 2013. ISBN: 978-83-60949-98-6, ss. 272.<\/span><\/li>\n<li class=\"western\" style=\"text-align: justify;\"><span style=\"font-size: 12pt;\"><i>&#8222;Possible communications&#8221; and the &#8222;possible addressee&#8221; in lyrical poetry<\/i>. &#8222;Studia Philologica Universitatis Velikotarnovensis&#8221; 2017, vol. 36\/1, s. 313\u2013323.<\/span><\/li>\n<li class=\"western\" style=\"text-align: justify;\"><span style=\"font-size: 12pt;\"><i>Ryszard Krynicki<\/i>, has\u0142o. W: <i>Polska poezja wsp\u00f3\u0142czesna \u2013 przewodnik encyklopedyczny<\/i>, edycja internetowa. Red. P. \u015aliwi\u0144ski; 2017 (<span style=\"color: #0563c1;\"><u><a class=\"western\" href=\"http:\/\/przewodnikpoetycki.amu.edu.pl\/encyklopedia\/ryszard-krynicki\/\">http:\/\/przewodnikpoetycki.amu.edu.pl\/encyklopedia\/ryszard-krynicki\/<\/a><\/u><\/span>)<\/span><\/li>\n<li class=\"western\" style=\"text-align: justify;\"><span style=\"font-size: 12pt;\"><i>Boston Bara\u0144czaka<\/i>. W: <i>Ameryka Bara\u0144czaka<\/i>. Red. S. Karolak, E. Rajewska. Universitas. Krak\u00f3w 2018. ISBN 97883-242-3488-2, s. 71\u201386.<\/span><\/li>\n<\/ol>\n<p>\n<\/div>\r\n                    <\/div>\r\n                <\/div>[\/vc_tta_section][vc_tta_section title=&#8221;ENGLISH&#8221; tab_id=&#8221;1614251082002-1504174e-1d01&#8243;]\r\n                <div class=\"text-modules\">\r\n                    <div class=\"container\">\r\n                        \r\n                        <div class=\"text-modules__content\"><p><strong>Prof. Dariusz Pawelec, PhD, D<\/strong><strong>Litt<\/strong><\/p>\n<p><strong>Professor in the Institute of Literary Studies<\/strong><\/p>\n<p><strong>Faculty of Humanities<\/strong><\/p>\n<p><a href=\"mailto:dariusz.pawelec@us.edu.pl\">dariusz.pawelec@us.edu.pl<\/a><\/p>\n<p>&nbsp;<\/p>\n<p>ORCID: <strong>0000-0002-1397-2082<\/strong><\/p>\n<p>https:\/\/www.researchgate.net\/profile\/Dariusz_Pawelec3<\/p>\n<p>https:\/\/scholar.google.pl\/citations?user=RaHOjoYAAAAJ&#038;hl=pl<\/p>\n<p>&nbsp;<\/p>\n<p><strong>Research interests<\/strong>:<\/p>\n<p>Polish poetry of the 20th and 21st centuries, historical poetics, genre studies, art of interpretation, editing<\/p>\n<p>&nbsp;<\/p>\n<p><strong>Recent publications:<\/strong><\/p>\n<ol>\n<li>Umieralnia i inne utwory dramatyczne [The dying room and other dramatic works] \/ Witold Wirpsza ; compiled by Dariusz Pawelec . &#8211; Miko\u0142\u00f3w : Instytut Miko\u0142owski im. Rafa\u0142a Wojaczka, 2019. &#8211; 355 pages. &#8211; (Biblioteka Arkadii &#8211; Pisma Katastroficznego; t. 168). &#8211; ISBN 978-83-65250-62-9.<\/li>\n<li>Onova posledno desetiletie&#8230; Pobeda na zrelostta v polskata poezi\u00e2 ot 90-te godini na XX vek [This last decade\u2026 The victory of the mature word in Polish poetry in the 1990s] :\/ Dariu\u0161 Pavelec \/\/ Literaturen Vestnik; Sofia &#8211; God. 28, 25.09-1.10.(2019), 9 pages.<\/li>\n<li>Tropy na dziko : postantologia [Tropes \u00e0 la game: A post-anthology] \/ selection, introduction and compilation by Dariusz Pawelec . &#8211; Katowice : Instytucja Kultury Ars Cameralis Silesiae Superioris, 2019. &#8211; 244 pages. &#8211; ISBN 978-83-64172-20-5.<\/li>\n<li>T.W. Pisarz-idol : Witold Wirpsza w lekturze Stanis\u0142awa Bara\u0144czaka [W.T.W. A writer-idol: Witold Wirpsza in Stanis\u0142aw Bara\u0144czak\u2019s readings]\/ Dariusz Pawelec \/\/ Pozna\u0144skie Studia Polonistyczne, Ser. Lit. &#8211; No. 36 (2019), pp. 41-57.<\/li>\n<li>Boston Bara\u0144czaka [Bara\u0144czak\u2019s Boston]\/ Dariusz Pawelec \/\/ In: Ameryka Bara\u0144czaka. &#8211; Krak\u00f3w : Towarzystwo Autor\u00f3w i Wydawc\u00f3w Prac Naukowych &#8222;Universitas&#8221;, 2018. &#8211; pp. 71-85. &#8211; ISBN 978-83-242-3488-2.<\/li>\n<\/ol>\n<p><strong>\u00a0<\/strong><\/p>\n<p><strong>Research grants:<\/strong><\/p>\n<ol>\n<li>The monograph: <em>\u201cPowinna by\u0107 <\/em><em>nieufno<\/em><em>\u015bci\u0105&#8230;\u201d. Nowofalowy sp<\/em><em>\u00f3<\/em><em>r o poezj\u0119<\/em>.[\u201cShe should be distrust\u2026\u201d A new-wave dispute over poetry], as part of the grant: <em>Polemika (krytyczno) literacka w Polsce \u2013 mi\u0119dzy studium przypadku a histori\u0105 literatury. Edycje krytyczne <\/em>[Literary-criticism in Poland \u2014 between a case study and history of literature]. The project of the National Program for the Development of Humanities\u00a0 [\u201cDziedzictwo narodowe\u201d] \u2013 no. 11H 16 013184, realized in the years 2018-2022. The Faculty of Polish and Classical Philology, The Adam Mickiewicz University, Pozna\u0144. Project manager: Prof. Agata Stankowska.<\/li>\n<li>The study: <em>Genologia multimedialna Edwarda Balcerzana. Uwarunkowania i perspektywy<\/em>. [Edward Balcerzan`s Multimedia Theory of Genres. Its Conditions and Perspectives]<em>, <\/em>as part of the grant: <em>Poetyka \u2013 nowe perspektywy <\/em>[Poetics \u2014 new perspectives]. The project of the National Program for the Development of Humanities [the research module 1.1; 2014-2017] &#8211; no. 0042\/NPRH3\/H11\/82\/2014. The Faculty of Polish and Classical Philology, The Adam Mickiewicz University, Pozna\u0144. Project manager: Prof. Tomasz Mizerkiewicz.<\/li>\n<li>The study of Ryszard Krynicki\u2019s poetic profile as part of the grant: <em>Polska poezja wsp\u00f3\u0142czesna: przewodnik encyklopedyczny <\/em>[Modern Polish poetry: An encyclopedic guide]<em>. <\/em>The project of the National Program for the Development of Humanities, 11H 12 0245 81, realized in the years 2014-2016. The Faculty of Polish and Classical Philology, The Adam Mickiewicz University, Pozna\u0144. Project manager: Prof. P. \u015aliwi\u0144ski.<\/li>\n<\/ol>\n<p>&nbsp;<\/p>\n<p><strong>Academic outreach and engagement<\/strong><strong>:<\/strong><\/p>\n<ol>\n<li>Chairman of the Jury of the 12th National Jean Genet Poetic Competition addressed to inmates in Polish prisons (29 October, 2020).<\/li>\n<li>Promotion of the anthologies compiled by the author (<em>Tropy Na Dziko. Postantologia<\/em>. Selection, introduction and compilation by Dariusz Pawelec. Ars Cameralis, Katowice 2019 and <em>Mrtv<\/em><em>\u00e9 <\/em><em> Antologie poezie \u201eNa Divoko\u201d (1994-2003). V\u00fdber, zpracov\u00e1ni a koment\u00e1\u0159 Dariusz Pawelec. P\u0159elo\u017eil Jan Faber.<\/em> WYD. PROTIMLUV, Ostrava 2006) in Frydek-Mistek, Svatoj\u00e1nsk\u00e1 v\u011b\u017e, 2 October, 2020 r. (the Czech Republic), as part of the project \u201ePoezie na kole\u010dk\u00e1ch\u201c, the European Union National Institutes for Culture and the Directorate-General for Translation.<\/li>\n<li>Promotion of the anthologies compiled by the author (<em>Tropy Na Dziko. Postantologia<\/em>. Selection, introduction and compilation by Dariusz Pawelec. Ars Cameralis, Katowice 2019) in \u201cZbieg Poetycki Na Dziko\u201d, during the Festival\u00a0 Ars Cameralis, Katowice, 16 November, 2019, and in the Miko\u0142\u00f3w Institute (the evening \u2014 the 20th Anniversary of the Miko\u0142\u00f3w Institute), Miko\u0142\u00f3w 21 November, 2019.<\/li>\n<\/ol>\n<p>\n<\/div>\r\n                    <\/div>\r\n                <\/div>[\/vc_tta_section][\/vc_tta_tabs][\/vc_column][vc_column width=&#8221;1\/3&#8243;]\r\n                <div class=\"text-modules\">\r\n                    <div class=\"container\">\r\n                        \r\n                        <div class=\"text-modules__content\"><\/p>\n<p>&nbsp;<\/p>\n<p><img class=\"alignnone wp-image-455 size-full\" src=\"https:\/\/us.edu.pl\/instytut\/il\/wp-content\/uploads\/sites\/27\/Nieprzypisane\/fot.-D.Pawelec.jpg\" alt=\"Dariusz Pawelec - zdj\u0119cie profilowe\" width=\"6016\" height=\"4016\" srcset=\"https:\/\/us.edu.pl\/instytut\/il\/wp-content\/uploads\/sites\/27\/Nieprzypisane\/fot.-D.Pawelec.jpg 6016w, https:\/\/us.edu.pl\/instytut\/il\/wp-content\/uploads\/sites\/27\/Nieprzypisane\/fot.-D.Pawelec-300x200.jpg 300w, https:\/\/us.edu.pl\/instytut\/il\/wp-content\/uploads\/sites\/27\/Nieprzypisane\/fot.-D.Pawelec-768x513.jpg 768w, https:\/\/us.edu.pl\/instytut\/il\/wp-content\/uploads\/sites\/27\/Nieprzypisane\/fot.-D.Pawelec-1024x684.jpg 1024w, https:\/\/us.edu.pl\/instytut\/il\/wp-content\/uploads\/sites\/27\/Nieprzypisane\/fot.-D.Pawelec-575x384.jpg 575w\" sizes=\"(max-width: 6016px) 100vw, 6016px\" \/><\/p>\n<\/div>\r\n                    <\/div>\r\n                <\/div>[\/vc_column][\/vc_row]<\/p>","protected":false},"excerpt":{"rendered":"<p>[vc_row][vc_column][\/vc_column][\/vc_row][vc_row][vc_column width=&#8221;2\/3&#8243;][vc_tta_tabs][vc_tta_section title=&#8221;POLISH&#8221; tab_id=&#8221;1614251081963-ce1d0f5b-8293&#8243;][\/vc_tta_section][vc_tta_section title=&#8221;ENGLISH&#8221; tab_id=&#8221;1614251082002-1504174e-1d01&#8243;][\/vc_tta_section][\/vc_tta_tabs][\/vc_column][vc_column width=&#8221;1\/3&#8243;][\/vc_column][\/vc_row] [&#8230;]<\/p>\n<p><a class=\"btn btn-secondary understrap-read-more-link\" href=\"https:\/\/us.edu.pl\/instytut\/il\/osoby\/dariusz-pawelec\/\">Read More&#8230;<\/a><\/p>\n","protected":false},"author":1,"featured_media":0,"template":"","meta":{"_expiration-date-status":"","_expiration-date":0,"_expiration-date-type":"","_expiration-date-categories":[],"_expiration-date-options":[]},"acf":[],"_links":{"self":[{"href":"https:\/\/us.edu.pl\/instytut\/il\/wp-json\/wp\/v2\/osoby\/601"}],"collection":[{"href":"https:\/\/us.edu.pl\/instytut\/il\/wp-json\/wp\/v2\/osoby"}],"about":[{"href":"https:\/\/us.edu.pl\/instytut\/il\/wp-json\/wp\/v2\/types\/osoby"}],"author":[{"embeddable":true,"href":"https:\/\/us.edu.pl\/instytut\/il\/wp-json\/wp\/v2\/users\/1"}],"version-history":[{"count":4,"href":"https:\/\/us.edu.pl\/instytut\/il\/wp-json\/wp\/v2\/osoby\/601\/revisions"}],"predecessor-version":[{"id":4672,"href":"https:\/\/us.edu.pl\/instytut\/il\/wp-json\/wp\/v2\/osoby\/601\/revisions\/4672"}],"wp:attachment":[{"href":"https:\/\/us.edu.pl\/instytut\/il\/wp-json\/wp\/v2\/media?parent=601"}],"curies":[{"name":"wp","href":"https:\/\/api.w.org\/{rel}","templated":true}]}}