{"id":603,"date":"2020-02-21T19:27:27","date_gmt":"2020-02-21T18:27:27","guid":{"rendered":"http:\/\/us.edu.pl\/instytut\/il\/?post_type=osoby&#038;p=603"},"modified":"2020-02-21T19:27:27","modified_gmt":"2020-02-21T18:27:27","slug":"karolina-pospiszil-hofmanska","status":"publish","type":"osoby","link":"https:\/\/us.edu.pl\/instytut\/il\/osoby\/karolina-pospiszil-hofmanska\/","title":{"rendered":"Karolina Pospiszil-Hofma\u0144ska"},"content":{"rendered":"<p><img class=\"alignnone size-medium wp-image-422\" src=\"http:\/\/us.edu.pl\/instytut\/il\/wp-content\/uploads\/sites\/27\/Nieprzypisane\/Pospiszil_zdj\u0119cie-232x300.jpg\" alt=\"\" width=\"232\" height=\"300\" srcset=\"https:\/\/us.edu.pl\/instytut\/il\/wp-content\/uploads\/sites\/27\/Nieprzypisane\/Pospiszil_zdj\u0119cie-232x300.jpg 232w, https:\/\/us.edu.pl\/instytut\/il\/wp-content\/uploads\/sites\/27\/Nieprzypisane\/Pospiszil_zdj\u0119cie-444x575.jpg 444w, https:\/\/us.edu.pl\/instytut\/il\/wp-content\/uploads\/sites\/27\/Nieprzypisane\/Pospiszil_zdj\u0119cie.jpg 463w\" sizes=\"(max-width: 232px) 100vw, 232px\" \/><\/p>\n<p class=\"western\" align=\"justify\"><a name=\"_GoBack\"><\/a> <span style=\"font-family: Calibri, serif\"><span style=\"font-size: small\">dr Karolina Pospiszil-Hofma\u0144ska \u2013 literaturoznawczyni; interesuje si\u0119 geopoetyk\u0105, przek\u0142adem, literaturami i kulturami Europy \u015arodkowej (przede wszystkim polsk\u0105, czesk\u0105, s\u0142owack\u0105) oraz tw\u00f3rczo\u015bci\u0105 wsp\u00f3lnot regionalnych, mniejszo\u015bci etnicznych i narodowych. W 2014 r. obroni\u0142a prac\u0119 doktorsk\u0105 pt. <i>Swojsko\u015b\u0107 i utrata. Obraz G\u00f3rnego \u015al\u0105ska w literaturze polskiej i czeskiej po 1989 roku<\/i>. Autorka artyku\u0142\u00f3w naukowych publikowanych w czasopismach polskich i zagranicznych; cz\u0142onkini redakcji \u201ePostscriptum Polonistycznego\u201d, redaktorka ksi\u0105\u017cek naukowych, t\u0142umaczka z j\u0119zyka czeskiego. W marcu i kwietniu 2019 r. odby\u0142a sta\u017c badawczy na Uniwersytecie Masaryka w Brnie finansowany przez Narodow\u0105 Agencj\u0119 Wymiany Akademickiej.<\/span><\/span><\/p>\n<p class=\"western\" align=\"justify\"><span style=\"font-family: Calibri, serif\"><span style=\"font-size: small\">Najwa\u017cniejsze publikacje<\/span><\/span><\/p>\n<p class=\"western\" align=\"justify\"><span style=\"font-family: Calibri, serif\"><span style=\"font-size: small\"><i>Wsp\u00f3lnototw\u00f3rczy wymiar przek\u0142adu. Casus XXI-wiecznych przek\u0142ad\u00f3w g\u00f3rno\u015bl\u0105skich<\/i>. \u201ePrzek\u0142ady Literatur S\u0142owia\u0144skich\u201d 2019, nr 1, s. 79-102, DOI 10.31261\/PLS.2019.09.02.05.<\/span><\/span><\/p>\n<p class=\"western\" align=\"justify\"><span style=\"font-family: Calibri, serif\"><span style=\"font-size: small\"><i>Transnarodowa literatura g\u00f3rno\u015bl\u0105ska? Rozwa\u017cania o pr\u00f3bach tworzenia kanonu ma\u0142ej literatury<\/i>, w: <i>Joseph von Eichendorff (1788-1857) a \u010desko-polsk\u00e9 kulturn\u00ed a um\u011bleck\u00e9 pohrani\u010d\u00ed \/ Joseph von Eichendorff i czesko-polskie kulturowe i artystyczne pogranicze<\/i>. <span lang=\"en-GB\">Red. L. Martinek. Slezsk\u00e1 univerzita v Opav\u011b, KLP \u2013 Koniasch Latin Press. <\/span>Opava 2018, s. 49-62.<\/span><\/span><\/p>\n<p class=\"western\" align=\"justify\"><span style=\"font-family: Calibri, serif\"><span style=\"font-size: small\"><i>Czy homo europae centralis to homo motus? Rozwa\u017cania o \u015brodkowoeuropejskiej \u201esolidarno\u015bci poruszonych\u201c<\/i>, w: <i>St\u0159edn\u00ed Evropa v\u010dera a dnes: prom\u011bny koncepc\u00ed II<\/i>. Red. I. Posp\u00ed\u0161il. St<span lang=\"cs-CZ\">\u0159edoevropsk\u00e9 centrum slovansk\u00fdch studi\u00ed. <\/span>Brno 2018, s. 363-372.<\/span><\/span><\/p>\n<p class=\"western\" align=\"justify\"><span style=\"font-family: Calibri, serif\"><span style=\"font-size: small\"><i>Regiol\u0119ki. Kilka uwag o regionalizmie literackim<\/i>, w: <i>Polonistyka na pocz\u0105tku XXI wieku. Diagnozy &#8211; koncepcje \u2013 perspektywy<\/i>. Red. J. Tambor. T. IV: <i>Pogranicza, mniejszo\u015bci, regiony. Etnolingwistyka<\/i>. Red. J. Tambor. Wydawnictwo Uniwersytetu \u015al\u0105skiego. Katowice 2018, s. 13-27.<\/span><\/span><\/p>\n<p class=\"western\" align=\"justify\"><span style=\"font-family: Calibri, serif\"><span style=\"font-size: small\"><i>Dziedzictwo niechciane. Walka pami\u0119ci w tetralogii \u015bl\u0105skiej Evy Tvrdej<\/i>. \u201eBohemistyka\u201d 2017, nr 3, s. 241-256, DOI 10.14746\/bo.2017.3.3.<\/span><\/span><\/p>\n<p class=\"western\" align=\"justify\"><span style=\"font-family: Calibri, serif\"><span style=\"font-size: small\"><i>Swojsko\u015b\u0107 i utrata. Obrazy G\u00f3rnego \u015al\u0105ska w literaturze polskiej i czeskiej po 1989 roku<\/i>. Wydawnictwo Uniwersytetu \u015al\u0105skiego. Katowice 2016.<\/span><\/span><\/p>\n<p class=\"western\" align=\"justify\"><span style=\"font-family: Calibri, serif\"><span style=\"font-size: small\"><i>Studium g\u0142osu cichszego<\/i>. \u201e\u015awiat i S\u0142owo\u201d 2016, nr 2, s. 47-58.<\/span><\/span><\/p>\n<p class=\"western\" align=\"justify\"><span style=\"font-family: Calibri, serif\"><span style=\"font-size: small\"><i>Region ze s\u0142\u00f3w. G\u00f3rno\u015bl\u0105skie odzyskiwanie g\u0142osu<\/i>. \u201eRocznik Komparatystyczny\u201d 2015, DOI 10.18276\/rk.2015.6-12.<\/span><\/span><\/p>\n<p><\/p>","protected":false},"excerpt":{"rendered":"<p>dr Karolina Pospiszil-Hofma\u0144ska \u2013 literaturoznawczyni; interesuje si\u0119 geopoetyk\u0105, przek\u0142adem, literaturami i kulturami Europy \u015arodkowej (przede wszystkim polsk\u0105, czesk\u0105, s\u0142owack\u0105) oraz tw\u00f3rczo\u015bci\u0105 wsp\u00f3lnot regionalnych, mniejszo\u015bci etnicznych i narodowych. W 2014 r. obroni\u0142a prac\u0119 doktorsk\u0105 pt. Swojsko\u015b\u0107 i utrata. Obraz G\u00f3rnego \u015al\u0105ska w literaturze polskiej i czeskiej po 1989 roku. Autorka artyku\u0142\u00f3w naukowych publikowanych w czasopismach polskich [&#8230;]<\/p>\n<p><a class=\"btn btn-secondary understrap-read-more-link\" href=\"https:\/\/us.edu.pl\/instytut\/il\/osoby\/karolina-pospiszil-hofmanska\/\">Read More&#8230;<\/a><\/p>\n","protected":false},"author":1,"featured_media":0,"template":"","meta":{"_expiration-date-status":"saved","_expiration-date":0,"_expiration-date-type":"","_expiration-date-categories":[],"_expiration-date-options":[]},"acf":[],"_links":{"self":[{"href":"https:\/\/us.edu.pl\/instytut\/il\/wp-json\/wp\/v2\/osoby\/603"}],"collection":[{"href":"https:\/\/us.edu.pl\/instytut\/il\/wp-json\/wp\/v2\/osoby"}],"about":[{"href":"https:\/\/us.edu.pl\/instytut\/il\/wp-json\/wp\/v2\/types\/osoby"}],"author":[{"embeddable":true,"href":"https:\/\/us.edu.pl\/instytut\/il\/wp-json\/wp\/v2\/users\/1"}],"version-history":[{"count":1,"href":"https:\/\/us.edu.pl\/instytut\/il\/wp-json\/wp\/v2\/osoby\/603\/revisions"}],"predecessor-version":[{"id":604,"href":"https:\/\/us.edu.pl\/instytut\/il\/wp-json\/wp\/v2\/osoby\/603\/revisions\/604"}],"wp:attachment":[{"href":"https:\/\/us.edu.pl\/instytut\/il\/wp-json\/wp\/v2\/media?parent=603"}],"curies":[{"name":"wp","href":"https:\/\/api.w.org\/{rel}","templated":true}]}}