{"id":2311,"date":"2021-02-03T10:49:35","date_gmt":"2021-02-03T09:49:35","guid":{"rendered":"https:\/\/us.edu.pl\/instytut\/il\/?page_id=2311"},"modified":"2022-07-13T07:13:29","modified_gmt":"2022-07-13T05:13:29","slug":"2021-2","status":"publish","type":"page","link":"https:\/\/us.edu.pl\/instytut\/il\/nauka\/monografie\/2021-2\/","title":{"rendered":"2021"},"content":{"rendered":"<p>[vc_row][vc_column]\r\n                <div class=\"text-modules reverse\">\r\n                    <div class=\"container\">\r\n                         \r\n                        <div class=\"row m-0\">\r\n                            <div class=\"text-modules__content\">\r\n                                <span style=\"font-size: 12pt;\"><strong><em>Czytam po polsku. T.1: Kol\u0119dy polskie. Materia\u0142y pomocnicze do nauki j\u0119zyka polskiego jako obcego. Edycja dla zaawansowanych (poziom B2, C1-C2)<\/em>. Oprac. R. Cudak. Wydawnictwo Uniwersytetu \u015al\u0105skiego. Katowice 2021, ISBN: 978-83-226-4060-9, ss. 118.<\/strong><\/span><\/p>\n<p><span style=\"font-size: 12pt;\">Praca jest tomem z nowej edycji serii <em>Czytaj po polsku<\/em>. Przeznaczona jest przede wszystkim dla zagranicznych slawist\u00f3w i polonist\u00f3w, aczkolwiek mog\u0105 z niej korzysta\u0107 r\u00f3wnie\u017c inne osoby ucz\u0105ce si\u0119 j\u0119zyka polskiego i poznaj\u0105ce kultur\u0119 polsk\u0105, np. uczniowie polonijnych szk\u00f3\u0142. Niekt\u00f3re cz\u0119\u015bci publikacji przydadz\u0105 si\u0119 tak\u017ce w krajowych szko\u0142ach \u2013 uczniom zainteresowanym tradycj\u0105 kol\u0119dow\u0105. Zasadniczym celem tomu jest zapoznanie z polskimi kol\u0119dami religijnymi jako reprezentatywnymi tekstami kultury polskiej oraz z wa\u017cnymi w tradycji literackiej kol\u0119dami poetyckimi. To tak\u017ce pomoc w edukacji j\u0119zykowej i kulturowej w takim zakresie, jaki wyznacza zebrany materia\u0142. Tom jest podzielony na dwie cz\u0119\u015bci \u2013 materia\u0142ow\u0105 i \u0107wiczeniow\u0105, a ca\u0142o\u015b\u0107 obejmuje trzy dzia\u0142y: a) kol\u0119dy religijne, b) pie\u015bni <em>O narodzeniu Pa\u0144skim<\/em> (<em>B\u00f3g si\u0119 rodzi<\/em>), c) kol\u0119dy poetyckie [z op. wyd.]<\/span><\/p>\n<div class=\"mt-3\"><\/div>\r\n                            <\/div>\r\n                            \r\n                            <div class=\"text-modules__img\"><img src=\"https:\/\/us.edu.pl\/instytut\/il\/wp-content\/uploads\/sites\/27\/Nieprzypisane\/czytam_po_polsku_koledy_polskie_t1_oklo-212x300.jpg\" alt=\"img\"><\/div>\r\n                        <\/div>\r\n                    <\/div>\r\n                <\/div>[\/vc_column][\/vc_row][vc_row][vc_column]\r\n                <div class=\"text-modules reverse\">\r\n                    <div class=\"container\">\r\n                         \r\n                        <div class=\"row m-0\">\r\n                            <div class=\"text-modules__content\">\r\n                                <span style=\"font-size: 12pt;\"><strong><em>Sophie Mereu-Brentano. \u201eDyletantka\u201d na weimarskim parnasie<\/em>. Red. Renata Dampc-Jarosz, Nina Nowara-Matusik. Wydawnictwo Uniwersytetu \u015al\u0105skiego. Katowice 2020.<br \/>\n<\/strong><\/span><\/p>\n<p><span style=\"font-size: 12pt;\">W ramach serii wydawniczej <em>Niemiecka Literatura Kobiet<\/em> ukaza\u0142 si\u0119 w\u0142a\u015bnie trzeci tom, po\u015bwi\u0119cony pisarce epoki klasyczno-romantycznej Sophie Mereau-Brentano. Ksi\u0105\u017cka pod redakcj\u0105 Renaty Dampc-Jarosz oraz Niny Nowary-Matusik przybli\u017ca czytelnikom t\u0119 ma\u0142\u0105 znan\u0105 w Polsce autork\u0119 oraz jej dwa utwory prozatorskie, prezentowane po raz pierwszy w przek\u0142adzie na j\u0119zyk polski \u2013 powie\u015b\u0107 epistolarn\u0105 <em>Amanda und Eduard<\/em> oraz opowiadanie <em>Marie<\/em>.<\/span><\/p>\n<p><span style=\"font-size: 12pt;\"> Wi\u0119cej o publikacji mo\u017cna przeczyta\u0107 <a href=\"https:\/\/wydawnictwo.us.edu.pl\/node\/23433\">tutaj.\u00a0<\/a><\/span> \r\n                                <div class=\"mt-3\"><\/div>\r\n                            <\/div>\r\n                            \r\n                            <div class=\"text-modules__img\"><img src=\"https:\/\/us.edu.pl\/instytut\/il\/wp-content\/uploads\/sites\/27\/Nieprzypisane\/sophie_mereau-brentano_okl_o-190x300.jpg\" alt=\"img\"><\/div>\r\n                        <\/div>\r\n                    <\/div>\r\n                <\/div>[\/vc_column][\/vc_row][vc_row][vc_column]\r\n                <div class=\"text-modules reverse\">\r\n                    <div class=\"container\">\r\n                         \r\n                        <div class=\"row m-0\">\r\n                            <div class=\"text-modules__content\">\r\n                                <strong><span style=\"font-size: 12pt;\">J\u00f3zef Olejniczak: <em>Gombrowicz. Ja! <\/em>Seria <em>Projekt: Egzystencja i Literatura<\/em>. Wydawnictwo Uniwersytetu \u0141\u00f3dzkiego. \u0141\u00f3d\u017a 2021. ISBN 978-83-8220-306-6; e-ISBN 978-83-8220-307-3, ss. 253.<\/span><\/strong><\/p>\n<p><span style=\"font-size: 12pt;\">Opowie\u015b\u0107 biograficzna o Witoldzie Gombrowiczu, w kt\u00f3rej autor \u015bledzi na podstawie dokument\u00f3w i \u015bwiadectw fakty z \u017cycia autora <em>Ferdydurke<\/em> i konfrontuj\u0105c je z autokreacyjnymi zabiegami w jego utworach fikcjonalnych i <em>non-fiction<\/em> (reporta\u017ce, eseje, dziennik). Ksi\u0105\u017cka u\u0142o\u017cona jest w siedem rozdzia\u0142\u00f3w, poprzedzonych wst\u0119pem zawieraj\u0105cym ustalenia metodologiczne. W kolejnych rozdzia\u0142ach opowiedziane s\u0105 losy pisarza na kolejnych jego \u017cycia i interpretowane fragmenty utwor\u00f3w, w kt\u00f3rych autor dostrzega \u015blady do\u015bwiadcze\u0144 egzystencjalnych pisarza. W ostatnim rozdziale (<em>Po\u015bmiertne losy Gombrowicza<\/em>) zaprezentowana zosta\u0142a recepcja (naukowa, krytycznoliteracka, teatralna i filmowa) dzie\u0142a i legendy autora <em>Kosmosu<\/em> oraz pr\u00f3ba interpretacji po\u015bmiertnie wydanego <em>Kronosa<\/em>. Wszystkie interpretacje oscyluj\u0105 wok\u00f3\u0142 problematyki podmiotowo\u015bci i to\u017csamo\u015bci podmiotu dzie\u0142a Gombrowicza.<\/span><\/p>\n<div class=\"mt-3\"><\/div>\r\n                            <\/div>\r\n                            \r\n                            <div class=\"text-modules__img\"><img src=\"https:\/\/us.edu.pl\/instytut\/il\/wp-content\/uploads\/sites\/27\/Nieprzypisane\/Gombrowicz_ja_ok\u0142-178x300.jpg\" alt=\"img\"><\/div>\r\n                        <\/div>\r\n                    <\/div>\r\n                <\/div>[\/vc_column][\/vc_row][vc_row][vc_column]\r\n                <div class=\"text-modules reverse\">\r\n                    <div class=\"container\">\r\n                         \r\n                        <div class=\"row m-0\">\r\n                            <div class=\"text-modules__content\">\r\n                                <span style=\"font-size: 12pt;\"><strong>Marek Krisch: <em>Ein wunderbares Gemisch von widersprechenden Eigenschaften: das Zeitgeschehen im Werk von Max Ring<\/em>. G\u00f6ttingen: V&amp;R unipress 2021. ISBN: 978-3-8471-1267-9, ss. 290.<\/strong><br \/>\n<\/span><\/p>\n<p><span style=\"font-size: 12pt;\">Autor monografii przybli\u017ca \u017cycie i aspekty tw\u00f3rczo\u015bci dziennikarza, powie\u015bciopisarza, dramaturga i lekarza Maksa Ringa, kt\u00f3ry urodzi\u0142 si\u0119 i wychowa\u0142 na G\u00f3rnym \u015al\u0105sku, a w 1850 roku przeni\u00f3s\u0142 si\u0119 do Berlina, gdzie przebywa\u0142 prawie nieprzerwanie a\u017c do \u015bmierci w 1901 roku i gdzie rozwin\u0119\u0142a si\u0119 jego kariera literacka. S\u0142aw\u0119 przynios\u0142y mu powie\u015bci i opowiadania, kt\u00f3rych akcja rozgrywa si\u0119 zar\u00f3wno w przesz\u0142o\u015bci jak i w XIX w., p\u00f3\u017aniej pisa\u0142 r\u00f3wnie\u017c ksi\u0105\u017cki traktuj\u0105ce o r\u00f3\u017cnych aspektach Berlina. Monografia rozpoczyna si\u0119 od szczeg\u00f3\u0142owej biografii Ringa. Nast\u0119pnie opisywany jest Berlin drugiej po\u0142owy XIX wieku. Centralne znaczenie ma analiza przedstawiania wsp\u00f3\u0142czesnych autorowi wydarze\u0144, \u00f3wczesnego spo\u0142ecze\u0144stwa i najwa\u017cniejszych miejsc w wybranych dzie\u0142ach Ringa.<\/span><\/p>\n<p><span style=\"font-size: 12pt;\">In his study, Marek Krisch deals with the life and work of the journalist, novelist, dramatist and physician Max Ring, who moved from Silesia to Berlin in 1850, where he stayed almost without interruption until his death in 1901 and where his literary career developed rapidly. He made a name for himself with his culture-historical, contemporary historical and historical novels and stories, later he also wrote non-fiction books about Berlin. In this study first his life is described, searching for Ring&#8217;s habitus. This is followed by a description of Berlin in the second half of the 19th century. Of central importance is the analysis of the depiction of contemporary events, society and the most important places in selected works by Ring.<\/span><\/p>\n<div class=\"mt-3\"><\/div>\r\n                            <\/div>\r\n                            \r\n                            <div class=\"text-modules__img\"><img src=\"https:\/\/us.edu.pl\/instytut\/il\/wp-content\/uploads\/sites\/27\/Nieprzypisane\/Ein-wunderbares-Gemisch-von-widersprechenden-Eigenschaften-201x300.jpg\" alt=\"img\"><\/div>\r\n                        <\/div>\r\n                    <\/div>\r\n                <\/div>[\/vc_column][\/vc_row][vc_row][vc_column]\r\n                <div class=\"text-modules reverse\">\r\n                    <div class=\"container\">\r\n                         \r\n                        <div class=\"row m-0\">\r\n                            <div class=\"text-modules__content\">\r\n                                <span style=\"font-size: 12pt;\"><strong>Lou Andreas-Salom\u00e9: <em>Russische Texte: aus der Zeitschrift Sewerny Westnik<\/em>. Hrsg. Gra\u017cyna Krupi\u0144ska (Werke und Briefe von Lou Andreas-Salom\u00e9 in Einzelb\u00e4nden ; Bd. 17). Taching: MedienEdition Welsch 2021. ISBN: 978-3-937211-65-7, ss. 500. <\/strong><em><br \/>\n<\/em><\/span><\/p>\n<p><span style=\"font-size: 12pt;\">Pod redakcj\u0105 Gra\u017cyny Krupi\u0144skiej ukaza\u0142a si\u0119 pierwsza edycja tzw. tekst\u00f3w rosyjskich pisarki niemieckoj\u0119zycznej Lou Andreas-Salom\u00e9 (1861-1937), opublikowanych pierwotnie w petersburskim czasopi\u015bmie \u201eSiewiernyj wiestnik\u201d (\u0421\u0463\u0432\u0435\u0440\u043d\u044b\u0439 \u0412\u0463\u0441\u0442\u043d\u0438\u043a\u044a) w latach 1896-98. Publikacja zawiera teksty rosyjskoj\u0119zyczne, ich retranslacj\u0119 na j\u0119zyk niemiecki dokonan\u0105 przez Yevgeni\u0119 Korol, przypisy oraz obszerne pos\u0142owie.<\/span><\/p>\n<p><span style=\"font-size: 12pt;\">Dwa obszerne eseje dotycz\u0105 tw\u00f3rczo\u015bci niemieckoj\u0119zycznych pisarek (np. B. von Suttner, H. B\u00f6hlau, G. Reuter) oraz dramatopisarzy (G. Hauptmann, G. Hirschfeld i in.) i \u015bwiadcz\u0105 o wnikliwym i krytycznym podej\u015bciu Lou Andreas-Salom\u00e9 do \u00f3wczesnej literatury modernistycznej. Ponadto pozwalaj\u0105 prze\u015bledzi\u0107 podej\u015bcie pisarki do szeroko dyskutowanej na\u00f3wczas kwestii p\u0142ci. Niepe\u0142ne t\u0142umaczenie na rosyjski pierwszej monografii o Friedrichu Nietzschem (<em>Friedrich Nietzsche in seinen Werken<\/em>, 1894) daje z kolei wgl\u0105d w pierwsz\u0105 faz\u0119 recepcji Nietzschego w Rosji, naznaczon\u0105 cenzur\u0105 oraz zakazem publikacji dzie\u0142 filozofa. Tom zawiera r\u00f3wnie\u017c opowiadanie \u201eAmor\u201d, sygnowane dwoma nazwiskami: Lou Andreas-Salom\u00e9 oraz Akima Wo\u0142y\u0144skiego, nieoficjalnego redaktora czasopisma \u201eSiewiernyj wiestnik\u201d. Por\u00f3wnanie tego \u201eszkicu\u201d z opublikowan\u0105 dopiero w 1981 roku pierwotn\u0105 wersj\u0105 noweli, unaocznia bezsprzeczny talent literacki pisarki, jak i uchyla r\u0105bka tajemnicy w sprawie rozd\u017awi\u0119ku, do jakiego dosz\u0142o mi\u0119dzy Wo\u0142y\u0144skim a Andreas-Salom\u00e9. Pos\u0142owie na\u015bwietla ponadto stosunek urodzonej w Sankt Petersburgu pisarki do Rosji, rosyjskiego j\u0119zyka i kultury. \u00a0<\/span> \r\n                                <div class=\"mt-3\"><\/div>\r\n                            <\/div>\r\n                            \r\n                            <div class=\"text-modules__img\"><img src=\"https:\/\/us.edu.pl\/instytut\/il\/wp-content\/uploads\/sites\/27\/Nieprzypisane\/MedienEdition-Welsch-211x300.png\" alt=\"img\"><\/div>\r\n                        <\/div>\r\n                    <\/div>\r\n                <\/div>[\/vc_column][\/vc_row][vc_row][vc_column]\r\n                <div class=\"text-modules reverse\">\r\n                    <div class=\"container\">\r\n                         \r\n                        <div class=\"row m-0\">\r\n                            <div class=\"text-modules__content\">\r\n                                <span style=\"font-size: 12pt;\"><strong>Iwona Gralewicz-Wolny: <em>Na tropie. 21 przyg\u00f3d ze wsp\u00f3\u0142czesn\u0105 ksi\u0105\u017ck\u0105 poetyck\u0105<\/em>. Universitas. Krak\u00f3w 2021. ISBN: 978-83-242-3711-1, ss. 216.<\/strong><\/span><\/p>\n<p><span style=\"font-size: 12pt;\">Monografia <em>Na tropie. 21 przyg\u00f3d ze wsp\u00f3\u0142czesn\u0105 ksi\u0105\u017ck\u0105 poetyck\u0105<\/em> uzupe\u0142nia stan bada\u0144 po\u015bwi\u0119conych polskiej poezji najnowszej, przede wszystkim jednak stara si\u0119 mie\u0107 warto\u015b\u0107 inspiracji i zaproszenia do lektury najbardziej hermetycznego obszaru literatury pi\u0119knej, za jaki uwa\u017cana jest poezja wsp\u00f3\u0142czesna. Publikacja zawiera analityczno-interpretacyjne om\u00f3wienia wybranych tomik\u00f3w poetyckich, kt\u00f3re ukaza\u0142y si\u0119 w ostatnich latach. Jako \u017ce szkice w niej zgromadzone dotycz\u0105 zar\u00f3wno autor\u00f3w utytu\u0142owanych, jak i debiutant\u00f3w, tom\u00f3w g\u0142o\u015bno komentowanych przez krytyk\u0119 literack\u0105 i takich, kt\u00f3re nie mog\u0105 liczy\u0107 na szerokie audytorium \u2013 ksi\u0105\u017cka ma te\u017c charakter panoramy odzwierciedlaj\u0105cej wyj\u0105tkowe zr\u00f3\u017cnicowanie pejza\u017cu wsp\u00f3\u0142czesnej poezji polskiej. Kluczow\u0105 warto\u015bci\u0105 jest tu praktyczna prezentacja warsztatu lektury uwa\u017cnej, skoncentrowanej na elementarnych znaczeniach utwor\u00f3w oraz na konfiguracjach, jakie znaczenia te wsp\u00f3\u0142tworz\u0105. Celem nadrz\u0119dnym jest przedstawienie swoisto\u015bci zjawiska, jakim jest \u2013 zawsze niepowtarzalna i jedyna w swoim rodzaju \u2013 ksi\u0105\u017cka poetycka.<\/span> \r\n                                <div class=\"mt-3\"><\/div>\r\n                            <\/div>\r\n                            \r\n                            <div class=\"text-modules__img\"><img src=\"https:\/\/us.edu.pl\/instytut\/il\/wp-content\/uploads\/sites\/27\/Nieprzypisane\/gralewicz_wolny_seria-188x300.jpg\" alt=\"img\"><\/div>\r\n                        <\/div>\r\n                    <\/div>\r\n                <\/div>[\/vc_column][\/vc_row][vc_row][vc_column]\r\n                <div class=\"text-modules reverse\">\r\n                    <div class=\"container\">\r\n                         \r\n                        <div class=\"row m-0\">\r\n                            <div class=\"text-modules__content\">\r\n                                <span style=\"font-size: 12pt;\"><strong>Marian Kisiel: <em>Splot. Szkice o poezji polskiej, rosyjskiej i \u017cydowskiej<\/em>. Wydawnictwo Uniwersytetu \u015al\u0105skiego. Katowice 2021. ISBN: 978-83-226-3954-2, ss. 240.<\/strong> <\/span><\/p>\n<p><span style=\"font-size: 12pt;\">Zbi\u00f3r gromadzi szkice o poetach i wierszach, kt\u00f3rych losy w r\u00f3\u017cny spos\u00f3b splataj\u0105 si\u0119 z sob\u0105: historycznie, biograficznie, literacko. Autorzy polscy, rosyjscy i \u017cydowscy, a niejednokrotnie ten zwi\u0105zek jest w poszczeg\u00f3lnych biografiach jednoczesny, zostali tutaj zespoleni na prawach przypadku, wyj\u0105tku i konieczno\u015bci. S\u0105 nimi: Emil Zegad\u0142owicz, Jerzy Liebert, Anna Achmatowa, Rachela Bojmwo\u0142, So\u0142omon Bart, Tadeusz R\u00f3\u017cewicz, Adam Czerniawski, Andrzej Busza, Anna Frajlich, Ewa Lipska. Przypadkiem jest ich spotkanie w jednej ksi\u0105\u017cce; wyj\u0105tkiem to, \u017ce ka\u017cdego autora \u0142\u0105czy j\u0119zyk lub jego porzucenie, miejsce lub jego utrata, narodowo\u015b\u0107 lub jej zmiana albo odrzucenie; konieczno\u015bci\u0105 natomiast jest to, \u017ce ka\u017cdy z autor\u00f3w w jakim\u015b sensie czuje si\u0119 wrzucony w wiek XX jako \u201eczas marny\u201d, gdzie przychodzi mierzy\u0107 si\u0119 z w\u0142asn\u0105 biografi\u0105 jak z cudz\u0105, a z cudz\u0105 jak w\u0142asn\u0105. Splot ich biografii i utwor\u00f3w przynosi nieoczekiwan\u0105 niespodziank\u0119, zamkni\u0119t\u0105 przez poet\u0119 w wierszach i odkrywan\u0105 przez interpretatora.<\/span> \r\n                                <div class=\"mt-3\"><\/div>\r\n                            <\/div>\r\n                            \r\n                            <div class=\"text-modules__img\"><img src=\"https:\/\/us.edu.pl\/instytut\/il\/wp-content\/uploads\/sites\/27\/Nieprzypisane\/splot_szkice_o_poezji_okl_o_0-190x300.jpg\" alt=\"img\"><\/div>\r\n                        <\/div>\r\n                    <\/div>\r\n                <\/div>[\/vc_column][\/vc_row][vc_row][vc_column]\r\n                <div class=\"text-modules reverse\">\r\n                    <div class=\"container\">\r\n                         \r\n                        <div class=\"row m-0\">\r\n                            <div class=\"text-modules__content\">\r\n                                <span style=\"font-size: 12pt;\"><strong>Ewa Wyl\u0119\u017cek: <em>Tropes of Tauromachy: Representations of Bullfighting in Selected Texts of Anglophone Literature<\/em>. Wydawnictwo Uniwersytetu \u015al\u0105skiego. Katowice 2020. ISBN: 978-83-226-3907-8, ss. 220.<\/strong> <\/span><\/p>\n<p><span style=\"font-size: 12pt;\">Ksi\u0105\u017cka jest po\u015bwi\u0119cona rozwa\u017caniom teoretycznym na temat zjawiska korridy. W publikacji przedstawiono najnowsze teksty angloj\u0119zyczne wykorzystuj\u0105ce motyw walki z bykami oraz por\u00f3wnano je z teoriami zachowa\u0144 ludycznych i tematami tabu, takimi jak przemoc, erotyzm i \u015bmier\u0107.<\/span> \r\n                                <div class=\"mt-3\"><\/div>\r\n                            <\/div>\r\n                            \r\n                            <div class=\"text-modules__img\"><img src=\"https:\/\/us.edu.pl\/instytut\/il\/wp-content\/uploads\/sites\/27\/Nieprzypisane\/tropes_of_tauromachy_okl-185x300.jpg\" alt=\"img\"><\/div>\r\n                        <\/div>\r\n                    <\/div>\r\n                <\/div>[\/vc_column][\/vc_row][vc_row][vc_column]\r\n                <div class=\"text-modules reverse\">\r\n                    <div class=\"container\">\r\n                         \r\n                        <div class=\"row m-0\">\r\n                            <div class=\"text-modules__content\">\r\n                                <span style=\"font-size: 12pt;\"><strong>Ma\u0142gorzata W\u00f3jcik-Dudek: <em>Po lekcjach<\/em>. Wydawnictwo Uniwersytetu \u015al\u0105skiego. Katowice 2021. ISBN:<\/strong> <strong>978-83-226-3996-2, ss. 320.<\/strong><\/span><\/p>\n<p><span style=\"font-size: 12pt;\">Autorka ksi\u0105\u017cki &#8222;Po lekcjach&#8221;, czytaj\u0105c literatur\u0119 dla niedoros\u0142ych, proponuje niestandardowo spojrze\u0107 mi\u0119dzy innymi na cykl o Muminkach, Akademi\u0119 pana Kleksa Jana Brzechwy, tw\u00f3rczo\u015b\u0107 Janusza Korczaka czy Antoniny Doma\u0144skiej; korzystaj\u0105c ze wsp\u00f3\u0142czesnych metodologii, pr\u00f3buje wskaza\u0107 sposoby lektury tekst\u00f3w literackich wpisuj\u0105ce si\u0119 w za\u0142o\u017cenia humanistyki ekologicznej. W zakresie lektur obowi\u0105zuj\u0105cych w szkole ponadpodstawowej Autork\u0119 interesuje mi\u0119dzy innymi tw\u00f3rczo\u015b\u0107 Boles\u0142awa Le\u015bmiana, Brunona Schulza, Andrzeja Stasiuka czy Olgi Tokarczuk, a tak\u017ce innowacyjna i otwieraj\u0105ca na \u201enowe\u201d lektura Antygony.<\/span><\/p>\n<p><span style=\"font-size: 12pt;\">Autorka, wychodz\u0105c od mikroanaliz, przechodzi do uog\u00f3lnie\u0144 umo\u017cliwiaj\u0105cych w\u0142\u0105czenie proponowanych tekst\u00f3w do opowie\u015bci o potrzebie refleksji nad \u201eszko\u0142\u0105 szcz\u0119\u015bliw\u0105\u201d, skoncentrowan\u0105 na trosce oraz budowaniu wsp\u00f3lnoty. Tego typu odczytanie tekst\u00f3w literackich czyni z nich oryginalny materia\u0142 do przemy\u015blenia miejsca oraz roli edukacji (humanistycznej) we wsp\u00f3\u0142czesnym \u015bwiecie.<\/span><\/p>\n<div class=\"mt-3\"><\/div>\r\n                            <\/div>\r\n                            \r\n                            <div class=\"text-modules__img\"><img src=\"https:\/\/us.edu.pl\/instytut\/il\/wp-content\/uploads\/sites\/27\/Nieprzypisane\/po_lekcjach_okladka_okl_o_0-210x300.jpg\" alt=\"img\"><\/div>\r\n                        <\/div>\r\n                    <\/div>\r\n                <\/div>[\/vc_column][\/vc_row][vc_row][vc_column]\r\n                <div class=\"text-modules reverse\">\r\n                    <div class=\"container\">\r\n                         \r\n                        <div class=\"row m-0\">\r\n                            <div class=\"text-modules__content\">\r\n                                <span style=\"font-size: 12pt;\"><strong>Anna Swoboda:<\/strong> <strong><em>La prose de Ken Bugul: entre le r\u00e9el et le surnaturel<\/em>. Wydawnictwo Uniwersytetu \u015al\u0105skiego. Katowice 2021. ISBN: 978-83-226-3928-3, ss. 376.<\/strong><\/span><\/p>\n<p><span style=\"font-size: 12pt;\">Uprzejmie informujemy o publikacji monografii pt. &#8222;La prose de Ken Bugul: entre le r\u00e9el et le surnaturel&#8221; autorstwa dr Anny Swobody, adiunkta w Instytucie Literaturoznawstwa Wydzia\u0142u Humanistycznego.<\/span><\/p>\n<p><span style=\"font-size: 12pt;\"> Celem monografii jest analiza element\u00f3w nadprzyrodzonych i realnych, kt\u00f3re przenikaj\u0105 si\u0119 wzajemnie w powies\u0301ciach Ken Bugul. Wsp\u00f3\u0142istnienie wymiaru nadnaturalnego i rzeczywistego jest kluczem do zrozumienia tw\u00f3rczos\u0301ci tej wielowymiarowej senegalskiej pisarki, oscyluj\u0105cej mi\u0119dzy kultur\u0105 afryka\u0144sk\u0105 a zachodni\u0105. Publikacja ukazuje hybrydyczno\u015b\u0107 i r\u00f3\u017cnorodno\u015b\u0107 element\u00f3w nadprzyrodzonych \u2013 fantastycznych, bas\u0301niowych i niezwyk\u0142ych \u2013 jak r\u00f3wnie\u017c brak zakorzenienia g\u0142\u00f3wnej bohaterki, jej fragmentaryczno\u015b\u0107 i wielorak\u0105 to\u017csamo\u015b\u0107. Zaproponowana metoda badawcza \u0142\u0105czy zachodnie i afryka\u0144skie badania nad nadnaturalno\u015bci\u0105 w literaturze z teoriami postkolonialnymi, feministycznymi oraz socjologicznymi.<\/span><\/p>\n<p><span style=\"font-size: 12pt;\">Monografia ukaza\u0142a si\u0119 w serii Phantasticus (red. dr hab. Katarzyna Gadomska Prof. U\u015a), z kt\u00f3r\u0105\u00a0wsp\u00f3\u0142pracuj\u0105 znani teoretycy literatury fantastycznej z Francji (Isabelle-Rachel Casta, Christian Chelebourg, Nathalie Prince, Denis Mellier, Arnaud Huftier, Denis Moreau), Hiszpanii (David Roas), Kanady (Michel Lord), USA (Philippe Charles Met), Mauritiusa (Sonia Dosoruth) oraz Nowej Zelandii (France Grenaudier-Klijn).\u00a0<\/span><\/p>\n<p><span style=\"font-size: 12pt;\">Publikacja jest dost\u0119pna w Wydawnictwie U\u015a: <a href=\"https:\/\/wydawnictwo.us.edu.pl\/node\/23353\" target=\"_blank\" rel=\"noopener noreferrer\">https:\/\/wydawnictwo.us.edu.pl\/node\/23353<\/a><\/span><\/p>\n<div class=\"mt-3\"><\/div>\r\n                            <\/div>\r\n                            \r\n                            <div class=\"text-modules__img\"><img src=\"https:\/\/us.edu.pl\/instytut\/il\/wp-content\/uploads\/sites\/27\/Nieprzypisane\/la_prose_okl_d-215x300.jpg\" alt=\"img\"><\/div>\r\n                        <\/div>\r\n                    <\/div>\r\n                <\/div>[\/vc_column][\/vc_row][vc_row][vc_column]\r\n                <div class=\"text-modules reverse\">\r\n                    <div class=\"container\">\r\n                         \r\n                        <div class=\"row m-0\">\r\n                            <div class=\"text-modules__content\">\r\n                                <span style=\"font-size: 12pt;\"><strong>Pawe\u0142 Kami\u0144ski: <em>La<\/em><\/strong><strong><em> figure du Juif errant dans la prose fran\u00e7aise du XX<sup>e<\/sup> si\u00e8cle<\/em><\/strong><strong>. Wydawnictwo Uniwersytetu \u015al\u0105skiego, Katowice 2021. ISBN: 978-83-226-3908-5, ss. 364.<\/strong><\/span><\/p>\n<p><span style=\"font-size: 12pt;\">\u201eLa figure du Juif errant dans la prose fran\u00e7aise du XX<sup>e<\/sup> si\u00e8cle\u201d to interesuj\u0105ca propozycja wydawnicza po\u015bwi\u0119cona wieloaspektowej analizie postaci \u017byda wiecznego tu\u0142acza. Mimo i\u017c prymarn\u0105 funkcj\u0105 mitu by\u0142o wyeksponowanie losu jerozolimskiego szewca pragn\u0105cego odpuszczenia grzechu na drodze konwersji oraz niestrudzonego \u015bwiadczenia o M\u0119ce Pa\u0144skiej i autentyczno\u015bci chrze\u015bcija\u0144skiej wiary, pojawiaj\u0105ce si\u0119 na przestrzeni wiek\u00f3w utwory literackie nierzadko przedstawia\u0142y go w zgo\u0142a odmiennym \u015bwietle. Zasadniczy trzon monografii stanowi zatem analiza XX-wiecznej prozy francuskiej celem okre\u015blenia, czy i w jakim stopniu wsp\u00f3\u0142czesny \u017byd wieczny tu\u0142acz r\u00f3\u017cni si\u0119 od swojego legendarnego pierwowzoru zar\u00f3wno na poziomie strukturalnym, jak i ideologicznym.<\/span><\/p>\n<p><span style=\"font-size: 12pt;\">Wi\u0119cej o ksi\u0105\u017cce na stronie Wydawnictwa U\u015a: <a href=\"https:\/\/l.facebook.com\/l.php?u=https%3A%2F%2Fwydawnictwo.us.edu.pl%2Fnode%2F23633%3Ffbclid%3DIwAR3MK-f1ju1AEHHzezk39St_B9feLRtjSuI73q8s4DMlFwbs35Da4XB0oks&amp;h=AT14GgtiLzMheIVRBWj42Qiixa6IejH2n1RzJeybjJAis5QvMPoPjI49tYabg8lbWuY6bSOHKilGktyri7FfBXLDDzjAKRhFiYztFYbq-r5Rw8jF4028dMNIKITRxkdu3vA&amp;__tn__=-UK-R&amp;c%5b0%5d=AT3LDG0bXxZaeVDb5usB5B2nszlRwWLapKPjHoC-nxzV6vvmlJkhG-TW2ZM1aQUTsvAknqaNqS5LkdaH8tT6KqJS5NWBuSJsH5pZ1qOofTHja1C8UdEfsKRAZA2ksKqNt3GuZ0XsKJgcneL4C5TZNuXngtV7L393KEavbah1rlprTw\">https:\/\/wydawnictwo.us.edu.pl\/node\/23633<\/a><\/span><\/p>\n<p><span style=\"font-size: 12pt;\">Przyci\u0105gaj\u0105c\u0105 wzrok ok\u0142adk\u0119 zaprojektowa\u0142 dr hab. Tomasz Kipka, prof. U\u015a (<a href=\"https:\/\/www.facebook.com\/WSNEwCieszynie\/?__cft__%5b0%5d=AZXe5Y1JN-HMc9gUSCvxVyq_IjfOF_pO30m0UcD8B45IvjjERnZ48DPtevhihJZ84EqXqHkOz3NWcGHLyrMdAK_x93OLA8Yuf5A00iBxfpUSWgcvigk-U8RULBIh6Iq_o7STGDKbkQ4DX01ItOLH57YB&amp;__tn__=kK-R\">Wydzia\u0142 Sztuki i Nauk o Edukacji U\u015a Cieszyn<\/a>), laureat wielu nagr\u00f3d i wyr\u00f3\u017cnie\u0144 zwi\u0105zanych z dzia\u0142alno\u015bci\u0105 graficzn\u0105, pe\u0142nomocnik Rektora ds. identyfikacji wizualnej.<\/span><\/p>\n<div class=\"mt-3\"><\/div>\r\n                            <\/div>\r\n                            \r\n                            <div class=\"text-modules__img\"><img src=\"https:\/\/us.edu.pl\/instytut\/il\/wp-content\/uploads\/sites\/27\/Nieprzypisane\/Pawe\u0142-Kami\u0144ski-monografia-ok\u0142adka-210x300.jpg\" alt=\"img\"><\/div>\r\n                        <\/div>\r\n                    <\/div>\r\n                <\/div>[\/vc_column][\/vc_row][vc_row][vc_column]\r\n                <div class=\"text-modules reverse\">\r\n                    <div class=\"container\">\r\n                         \r\n                        <div class=\"row m-0\">\r\n                            <div class=\"text-modules__content\">\r\n                                <span style=\"font-size: 12pt;\"><strong>Witold Wirpsza: <em>Pomara\u0144cze na drutach. <\/em>Oprac. i przedm. Dariusz Pawelec. Instytut Miko\u0142owski. Miko\u0142\u00f3w 2021. ISBN 978-83-65250-90-2, ss. 172.<\/strong> <\/span><\/p>\n<p><span style=\"font-size: 12pt;\">Powie\u015b\u0107 pt. <em>Pomara\u0144cze na drutach <\/em>opublikowana w roku 1964 by\u0142a powrotem Wirpszy na scen\u0119 prozatorsk\u0105 po prze\u0142omie usuwaj\u0105cym w cie\u0144 socrealizm. Rafa\u0142 Marsza\u0142ek uznawa\u0142 wtedy, \u017ce to \u201cchyba najdziwniejsza proza, jaka ukaza\u0142a si\u0119 u nas ostatnio\u201d, Edward Balcerzan nazwa\u0142 z kolei <em>Pomara\u0144cze na drutach <\/em>\u201cwydarzeniem literackim klasy europejskiej\u201d. Powie\u015b\u0107 ta przetwarza do postaci fikcji do\u015bwiadczenia jej autora zwi\u0105zane z pobytem w niemieckim obozie jenieckim dla oficer\u00f3w uwi\u0119zionych po kampanii wrze\u015bniowej 1939 r. w oflagu Gross Born. Akcja zawi\u0105zuje si\u0119 wok\u00f3\u0142 pr\u00f3by ucieczki grupy osadzonych, przygotowuj\u0105cych w ekstremalnie trudnych warunkach podkop, maj\u0105cy umo\u017cliwi\u0107 wydostanie si\u0119 poza obozowe druty kolczaste i zasieki. Edycja zawiera opr\u00f3cz tekstu powie\u015bci znanego z wydania w roku 1964 tak\u017ce nieznane dot\u0105d fragmenty jej pierwszej wersji zapisane w roku 1946. \u201eDzi\u0119ki szcz\u0119\u015bliwemu znalezisku Dariusza Pawelca \u2013 pisa\u0142 w opinii wydawniczej Tomasz Mizerkiewicz &#8211; mamy dost\u0119p do pierwotnej wersji powie\u015bci <em>Pomara\u0144cze na drutach<\/em> na temat \u017cycia polskich je\u0144c\u00f3w wojennych w niemieckim oflagu w czasie II wojny \u015bwiatowej (\u2026) Wydanie znanego powszechnie tekstu powie\u015bci Wirpszy wraz z jej brulionowymi pre-wersjami spe\u0142ni obowi\u0105zuj\u0105cy standard wyda\u0144 krytycznych wynikaj\u0105cy z ustale\u0144 najnowszej dziedziny wiedzy, jak\u0105 jest genetyka tekst\u00f3w\u201d. Dariusz Pawelec, zauwa\u017ca w swojej opinii Adam Dziadek \u201eproponuje jej wznowienie wzbogacone o analiz\u0119 dwu wersji, analiz\u0119, kt\u00f3ra opiera si\u0119 na regu\u0142ach krytyki genetycznej i kt\u00f3ra ods\u0142ania arcyciekawe kulisy powstawania tekstu powie\u015bci (\u2026) Wszystkie elementy sk\u0142adaj\u0105ce si\u0119 na ten przed-tekst zosta\u0142y zebrane, uporz\u0105dkowane i poddane syntetycznej analizie systemowej. W ten spos\u00f3b czytelnik ma mo\u017cliwo\u015b\u0107 pe\u0142nego ogl\u0105du genezy dzie\u0142a, wgl\u0105d we wszelkie tajniki pisarskiego warsztatu\u201d.<\/span><\/p>\n<div class=\"mt-3\"><\/div>\r\n                            <\/div>\r\n                            \r\n                            <div class=\"text-modules__img\"><img src=\"https:\/\/us.edu.pl\/instytut\/il\/wp-content\/uploads\/sites\/27\/Nieprzypisane\/Pomarancze_okladka-212x300.jpg\" alt=\"img\"><\/div>\r\n                        <\/div>\r\n                    <\/div>\r\n                <\/div>[\/vc_column][\/vc_row][vc_row][vc_column]\r\n                <div class=\"text-modules reverse\">\r\n                    <div class=\"container\">\r\n                         \r\n                        <div class=\"row m-0\">\r\n                            <div class=\"text-modules__content\">\r\n                                <strong><span style=\"font-size: 12pt;\">Marta Tomczok: <em>Irit Amiel. \u017bycie<\/em>. Wydawnictwo Uniwersytetu \u0141\u00f3dzkiego. \u0141\u00f3d\u017a 2021. ISBN: 978-83-8220-485-8, ss. 248.<\/span><\/strong><\/p>\n<p><span style=\"font-size: 12pt;\">Chocia\u017c g\u0142\u00f3wnym tematem tej ksi\u0105\u017cki jest \u017cycie Irit Amiel w znaczeniu opowie\u015bci, a wi\u0119c splatania si\u0119 okoliczno\u015bci czysto biologicznych z charakterystycznym dla \u017cycia zapisywaniem informacji, to jednak warto uczyni\u0107 zastrze\u017cenie, \u017ce najwa\u017cniejszym aspektem tego \u017cycia jest ludzkie wn\u0119trze. Dopiero ono, jak poucza Abraham Joshua Heschel, r\u00f3\u017cnicuje ludzi. To, co wynios\u0142am na powierzchni\u0119, mia\u0142o pokaza\u0107, \u017ce w odr\u00f3\u017cnieniu od czystego bios, opartego na \u017c\u0105dzy i pragnieniach, ludzka egzystencja ma sens, a najbardziej odpowiedni\u0105 form\u0105 do tego, by \u00f3w sens pokaza\u0107, jest literatura.<\/span><\/p>\n<p><span style=\"font-size: 12pt;\">Publikacja powsta\u0142a z rozm\u00f3w, przyja\u017ani i pracy nad tekstami. Literatura Irit Amiel okaza\u0142a si\u0119 pod ich wp\u0142ywem najpierw kafkowsk\u0105 zagadk\u0105, a p\u00f3\u017aniej g\u0119stym splotem opowie\u015bci i \u017cycia. Nie pr\u00f3bowa\u0142am go rozlu\u017ani\u0107, ale obejrze\u0107 z bliska. \u017bycie nie mo\u017ce oby\u0107 si\u0119 bez literatury, a literatura \u2013 bez \u017cycia. To jedna z m\u0105dro\u015bci, jakie zostawi\u0142a nam autorka <em>Osmalonych<\/em> nie po to, by\u015bmy j\u0105 ze smutkiem rozpami\u0119tywali, ale by\u015bmy czerpali z niej si\u0142\u0119 (Marta Tomczok).<\/span> \r\n                                <div class=\"mt-3\"><\/div>\r\n                            <\/div>\r\n                            \r\n                            <div class=\"text-modules__img\"><img src=\"https:\/\/us.edu.pl\/instytut\/il\/wp-content\/uploads\/sites\/27\/Nieprzypisane\/Tomczok_Amiel_Zycie-186x300.jpg\" alt=\"img\"><\/div>\r\n                        <\/div>\r\n                    <\/div>\r\n                <\/div>[\/vc_column][\/vc_row][vc_row][vc_column]\r\n                <div class=\"text-modules reverse\">\r\n                    <div class=\"container\">\r\n                         \r\n                        <div class=\"row m-0\">\r\n                            <div class=\"text-modules__content\">\r\n                                <strong><span style=\"font-size: 12pt;\"><em>\u015awiaty poetyckie Stanis\u0142awa Horaka<\/em>. Red. Ewa Bartos, Marian Kisiel. Wydawnictwo Naukowe \u015al\u0105sk. Katowice 2021. ISBN 978-83-8183-071-3, ss. 217.<\/span><\/strong><\/p>\n<p><span style=\"font-size: 12pt;\">Do ksi\u0105\u017cki o Stanis\u0142awie Horaku (poecie) zabierali\u015bmy si\u0119 z przekonaniem, \u017ce niezale\u017cnie od pokr\u0119conych los\u00f3w biografii, istnieje jeszcze prosta droga poezji. Bez w\u0105tpienia autor<em> Czerwonej latarni<\/em> nale\u017cy do najwyrazistszych postaci \u015bl\u0105skiego \u015brodowiska literackiego po II wojnie \u015bwiatowej. Pozostawi\u0142 wiele utwor\u00f3w, kt\u00f3re zaskakuj\u0105 swoj\u0105 g\u0142\u0119bi\u0105, celno\u015bci\u0105 metafory, bogactwem odwo\u0142a\u0144 i \u2013 co mo\u017ce najwa\u017cniejsze \u2013 przenikliwo\u015bci\u0105 s\u0105du. S\u0105du poetyckiego, oczywi\u015bcie, kt\u00f3ry \u2013 jak dowi\u00f3d\u0142 Julian Przybo\u015b \u2013 wcale nie mie\u015bci si\u0119 w ramach og\u00f3lnie przyj\u0119tych przekona\u0144 [op. red.].<\/span><\/p>\n<div class=\"mt-3\"><\/div>\r\n                            <\/div>\r\n                            \r\n                            <div class=\"text-modules__img\"><img src=\"https:\/\/us.edu.pl\/instytut\/il\/wp-content\/uploads\/sites\/27\/Nieprzypisane\/kisiel_horak-max-219x300.jpg\" alt=\"img\"><\/div>\r\n                        <\/div>\r\n                    <\/div>\r\n                <\/div>[\/vc_column][\/vc_row][vc_row][vc_column]\r\n                <div class=\"text-modules reverse\">\r\n                    <div class=\"container\">\r\n                         \r\n                        <div class=\"row m-0\">\r\n                            <div class=\"text-modules__content\">\r\n                                <strong><span style=\"font-size: 12pt;\">Joanna Kisiel: <em>Inne ba\u015bnie. Andersen \u2013 Iwaszkiewicz \u2013 Uni\u0142owski<\/em>. Wydawnictwo Uniwersytetu \u015al\u0105skiego. Katowice 2021. ISBN: 978-83-226-4062-3, ss. 148.\u00a0<\/span><\/strong><\/p>\n<p><span style=\"font-size: 12pt;\">Monografia\u00a0<em>Inne ba\u015bnie. Andersen \u2013 Iwaszkiewicz \u2013 Uni\u0142owski\u00a0<\/em>jest zaproszeniem do wsp\u00f3lnej lektury ba\u015bni Hansa Christiana Andersena<em>\u00a0Kr\u00f3lowa \u015aniegu<\/em>, opowiadania Jaros\u0142awa Iwaszkiewicza<em>\u00a0Panny z Wilka\u00a0<\/em>i powie\u015bci Zbigniewa Uni\u0142owskiego\u00a0<em>Wsp\u00f3lny pok\u00f3j<\/em>. Przedstawione w ksi\u0105\u017cce interpretacje sk\u0142adaj\u0105 si\u0119 w sp\u00f3jn\u0105 opowie\u015b\u0107 o m\u0119skiej obco\u015bci w \u015bwiecie kobiet. Dotycz\u0105 ona m\u0119sko\u015bci biernej i wycofanej, niepewnej i l\u0119kowej, do\u015bwiadczaj\u0105cej obco\u015bci kobiecego \u015bwiata, zar\u00f3wno w stanie fascynacji, jak i odrzucenia, w afektach po\u017c\u0105dania, niech\u0119ci i wstr\u0119tu. W analizowanych utworach kobiety s\u0105 pe\u0142ne, a nawet nadmiarowe, natomiast m\u0119\u017cczy\u017ani do\u015bwiadczaj\u0105 zwielokrotnionego braku, kobiety zakorzeniaj\u0105 si\u0119 w istnieniu, a m\u0119\u017cczy\u017ani dotykaj\u0105 zaledwie jego powierzchni [op. wyd.].\u00a0<\/span> \r\n                                <div class=\"mt-3\"><\/div>\r\n                            <\/div>\r\n                            \r\n                            <div class=\"text-modules__img\"><img src=\"https:\/\/us.edu.pl\/instytut\/il\/wp-content\/uploads\/sites\/27\/2021\/12\/inne-ba\u015bnie-joanna-kisiel-192x300.jpg\" alt=\"img\"><\/div>\r\n                        <\/div>\r\n                    <\/div>\r\n                <\/div>[\/vc_column][\/vc_row][vc_row][vc_column]\r\n                <div class=\"text-modules reverse\">\r\n                    <div class=\"container\">\r\n                         \r\n                        <div class=\"row m-0\">\r\n                            <div class=\"text-modules__content\">\r\n                                <strong><span style=\"font-size: 12pt;\">Maciej Tramer: <em>\u201eWszystko zmienne\u201d. Pi\u0119\u0107 szkic\u00f3w o W\u0142adys\u0142awie Broniewskim<\/em>. Wydawnictwo Uniwersytetu \u015al\u0105skiego. Katowice 2021. ISBN: 978-83-226-4002-9, ss. 108.\u00a0<\/span><\/strong><\/p>\n<p><span style=\"font-size: 12pt;\">Ksi\u0105\u017cka sk\u0142ada si\u0119 z pi\u0119ciu esej\u00f3w dotycz\u0105cych W. Broniewskiego. Pierwszy:\u00a0<em>Jednorazowa historia\u2026<\/em>\u00a0dotyczy historiozofii poety (\u015bwiadomo\u015bci niekonsekwencji proces\u00f3w historycznych). Drugi:\u00a0<em>Pami\u0119tnik \u2013 wst\u0119p do lektury<\/em>\u00a0prezentuje powstawanie dokumentu towarzysz\u0105cego Broniewskiemu podczas s\u0142u\u017cby wojskowej. Trzeci:\u00a0<em>Po\u017cegnanie z Jerozolim\u0105<\/em>\u00a0przedstawia okoliczno\u015bci powstania kanonicznego wiersza Broniewskiego \u2013\u00a0<em>Ballady i romanse<\/em>, a zarazem jest gramatologiczn\u0105 interpretacj\u0105 r\u0119kopisu. Czwarty:\u00a0<em>Literatura zawadzaj\u0105ca poezji<\/em>\u00a0dotyczy publicystyki Broniewskiego. Ostatni esej:\u00a0<em>Doczeka\u0107 si\u0119 bezimienno\u015bci. Broniewski ch\u00f3rem i na g\u0142osy<\/em> jest pr\u00f3b\u0105 analizy fenomenu popularno\u015bci i \u201ewsp\u00f3lnotowego\u201d traktowania poezji [op. wyd.].\u00a0<\/span> \r\n                                <div class=\"mt-3\"><\/div>\r\n                            <\/div>\r\n                            \r\n                            <div class=\"text-modules__img\"><img src=\"https:\/\/us.edu.pl\/instytut\/il\/wp-content\/uploads\/sites\/27\/Nieprzypisane\/wszystko-zmienne-maciej-tramer-210x300.jpg\" alt=\"img\"><\/div>\r\n                        <\/div>\r\n                    <\/div>\r\n                <\/div>[\/vc_column][\/vc_row][vc_row][vc_column]\r\n                <div class=\"text-modules reverse\">\r\n                    <div class=\"container\">\r\n                         \r\n                        <div class=\"row m-0\">\r\n                            <div class=\"text-modules__content\">\r\n                                <strong><span style=\"font-size: 12pt;\"><em>Periferno u hrvatskoj knji\u017eevnosti i kulturi \/ Peryferie w chorwackiej literaturze i kulturze.<\/em> Red. Kre\u0161imir Bagi\u0107, Miranda Levanat-Peri\u010di\u0107, Leszek Ma\u0142czak. Wydawnictwo Uniwersytetu \u015al\u0105skiego. Katowice 2021. ISBN: 978-83-226-4023-4, ss. 552.<\/span><\/strong><\/p>\n<p><span style=\"font-size: 12pt;\">Monografia wieloautorska pt. <em>Peryferie w literaturze i kulturze chorwackiej<\/em> stanowi rezultat mi\u0119dzynarodowej kroatystycznej konferencji naukowej, kt\u00f3ra odby\u0142a si\u0119 w dniach 7-9 maja 2019 roku i kt\u00f3r\u0105 \u015bl\u0105scy kroaty\u015bci zorganizowali z okazji 25-lecia utworzenia filologii chorwackiej na Uniwersytecie \u015al\u0105skim w Katowicach. Prelegenci wyg\u0142osili 80 referat\u00f3w, a w ca\u0142ej konferencji wzi\u0119\u0142o udzia\u0142 oko\u0142o 100 os\u00f3b. Niniejsza publikacja jest jednym z dw\u00f3ch tom\u00f3w publikacji pokonferencyjnej, na kt\u00f3ry z\u0142o\u017cy\u0142y si\u0119 teksty z zakresu literaturoznawstwa i kulturoznawstwa. Zosta\u0142y one podzielone na trzy cz\u0119\u015bci problemowe zatytu\u0142owane: <em>Peryferie \u2013 teoria, poetyka, polityka<\/em>, <em>Czytanie peryferii<\/em> oraz <em>Na peryferii kanonu<\/em>. Spektrum temat\u00f3w jest bardzo szerokie: od literatury starochorwackiej (m.in. literatura kajkawska) przez literatur\u0119 ludow\u0105 (m.in. kwestia miejsca, jakie zajmuje literatura ludowa w historiach literatury chorwackiej czy fenomen graniczarskiej mentalno\u015bci Dalmacji) po \u201enowsz\u0105\u201c literatur\u0119, zar\u00f3wno proz\u0119, jak i poezj\u0119, eseistyk\u0119 i publicystyk\u0119. Monografia zawiera r\u00f3wnie\u017c kilka artyku\u0142\u00f3w traktuj\u0105cych o kwestiach og\u00f3lnych, przyk\u0142adowo o kondycji humanistyki w \u015bwiecie ponowoczesnym, regionalizmie czy o stosunku Chorwat\u00f3w do Jugos\u0142awii. S\u0105 te\u017c artyku\u0142y o serialach telewizyjnych, komiksie czy statusie literatury mniejszo\u015bci narodowych. <\/span><\/p>\n<p><span style=\"font-size: 12pt;\">Redakcja i wydanie tom\u00f3w pokonferencyjnych zosta\u0142y zrealizowane w formie wsp\u00f3\u0142pracy z kilkoma chorwackimi o\u015brodkami uniwersyteckimi. W przypadku tomu literaturoznawczo-kulturoznawczego s\u0105 to: kroatystyka Uniwersytetu w Zagrzebiu oraz kroatystyka Uniwersytetu w Zadarze.<\/span><\/p>\n<p><span style=\"font-size: 12pt;\">Publikacja znajduje si\u0119 w otwartym dost\u0119pie na stronie <a href=\"https:\/\/wydawnictwo.us.edu.pl\/node\/23263\">Wydawnictwa Uniwersytetu \u015al\u0105skiego w Katowicach<\/a><\/span> \r\n                                <div class=\"mt-3\"><\/div>\r\n                            <\/div>\r\n                            \r\n                            <div class=\"text-modules__img\"><img src=\"https:\/\/us.edu.pl\/instytut\/il\/wp-content\/uploads\/sites\/27\/Nieprzypisane\/peryferie-210x300.jpg\" alt=\"img\"><\/div>\r\n                        <\/div>\r\n                    <\/div>\r\n                <\/div>[\/vc_column][\/vc_row][vc_row][vc_column]\r\n                <div class=\"text-modules reverse\">\r\n                    <div class=\"container\">\r\n                         \r\n                        <div class=\"row m-0\">\r\n                            <div class=\"text-modules__content\">\r\n                                <span style=\"font-size: 12pt;\"><strong>Leszek Zwierzy\u0144ski: <em>W g\u0142\u0105b i w dal Ja. O poezji Mickiewicza i S\u0142owackiego.<\/em> Wydawnictwo Uniwersytetu \u015al\u0105skiego. Katowice 2021. ISBN: 978-83-226-4029-6, ss. 408.<\/strong><\/span><\/p>\n<p><span style=\"font-size: 12pt;\">Ksi\u0105\u017cka <em>W g\u0142\u0105b i w dal Ja. O poezji Mickiewicza i S\u0142owackiego<\/em> jest pr\u00f3b\u0105 nakre\u015blenia zarysu wyobra\u017ani polskiego romantyzmu. Opisanie tej\u017ce wyobra\u017ani dokonane zosta\u0142o na dw\u00f3ch poziomach. Na pierwszym istotne tematy romantycznej poezji (skupione wok\u00f3\u0142 dw\u00f3ch centr\u00f3w \u2013 Bytu i podmiotowo\u015bci) analizowane s\u0105 w perspektywie wyobra\u017ani poetyckiej, kt\u00f3rej zmodyfikowane i rozwini\u0119te instrumentarium umo\u017cliwi\u0142o zbadanie r\u00f3\u017cnorodnej i z\u0142o\u017conej problematyki. Na drugim poziomie owo badanie romantycznych temat\u00f3w pozwoli\u0142o wydoby\u0107 i opisa\u0107 istotne i indywidualne rysy samej romantycznej wyobra\u017ani. W cz\u0119\u015bci pierwszej ksi\u0105\u017cki (<em>Ja w przestrzeniach Bytu<\/em>) zbadane i opisane zosta\u0142y stabilne (metafizyczne) i dynamiczne modele bytowo\u015bci poezji S\u0142owackiego i Mickiewicza. Ta fenomenologia romantycznego Bytu dope\u0142niona zosta\u0142a interpretacj\u0105 z\u0142a \u2013 jako drugiej, ciemnej strony Bytu \u2013 w poezji Mickiewicza. Cz\u0119\u015b\u0107 druga (<em>Przestrzenie Ja<\/em>) zawiera rozpoznanie i opisanie niestandardowych modeli podmiotowo\u015bci romantycznej, wykraczaj\u0105cej poza dotychczasowe uj\u0119cia. W centrum znalaz\u0142a si\u0119 interpretacja p\u00f3\u017anej poezji Mickiewicza i S\u0142owackiego. Ca\u0142o\u015b\u0107 dope\u0142niona zosta\u0142a analizami \u015bwiata wewn\u0119trznego i kszta\u0142t\u00f3w romantycznej poezji mistycznej [op.wyd].<\/span> \r\n                                <div class=\"mt-3\"><\/div>\r\n                            <\/div>\r\n                            \r\n                            <div class=\"text-modules__img\"><img src=\"https:\/\/us.edu.pl\/instytut\/il\/wp-content\/uploads\/sites\/27\/Nieprzypisane\/w-g\u0142ab-i-w-dal-ja-210x300.jpg\" alt=\"img\"><\/div>\r\n                        <\/div>\r\n                    <\/div>\r\n                <\/div>[\/vc_column][\/vc_row][vc_row][vc_column]\r\n                <div class=\"text-modules reverse\">\r\n                    <div class=\"container\">\r\n                         \r\n                        <div class=\"row m-0\">\r\n                            <div class=\"text-modules__content\">\r\n                                <strong><span style=\"font-size: 12pt;\">Krystyna K\u0142osi\u0144ska: <em>Neuroza. Zagro\u017cone m\u0119sko\u015bci<\/em>. Wydawnictwo Uniwersytetu \u015al\u0105skiego. Katowice 2021. ISBN: 978-83-226-4082-1, ss. 174.<\/span><\/strong><\/p>\n<p><span style=\"font-size: 12pt;\">Ksi\u0105\u017cka dotyczy figur m\u0119sko\u015bci wyprodukowanych przez rozliczne dyskursy ko\u0144ca XIX w.: medyczne, ekonomiczne, historyczne, higienistyczne. Interpretacje w niej zawarte odnosz\u0105 si\u0119 do tekst\u00f3w literackich, jak i paraliterackich. Figura neurastenika alegoryzuje m\u0119sko\u015bci zagro\u017cone przez nadmiern\u0105 prac\u0119, rozproszon\u0105 podmiotowo\u015b\u0107, perwersyjn\u0105 seksualno\u015b\u0107. Polski idiom neurozy ma swoj\u0105 szczeg\u00f3ln\u0105 manifestacj\u0119 w <em>Bez dogmatu<\/em>: Sienkiewicz, wbrew teoretykom nerwoz, w taki spos\u00f3b zaprojektowa\u0142 bohatera, aby jego cia\u0142o by\u0142o dziedzictwem cia\u0142a pe\u0142nych krzepy przodk\u00f3w, znanych z <em>Trylogii<\/em>. W drobnomieszcza\u0144skim \u015bwiecie Dulskiej i Dulskiego gender ma determinanty klasowe, ekonomiczne, spo\u0142eczno-kulturowe.<\/span><\/p>\n<div class=\"mt-3\"><\/div>\r\n                            <\/div>\r\n                            \r\n                            <div class=\"text-modules__img\"><img src=\"https:\/\/us.edu.pl\/instytut\/il\/wp-content\/uploads\/sites\/27\/Nieprzypisane\/neuroza-300x300.jpg\" alt=\"img\"><\/div>\r\n                        <\/div>\r\n                    <\/div>\r\n                <\/div>[\/vc_column][\/vc_row][vc_row][vc_column]\r\n                <div class=\"text-modules reverse\">\r\n                    <div class=\"container\">\r\n                         \r\n                        <div class=\"row m-0\">\r\n                            <div class=\"text-modules__content\">\r\n                                <strong><span style=\"font-size: 12pt;\">Krzysztof K\u0142osi\u0144ski: <em>Poza zasad\u0105 komunikacji.<\/em> Wydawnictwo Uniwersytetu \u015al\u0105skiego. Katowice 2021. ISBN: 978-83-226-4113-2, ss. 258.<\/span><\/strong><\/p>\n<p><span style=\"font-size: 12pt;\">Ksi\u0105\u017cka dotyczy sytuacji literaturoznawstwa po prze\u0142omie poststrukturalistycznym. Epoka \u201enauki o literaturze\u201d, wyrastaj\u0105cej z jednej teorii, jest w omawianych nurtach bada\u0144 rozdzia\u0142em zamkni\u0119tym. Teoria traktowa\u0142a literatur\u0119 jako agregat mno\u017c\u0105cy wydajno\u015b\u0107 informacyjn\u0105 komunikatu, teraz pojawia si\u0119 wizja odwrotna: literatury jako resetu, zawieszenia naszej w\u0142adzy poznawczej, lub marnotrawstwa (potlacz). \u201eTeoria\u201d jest \u201eksywk\u0105\u201d dla tekst\u00f3w rzucaj\u0105cych wyzwanie granicom dyscyplin. Przystosowanie do nowej sytuacji oznacza zwrot w stron\u0119 kulturoznawstwa lub \u201eus\u0142ugodawstwa\u201d, czemu przeciwstawiaj\u0105 si\u0119 obro\u0144cy humanistyki i literaturoznawstwa, widz\u0105c ich rol\u0119 w fundowaniu uniwersytetu i demokracji.<\/span> \r\n                                <div class=\"mt-3\"><\/div>\r\n                            <\/div>\r\n                            \r\n                            <div class=\"text-modules__img\"><img src=\"https:\/\/us.edu.pl\/instytut\/il\/wp-content\/uploads\/sites\/27\/Nieprzypisane\/poza-zasad\u0105-komunikacji-300x300.jpg\" alt=\"img\"><\/div>\r\n                        <\/div>\r\n                    <\/div>\r\n                <\/div>[\/vc_column][\/vc_row][vc_row][vc_column]\r\n                <div class=\"text-modules reverse\">\r\n                    <div class=\"container\">\r\n                         \r\n                        <div class=\"row m-0\">\r\n                            <div class=\"text-modules__content\">\r\n                                <span style=\"font-size: 12pt;\"><strong>Joanna Dembi\u0144ska-Pawelec: <em>Sens \u017cycia, sens wiersza. Szkice o tw\u00f3rczo\u015bci Stanis\u0142awa Bara\u0144czaka<\/em>. Wydawnictwo Uniwersytetu \u015al\u0105skiego. Katowice 2021. ISBN: <\/strong><strong>978-83-226-4103-3, ss. 222.<\/strong><\/span><\/p>\n<p><span style=\"font-size: 12pt;\">Tw\u00f3rczo\u015b\u0107 Stanis\u0142awa Bara\u0144czaka \u2013 poety, t\u0142umacza, eseisty, krytyka literackiego \u2013 od lat sk\u0142ania do opracowa\u0144, komentarzy i interpretacji. Nowe edycje jego spu\u015bcizny \u2013 korespondencja z Wis\u0142aw\u0105 Szymborsk\u0105, libretta oper Mozarta, przek\u0142ady poezji \u015bw. Jana od Krzy\u017ca \u2013 otwieraj\u0105 mo\u017cliwo\u015bci dalszych bada\u0144. Ksi\u0105\u017cka Sens \u017cycia, sens wiersza. Szkice o tw\u00f3rczo\u015bci Stanis\u0142awa Bara\u0144czaka podejmuje niedopowiedziane jeszcze w\u0105tki poetyckie, przek\u0142adowe, epistolarne i eseistyczne w dorobku pisarza. W interpretacjach Autorki kluczowa pozostaje perspektywa aksjologiczna, ods\u0142aniaj\u0105ca wpisane w teksty Bara\u0144czaka zagadnienie sensu zar\u00f3wno ludzkiej egzystencji, jak i w\u0142asnej tw\u00f3rczo\u015bci literackiej.<\/span><\/p>\n<p><span style=\"font-size: 12pt;\">Patronat: \u201c\u015al\u0105skie Studia Polonistyczne\u201d<\/span> \r\n                                <div class=\"mt-3\"><\/div>\r\n                            <\/div>\r\n                            \r\n                            <div class=\"text-modules__img\"><img src=\"https:\/\/us.edu.pl\/instytut\/il\/wp-content\/uploads\/sites\/27\/Nieprzypisane\/bara\u0144czak-220x300.png\" alt=\"img\"><\/div>\r\n                        <\/div>\r\n                    <\/div>\r\n                <\/div>[\/vc_column][\/vc_row][vc_row][vc_column]\r\n                <div class=\"text-modules reverse\">\r\n                    <div class=\"container\">\r\n                         \r\n                        <div class=\"row m-0\">\r\n                            <div class=\"text-modules__content\">\r\n                                <span style=\"font-size: 12pt;\"><strong>Magdalena Kokoszka: <em>Pochwa\u0142a lekko\u015bci? Le\u015bmian \u2013 Przybo\u015b \u2013 Karpowicz<\/em>. Wydawnictwo Uniwersytetu \u015al\u0105skiego. Katowice 2021. ISBN: 978-83-226-4144-6, ss. 224.<\/strong><\/span><\/p>\n<p><span style=\"font-size: 12pt;\">Ksi\u0105\u017cka zawiera szkice po\u015bwi\u0119cone pisarzom, kt\u00f3rym nieobca jest ambiwalencja lekko\u015bci i ci\u0119\u017caru. Tw\u00f3rcy ci chwytaj\u0105 za pi\u00f3ro, by szuka\u0107 remedium na bezw\u0142ad \u015bwiata. Przede wszystkim za\u015b wymkn\u0105\u0107 si\u0119 inercji, kt\u00f3ra udziela si\u0119 s\u0142owu; uczyni\u0107 je lekkim \u2013 to znaczy: nie pozbawionym wagi, lecz takim, kt\u00f3re pozostaje w swobodnym ruchu. Pr\u00f3by przezwyci\u0119\u017cania tego, co ci\u0105\u017cy i stawia op\u00f3r, podejmowane (z r\u00f3\u017cnym skutkiem) przez bohater\u00f3w tej ksi\u0105\u017cki \u2013 Boles\u0142awa Le\u015bmiana, Juliana Przybosia i Tymoteusza Karpowicza \u2013 s\u0105 wyrazem otwarto\u015bci na to, co wielorakie i zmienne, swoist\u0105 apologi\u0105 wyzwalaj\u0105cego od napi\u0119\u0107 ruchu, kt\u00f3ry pozwala wci\u0105\u017c na nowo podrywa\u0107 si\u0119 do \u017cycia.<\/span> \r\n                                <div class=\"mt-3\"><\/div>\r\n                            <\/div>\r\n                            \r\n                            <div class=\"text-modules__img\"><img src=\"https:\/\/us.edu.pl\/instytut\/il\/wp-content\/uploads\/sites\/27\/Nieprzypisane\/pochwala_lekkosci_3d-220x300.png\" alt=\"img\"><\/div>\r\n                        <\/div>\r\n                    <\/div>\r\n                <\/div>[\/vc_column][\/vc_row][vc_row][vc_column]\r\n                <div class=\"text-modules reverse\">\r\n                    <div class=\"container\">\r\n                         \r\n                        <div class=\"row m-0\">\r\n                            <div class=\"text-modules__content\">\r\n                                <span style=\"font-size: 12pt;\"><strong>Lech Miody\u0144ski: <em>Slawistyka integralna \u2013 naukowy kanon i erozja systemu (kontrapunkty po\u0142udniowo- i zachodnios\u0142owia\u0144skie)<\/em>. Wydawnictwo Uniwersytetu \u015al\u0105skiego. Katowice 2021. ISBN: 978-83-226-4105-7, ss. 290.<\/strong><\/span><\/p>\n<p><span style=\"font-size: 12pt;\">Ksi\u0105\u017cka ukazuje w uj\u0119ciu chronologicznym \u2013 z uwag\u0105 skupion\u0105 g\u0142\u00f3wnie na wieku XIX i pocz\u0105tkach XX \u2013 dominanty ewolucji europejskiego s\u0142owianoznawstwa w kontek\u015bcie proces\u00f3w integracyjnych oraz dezintegracyjnych w ramach kompleksu zr\u00f3\u017cnicowanych nauk slawistycznych, a tak\u017ce ich spo\u0142eczno-politycznego i kulturowego otoczenia. Ilustracj\u0119 problemu stanowi zestawienie obszernej faktografii z historii tej wielopostaciowej specjalno\u015bci dokonywane w wymiarach metodologicznym, spo\u0142eczno-\u015brodowiskowym i etnopolitycznym. Opozycje \u201ecentralizm \u2013 partykularyzmy\u201d czy \u201enorma kolektywna \u2013 norma indywidualna\u201d s\u0142u\u017c\u0105 tu uporz\u0105dkowaniu rozleg\u0142ego materia\u0142u ze wszystkich region\u00f3w Slavii w perspektywie tworzenia i prze\u0142amywania kanonu naukowych odkry\u0107 i wyobra\u017ce\u0144 o samej istocie slawistyki.<\/span> \r\n                                <div class=\"mt-3\"><\/div>\r\n                            <\/div>\r\n                            \r\n                            <div class=\"text-modules__img\"><img src=\"https:\/\/us.edu.pl\/instytut\/il\/wp-content\/uploads\/sites\/27\/Nieprzypisane\/slawistyka_integralna_okl3d_na_szybko-220x300.png\" alt=\"img\"><\/div>\r\n                        <\/div>\r\n                    <\/div>\r\n                <\/div>[\/vc_column][\/vc_row][vc_row][vc_column]\r\n                <div class=\"text-modules reverse\">\r\n                    <div class=\"container\">\r\n                         \r\n                        <div class=\"row m-0\">\r\n                            <div class=\"text-modules__content\">\r\n                                <\/p>\n<p><span style=\"font-size: 12pt;\"><strong><em>Identity Issues in European Literatures<\/em>. Agnieszka Adamowicz-Po\u015bpiech (Hg.), Renata Dampc-Jarosz (Hg.), Joanna Warmuzi\u0144ska-Rog\u00f3\u017c (Hg.). <\/strong><span class=\"product--publisher--name\"><strong>V&amp;R unipress 2022. I<\/strong><span class=\"product-isbn\"><strong>SBN: 978-3-8471-1388-1, ss. 163.<\/strong> <\/span><\/span><\/span><\/p>\n<p><span style=\"font-size: 12pt;\">This trilingual volume sets out to address the forms of otherness and types of the Other through the example of case studies of European literatures and to look at them from an intercultural perspective. The concept of the Other not only varied from epoch to epoch, but it was tied to the development of the respective culture. Reflection on identity and otherness forms the core of the contributions collected in this volume, which focus on texts, authors or myths from French, German, English, Polish, Russian and Swedish literature from the 16th century until today. The selection of texts is intended to demonstrate the complexity and originality of the theme of otherness versus identity in contemporary literary research and to point to ist topicality. The volume sees itself as the result of comparative studies in which literary researchers discuss selected aspects of identityforming otherness, especially on a narrative level.<\/span><\/p>\n<div class=\"mt-3\"><\/div>\r\n                            <\/div>\r\n                            \r\n                            <div class=\"text-modules__img\"><img src=\"https:\/\/us.edu.pl\/instytut\/il\/wp-content\/uploads\/sites\/27\/Nieprzypisane\/monografia-trzyj\u0119zyczna-200x300.png\" alt=\"img\"><\/div>\r\n                        <\/div>\r\n                    <\/div>\r\n                <\/div>[\/vc_column][\/vc_row][vc_row][vc_column]\r\n                <div class=\"text-modules reverse\">\r\n                    <div class=\"container\">\r\n                         \r\n                        <div class=\"row m-0\">\r\n                            <div class=\"text-modules__content\">\r\n                                <span style=\"font-size: 12pt;\"><strong><em>Cultural Change in East-Central European and Eurasian Spaces. Post-1989 Revisions and Re-imaginings<\/em>. Ed. <\/strong><span class=\"authors__name\"><strong>Susan C. Pearce, Eugenia Sojka. Springer 2021. ISBN: 978-3-030-63197-0, ss. 274.<\/strong><br \/>\n<\/span><\/span><\/p>\n<p><span style=\"font-size: 12pt;\">This book weaves together research on cultural change in Central Europe and Eurasia: notably, Bosnia and Herzegovina, Kazakhstan, Latvia, Poland, Russia, and Ukraine. Examining massive cultural shifts in erstwhile state-communist nations since 1989, the authors analyze how the region is moving in both freeing and restrictive directions. They map out these directions in such arenas as LGBTQ protest cultures, new Russian fiction, Polish memory of Jewish heritage, ethnic nationalisms, revival of minority cultures, and loss of state support for museums. From a comparison of gender constructions in 30 national constitutions to an exploration of a cross-national artistic collaborative, this insightful book illuminates how the region\u2019s denizens are swimming in changing tides of transnational cultures, resulting in new hybridities and innovations. Arguing for a decolonization of the region and for the significance of culture, the book appeals to a wide, interdisciplinary readership interested in cultural change, post-communist societies, and globalization.<\/span> \r\n                                <div class=\"mt-3\"><\/div>\r\n                            <\/div>\r\n                            \r\n                            <div class=\"text-modules__img\"><img src=\"https:\/\/us.edu.pl\/instytut\/il\/wp-content\/uploads\/sites\/27\/Nieprzypisane\/cultural-change-199x300.jpg\" alt=\"img\"><\/div>\r\n                        <\/div>\r\n                    <\/div>\r\n                <\/div>[\/vc_column][\/vc_row][vc_row][vc_column]\r\n                <div class=\"text-modules reverse\">\r\n                    <div class=\"container\">\r\n                         \r\n                        <div class=\"row m-0\">\r\n                            <div class=\"text-modules__content\">\r\n                                <span style=\"font-size: 12pt;\"><strong><em>Pisz\u0105cy z ziemi. Teatr indygenny Floyda Favela i inne eseje<\/em>. Red. A. G\u0142owacka, E. Sojka. Wydawnictwo Naukowe &#8222;\u015al\u0105sk&#8221;. Katowice 2021. ISBN: 978-83-8183-118-5, ss. 301.<\/strong> <\/span><\/p>\n<p><span style=\"font-size: 12pt;\">Pomys\u0142 na ksi\u0105\u017ck\u0119, zbieraj\u0105c\u0105 i komentuj\u0105c\u0105 tw\u00f3rczo\u015b\u0107 eseistyczn\u0105 Favela, powsta\u0142 wiele lat temu i stopniowo krystalizowa\u0142 si\u0119 w trakcie naszych kolejnych pobyt\u00f3w w rezerwacie Poundmaker. Seri\u0119 spotka\u0144 z Floydem Favelem zapocz\u0105tkowa\u0142 \u2014 w roku 2012 \u2014 wywiad, kt\u00f3ry przeprowadzi\u0142a z nim Eugenia Sojka, kt\u00f3ra rok p\u00f3\u017aniej mia\u0142a mo\u017cliwo\u015b\u0107 podpatrywania, jak powstaje adaptacja Antygony w jego re\u017cyserii (autork\u0105 tekstu by\u0142a Deanne Kasokeo), spektaklu filmowanego wtedy przez wybitnego operatora Normana Cohna. W latach 2018 i 2019 uczestniczyli\u015bmy w Poundmaker w warsztatach teatralnych, kt\u00f3rych celem by\u0142a adaptacja Wujaszka Wani Antona Czechowa, realizowana zgodnie z wypracowan\u0105 przez Favela autorsk\u0105 ide\u0105 teatru rdzennego, uj\u0119t\u0105 w projekt pod nazw\u0105 Native Performance Culture (NPC; Rdzenna kultura performatywna), a tak\u017ce w organizowanym przez niego festiwalu Poundmaker Indigenous Performance Festival2. Koncepcja rdzennej kultury performatywnej, doskonalona przez Favela od wielu lat, zak\u0142ada wykorzystanie epistemologii, ontologii, tradycji i element\u00f3w kultur rdzennych z teren\u00f3w Ameryki P\u00f3\u0142nocnej (Wyspy \u017b\u00f3\u0142wia) do stworzenia j\u0119zyka teatralnego, kt\u00f3ry r\u00f3\u017cni\u0142by si\u0119 od estetyk i system\u00f3w wypracowanych w kulturze zachodniej [ze Wst\u0119pu].<\/span><\/p>\n<p><span style=\"font-size: 12pt;\">Publikacja dofinansowana przez: Uniwersytet \u015al\u0105ski w Katowicach, Ambasad\u0119 Kanady w Polsce, Miyawata Culture Inc.<\/span> \r\n                                <div class=\"mt-3\"><\/div>\r\n                            <\/div>\r\n                            \r\n                            <div class=\"text-modules__img\"><img src=\"https:\/\/us.edu.pl\/instytut\/il\/wp-content\/uploads\/sites\/27\/Nieprzypisane\/piszacy-z-ziemi-219x300.jpg\" alt=\"img\"><\/div>\r\n                        <\/div>\r\n                    <\/div>\r\n                <\/div>[\/vc_column][\/vc_row][vc_row][vc_column]\r\n                <div class=\"text-modules reverse\">\r\n                    <div class=\"container\">\r\n                         \r\n                        <div class=\"row m-0\">\r\n                            <div class=\"text-modules__content\">\r\n                                <span style=\"font-size: 12pt;\"><strong>Zoriana Czajkowska: <em>Literackie topografie Lwowa. Szkice komparatystyczne<\/em>. Wydawnictwo Uniwersytetu \u015al\u0105skiego. Katowice 2021. ISBN: 978-83-226-4116-3, ss. 270<\/strong><\/span>.<\/p>\n<p><span style=\"font-size: 12pt;\">Monografia \u201cLiterackie topografie Lwowa. Szkice komparatystyczne\u201d jest po\u015bwi\u0119cona literackiemu obrazowi Lwowa, \u0142\u0105czy nowe spojrzenie na pogranicze kultur, gdzie problemy pami\u0119ci kulturowej, historycznej i postpami\u0119ci, w tyglu wspomnie\u0144, odczytywaniu i podtrzymywaniu pami\u0119ci, dezideologizacji i dehierarchizacji my\u015blenia oraz rehabilitacji tego, co by\u0142o przemilczane czy zakazane s\u0105 kluczowe. Analizie zosta\u0142y poddane wybrane polskie, ukrai\u0144skie i rosyjskie teksty literackie powsta\u0142e w XX i XXI wieku. Podj\u0119te rozwa\u017cania stanowi\u0105 pr\u00f3b\u0119 uchwycenia og\u00f3lnych dyskurs\u00f3w o Lwowie i tworzenia jego mitu\/mit\u00f3w oraz przeanalizowania, w jaki spos\u00f3b autorzy polscy, ukrai\u0144scy i rosyjscy odkrywaj\u0105 i postrzegaj\u0105 t\u0119 niezwyk\u0142\u0105 przestrze\u0144. W publikacji przeprowadzono r\u00f3wnie\u017c analiz\u0119, w jaki spos\u00f3b problem \u201eobco\u015bci\u201d i\/lub \u201einno\u015bci\u201d znajduje odzwierciedlenie w tekstach literackich oraz w jaki spos\u00f3b autorzy kreuj\u0105 obraz innych narodowo\u015bci.<\/span> \r\n                                <div class=\"mt-3\"><\/div>\r\n                            <\/div>\r\n                            \r\n                            <div class=\"text-modules__img\"><img src=\"https:\/\/us.edu.pl\/instytut\/il\/wp-content\/uploads\/sites\/27\/Nieprzypisane\/okladka-lwow-220x300.png\" alt=\"img\"><\/div>\r\n                        <\/div>\r\n                    <\/div>\r\n                <\/div>[\/vc_column][\/vc_row][vc_row][vc_column]\r\n                <div class=\"text-modules reverse\">\r\n                    <div class=\"container\">\r\n                         \r\n                        <div class=\"row m-0\">\r\n                            <div class=\"text-modules__content\">\r\n                                <strong><span style=\"font-size: 12pt;\">Katarzyna Gadomska: <em>Le nouveau fantastique de Jean-Pierre Andrevon<\/em>. Brill Rodopi. Leiden, Boston 2021. ISBN: 978-90-04-45027-1, ss. 285.<\/span><\/strong><\/p>\n<p><span style=\"font-size: 12pt;\"><em>Le nouveau fantastique de Jean-Pierre Andrevon<\/em> analyse les facettes \u00e9tranges du fantastique de Jean-Pierre Andrevon, \u00e9crivain contemporain appel\u00e9 le \u00ab King \u00bb ou \u00ab Lovecraft \u00bb fran\u00e7ais. Andrevon propose une nouvelle vision du fantastique ancr\u00e9 profond\u00e9ment dans le quotidien contemporain, en apparence monotone et banal, dans lequel \u00e9voluent aussi bien ses personnages que ses lecteurs. L\u2019auteur r\u00e9v\u00e8le ainsi le revers angoissant du monde, qui devient une source d\u2019horreur puissante car famili\u00e8re au lecteur : catastrophes naturelles (pand\u00e9mies myst\u00e9rieuses, d\u00e9sastres climatiques, fin de l\u2019Anthropoc\u00e8ne) et historiques (guerres, totalitarismes), probl\u00e8mes sociaux et psychologiques (folie, psychoses collectives, solitude). Un signe embl\u00e9matique du fantastique andrevonien est \u00e9galement son dialogue avec le cin\u00e9ma d\u2019horreur.<\/span><\/p>\n<p><span style=\"font-size: 12pt;\"><em>Le nouveau fantastique de Jean-Pierre Andrevon<\/em> analyses the uncanny facets of the fantastic by Jean-Pierre Andrevon, a contemporary writer called \u201cthe French Stephen King\u201d or \u201cthe French H.P. Lovecraft&#8221;. Andrevon presents a new vision of the fantastic, deeply rooted in contemporary everyday life, seemingly monotonous and banal, in which both his characters and his readers evolve. Thus, the author reveals a different, harrowing side of the world familiar to the reader, as it turns into a powerful source of horror: natural catastrophes (mysterious pandemics, climate-related disasters, end of the Anthropocene), historical tragedies (wars, totalitarianism), social and psychological problems (madness, collective psychosis, loneliness). Another hallmark of Andrevonian fantastic is its dialogue with horror cinema.<\/span> \r\n                                <div class=\"mt-3\"><\/div>\r\n                            <\/div>\r\n                            \r\n                            <div class=\"text-modules__img\"><img src=\"https:\/\/us.edu.pl\/instytut\/il\/wp-content\/uploads\/sites\/27\/Bez-kategorii\/le-noveau-fantastique-199x300.jpg\" alt=\"img\"><\/div>\r\n                        <\/div>\r\n                    <\/div>\r\n                <\/div>[\/vc_column][\/vc_row][vc_row][vc_column]\r\n                <div class=\"text-modules reverse\">\r\n                    <div class=\"container\">\r\n                         \r\n                        <div class=\"row m-0\">\r\n                            <div class=\"text-modules__content\">\r\n                                <span style=\"font-size: 12pt;\"><strong>Renata Dampc-Jarosz: <em>Hinter dem gl\u00e4sernen Berg. (Re-)Konstruktion der Heimat im Prosawerk von Ruth Storm<\/em>. Vandenhoeck &amp; Ruprecht Verlage 2021. ISBN: 978-3-8471-1387-4, ss. 339.<\/strong> <\/span><\/p>\n<p><span style=\"font-size: 12pt;\">Die sich in den Globalisierungszeiten vollziehende Re-Definition des Begriffs Heimat regt zu einer Reflexion des Verst\u00e4ndnisses in literarischen Texten an, insbesondere im Werk jener Autoren, die sich stark mit einer Region identifizieren, \u00fcber den Verlust ihrer Heimat trauern sowie sich als Fl\u00fcchtlinge, Vertriebene oder Migranten in eine neue einzuleben versuchen. Auch der aus Schlesien stammenden Schriftstellerin Ruth Storm (1905\u20131993) wurde das Schicksal einer Vertriebenen und Fremden zuteil, das sie schreibend zu bew\u00e4ltigen versuchte. Die narrative Gestaltung der erinnerten und erlebten Heimatbilder spiegelt dabei einerseits ihren rekonstruierenden, wirklichkeitsgetreuen Charakter wider, andererseits kennzeichnet sie eine teleologische Suche nach einer universellen, offenen und immerw\u00e4hrenden Heimat, die besonders das weibliche Subjekt in seiner Eigenst\u00e4ndigkeit bekr\u00e4ftigt. Renata Dampc-Jarosz\u2019 Analysen und Interpretationen ausgew\u00e4hlter Prosawerke Storms sind in moderne Erinnerungs-, Raum- und Narrativit\u00e4tsdiskurse eingebunden und werfen damit ein neues Licht auf das Motiv der verlorenen Heimat.<\/span><\/p>\n<div class=\"product--description\">\n<p><span style=\"font-size: 12pt;\">The redefinition of the concept of home that is taking place in the age of globalisation stimulates a deeper reflection on its understanding and function in literary texts, reviving the centuries-old discourse, especially in the work of those authors who identify strongly with a region, mourn the loss of their homeland and try to settle in a new one as refugees, displaced persons or migrants. Ruth Storm (1905\u20131993), a writer from Silesia, also suffered the fate of a displaced person and foreigner, which she tried to overcome in her writing. The narrative form of the remembered and experienced images of homeland reflects on the one hand their reconstructive, realistic character, and on the other hand they characterise a teleological search for a universal, open and everlasting homeland that affirms the subject, especially the female subject, in its autonomy. The analyses and interpretations of selected prose works by Storm are integrated into modern discourses of memory, space and narrativity, which make it possible to shed new light on lost homeland [desc. of the publ.].<\/span><\/p>\n<\/div>\n<div class=\"mt-3\"><\/div>\r\n                            <\/div>\r\n                            \r\n                            <div class=\"text-modules__img\"><img src=\"https:\/\/us.edu.pl\/instytut\/il\/wp-content\/uploads\/sites\/27\/Bez-kategorii\/hinter-dem-201x300.jpg\" alt=\"img\"><\/div>\r\n                        <\/div>\r\n                    <\/div>\r\n                <\/div>[\/vc_column][\/vc_row]<\/p>","protected":false},"excerpt":{"rendered":"<p>[vc_row][vc_column][\/vc_column][\/vc_row][vc_row][vc_column][\/vc_column][\/vc_row][vc_row][vc_column][\/vc_column][\/vc_row][vc_row][vc_column][\/vc_column][\/vc_row][vc_row][vc_column][\/vc_column][\/vc_row][vc_row][vc_column][\/vc_column][\/vc_row][vc_row][vc_column][\/vc_column][\/vc_row][vc_row][vc_column][\/vc_column][\/vc_row][vc_row][vc_column][\/vc_column][\/vc_row][vc_row][vc_column][\/vc_column][\/vc_row][vc_row][vc_column][\/vc_column][\/vc_row][vc_row][vc_column][\/vc_column][\/vc_row][vc_row][vc_column][\/vc_column][\/vc_row][vc_row][vc_column][\/vc_column][\/vc_row][vc_row][vc_column][\/vc_column][\/vc_row][vc_row][vc_column][\/vc_column][\/vc_row][vc_row][vc_column][\/vc_column][\/vc_row][vc_row][vc_column][\/vc_column][\/vc_row][vc_row][vc_column][\/vc_column][\/vc_row][vc_row][vc_column][\/vc_column][\/vc_row][vc_row][vc_column][\/vc_column][\/vc_row][vc_row][vc_column][\/vc_column][\/vc_row][vc_row][vc_column][\/vc_column][\/vc_row][vc_row][vc_column][\/vc_column][\/vc_row][vc_row][vc_column][\/vc_column][\/vc_row][vc_row][vc_column][\/vc_column][\/vc_row][vc_row][vc_column][\/vc_column][\/vc_row][vc_row][vc_column][\/vc_column][\/vc_row][vc_row][vc_column][\/vc_column][\/vc_row] [&#8230;]<\/p>\n<p><a class=\"btn btn-secondary understrap-read-more-link\" href=\"https:\/\/us.edu.pl\/instytut\/il\/nauka\/monografie\/2021-2\/\">Read More&#8230;<\/a><\/p>\n","protected":false},"author":1,"featured_media":0,"parent":149,"menu_order":0,"comment_status":"closed","ping_status":"closed","template":"","meta":{"_expiration-date-status":"","_expiration-date":0,"_expiration-date-type":"","_expiration-date-categories":[],"_expiration-date-options":[]},"acf":[],"_links":{"self":[{"href":"https:\/\/us.edu.pl\/instytut\/il\/wp-json\/wp\/v2\/pages\/2311"}],"collection":[{"href":"https:\/\/us.edu.pl\/instytut\/il\/wp-json\/wp\/v2\/pages"}],"about":[{"href":"https:\/\/us.edu.pl\/instytut\/il\/wp-json\/wp\/v2\/types\/page"}],"author":[{"embeddable":true,"href":"https:\/\/us.edu.pl\/instytut\/il\/wp-json\/wp\/v2\/users\/1"}],"replies":[{"embeddable":true,"href":"https:\/\/us.edu.pl\/instytut\/il\/wp-json\/wp\/v2\/comments?post=2311"}],"version-history":[{"count":10,"href":"https:\/\/us.edu.pl\/instytut\/il\/wp-json\/wp\/v2\/pages\/2311\/revisions"}],"predecessor-version":[{"id":3860,"href":"https:\/\/us.edu.pl\/instytut\/il\/wp-json\/wp\/v2\/pages\/2311\/revisions\/3860"}],"up":[{"embeddable":true,"href":"https:\/\/us.edu.pl\/instytut\/il\/wp-json\/wp\/v2\/pages\/149"}],"wp:attachment":[{"href":"https:\/\/us.edu.pl\/instytut\/il\/wp-json\/wp\/v2\/media?parent=2311"}],"curies":[{"name":"wp","href":"https:\/\/api.w.org\/{rel}","templated":true}]}}